{"id":32,"date":"2012-01-25T22:24:46","date_gmt":"2012-01-25T22:24:46","guid":{"rendered":"http:\/\/localhost:8888\/?page_id=32"},"modified":"2017-04-03T17:57:10","modified_gmt":"2017-04-03T15:57:10","slug":"mon-histoire","status":"publish","type":"page","link":"https:\/\/cortomaltese.com\/fr\/mon-histoire\/","title":{"rendered":"Mon histoire"},"content":{"rendered":"<p><div class=\"fusion-fullwidth fullwidth-box fusion-builder-row-1 nonhundred-percent-fullwidth non-hundred-percent-height-scrolling fusion-equal-height-columns\" style=\"--awb-background-position:left top;--awb-border-radius-top-left:0px;--awb-border-radius-top-right:0px;--awb-border-radius-bottom-right:0px;--awb-border-radius-bottom-left:0px;--awb-padding-top:20px;--awb-padding-bottom:20px;--awb-border-sizes-top:0px;--awb-border-sizes-bottom:0px;--awb-flex-wrap:wrap;\" ><div class=\"fusion-builder-row fusion-row\"><div class=\"fusion-layout-column fusion_builder_column fusion-builder-column-0 fusion_builder_column_1_2 1_2 fusion-one-half fusion-column-first\" style=\"--awb-bg-size:cover;width:48%; margin-right: 4%;\"><div class=\"fusion-column-wrapper fusion-flex-column-wrapper-legacy\"><div class=\"fusion-column-content-centered\"><div class=\"fusion-column-content\"><div class=\"fusion-text fusion-text-1\"><h1>L\u2019histoire de Corto Maltese<\/h1>\n<h2><div class=\"fusion-sep-clear\"><\/div><div class=\"fusion-separator fusion-clearfix\" style=\"float:left;margin-top:0px;margin-bottom:30px;width:100%;max-width:40%;\"><div class=\"fusion-separator-border sep-single sep-solid\" style=\"--awb-height:20px;--awb-amount:20px;--awb-sep-color:#e10707;border-color:#e10707;border-top-width:4px;\"><\/div><\/div><div class=\"fusion-sep-clear\"><\/div><\/h2>\n<p style=\"font-size: 18px; line-height: 29px;\"><span class=\"fusion-dropcap dropcap\" style=\"--awb-color:#dd3333;\">M<\/span>on nom est Corto, Corto Maltese.<br \/>\nJe suis n\u00e9 \u00e0 Malte, le 10 juillet 1887, c\u2019est du moins ce que l\u2019on me dit.\u2028 De ma premi\u00e8re enfance, je me rappelle un drapeau couvert de croix et une barbe rousse, celle de mon p\u00e8re. Ma m\u00e8re? Une gitane de S\u00e9ville. Elle \u00e9tait si belle que le peintre Ingres s\u2019en est \u00e9pris follement, je ne sais pas si c\u2019est vrai, elle ne me parlait jamais de ces choses-l\u00e0.<br \/>\nJe me rappelle une maison tr\u00e8s belle, avec un patio rempli de fleurs pr\u00e8s de la mosqu\u00e9e de Cordoue, et je me rappelle bien le jour o\u00f9 une amie de ma m\u00e8re m\u2019a pris la main gauche et l\u2019a regard\u00e9 avec horreur, je n\u2019avais pas de ligne de chance. Sans y penser \u00e0 deux fois, j\u2019ai pris un rasoir de mon p\u00e8re et je m\u2019en suis trac\u00e9e une moi-m\u00eame, longue et profonde. Je ne crois pas avoir augment\u00e9 ma dose de chance, mais j\u2019ai toujours \u00e9t\u00e9 libre et c\u2019est ce qui compte.<\/p>\n<\/div><\/div><\/div><div class=\"fusion-clearfix\"><\/div><\/div><\/div><div class=\"fusion-layout-column fusion_builder_column fusion-builder-column-1 fusion_builder_column_1_2 1_2 fusion-one-half fusion-column-last\" style=\"--awb-bg-size:cover;width:48%;\"><div class=\"fusion-column-wrapper fusion-flex-column-wrapper-legacy\"><div class=\"fusion-column-content-centered\"><div class=\"fusion-column-content\"><div class=\"fusion-image-element in-legacy-container\" style=\"--awb-caption-title-font-family:var(--h2_typography-font-family);--awb-caption-title-font-weight:var(--h2_typography-font-weight);--awb-caption-title-font-style:var(--h2_typography-font-style);--awb-caption-title-size:var(--h2_typography-font-size);--awb-caption-title-transform:var(--h2_typography-text-transform);--awb-caption-title-line-height:var(--h2_typography-line-height);--awb-caption-title-letter-spacing:var(--h2_typography-letter-spacing);\"><span class=\" fusion-imageframe imageframe-none imageframe-1 hover-type-none\" style=\"border:10px solid #f6f6f6;\"><img decoding=\"async\" src=\"https:\/\/cortomaltese.com\/wp-content\/uploads\/sites\/3\/Corto-Maltese-storia.jpg\" alt class=\"img-responsive\"\/><\/span><\/div><\/div><\/div><div class=\"fusion-clearfix\"><\/div><\/div><\/div><div class=\"fusion-layout-column fusion_builder_column fusion-builder-column-2 fusion_builder_column_1_1 1_1 fusion-one-full fusion-column-first fusion-column-last fusion-column-no-min-height\" style=\"--awb-bg-size:cover;--awb-margin-bottom:0px;\"><div class=\"fusion-column-wrapper fusion-flex-column-wrapper-legacy\"><div class=\"fusion-text fusion-text-2\"><p>Mon p\u00e8re partait sans cesse et revenait de moins en moins. Il \u00e9tait originaire de Tintagel, en Cornouailles, un endroit plein de f\u00e9es et de magiciens. Il affirmait \u00eatre le neveu d\u2019une sorci\u00e8re de Man qui avait un chat roux, mais il disait un tas de choses quand il se perdait dans ses bouteilles.\u2028 J\u2019ai \u00e9tudi\u00e9 \u00e0 l\u2019\u00e9cole h\u00e9bra\u00efque de La Valette et puis \u00e0 Cordoue avec le rabbin Ezra Toledano, c\u2019est lui qui m\u2019a initi\u00e9 \u00e0 la Torah et qui m\u2019a racont\u00e9 d\u2019autres histoires secr\u00e8tes.\u2028 Quoi qu\u2019il en soit, ce que je me rappelle le mieux c\u2019est le jour o\u00f9 je suis parti de Malte en m\u2019embarquant sur le Golden Vanity, un magnifique trois m\u00e2ts\u00a0; depuis lors, j\u2019ai toujours navigu\u00e9 de par le monde.<br \/>\nJ\u2019ai connu Raspoutine, Jack London et bien d\u2019autres, j\u2019ai appris \u00e0 danser le tango \u00e0 Buenos Aires, aux Antilles et au Br\u00e9sil j\u2019ai connu Esmeralda et les rites vaudou. Et puis il y a eu les Indes, la Chine, les \u00eeles des Cara\u00efbes entre moments de paresse dans les v\u00e9randas et fusillades, et les \u00eeles du Pacifique avec Escondida, la plus \u00e9trange de toutes, parmi moines et corsaires. J\u2019ai vu un train charg\u00e9 d\u2019or s\u2019engloutir dans un lac glac\u00e9 de Mongolie, j\u2019ai partag\u00e9 les silences du d\u00e9sert avec un guerrier, le vert paysage et les larmes avec une tr\u00e8s belle f\u00e9e irlandaise, j\u2019ai cherch\u00e9 des joyaux et des r\u00eaves impossibles au long des canaux et sur les toits de Venise.<\/p>\n<p><em><strong>Je ne suis pas un h\u00e9ros, j\u2019aime voyager et je n\u2019aime pas les r\u00e8gles, pourtant il en est une que je respecte, celle de ne jamais trahir mes amis. \u2028Je suis parti \u00e0 la recherche de bien des tr\u00e9sors sans jamais en trouver un seul, mais je continuerai sans rel\u00e2che, vous pouvez y compter, toujours de l\u2019avant\u2026<\/strong><\/em><\/p>\n<h2><div class=\"fusion-sep-clear\"><\/div><div class=\"fusion-separator fusion-clearfix\" style=\"float:left;margin-top:10px;margin-bottom:30px;width:100%;max-width:40%;\"><div class=\"fusion-separator-border sep-single sep-solid\" style=\"--awb-height:20px;--awb-amount:20px;--awb-sep-color:#e10707;border-color:#e10707;border-top-width:4px;\"><\/div><\/div><div class=\"fusion-sep-clear\"><\/div><\/h2>\n<\/div><div class=\"fusion-clearfix\"><\/div><\/div><\/div><\/div><\/div><div class=\"fusion-fullwidth fullwidth-box fusion-builder-row-2 nonhundred-percent-fullwidth non-hundred-percent-height-scrolling fusion-equal-height-columns\" style=\"--awb-background-position:left top;--awb-border-radius-top-left:0px;--awb-border-radius-top-right:0px;--awb-border-radius-bottom-right:0px;--awb-border-radius-bottom-left:0px;--awb-padding-top:0px;--awb-padding-bottom:0px;--awb-border-sizes-top:0px;--awb-border-sizes-bottom:0px;--awb-flex-wrap:wrap;\" ><div class=\"fusion-builder-row fusion-row\"><div class=\"fusion-layout-column fusion_builder_column fusion-builder-column-3 fusion_builder_column_1_6 1_6 fusion-one-sixth fusion-column-first\" style=\"--awb-bg-color:#ffffff;--awb-bg-color-hover:#ffffff;--awb-bg-position:center center;--awb-bg-size:cover;--awb-border-color:#ffffff;--awb-border-top:px;--awb-border-right:px;--awb-border-bottom:px;--awb-border-left:px;--awb-border-style:solid;width:13.3333%; margin-right: 4%;\"><div class=\"fusion-column-wrapper fusion-flex-column-wrapper-legacy\"><div class=\"fusion-column-content-centered\"><div class=\"fusion-column-content\"><div class=\"fusion-text fusion-text-3\"><p style=\"font-size: 24px; line-height: 36px; text-align: center;\">1887<\/p>\n<\/div><div class=\"fusion-sep-clear\"><\/div><div class=\"fusion-separator\" style=\"margin-left: auto;margin-right: auto;margin-top:5px;margin-bottom:0px;width:100%;max-width:40%;\"><div class=\"fusion-separator-border sep-single sep-solid\" style=\"--awb-height:20px;--awb-amount:20px;--awb-sep-color:#dd3333;border-color:#dd3333;border-top-width:4px;\"><\/div><\/div><div class=\"fusion-sep-clear\"><\/div><\/div><\/div><div class=\"fusion-clearfix\"><\/div><\/div><\/div><div class=\"fusion-layout-column fusion_builder_column fusion-builder-column-4 fusion_builder_column_5_6 5_6 fusion-five-sixth fusion-column-last\" style=\"--awb-bg-position:center center;--awb-bg-size:cover;--awb-margin-bottom:0px;width:82.6666%;\"><div class=\"fusion-column-wrapper fusion-flex-column-wrapper-legacy\"><div class=\"fusion-column-content-centered\"><div class=\"fusion-column-content\"><div class=\"fusion-text fusion-text-4\"><p>Corto Maltese na\u00eet le 10 juillet 1887 \u00e0 La Valette (Malte). Son p\u00e8re est un marin anglais, originaire de Tintagel, en Cornouailles, sa m\u00e8re est une gitane de S\u00e9ville. Ses parents se sont rencontr\u00e9s\u00a0\u00e0 Gibraltar, o\u00f9 sa m\u00e8re \u00e9tait connue sous le nom de \u201cLa ni\u00f1a de Gibraltar \u201d et semble avoir \u00e9t\u00e9 mod\u00e8le pour le peintre Ingres (1780-1867)<\/p>\n<\/div><\/div><\/div><div class=\"fusion-clearfix\"><\/div><\/div><\/div><div class=\"fusion-layout-column fusion_builder_column fusion-builder-column-5 fusion_builder_column_1_1 1_1 fusion-one-full fusion-column-first fusion-column-last fusion-column-no-min-height\" style=\"--awb-bg-size:cover;--awb-margin-bottom:0px;\"><div class=\"fusion-column-wrapper fusion-flex-column-wrapper-legacy\"><div class=\"fusion-sep-clear\"><\/div><div class=\"fusion-separator fusion-has-icon fusion-full-width-sep\" style=\"margin-left: auto;margin-right: auto;margin-top:0px;margin-bottom:20px;width:100%;\"><div class=\"fusion-separator-border sep-single sep-solid\" style=\"--awb-height:20px;--awb-amount:20px;border-color:#e0dede;border-top-width:1px;\"><\/div><span class=\"icon-wrapper\" style=\"border-color:transparent;font-size:16px;width: 1.75em; height: 1.75em;border-width:1px;padding:1px;margin-top:-0.5px\"><i class=\" fa fa-chevron-down\" style=\"font-size: inherit;color:#e0dede;\" aria-hidden=\"true\"><\/i><\/span><div class=\"fusion-separator-border sep-single sep-solid\" style=\"--awb-height:20px;--awb-amount:20px;border-color:#e0dede;border-top-width:1px;\"><\/div><\/div><div class=\"fusion-sep-clear\"><\/div><div class=\"fusion-clearfix\"><\/div><\/div><\/div><\/div><\/div><div class=\"fusion-fullwidth fullwidth-box fusion-builder-row-3 nonhundred-percent-fullwidth non-hundred-percent-height-scrolling fusion-equal-height-columns\" style=\"--awb-background-position:left top;--awb-border-radius-top-left:0px;--awb-border-radius-top-right:0px;--awb-border-radius-bottom-right:0px;--awb-border-radius-bottom-left:0px;--awb-padding-top:0px;--awb-padding-bottom:0px;--awb-border-sizes-top:0px;--awb-border-sizes-bottom:0px;--awb-flex-wrap:wrap;\" ><div class=\"fusion-builder-row fusion-row\"><div class=\"fusion-layout-column fusion_builder_column fusion-builder-column-6 fusion_builder_column_1_6 1_6 fusion-one-sixth fusion-column-first\" style=\"--awb-bg-color:#ffffff;--awb-bg-color-hover:#ffffff;--awb-bg-size:cover;--awb-border-color:#ffffff;--awb-border-top:px;--awb-border-right:px;--awb-border-bottom:px;--awb-border-left:px;--awb-border-style:solid;width:13.3333%; margin-right: 4%;\"><div class=\"fusion-column-wrapper fusion-flex-column-wrapper-legacy\"><div class=\"fusion-column-content-centered\"><div class=\"fusion-column-content\"><div class=\"fusion-text fusion-text-5\"><p style=\"font-size: 24px; line-height: 36px; text-align: center;\">1887-1903<\/p>\n<\/div><div class=\"fusion-sep-clear\"><\/div><div class=\"fusion-separator\" style=\"margin-left: auto;margin-right: auto;margin-top:5px;width:100%;max-width:40%;\"><div class=\"fusion-separator-border sep-single sep-solid\" style=\"--awb-height:20px;--awb-amount:20px;--awb-sep-color:#dd3333;border-color:#dd3333;border-top-width:4px;\"><\/div><\/div><div class=\"fusion-sep-clear\"><\/div><\/div><\/div><div class=\"fusion-clearfix\"><\/div><\/div><\/div><div class=\"fusion-layout-column fusion_builder_column fusion-builder-column-7 fusion_builder_column_5_6 5_6 fusion-five-sixth fusion-column-last\" style=\"--awb-bg-size:cover;--awb-margin-bottom:0px;width:82.6666%;\"><div class=\"fusion-column-wrapper fusion-flex-column-wrapper-legacy\"><div class=\"fusion-column-content-centered\"><div class=\"fusion-column-content\"><div class=\"fusion-text fusion-text-6\"><p>Corto Maltese passe son enfance \u00e0 Gibraltar, puis \u00e0 Cordoue o\u00f9 il habite dans le quartier juif. Il fr\u00e9quente l\u2019\u00e9cole h\u00e9bra\u00efque de La Valette, dirig\u00e9e par le rabbin Ezra Toledano (amant de sa m\u00e8re quand ils \u00e9taient \u00e0 Cordoue). A l\u2019\u00e9poque de la \u201cGuerre des Boxers\u201d (juin-ao\u00fbt 1900) Corto se trouve en Chine.<\/p>\n<\/div><\/div><\/div><div class=\"fusion-clearfix\"><\/div><\/div><\/div><div class=\"fusion-layout-column fusion_builder_column fusion-builder-column-8 fusion_builder_column_1_1 1_1 fusion-one-full fusion-column-first fusion-column-last fusion-column-no-min-height\" style=\"--awb-bg-size:cover;--awb-margin-bottom:0px;\"><div class=\"fusion-column-wrapper fusion-flex-column-wrapper-legacy\"><div class=\"fusion-sep-clear\"><\/div><div class=\"fusion-separator fusion-has-icon fusion-full-width-sep\" style=\"margin-left: auto;margin-right: auto;margin-top:0px;margin-bottom:20px;width:100%;\"><div class=\"fusion-separator-border sep-single sep-solid\" style=\"--awb-height:20px;--awb-amount:20px;border-color:#e0dede;border-top-width:1px;\"><\/div><span class=\"icon-wrapper\" style=\"border-color:transparent;font-size:16px;width: 1.75em; height: 1.75em;border-width:1px;padding:1px;margin-top:-0.5px\"><i class=\" fa fa-chevron-down\" style=\"font-size: inherit;color:#e0dede;\" aria-hidden=\"true\"><\/i><\/span><div class=\"fusion-separator-border sep-single sep-solid\" style=\"--awb-height:20px;--awb-amount:20px;border-color:#e0dede;border-top-width:1px;\"><\/div><\/div><div class=\"fusion-sep-clear\"><\/div><div class=\"fusion-clearfix\"><\/div><\/div><\/div><\/div><\/div><div class=\"fusion-fullwidth fullwidth-box fusion-builder-row-4 nonhundred-percent-fullwidth non-hundred-percent-height-scrolling fusion-equal-height-columns\" style=\"--awb-background-position:left top;--awb-border-radius-top-left:0px;--awb-border-radius-top-right:0px;--awb-border-radius-bottom-right:0px;--awb-border-radius-bottom-left:0px;--awb-padding-top:0px;--awb-padding-bottom:0px;--awb-border-sizes-top:0px;--awb-border-sizes-bottom:0px;--awb-flex-wrap:wrap;\" ><div class=\"fusion-builder-row fusion-row\"><div class=\"fusion-layout-column fusion_builder_column fusion-builder-column-9 fusion_builder_column_1_6 1_6 fusion-one-sixth fusion-column-first\" style=\"--awb-bg-color:#ffffff;--awb-bg-color-hover:#ffffff;--awb-bg-size:cover;--awb-border-color:#ffffff;--awb-border-top:px;--awb-border-right:px;--awb-border-bottom:px;--awb-border-left:px;--awb-border-style:solid;width:13.3333%; margin-right: 4%;\"><div class=\"fusion-column-wrapper fusion-flex-column-wrapper-legacy\"><div class=\"fusion-column-content-centered\"><div class=\"fusion-column-content\"><div class=\"fusion-text fusion-text-7\"><p style=\"font-size: 24px; line-height: 36px; text-align: center;\">1904<\/p>\n<\/div><div class=\"fusion-sep-clear\"><\/div><div class=\"fusion-separator\" style=\"margin-left: auto;margin-right: auto;margin-top:5px;width:100%;max-width:40%;\"><div class=\"fusion-separator-border sep-single sep-solid\" style=\"--awb-height:20px;--awb-amount:20px;--awb-sep-color:#dd3333;border-color:#dd3333;border-top-width:4px;\"><\/div><\/div><div class=\"fusion-sep-clear\"><\/div><\/div><\/div><div class=\"fusion-clearfix\"><\/div><\/div><\/div><div class=\"fusion-layout-column fusion_builder_column fusion-builder-column-10 fusion_builder_column_2_3 2_3 fusion-two-third\" style=\"--awb-bg-size:cover;width:65.3333%; margin-right: 4%;\"><div class=\"fusion-column-wrapper fusion-flex-column-wrapper-legacy\"><div class=\"fusion-column-content-centered\"><div class=\"fusion-column-content\"><div class=\"fusion-text fusion-text-8\"><p>Au d\u00e9but de l\u2019ann\u00e9e, Corto s\u2019embarque \u00e0 La Valette comme marin sur le Golden Vanity et c\u2019est le d\u00e9but de ses voyages. Il fait escale en \u00c9gypte, o\u00f9 il visite les pyramides de Gizeh. En f\u00e9vrier, il arrive \u00e0 Isma\u00eflia puis fait escale \u00e0 Aden, Mascate, Karachi, Bombay, Colombo, Madras, Rangoun, Singapour, Kowloon, Shanghai et Tien Tsin.<\/p>\n<\/div><\/div><\/div><div class=\"fusion-clearfix\"><\/div><\/div><\/div><div class=\"fusion-layout-column fusion_builder_column fusion-builder-column-11 fusion_builder_column_1_6 1_6 fusion-one-sixth fusion-column-last\" style=\"--awb-bg-image:url(&#039;https:\/\/cortomaltese.com\/wp-content\/uploads\/sites\/3\/history1.jpg&#039;);--awb-bg-position:center center;--awb-bg-size:cover;width:13.3333%;\"><div class=\"fusion-column-wrapper fusion-flex-column-wrapper-legacy fusion-empty-column-bg-image fusion-column-has-bg-image\" data-bg-url=\"https:\/\/cortomaltese.com\/wp-content\/uploads\/sites\/3\/history1.jpg\"><div class=\"fusion-column-content-centered\"><div class=\"fusion-column-content\"><img decoding=\"async\" class=\"fusion-empty-dims-img-placeholder fusion-no-large-visibility\" src=\"data:image\/gif;base64,R0lGODlhAQABAAAAACH5BAEKAAEALAAAAAABAAEAAAICTAEAOw==\"><\/div><\/div><div class=\"fusion-clearfix\"><\/div><\/div><\/div><div class=\"fusion-layout-column fusion_builder_column fusion-builder-column-12 fusion_builder_column_1_1 1_1 fusion-one-full fusion-column-first fusion-column-last fusion-column-no-min-height\" style=\"--awb-bg-size:cover;--awb-margin-bottom:0px;\"><div class=\"fusion-column-wrapper fusion-flex-column-wrapper-legacy\"><div class=\"fusion-sep-clear\"><\/div><div class=\"fusion-separator fusion-has-icon fusion-full-width-sep\" style=\"margin-left: auto;margin-right: auto;margin-top:0px;margin-bottom:20px;width:100%;\"><div class=\"fusion-separator-border sep-single sep-solid\" style=\"--awb-height:20px;--awb-amount:20px;border-color:#e0dede;border-top-width:1px;\"><\/div><span class=\"icon-wrapper\" style=\"border-color:transparent;font-size:16px;width: 1.75em; height: 1.75em;border-width:1px;padding:1px;margin-top:-0.5px\"><i class=\" fa fa-chevron-down\" style=\"font-size: inherit;color:#e0dede;\" aria-hidden=\"true\"><\/i><\/span><div class=\"fusion-separator-border sep-single sep-solid\" style=\"--awb-height:20px;--awb-amount:20px;border-color:#e0dede;border-top-width:1px;\"><\/div><\/div><div class=\"fusion-sep-clear\"><\/div><div class=\"fusion-clearfix\"><\/div><\/div><\/div><\/div><\/div><div class=\"fusion-fullwidth fullwidth-box fusion-builder-row-5 nonhundred-percent-fullwidth non-hundred-percent-height-scrolling fusion-equal-height-columns\" style=\"--awb-background-position:left top;--awb-border-radius-top-left:0px;--awb-border-radius-top-right:0px;--awb-border-radius-bottom-right:0px;--awb-border-radius-bottom-left:0px;--awb-padding-top:20px;--awb-padding-bottom:20px;--awb-border-sizes-top:0px;--awb-border-sizes-bottom:0px;--awb-flex-wrap:wrap;\" ><div class=\"fusion-builder-row fusion-row\"><div class=\"fusion-layout-column fusion_builder_column fusion-builder-column-13 fusion_builder_column_1_6 1_6 fusion-one-sixth fusion-column-first\" style=\"--awb-bg-color:#ffffff;--awb-bg-color-hover:#ffffff;--awb-bg-size:cover;--awb-border-color:#ffffff;--awb-border-top:px;--awb-border-right:px;--awb-border-bottom:px;--awb-border-left:px;--awb-border-style:solid;width:13.3333%; margin-right: 4%;\"><div class=\"fusion-column-wrapper fusion-flex-column-wrapper-legacy\"><div class=\"fusion-column-content-centered\"><div class=\"fusion-column-content\"><div class=\"fusion-text fusion-text-9\"><p style=\"font-size: 24px; line-height: 36px; text-align: center;\">1904-1905<\/p>\n<\/div><div class=\"fusion-sep-clear\"><\/div><div class=\"fusion-separator\" style=\"margin-left: auto;margin-right: auto;margin-top:5px;width:100%;max-width:40%;\"><div class=\"fusion-separator-border sep-single sep-solid\" style=\"--awb-height:20px;--awb-amount:20px;--awb-sep-color:#dd3333;border-color:#dd3333;border-top-width:4px;\"><\/div><\/div><div class=\"fusion-sep-clear\"><\/div><\/div><\/div><div class=\"fusion-clearfix\"><\/div><\/div><\/div><div class=\"fusion-layout-column fusion_builder_column fusion-builder-column-14 fusion_builder_column_2_3 2_3 fusion-two-third\" style=\"--awb-bg-size:cover;width:65.3333%; margin-right: 4%;\"><div class=\"fusion-column-wrapper fusion-flex-column-wrapper-legacy\"><div class=\"fusion-column-content-centered\"><div class=\"fusion-column-content\"><div class=\"fusion-text fusion-text-10\"><p>Vers la fin de l\u2019ann\u00e9e 1904, Corto arrive en Mandchourie, au moment de la guerre russo-japonaise (f\u00e9vrier 1904-septembre 1905). A Moukden, aujourd\u2019hui Shenyang, il fr\u00e9quente la famille Song, se lie d\u2019amiti\u00e9 avec l\u2019\u00e9crivain am\u00e9ricain Jack London, \u00e0 cette \u00e9poque correspondant de guerre, et rencontre Raspoutine, un jeune d\u00e9serteur d\u2019un r\u00e9giment de fusiliers sib\u00e9riens. Ensemble ils arrivent \u00e0 Tien Tsin, puis embarquent vers l\u2019Afrique \u00e0 la recherche des mines d\u2019or de Dancalie. C\u2019est durant cette p\u00e9riode que se d\u00e9roule l\u2019histoire : <em><strong>&#8220;La jeunesse&#8221;<\/strong><\/em>.<\/p>\n<\/div><\/div><\/div><div class=\"fusion-clearfix\"><\/div><\/div><\/div><div class=\"fusion-layout-column fusion_builder_column fusion-builder-column-15 fusion_builder_column_1_6 1_6 fusion-one-sixth fusion-column-last\" style=\"--awb-bg-image:url(&#039;https:\/\/cortomaltese.com\/wp-content\/uploads\/sites\/3\/history4.jpg&#039;);--awb-bg-position:center center;--awb-bg-size:cover;width:13.3333%;\"><div class=\"fusion-column-wrapper fusion-flex-column-wrapper-legacy fusion-empty-column-bg-image fusion-column-has-bg-image\" data-bg-url=\"https:\/\/cortomaltese.com\/wp-content\/uploads\/sites\/3\/history4.jpg\"><div class=\"fusion-column-content-centered\"><div class=\"fusion-column-content\"><img decoding=\"async\" class=\"fusion-empty-dims-img-placeholder fusion-no-large-visibility\" src=\"data:image\/gif;base64,R0lGODlhAQABAAAAACH5BAEKAAEALAAAAAABAAEAAAICTAEAOw==\"><\/div><\/div><div class=\"fusion-clearfix\"><\/div><\/div><\/div><div class=\"fusion-layout-column fusion_builder_column fusion-builder-column-16 fusion_builder_column_1_1 1_1 fusion-one-full fusion-column-first fusion-column-last fusion-column-no-min-height\" style=\"--awb-bg-size:cover;--awb-margin-bottom:0px;\"><div class=\"fusion-column-wrapper fusion-flex-column-wrapper-legacy\"><div class=\"fusion-sep-clear\"><\/div><div class=\"fusion-separator fusion-has-icon fusion-full-width-sep\" style=\"margin-left: auto;margin-right: auto;margin-top:0px;margin-bottom:20px;width:100%;\"><div class=\"fusion-separator-border sep-single sep-solid\" style=\"--awb-height:20px;--awb-amount:20px;border-color:#e0dede;border-top-width:1px;\"><\/div><span class=\"icon-wrapper\" style=\"border-color:transparent;font-size:16px;width: 1.75em; height: 1.75em;border-width:1px;padding:1px;margin-top:-0.5px\"><i class=\" fa fa-chevron-down\" style=\"font-size: inherit;color:#e0dede;\" aria-hidden=\"true\"><\/i><\/span><div class=\"fusion-separator-border sep-single sep-solid\" style=\"--awb-height:20px;--awb-amount:20px;border-color:#e0dede;border-top-width:1px;\"><\/div><\/div><div class=\"fusion-sep-clear\"><\/div><div class=\"fusion-clearfix\"><\/div><\/div><\/div><\/div><\/div><div class=\"fusion-fullwidth fullwidth-box fusion-builder-row-6 nonhundred-percent-fullwidth non-hundred-percent-height-scrolling fusion-equal-height-columns\" style=\"--awb-background-position:left top;--awb-border-radius-top-left:0px;--awb-border-radius-top-right:0px;--awb-border-radius-bottom-right:0px;--awb-border-radius-bottom-left:0px;--awb-padding-top:20px;--awb-padding-bottom:20px;--awb-border-sizes-top:0px;--awb-border-sizes-bottom:0px;--awb-flex-wrap:wrap;\" ><div class=\"fusion-builder-row fusion-row\"><div class=\"fusion-layout-column fusion_builder_column fusion-builder-column-17 fusion_builder_column_1_6 1_6 fusion-one-sixth fusion-column-first\" style=\"--awb-bg-color:#ffffff;--awb-bg-color-hover:#ffffff;--awb-bg-size:cover;--awb-border-color:#ffffff;--awb-border-top:px;--awb-border-right:px;--awb-border-bottom:px;--awb-border-left:px;--awb-border-style:solid;width:13.3333%; margin-right: 4%;\"><div class=\"fusion-column-wrapper fusion-flex-column-wrapper-legacy\"><div class=\"fusion-column-content-centered\"><div class=\"fusion-column-content\"><div class=\"fusion-text fusion-text-11\"><p style=\"font-size: 24px; line-height: 36px; text-align: center;\">1905-1906<\/p>\n<\/div><div class=\"fusion-sep-clear\"><\/div><div class=\"fusion-separator\" style=\"margin-left: auto;margin-right: auto;margin-top:5px;width:100%;max-width:40%;\"><div class=\"fusion-separator-border sep-single sep-solid\" style=\"--awb-height:20px;--awb-amount:20px;--awb-sep-color:#dd3333;border-color:#dd3333;border-top-width:4px;\"><\/div><\/div><div class=\"fusion-sep-clear\"><\/div><\/div><\/div><div class=\"fusion-clearfix\"><\/div><\/div><\/div><div class=\"fusion-layout-column fusion_builder_column fusion-builder-column-18 fusion_builder_column_5_6 5_6 fusion-five-sixth fusion-column-last\" style=\"--awb-bg-size:cover;width:82.6666%;\"><div class=\"fusion-column-wrapper fusion-flex-column-wrapper-legacy\"><div class=\"fusion-column-content-centered\"><div class=\"fusion-column-content\"><div class=\"fusion-text fusion-text-12\"><p>A bord d&#8217;un bateau, en pleine mer de C\u00e9l\u00e8bes, a lieu une mutinerie. Corto et Raspoutine, secourus par un navire marchand rejoignent Valparaiso au Chili d\u2019o\u00f9, en train, ils arrivent \u00e0 Santiago et puis en Argentine en 1905. A Cholila, en Patagonie, ils rencontrent les hors-la-loi nord-am\u00e9ricains Butch Cassidy, Sundance Kid et Etta Place.<\/p>\n<\/div><\/div><\/div><div class=\"fusion-clearfix\"><\/div><\/div><\/div><div class=\"fusion-layout-column fusion_builder_column fusion-builder-column-19 fusion_builder_column_1_1 1_1 fusion-one-full fusion-column-first fusion-column-last fusion-column-no-min-height\" style=\"--awb-bg-size:cover;--awb-margin-bottom:0px;\"><div class=\"fusion-column-wrapper fusion-flex-column-wrapper-legacy\"><div class=\"fusion-sep-clear\"><\/div><div class=\"fusion-separator fusion-has-icon fusion-full-width-sep\" style=\"margin-left: auto;margin-right: auto;margin-top:0px;margin-bottom:20px;width:100%;\"><div class=\"fusion-separator-border sep-single sep-solid\" style=\"--awb-height:20px;--awb-amount:20px;border-color:#e0dede;border-top-width:1px;\"><\/div><span class=\"icon-wrapper\" style=\"border-color:transparent;font-size:16px;width: 1.75em; height: 1.75em;border-width:1px;padding:1px;margin-top:-0.5px\"><i class=\" fa fa-chevron-down\" style=\"font-size: inherit;color:#e0dede;\" aria-hidden=\"true\"><\/i><\/span><div class=\"fusion-separator-border sep-single sep-solid\" style=\"--awb-height:20px;--awb-amount:20px;border-color:#e0dede;border-top-width:1px;\"><\/div><\/div><div class=\"fusion-sep-clear\"><\/div><div class=\"fusion-clearfix\"><\/div><\/div><\/div><\/div><\/div><div class=\"fusion-fullwidth fullwidth-box fusion-builder-row-7 nonhundred-percent-fullwidth non-hundred-percent-height-scrolling fusion-equal-height-columns\" style=\"--awb-background-position:left top;--awb-border-radius-top-left:0px;--awb-border-radius-top-right:0px;--awb-border-radius-bottom-right:0px;--awb-border-radius-bottom-left:0px;--awb-padding-top:20px;--awb-padding-bottom:20px;--awb-border-sizes-top:0px;--awb-border-sizes-bottom:0px;--awb-flex-wrap:wrap;\" ><div class=\"fusion-builder-row fusion-row\"><div class=\"fusion-layout-column fusion_builder_column fusion-builder-column-20 fusion_builder_column_1_6 1_6 fusion-one-sixth fusion-column-first\" style=\"--awb-bg-color:#ffffff;--awb-bg-color-hover:#ffffff;--awb-bg-size:cover;--awb-border-color:#ffffff;--awb-border-top:px;--awb-border-right:px;--awb-border-bottom:px;--awb-border-left:px;--awb-border-style:solid;width:13.3333%; margin-right: 4%;\"><div class=\"fusion-column-wrapper fusion-flex-column-wrapper-legacy\"><div class=\"fusion-column-content-centered\"><div class=\"fusion-column-content\"><div class=\"fusion-text fusion-text-13\"><p style=\"font-size: 24px; line-height: 36px; text-align: center;\">1906-1907<\/p>\n<\/div><div class=\"fusion-sep-clear\"><\/div><div class=\"fusion-separator\" style=\"margin-left: auto;margin-right: auto;margin-top:5px;width:100%;max-width:40%;\"><div class=\"fusion-separator-border sep-single sep-solid\" style=\"--awb-height:20px;--awb-amount:20px;--awb-sep-color:#dd3333;border-color:#dd3333;border-top-width:4px;\"><\/div><\/div><div class=\"fusion-sep-clear\"><\/div><\/div><\/div><div class=\"fusion-clearfix\"><\/div><\/div><\/div><div class=\"fusion-layout-column fusion_builder_column fusion-builder-column-21 fusion_builder_column_5_6 5_6 fusion-five-sixth fusion-column-last\" style=\"--awb-bg-size:cover;width:82.6666%;\"><div class=\"fusion-column-wrapper fusion-flex-column-wrapper-legacy\"><div class=\"fusion-column-content-centered\"><div class=\"fusion-column-content\"><div class=\"fusion-text fusion-text-14\"><p>Les voyages de Corto reprennent. En 1907, il se trouve \u00e0 Anc\u00f4ne o\u00f9 il rencontre le r\u00e9volutionnaire russe Dougachvili, alors gardien d\u2019h\u00f4tel, devenu ensuite Staline. En 1908, il retourne en Argentine et il rencontre Jack London et le dramaturge am\u00e9ricain Eugene O\u2019Neill \u00e0 l\u2019<em>H\u00f4tel Drowning Maud<\/em>.<\/p>\n<\/div><\/div><\/div><div class=\"fusion-clearfix\"><\/div><\/div><\/div><div class=\"fusion-layout-column fusion_builder_column fusion-builder-column-22 fusion_builder_column_1_1 1_1 fusion-one-full fusion-column-first fusion-column-last fusion-column-no-min-height\" style=\"--awb-bg-size:cover;--awb-margin-bottom:0px;\"><div class=\"fusion-column-wrapper fusion-flex-column-wrapper-legacy\"><div class=\"fusion-sep-clear\"><\/div><div class=\"fusion-separator fusion-has-icon fusion-full-width-sep\" style=\"margin-left: auto;margin-right: auto;margin-top:0px;margin-bottom:20px;width:100%;\"><div class=\"fusion-separator-border sep-single sep-solid\" style=\"--awb-height:20px;--awb-amount:20px;border-color:#e0dede;border-top-width:1px;\"><\/div><span class=\"icon-wrapper\" style=\"border-color:transparent;font-size:16px;width: 1.75em; height: 1.75em;border-width:1px;padding:1px;margin-top:-0.5px\"><i class=\" fa fa-chevron-down\" style=\"font-size: inherit;color:#e0dede;\" aria-hidden=\"true\"><\/i><\/span><div class=\"fusion-separator-border sep-single sep-solid\" style=\"--awb-height:20px;--awb-amount:20px;border-color:#e0dede;border-top-width:1px;\"><\/div><\/div><div class=\"fusion-sep-clear\"><\/div><div class=\"fusion-clearfix\"><\/div><\/div><\/div><\/div><\/div><div class=\"fusion-fullwidth fullwidth-box fusion-builder-row-8 nonhundred-percent-fullwidth non-hundred-percent-height-scrolling fusion-equal-height-columns\" style=\"--awb-background-position:left top;--awb-border-radius-top-left:0px;--awb-border-radius-top-right:0px;--awb-border-radius-bottom-right:0px;--awb-border-radius-bottom-left:0px;--awb-padding-top:20px;--awb-padding-bottom:20px;--awb-border-sizes-top:0px;--awb-border-sizes-bottom:0px;--awb-flex-wrap:wrap;\" ><div class=\"fusion-builder-row fusion-row\"><div class=\"fusion-layout-column fusion_builder_column fusion-builder-column-23 fusion_builder_column_1_6 1_6 fusion-one-sixth fusion-column-first\" style=\"--awb-bg-color:#ffffff;--awb-bg-color-hover:#ffffff;--awb-bg-size:cover;--awb-border-color:#ffffff;--awb-border-top:px;--awb-border-right:px;--awb-border-bottom:px;--awb-border-left:px;--awb-border-style:solid;width:13.3333%; margin-right: 4%;\"><div class=\"fusion-column-wrapper fusion-flex-column-wrapper-legacy\"><div class=\"fusion-column-content-centered\"><div class=\"fusion-column-content\"><div class=\"fusion-text fusion-text-15\"><p style=\"font-size: 24px; line-height: 36px; text-align: center;\">1908-1913<\/p>\n<\/div><div class=\"fusion-sep-clear\"><\/div><div class=\"fusion-separator\" style=\"margin-left: auto;margin-right: auto;margin-top:5px;width:100%;max-width:40%;\"><div class=\"fusion-separator-border sep-single sep-solid\" style=\"--awb-height:20px;--awb-amount:20px;--awb-sep-color:#dd3333;border-color:#dd3333;border-top-width:4px;\"><\/div><\/div><div class=\"fusion-sep-clear\"><\/div><\/div><\/div><div class=\"fusion-clearfix\"><\/div><\/div><\/div><div class=\"fusion-layout-column fusion_builder_column fusion-builder-column-24 fusion_builder_column_2_3 2_3 fusion-two-third\" style=\"--awb-bg-size:cover;width:65.3333%; margin-right: 4%;\"><div class=\"fusion-column-wrapper fusion-flex-column-wrapper-legacy\"><div class=\"fusion-column-content-centered\"><div class=\"fusion-column-content\"><div class=\"fusion-text fusion-text-16\"><p>En 1909, Corto est \u00e0 Marseille, puis \u00e0 Trieste, o\u00f9 il rencontre l\u2019\u00e9crivain James Joyce. En 1910, il est officier en second sur le Bostonian qui transporte du b\u00e9tail entre Boston et Liverpool. En 1911, il arrive en Tunisie, la m\u00eame ann\u00e9e il prend le bateau pour l\u2019Argentine, mais d\u00e9barque au Br\u00e9sil \u00e0 Salvador de Bahia, o\u00f9 il passe un certain temps \u00e0 Itapoa. Pendant cette m\u00eame p\u00e9riode, il voyage aux Antilles, \u00e0 La Nouvelle-Orl\u00e9ans, en Inde, et en Chine en 1913.<\/p>\n<\/div><\/div><\/div><div class=\"fusion-clearfix\"><\/div><\/div><\/div><div class=\"fusion-layout-column fusion_builder_column fusion-builder-column-25 fusion_builder_column_1_6 1_6 fusion-one-sixth fusion-column-last\" style=\"--awb-bg-image:url(&#039;https:\/\/cortomaltese.com\/wp-content\/uploads\/sites\/3\/history6.jpg&#039;);--awb-bg-position:center center;--awb-bg-size:cover;width:13.3333%;\"><div class=\"fusion-column-wrapper fusion-flex-column-wrapper-legacy fusion-empty-column-bg-image fusion-column-has-bg-image\" data-bg-url=\"https:\/\/cortomaltese.com\/wp-content\/uploads\/sites\/3\/history6.jpg\"><div class=\"fusion-column-content-centered\"><div class=\"fusion-column-content\"><img decoding=\"async\" class=\"fusion-empty-dims-img-placeholder fusion-no-large-visibility\" src=\"data:image\/gif;base64,R0lGODlhAQABAAAAACH5BAEKAAEALAAAAAABAAEAAAICTAEAOw==\"><\/div><\/div><div class=\"fusion-clearfix\"><\/div><\/div><\/div><div class=\"fusion-layout-column fusion_builder_column fusion-builder-column-26 fusion_builder_column_1_1 1_1 fusion-one-full fusion-column-first fusion-column-last fusion-column-no-min-height\" style=\"--awb-bg-size:cover;--awb-margin-bottom:0px;\"><div class=\"fusion-column-wrapper fusion-flex-column-wrapper-legacy\"><div class=\"fusion-sep-clear\"><\/div><div class=\"fusion-separator fusion-has-icon fusion-full-width-sep\" style=\"margin-left: auto;margin-right: auto;margin-top:0px;margin-bottom:20px;width:100%;\"><div class=\"fusion-separator-border sep-single sep-solid\" style=\"--awb-height:20px;--awb-amount:20px;border-color:#e0dede;border-top-width:1px;\"><\/div><span class=\"icon-wrapper\" style=\"border-color:transparent;font-size:16px;width: 1.75em; height: 1.75em;border-width:1px;padding:1px;margin-top:-0.5px\"><i class=\" fa fa-chevron-down\" style=\"font-size: inherit;color:#e0dede;\" aria-hidden=\"true\"><\/i><\/span><div class=\"fusion-separator-border sep-single sep-solid\" style=\"--awb-height:20px;--awb-amount:20px;border-color:#e0dede;border-top-width:1px;\"><\/div><\/div><div class=\"fusion-sep-clear\"><\/div><div class=\"fusion-clearfix\"><\/div><\/div><\/div><\/div><\/div><div class=\"fusion-fullwidth fullwidth-box fusion-builder-row-9 nonhundred-percent-fullwidth non-hundred-percent-height-scrolling fusion-equal-height-columns\" style=\"--awb-background-position:left top;--awb-border-radius-top-left:0px;--awb-border-radius-top-right:0px;--awb-border-radius-bottom-right:0px;--awb-border-radius-bottom-left:0px;--awb-padding-top:20px;--awb-padding-bottom:20px;--awb-border-sizes-top:0px;--awb-border-sizes-bottom:0px;--awb-flex-wrap:wrap;\" ><div class=\"fusion-builder-row fusion-row\"><div class=\"fusion-layout-column fusion_builder_column fusion-builder-column-27 fusion_builder_column_1_6 1_6 fusion-one-sixth fusion-column-first\" style=\"--awb-bg-color:#ffffff;--awb-bg-color-hover:#ffffff;--awb-bg-size:cover;--awb-border-color:#ffffff;--awb-border-top:px;--awb-border-right:px;--awb-border-bottom:px;--awb-border-left:px;--awb-border-style:solid;width:13.3333%; margin-right: 4%;\"><div class=\"fusion-column-wrapper fusion-flex-column-wrapper-legacy\"><div class=\"fusion-column-content-centered\"><div class=\"fusion-column-content\"><div class=\"fusion-text fusion-text-17\"><p style=\"font-size: 24px; line-height: 36px; text-align: center;\">1913<\/p>\n<\/div><div class=\"fusion-sep-clear\"><\/div><div class=\"fusion-separator\" style=\"margin-left: auto;margin-right: auto;margin-top:5px;width:100%;max-width:40%;\"><div class=\"fusion-separator-border sep-single sep-solid\" style=\"--awb-height:20px;--awb-amount:20px;--awb-sep-color:#dd3333;border-color:#dd3333;border-top-width:4px;\"><\/div><\/div><div class=\"fusion-sep-clear\"><\/div><\/div><\/div><div class=\"fusion-clearfix\"><\/div><\/div><\/div><div class=\"fusion-layout-column fusion_builder_column fusion-builder-column-28 fusion_builder_column_5_6 5_6 fusion-five-sixth fusion-column-last\" style=\"--awb-bg-size:cover;width:82.6666%;\"><div class=\"fusion-column-wrapper fusion-flex-column-wrapper-legacy\"><div class=\"fusion-column-content-centered\"><div class=\"fusion-column-content\"><div class=\"fusion-text fusion-text-18\"><p>Corto parcourt de long en large l\u2019Indon\u00e9sie et le Pacifique Sud : Surabaya (Java), les \u00eeles Samoa, les \u00eeles Tonga. Durant cette p\u00e9riode, devenu pirate, il travaille pour un personnage myst\u00e9rieux, le \u00ab Moine \u00bb. Mais le 31 octobre, l\u2019\u00e9quipage de Corto Maltese se mutine et l\u2019abandonne au large des \u00eeles Salomon. Le jour suivant, Corto est secouru par Raspoutine, lui-m\u00eame pirate et complice du \u00ab Moine \u00bb. Et c\u2019est justement le 1er novembre 1913 que d\u00e9bute <em><strong>La ballade de la Mer Sal\u00e9e<\/strong><\/em>.<\/p>\n<\/div><\/div><\/div><div class=\"fusion-clearfix\"><\/div><\/div><\/div><div class=\"fusion-layout-column fusion_builder_column fusion-builder-column-29 fusion_builder_column_1_1 1_1 fusion-one-full fusion-column-first fusion-column-last fusion-column-no-min-height\" style=\"--awb-bg-size:cover;--awb-margin-bottom:0px;\"><div class=\"fusion-column-wrapper fusion-flex-column-wrapper-legacy\"><div class=\"fusion-sep-clear\"><\/div><div class=\"fusion-separator fusion-has-icon fusion-full-width-sep\" style=\"margin-left: auto;margin-right: auto;margin-top:0px;margin-bottom:20px;width:100%;\"><div class=\"fusion-separator-border sep-single sep-solid\" style=\"--awb-height:20px;--awb-amount:20px;border-color:#e0dede;border-top-width:1px;\"><\/div><span class=\"icon-wrapper\" style=\"border-color:transparent;font-size:16px;width: 1.75em; height: 1.75em;border-width:1px;padding:1px;margin-top:-0.5px\"><i class=\" fa fa-chevron-down\" style=\"font-size: inherit;color:#e0dede;\" aria-hidden=\"true\"><\/i><\/span><div class=\"fusion-separator-border sep-single sep-solid\" style=\"--awb-height:20px;--awb-amount:20px;border-color:#e0dede;border-top-width:1px;\"><\/div><\/div><div class=\"fusion-sep-clear\"><\/div><div class=\"fusion-clearfix\"><\/div><\/div><\/div><\/div><\/div><div class=\"fusion-fullwidth fullwidth-box fusion-builder-row-10 nonhundred-percent-fullwidth non-hundred-percent-height-scrolling fusion-equal-height-columns\" style=\"--awb-background-position:left top;--awb-border-radius-top-left:0px;--awb-border-radius-top-right:0px;--awb-border-radius-bottom-right:0px;--awb-border-radius-bottom-left:0px;--awb-padding-top:20px;--awb-padding-bottom:20px;--awb-border-sizes-top:0px;--awb-border-sizes-bottom:0px;--awb-flex-wrap:wrap;\" ><div class=\"fusion-builder-row fusion-row\"><div class=\"fusion-layout-column fusion_builder_column fusion-builder-column-30 fusion_builder_column_1_6 1_6 fusion-one-sixth fusion-column-first\" style=\"--awb-bg-color:#ffffff;--awb-bg-color-hover:#ffffff;--awb-bg-size:cover;--awb-border-color:#ffffff;--awb-border-top:px;--awb-border-right:px;--awb-border-bottom:px;--awb-border-left:px;--awb-border-style:solid;width:13.3333%; margin-right: 4%;\"><div class=\"fusion-column-wrapper fusion-flex-column-wrapper-legacy\"><div class=\"fusion-column-content-centered\"><div class=\"fusion-column-content\"><div class=\"fusion-text fusion-text-19\"><p style=\"font-size: 24px; line-height: 36px; text-align: center;\">1914<\/p>\n<\/div><div class=\"fusion-sep-clear\"><\/div><div class=\"fusion-separator\" style=\"margin-left: auto;margin-right: auto;margin-top:5px;width:100%;max-width:40%;\"><div class=\"fusion-separator-border sep-single sep-solid\" style=\"--awb-height:20px;--awb-amount:20px;--awb-sep-color:#dd3333;border-color:#dd3333;border-top-width:4px;\"><\/div><\/div><div class=\"fusion-sep-clear\"><\/div><\/div><\/div><div class=\"fusion-clearfix\"><\/div><\/div><\/div><div class=\"fusion-layout-column fusion_builder_column fusion-builder-column-31 fusion_builder_column_5_6 5_6 fusion-five-sixth fusion-column-last\" style=\"--awb-bg-size:cover;width:82.6666%;\"><div class=\"fusion-column-wrapper fusion-flex-column-wrapper-legacy\"><div class=\"fusion-column-content-centered\"><div class=\"fusion-column-content\"><div class=\"fusion-text fusion-text-20\"><p>Corto et Raspoutine sont dans le Pacifique, entre la Nouvelle-Guin\u00e9e, l\u2019archipel des Bismarck, l\u2019\u00eele Escondida (169\u00b0 de longitude Ouest et 19\u00b0 de latitude Sud, donc \u00e0 proximit\u00e9 de l\u2019\u00eele de Niue).<\/p>\n<\/div><\/div><\/div><div class=\"fusion-clearfix\"><\/div><\/div><\/div><div class=\"fusion-layout-column fusion_builder_column fusion-builder-column-32 fusion_builder_column_1_1 1_1 fusion-one-full fusion-column-first fusion-column-last fusion-column-no-min-height\" style=\"--awb-bg-size:cover;--awb-margin-bottom:0px;\"><div class=\"fusion-column-wrapper fusion-flex-column-wrapper-legacy\"><div class=\"fusion-sep-clear\"><\/div><div class=\"fusion-separator fusion-has-icon fusion-full-width-sep\" style=\"margin-left: auto;margin-right: auto;margin-top:0px;margin-bottom:20px;width:100%;\"><div class=\"fusion-separator-border sep-single sep-solid\" style=\"--awb-height:20px;--awb-amount:20px;border-color:#e0dede;border-top-width:1px;\"><\/div><span class=\"icon-wrapper\" style=\"border-color:transparent;font-size:16px;width: 1.75em; height: 1.75em;border-width:1px;padding:1px;margin-top:-0.5px\"><i class=\" fa fa-chevron-down\" style=\"font-size: inherit;color:#e0dede;\" aria-hidden=\"true\"><\/i><\/span><div class=\"fusion-separator-border sep-single sep-solid\" style=\"--awb-height:20px;--awb-amount:20px;border-color:#e0dede;border-top-width:1px;\"><\/div><\/div><div class=\"fusion-sep-clear\"><\/div><div class=\"fusion-clearfix\"><\/div><\/div><\/div><\/div><\/div><div class=\"fusion-fullwidth fullwidth-box fusion-builder-row-11 nonhundred-percent-fullwidth non-hundred-percent-height-scrolling fusion-equal-height-columns\" style=\"--awb-background-position:left top;--awb-border-radius-top-left:0px;--awb-border-radius-top-right:0px;--awb-border-radius-bottom-right:0px;--awb-border-radius-bottom-left:0px;--awb-padding-top:20px;--awb-padding-bottom:20px;--awb-border-sizes-top:0px;--awb-border-sizes-bottom:0px;--awb-flex-wrap:wrap;\" ><div class=\"fusion-builder-row fusion-row\"><div class=\"fusion-layout-column fusion_builder_column fusion-builder-column-33 fusion_builder_column_1_6 1_6 fusion-one-sixth fusion-column-first\" style=\"--awb-bg-color:#ffffff;--awb-bg-color-hover:#ffffff;--awb-bg-size:cover;--awb-border-color:#ffffff;--awb-border-top:px;--awb-border-right:px;--awb-border-bottom:px;--awb-border-left:px;--awb-border-style:solid;width:13.3333%; margin-right: 4%;\"><div class=\"fusion-column-wrapper fusion-flex-column-wrapper-legacy\"><div class=\"fusion-column-content-centered\"><div class=\"fusion-column-content\"><div class=\"fusion-text fusion-text-21\"><p style=\"font-size: 24px; line-height: 36px; text-align: center;\">1915<\/p>\n<\/div><div class=\"fusion-sep-clear\"><\/div><div class=\"fusion-separator\" style=\"margin-left: auto;margin-right: auto;margin-top:5px;width:100%;max-width:40%;\"><div class=\"fusion-separator-border sep-single sep-solid\" style=\"--awb-height:20px;--awb-amount:20px;--awb-sep-color:#dd3333;border-color:#dd3333;border-top-width:4px;\"><\/div><\/div><div class=\"fusion-sep-clear\"><\/div><\/div><\/div><div class=\"fusion-clearfix\"><\/div><\/div><\/div><div class=\"fusion-layout-column fusion_builder_column fusion-builder-column-34 fusion_builder_column_5_6 5_6 fusion-five-sixth fusion-column-last\" style=\"--awb-bg-size:cover;width:82.6666%;\"><div class=\"fusion-column-wrapper fusion-flex-column-wrapper-legacy\"><div class=\"fusion-column-content-centered\"><div class=\"fusion-column-content\"><div class=\"fusion-text fusion-text-22\"><p>Le 19 janvier, Corto et Raspoutine quittent Escondida, mettant le cap sur l\u2019\u00eele de Pitcairn. Fin de <em><strong>La ballade de la mer sal\u00e9e<\/strong><\/em>. Apr\u00e8s Pitcairn, ils feront escale \u00e0 l\u2019\u00eele de P\u00e2ques, \u00e0 l\u2019\u00eele de Sala y Gomez, \u00e0 Iquique (Chili), \u00e0 Callao (P\u00e9rou), \u00e0 Guayaquil (\u00c9quateur) et arrivent finalement \u00e0 Panama en ao\u00fbt.<\/p>\n<\/div><\/div><\/div><div class=\"fusion-clearfix\"><\/div><\/div><\/div><div class=\"fusion-layout-column fusion_builder_column fusion-builder-column-35 fusion_builder_column_1_1 1_1 fusion-one-full fusion-column-first fusion-column-last fusion-column-no-min-height\" style=\"--awb-bg-size:cover;--awb-margin-bottom:0px;\"><div class=\"fusion-column-wrapper fusion-flex-column-wrapper-legacy\"><div class=\"fusion-sep-clear\"><\/div><div class=\"fusion-separator fusion-has-icon fusion-full-width-sep\" style=\"margin-left: auto;margin-right: auto;margin-top:0px;margin-bottom:20px;width:100%;\"><div class=\"fusion-separator-border sep-single sep-solid\" style=\"--awb-height:20px;--awb-amount:20px;border-color:#e0dede;border-top-width:1px;\"><\/div><span class=\"icon-wrapper\" style=\"border-color:transparent;font-size:16px;width: 1.75em; height: 1.75em;border-width:1px;padding:1px;margin-top:-0.5px\"><i class=\" fa fa-chevron-down\" style=\"font-size: inherit;color:#e0dede;\" aria-hidden=\"true\"><\/i><\/span><div class=\"fusion-separator-border sep-single sep-solid\" style=\"--awb-height:20px;--awb-amount:20px;border-color:#e0dede;border-top-width:1px;\"><\/div><\/div><div class=\"fusion-sep-clear\"><\/div><div class=\"fusion-clearfix\"><\/div><\/div><\/div><\/div><\/div><div class=\"fusion-fullwidth fullwidth-box fusion-builder-row-12 nonhundred-percent-fullwidth non-hundred-percent-height-scrolling fusion-equal-height-columns\" style=\"--awb-background-position:left top;--awb-border-radius-top-left:0px;--awb-border-radius-top-right:0px;--awb-border-radius-bottom-right:0px;--awb-border-radius-bottom-left:0px;--awb-padding-top:20px;--awb-padding-bottom:20px;--awb-border-sizes-top:0px;--awb-border-sizes-bottom:0px;--awb-flex-wrap:wrap;\" ><div class=\"fusion-builder-row fusion-row\"><div class=\"fusion-layout-column fusion_builder_column fusion-builder-column-36 fusion_builder_column_1_6 1_6 fusion-one-sixth fusion-column-first\" style=\"--awb-bg-color:#ffffff;--awb-bg-color-hover:#ffffff;--awb-bg-size:cover;--awb-border-color:#ffffff;--awb-border-top:px;--awb-border-right:px;--awb-border-bottom:px;--awb-border-left:px;--awb-border-style:solid;width:13.3333%; margin-right: 4%;\"><div class=\"fusion-column-wrapper fusion-flex-column-wrapper-legacy\"><div class=\"fusion-column-content-centered\"><div class=\"fusion-column-content\"><div class=\"fusion-text fusion-text-23\"><p style=\"font-size: 24px; line-height: 36px; text-align: center;\">1916<\/p>\n<\/div><div class=\"fusion-sep-clear\"><\/div><div class=\"fusion-separator\" style=\"margin-left: auto;margin-right: auto;margin-top:5px;width:100%;max-width:40%;\"><div class=\"fusion-separator-border sep-single sep-solid\" style=\"--awb-height:20px;--awb-amount:20px;--awb-sep-color:#dd3333;border-color:#dd3333;border-top-width:4px;\"><\/div><\/div><div class=\"fusion-sep-clear\"><\/div><\/div><\/div><div class=\"fusion-clearfix\"><\/div><\/div><\/div><div class=\"fusion-layout-column fusion_builder_column fusion-builder-column-37 fusion_builder_column_2_3 2_3 fusion-two-third\" style=\"--awb-bg-size:cover;width:65.3333%; margin-right: 4%;\"><div class=\"fusion-column-wrapper fusion-flex-column-wrapper-legacy\"><div class=\"fusion-column-content-centered\"><div class=\"fusion-column-content\"><div class=\"fusion-text fusion-text-24\"><p>Corto Maltese et Raspoutine se s\u00e9parent \u00e0 Panama. Corto, accompagn\u00e9 par le professeur Jeremiah Steiner, de l\u2019Universit\u00e9 de Prague et par le jeune Tristan Bantam, conna\u00eet, au cours des ann\u00e9es 1916-17, toute une s\u00e9rie d\u2019aventures en Am\u00e9rique Latine, r\u00e9unies dans les albums <em><strong>Sous le signe du Capricorne<\/strong><\/em> et <em><strong>Corto toujours un peu plus loin<\/strong><\/em>. Tout commence \u00e0 Paramaribo (Guyane Hollandaise, aujourd\u2019hui Surinam) avec <em><strong>Le secret de Tristan Bantam<\/strong><\/em>, puis se poursuit \u00e0 Saint-Laurent-du-Maroni (Guyane Fran\u00e7aise) et Salvador de Bahia (Br\u00e9sil) dans l\u2019histoire <em><strong>Rendez-vous \u00e0 Bahia<\/strong><\/em>, ensuite dans le sert\u00e3o br\u00e9silien avec <em><strong>Samba avec Tir Fixe<\/strong><\/em>, o\u00f9 il rencontre pour la premi\u00e8re fois la magicienne Bouche Dor\u00e9e, et enfin sur l\u2019\u00eele de Marajo, dans le delta de l\u2019Amazone avec <em><strong>L\u2019Aigle du Br\u00e9sil<\/strong><\/em>.<\/p>\n<\/div><\/div><\/div><div class=\"fusion-clearfix\"><\/div><\/div><\/div><div class=\"fusion-layout-column fusion_builder_column fusion-builder-column-38 fusion_builder_column_1_6 1_6 fusion-one-sixth fusion-column-last\" style=\"--awb-bg-image:url(&#039;https:\/\/cortomaltese.com\/wp-content\/uploads\/sites\/3\/history25.jpg&#039;);--awb-bg-position:center center;--awb-bg-size:cover;width:13.3333%;\"><div class=\"fusion-column-wrapper fusion-flex-column-wrapper-legacy fusion-empty-column-bg-image fusion-column-has-bg-image\" data-bg-url=\"https:\/\/cortomaltese.com\/wp-content\/uploads\/sites\/3\/history25.jpg\"><div class=\"fusion-column-content-centered\"><div class=\"fusion-column-content\"><img decoding=\"async\" class=\"fusion-empty-dims-img-placeholder fusion-no-large-visibility\" src=\"data:image\/gif;base64,R0lGODlhAQABAAAAACH5BAEKAAEALAAAAAABAAEAAAICTAEAOw==\"><\/div><\/div><div class=\"fusion-clearfix\"><\/div><\/div><\/div><div class=\"fusion-layout-column fusion_builder_column fusion-builder-column-39 fusion_builder_column_1_1 1_1 fusion-one-full fusion-column-first fusion-column-last fusion-column-no-min-height\" style=\"--awb-bg-size:cover;--awb-margin-bottom:0px;\"><div class=\"fusion-column-wrapper fusion-flex-column-wrapper-legacy\"><div class=\"fusion-sep-clear\"><\/div><div class=\"fusion-separator fusion-has-icon fusion-full-width-sep\" style=\"margin-left: auto;margin-right: auto;margin-top:0px;margin-bottom:20px;width:100%;\"><div class=\"fusion-separator-border sep-single sep-solid\" style=\"--awb-height:20px;--awb-amount:20px;border-color:#e0dede;border-top-width:1px;\"><\/div><span class=\"icon-wrapper\" style=\"border-color:transparent;font-size:16px;width: 1.75em; height: 1.75em;border-width:1px;padding:1px;margin-top:-0.5px\"><i class=\" fa fa-chevron-down\" style=\"font-size: inherit;color:#e0dede;\" aria-hidden=\"true\"><\/i><\/span><div class=\"fusion-separator-border sep-single sep-solid\" style=\"--awb-height:20px;--awb-amount:20px;border-color:#e0dede;border-top-width:1px;\"><\/div><\/div><div class=\"fusion-sep-clear\"><\/div><div class=\"fusion-clearfix\"><\/div><\/div><\/div><\/div><\/div><div class=\"fusion-fullwidth fullwidth-box fusion-builder-row-13 nonhundred-percent-fullwidth non-hundred-percent-height-scrolling fusion-equal-height-columns\" style=\"--awb-background-position:left top;--awb-border-radius-top-left:0px;--awb-border-radius-top-right:0px;--awb-border-radius-bottom-right:0px;--awb-border-radius-bottom-left:0px;--awb-padding-top:20px;--awb-padding-bottom:20px;--awb-border-sizes-top:0px;--awb-border-sizes-bottom:0px;--awb-flex-wrap:wrap;\" ><div class=\"fusion-builder-row fusion-row\"><div class=\"fusion-layout-column fusion_builder_column fusion-builder-column-40 fusion_builder_column_1_6 1_6 fusion-one-sixth fusion-column-first\" style=\"--awb-bg-color:#ffffff;--awb-bg-color-hover:#ffffff;--awb-bg-size:cover;--awb-border-color:#ffffff;--awb-border-top:px;--awb-border-right:px;--awb-border-bottom:px;--awb-border-left:px;--awb-border-style:solid;width:13.3333%; margin-right: 4%;\"><div class=\"fusion-column-wrapper fusion-flex-column-wrapper-legacy\"><div class=\"fusion-column-content-centered\"><div class=\"fusion-column-content\"><div class=\"fusion-text fusion-text-25\"><p style=\"font-size: 24px; line-height: 36px; text-align: center;\">1917<\/p>\n<\/div><div class=\"fusion-sep-clear\"><\/div><div class=\"fusion-separator\" style=\"margin-left: auto;margin-right: auto;margin-top:5px;width:100%;max-width:40%;\"><div class=\"fusion-separator-border sep-single sep-solid\" style=\"--awb-height:20px;--awb-amount:20px;--awb-sep-color:#dd3333;border-color:#dd3333;border-top-width:4px;\"><\/div><\/div><div class=\"fusion-sep-clear\"><\/div><\/div><\/div><div class=\"fusion-clearfix\"><\/div><\/div><\/div><div class=\"fusion-layout-column fusion_builder_column fusion-builder-column-41 fusion_builder_column_5_6 5_6 fusion-five-sixth fusion-column-last\" style=\"--awb-bg-size:cover;width:82.6666%;\"><div class=\"fusion-column-wrapper fusion-flex-column-wrapper-legacy\"><div class=\"fusion-column-content-centered\"><div class=\"fusion-column-content\"><div class=\"fusion-text fusion-text-26\"><p>C\u2019est l\u2019ann\u00e9e la plus intense : sept \u00e9pisodes qui se d\u00e9roulent en Am\u00e9rique Latine (la fin de <em><strong>Sous le signe du Capricorne<\/strong><\/em> et <em><strong>Corto toujours un peu plus loin<\/strong><\/em>), puis quatre histoires en Europe (<em><strong>Les Celtiques<\/strong><\/em>), pour Corto Maltese une aventure par mois en moyenne, de f\u00e9vrier \u00e0 d\u00e9cembre.<\/p>\n<\/div><div class=\"fusion-text fusion-text-27\"><h2>Les 11 \u00e9pisodes de 1917<\/h2>\n<div class=\"fusion-sep-clear\"><\/div><div class=\"fusion-separator fusion-clearfix\" style=\"float:left;margin-top:20px;margin-bottom:0px;width:100%;max-width:20%;\"><div class=\"fusion-separator-border sep-single sep-solid\" style=\"--awb-height:20px;--awb-amount:20px;--awb-sep-color:#dd3333;border-color:#dd3333;border-top-width:4px;\"><\/div><\/div><div class=\"fusion-sep-clear\"><\/div>\n<\/div><ul style=\"--awb-iconcolor:#dd3333;--awb-line-height:23.8px;--awb-icon-width:23.8px;--awb-icon-height:23.8px;--awb-icon-margin:9.8px;--awb-content-margin:33.6px;\" class=\"fusion-checklist fusion-checklist-1 fusion-checklist-default type-icons\"><li class=\"fusion-li-item\" style=\"\"><span class=\"icon-wrapper circle-no\"><i class=\"fusion-li-icon awb-icon-check\" aria-hidden=\"true\"><\/i><\/span><div class=\"fusion-li-item-content\"><strong><em>\u2026et nous reparlerons de gentilshommes de fortune<\/em><\/strong>, o\u00f9 Corto retrouve Raspoutine aux Antilles, \u00e0 Saint Kitts.<\/div><\/li><li class=\"fusion-li-item\" style=\"\"><span class=\"icon-wrapper circle-no\"><i class=\"fusion-li-icon awb-icon-check\" aria-hidden=\"true\"><\/i><\/span><div class=\"fusion-li-item-content\"><strong><em>A cause d\u2019une mouette<\/em><\/strong>,\u00a0qui se d\u00e9roule au Honduras britannique (aujourd\u2019hui le Belize).<\/div><\/li><li class=\"fusion-li-item\" style=\"\"><span class=\"icon-wrapper circle-no\"><i class=\"fusion-li-icon awb-icon-check\" aria-hidden=\"true\"><\/i><\/span><div class=\"fusion-li-item-content\"><strong><em>T\u00eates et champignons<\/em><\/strong>,\u00a0(premier chapitre de Corto toujours un peu plus loin) situ\u00e9 \u00e0 Maracaibo, Venezuela.<\/div><\/li><li class=\"fusion-li-item\" style=\"\"><span class=\"icon-wrapper circle-no\"><i class=\"fusion-li-icon awb-icon-check\" aria-hidden=\"true\"><\/i><\/span><div class=\"fusion-li-item-content\">\n<p><strong><em>La Conga des bananes<\/em><\/strong>,\u00a0situ\u00e9 au Honduras, o\u00f9 l\u2019on fait la connaissance de Venexiana Stevenson et d\u2019Esmeralda que Corto a connue \u00e0 Buenos Aires quand elle \u00e9tait enfant; la m\u00e8re d\u2019Esmeralda, &#8220;Parda Flora&#8221; aimait Corto.<\/p>\n<\/div><\/li><li class=\"fusion-li-item\" style=\"\"><span class=\"icon-wrapper circle-no\"><i class=\"fusion-li-icon awb-icon-check\" aria-hidden=\"true\"><\/i><\/span><div class=\"fusion-li-item-content\"><strong><em>Vaudou pour Monsieur le Pr\u00e9sident<\/em><\/strong>,\u00a0qui se d\u00e9roule \u00e0 La Barbade (Antilles) puis sur l\u2019\u00eele de Port-Ducal, introuvable sur les cartes mais que Pratt situe au sud-ouest de la Guadeloupe.<\/div><\/li><li class=\"fusion-li-item\" style=\"\"><span class=\"icon-wrapper circle-no\"><i class=\"fusion-li-icon awb-icon-check\" aria-hidden=\"true\"><\/i><\/span><div class=\"fusion-li-item-content\"><strong><em>La lagune des beaux songes<\/em><\/strong>,\u00a0dans le delta de l\u2019Or\u00e9noque.<\/div><\/li><li class=\"fusion-li-item\" style=\"\"><span class=\"icon-wrapper circle-no\"><i class=\"fusion-li-icon awb-icon-check\" aria-hidden=\"true\"><\/i><\/span><div class=\"fusion-li-item-content\">\n<p><strong><em>Fables et Grands-p\u00e8res<\/em><\/strong>,\u00a0dans la for\u00eat amazonienne du P\u00e9rou<\/p>\n<\/div><\/li><li class=\"fusion-li-item\" style=\"\"><span class=\"icon-wrapper circle-no\"><i class=\"fusion-li-icon awb-icon-check\" aria-hidden=\"true\"><\/i><\/span><div class=\"fusion-li-item-content\">\n<p><strong><em>L\u2019ange \u00e0 la fen\u00eatre d\u2019Orient<\/em><\/strong>, premier chapitre de l\u2019histoire Les Celtiques, qui se d\u00e9roule enti\u00e8rement \u00e0 Venise.<\/p>\n<\/div><\/li><li class=\"fusion-li-item\" style=\"\"><span class=\"icon-wrapper circle-no\"><i class=\"fusion-li-icon awb-icon-check\" aria-hidden=\"true\"><\/i><\/span><div class=\"fusion-li-item-content\"><strong><em>Sous le drapeau de l\u2019argent<\/em><\/strong>, que l\u2019on peut dater en octobre (apr\u00e8s la bataille de Caporetto du 24 octobre 1917). Corto y rencontre Ernest Hemingway qui travaillait comme conducteur d\u2019ambulance. L\u2019histoire se d\u00e9roule en mer Adriatique puis \u00e0 Ulcinj au Mont\u00e9n\u00e9gro.<\/div><\/li><li class=\"fusion-li-item\" style=\"\"><span class=\"icon-wrapper circle-no\"><i class=\"fusion-li-icon awb-icon-check\" aria-hidden=\"true\"><\/i><\/span><div class=\"fusion-li-item-content\"><strong><em>Concert en O mineur pour harpe et nitroglyc\u00e9rine<\/em><\/strong>,\u00a0\u00e0 Dublin, en Irlande.<\/div><\/li><li class=\"fusion-li-item\" style=\"\"><span class=\"icon-wrapper circle-no\"><i class=\"fusion-li-icon awb-icon-check\" aria-hidden=\"true\"><\/i><\/span><div class=\"fusion-li-item-content\"><strong><em>Songe d\u2019un matin d\u2019hiver<\/em><\/strong>,\u00a0l\u2019histoire se d\u00e9roule en Angleterre (\u00e0 Stonehenge et peut-\u00eatre \u00e0 Tintagel), aux alentours du solstice d\u2019hiver, le 21 d\u00e9cembre, clin d\u2019\u0153il au Songe d\u2019une nuit d\u2019\u00e9t\u00e9 de Shakespeare qui a lieu le 24 juin, jour de la Saint-Jean, o\u00f9 l\u2019on f\u00eate le solstice d\u2019\u00e9t\u00e9.<\/div><\/li><\/ul><\/div><\/div><div class=\"fusion-clearfix\"><\/div><\/div><\/div><div class=\"fusion-layout-column fusion_builder_column fusion-builder-column-42 fusion_builder_column_1_1 1_1 fusion-one-full fusion-column-first fusion-column-last fusion-column-no-min-height\" style=\"--awb-bg-size:cover;--awb-margin-bottom:0px;\"><div class=\"fusion-column-wrapper fusion-flex-column-wrapper-legacy\"><div class=\"fusion-sep-clear\"><\/div><div class=\"fusion-separator fusion-has-icon fusion-full-width-sep\" style=\"margin-left: auto;margin-right: auto;margin-top:0px;margin-bottom:20px;width:100%;\"><div class=\"fusion-separator-border sep-single sep-solid\" style=\"--awb-height:20px;--awb-amount:20px;border-color:#e0dede;border-top-width:1px;\"><\/div><span class=\"icon-wrapper\" style=\"border-color:transparent;font-size:16px;width: 1.75em; height: 1.75em;border-width:1px;padding:1px;margin-top:-0.5px\"><i class=\" fa fa-chevron-down\" style=\"font-size: inherit;color:#e0dede;\" aria-hidden=\"true\"><\/i><\/span><div class=\"fusion-separator-border sep-single sep-solid\" style=\"--awb-height:20px;--awb-amount:20px;border-color:#e0dede;border-top-width:1px;\"><\/div><\/div><div class=\"fusion-sep-clear\"><\/div><div class=\"fusion-clearfix\"><\/div><\/div><\/div><\/div><\/div><div class=\"fusion-fullwidth fullwidth-box fusion-builder-row-14 nonhundred-percent-fullwidth non-hundred-percent-height-scrolling fusion-equal-height-columns\" style=\"--awb-background-position:left top;--awb-border-radius-top-left:0px;--awb-border-radius-top-right:0px;--awb-border-radius-bottom-right:0px;--awb-border-radius-bottom-left:0px;--awb-padding-top:20px;--awb-padding-bottom:20px;--awb-border-sizes-top:0px;--awb-border-sizes-bottom:0px;--awb-flex-wrap:wrap;\" ><div class=\"fusion-builder-row fusion-row\"><div class=\"fusion-layout-column fusion_builder_column fusion-builder-column-43 fusion_builder_column_1_6 1_6 fusion-one-sixth fusion-column-first\" style=\"--awb-bg-color:#ffffff;--awb-bg-color-hover:#ffffff;--awb-bg-size:cover;--awb-border-color:#ffffff;--awb-border-top:px;--awb-border-right:px;--awb-border-bottom:px;--awb-border-left:px;--awb-border-style:solid;width:13.3333%; margin-right: 4%;\"><div class=\"fusion-column-wrapper fusion-flex-column-wrapper-legacy\"><div class=\"fusion-column-content-centered\"><div class=\"fusion-column-content\"><div class=\"fusion-text fusion-text-28\"><p style=\"font-size: 24px; line-height: 36px; text-align: center;\">1918<\/p>\n<\/div><div class=\"fusion-sep-clear\"><\/div><div class=\"fusion-separator\" style=\"margin-left: auto;margin-right: auto;margin-top:5px;width:100%;max-width:40%;\"><div class=\"fusion-separator-border sep-single sep-solid\" style=\"--awb-height:20px;--awb-amount:20px;--awb-sep-color:#dd3333;border-color:#dd3333;border-top-width:4px;\"><\/div><\/div><div class=\"fusion-sep-clear\"><\/div><\/div><\/div><div class=\"fusion-clearfix\"><\/div><\/div><\/div><div class=\"fusion-layout-column fusion_builder_column fusion-builder-column-44 fusion_builder_column_5_6 5_6 fusion-five-sixth fusion-column-last\" style=\"--awb-bg-size:cover;width:82.6666%;\"><div class=\"fusion-column-wrapper fusion-flex-column-wrapper-legacy\"><div class=\"fusion-column-content-centered\"><div class=\"fusion-column-content\"><div class=\"fusion-text fusion-text-29\"><p>Au printemps, Corto Maltese est en France. En effet, les deux derniers chapitres de <em><strong>Les Celtiques<\/strong><\/em>:\u00a0<em><strong>C\u00f4tes de Nuits et Roses de Picardie<\/strong><\/em>\u00a0se d\u00e9roulent les 20 et 21 avril dans la Somme, entre Corby et Bray (Corto assiste ici \u00e0 la mort du Baron Rouge qui n\u2019est autre que l\u2019As de l\u2019aviation allemande Manfred von Richthofen, abattu \u00e0 Vaux-sur-Somme). En revanche,\u00a0<em><strong>Burlesque entre Zuydcoote et Bray-Dunes<\/strong><\/em>, se d\u00e9roule sur les plages de la mer du Nord.<br \/>\n<img decoding=\"async\" class=\"size-full wp-image-11613 alignleft\" src=\"https:\/\/cortomaltese.com\/wp-content\/uploads\/sites\/3\/history18.jpg\" alt=\"history18\" width=\"184\" height=\"237\" \/>Un mois plus tard, Corto se retrouve \u00e0 Turban (al-Turba ?) au Y\u00e9men (<em><strong>Au nom d\u2019Allah le mis\u00e9ricordieux<\/strong><\/em>) o\u00f9 il rencontre Cush. Cet \u00e9pisode est le premier chapitre de l\u2019histoire <em><strong>Les \u00c9thiopiques<\/strong><\/em>. En septembre, Corto se trouve en Somalie britannique (<em><strong>Le coup de gr\u00e2ce<\/strong><\/em>\u00a0se d\u00e9roule sur une seule journ\u00e9e, le 13 septembre), puis il se rend en \u00c9thiopie (<em><strong>Et d\u2019autres Rom\u00e9os et d\u2019autres Juliettes<\/strong><\/em>), et enfin en Afrique orientale allemande (aujourd\u2019hui la Tanzanie): ce dernier \u00e9pisode, <em><strong>Les hommes-l\u00e9opards du Rufiji<\/strong><\/em>, est dat\u00e9 du mois d\u2019octobre 1918.<br \/>\nLe 11 novembre, Corto se trouve \u00e0 Hong Kong o\u00f9 il poss\u00e8de une maison (mais son domicile l\u00e9gal est \u00e0 Antigua, aux Antilles) ; c\u2019est l\u00e0 qu\u2019il apprend que la guerre est finie et qu\u2019il retrouve Raspoutine: c\u2019est ainsi que commence <em><strong>Corto Maltese en Sib\u00e9rie<\/strong><\/em>.<\/p>\n<\/div><\/div><\/div><div class=\"fusion-clearfix\"><\/div><\/div><\/div><div class=\"fusion-layout-column fusion_builder_column fusion-builder-column-45 fusion_builder_column_1_1 1_1 fusion-one-full fusion-column-first fusion-column-last fusion-column-no-min-height\" style=\"--awb-bg-size:cover;--awb-margin-bottom:0px;\"><div class=\"fusion-column-wrapper fusion-flex-column-wrapper-legacy\"><div class=\"fusion-sep-clear\"><\/div><div class=\"fusion-separator fusion-has-icon fusion-full-width-sep\" style=\"margin-left: auto;margin-right: auto;margin-top:0px;margin-bottom:20px;width:100%;\"><div class=\"fusion-separator-border sep-single sep-solid\" style=\"--awb-height:20px;--awb-amount:20px;border-color:#e0dede;border-top-width:1px;\"><\/div><span class=\"icon-wrapper\" style=\"border-color:transparent;font-size:16px;width: 1.75em; height: 1.75em;border-width:1px;padding:1px;margin-top:-0.5px\"><i class=\" fa fa-chevron-down\" style=\"font-size: inherit;color:#e0dede;\" aria-hidden=\"true\"><\/i><\/span><div class=\"fusion-separator-border sep-single sep-solid\" style=\"--awb-height:20px;--awb-amount:20px;border-color:#e0dede;border-top-width:1px;\"><\/div><\/div><div class=\"fusion-sep-clear\"><\/div><div class=\"fusion-clearfix\"><\/div><\/div><\/div><\/div><\/div><div class=\"fusion-fullwidth fullwidth-box fusion-builder-row-15 nonhundred-percent-fullwidth non-hundred-percent-height-scrolling fusion-equal-height-columns\" style=\"--awb-background-position:left top;--awb-border-radius-top-left:0px;--awb-border-radius-top-right:0px;--awb-border-radius-bottom-right:0px;--awb-border-radius-bottom-left:0px;--awb-padding-top:20px;--awb-padding-bottom:20px;--awb-border-sizes-top:0px;--awb-border-sizes-bottom:0px;--awb-flex-wrap:wrap;\" ><div class=\"fusion-builder-row fusion-row\"><div class=\"fusion-layout-column fusion_builder_column fusion-builder-column-46 fusion_builder_column_1_6 1_6 fusion-one-sixth fusion-column-first\" style=\"--awb-bg-color:#ffffff;--awb-bg-color-hover:#ffffff;--awb-bg-size:cover;--awb-border-color:#ffffff;--awb-border-top:px;--awb-border-right:px;--awb-border-bottom:px;--awb-border-left:px;--awb-border-style:solid;width:13.3333%; margin-right: 4%;\"><div class=\"fusion-column-wrapper fusion-flex-column-wrapper-legacy\"><div class=\"fusion-column-content-centered\"><div class=\"fusion-column-content\"><div class=\"fusion-text fusion-text-30\"><p style=\"font-size: 24px; line-height: 36px; text-align: center;\">1919<\/p>\n<\/div><div class=\"fusion-sep-clear\"><\/div><div class=\"fusion-separator\" style=\"margin-left: auto;margin-right: auto;margin-top:5px;width:100%;max-width:40%;\"><div class=\"fusion-separator-border sep-single sep-solid\" style=\"--awb-height:20px;--awb-amount:20px;--awb-sep-color:#dd3333;border-color:#dd3333;border-top-width:4px;\"><\/div><\/div><div class=\"fusion-sep-clear\"><\/div><\/div><\/div><div class=\"fusion-clearfix\"><\/div><\/div><\/div><div class=\"fusion-layout-column fusion_builder_column fusion-builder-column-47 fusion_builder_column_5_6 5_6 fusion-five-sixth fusion-column-last\" style=\"--awb-bg-size:cover;width:82.6666%;\"><div class=\"fusion-column-wrapper fusion-flex-column-wrapper-legacy\"><div class=\"fusion-column-content-centered\"><div class=\"fusion-column-content\"><div class=\"fusion-text fusion-text-31\"><p>Corto est \u00e0 Shanghai, puis aux confins de la Mandchourie, de la Mongolie et de la Sib\u00e9rie, dans la r\u00e9gion de la ville de Manzhouli.<\/p>\n<\/div><\/div><\/div><div class=\"fusion-clearfix\"><\/div><\/div><\/div><div class=\"fusion-layout-column fusion_builder_column fusion-builder-column-48 fusion_builder_column_1_1 1_1 fusion-one-full fusion-column-first fusion-column-last fusion-column-no-min-height\" style=\"--awb-bg-size:cover;--awb-margin-bottom:0px;\"><div class=\"fusion-column-wrapper fusion-flex-column-wrapper-legacy\"><div class=\"fusion-sep-clear\"><\/div><div class=\"fusion-separator fusion-has-icon fusion-full-width-sep\" style=\"margin-left: auto;margin-right: auto;margin-top:0px;margin-bottom:20px;width:100%;\"><div class=\"fusion-separator-border sep-single sep-solid\" style=\"--awb-height:20px;--awb-amount:20px;border-color:#e0dede;border-top-width:1px;\"><\/div><span class=\"icon-wrapper\" style=\"border-color:transparent;font-size:16px;width: 1.75em; height: 1.75em;border-width:1px;padding:1px;margin-top:-0.5px\"><i class=\" fa fa-chevron-down\" style=\"font-size: inherit;color:#e0dede;\" aria-hidden=\"true\"><\/i><\/span><div class=\"fusion-separator-border sep-single sep-solid\" style=\"--awb-height:20px;--awb-amount:20px;border-color:#e0dede;border-top-width:1px;\"><\/div><\/div><div class=\"fusion-sep-clear\"><\/div><div class=\"fusion-clearfix\"><\/div><\/div><\/div><\/div><\/div><div class=\"fusion-fullwidth fullwidth-box fusion-builder-row-16 nonhundred-percent-fullwidth non-hundred-percent-height-scrolling fusion-equal-height-columns\" style=\"--awb-background-position:left top;--awb-border-radius-top-left:0px;--awb-border-radius-top-right:0px;--awb-border-radius-bottom-right:0px;--awb-border-radius-bottom-left:0px;--awb-padding-top:20px;--awb-padding-bottom:20px;--awb-border-sizes-top:0px;--awb-border-sizes-bottom:0px;--awb-flex-wrap:wrap;\" ><div class=\"fusion-builder-row fusion-row\"><div class=\"fusion-layout-column fusion_builder_column fusion-builder-column-49 fusion_builder_column_1_6 1_6 fusion-one-sixth fusion-column-first\" style=\"--awb-bg-color:#ffffff;--awb-bg-color-hover:#ffffff;--awb-bg-size:cover;--awb-border-color:#ffffff;--awb-border-top:px;--awb-border-right:px;--awb-border-bottom:px;--awb-border-left:px;--awb-border-style:solid;width:13.3333%; margin-right: 4%;\"><div class=\"fusion-column-wrapper fusion-flex-column-wrapper-legacy\"><div class=\"fusion-column-content-centered\"><div class=\"fusion-column-content\"><div class=\"fusion-text fusion-text-32\"><p style=\"font-size: 24px; line-height: 36px; text-align: center;\">1920<\/p>\n<\/div><div class=\"fusion-sep-clear\"><\/div><div class=\"fusion-separator\" style=\"margin-left: auto;margin-right: auto;margin-top:5px;width:100%;max-width:40%;\"><div class=\"fusion-separator-border sep-single sep-solid\" style=\"--awb-height:20px;--awb-amount:20px;--awb-sep-color:#dd3333;border-color:#dd3333;border-top-width:4px;\"><\/div><\/div><div class=\"fusion-sep-clear\"><\/div><\/div><\/div><div class=\"fusion-clearfix\"><\/div><\/div><\/div><div class=\"fusion-layout-column fusion_builder_column fusion-builder-column-50 fusion_builder_column_5_6 5_6 fusion-five-sixth fusion-column-last\" style=\"--awb-bg-size:cover;width:82.6666%;\"><div class=\"fusion-column-wrapper fusion-flex-column-wrapper-legacy\"><div class=\"fusion-column-content-centered\"><div class=\"fusion-column-content\"><div class=\"fusion-text fusion-text-33\"><p>Entre la r\u00e9gion de Mandchourie et le Lac Dalai Nuur (ou Hulun), Corto est bless\u00e9 dans une action visant \u00e0 d\u00e9truire le train blind\u00e9 du g\u00e9n\u00e9ral Tchang (f\u00e9vrier). Il n\u2019en r\u00e9ussit pas moins \u00e0 rejoindre Hong Kong via Hailar (Mongolie Int\u00e9rieure) puis Harbin, en Chine. Il arrive \u00e0 Hong Kong au cours de la premi\u00e8re quinzaine de mars et, peu apr\u00e8s, le 15 de ce m\u00eame mois, il repart pour la province chinoise du Jiangxi (ou Xian Jiang) o\u00f9, en avril 1920, se termine <em><strong>Corto Maltese en Sib\u00e9rie<\/strong><\/em>.<\/p>\n<\/div><\/div><\/div><div class=\"fusion-clearfix\"><\/div><\/div><\/div><div class=\"fusion-layout-column fusion_builder_column fusion-builder-column-51 fusion_builder_column_1_1 1_1 fusion-one-full fusion-column-first fusion-column-last fusion-column-no-min-height\" style=\"--awb-bg-size:cover;--awb-margin-bottom:0px;\"><div class=\"fusion-column-wrapper fusion-flex-column-wrapper-legacy\"><div class=\"fusion-sep-clear\"><\/div><div class=\"fusion-separator fusion-has-icon fusion-full-width-sep\" style=\"margin-left: auto;margin-right: auto;margin-top:0px;margin-bottom:20px;width:100%;\"><div class=\"fusion-separator-border sep-single sep-solid\" style=\"--awb-height:20px;--awb-amount:20px;border-color:#e0dede;border-top-width:1px;\"><\/div><span class=\"icon-wrapper\" style=\"border-color:transparent;font-size:16px;width: 1.75em; height: 1.75em;border-width:1px;padding:1px;margin-top:-0.5px\"><i class=\" fa fa-chevron-down\" style=\"font-size: inherit;color:#e0dede;\" aria-hidden=\"true\"><\/i><\/span><div class=\"fusion-separator-border sep-single sep-solid\" style=\"--awb-height:20px;--awb-amount:20px;border-color:#e0dede;border-top-width:1px;\"><\/div><\/div><div class=\"fusion-sep-clear\"><\/div><div class=\"fusion-clearfix\"><\/div><\/div><\/div><\/div><\/div><div class=\"fusion-fullwidth fullwidth-box fusion-builder-row-17 nonhundred-percent-fullwidth non-hundred-percent-height-scrolling fusion-equal-height-columns\" style=\"--awb-background-position:left top;--awb-border-radius-top-left:0px;--awb-border-radius-top-right:0px;--awb-border-radius-bottom-right:0px;--awb-border-radius-bottom-left:0px;--awb-padding-top:20px;--awb-padding-bottom:20px;--awb-border-sizes-top:0px;--awb-border-sizes-bottom:0px;--awb-flex-wrap:wrap;\" ><div class=\"fusion-builder-row fusion-row\"><div class=\"fusion-layout-column fusion_builder_column fusion-builder-column-52 fusion_builder_column_1_6 1_6 fusion-one-sixth fusion-column-first\" style=\"--awb-bg-color:#ffffff;--awb-bg-color-hover:#ffffff;--awb-bg-size:cover;--awb-border-color:#ffffff;--awb-border-top:px;--awb-border-right:px;--awb-border-bottom:px;--awb-border-left:px;--awb-border-style:solid;width:13.3333%; margin-right: 4%;\"><div class=\"fusion-column-wrapper fusion-flex-column-wrapper-legacy\"><div class=\"fusion-column-content-centered\"><div class=\"fusion-column-content\"><div class=\"fusion-text fusion-text-34\"><p style=\"font-size: 24px; line-height: 36px; text-align: center;\">1921<\/p>\n<\/div><div class=\"fusion-sep-clear\"><\/div><div class=\"fusion-separator\" style=\"margin-left: auto;margin-right: auto;margin-top:5px;width:100%;max-width:40%;\"><div class=\"fusion-separator-border sep-single sep-solid\" style=\"--awb-height:20px;--awb-amount:20px;--awb-sep-color:#dd3333;border-color:#dd3333;border-top-width:4px;\"><\/div><\/div><div class=\"fusion-sep-clear\"><\/div><\/div><\/div><div class=\"fusion-clearfix\"><\/div><\/div><\/div><div class=\"fusion-layout-column fusion_builder_column fusion-builder-column-53 fusion_builder_column_5_6 5_6 fusion-five-sixth fusion-column-last\" style=\"--awb-bg-size:cover;width:82.6666%;\"><div class=\"fusion-column-wrapper fusion-flex-column-wrapper-legacy\"><div class=\"fusion-column-content-centered\"><div class=\"fusion-column-content\"><div class=\"fusion-text fusion-text-35\"><p>Corto est \u00e0 Venise. L\u2019histoire <em><strong>Fable de Venise<\/strong><\/em> se d\u00e9roule du 9 au 25 avril. En automne, Corto part pour Rhodes o\u00f9 commence l\u2019\u00e9pisode <em><strong>La Maison dor\u00e9e de Samarkand<\/strong><\/em>.<\/p>\n<\/div><\/div><\/div><div class=\"fusion-clearfix\"><\/div><\/div><\/div><div class=\"fusion-layout-column fusion_builder_column fusion-builder-column-54 fusion_builder_column_1_1 1_1 fusion-one-full fusion-column-first fusion-column-last fusion-column-no-min-height\" style=\"--awb-bg-size:cover;--awb-margin-bottom:0px;\"><div class=\"fusion-column-wrapper fusion-flex-column-wrapper-legacy\"><div class=\"fusion-sep-clear\"><\/div><div class=\"fusion-separator fusion-has-icon fusion-full-width-sep\" style=\"margin-left: auto;margin-right: auto;margin-top:0px;margin-bottom:20px;width:100%;\"><div class=\"fusion-separator-border sep-single sep-solid\" style=\"--awb-height:20px;--awb-amount:20px;border-color:#e0dede;border-top-width:1px;\"><\/div><span class=\"icon-wrapper\" style=\"border-color:transparent;font-size:16px;width: 1.75em; height: 1.75em;border-width:1px;padding:1px;margin-top:-0.5px\"><i class=\" fa fa-chevron-down\" style=\"font-size: inherit;color:#e0dede;\" aria-hidden=\"true\"><\/i><\/span><div class=\"fusion-separator-border sep-single sep-solid\" style=\"--awb-height:20px;--awb-amount:20px;border-color:#e0dede;border-top-width:1px;\"><\/div><\/div><div class=\"fusion-sep-clear\"><\/div><div class=\"fusion-clearfix\"><\/div><\/div><\/div><\/div><\/div><div class=\"fusion-fullwidth fullwidth-box fusion-builder-row-18 nonhundred-percent-fullwidth non-hundred-percent-height-scrolling fusion-equal-height-columns\" style=\"--awb-background-position:left top;--awb-border-radius-top-left:0px;--awb-border-radius-top-right:0px;--awb-border-radius-bottom-right:0px;--awb-border-radius-bottom-left:0px;--awb-padding-top:20px;--awb-padding-bottom:20px;--awb-border-sizes-top:0px;--awb-border-sizes-bottom:0px;--awb-flex-wrap:wrap;\" ><div class=\"fusion-builder-row fusion-row\"><div class=\"fusion-layout-column fusion_builder_column fusion-builder-column-55 fusion_builder_column_1_6 1_6 fusion-one-sixth fusion-column-first\" style=\"--awb-bg-color:#ffffff;--awb-bg-color-hover:#ffffff;--awb-bg-size:cover;--awb-border-color:#ffffff;--awb-border-top:px;--awb-border-right:px;--awb-border-bottom:px;--awb-border-left:px;--awb-border-style:solid;width:13.3333%; margin-right: 4%;\"><div class=\"fusion-column-wrapper fusion-flex-column-wrapper-legacy\"><div class=\"fusion-column-content-centered\"><div class=\"fusion-column-content\"><div class=\"fusion-text fusion-text-36\"><p style=\"font-size: 24px; line-height: 36px; text-align: center;\">1921-1922<\/p>\n<\/div><div class=\"fusion-sep-clear\"><\/div><div class=\"fusion-separator\" style=\"margin-left: auto;margin-right: auto;margin-top:5px;width:100%;max-width:40%;\"><div class=\"fusion-separator-border sep-single sep-solid\" style=\"--awb-height:20px;--awb-amount:20px;--awb-sep-color:#dd3333;border-color:#dd3333;border-top-width:4px;\"><\/div><\/div><div class=\"fusion-sep-clear\"><\/div><\/div><\/div><div class=\"fusion-clearfix\"><\/div><\/div><\/div><div class=\"fusion-layout-column fusion_builder_column fusion-builder-column-56 fusion_builder_column_5_6 5_6 fusion-five-sixth fusion-column-last\" style=\"--awb-bg-size:cover;width:82.6666%;\"><div class=\"fusion-column-wrapper fusion-flex-column-wrapper-legacy\"><div class=\"fusion-column-content-centered\"><div class=\"fusion-column-content\"><div class=\"fusion-text fusion-text-37\"><p><img decoding=\"async\" class=\"size-full wp-image-11614 alignleft\" src=\"https:\/\/cortomaltese.com\/wp-content\/uploads\/sites\/3\/history20.jpg\" alt=\"history20\" width=\"230\" height=\"217\" srcset=\"https:\/\/cortomaltese.com\/fr\/wp-content\/uploads\/sites\/3\/history20-200x189.jpg 200w, https:\/\/cortomaltese.com\/fr\/wp-content\/uploads\/sites\/3\/history20.jpg 230w\" sizes=\"(max-width: 230px) 100vw, 230px\" \/>Pendant environ un an, Corto Maltese part \u00e0 la recherche du tr\u00e9sor d\u2019Alexandre le Grand (qu\u2019il r\u00e9ussira seulement \u00e0 entrevoir) et de Raspoutine (qu\u2019en revanche il parviendra \u00e0 retrouver). Parti de Rhodes, il arrive \u00e0 Adana (Turquie) en d\u00e9cembre, traverse le pays jusqu\u2019\u00e0 Van, passe en Azerba\u00efdjan, atteint la Mer Caspienne (travers\u00e9e en bateau de Bakou \u00e0 Krasnovodsk), puis arrive dans l\u2019\u00e9mirat de Boukhara, o\u00f9 il retrouve Raspoutine tout juste sorti d\u2019une prison appel\u00e9e \u00ab la maison dor\u00e9e de Samarkand\u00a0\u00bb, pr\u00e8s de Baldjouan, au sud-est de Douchanb\u00e9 (l\u2019actuelle capitale du Tadjikistan). L\u00e0, Corto et Raspoutine sont t\u00e9moins de la mort du g\u00e9n\u00e9ral Enver Pacha (4 ao\u00fbt 1922). Ils vont ensuite dans le Kafiristan (r\u00e9gion de l\u2019Afghanistan, aujourd\u2019hui appel\u00e9e Nuristan).\u00a0<em><strong>La Maison dor\u00e9e de Samarkand<\/strong><\/em>\u00a0se termine le 6 septembre 1922, quand Corto et Raspoutine franchissent la fronti\u00e8re entre l\u2019Afghanistan et le Pakistan (qui faisait partie \u00e0 l\u2019\u00e9poque de l\u2019Empire des Indes).<br \/>\n.<\/p>\n<\/div><\/div><\/div><div class=\"fusion-clearfix\"><\/div><\/div><\/div><div class=\"fusion-layout-column fusion_builder_column fusion-builder-column-57 fusion_builder_column_1_1 1_1 fusion-one-full fusion-column-first fusion-column-last fusion-column-no-min-height\" style=\"--awb-bg-size:cover;--awb-margin-bottom:0px;\"><div class=\"fusion-column-wrapper fusion-flex-column-wrapper-legacy\"><div class=\"fusion-sep-clear\"><\/div><div class=\"fusion-separator fusion-has-icon fusion-full-width-sep\" style=\"margin-left: auto;margin-right: auto;margin-top:0px;margin-bottom:20px;width:100%;\"><div class=\"fusion-separator-border sep-single sep-solid\" style=\"--awb-height:20px;--awb-amount:20px;border-color:#e0dede;border-top-width:1px;\"><\/div><span class=\"icon-wrapper\" style=\"border-color:transparent;font-size:16px;width: 1.75em; height: 1.75em;border-width:1px;padding:1px;margin-top:-0.5px\"><i class=\" fa fa-chevron-down\" style=\"font-size: inherit;color:#e0dede;\" aria-hidden=\"true\"><\/i><\/span><div class=\"fusion-separator-border sep-single sep-solid\" style=\"--awb-height:20px;--awb-amount:20px;border-color:#e0dede;border-top-width:1px;\"><\/div><\/div><div class=\"fusion-sep-clear\"><\/div><div class=\"fusion-clearfix\"><\/div><\/div><\/div><\/div><\/div><div class=\"fusion-fullwidth fullwidth-box fusion-builder-row-19 nonhundred-percent-fullwidth non-hundred-percent-height-scrolling fusion-equal-height-columns\" style=\"--awb-background-position:left top;--awb-border-radius-top-left:0px;--awb-border-radius-top-right:0px;--awb-border-radius-bottom-right:0px;--awb-border-radius-bottom-left:0px;--awb-padding-top:20px;--awb-padding-bottom:20px;--awb-border-sizes-top:0px;--awb-border-sizes-bottom:0px;--awb-flex-wrap:wrap;\" ><div class=\"fusion-builder-row fusion-row\"><div class=\"fusion-layout-column fusion_builder_column fusion-builder-column-58 fusion_builder_column_1_6 1_6 fusion-one-sixth fusion-column-first\" style=\"--awb-bg-color:#ffffff;--awb-bg-color-hover:#ffffff;--awb-bg-size:cover;--awb-border-color:#ffffff;--awb-border-top:px;--awb-border-right:px;--awb-border-bottom:px;--awb-border-left:px;--awb-border-style:solid;width:13.3333%; margin-right: 4%;\"><div class=\"fusion-column-wrapper fusion-flex-column-wrapper-legacy\"><div class=\"fusion-column-content-centered\"><div class=\"fusion-column-content\"><div class=\"fusion-text fusion-text-38\"><p style=\"font-size: 24px; line-height: 36px; text-align: center;\">1923<\/p>\n<\/div><div class=\"fusion-sep-clear\"><\/div><div class=\"fusion-separator\" style=\"margin-left: auto;margin-right: auto;margin-top:5px;width:100%;max-width:40%;\"><div class=\"fusion-separator-border sep-single sep-solid\" style=\"--awb-height:20px;--awb-amount:20px;--awb-sep-color:#dd3333;border-color:#dd3333;border-top-width:4px;\"><\/div><\/div><div class=\"fusion-sep-clear\"><\/div><\/div><\/div><div class=\"fusion-clearfix\"><\/div><\/div><\/div><div class=\"fusion-layout-column fusion_builder_column fusion-builder-column-59 fusion_builder_column_5_6 5_6 fusion-five-sixth fusion-column-last\" style=\"--awb-bg-size:cover;width:82.6666%;\"><div class=\"fusion-column-wrapper fusion-flex-column-wrapper-legacy\"><div class=\"fusion-column-content-centered\"><div class=\"fusion-column-content\"><div class=\"fusion-text fusion-text-39\"><p>D\u00e9but juin, apr\u00e8s 15 ans, Corto Maltese retourne en Argentine, il y arrive \u00e0 bord du paquebot <em>Le Malte<\/em> de la compagnie des Transitaires R\u00e9unis, qui reliait Hambourg et Buenos Aires. C\u2019est le 13 juin que commence\u00a0<em><strong>Tango<\/strong><\/em>, qui s\u2019ach\u00e8ve dans la nuit du 20 juin.<\/p>\n<\/div><\/div><\/div><div class=\"fusion-clearfix\"><\/div><\/div><\/div><div class=\"fusion-layout-column fusion_builder_column fusion-builder-column-60 fusion_builder_column_1_1 1_1 fusion-one-full fusion-column-first fusion-column-last fusion-column-no-min-height\" style=\"--awb-bg-size:cover;--awb-margin-bottom:0px;\"><div class=\"fusion-column-wrapper fusion-flex-column-wrapper-legacy\"><div class=\"fusion-sep-clear\"><\/div><div class=\"fusion-separator fusion-has-icon fusion-full-width-sep\" style=\"margin-left: auto;margin-right: auto;margin-top:0px;margin-bottom:20px;width:100%;\"><div class=\"fusion-separator-border sep-single sep-solid\" style=\"--awb-height:20px;--awb-amount:20px;border-color:#e0dede;border-top-width:1px;\"><\/div><span class=\"icon-wrapper\" style=\"border-color:transparent;font-size:16px;width: 1.75em; height: 1.75em;border-width:1px;padding:1px;margin-top:-0.5px\"><i class=\" fa fa-chevron-down\" style=\"font-size: inherit;color:#e0dede;\" aria-hidden=\"true\"><\/i><\/span><div class=\"fusion-separator-border sep-single sep-solid\" style=\"--awb-height:20px;--awb-amount:20px;border-color:#e0dede;border-top-width:1px;\"><\/div><\/div><div class=\"fusion-sep-clear\"><\/div><div class=\"fusion-clearfix\"><\/div><\/div><\/div><\/div><\/div><div class=\"fusion-fullwidth fullwidth-box fusion-builder-row-20 nonhundred-percent-fullwidth non-hundred-percent-height-scrolling fusion-equal-height-columns\" style=\"--awb-background-position:left top;--awb-border-radius-top-left:0px;--awb-border-radius-top-right:0px;--awb-border-radius-bottom-right:0px;--awb-border-radius-bottom-left:0px;--awb-padding-top:20px;--awb-padding-bottom:20px;--awb-border-sizes-top:0px;--awb-border-sizes-bottom:0px;--awb-flex-wrap:wrap;\" ><div class=\"fusion-builder-row fusion-row\"><div class=\"fusion-layout-column fusion_builder_column fusion-builder-column-61 fusion_builder_column_1_6 1_6 fusion-one-sixth fusion-column-first\" style=\"--awb-bg-color:#ffffff;--awb-bg-color-hover:#ffffff;--awb-bg-size:cover;--awb-border-color:#ffffff;--awb-border-top:px;--awb-border-right:px;--awb-border-bottom:px;--awb-border-left:px;--awb-border-style:solid;width:13.3333%; margin-right: 4%;\"><div class=\"fusion-column-wrapper fusion-flex-column-wrapper-legacy\"><div class=\"fusion-column-content-centered\"><div class=\"fusion-column-content\"><div class=\"fusion-text fusion-text-40\"><p style=\"font-size: 24px; line-height: 36px; text-align: center;\">1924<\/p>\n<\/div><div class=\"fusion-sep-clear\"><\/div><div class=\"fusion-separator\" style=\"margin-left: auto;margin-right: auto;margin-top:5px;width:100%;max-width:40%;\"><div class=\"fusion-separator-border sep-single sep-solid\" style=\"--awb-height:20px;--awb-amount:20px;--awb-sep-color:#dd3333;border-color:#dd3333;border-top-width:4px;\"><\/div><\/div><div class=\"fusion-sep-clear\"><\/div><\/div><\/div><div class=\"fusion-clearfix\"><\/div><\/div><\/div><div class=\"fusion-layout-column fusion_builder_column fusion-builder-column-62 fusion_builder_column_5_6 5_6 fusion-five-sixth fusion-column-last\" style=\"--awb-bg-size:cover;width:82.6666%;\"><div class=\"fusion-column-wrapper fusion-flex-column-wrapper-legacy\"><div class=\"fusion-column-content-centered\"><div class=\"fusion-column-content\"><div class=\"fusion-text fusion-text-41\"><p>Corto visite tous les cantons suisses. Dans <strong>L<\/strong><em><strong>es Helv\u00e9tiques<\/strong><\/em>, apr\u00e8s une retraite dans le petit village de Savuit-sur-Lutry (Canton de Vaud), Corto et le professeur Steiner iront, au cours de l\u2019automne, \u00e0 Montagnola (Canton du Tessin) chez l\u2019\u00e9crivain Hermann Hesse. Corto se rendra ensuite \u00e0 Zurich avec l\u2019artiste-peintre Tamara de Lempicka.<\/p>\n<\/div><\/div><\/div><div class=\"fusion-clearfix\"><\/div><\/div><\/div><div class=\"fusion-layout-column fusion_builder_column fusion-builder-column-63 fusion_builder_column_1_1 1_1 fusion-one-full fusion-column-first fusion-column-last fusion-column-no-min-height\" style=\"--awb-bg-size:cover;--awb-margin-bottom:0px;\"><div class=\"fusion-column-wrapper fusion-flex-column-wrapper-legacy\"><div class=\"fusion-sep-clear\"><\/div><div class=\"fusion-separator fusion-has-icon fusion-full-width-sep\" style=\"margin-left: auto;margin-right: auto;margin-top:0px;margin-bottom:20px;width:100%;\"><div class=\"fusion-separator-border sep-single sep-solid\" style=\"--awb-height:20px;--awb-amount:20px;border-color:#e0dede;border-top-width:1px;\"><\/div><span class=\"icon-wrapper\" style=\"border-color:transparent;font-size:16px;width: 1.75em; height: 1.75em;border-width:1px;padding:1px;margin-top:-0.5px\"><i class=\" fa fa-chevron-down\" style=\"font-size: inherit;color:#e0dede;\" aria-hidden=\"true\"><\/i><\/span><div class=\"fusion-separator-border sep-single sep-solid\" style=\"--awb-height:20px;--awb-amount:20px;border-color:#e0dede;border-top-width:1px;\"><\/div><\/div><div class=\"fusion-sep-clear\"><\/div><div class=\"fusion-clearfix\"><\/div><\/div><\/div><\/div><\/div><div class=\"fusion-fullwidth fullwidth-box fusion-builder-row-21 nonhundred-percent-fullwidth non-hundred-percent-height-scrolling fusion-equal-height-columns\" style=\"--awb-background-position:left top;--awb-border-radius-top-left:0px;--awb-border-radius-top-right:0px;--awb-border-radius-bottom-right:0px;--awb-border-radius-bottom-left:0px;--awb-padding-top:20px;--awb-padding-bottom:20px;--awb-border-sizes-top:0px;--awb-border-sizes-bottom:0px;--awb-flex-wrap:wrap;\" ><div class=\"fusion-builder-row fusion-row\"><div class=\"fusion-layout-column fusion_builder_column fusion-builder-column-64 fusion_builder_column_1_6 1_6 fusion-one-sixth fusion-column-first\" style=\"--awb-bg-color:#ffffff;--awb-bg-color-hover:#ffffff;--awb-bg-size:cover;--awb-border-color:#ffffff;--awb-border-top:px;--awb-border-right:px;--awb-border-bottom:px;--awb-border-left:px;--awb-border-style:solid;width:13.3333%; margin-right: 4%;\"><div class=\"fusion-column-wrapper fusion-flex-column-wrapper-legacy\"><div class=\"fusion-column-content-centered\"><div class=\"fusion-column-content\"><div class=\"fusion-text fusion-text-42\"><p style=\"font-size: 24px; line-height: 36px; text-align: center;\">1924-1925<\/p>\n<\/div><div class=\"fusion-sep-clear\"><\/div><div class=\"fusion-separator\" style=\"margin-left: auto;margin-right: auto;margin-top:5px;width:100%;max-width:40%;\"><div class=\"fusion-separator-border sep-single sep-solid\" style=\"--awb-height:20px;--awb-amount:20px;--awb-sep-color:#dd3333;border-color:#dd3333;border-top-width:4px;\"><\/div><\/div><div class=\"fusion-sep-clear\"><\/div><\/div><\/div><div class=\"fusion-clearfix\"><\/div><\/div><\/div><div class=\"fusion-layout-column fusion_builder_column fusion-builder-column-65 fusion_builder_column_5_6 5_6 fusion-five-sixth fusion-column-last\" style=\"--awb-bg-size:cover;width:82.6666%;\"><div class=\"fusion-column-wrapper fusion-flex-column-wrapper-legacy\"><div class=\"fusion-column-content-centered\"><div class=\"fusion-column-content\"><div class=\"fusion-text fusion-text-43\"><p>A Tarifa (pointe \u00e0 l\u2019extr\u00eame Sud de l\u2019Espagne), Corto et Raspoutine re\u00e7oivent du Venezuela un t\u00e9l\u00e9gramme de leur ami Levi Colombia qui les invite \u00e0 faire une croisi\u00e8re dans les Cara\u00efbes \u00e0 la recherche de l\u2019Atlantide. C\u2019est ainsi que commence l\u2019histoire de <em><strong>M\u00fc<\/strong><\/em>.<\/p>\n<\/div><\/div><\/div><div class=\"fusion-clearfix\"><\/div><\/div><\/div><div class=\"fusion-layout-column fusion_builder_column fusion-builder-column-66 fusion_builder_column_1_1 1_1 fusion-one-full fusion-column-first fusion-column-last fusion-column-no-min-height\" style=\"--awb-bg-size:cover;--awb-margin-bottom:0px;\"><div class=\"fusion-column-wrapper fusion-flex-column-wrapper-legacy\"><div class=\"fusion-sep-clear\"><\/div><div class=\"fusion-separator fusion-has-icon fusion-full-width-sep\" style=\"margin-left: auto;margin-right: auto;margin-top:0px;margin-bottom:20px;width:100%;\"><div class=\"fusion-separator-border sep-single sep-solid\" style=\"--awb-height:20px;--awb-amount:20px;border-color:#e0dede;border-top-width:1px;\"><\/div><span class=\"icon-wrapper\" style=\"border-color:transparent;font-size:16px;width: 1.75em; height: 1.75em;border-width:1px;padding:1px;margin-top:-0.5px\"><i class=\" fa fa-chevron-down\" style=\"font-size: inherit;color:#e0dede;\" aria-hidden=\"true\"><\/i><\/span><div class=\"fusion-separator-border sep-single sep-solid\" style=\"--awb-height:20px;--awb-amount:20px;border-color:#e0dede;border-top-width:1px;\"><\/div><\/div><div class=\"fusion-sep-clear\"><\/div><div class=\"fusion-clearfix\"><\/div><\/div><\/div><\/div><\/div><div class=\"fusion-fullwidth fullwidth-box fusion-builder-row-22 nonhundred-percent-fullwidth non-hundred-percent-height-scrolling fusion-equal-height-columns\" style=\"--awb-background-position:left top;--awb-border-radius-top-left:0px;--awb-border-radius-top-right:0px;--awb-border-radius-bottom-right:0px;--awb-border-radius-bottom-left:0px;--awb-padding-top:20px;--awb-padding-bottom:20px;--awb-border-sizes-top:0px;--awb-border-sizes-bottom:0px;--awb-flex-wrap:wrap;\" ><div class=\"fusion-builder-row fusion-row\"><div class=\"fusion-layout-column fusion_builder_column fusion-builder-column-67 fusion_builder_column_1_6 1_6 fusion-one-sixth fusion-column-first\" style=\"--awb-bg-color:#ffffff;--awb-bg-color-hover:#ffffff;--awb-bg-size:cover;--awb-border-color:#ffffff;--awb-border-top:px;--awb-border-right:px;--awb-border-bottom:px;--awb-border-left:px;--awb-border-style:solid;width:13.3333%; margin-right: 4%;\"><div class=\"fusion-column-wrapper fusion-flex-column-wrapper-legacy\"><div class=\"fusion-column-content-centered\"><div class=\"fusion-column-content\"><div class=\"fusion-text fusion-text-44\"><p style=\"font-size: 24px; line-height: 36px; text-align: center;\">1925-1936<\/p>\n<\/div><div class=\"fusion-sep-clear\"><\/div><div class=\"fusion-separator\" style=\"margin-left: auto;margin-right: auto;margin-top:5px;width:100%;max-width:40%;\"><div class=\"fusion-separator-border sep-single sep-solid\" style=\"--awb-height:20px;--awb-amount:20px;--awb-sep-color:#dd3333;border-color:#dd3333;border-top-width:4px;\"><\/div><\/div><div class=\"fusion-sep-clear\"><\/div><\/div><\/div><div class=\"fusion-clearfix\"><\/div><\/div><\/div><div class=\"fusion-layout-column fusion_builder_column fusion-builder-column-68 fusion_builder_column_5_6 5_6 fusion-five-sixth fusion-column-last\" style=\"--awb-bg-size:cover;width:82.6666%;\"><div class=\"fusion-column-wrapper fusion-flex-column-wrapper-legacy\"><div class=\"fusion-column-content-centered\"><div class=\"fusion-column-content\"><div class=\"fusion-text fusion-text-45\"><p>On ne sait pas grand-chose de la vie de Corto Maltese au cours de cette p\u00e9riode. On sait qu\u2019en d\u00e9cembre 1928 et en janvier 1929 il se trouve \u00e0 Harar (la ville \u00e9thiopienne o\u00f9 v\u00e9cut Rimbaud) en compagnie du romancier Henry de Montfreid et du pal\u00e9ontologue et th\u00e9ologien Teilhard de Chardin.<\/p>\n<\/div><\/div><\/div><div class=\"fusion-clearfix\"><\/div><\/div><\/div><div class=\"fusion-layout-column fusion_builder_column fusion-builder-column-69 fusion_builder_column_1_1 1_1 fusion-one-full fusion-column-first fusion-column-last fusion-column-no-min-height\" style=\"--awb-bg-size:cover;--awb-margin-bottom:0px;\"><div class=\"fusion-column-wrapper fusion-flex-column-wrapper-legacy\"><div class=\"fusion-sep-clear\"><\/div><div class=\"fusion-separator fusion-has-icon fusion-full-width-sep\" style=\"margin-left: auto;margin-right: auto;margin-top:0px;margin-bottom:20px;width:100%;\"><div class=\"fusion-separator-border sep-single sep-solid\" style=\"--awb-height:20px;--awb-amount:20px;border-color:#e0dede;border-top-width:1px;\"><\/div><span class=\"icon-wrapper\" style=\"border-color:transparent;font-size:16px;width: 1.75em; height: 1.75em;border-width:1px;padding:1px;margin-top:-0.5px\"><i class=\" fa fa-chevron-down\" style=\"font-size: inherit;color:#e0dede;\" aria-hidden=\"true\"><\/i><\/span><div class=\"fusion-separator-border sep-single sep-solid\" style=\"--awb-height:20px;--awb-amount:20px;border-color:#e0dede;border-top-width:1px;\"><\/div><\/div><div class=\"fusion-sep-clear\"><\/div><div class=\"fusion-clearfix\"><\/div><\/div><\/div><\/div><\/div><div class=\"fusion-fullwidth fullwidth-box fusion-builder-row-23 nonhundred-percent-fullwidth non-hundred-percent-height-scrolling fusion-equal-height-columns\" style=\"--awb-background-position:left top;--awb-border-radius-top-left:0px;--awb-border-radius-top-right:0px;--awb-border-radius-bottom-right:0px;--awb-border-radius-bottom-left:0px;--awb-padding-top:20px;--awb-padding-bottom:20px;--awb-border-sizes-top:0px;--awb-border-sizes-bottom:0px;--awb-flex-wrap:wrap;\" ><div class=\"fusion-builder-row fusion-row\"><div class=\"fusion-layout-column fusion_builder_column fusion-builder-column-70 fusion_builder_column_1_6 1_6 fusion-one-sixth fusion-column-first\" style=\"--awb-bg-color:#ffffff;--awb-bg-color-hover:#ffffff;--awb-bg-size:cover;--awb-border-color:#ffffff;--awb-border-top:px;--awb-border-right:px;--awb-border-bottom:px;--awb-border-left:px;--awb-border-style:solid;width:13.3333%; margin-right: 4%;\"><div class=\"fusion-column-wrapper fusion-flex-column-wrapper-legacy\"><div class=\"fusion-column-content-centered\"><div class=\"fusion-column-content\"><div class=\"fusion-text fusion-text-46\"><p style=\"font-size: 24px; line-height: 36px; text-align: center;\">1936<\/p>\n<\/div><div class=\"fusion-sep-clear\"><\/div><div class=\"fusion-separator\" style=\"margin-left: auto;margin-right: auto;margin-top:5px;width:100%;max-width:40%;\"><div class=\"fusion-separator-border sep-single sep-solid\" style=\"--awb-height:20px;--awb-amount:20px;--awb-sep-color:#dd3333;border-color:#dd3333;border-top-width:4px;\"><\/div><\/div><div class=\"fusion-sep-clear\"><\/div><\/div><\/div><div class=\"fusion-clearfix\"><\/div><\/div><\/div><div class=\"fusion-layout-column fusion_builder_column fusion-builder-column-71 fusion_builder_column_5_6 5_6 fusion-five-sixth fusion-column-last\" style=\"--awb-bg-size:cover;width:82.6666%;\"><div class=\"fusion-column-wrapper fusion-flex-column-wrapper-legacy\"><div class=\"fusion-column-content-centered\"><div class=\"fusion-column-content\"><div class=\"fusion-text fusion-text-47\"><p>En juillet 1936, commence la guerre civile espagnole qui s\u2019ach\u00e8vera en mai 1939. Corto s\u2019enr\u00f4le dans les Brigades internationales et combat aux c\u00f4t\u00e9s de John Cornford (fils de la po\u00e9tesse anglaise Frances Croft Cornford, et arri\u00e8re-petit-fils de Darwin). Puis on perd toute trace de Corto.<br \/>\nDans\u00a0<span style=\"color: #dd3333;\"><strong><em><a style=\"color: #dd3333;\" href=\"https:\/\/cortomaltese.com\/fr\/ebook-the-scorpions-of-the-desert\/\">Les scorpions du d\u00e9sert<\/a><\/em><\/strong><\/span>, Cush dit, en janvier 1941, \u00e0 propos de Corto Maltese : \u00ab\u00a0Il semble avoir disparu pendant la guerre d\u2019Espagne\u00a0\u00bb ; on apprend ainsi que Corto a envoy\u00e9 \u00e0 Cush depuis l\u2019Espagne un faucon, Al-Andaluz.<\/p>\n<\/div><\/div><\/div><div class=\"fusion-clearfix\"><\/div><\/div><\/div><div class=\"fusion-layout-column fusion_builder_column fusion-builder-column-72 fusion_builder_column_1_1 1_1 fusion-one-full fusion-column-first fusion-column-last fusion-column-no-min-height\" style=\"--awb-bg-size:cover;--awb-margin-bottom:0px;\"><div class=\"fusion-column-wrapper fusion-flex-column-wrapper-legacy\"><div class=\"fusion-sep-clear\"><\/div><div class=\"fusion-separator fusion-has-icon fusion-full-width-sep\" style=\"margin-left: auto;margin-right: auto;margin-top:0px;margin-bottom:20px;width:100%;\"><div class=\"fusion-separator-border sep-single sep-solid\" style=\"--awb-height:20px;--awb-amount:20px;border-color:#e0dede;border-top-width:1px;\"><\/div><span class=\"icon-wrapper\" style=\"border-color:transparent;font-size:16px;width: 1.75em; height: 1.75em;border-width:1px;padding:1px;margin-top:-0.5px\"><i class=\" fa fa-chevron-down\" style=\"font-size: inherit;color:#e0dede;\" aria-hidden=\"true\"><\/i><\/span><div class=\"fusion-separator-border sep-single sep-solid\" style=\"--awb-height:20px;--awb-amount:20px;border-color:#e0dede;border-top-width:1px;\"><\/div><\/div><div class=\"fusion-sep-clear\"><\/div><div class=\"fusion-clearfix\"><\/div><\/div><\/div><\/div><\/div><div class=\"fusion-fullwidth fullwidth-box fusion-builder-row-24 nonhundred-percent-fullwidth non-hundred-percent-height-scrolling fusion-equal-height-columns\" style=\"--awb-background-position:left top;--awb-border-radius-top-left:0px;--awb-border-radius-top-right:0px;--awb-border-radius-bottom-right:0px;--awb-border-radius-bottom-left:0px;--awb-padding-top:20px;--awb-padding-bottom:20px;--awb-border-sizes-top:0px;--awb-border-sizes-bottom:0px;--awb-flex-wrap:wrap;\" ><div class=\"fusion-builder-row fusion-row\"><div class=\"fusion-layout-column fusion_builder_column fusion-builder-column-73 fusion_builder_column_1_1 1_1 fusion-one-full fusion-column-first fusion-column-last\" style=\"--awb-bg-size:cover;\"><div class=\"fusion-column-wrapper fusion-flex-column-wrapper-legacy\"><div class=\"fusion-column-content-centered\"><div class=\"fusion-column-content\"><div class=\"fusion-text fusion-text-48\"><p style=\"text-align: center;\"><strong>Disparu apr\u00e8s 1936, apr\u00e8s la \u00ab derni\u00e8re aventure romantique \u00bb, la guerre civile espagnole? Cela se pourrait, mais il y aurait une lettre, \u00e9crite par Pandora, o\u00f9 l\u2019on apprend que Corto et Tarao, qui ont d\u00e9sormais un certain \u00e2ge, sont all\u00e9s vivre chez cette derni\u00e8re et que ses enfants les consid\u00e8rent comme des &#8220;oncles&#8221;\u2026<\/strong><\/p>\n<\/div><\/div><\/div><div class=\"fusion-clearfix\"><\/div><\/div><\/div><\/div><\/div><\/p>\n","protected":false},"excerpt":{"rendered":"","protected":false},"author":1,"featured_media":0,"parent":0,"menu_order":0,"comment_status":"closed","ping_status":"closed","template":"100-width.php","meta":{"footnotes":""},"class_list":["post-32","page","type-page","status-publish","hentry"],"yoast_head":"<!-- This site is optimized with the Yoast SEO plugin v26.5 - https:\/\/yoast.com\/wordpress\/plugins\/seo\/ -->\n<title>La mia storia: biografia essenziale | Corto Maltese<\/title>\n<meta name=\"description\" content=\"La mia storia \u00e8 un capitolo del sito dedicato alla biografia di Corto Maltese e contiene le date pi\u00f9 importanti dell&#039;evoluzione del personaggio.\" \/>\n<meta name=\"robots\" content=\"index, follow, max-snippet:-1, max-image-preview:large, max-video-preview:-1\" \/>\n<link rel=\"canonical\" href=\"https:\/\/cortomaltese.com\/fr\/mon-histoire\/\" \/>\n<meta property=\"og:locale\" content=\"fr_FR\" \/>\n<meta property=\"og:type\" content=\"article\" \/>\n<meta property=\"og:title\" content=\"La mia storia: biografia essenziale | Corto Maltese\" \/>\n<meta property=\"og:description\" content=\"La mia storia \u00e8 un capitolo del sito dedicato alla biografia di Corto Maltese e contiene le date pi\u00f9 importanti dell&#039;evoluzione del personaggio.\" \/>\n<meta property=\"og:url\" content=\"https:\/\/cortomaltese.com\/fr\/mon-histoire\/\" \/>\n<meta property=\"og:site_name\" content=\"cortomaltese fran\u00e7ais\" \/>\n<meta property=\"article:modified_time\" content=\"2017-04-03T15:57:10+00:00\" \/>\n<meta property=\"og:image\" content=\"https:\/\/cortomaltese.com\/wp-content\/uploads\/sites\/3\/Corto-Maltese-storia.jpg\" \/>\n<meta name=\"twitter:card\" content=\"summary_large_image\" \/>\n<meta name=\"twitter:label1\" content=\"Dur\u00e9e de lecture estim\u00e9e\" \/>\n\t<meta name=\"twitter:data1\" content=\"50 minutes\" \/>\n<script type=\"application\/ld+json\" class=\"yoast-schema-graph\">{\"@context\":\"https:\/\/schema.org\",\"@graph\":[{\"@type\":\"WebPage\",\"@id\":\"https:\/\/cortomaltese.com\/fr\/mon-histoire\/\",\"url\":\"https:\/\/cortomaltese.com\/fr\/mon-histoire\/\",\"name\":\"La mia storia: biografia essenziale | Corto Maltese\",\"isPartOf\":{\"@id\":\"https:\/\/cortomaltese.com\/fr\/#website\"},\"primaryImageOfPage\":{\"@id\":\"https:\/\/cortomaltese.com\/fr\/mon-histoire\/#primaryimage\"},\"image\":{\"@id\":\"https:\/\/cortomaltese.com\/fr\/mon-histoire\/#primaryimage\"},\"thumbnailUrl\":\"https:\/\/cortomaltese.com\/wp-content\/uploads\/sites\/3\/Corto-Maltese-storia.jpg\",\"datePublished\":\"2012-01-25T22:24:46+00:00\",\"dateModified\":\"2017-04-03T15:57:10+00:00\",\"description\":\"La mia storia \u00e8 un capitolo del sito dedicato alla biografia di Corto Maltese e contiene le date pi\u00f9 importanti dell'evoluzione del personaggio.\",\"breadcrumb\":{\"@id\":\"https:\/\/cortomaltese.com\/fr\/mon-histoire\/#breadcrumb\"},\"inLanguage\":\"fr-FR\",\"potentialAction\":[{\"@type\":\"ReadAction\",\"target\":[\"https:\/\/cortomaltese.com\/fr\/mon-histoire\/\"]}]},{\"@type\":\"ImageObject\",\"inLanguage\":\"fr-FR\",\"@id\":\"https:\/\/cortomaltese.com\/fr\/mon-histoire\/#primaryimage\",\"url\":\"https:\/\/cortomaltese.com\/wp-content\/uploads\/sites\/3\/Corto-Maltese-storia.jpg\",\"contentUrl\":\"https:\/\/cortomaltese.com\/wp-content\/uploads\/sites\/3\/Corto-Maltese-storia.jpg\"},{\"@type\":\"BreadcrumbList\",\"@id\":\"https:\/\/cortomaltese.com\/fr\/mon-histoire\/#breadcrumb\",\"itemListElement\":[{\"@type\":\"ListItem\",\"position\":1,\"name\":\"Accueil\",\"item\":\"https:\/\/cortomaltese.com\/fr\/\"},{\"@type\":\"ListItem\",\"position\":2,\"name\":\"Mon histoire\"}]},{\"@type\":\"WebSite\",\"@id\":\"https:\/\/cortomaltese.com\/fr\/#website\",\"url\":\"https:\/\/cortomaltese.com\/fr\/\",\"name\":\"cortomaltese fran\u00e7ais\",\"description\":\"Il sito ufficiale\",\"potentialAction\":[{\"@type\":\"SearchAction\",\"target\":{\"@type\":\"EntryPoint\",\"urlTemplate\":\"https:\/\/cortomaltese.com\/fr\/?s={search_term_string}\"},\"query-input\":{\"@type\":\"PropertyValueSpecification\",\"valueRequired\":true,\"valueName\":\"search_term_string\"}}],\"inLanguage\":\"fr-FR\"}]}<\/script>\n<!-- \/ Yoast SEO plugin. -->","yoast_head_json":{"title":"La mia storia: biografia essenziale | Corto Maltese","description":"La mia storia \u00e8 un capitolo del sito dedicato alla biografia di Corto Maltese e contiene le date pi\u00f9 importanti dell'evoluzione del personaggio.","robots":{"index":"index","follow":"follow","max-snippet":"max-snippet:-1","max-image-preview":"max-image-preview:large","max-video-preview":"max-video-preview:-1"},"canonical":"https:\/\/cortomaltese.com\/fr\/mon-histoire\/","og_locale":"fr_FR","og_type":"article","og_title":"La mia storia: biografia essenziale | Corto Maltese","og_description":"La mia storia \u00e8 un capitolo del sito dedicato alla biografia di Corto Maltese e contiene le date pi\u00f9 importanti dell'evoluzione del personaggio.","og_url":"https:\/\/cortomaltese.com\/fr\/mon-histoire\/","og_site_name":"cortomaltese fran\u00e7ais","article_modified_time":"2017-04-03T15:57:10+00:00","og_image":[{"url":"https:\/\/cortomaltese.com\/wp-content\/uploads\/sites\/3\/Corto-Maltese-storia.jpg","type":"","width":"","height":""}],"twitter_card":"summary_large_image","twitter_misc":{"Dur\u00e9e de lecture estim\u00e9e":"50 minutes"},"schema":{"@context":"https:\/\/schema.org","@graph":[{"@type":"WebPage","@id":"https:\/\/cortomaltese.com\/fr\/mon-histoire\/","url":"https:\/\/cortomaltese.com\/fr\/mon-histoire\/","name":"La mia storia: biografia essenziale | Corto Maltese","isPartOf":{"@id":"https:\/\/cortomaltese.com\/fr\/#website"},"primaryImageOfPage":{"@id":"https:\/\/cortomaltese.com\/fr\/mon-histoire\/#primaryimage"},"image":{"@id":"https:\/\/cortomaltese.com\/fr\/mon-histoire\/#primaryimage"},"thumbnailUrl":"https:\/\/cortomaltese.com\/wp-content\/uploads\/sites\/3\/Corto-Maltese-storia.jpg","datePublished":"2012-01-25T22:24:46+00:00","dateModified":"2017-04-03T15:57:10+00:00","description":"La mia storia \u00e8 un capitolo del sito dedicato alla biografia di Corto Maltese e contiene le date pi\u00f9 importanti dell'evoluzione del personaggio.","breadcrumb":{"@id":"https:\/\/cortomaltese.com\/fr\/mon-histoire\/#breadcrumb"},"inLanguage":"fr-FR","potentialAction":[{"@type":"ReadAction","target":["https:\/\/cortomaltese.com\/fr\/mon-histoire\/"]}]},{"@type":"ImageObject","inLanguage":"fr-FR","@id":"https:\/\/cortomaltese.com\/fr\/mon-histoire\/#primaryimage","url":"https:\/\/cortomaltese.com\/wp-content\/uploads\/sites\/3\/Corto-Maltese-storia.jpg","contentUrl":"https:\/\/cortomaltese.com\/wp-content\/uploads\/sites\/3\/Corto-Maltese-storia.jpg"},{"@type":"BreadcrumbList","@id":"https:\/\/cortomaltese.com\/fr\/mon-histoire\/#breadcrumb","itemListElement":[{"@type":"ListItem","position":1,"name":"Accueil","item":"https:\/\/cortomaltese.com\/fr\/"},{"@type":"ListItem","position":2,"name":"Mon histoire"}]},{"@type":"WebSite","@id":"https:\/\/cortomaltese.com\/fr\/#website","url":"https:\/\/cortomaltese.com\/fr\/","name":"cortomaltese fran\u00e7ais","description":"Il sito ufficiale","potentialAction":[{"@type":"SearchAction","target":{"@type":"EntryPoint","urlTemplate":"https:\/\/cortomaltese.com\/fr\/?s={search_term_string}"},"query-input":{"@type":"PropertyValueSpecification","valueRequired":true,"valueName":"search_term_string"}}],"inLanguage":"fr-FR"}]}},"_links":{"self":[{"href":"https:\/\/cortomaltese.com\/fr\/wp-json\/wp\/v2\/pages\/32","targetHints":{"allow":["GET"]}}],"collection":[{"href":"https:\/\/cortomaltese.com\/fr\/wp-json\/wp\/v2\/pages"}],"about":[{"href":"https:\/\/cortomaltese.com\/fr\/wp-json\/wp\/v2\/types\/page"}],"author":[{"embeddable":true,"href":"https:\/\/cortomaltese.com\/fr\/wp-json\/wp\/v2\/users\/1"}],"replies":[{"embeddable":true,"href":"https:\/\/cortomaltese.com\/fr\/wp-json\/wp\/v2\/comments?post=32"}],"version-history":[{"count":0,"href":"https:\/\/cortomaltese.com\/fr\/wp-json\/wp\/v2\/pages\/32\/revisions"}],"wp:attachment":[{"href":"https:\/\/cortomaltese.com\/fr\/wp-json\/wp\/v2\/media?parent=32"}],"curies":[{"name":"wp","href":"https:\/\/api.w.org\/{rel}","templated":true}]}}