{"id":12181,"date":"2015-12-15T10:36:55","date_gmt":"2015-12-15T09:36:55","guid":{"rendered":"https:\/\/cortomaltese.com\/fr\/?page_id=12181"},"modified":"2018-05-04T17:26:37","modified_gmt":"2018-05-04T15:26:37","slug":"evenements","status":"publish","type":"page","link":"https:\/\/cortomaltese.com\/fr\/evenements\/","title":{"rendered":"Ev\u00e9nements"},"content":{"rendered":"<div class=\"fusion-fullwidth fullwidth-box fusion-builder-row-1 nonhundred-percent-fullwidth non-hundred-percent-height-scrolling\" style=\"--awb-background-position:left top;--awb-border-radius-top-left:0px;--awb-border-radius-top-right:0px;--awb-border-radius-bottom-right:0px;--awb-border-radius-bottom-left:0px;--awb-padding-top:20px;--awb-padding-bottom:20px;--awb-border-sizes-top:0px;--awb-border-sizes-bottom:0px;--awb-flex-wrap:wrap;\" ><div class=\"fusion-builder-row fusion-row\"><div class=\"fusion-layout-column fusion_builder_column fusion-builder-column-0 fusion_builder_column_1_1 1_1 fusion-one-full fusion-column-first fusion-column-last fusion-column-no-min-height\" style=\"--awb-bg-size:cover;--awb-margin-bottom:0px;\"><div class=\"fusion-column-wrapper fusion-flex-column-wrapper-legacy\"><div class=\"fusion-blog-shortcode fusion-blog-shortcode-1 fusion-blog-archive fusion-blog-layout-timeline-wrapper fusion-blog-no\"><div class=\"fusion-posts-container fusion-posts-container-no fusion-no-meta-info fusion-blog-rollover\" data-pages=\"0\"><div class=\"fusion-timeline-icon\"><i class=\"awb-icon-bubbles\" style=\"color:#ebeaea;\" aria-hidden=\"true\"><\/i><\/div><div class=\"fusion-blog-layout-timeline fusion-clearfix\"><div class=\"fusion-timeline-line\" style=\"border-left:1px solid #ebeaea;border-right:1px solid #ebeaea;\"><\/div><h3 class=\"fusion-timeline-date\" style=\"background-color:#ebeaea;\">avril 2026<\/h3><div class=\"fusion-collapse-month\"><article id=\"blog-1-post-15479\" style=\"border-color:#ebeaea;\" class=\"fusion-post-timeline fusion-clearfix fusion-left-column post-15479 post type-post status-publish format-standard has-post-thumbnail hentry category-evenements category-evidence category-nouveautes tag-corto-maltese tag-exposition tag-hugo-pratt\">\n<div class=\"fusion-post-wrapper\" style=\"background-color:rgba(255,255,255,0);\">\n\n\t\t\t<div class=\"fusion-flexslider flexslider fusion-flexslider-loading fusion-post-slideshow\" style=\"border-color:#ebeaea;\">\n\t\t<ul class=\"slides\">\n\t\t\t\n\t\t\t\t\t\t\t\t\t\t\t\t\t\t<li><div  class=\"fusion-image-wrapper\" aria-haspopup=\"true\">\n\t\t\t\t<img decoding=\"async\" width=\"3401\" height=\"5002\" src=\"https:\/\/cortomaltese.com\/fr\/wp-content\/uploads\/sites\/3\/affiche-hd-corto-2m2.jpg\" class=\"attachment-full size-full wp-post-image\" alt=\"Aix-en-Provence\" srcset=\"https:\/\/cortomaltese.com\/fr\/wp-content\/uploads\/sites\/3\/affiche-hd-corto-2m2-200x294.jpg 200w, https:\/\/cortomaltese.com\/fr\/wp-content\/uploads\/sites\/3\/affiche-hd-corto-2m2-400x588.jpg 400w, https:\/\/cortomaltese.com\/fr\/wp-content\/uploads\/sites\/3\/affiche-hd-corto-2m2-600x882.jpg 600w, https:\/\/cortomaltese.com\/fr\/wp-content\/uploads\/sites\/3\/affiche-hd-corto-2m2-800x1177.jpg 800w, https:\/\/cortomaltese.com\/fr\/wp-content\/uploads\/sites\/3\/affiche-hd-corto-2m2-1200x1765.jpg 1200w, https:\/\/cortomaltese.com\/fr\/wp-content\/uploads\/sites\/3\/affiche-hd-corto-2m2.jpg 3401w\" sizes=\"(max-width: 800px) 100vw, 40vw\" \/><div class=\"fusion-rollover\">\n\t<div class=\"fusion-rollover-content\">\n\n\t\t\t\t\t\t\t\t\t\t\t\t\t\t<a class=\"fusion-rollover-link\" href=\"https:\/\/cortomaltese.com\/fr\/de-hugo-pratt-a-corto-maltese-lexposition-en-aix-en-provence\/\">De Hugo Pratt \u00e0 Corto Maltese. Un voyage dans les histoires en Provence \u00e0 l\u2019occasion du Festival Rencontres du 9e art.<\/a>\n\t\t\t\n\t\t\t\t\t\t\t\t\n\t\t\n\t\t\t\t\t\t\t\t\t\t\t\t<h4 class=\"fusion-rollover-title\">\n\t\t\t\t\t<a class=\"fusion-rollover-title-link\" href=\"https:\/\/cortomaltese.com\/fr\/de-hugo-pratt-a-corto-maltese-lexposition-en-aix-en-provence\/\">\n\t\t\t\t\t\tDe Hugo Pratt \u00e0 Corto Maltese. Un voyage dans les histoires en Provence \u00e0 l\u2019occasion du Festival Rencontres du 9e art.\t\t\t\t\t<\/a>\n\t\t\t\t<\/h4>\n\t\t\t\n\t\t\t\t\t\t\t\t\n\t\t\n\t\t\t\t\t\t<a class=\"fusion-link-wrapper\" href=\"https:\/\/cortomaltese.com\/fr\/de-hugo-pratt-a-corto-maltese-lexposition-en-aix-en-provence\/\" aria-label=\"De Hugo Pratt \u00e0 Corto Maltese. Un voyage dans les histoires en Provence \u00e0 l\u2019occasion du Festival Rencontres du 9e art.\"><\/a>\n\t<\/div>\n<\/div>\n<\/div>\n<\/li>\n\t\t\t\n\t\t\t\n\t\t\t\t\t\t\t\t\t\t\t\t\t\t\t\t\t\t\t\t\t\t\t\t\t\t\t\t\t\t\t\t\t\t\t\t\t\t\t\t\t\t\t\t\t\t\t\t\t\t\t\t\t\t\t\t\t\t\t\t\t\t\t\t\t\t\t\t<\/ul>\n\t<\/div>\n\t<div class=\"fusion-post-content-wrapper\" style=\"padding:30px 25px 20px 25px;\"><div class=\"fusion-post-content post-content\"><div class=\"fusion-timeline-circle\" style=\"background-color:#ebeaea;\"><\/div><div class=\"fusion-timeline-arrow\" style=\"color:#ebeaea;\"><\/div><h2 class=\"blog-shortcode-post-title entry-title\"><a href=\"https:\/\/cortomaltese.com\/fr\/de-hugo-pratt-a-corto-maltese-lexposition-en-aix-en-provence\/\">De Hugo Pratt \u00e0 Corto Maltese. Un voyage dans les histoires en Provence \u00e0 l\u2019occasion du Festival Rencontres du 9e art.<\/a><\/h2><div class=\"fusion-post-content-container\"><p>\u00c0 Aix-en-Provence, un parcours en images \u00e0 travers de grandes reproductions retrace la vie et l\u2019\u0153uvre d\u2019Hugo Pratt. Du 11 avril au 23 mai 2026<\/p><\/div><\/div><\/div><div class=\"fusion-clearfix\"><\/div><\/div>\n<\/article>\n<\/div><h3 class=\"fusion-timeline-date\" style=\"background-color:#ebeaea;\">mars 2026<\/h3><div class=\"fusion-collapse-month\"><article id=\"blog-1-post-15470\" style=\"border-color:#ebeaea;\" class=\"fusion-post-timeline fusion-clearfix fusion-right-column post-15470 post type-post status-publish format-standard has-post-thumbnail hentry category-evenements category-evidence category-nouveautes tag-corto-maltese tag-exposition tag-hugo-pratt\">\n<div class=\"fusion-post-wrapper\" style=\"background-color:rgba(255,255,255,0);\">\n\n\t\t\t<div class=\"fusion-flexslider flexslider fusion-flexslider-loading fusion-post-slideshow\" style=\"border-color:#ebeaea;\">\n\t\t<ul class=\"slides\">\n\t\t\t\n\t\t\t\t\t\t\t\t\t\t\t\t\t\t<li><div  class=\"fusion-image-wrapper\" aria-haspopup=\"true\">\n\t\t\t\t<img decoding=\"async\" width=\"866\" height=\"1116\" src=\"https:\/\/cortomaltese.com\/fr\/wp-content\/uploads\/sites\/3\/affiche-liegi.jpg\" class=\"attachment-full size-full wp-post-image\" alt=\"Hugo Pratt Li\u00e8ge\" srcset=\"https:\/\/cortomaltese.com\/fr\/wp-content\/uploads\/sites\/3\/affiche-liegi-200x258.jpg 200w, https:\/\/cortomaltese.com\/fr\/wp-content\/uploads\/sites\/3\/affiche-liegi-400x515.jpg 400w, https:\/\/cortomaltese.com\/fr\/wp-content\/uploads\/sites\/3\/affiche-liegi-600x773.jpg 600w, https:\/\/cortomaltese.com\/fr\/wp-content\/uploads\/sites\/3\/affiche-liegi-800x1031.jpg 800w, https:\/\/cortomaltese.com\/fr\/wp-content\/uploads\/sites\/3\/affiche-liegi.jpg 866w\" sizes=\"(max-width: 800px) 100vw, 40vw\" \/><div class=\"fusion-rollover\">\n\t<div class=\"fusion-rollover-content\">\n\n\t\t\t\t\t\t\t\t\t\t\t\t\t\t<a class=\"fusion-rollover-link\" href=\"https:\/\/cortomaltese.com\/fr\/hugo-pratt-a-liege-avec-lexpo-geographies-imaginaires\/\">Hugo Pratt \u00e0 Li\u00e8ge. \u00ab G\u00e9ographies imaginaires \u00bb s&#8217;ouvre \u00e0 l&#8217;Expo Le Cadran<\/a>\n\t\t\t\n\t\t\t\t\t\t\t\t\n\t\t\n\t\t\t\t\t\t\t\t\t\t\t\t<h4 class=\"fusion-rollover-title\">\n\t\t\t\t\t<a class=\"fusion-rollover-title-link\" href=\"https:\/\/cortomaltese.com\/fr\/hugo-pratt-a-liege-avec-lexpo-geographies-imaginaires\/\">\n\t\t\t\t\t\tHugo Pratt \u00e0 Li\u00e8ge. \u00ab G\u00e9ographies imaginaires \u00bb s&#8217;ouvre \u00e0 l&#8217;Expo Le Cadran\t\t\t\t\t<\/a>\n\t\t\t\t<\/h4>\n\t\t\t\n\t\t\t\t\t\t\t\t\n\t\t\n\t\t\t\t\t\t<a class=\"fusion-link-wrapper\" href=\"https:\/\/cortomaltese.com\/fr\/hugo-pratt-a-liege-avec-lexpo-geographies-imaginaires\/\" aria-label=\"Hugo Pratt \u00e0 Li\u00e8ge. \u00ab G\u00e9ographies imaginaires \u00bb s&#8217;ouvre \u00e0 l&#8217;Expo Le Cadran\"><\/a>\n\t<\/div>\n<\/div>\n<\/div>\n<\/li>\n\t\t\t\n\t\t\t\n\t\t\t\t\t\t\t\t\t\t\t\t\t\t\t\t\t\t\t\t\t\t\t\t\t\t\t\t\t\t\t\t\t\t\t\t\t\t\t\t\t\t\t\t\t\t\t\t\t\t\t\t\t\t\t\t\t\t\t\t\t\t\t\t\t\t\t\t<\/ul>\n\t<\/div>\n\t<div class=\"fusion-post-content-wrapper\" style=\"padding:30px 25px 20px 25px;\"><div class=\"fusion-post-content post-content\"><div class=\"fusion-timeline-circle\" style=\"background-color:#ebeaea;\"><\/div><div class=\"fusion-timeline-arrow\" style=\"color:#ebeaea;\"><\/div><h2 class=\"blog-shortcode-post-title entry-title\"><a href=\"https:\/\/cortomaltese.com\/fr\/hugo-pratt-a-liege-avec-lexpo-geographies-imaginaires\/\">Hugo Pratt \u00e0 Li\u00e8ge. \u00ab G\u00e9ographies imaginaires \u00bb s&#8217;ouvre \u00e0 l&#8217;Expo Le Cadran<\/a><\/h2><div class=\"fusion-post-content-container\"><p>\u00ab Hugo Pratt, G\u00e9ographies imaginaires \u00bb : l'exposition \u00e0 Li\u00e8ge du 26 mars au 15 juin 2026<\/p><\/div><\/div><\/div><div class=\"fusion-clearfix\"><\/div><\/div>\n<\/article>\n<\/div><h3 class=\"fusion-timeline-date\" style=\"background-color:#ebeaea;\">novembre 2025<\/h3><div class=\"fusion-collapse-month\"><article id=\"blog-1-post-15463\" style=\"border-color:#ebeaea;\" class=\"fusion-post-timeline fusion-clearfix fusion-left-column post-15463 post type-post status-publish format-standard has-post-thumbnail hentry category-evenements category-evidence category-nouveautes tag-corto-maltese tag-exposition tag-hugo-pratt\">\n<div class=\"fusion-post-wrapper\" style=\"background-color:rgba(255,255,255,0);\">\n\n\t\t\t<div class=\"fusion-flexslider flexslider fusion-flexslider-loading fusion-post-slideshow\" style=\"border-color:#ebeaea;\">\n\t\t<ul class=\"slides\">\n\t\t\t\n\t\t\t\t\t\t\t\t\t\t\t\t\t\t<li><div  class=\"fusion-image-wrapper\" aria-haspopup=\"true\">\n\t\t\t\t<img decoding=\"async\" width=\"1080\" height=\"1527\" src=\"https:\/\/cortomaltese.com\/fr\/wp-content\/uploads\/sites\/3\/AFISA-A3-HUGO-PRATT-WEB.jpg\" class=\"attachment-full size-full wp-post-image\" alt=\"\" srcset=\"https:\/\/cortomaltese.com\/fr\/wp-content\/uploads\/sites\/3\/AFISA-A3-HUGO-PRATT-WEB-200x283.jpg 200w, https:\/\/cortomaltese.com\/fr\/wp-content\/uploads\/sites\/3\/AFISA-A3-HUGO-PRATT-WEB-400x566.jpg 400w, https:\/\/cortomaltese.com\/fr\/wp-content\/uploads\/sites\/3\/AFISA-A3-HUGO-PRATT-WEB-600x848.jpg 600w, https:\/\/cortomaltese.com\/fr\/wp-content\/uploads\/sites\/3\/AFISA-A3-HUGO-PRATT-WEB-800x1131.jpg 800w, https:\/\/cortomaltese.com\/fr\/wp-content\/uploads\/sites\/3\/AFISA-A3-HUGO-PRATT-WEB.jpg 1080w\" sizes=\"(max-width: 800px) 100vw, 40vw\" \/><div class=\"fusion-rollover\">\n\t<div class=\"fusion-rollover-content\">\n\n\t\t\t\t\t\t\t\t\t\t\t\t\t\t<a class=\"fusion-rollover-link\" href=\"https:\/\/cortomaltese.com\/fr\/hugo-pratt-a-papagos-sixieme-etape-grecque-de-lexposition\/\">L&#8217;h\u00e9ritage de Corto Maltese : sixi\u00e8me \u00e9tape en Gr\u00e8ce pour l&#8217;exposition consacr\u00e9e \u00e0 Hugo Pratt, promue par le minist\u00e8re italien des Affaires \u00e9trang\u00e8res<\/a>\n\t\t\t\n\t\t\t\t\t\t\t\t\n\t\t\n\t\t\t\t\t\t\t\t\t\t\t\t<h4 class=\"fusion-rollover-title\">\n\t\t\t\t\t<a class=\"fusion-rollover-title-link\" href=\"https:\/\/cortomaltese.com\/fr\/hugo-pratt-a-papagos-sixieme-etape-grecque-de-lexposition\/\">\n\t\t\t\t\t\tL&#8217;h\u00e9ritage de Corto Maltese : sixi\u00e8me \u00e9tape en Gr\u00e8ce pour l&#8217;exposition consacr\u00e9e \u00e0 Hugo Pratt, promue par le minist\u00e8re italien des Affaires \u00e9trang\u00e8res\t\t\t\t\t<\/a>\n\t\t\t\t<\/h4>\n\t\t\t\n\t\t\t\t\t\t\t\t\n\t\t\n\t\t\t\t\t\t<a class=\"fusion-link-wrapper\" href=\"https:\/\/cortomaltese.com\/fr\/hugo-pratt-a-papagos-sixieme-etape-grecque-de-lexposition\/\" aria-label=\"L&#8217;h\u00e9ritage de Corto Maltese : sixi\u00e8me \u00e9tape en Gr\u00e8ce pour l&#8217;exposition consacr\u00e9e \u00e0 Hugo Pratt, promue par le minist\u00e8re italien des Affaires \u00e9trang\u00e8res\"><\/a>\n\t<\/div>\n<\/div>\n<\/div>\n<\/li>\n\t\t\t\n\t\t\t\n\t\t\t\t\t\t\t\t\t\t\t\t\t\t\t\t\t\t\t\t\t\t\t\t\t\t\t\t\t\t\t\t\t\t\t\t\t\t\t\t\t\t\t\t\t\t\t\t\t\t\t\t\t\t\t\t\t\t\t\t\t\t\t\t\t\t\t\t<\/ul>\n\t<\/div>\n\t<div class=\"fusion-post-content-wrapper\" style=\"padding:30px 25px 20px 25px;\"><div class=\"fusion-post-content post-content\"><div class=\"fusion-timeline-circle\" style=\"background-color:#ebeaea;\"><\/div><div class=\"fusion-timeline-arrow\" style=\"color:#ebeaea;\"><\/div><h2 class=\"blog-shortcode-post-title entry-title\"><a href=\"https:\/\/cortomaltese.com\/fr\/hugo-pratt-a-papagos-sixieme-etape-grecque-de-lexposition\/\">L&#8217;h\u00e9ritage de Corto Maltese : sixi\u00e8me \u00e9tape en Gr\u00e8ce pour l&#8217;exposition consacr\u00e9e \u00e0 Hugo Pratt, promue par le minist\u00e8re italien des Affaires \u00e9trang\u00e8res<\/a><\/h2><div class=\"fusion-post-content-container\"><p>Exposition Hugo Pratt \u00e0 Papagos, du 10 novembre au 5 d\u00e9cembre \u00e0 la galerie d'art municipale Papagos-Cholargos<\/p><\/div><\/div><\/div><div class=\"fusion-clearfix\"><\/div><\/div>\n<\/article>\n<\/div><h3 class=\"fusion-timeline-date\" style=\"background-color:#ebeaea;\">octobre 2025<\/h3><div class=\"fusion-collapse-month\"><article id=\"blog-1-post-15426\" style=\"border-color:#ebeaea;\" class=\"fusion-post-timeline fusion-clearfix fusion-right-column post-15426 post type-post status-publish format-standard has-post-thumbnail hentry category-evenements category-evidence category-nouveautes tag-awards tag-hugo-pratt\">\n<div class=\"fusion-post-wrapper\" style=\"background-color:rgba(255,255,255,0);\">\n\n\t\t\t<div class=\"fusion-flexslider flexslider fusion-flexslider-loading fusion-post-slideshow\" style=\"border-color:#ebeaea;\">\n\t\t<ul class=\"slides\">\n\t\t\t\n\t\t\t\t\t\t\t\t\t\t\t\t\t\t<li><div  class=\"fusion-image-wrapper\" aria-haspopup=\"true\">\n\t\t\t\t<img decoding=\"async\" width=\"1080\" height=\"1350\" src=\"https:\/\/cortomaltese.com\/fr\/wp-content\/uploads\/sites\/3\/coverCorto2.jpg\" class=\"attachment-full size-full wp-post-image\" alt=\"Hugo Pratt Comics Awards\" srcset=\"https:\/\/cortomaltese.com\/fr\/wp-content\/uploads\/sites\/3\/coverCorto2-200x250.jpg 200w, https:\/\/cortomaltese.com\/fr\/wp-content\/uploads\/sites\/3\/coverCorto2-400x500.jpg 400w, https:\/\/cortomaltese.com\/fr\/wp-content\/uploads\/sites\/3\/coverCorto2-600x750.jpg 600w, https:\/\/cortomaltese.com\/fr\/wp-content\/uploads\/sites\/3\/coverCorto2-800x1000.jpg 800w, https:\/\/cortomaltese.com\/fr\/wp-content\/uploads\/sites\/3\/coverCorto2.jpg 1080w\" sizes=\"(max-width: 800px) 100vw, 40vw\" \/><div class=\"fusion-rollover\">\n\t<div class=\"fusion-rollover-content\">\n\n\t\t\t\t\t\t\t\t\t\t\t\t\t\t<a class=\"fusion-rollover-link\" href=\"https:\/\/cortomaltese.com\/fr\/hugo-pratt-comics-awards-premiere-edition-a-senigallia\/\">Hugo Pratt Comics Awards : premi\u00e8re \u00e9dition du prix \u00e0 Senigallia, entre expositions et litt\u00e9rature dessin\u00e9e<\/a>\n\t\t\t\n\t\t\t\t\t\t\t\t\n\t\t\n\t\t\t\t\t\t\t\t\t\t\t\t<h4 class=\"fusion-rollover-title\">\n\t\t\t\t\t<a class=\"fusion-rollover-title-link\" href=\"https:\/\/cortomaltese.com\/fr\/hugo-pratt-comics-awards-premiere-edition-a-senigallia\/\">\n\t\t\t\t\t\tHugo Pratt Comics Awards : premi\u00e8re \u00e9dition du prix \u00e0 Senigallia, entre expositions et litt\u00e9rature dessin\u00e9e\t\t\t\t\t<\/a>\n\t\t\t\t<\/h4>\n\t\t\t\n\t\t\t\t\t\t\t\t\n\t\t\n\t\t\t\t\t\t<a class=\"fusion-link-wrapper\" href=\"https:\/\/cortomaltese.com\/fr\/hugo-pratt-comics-awards-premiere-edition-a-senigallia\/\" aria-label=\"Hugo Pratt Comics Awards : premi\u00e8re \u00e9dition du prix \u00e0 Senigallia, entre expositions et litt\u00e9rature dessin\u00e9e\"><\/a>\n\t<\/div>\n<\/div>\n<\/div>\n<\/li>\n\t\t\t\n\t\t\t\n\t\t\t\t\t\t\t\t\t\t\t\t\t\t\t\t\t\t\t\t\t\t\t\t\t\t\t\t\t\t\t\t\t\t\t\t\t\t\t\t\t\t\t\t\t\t\t\t\t\t\t\t\t\t\t\t\t\t\t\t\t\t\t\t\t\t\t\t<\/ul>\n\t<\/div>\n\t<div class=\"fusion-post-content-wrapper\" style=\"padding:30px 25px 20px 25px;\"><div class=\"fusion-post-content post-content\"><div class=\"fusion-timeline-circle\" style=\"background-color:#ebeaea;\"><\/div><div class=\"fusion-timeline-arrow\" style=\"color:#ebeaea;\"><\/div><h2 class=\"blog-shortcode-post-title entry-title\"><a href=\"https:\/\/cortomaltese.com\/fr\/hugo-pratt-comics-awards-premiere-edition-a-senigallia\/\">Hugo Pratt Comics Awards : premi\u00e8re \u00e9dition du prix \u00e0 Senigallia, entre expositions et litt\u00e9rature dessin\u00e9e<\/a><\/h2><div class=\"fusion-post-content-container\"><p>Du port \u00e0 la Rocca Roveresca, Senigallia c\u00e9l\u00e8bre les Hugo Pratt Comics Awards d\u00e9di\u00e9s aux \u00e9coles et acad\u00e9mies de bande dessin\u00e9e et aux jeunes auteurs.<\/p><\/div><\/div><\/div><div class=\"fusion-clearfix\"><\/div><\/div>\n<\/article>\n<\/div><h3 class=\"fusion-timeline-date\" style=\"background-color:#ebeaea;\">juillet 2025<\/h3><div class=\"fusion-collapse-month\"><article id=\"blog-1-post-15401\" style=\"border-color:#ebeaea;\" class=\"fusion-post-timeline fusion-clearfix fusion-left-column post-15401 post type-post status-publish format-standard has-post-thumbnail hentry category-evenements category-evidence category-nouveautes tag-corto-maltese tag-exposition tag-hugo-pratt\">\n<div class=\"fusion-post-wrapper\" style=\"background-color:rgba(255,255,255,0);\">\n\n\t\t\t<div class=\"fusion-flexslider flexslider fusion-flexslider-loading fusion-post-slideshow\" style=\"border-color:#ebeaea;\">\n\t\t<ul class=\"slides\">\n\t\t\t\n\t\t\t\t\t\t\t\t\t\t\t\t\t\t<li><div  class=\"fusion-image-wrapper\" aria-haspopup=\"true\">\n\t\t\t\t<img decoding=\"async\" width=\"1080\" height=\"1350\" src=\"https:\/\/cortomaltese.com\/fr\/wp-content\/uploads\/sites\/3\/CortoMaltese_Senigallia_FR.jpg\" class=\"attachment-full size-full wp-post-image\" alt=\"Corto Maltese Senigallia\" srcset=\"https:\/\/cortomaltese.com\/fr\/wp-content\/uploads\/sites\/3\/CortoMaltese_Senigallia_FR-200x250.jpg 200w, https:\/\/cortomaltese.com\/fr\/wp-content\/uploads\/sites\/3\/CortoMaltese_Senigallia_FR-400x500.jpg 400w, https:\/\/cortomaltese.com\/fr\/wp-content\/uploads\/sites\/3\/CortoMaltese_Senigallia_FR-600x750.jpg 600w, https:\/\/cortomaltese.com\/fr\/wp-content\/uploads\/sites\/3\/CortoMaltese_Senigallia_FR-800x1000.jpg 800w, https:\/\/cortomaltese.com\/fr\/wp-content\/uploads\/sites\/3\/CortoMaltese_Senigallia_FR.jpg 1080w\" sizes=\"(max-width: 800px) 100vw, 40vw\" \/><div class=\"fusion-rollover\">\n\t<div class=\"fusion-rollover-content\">\n\n\t\t\t\t\t\t\t\t\t\t\t\t\t\t<a class=\"fusion-rollover-link\" href=\"https:\/\/cortomaltese.com\/fr\/corto-maltese-debarque-a-senigallia-avec-une-installation-urbaine\/\">&#8220;Le port raconte Corto en 100 blocs&#8221;: \u00c0 partir du 9 juillet, Senigallia rend hommage \u00e0 Hugo Pratt et Corto Maltese avec une installation permanente<\/a>\n\t\t\t\n\t\t\t\t\t\t\t\t\n\t\t\n\t\t\t\t\t\t\t\t\t\t\t\t<h4 class=\"fusion-rollover-title\">\n\t\t\t\t\t<a class=\"fusion-rollover-title-link\" href=\"https:\/\/cortomaltese.com\/fr\/corto-maltese-debarque-a-senigallia-avec-une-installation-urbaine\/\">\n\t\t\t\t\t\t&#8220;Le port raconte Corto en 100 blocs&#8221;: \u00c0 partir du 9 juillet, Senigallia rend hommage \u00e0 Hugo Pratt et Corto Maltese avec une installation permanente\t\t\t\t\t<\/a>\n\t\t\t\t<\/h4>\n\t\t\t\n\t\t\t\t\t\t\t\t\n\t\t\n\t\t\t\t\t\t<a class=\"fusion-link-wrapper\" href=\"https:\/\/cortomaltese.com\/fr\/corto-maltese-debarque-a-senigallia-avec-une-installation-urbaine\/\" aria-label=\"&#8220;Le port raconte Corto en 100 blocs&#8221;: \u00c0 partir du 9 juillet, Senigallia rend hommage \u00e0 Hugo Pratt et Corto Maltese avec une installation permanente\"><\/a>\n\t<\/div>\n<\/div>\n<\/div>\n<\/li>\n\t\t\t\n\t\t\t\n\t\t\t\t\t\t\t\t\t\t\t\t\t\t\t\t\t\t\t\t\t\t\t\t\t\t\t\t\t\t\t\t\t\t\t\t\t\t\t\t\t\t\t\t\t\t\t\t\t\t\t\t\t\t\t\t\t\t\t\t\t\t\t\t\t\t\t\t<\/ul>\n\t<\/div>\n\t<div class=\"fusion-post-content-wrapper\" style=\"padding:30px 25px 20px 25px;\"><div class=\"fusion-post-content post-content\"><div class=\"fusion-timeline-circle\" style=\"background-color:#ebeaea;\"><\/div><div class=\"fusion-timeline-arrow\" style=\"color:#ebeaea;\"><\/div><h2 class=\"blog-shortcode-post-title entry-title\"><a href=\"https:\/\/cortomaltese.com\/fr\/corto-maltese-debarque-a-senigallia-avec-une-installation-urbaine\/\">&#8220;Le port raconte Corto en 100 blocs&#8221;: \u00c0 partir du 9 juillet, Senigallia rend hommage \u00e0 Hugo Pratt et Corto Maltese avec une installation permanente<\/a><\/h2><div class=\"fusion-post-content-container\"><p>Corto \u00e0 Senigallia: une installation urbaine compos\u00e9e de 100 panneaux avec une vignette en couleur tir\u00e9e de Corto Maltese en Sib\u00e9rie<\/p><\/div><\/div><\/div><div class=\"fusion-clearfix\"><\/div><\/div>\n<\/article>\n<\/div><h3 class=\"fusion-timeline-date\" style=\"background-color:#ebeaea;\">juin 2025<\/h3><div class=\"fusion-collapse-month\"><article id=\"blog-1-post-15389\" style=\"border-color:#ebeaea;\" class=\"fusion-post-timeline fusion-clearfix fusion-right-column post-15389 post type-post status-publish format-standard has-post-thumbnail hentry category-evenements category-evidence category-nouveautes tag-corto-maltese tag-exposition tag-hugo-pratt\">\n<div class=\"fusion-post-wrapper\" style=\"background-color:rgba(255,255,255,0);\">\n\n\t\t\t<div class=\"fusion-flexslider flexslider fusion-flexslider-loading fusion-post-slideshow\" style=\"border-color:#ebeaea;\">\n\t\t<ul class=\"slides\">\n\t\t\t\n\t\t\t\t\t\t\t\t\t\t\t\t\t\t<li><div  class=\"fusion-image-wrapper\" aria-haspopup=\"true\">\n\t\t\t\t<img decoding=\"async\" width=\"773\" height=\"1063\" src=\"https:\/\/cortomaltese.com\/fr\/wp-content\/uploads\/sites\/3\/Locandina-Fiera-Libro-Salonicco_IT.png\" class=\"attachment-full size-full wp-post-image\" alt=\"Hugo Pratt Thessalonique\" \/><div class=\"fusion-rollover\">\n\t<div class=\"fusion-rollover-content\">\n\n\t\t\t\t\t\t\t\t\t\t\t\t\t\t<a class=\"fusion-rollover-link\" href=\"https:\/\/cortomaltese.com\/fr\/hugo-pratt-au-salon-du-livre-de-thessalonique\/\">L&#8217;Italie, invit\u00e9e d&#8217;honneur au Salon international du livre de Thessalonique, parle de la litt\u00e9rature italienne par l&#8217;interm\u00e9diaire d&#8217;Hugo Pratt.<\/a>\n\t\t\t\n\t\t\t\t\t\t\t\t\n\t\t\n\t\t\t\t\t\t\t\t\t\t\t\t<h4 class=\"fusion-rollover-title\">\n\t\t\t\t\t<a class=\"fusion-rollover-title-link\" href=\"https:\/\/cortomaltese.com\/fr\/hugo-pratt-au-salon-du-livre-de-thessalonique\/\">\n\t\t\t\t\t\tL&#8217;Italie, invit\u00e9e d&#8217;honneur au Salon international du livre de Thessalonique, parle de la litt\u00e9rature italienne par l&#8217;interm\u00e9diaire d&#8217;Hugo Pratt.\t\t\t\t\t<\/a>\n\t\t\t\t<\/h4>\n\t\t\t\n\t\t\t\t\t\t\t\t\n\t\t\n\t\t\t\t\t\t<a class=\"fusion-link-wrapper\" href=\"https:\/\/cortomaltese.com\/fr\/hugo-pratt-au-salon-du-livre-de-thessalonique\/\" aria-label=\"L&#8217;Italie, invit\u00e9e d&#8217;honneur au Salon international du livre de Thessalonique, parle de la litt\u00e9rature italienne par l&#8217;interm\u00e9diaire d&#8217;Hugo Pratt.\"><\/a>\n\t<\/div>\n<\/div>\n<\/div>\n<\/li>\n\t\t\t\n\t\t\t\n\t\t\t\t\t\t\t\t\t\t\t\t\t\t\t\t\t\t\t\t\t\t\t\t\t\t\t\t\t\t\t\t\t\t\t\t\t\t\t\t\t\t\t\t\t\t\t\t\t\t\t\t\t\t\t\t\t\t\t\t\t\t\t\t\t\t\t\t<\/ul>\n\t<\/div>\n\t<div class=\"fusion-post-content-wrapper\" style=\"padding:30px 25px 20px 25px;\"><div class=\"fusion-post-content post-content\"><div class=\"fusion-timeline-circle\" style=\"background-color:#ebeaea;\"><\/div><div class=\"fusion-timeline-arrow\" style=\"color:#ebeaea;\"><\/div><h2 class=\"blog-shortcode-post-title entry-title\"><a href=\"https:\/\/cortomaltese.com\/fr\/hugo-pratt-au-salon-du-livre-de-thessalonique\/\">L&#8217;Italie, invit\u00e9e d&#8217;honneur au Salon international du livre de Thessalonique, parle de la litt\u00e9rature italienne par l&#8217;interm\u00e9diaire d&#8217;Hugo Pratt.<\/a><\/h2><div class=\"fusion-post-content-container\"><p>Hugo Pratt repr\u00e9sente l'Italie, invit\u00e9 d'honneur \u00e0 la Foire du livre de Thessalonique du 8 au 22 mai 2025.<\/p><\/div><\/div><\/div><div class=\"fusion-clearfix\"><\/div><\/div>\n<\/article>\n<\/div><h3 class=\"fusion-timeline-date\" style=\"background-color:#ebeaea;\">mai 2025<\/h3><div class=\"fusion-collapse-month\"><article id=\"blog-1-post-15394\" style=\"border-color:#ebeaea;\" class=\"fusion-post-timeline fusion-clearfix fusion-left-column post-15394 post type-post status-publish format-standard has-post-thumbnail hentry category-evenements category-nouveautes tag-corto-maltese tag-exposition\">\n<div class=\"fusion-post-wrapper\" style=\"background-color:rgba(255,255,255,0);\">\n\n\t\t\t<div class=\"fusion-flexslider flexslider fusion-flexslider-loading fusion-post-slideshow\" style=\"border-color:#ebeaea;\">\n\t\t<ul class=\"slides\">\n\t\t\t\n\t\t\t\t\t\t\t\t\t\t\t\t\t\t<li><div  class=\"fusion-image-wrapper\" aria-haspopup=\"true\">\n\t\t\t\t<img decoding=\"async\" width=\"841\" height=\"1190\" src=\"https:\/\/cortomaltese.com\/fr\/wp-content\/uploads\/sites\/3\/Affiche-Livorno-2025.jpg\" class=\"attachment-full size-full wp-post-image\" alt=\"Corto Maltese Livourne\" srcset=\"https:\/\/cortomaltese.com\/fr\/wp-content\/uploads\/sites\/3\/Affiche-Livorno-2025-200x283.jpg 200w, https:\/\/cortomaltese.com\/fr\/wp-content\/uploads\/sites\/3\/Affiche-Livorno-2025-400x566.jpg 400w, https:\/\/cortomaltese.com\/fr\/wp-content\/uploads\/sites\/3\/Affiche-Livorno-2025-600x849.jpg 600w, https:\/\/cortomaltese.com\/fr\/wp-content\/uploads\/sites\/3\/Affiche-Livorno-2025-800x1132.jpg 800w, https:\/\/cortomaltese.com\/fr\/wp-content\/uploads\/sites\/3\/Affiche-Livorno-2025.jpg 841w\" sizes=\"(max-width: 800px) 100vw, 40vw\" \/><div class=\"fusion-rollover\">\n\t<div class=\"fusion-rollover-content\">\n\n\t\t\t\t\t\t\t\t\t\t\t\t\t\t<a class=\"fusion-rollover-link\" href=\"https:\/\/cortomaltese.com\/fr\/corto-maltese-sur-les-routes-de-limagination-lexpo-a-livourne\/\">Corto Maltese expos\u00e9 \u00e0 Livourne pour la premi\u00e8re Biennale de l&#8217;eau et de la mer<\/a>\n\t\t\t\n\t\t\t\t\t\t\t\t\n\t\t\n\t\t\t\t\t\t\t\t\t\t\t\t<h4 class=\"fusion-rollover-title\">\n\t\t\t\t\t<a class=\"fusion-rollover-title-link\" href=\"https:\/\/cortomaltese.com\/fr\/corto-maltese-sur-les-routes-de-limagination-lexpo-a-livourne\/\">\n\t\t\t\t\t\tCorto Maltese expos\u00e9 \u00e0 Livourne pour la premi\u00e8re Biennale de l&#8217;eau et de la mer\t\t\t\t\t<\/a>\n\t\t\t\t<\/h4>\n\t\t\t\n\t\t\t\t\t\t\t\t\n\t\t\n\t\t\t\t\t\t<a class=\"fusion-link-wrapper\" href=\"https:\/\/cortomaltese.com\/fr\/corto-maltese-sur-les-routes-de-limagination-lexpo-a-livourne\/\" aria-label=\"Corto Maltese expos\u00e9 \u00e0 Livourne pour la premi\u00e8re Biennale de l&#8217;eau et de la mer\"><\/a>\n\t<\/div>\n<\/div>\n<\/div>\n<\/li>\n\t\t\t\n\t\t\t\n\t\t\t\t\t\t\t\t\t\t\t\t\t\t\t\t\t\t\t\t\t\t\t\t\t\t\t\t\t\t\t\t\t\t\t\t\t\t\t\t\t\t\t\t\t\t\t\t\t\t\t\t\t\t\t\t\t\t\t\t\t\t\t\t\t\t\t\t<\/ul>\n\t<\/div>\n\t<div class=\"fusion-post-content-wrapper\" style=\"padding:30px 25px 20px 25px;\"><div class=\"fusion-post-content post-content\"><div class=\"fusion-timeline-circle\" style=\"background-color:#ebeaea;\"><\/div><div class=\"fusion-timeline-arrow\" style=\"color:#ebeaea;\"><\/div><h2 class=\"blog-shortcode-post-title entry-title\"><a href=\"https:\/\/cortomaltese.com\/fr\/corto-maltese-sur-les-routes-de-limagination-lexpo-a-livourne\/\">Corto Maltese expos\u00e9 \u00e0 Livourne pour la premi\u00e8re Biennale de l&#8217;eau et de la mer<\/a><\/h2><div class=\"fusion-post-content-container\"><p>Geo vous embarque dans les endroits les plus fascinants du monde, aux c\u00f4t\u00e9s de Corto Maltese, ce c\u00e9l\u00e8bre anti-h\u00e9ros qui pr\u00e9f\u00e8re la libert\u00e9 et l\u2019imagination \u00e0 la richesse. Disponible \u00e0 partir du 12 september\r\n<\/p><\/div><\/div><\/div><div class=\"fusion-clearfix\"><\/div><\/div>\n<\/article>\n<\/div><h3 class=\"fusion-timeline-date\" style=\"background-color:#ebeaea;\">avril 2025<\/h3><div class=\"fusion-collapse-month\"><article id=\"blog-1-post-15358\" style=\"border-color:#ebeaea;\" class=\"fusion-post-timeline fusion-clearfix fusion-right-column post-15358 post type-post status-publish format-standard has-post-thumbnail hentry category-evenements category-evidence category-nouveautes tag-corto-maltese tag-exposition tag-hugo-pratt\">\n<div class=\"fusion-post-wrapper\" style=\"background-color:rgba(255,255,255,0);\">\n\n\t\t\t<div class=\"fusion-flexslider flexslider fusion-flexslider-loading fusion-post-slideshow\" style=\"border-color:#ebeaea;\">\n\t\t<ul class=\"slides\">\n\t\t\t\n\t\t\t\t\t\t\t\t\t\t\t\t\t\t<li><div  class=\"fusion-image-wrapper\" aria-haspopup=\"true\">\n\t\t\t\t<img decoding=\"async\" width=\"1793\" height=\"2560\" src=\"https:\/\/cortomaltese.com\/fr\/wp-content\/uploads\/sites\/3\/MANIFESTO-70X100-HUGO-PRATT-KORR-ld.jpg\" class=\"attachment-full size-full wp-post-image\" alt=\"Hugo Pratt Sienne\" srcset=\"https:\/\/cortomaltese.com\/fr\/wp-content\/uploads\/sites\/3\/MANIFESTO-70X100-HUGO-PRATT-KORR-ld-200x286.jpg 200w, https:\/\/cortomaltese.com\/fr\/wp-content\/uploads\/sites\/3\/MANIFESTO-70X100-HUGO-PRATT-KORR-ld-400x571.jpg 400w, https:\/\/cortomaltese.com\/fr\/wp-content\/uploads\/sites\/3\/MANIFESTO-70X100-HUGO-PRATT-KORR-ld-600x857.jpg 600w, https:\/\/cortomaltese.com\/fr\/wp-content\/uploads\/sites\/3\/MANIFESTO-70X100-HUGO-PRATT-KORR-ld-800x1142.jpg 800w, https:\/\/cortomaltese.com\/fr\/wp-content\/uploads\/sites\/3\/MANIFESTO-70X100-HUGO-PRATT-KORR-ld-1200x1713.jpg 1200w, https:\/\/cortomaltese.com\/fr\/wp-content\/uploads\/sites\/3\/MANIFESTO-70X100-HUGO-PRATT-KORR-ld.jpg 1793w\" sizes=\"(max-width: 800px) 100vw, 40vw\" \/><div class=\"fusion-rollover\">\n\t<div class=\"fusion-rollover-content\">\n\n\t\t\t\t\t\t\t\t\t\t\t\t\t\t<a class=\"fusion-rollover-link\" href=\"https:\/\/cortomaltese.com\/fr\/hugo-pratt-sienne-2025-geographies-imaginaires\/\">Prolong\u00e9e! Hugo Pratt \u00e0 Sienne pour l&#8217;exposition anthologique \u00ab G\u00e9ographies imaginaires \u00bb. \u00c0 partir du 11 avril 2025.<\/a>\n\t\t\t\n\t\t\t\t\t\t\t\t\n\t\t\n\t\t\t\t\t\t\t\t\t\t\t\t<h4 class=\"fusion-rollover-title\">\n\t\t\t\t\t<a class=\"fusion-rollover-title-link\" href=\"https:\/\/cortomaltese.com\/fr\/hugo-pratt-sienne-2025-geographies-imaginaires\/\">\n\t\t\t\t\t\tProlong\u00e9e! Hugo Pratt \u00e0 Sienne pour l&#8217;exposition anthologique \u00ab G\u00e9ographies imaginaires \u00bb. \u00c0 partir du 11 avril 2025.\t\t\t\t\t<\/a>\n\t\t\t\t<\/h4>\n\t\t\t\n\t\t\t\t\t\t\t\t\n\t\t\n\t\t\t\t\t\t<a class=\"fusion-link-wrapper\" href=\"https:\/\/cortomaltese.com\/fr\/hugo-pratt-sienne-2025-geographies-imaginaires\/\" aria-label=\"Prolong\u00e9e! Hugo Pratt \u00e0 Sienne pour l&#8217;exposition anthologique \u00ab G\u00e9ographies imaginaires \u00bb. \u00c0 partir du 11 avril 2025.\"><\/a>\n\t<\/div>\n<\/div>\n<\/div>\n<\/li>\n\t\t\t\n\t\t\t\n\t\t\t\t\t\t\t\t\t\t\t\t\t\t\t\t\t\t\t\t\t\t\t\t\t\t\t\t\t\t\t\t\t\t\t\t\t\t\t\t\t\t\t\t\t\t\t\t\t\t\t\t\t\t\t\t\t\t\t\t\t\t\t\t\t\t\t\t<\/ul>\n\t<\/div>\n\t<div class=\"fusion-post-content-wrapper\" style=\"padding:30px 25px 20px 25px;\"><div class=\"fusion-post-content post-content\"><div class=\"fusion-timeline-circle\" style=\"background-color:#ebeaea;\"><\/div><div class=\"fusion-timeline-arrow\" style=\"color:#ebeaea;\"><\/div><h2 class=\"blog-shortcode-post-title entry-title\"><a href=\"https:\/\/cortomaltese.com\/fr\/hugo-pratt-sienne-2025-geographies-imaginaires\/\">Prolong\u00e9e! Hugo Pratt \u00e0 Sienne pour l&#8217;exposition anthologique \u00ab G\u00e9ographies imaginaires \u00bb. \u00c0 partir du 11 avril 2025.<\/a><\/h2><div class=\"fusion-post-content-container\"><p>Au \"Palazzo delle Papesse\" de Sienne, une grande exposition consacr\u00e9e \u00e0 Hugo Pratt et au monde de la litt\u00e9rature dessin\u00e9e. Un rendez-vous incontournable et un voyage \u00e0 travers l'art du ma\u00eetre de la bande dessin\u00e9e.<\/p><\/div><\/div><\/div><div class=\"fusion-clearfix\"><\/div><\/div>\n<\/article>\n<article id=\"blog-1-post-15336\" style=\"border-color:#ebeaea;\" class=\"fusion-post-timeline fusion-clearfix fusion-left-column post-15336 post type-post status-publish format-standard has-post-thumbnail hentry category-evenements category-evidence category-nouveautes tag-corto-maltese tag-exposition tag-hugo-pratt\">\n<div class=\"fusion-post-wrapper\" style=\"background-color:rgba(255,255,255,0);\">\n\n\t\t\t<div class=\"fusion-flexslider flexslider fusion-flexslider-loading fusion-post-slideshow\" style=\"border-color:#ebeaea;\">\n\t\t<ul class=\"slides\">\n\t\t\t\n\t\t\t\t\t\t\t\t\t\t\t\t\t\t<li><div  class=\"fusion-image-wrapper\" aria-haspopup=\"true\">\n\t\t\t\t<img decoding=\"async\" width=\"595\" height=\"841\" src=\"https:\/\/cortomaltese.com\/fr\/wp-content\/uploads\/sites\/3\/Affiche-Exposition-Corto-Maltese-2.jpg\" class=\"attachment-full size-full wp-post-image\" alt=\"Pratt Saline Royale\" srcset=\"https:\/\/cortomaltese.com\/fr\/wp-content\/uploads\/sites\/3\/Affiche-Exposition-Corto-Maltese-2-200x283.jpg 200w, https:\/\/cortomaltese.com\/fr\/wp-content\/uploads\/sites\/3\/Affiche-Exposition-Corto-Maltese-2-400x565.jpg 400w, https:\/\/cortomaltese.com\/fr\/wp-content\/uploads\/sites\/3\/Affiche-Exposition-Corto-Maltese-2.jpg 595w\" sizes=\"(max-width: 800px) 100vw, 40vw\" \/><div class=\"fusion-rollover\">\n\t<div class=\"fusion-rollover-content\">\n\n\t\t\t\t\t\t\t\t\t\t\t\t\t\t<a class=\"fusion-rollover-link\" href=\"https:\/\/cortomaltese.com\/fr\/hugo-pratt-e-corto-maltese-a-la-saline-royale\/\">L\u2019art d\u2019Hugo Pratt a la Saline Royale de Bourgogne<\/a>\n\t\t\t\n\t\t\t\t\t\t\t\t\n\t\t\n\t\t\t\t\t\t\t\t\t\t\t\t<h4 class=\"fusion-rollover-title\">\n\t\t\t\t\t<a class=\"fusion-rollover-title-link\" href=\"https:\/\/cortomaltese.com\/fr\/hugo-pratt-e-corto-maltese-a-la-saline-royale\/\">\n\t\t\t\t\t\tL\u2019art d\u2019Hugo Pratt a la Saline Royale de Bourgogne\t\t\t\t\t<\/a>\n\t\t\t\t<\/h4>\n\t\t\t\n\t\t\t\t\t\t\t\t\n\t\t\n\t\t\t\t\t\t<a class=\"fusion-link-wrapper\" href=\"https:\/\/cortomaltese.com\/fr\/hugo-pratt-e-corto-maltese-a-la-saline-royale\/\" aria-label=\"L\u2019art d\u2019Hugo Pratt a la Saline Royale de Bourgogne\"><\/a>\n\t<\/div>\n<\/div>\n<\/div>\n<\/li>\n\t\t\t\n\t\t\t\n\t\t\t\t\t\t\t\t\t\t\t\t\t\t\t\t\t\t\t\t\t\t\t\t\t\t\t\t\t\t\t\t\t\t\t\t\t\t\t\t\t\t\t\t\t\t\t\t\t\t\t\t\t\t\t\t\t\t\t\t\t\t\t\t\t\t\t\t<\/ul>\n\t<\/div>\n\t<div class=\"fusion-post-content-wrapper\" style=\"padding:30px 25px 20px 25px;\"><div class=\"fusion-post-content post-content\"><div class=\"fusion-timeline-circle\" style=\"background-color:#ebeaea;\"><\/div><div class=\"fusion-timeline-arrow\" style=\"color:#ebeaea;\"><\/div><h2 class=\"blog-shortcode-post-title entry-title\"><a href=\"https:\/\/cortomaltese.com\/fr\/hugo-pratt-e-corto-maltese-a-la-saline-royale\/\">L\u2019art d\u2019Hugo Pratt a la Saline Royale de Bourgogne<\/a><\/h2><div class=\"fusion-post-content-container\"><p>Corto Maltese - Un monde en aventures. Du 27 avril au 9 novembre 2025 .\u00c0 l\u2019occasion des 30 ans de la disparition de son cr\u00e9ateur Hugo Pratt, (re)d\u00e9couvrez le c\u00e9l\u00e8bre personnage de bande dessin\u00e9e pour un voyage \u00e0 travers le monde.<\/p><\/div><\/div><\/div><div class=\"fusion-clearfix\"><\/div><\/div>\n<\/article>\n<\/div><h3 class=\"fusion-timeline-date\" style=\"background-color:#ebeaea;\">mars 2025<\/h3><div class=\"fusion-collapse-month\"><article id=\"blog-1-post-15324\" style=\"border-color:#ebeaea;\" class=\"fusion-post-timeline fusion-clearfix fusion-right-column post-15324 post type-post status-publish format-standard has-post-thumbnail hentry category-evenements category-evidence category-nouveautes tag-corto-maltese tag-exposition tag-hugo-pratt\">\n<div class=\"fusion-post-wrapper\" style=\"background-color:rgba(255,255,255,0);\">\n\n\t\t\t<div class=\"fusion-flexslider flexslider fusion-flexslider-loading fusion-post-slideshow\" style=\"border-color:#ebeaea;\">\n\t\t<ul class=\"slides\">\n\t\t\t\n\t\t\t\t\t\t\t\t\t\t\t\t\t\t<li><div  class=\"fusion-image-wrapper\" aria-haspopup=\"true\">\n\t\t\t\t<img decoding=\"async\" width=\"1080\" height=\"1350\" src=\"https:\/\/cortomaltese.com\/fr\/wp-content\/uploads\/sites\/3\/HP_Geneve_2025.jpg\" class=\"attachment-full size-full wp-post-image\" alt=\"Hugo Pratt Gen\u00e8ve\" srcset=\"https:\/\/cortomaltese.com\/fr\/wp-content\/uploads\/sites\/3\/HP_Geneve_2025-200x250.jpg 200w, https:\/\/cortomaltese.com\/fr\/wp-content\/uploads\/sites\/3\/HP_Geneve_2025-400x500.jpg 400w, https:\/\/cortomaltese.com\/fr\/wp-content\/uploads\/sites\/3\/HP_Geneve_2025-600x750.jpg 600w, https:\/\/cortomaltese.com\/fr\/wp-content\/uploads\/sites\/3\/HP_Geneve_2025-800x1000.jpg 800w, https:\/\/cortomaltese.com\/fr\/wp-content\/uploads\/sites\/3\/HP_Geneve_2025.jpg 1080w\" sizes=\"(max-width: 800px) 100vw, 40vw\" \/><div class=\"fusion-rollover\">\n\t<div class=\"fusion-rollover-content\">\n\n\t\t\t\t\t\t\t\t\t\t\t\t\t\t<a class=\"fusion-rollover-link\" href=\"https:\/\/cortomaltese.com\/fr\/hugo-pratt-a-geneve-deux-expositions-en-mars-2025-pour-corto\/\">Corto Maltese et Hugo Pratt en Suisse 101 ans apr\u00e8s les Helvetiques : deux expositions \u00e0 Gen\u00e8ve en mars 2025<\/a>\n\t\t\t\n\t\t\t\t\t\t\t\t\n\t\t\n\t\t\t\t\t\t\t\t\t\t\t\t<h4 class=\"fusion-rollover-title\">\n\t\t\t\t\t<a class=\"fusion-rollover-title-link\" href=\"https:\/\/cortomaltese.com\/fr\/hugo-pratt-a-geneve-deux-expositions-en-mars-2025-pour-corto\/\">\n\t\t\t\t\t\tCorto Maltese et Hugo Pratt en Suisse 101 ans apr\u00e8s les Helvetiques : deux expositions \u00e0 Gen\u00e8ve en mars 2025\t\t\t\t\t<\/a>\n\t\t\t\t<\/h4>\n\t\t\t\n\t\t\t\t\t\t\t\t\n\t\t\n\t\t\t\t\t\t<a class=\"fusion-link-wrapper\" href=\"https:\/\/cortomaltese.com\/fr\/hugo-pratt-a-geneve-deux-expositions-en-mars-2025-pour-corto\/\" aria-label=\"Corto Maltese et Hugo Pratt en Suisse 101 ans apr\u00e8s les Helvetiques : deux expositions \u00e0 Gen\u00e8ve en mars 2025\"><\/a>\n\t<\/div>\n<\/div>\n<\/div>\n<\/li>\n\t\t\t\n\t\t\t\n\t\t\t\t\t\t\t\t\t\t\t\t\t\t\t\t\t\t\t\t\t\t\t\t\t\t\t\t\t\t\t\t\t\t\t\t\t\t\t\t\t\t\t\t\t\t\t\t\t\t\t\t\t\t\t\t\t\t\t\t\t\t\t\t\t\t\t\t<\/ul>\n\t<\/div>\n\t<div class=\"fusion-post-content-wrapper\" style=\"padding:30px 25px 20px 25px;\"><div class=\"fusion-post-content post-content\"><div class=\"fusion-timeline-circle\" style=\"background-color:#ebeaea;\"><\/div><div class=\"fusion-timeline-arrow\" style=\"color:#ebeaea;\"><\/div><h2 class=\"blog-shortcode-post-title entry-title\"><a href=\"https:\/\/cortomaltese.com\/fr\/hugo-pratt-a-geneve-deux-expositions-en-mars-2025-pour-corto\/\">Corto Maltese et Hugo Pratt en Suisse 101 ans apr\u00e8s les Helvetiques : deux expositions \u00e0 Gen\u00e8ve en mars 2025<\/a><\/h2><div class=\"fusion-post-content-container\"><p>L'art d'Hugo Pratt \u00e0 Gen\u00e8ve : double rendez-vous avec Corto Maltese en mars 2025 pour c\u00e9l\u00e9brer l'aventure dessin\u00e9e<\/p><\/div><\/div><\/div><div class=\"fusion-clearfix\"><\/div><\/div>\n<\/article>\n<\/div><h3 class=\"fusion-timeline-date\" style=\"background-color:#ebeaea;\">janvier 2025<\/h3><div class=\"fusion-collapse-month\"><article id=\"blog-1-post-15313\" style=\"border-color:#ebeaea;\" class=\"fusion-post-timeline fusion-clearfix fusion-left-column post-15313 post type-post status-publish format-standard has-post-thumbnail hentry category-evenements category-evidence category-nouveautes tag-corto-maltese tag-exposition tag-hugo-pratt\">\n<div class=\"fusion-post-wrapper\" style=\"background-color:rgba(255,255,255,0);\">\n\n\t\t\t<div class=\"fusion-flexslider flexslider fusion-flexslider-loading fusion-post-slideshow\" style=\"border-color:#ebeaea;\">\n\t\t<ul class=\"slides\">\n\t\t\t\n\t\t\t\t\t\t\t\t\t\t\t\t\t\t<li><div  class=\"fusion-image-wrapper\" aria-haspopup=\"true\">\n\t\t\t\t<img decoding=\"async\" width=\"1080\" height=\"1528\" src=\"https:\/\/cortomaltese.com\/fr\/wp-content\/uploads\/sites\/3\/ExpoVolos_Farnesina.jpg\" class=\"attachment-full size-full wp-post-image\" alt=\"Corto Maltese Volos\" srcset=\"https:\/\/cortomaltese.com\/fr\/wp-content\/uploads\/sites\/3\/ExpoVolos_Farnesina-200x283.jpg 200w, https:\/\/cortomaltese.com\/fr\/wp-content\/uploads\/sites\/3\/ExpoVolos_Farnesina-400x566.jpg 400w, https:\/\/cortomaltese.com\/fr\/wp-content\/uploads\/sites\/3\/ExpoVolos_Farnesina-600x849.jpg 600w, https:\/\/cortomaltese.com\/fr\/wp-content\/uploads\/sites\/3\/ExpoVolos_Farnesina-800x1132.jpg 800w, https:\/\/cortomaltese.com\/fr\/wp-content\/uploads\/sites\/3\/ExpoVolos_Farnesina.jpg 1080w\" sizes=\"(max-width: 800px) 100vw, 40vw\" \/><div class=\"fusion-rollover\">\n\t<div class=\"fusion-rollover-content\">\n\n\t\t\t\t\t\t\t\t\t\t\t\t\t\t<a class=\"fusion-rollover-link\" href=\"https:\/\/cortomaltese.com\/fr\/corto-maltese-en-exposition-a-volos-grece\/\">L&#8217;exposition consacr\u00e9e \u00e0 Corto et Pratt dans la maison de De Chirico, \u00e0 partir du 5 f\u00e9vrier \u00e0 Volos (Gr\u00e8ce)<\/a>\n\t\t\t\n\t\t\t\t\t\t\t\t\n\t\t\n\t\t\t\t\t\t\t\t\t\t\t\t<h4 class=\"fusion-rollover-title\">\n\t\t\t\t\t<a class=\"fusion-rollover-title-link\" href=\"https:\/\/cortomaltese.com\/fr\/corto-maltese-en-exposition-a-volos-grece\/\">\n\t\t\t\t\t\tL&#8217;exposition consacr\u00e9e \u00e0 Corto et Pratt dans la maison de De Chirico, \u00e0 partir du 5 f\u00e9vrier \u00e0 Volos (Gr\u00e8ce)\t\t\t\t\t<\/a>\n\t\t\t\t<\/h4>\n\t\t\t\n\t\t\t\t\t\t\t\t\n\t\t\n\t\t\t\t\t\t<a class=\"fusion-link-wrapper\" href=\"https:\/\/cortomaltese.com\/fr\/corto-maltese-en-exposition-a-volos-grece\/\" aria-label=\"L&#8217;exposition consacr\u00e9e \u00e0 Corto et Pratt dans la maison de De Chirico, \u00e0 partir du 5 f\u00e9vrier \u00e0 Volos (Gr\u00e8ce)\"><\/a>\n\t<\/div>\n<\/div>\n<\/div>\n<\/li>\n\t\t\t\n\t\t\t\n\t\t\t\t\t\t\t\t\t\t\t\t\t\t\t\t\t\t\t\t\t\t\t\t\t\t\t\t\t\t\t\t\t\t\t\t\t\t\t\t\t\t\t\t\t\t\t\t\t\t\t\t\t\t\t\t\t\t\t\t\t\t\t\t\t\t\t\t<\/ul>\n\t<\/div>\n\t<div class=\"fusion-post-content-wrapper\" style=\"padding:30px 25px 20px 25px;\"><div class=\"fusion-post-content post-content\"><div class=\"fusion-timeline-circle\" style=\"background-color:#ebeaea;\"><\/div><div class=\"fusion-timeline-arrow\" style=\"color:#ebeaea;\"><\/div><h2 class=\"blog-shortcode-post-title entry-title\"><a href=\"https:\/\/cortomaltese.com\/fr\/corto-maltese-en-exposition-a-volos-grece\/\">L&#8217;exposition consacr\u00e9e \u00e0 Corto et Pratt dans la maison de De Chirico, \u00e0 partir du 5 f\u00e9vrier \u00e0 Volos (Gr\u00e8ce)<\/a><\/h2><div class=\"fusion-post-content-container\"><p>  \u00a05 - 14 f\u00e9vrier 2025 (en semaine de<a href=\"https:\/\/cortomaltese.com\/fr\/corto-maltese-en-exposition-a-volos-grece\/\"> [...]<\/a><\/p><\/div><\/div><\/div><div class=\"fusion-clearfix\"><\/div><\/div>\n<\/article>\n<article id=\"blog-1-post-15298\" style=\"border-color:#ebeaea;\" class=\"fusion-post-timeline fusion-clearfix fusion-right-column post-15298 post type-post status-publish format-standard has-post-thumbnail hentry category-evenements category-evidence category-nouveautes tag-corto-maltese tag-exposition tag-hugo-pratt\">\n<div class=\"fusion-post-wrapper\" style=\"background-color:rgba(255,255,255,0);\">\n\n\t\t\t<div class=\"fusion-flexslider flexslider fusion-flexslider-loading fusion-post-slideshow\" style=\"border-color:#ebeaea;\">\n\t\t<ul class=\"slides\">\n\t\t\t\n\t\t\t\t\t\t\t\t\t\t\t\t\t\t<li><div  class=\"fusion-image-wrapper\" aria-haspopup=\"true\">\n\t\t\t\t<img decoding=\"async\" width=\"1316\" height=\"1860\" src=\"https:\/\/cortomaltese.com\/fr\/wp-content\/uploads\/sites\/3\/Affiche_Corto_Lyon.jpg\" class=\"attachment-full size-full wp-post-image\" alt=\"Corto Maltese Lyon\" srcset=\"https:\/\/cortomaltese.com\/fr\/wp-content\/uploads\/sites\/3\/Affiche_Corto_Lyon-200x283.jpg 200w, https:\/\/cortomaltese.com\/fr\/wp-content\/uploads\/sites\/3\/Affiche_Corto_Lyon-400x565.jpg 400w, https:\/\/cortomaltese.com\/fr\/wp-content\/uploads\/sites\/3\/Affiche_Corto_Lyon-600x848.jpg 600w, https:\/\/cortomaltese.com\/fr\/wp-content\/uploads\/sites\/3\/Affiche_Corto_Lyon-800x1131.jpg 800w, https:\/\/cortomaltese.com\/fr\/wp-content\/uploads\/sites\/3\/Affiche_Corto_Lyon-1200x1696.jpg 1200w, https:\/\/cortomaltese.com\/fr\/wp-content\/uploads\/sites\/3\/Affiche_Corto_Lyon.jpg 1316w\" sizes=\"(max-width: 800px) 100vw, 40vw\" \/><div class=\"fusion-rollover\">\n\t<div class=\"fusion-rollover-content\">\n\n\t\t\t\t\t\t\t\t\t\t\t\t\t\t<a class=\"fusion-rollover-link\" href=\"https:\/\/cortomaltese.com\/fr\/corto-maltese-a-luniversite-catholique-de-lyon\/\">Corto Maltese revient \u00e0 Lyon, l&#8217;exposition consacr\u00e9e \u00e0 l&#8217;\u0153uvre d&#8217;Hugo Pratt \u00e0 partir du 28 janvier 2025<\/a>\n\t\t\t\n\t\t\t\t\t\t\t\t\n\t\t\n\t\t\t\t\t\t\t\t\t\t\t\t<h4 class=\"fusion-rollover-title\">\n\t\t\t\t\t<a class=\"fusion-rollover-title-link\" href=\"https:\/\/cortomaltese.com\/fr\/corto-maltese-a-luniversite-catholique-de-lyon\/\">\n\t\t\t\t\t\tCorto Maltese revient \u00e0 Lyon, l&#8217;exposition consacr\u00e9e \u00e0 l&#8217;\u0153uvre d&#8217;Hugo Pratt \u00e0 partir du 28 janvier 2025\t\t\t\t\t<\/a>\n\t\t\t\t<\/h4>\n\t\t\t\n\t\t\t\t\t\t\t\t\n\t\t\n\t\t\t\t\t\t<a class=\"fusion-link-wrapper\" href=\"https:\/\/cortomaltese.com\/fr\/corto-maltese-a-luniversite-catholique-de-lyon\/\" aria-label=\"Corto Maltese revient \u00e0 Lyon, l&#8217;exposition consacr\u00e9e \u00e0 l&#8217;\u0153uvre d&#8217;Hugo Pratt \u00e0 partir du 28 janvier 2025\"><\/a>\n\t<\/div>\n<\/div>\n<\/div>\n<\/li>\n\t\t\t\n\t\t\t\n\t\t\t\t\t\t\t\t\t\t\t\t\t\t\t\t\t\t\t\t\t\t\t\t\t\t\t\t\t\t\t\t\t\t\t\t\t\t\t\t\t\t\t\t\t\t\t\t\t\t\t\t\t\t\t\t\t\t\t\t\t\t\t\t\t\t\t\t<\/ul>\n\t<\/div>\n\t<div class=\"fusion-post-content-wrapper\" style=\"padding:30px 25px 20px 25px;\"><div class=\"fusion-post-content post-content\"><div class=\"fusion-timeline-circle\" style=\"background-color:#ebeaea;\"><\/div><div class=\"fusion-timeline-arrow\" style=\"color:#ebeaea;\"><\/div><h2 class=\"blog-shortcode-post-title entry-title\"><a href=\"https:\/\/cortomaltese.com\/fr\/corto-maltese-a-luniversite-catholique-de-lyon\/\">Corto Maltese revient \u00e0 Lyon, l&#8217;exposition consacr\u00e9e \u00e0 l&#8217;\u0153uvre d&#8217;Hugo Pratt \u00e0 partir du 28 janvier 2025<\/a><\/h2><div class=\"fusion-post-content-container\"><p>Les expositions itin\u00e9rantes promues par le minist\u00e8re italien des Affaires \u00e9trang\u00e8res et de la Coop\u00e9ration internationale et Cong SA se poursuivent, transportant l'art d'Hugo Pratt \u00e0 travers le monde pour promouvoir la langue et la culture italiennes.<\/p><\/div><\/div><\/div><div class=\"fusion-clearfix\"><\/div><\/div>\n<\/article>\n<\/div><h3 class=\"fusion-timeline-date\" style=\"background-color:#ebeaea;\">mai 2024<\/h3><div class=\"fusion-collapse-month\"><article id=\"blog-1-post-15271\" style=\"border-color:#ebeaea;\" class=\"fusion-post-timeline fusion-clearfix fusion-left-column post-15271 post type-post status-publish format-standard has-post-thumbnail hentry category-evenements category-evidence category-nouveautes tag-corto-maltese tag-exposition tag-hugo-pratt\">\n<div class=\"fusion-post-wrapper\" style=\"background-color:rgba(255,255,255,0);\">\n\n\t\t\t<div class=\"fusion-flexslider flexslider fusion-flexslider-loading fusion-post-slideshow\" style=\"border-color:#ebeaea;\">\n\t\t<ul class=\"slides\">\n\t\t\t\n\t\t\t\t\t\t\t\t\t\t\t\t\t\t<li><div  class=\"fusion-image-wrapper\" aria-haspopup=\"true\">\n\t\t\t\t<img decoding=\"async\" width=\"841\" height=\"1190\" src=\"https:\/\/cortomaltese.com\/fr\/wp-content\/uploads\/sites\/3\/KV_CORTO_Maltese_DEF.jpg\" class=\"attachment-full size-full wp-post-image\" alt=\"Lyon Corto Maltese\" srcset=\"https:\/\/cortomaltese.com\/fr\/wp-content\/uploads\/sites\/3\/KV_CORTO_Maltese_DEF-200x283.jpg 200w, https:\/\/cortomaltese.com\/fr\/wp-content\/uploads\/sites\/3\/KV_CORTO_Maltese_DEF-400x566.jpg 400w, https:\/\/cortomaltese.com\/fr\/wp-content\/uploads\/sites\/3\/KV_CORTO_Maltese_DEF-600x849.jpg 600w, https:\/\/cortomaltese.com\/fr\/wp-content\/uploads\/sites\/3\/KV_CORTO_Maltese_DEF-800x1132.jpg 800w, https:\/\/cortomaltese.com\/fr\/wp-content\/uploads\/sites\/3\/KV_CORTO_Maltese_DEF.jpg 841w\" sizes=\"(max-width: 800px) 100vw, 40vw\" \/><div class=\"fusion-rollover\">\n\t<div class=\"fusion-rollover-content\">\n\n\t\t\t\t\t\t\t\t\t\t\t\t\t\t<a class=\"fusion-rollover-link\" href=\"https:\/\/cortomaltese.com\/fr\/corto-maltese-au-lyon-bd-festival\/\">Corto Maltese \u00e0 l&#8217;honneur au Lyon BD Festival, aux c\u00f4t\u00e9s de Canales et Pellejero<\/a>\n\t\t\t\n\t\t\t\t\t\t\t\t\n\t\t\n\t\t\t\t\t\t\t\t\t\t\t\t<h4 class=\"fusion-rollover-title\">\n\t\t\t\t\t<a class=\"fusion-rollover-title-link\" href=\"https:\/\/cortomaltese.com\/fr\/corto-maltese-au-lyon-bd-festival\/\">\n\t\t\t\t\t\tCorto Maltese \u00e0 l&#8217;honneur au Lyon BD Festival, aux c\u00f4t\u00e9s de Canales et Pellejero\t\t\t\t\t<\/a>\n\t\t\t\t<\/h4>\n\t\t\t\n\t\t\t\t\t\t\t\t\n\t\t\n\t\t\t\t\t\t<a class=\"fusion-link-wrapper\" href=\"https:\/\/cortomaltese.com\/fr\/corto-maltese-au-lyon-bd-festival\/\" aria-label=\"Corto Maltese \u00e0 l&#8217;honneur au Lyon BD Festival, aux c\u00f4t\u00e9s de Canales et Pellejero\"><\/a>\n\t<\/div>\n<\/div>\n<\/div>\n<\/li>\n\t\t\t\n\t\t\t\n\t\t\t\t\t\t\t\t\t\t\t\t\t\t\t\t\t\t\t\t\t\t\t\t\t\t\t\t\t\t\t\t\t\t\t\t\t\t\t\t\t\t\t\t\t\t\t\t\t\t\t\t\t\t\t\t\t\t\t\t\t\t\t\t\t\t\t\t<\/ul>\n\t<\/div>\n\t<div class=\"fusion-post-content-wrapper\" style=\"padding:30px 25px 20px 25px;\"><div class=\"fusion-post-content post-content\"><div class=\"fusion-timeline-circle\" style=\"background-color:#ebeaea;\"><\/div><div class=\"fusion-timeline-arrow\" style=\"color:#ebeaea;\"><\/div><h2 class=\"blog-shortcode-post-title entry-title\"><a href=\"https:\/\/cortomaltese.com\/fr\/corto-maltese-au-lyon-bd-festival\/\">Corto Maltese \u00e0 l&#8217;honneur au Lyon BD Festival, aux c\u00f4t\u00e9s de Canales et Pellejero<\/a><\/h2><div class=\"fusion-post-content-container\"><p>Lyon, l'exposition \u00ab Hugo Pratt, l'h\u00e9ritage, l'\u0153uvre, la biographie \u00bb sera au Mus\u00e9e des Tissus du 31 mai au 27 juillet 2024, et lors du Lyon BD Festival, Canales et Pellejero d\u00e9barquent \u00e9galement<\/p><\/div><\/div><\/div><div class=\"fusion-clearfix\"><\/div><\/div>\n<\/article>\n<\/div><h3 class=\"fusion-timeline-date\" style=\"background-color:#ebeaea;\">mars 2024<\/h3><div class=\"fusion-collapse-month\"><article id=\"blog-1-post-15236\" style=\"border-color:#ebeaea;\" class=\"fusion-post-timeline fusion-clearfix fusion-right-column post-15236 post type-post status-publish format-standard has-post-thumbnail hentry category-evenements category-evidence category-nouveautes tag-corto-maltese tag-exposition tag-hugo-pratt\">\n<div class=\"fusion-post-wrapper\" style=\"background-color:rgba(255,255,255,0);\">\n\n\t\t\t<div class=\"fusion-flexslider flexslider fusion-flexslider-loading fusion-post-slideshow\" style=\"border-color:#ebeaea;\">\n\t\t<ul class=\"slides\">\n\t\t\t\n\t\t\t\t\t\t\t\t\t\t\t\t\t\t<li><div  class=\"fusion-image-wrapper\" aria-haspopup=\"true\">\n\t\t\t\t<img decoding=\"async\" width=\"1134\" height=\"1701\" src=\"https:\/\/cortomaltese.com\/fr\/wp-content\/uploads\/sites\/3\/Affiche_Corto_ld.jpg\" class=\"attachment-full size-full wp-post-image\" alt=\"Corto Maltese Pompidou\" srcset=\"https:\/\/cortomaltese.com\/fr\/wp-content\/uploads\/sites\/3\/Affiche_Corto_ld-200x300.jpg 200w, https:\/\/cortomaltese.com\/fr\/wp-content\/uploads\/sites\/3\/Affiche_Corto_ld-400x600.jpg 400w, https:\/\/cortomaltese.com\/fr\/wp-content\/uploads\/sites\/3\/Affiche_Corto_ld-600x900.jpg 600w, https:\/\/cortomaltese.com\/fr\/wp-content\/uploads\/sites\/3\/Affiche_Corto_ld-800x1200.jpg 800w, https:\/\/cortomaltese.com\/fr\/wp-content\/uploads\/sites\/3\/Affiche_Corto_ld.jpg 1134w\" sizes=\"(max-width: 800px) 100vw, 40vw\" \/><div class=\"fusion-rollover\">\n\t<div class=\"fusion-rollover-content\">\n\n\t\t\t\t\t\t\t\t\t\t\t\t\t\t<a class=\"fusion-rollover-link\" href=\"https:\/\/cortomaltese.com\/fr\/lexposition-corto-maltese-une-vie-romanesque-arrive-au-centre-pompidou\/\">L&#8217;exposition &#8220;Corto Maltese, une vie romanesque&#8221; arrive au Centre Pompidou \u00e0 Paris<\/a>\n\t\t\t\n\t\t\t\t\t\t\t\t\n\t\t\n\t\t\t\t\t\t\t\t\t\t\t\t<h4 class=\"fusion-rollover-title\">\n\t\t\t\t\t<a class=\"fusion-rollover-title-link\" href=\"https:\/\/cortomaltese.com\/fr\/lexposition-corto-maltese-une-vie-romanesque-arrive-au-centre-pompidou\/\">\n\t\t\t\t\t\tL&#8217;exposition &#8220;Corto Maltese, une vie romanesque&#8221; arrive au Centre Pompidou \u00e0 Paris\t\t\t\t\t<\/a>\n\t\t\t\t<\/h4>\n\t\t\t\n\t\t\t\t\t\t\t\t\n\t\t\n\t\t\t\t\t\t<a class=\"fusion-link-wrapper\" href=\"https:\/\/cortomaltese.com\/fr\/lexposition-corto-maltese-une-vie-romanesque-arrive-au-centre-pompidou\/\" aria-label=\"L&#8217;exposition &#8220;Corto Maltese, une vie romanesque&#8221; arrive au Centre Pompidou \u00e0 Paris\"><\/a>\n\t<\/div>\n<\/div>\n<\/div>\n<\/li>\n\t\t\t\n\t\t\t\n\t\t\t\t\t\t\t\t\t\t\t\t\t\t\t\t\t\t\t\t\t\t\t\t\t\t\t\t\t\t\t\t\t\t\t\t\t\t\t\t\t\t\t\t\t\t\t\t\t\t\t\t\t\t\t\t\t\t\t\t\t\t\t\t\t\t\t\t<\/ul>\n\t<\/div>\n\t<div class=\"fusion-post-content-wrapper\" style=\"padding:30px 25px 20px 25px;\"><div class=\"fusion-post-content post-content\"><div class=\"fusion-timeline-circle\" style=\"background-color:#ebeaea;\"><\/div><div class=\"fusion-timeline-arrow\" style=\"color:#ebeaea;\"><\/div><h2 class=\"blog-shortcode-post-title entry-title\"><a href=\"https:\/\/cortomaltese.com\/fr\/lexposition-corto-maltese-une-vie-romanesque-arrive-au-centre-pompidou\/\">L&#8217;exposition &#8220;Corto Maltese, une vie romanesque&#8221; arrive au Centre Pompidou \u00e0 Paris<\/a><\/h2><div class=\"fusion-post-content-container\"><p>La litt\u00e9rature dessin\u00e9e d'Hugo Pratt au Centre Pompidou : \" Corto Maltese, Une vie romanesque \" fait son entr\u00e9e - du 29 mai au 4 novembre 2024 dans le cadre de l'exposition \"La BD \u00e0 tous les \u00e9tages\" \r\n<\/p><\/div><\/div><\/div><div class=\"fusion-clearfix\"><\/div><\/div>\n<\/article>\n<\/div><h3 class=\"fusion-timeline-date\" style=\"background-color:#ebeaea;\">janvier 2024<\/h3><div class=\"fusion-collapse-month\"><article id=\"blog-1-post-15230\" style=\"border-color:#ebeaea;\" class=\"fusion-post-timeline fusion-clearfix fusion-left-column post-15230 post type-post status-publish format-standard has-post-thumbnail hentry category-evenements category-evidence category-nouveautes tag-corto-maltese tag-exposition tag-hugo-pratt tag-ulysse\">\n<div class=\"fusion-post-wrapper\" style=\"background-color:rgba(255,255,255,0);\">\n\n\t\t\t<div class=\"fusion-flexslider flexslider fusion-flexslider-loading fusion-post-slideshow\" style=\"border-color:#ebeaea;\">\n\t\t<ul class=\"slides\">\n\t\t\t\n\t\t\t\t\t\t\t\t\t\t\t\t\t\t<li><div  class=\"fusion-image-wrapper\" aria-haspopup=\"true\">\n\t\t\t\t<img decoding=\"async\" width=\"1200\" height=\"680\" src=\"https:\/\/cortomaltese.com\/fr\/wp-content\/uploads\/sites\/3\/Manifesto-Oslo_unavventuraperCorto.jpg\" class=\"attachment-full size-full wp-post-image\" alt=\"Hugo Pratt Oslo\" srcset=\"https:\/\/cortomaltese.com\/fr\/wp-content\/uploads\/sites\/3\/Manifesto-Oslo_unavventuraperCorto-200x113.jpg 200w, https:\/\/cortomaltese.com\/fr\/wp-content\/uploads\/sites\/3\/Manifesto-Oslo_unavventuraperCorto-400x227.jpg 400w, https:\/\/cortomaltese.com\/fr\/wp-content\/uploads\/sites\/3\/Manifesto-Oslo_unavventuraperCorto-600x340.jpg 600w, https:\/\/cortomaltese.com\/fr\/wp-content\/uploads\/sites\/3\/Manifesto-Oslo_unavventuraperCorto-800x453.jpg 800w, https:\/\/cortomaltese.com\/fr\/wp-content\/uploads\/sites\/3\/Manifesto-Oslo_unavventuraperCorto.jpg 1200w\" sizes=\"(max-width: 800px) 100vw, 40vw\" \/><div class=\"fusion-rollover\">\n\t<div class=\"fusion-rollover-content\">\n\n\t\t\t\t\t\t\t\t\t\t\t\t\t\t<a class=\"fusion-rollover-link\" href=\"https:\/\/cortomaltese.com\/fr\/hugo-pratt-son-heritage-son-oeuvre-et-sa-biographie-lexposition-debute-a-linstitut-culturel-italien-de-oslo\/\">&#8220;Hugo Pratt, son h\u00e9ritage, son \u0153uvre et sa biographie&#8221;: l&#8217;exposition d\u00e9bute \u00e0 l&#8217;Institut Culturel Italien de Oslo<\/a>\n\t\t\t\n\t\t\t\t\t\t\t\t\n\t\t\n\t\t\t\t\t\t\t\t\t\t\t\t<h4 class=\"fusion-rollover-title\">\n\t\t\t\t\t<a class=\"fusion-rollover-title-link\" href=\"https:\/\/cortomaltese.com\/fr\/hugo-pratt-son-heritage-son-oeuvre-et-sa-biographie-lexposition-debute-a-linstitut-culturel-italien-de-oslo\/\">\n\t\t\t\t\t\t&#8220;Hugo Pratt, son h\u00e9ritage, son \u0153uvre et sa biographie&#8221;: l&#8217;exposition d\u00e9bute \u00e0 l&#8217;Institut Culturel Italien de Oslo\t\t\t\t\t<\/a>\n\t\t\t\t<\/h4>\n\t\t\t\n\t\t\t\t\t\t\t\t\n\t\t\n\t\t\t\t\t\t<a class=\"fusion-link-wrapper\" href=\"https:\/\/cortomaltese.com\/fr\/hugo-pratt-son-heritage-son-oeuvre-et-sa-biographie-lexposition-debute-a-linstitut-culturel-italien-de-oslo\/\" aria-label=\"&#8220;Hugo Pratt, son h\u00e9ritage, son \u0153uvre et sa biographie&#8221;: l&#8217;exposition d\u00e9bute \u00e0 l&#8217;Institut Culturel Italien de Oslo\"><\/a>\n\t<\/div>\n<\/div>\n<\/div>\n<\/li>\n\t\t\t\n\t\t\t\n\t\t\t\t\t\t\t\t\t\t\t\t\t\t\t\t\t\t\t\t\t\t\t\t\t\t\t\t\t\t\t\t\t\t\t\t\t\t\t\t\t\t\t\t\t\t\t\t\t\t\t\t\t\t\t\t\t\t\t\t\t\t\t\t\t\t\t\t<\/ul>\n\t<\/div>\n\t<div class=\"fusion-post-content-wrapper\" style=\"padding:30px 25px 20px 25px;\"><div class=\"fusion-post-content post-content\"><div class=\"fusion-timeline-circle\" style=\"background-color:#ebeaea;\"><\/div><div class=\"fusion-timeline-arrow\" style=\"color:#ebeaea;\"><\/div><h2 class=\"blog-shortcode-post-title entry-title\"><a href=\"https:\/\/cortomaltese.com\/fr\/hugo-pratt-son-heritage-son-oeuvre-et-sa-biographie-lexposition-debute-a-linstitut-culturel-italien-de-oslo\/\">&#8220;Hugo Pratt, son h\u00e9ritage, son \u0153uvre et sa biographie&#8221;: l&#8217;exposition d\u00e9bute \u00e0 l&#8217;Institut Culturel Italien de Oslo<\/a><\/h2><div class=\"fusion-post-content-container\"><p>Les expositions itin\u00e9rantes promues par le minist\u00e8re italien des Affaires \u00e9trang\u00e8res et de la Coop\u00e9ration internationale et Cong SA se poursuivent, transportant l'art d'Hugo Pratt \u00e0 travers le monde pour promouvoir la langue et la culture italiennes.<\/p><\/div><\/div><\/div><div class=\"fusion-clearfix\"><\/div><\/div>\n<\/article>\n<\/div><h3 class=\"fusion-timeline-date\" style=\"background-color:#ebeaea;\">septembre 2023<\/h3><div class=\"fusion-collapse-month\"><article id=\"blog-1-post-15184\" style=\"border-color:#ebeaea;\" class=\"fusion-post-timeline fusion-clearfix fusion-right-column post-15184 post type-post status-publish format-standard has-post-thumbnail hentry category-evenements category-evidence category-nouveautes tag-corto-maltese tag-exposition tag-hugo-pratt tag-ulysse\">\n<div class=\"fusion-post-wrapper\" style=\"background-color:rgba(255,255,255,0);\">\n\n\t\t\t<div class=\"fusion-flexslider flexslider fusion-flexslider-loading fusion-post-slideshow\" style=\"border-color:#ebeaea;\">\n\t\t<ul class=\"slides\">\n\t\t\t\n\t\t\t\t\t\t\t\t\t\t\t\t\t\t<li><div  class=\"fusion-image-wrapper\" aria-haspopup=\"true\">\n\t\t\t\t<img decoding=\"async\" width=\"2560\" height=\"1440\" src=\"https:\/\/cortomaltese.com\/fr\/wp-content\/uploads\/sites\/3\/Da-Ulisse-a-Corto-maltese_cover.jpg\" class=\"attachment-full size-full wp-post-image\" alt=\"De Corto Maltese \u00e0 Ulysse\" srcset=\"https:\/\/cortomaltese.com\/fr\/wp-content\/uploads\/sites\/3\/Da-Ulisse-a-Corto-maltese_cover-200x113.jpg 200w, https:\/\/cortomaltese.com\/fr\/wp-content\/uploads\/sites\/3\/Da-Ulisse-a-Corto-maltese_cover-400x225.jpg 400w, https:\/\/cortomaltese.com\/fr\/wp-content\/uploads\/sites\/3\/Da-Ulisse-a-Corto-maltese_cover-600x338.jpg 600w, https:\/\/cortomaltese.com\/fr\/wp-content\/uploads\/sites\/3\/Da-Ulisse-a-Corto-maltese_cover-800x450.jpg 800w, https:\/\/cortomaltese.com\/fr\/wp-content\/uploads\/sites\/3\/Da-Ulisse-a-Corto-maltese_cover-1200x675.jpg 1200w, https:\/\/cortomaltese.com\/fr\/wp-content\/uploads\/sites\/3\/Da-Ulisse-a-Corto-maltese_cover.jpg 2560w\" sizes=\"(max-width: 800px) 100vw, 40vw\" \/><div class=\"fusion-rollover\">\n\t<div class=\"fusion-rollover-content\">\n\n\t\t\t\t\t\t\t\t\t\t\t\t\t\t<a class=\"fusion-rollover-link\" href=\"https:\/\/cortomaltese.com\/fr\/de-ulysse-a-corto-maltese-lexposition-a-recanati\/\">Hugo Pratt, l\u2019exposition &#8220;De Ulysse \u00e0 Corto Maltese&#8221; \u00e0 Recanati<\/a>\n\t\t\t\n\t\t\t\t\t\t\t\t\n\t\t\n\t\t\t\t\t\t\t\t\t\t\t\t<h4 class=\"fusion-rollover-title\">\n\t\t\t\t\t<a class=\"fusion-rollover-title-link\" href=\"https:\/\/cortomaltese.com\/fr\/de-ulysse-a-corto-maltese-lexposition-a-recanati\/\">\n\t\t\t\t\t\tHugo Pratt, l\u2019exposition &#8220;De Ulysse \u00e0 Corto Maltese&#8221; \u00e0 Recanati\t\t\t\t\t<\/a>\n\t\t\t\t<\/h4>\n\t\t\t\n\t\t\t\t\t\t\t\t\n\t\t\n\t\t\t\t\t\t<a class=\"fusion-link-wrapper\" href=\"https:\/\/cortomaltese.com\/fr\/de-ulysse-a-corto-maltese-lexposition-a-recanati\/\" aria-label=\"Hugo Pratt, l\u2019exposition &#8220;De Ulysse \u00e0 Corto Maltese&#8221; \u00e0 Recanati\"><\/a>\n\t<\/div>\n<\/div>\n<\/div>\n<\/li>\n\t\t\t\n\t\t\t\n\t\t\t\t\t\t\t\t\t\t\t\t\t\t\t\t\t\t\t\t\t\t\t\t\t\t\t\t\t\t\t\t\t\t\t\t\t\t\t\t\t\t\t\t\t\t\t\t\t\t\t\t\t\t\t\t\t\t\t\t\t\t\t\t\t\t\t\t<\/ul>\n\t<\/div>\n\t<div class=\"fusion-post-content-wrapper\" style=\"padding:30px 25px 20px 25px;\"><div class=\"fusion-post-content post-content\"><div class=\"fusion-timeline-circle\" style=\"background-color:#ebeaea;\"><\/div><div class=\"fusion-timeline-arrow\" style=\"color:#ebeaea;\"><\/div><h2 class=\"blog-shortcode-post-title entry-title\"><a href=\"https:\/\/cortomaltese.com\/fr\/de-ulysse-a-corto-maltese-lexposition-a-recanati\/\">Hugo Pratt, l\u2019exposition &#8220;De Ulysse \u00e0 Corto Maltese&#8221; \u00e0 Recanati<\/a><\/h2><div class=\"fusion-post-content-container\"><p>\u201cDe Ulysse \u00e0 Corto Maltese, le voyage imaginaire d\u2019Hugo Pratt\u201d, l\u2019exposition \u00e0 partir de 25 ao\u00fbt \u00e0 Recanati (Italie)<\/p><\/div><\/div><\/div><div class=\"fusion-clearfix\"><\/div><\/div>\n<\/article>\n<article id=\"blog-1-post-15224\" style=\"border-color:#ebeaea;\" class=\"fusion-post-timeline fusion-clearfix fusion-left-column post-15224 post type-post status-publish format-standard has-post-thumbnail hentry category-evenements category-evidence category-nouveautes tag-corto-maltese tag-exposition tag-hugo-pratt tag-ulysse\">\n<div class=\"fusion-post-wrapper\" style=\"background-color:rgba(255,255,255,0);\">\n\n\t\t\t<div class=\"fusion-flexslider flexslider fusion-flexslider-loading fusion-post-slideshow\" style=\"border-color:#ebeaea;\">\n\t\t<ul class=\"slides\">\n\t\t\t\n\t\t\t\t\t\t\t\t\t\t\t\t\t\t<li><div  class=\"fusion-image-wrapper\" aria-haspopup=\"true\">\n\t\t\t\t<img decoding=\"async\" width=\"1920\" height=\"1080\" src=\"https:\/\/cortomaltese.com\/fr\/wp-content\/uploads\/sites\/3\/FARNESINA-FR.jpeg\" class=\"attachment-full size-full wp-post-image\" alt=\"Hugo Pratt Expositions\" srcset=\"https:\/\/cortomaltese.com\/fr\/wp-content\/uploads\/sites\/3\/FARNESINA-FR-200x113.jpeg 200w, https:\/\/cortomaltese.com\/fr\/wp-content\/uploads\/sites\/3\/FARNESINA-FR-400x225.jpeg 400w, https:\/\/cortomaltese.com\/fr\/wp-content\/uploads\/sites\/3\/FARNESINA-FR-600x338.jpeg 600w, https:\/\/cortomaltese.com\/fr\/wp-content\/uploads\/sites\/3\/FARNESINA-FR-800x450.jpeg 800w, https:\/\/cortomaltese.com\/fr\/wp-content\/uploads\/sites\/3\/FARNESINA-FR-1200x675.jpeg 1200w, https:\/\/cortomaltese.com\/fr\/wp-content\/uploads\/sites\/3\/FARNESINA-FR.jpeg 1920w\" sizes=\"(max-width: 800px) 100vw, 40vw\" \/><div class=\"fusion-rollover\">\n\t<div class=\"fusion-rollover-content\">\n\n\t\t\t\t\t\t\t\t\t\t\t\t\t\t<a class=\"fusion-rollover-link\" href=\"https:\/\/cortomaltese.com\/fr\/hugo-pratt-les-expositions-itinerantes-promues-par-le-ministere-italien-des-affaires-etrangeres-commencent\/\">&#8220;Hugo Pratt, son h\u00e9ritage, son \u0153uvre et sa biographie&#8221;: d\u00e9but des expositions itin\u00e9rantes promues par le Minist\u00e8re Italien des Affaires \u00e9trang\u00e8res<\/a>\n\t\t\t\n\t\t\t\t\t\t\t\t\n\t\t\n\t\t\t\t\t\t\t\t\t\t\t\t<h4 class=\"fusion-rollover-title\">\n\t\t\t\t\t<a class=\"fusion-rollover-title-link\" href=\"https:\/\/cortomaltese.com\/fr\/hugo-pratt-les-expositions-itinerantes-promues-par-le-ministere-italien-des-affaires-etrangeres-commencent\/\">\n\t\t\t\t\t\t&#8220;Hugo Pratt, son h\u00e9ritage, son \u0153uvre et sa biographie&#8221;: d\u00e9but des expositions itin\u00e9rantes promues par le Minist\u00e8re Italien des Affaires \u00e9trang\u00e8res\t\t\t\t\t<\/a>\n\t\t\t\t<\/h4>\n\t\t\t\n\t\t\t\t\t\t\t\t\n\t\t\n\t\t\t\t\t\t<a class=\"fusion-link-wrapper\" href=\"https:\/\/cortomaltese.com\/fr\/hugo-pratt-les-expositions-itinerantes-promues-par-le-ministere-italien-des-affaires-etrangeres-commencent\/\" aria-label=\"&#8220;Hugo Pratt, son h\u00e9ritage, son \u0153uvre et sa biographie&#8221;: d\u00e9but des expositions itin\u00e9rantes promues par le Minist\u00e8re Italien des Affaires \u00e9trang\u00e8res\"><\/a>\n\t<\/div>\n<\/div>\n<\/div>\n<\/li>\n\t\t\t\n\t\t\t\n\t\t\t\t\t\t\t\t\t\t\t\t\t\t\t\t\t\t\t\t\t\t\t\t\t\t\t\t\t\t\t\t\t\t\t\t\t\t\t\t\t\t\t\t\t\t\t\t\t\t\t\t\t\t\t\t\t\t\t\t\t\t\t\t\t\t\t\t<\/ul>\n\t<\/div>\n\t<div class=\"fusion-post-content-wrapper\" style=\"padding:30px 25px 20px 25px;\"><div class=\"fusion-post-content post-content\"><div class=\"fusion-timeline-circle\" style=\"background-color:#ebeaea;\"><\/div><div class=\"fusion-timeline-arrow\" style=\"color:#ebeaea;\"><\/div><h2 class=\"blog-shortcode-post-title entry-title\"><a href=\"https:\/\/cortomaltese.com\/fr\/hugo-pratt-les-expositions-itinerantes-promues-par-le-ministere-italien-des-affaires-etrangeres-commencent\/\">&#8220;Hugo Pratt, son h\u00e9ritage, son \u0153uvre et sa biographie&#8221;: d\u00e9but des expositions itin\u00e9rantes promues par le Minist\u00e8re Italien des Affaires \u00e9trang\u00e8res<\/a><\/h2><div class=\"fusion-post-content-container\"><p> Hugo Pratt et Corto Maltese : avec la Farnesina<a href=\"https:\/\/cortomaltese.com\/fr\/hugo-pratt-les-expositions-itinerantes-promues-par-le-ministere-italien-des-affaires-etrangeres-commencent\/\"> [...]<\/a><\/p><\/div><\/div><\/div><div class=\"fusion-clearfix\"><\/div><\/div>\n<\/article>\n<\/div><h3 class=\"fusion-timeline-date\" style=\"background-color:#ebeaea;\">mars 2022<\/h3><div class=\"fusion-collapse-month\"><article id=\"blog-1-post-15139\" style=\"border-color:#ebeaea;\" class=\"fusion-post-timeline fusion-clearfix fusion-right-column post-15139 post type-post status-publish format-standard has-post-thumbnail hentry category-evenements category-featured category-nouveautes tag-genes tag-hugo-pratt tag-sgt-kirk\">\n<div class=\"fusion-post-wrapper\" style=\"background-color:rgba(255,255,255,0);\">\n\n\t\t\t<div class=\"fusion-flexslider flexslider fusion-flexslider-loading fusion-post-slideshow\" style=\"border-color:#ebeaea;\">\n\t\t<ul class=\"slides\">\n\t\t\t\n\t\t\t\t\t\t\t\t\t\t\t\t\t\t<li><div  class=\"fusion-image-wrapper\" aria-haspopup=\"true\">\n\t\t\t\t<img decoding=\"async\" width=\"670\" height=\"946\" src=\"https:\/\/cortomaltese.com\/fr\/wp-content\/uploads\/sites\/3\/Exposition-Royan_affiche.png\" class=\"attachment-full size-full wp-post-image\" alt=\"Escale Atlantique\" srcset=\"https:\/\/cortomaltese.com\/fr\/wp-content\/uploads\/sites\/3\/Exposition-Royan_affiche-200x282.png 200w, https:\/\/cortomaltese.com\/fr\/wp-content\/uploads\/sites\/3\/Exposition-Royan_affiche-400x565.png 400w, https:\/\/cortomaltese.com\/fr\/wp-content\/uploads\/sites\/3\/Exposition-Royan_affiche-600x847.png 600w, https:\/\/cortomaltese.com\/fr\/wp-content\/uploads\/sites\/3\/Exposition-Royan_affiche.png 670w\" sizes=\"(max-width: 800px) 100vw, 40vw\" \/><div class=\"fusion-rollover\">\n\t<div class=\"fusion-rollover-content\">\n\n\t\t\t\t\t\t\t\t\t\t\t\t\t\t<a class=\"fusion-rollover-link\" href=\"https:\/\/cortomaltese.com\/fr\/escale-atlantique-corto-maltese-fait-escale-a-saint-palais-sur-mer\/\">Escale Atlantique, du 9 avril Corto Maltese fait escale \u00e0 Saint-Palais-sur-Mer<\/a>\n\t\t\t\n\t\t\t\t\t\t\t\t\n\t\t\n\t\t\t\t\t\t\t\t\t\t\t\t<h4 class=\"fusion-rollover-title\">\n\t\t\t\t\t<a class=\"fusion-rollover-title-link\" href=\"https:\/\/cortomaltese.com\/fr\/escale-atlantique-corto-maltese-fait-escale-a-saint-palais-sur-mer\/\">\n\t\t\t\t\t\tEscale Atlantique, du 9 avril Corto Maltese fait escale \u00e0 Saint-Palais-sur-Mer\t\t\t\t\t<\/a>\n\t\t\t\t<\/h4>\n\t\t\t\n\t\t\t\t\t\t\t\t\n\t\t\n\t\t\t\t\t\t<a class=\"fusion-link-wrapper\" href=\"https:\/\/cortomaltese.com\/fr\/escale-atlantique-corto-maltese-fait-escale-a-saint-palais-sur-mer\/\" aria-label=\"Escale Atlantique, du 9 avril Corto Maltese fait escale \u00e0 Saint-Palais-sur-Mer\"><\/a>\n\t<\/div>\n<\/div>\n<\/div>\n<\/li>\n\t\t\t\n\t\t\t\n\t\t\t\t\t\t\t\t\t\t\t\t\t\t\t\t\t\t\t\t\t\t\t\t\t\t\t\t\t\t\t\t\t\t\t\t\t\t\t\t\t\t\t\t\t\t\t\t\t\t\t\t\t\t\t\t\t\t\t\t\t\t\t\t\t\t\t\t<\/ul>\n\t<\/div>\n\t<div class=\"fusion-post-content-wrapper\" style=\"padding:30px 25px 20px 25px;\"><div class=\"fusion-post-content post-content\"><div class=\"fusion-timeline-circle\" style=\"background-color:#ebeaea;\"><\/div><div class=\"fusion-timeline-arrow\" style=\"color:#ebeaea;\"><\/div><h2 class=\"blog-shortcode-post-title entry-title\"><a href=\"https:\/\/cortomaltese.com\/fr\/escale-atlantique-corto-maltese-fait-escale-a-saint-palais-sur-mer\/\">Escale Atlantique, du 9 avril Corto Maltese fait escale \u00e0 Saint-Palais-sur-Mer<\/a><\/h2><div class=\"fusion-post-content-container\"><p>Avril 2022, Corto Maltese \u00e0 la Maison des Douanes: un lieu exceptionnel o\u00f9 jeter l\u2019ancre pour un marin chercheur de tr\u00e9sor et aventurier bourlingueur, n\u00e9 en 1967 de l\u2019imagination de son cr\u00e9ateur Hugo Pratt.<\/p><\/div><\/div><\/div><div class=\"fusion-clearfix\"><\/div><\/div>\n<\/article>\n<article id=\"blog-1-post-15117\" style=\"border-color:#ebeaea;\" class=\"fusion-post-timeline fusion-clearfix fusion-left-column post-15117 post type-post status-publish format-standard has-post-thumbnail hentry category-evenements category-featured category-nouveautes tag-genes tag-hugo-pratt tag-sgt-kirk\">\n<div class=\"fusion-post-wrapper\" style=\"background-color:rgba(255,255,255,0);\">\n\n\t\t\t<div class=\"fusion-flexslider flexslider fusion-flexslider-loading fusion-post-slideshow\" style=\"border-color:#ebeaea;\">\n\t\t<ul class=\"slides\">\n\t\t\t\n\t\t\t\t\t\t\t\t\t\t\t\t\t\t<li><div  class=\"fusion-image-wrapper\" aria-haspopup=\"true\">\n\t\t\t\t<img decoding=\"async\" width=\"1836\" height=\"2573\" src=\"https:\/\/cortomaltese.com\/fr\/wp-content\/uploads\/sites\/3\/Affiche_Hugo-Pratt_Da-Genova-ai-mari-del-Sud.jpg\" class=\"attachment-full size-full wp-post-image\" alt=\"Hugo Pratt G\u00eanes\" srcset=\"https:\/\/cortomaltese.com\/fr\/wp-content\/uploads\/sites\/3\/Affiche_Hugo-Pratt_Da-Genova-ai-mari-del-Sud-200x280.jpg 200w, https:\/\/cortomaltese.com\/fr\/wp-content\/uploads\/sites\/3\/Affiche_Hugo-Pratt_Da-Genova-ai-mari-del-Sud-400x561.jpg 400w, https:\/\/cortomaltese.com\/fr\/wp-content\/uploads\/sites\/3\/Affiche_Hugo-Pratt_Da-Genova-ai-mari-del-Sud-600x841.jpg 600w, https:\/\/cortomaltese.com\/fr\/wp-content\/uploads\/sites\/3\/Affiche_Hugo-Pratt_Da-Genova-ai-mari-del-Sud-800x1121.jpg 800w, https:\/\/cortomaltese.com\/fr\/wp-content\/uploads\/sites\/3\/Affiche_Hugo-Pratt_Da-Genova-ai-mari-del-Sud-1200x1682.jpg 1200w, https:\/\/cortomaltese.com\/fr\/wp-content\/uploads\/sites\/3\/Affiche_Hugo-Pratt_Da-Genova-ai-mari-del-Sud.jpg 1836w\" sizes=\"(max-width: 800px) 100vw, 40vw\" \/><div class=\"fusion-rollover\">\n\t<div class=\"fusion-rollover-content\">\n\n\t\t\t\t\t\t\t\t\t\t\t\t\t\t<a class=\"fusion-rollover-link\" href=\"https:\/\/cortomaltese.com\/fr\/hugo-pratt-da-genova-ai-mari-del-sud-lexposition-a-genes-a-partir-du-14-octobre\/\">Prolong\u00e9! Hugo Pratt da Genova ai mari del Sud, l&#8217;exposition \u00e0 G\u00eanes \u00e0 partir du 14 octobre<\/a>\n\t\t\t\n\t\t\t\t\t\t\t\t\n\t\t\n\t\t\t\t\t\t\t\t\t\t\t\t<h4 class=\"fusion-rollover-title\">\n\t\t\t\t\t<a class=\"fusion-rollover-title-link\" href=\"https:\/\/cortomaltese.com\/fr\/hugo-pratt-da-genova-ai-mari-del-sud-lexposition-a-genes-a-partir-du-14-octobre\/\">\n\t\t\t\t\t\tProlong\u00e9! Hugo Pratt da Genova ai mari del Sud, l&#8217;exposition \u00e0 G\u00eanes \u00e0 partir du 14 octobre\t\t\t\t\t<\/a>\n\t\t\t\t<\/h4>\n\t\t\t\n\t\t\t\t\t\t\t\t\n\t\t\n\t\t\t\t\t\t<a class=\"fusion-link-wrapper\" href=\"https:\/\/cortomaltese.com\/fr\/hugo-pratt-da-genova-ai-mari-del-sud-lexposition-a-genes-a-partir-du-14-octobre\/\" aria-label=\"Prolong\u00e9! Hugo Pratt da Genova ai mari del Sud, l&#8217;exposition \u00e0 G\u00eanes \u00e0 partir du 14 octobre\"><\/a>\n\t<\/div>\n<\/div>\n<\/div>\n<\/li>\n\t\t\t\n\t\t\t\n\t\t\t\t\t\t\t\t\t\t\t\t\t\t\t\t\t\t\t\t\t\t\t\t\t\t\t\t\t\t\t\t\t\t\t\t\t\t\t\t\t\t\t\t\t\t\t\t\t\t\t\t\t\t\t\t\t\t\t\t\t\t\t\t\t\t\t\t<\/ul>\n\t<\/div>\n\t<div class=\"fusion-post-content-wrapper\" style=\"padding:30px 25px 20px 25px;\"><div class=\"fusion-post-content post-content\"><div class=\"fusion-timeline-circle\" style=\"background-color:#ebeaea;\"><\/div><div class=\"fusion-timeline-arrow\" style=\"color:#ebeaea;\"><\/div><h2 class=\"blog-shortcode-post-title entry-title\"><a href=\"https:\/\/cortomaltese.com\/fr\/hugo-pratt-da-genova-ai-mari-del-sud-lexposition-a-genes-a-partir-du-14-octobre\/\">Prolong\u00e9! Hugo Pratt da Genova ai mari del Sud, l&#8217;exposition \u00e0 G\u00eanes \u00e0 partir du 14 octobre<\/a><\/h2><div class=\"fusion-post-content-container\"><p>Hugo Pratt da Genova ai mari del Sud, une exposition qui c\u00e9l\u00e8bre une p\u00e9riode historique de la bande dessin\u00e9e italienne : de Sergent Kirk \u00e0 la naissance de Corto Maltese, pr\u00e9parez-vous \u00e0 mettre les voiles pour des \u00eeles lointaines dans le vent.\r\n<\/p><\/div><\/div><\/div><div class=\"fusion-clearfix\"><\/div><\/div>\n<\/article>\n<\/div><h3 class=\"fusion-timeline-date\" style=\"background-color:#ebeaea;\">juillet 2021<\/h3><div class=\"fusion-collapse-month\"><article id=\"blog-1-post-15091\" style=\"border-color:#ebeaea;\" class=\"fusion-post-timeline fusion-clearfix fusion-right-column post-15091 post type-post status-publish format-standard has-post-thumbnail hentry category-evenements category-featured tag-bayonne tag-dessin tag-didam tag-hugo-pratt\">\n<div class=\"fusion-post-wrapper\" style=\"background-color:rgba(255,255,255,0);\">\n\n\t\t\t<div class=\"fusion-flexslider flexslider fusion-flexslider-loading fusion-post-slideshow\" style=\"border-color:#ebeaea;\">\n\t\t<ul class=\"slides\">\n\t\t\t\n\t\t\t\t\t\t\t\t\t\t\t\t\t\t<li><div  class=\"fusion-image-wrapper\" aria-haspopup=\"true\">\n\t\t\t\t<img decoding=\"async\" width=\"1000\" height=\"1466\" src=\"https:\/\/cortomaltese.com\/fr\/wp-content\/uploads\/sites\/3\/affiche-hugo-Pratt-light-min.jpg\" class=\"attachment-full size-full wp-post-image\" alt=\"Bayonne Hugo Pratt\" srcset=\"https:\/\/cortomaltese.com\/fr\/wp-content\/uploads\/sites\/3\/affiche-hugo-Pratt-light-min-200x293.jpg 200w, https:\/\/cortomaltese.com\/fr\/wp-content\/uploads\/sites\/3\/affiche-hugo-Pratt-light-min-400x586.jpg 400w, https:\/\/cortomaltese.com\/fr\/wp-content\/uploads\/sites\/3\/affiche-hugo-Pratt-light-min-600x880.jpg 600w, https:\/\/cortomaltese.com\/fr\/wp-content\/uploads\/sites\/3\/affiche-hugo-Pratt-light-min-800x1173.jpg 800w, https:\/\/cortomaltese.com\/fr\/wp-content\/uploads\/sites\/3\/affiche-hugo-Pratt-light-min.jpg 1000w\" sizes=\"(max-width: 800px) 100vw, 40vw\" \/><div class=\"fusion-rollover\">\n\t<div class=\"fusion-rollover-content\">\n\n\t\t\t\t\t\t\t\t\t\t\t\t\t\t<a class=\"fusion-rollover-link\" href=\"https:\/\/cortomaltese.com\/fr\/bayonne-hugo-pratt\/\">Hugo Pratt, dessin au long cours au DIDAM<\/a>\n\t\t\t\n\t\t\t\t\t\t\t\t\n\t\t\n\t\t\t\t\t\t\t\t\t\t\t\t<h4 class=\"fusion-rollover-title\">\n\t\t\t\t\t<a class=\"fusion-rollover-title-link\" href=\"https:\/\/cortomaltese.com\/fr\/bayonne-hugo-pratt\/\">\n\t\t\t\t\t\tHugo Pratt, dessin au long cours au DIDAM\t\t\t\t\t<\/a>\n\t\t\t\t<\/h4>\n\t\t\t\n\t\t\t\t\t\t\t\t\n\t\t\n\t\t\t\t\t\t<a class=\"fusion-link-wrapper\" href=\"https:\/\/cortomaltese.com\/fr\/bayonne-hugo-pratt\/\" aria-label=\"Hugo Pratt, dessin au long cours au DIDAM\"><\/a>\n\t<\/div>\n<\/div>\n<\/div>\n<\/li>\n\t\t\t\n\t\t\t\n\t\t\t\t\t\t\t\t\t\t\t\t\t\t\t\t\t\t\t\t\t\t\t\t\t\t\t\t\t\t\t\t\t\t\t\t\t\t\t\t\t\t\t\t\t\t\t\t\t\t\t\t\t\t\t\t\t\t\t\t\t\t\t\t\t\t\t\t<\/ul>\n\t<\/div>\n\t<div class=\"fusion-post-content-wrapper\" style=\"padding:30px 25px 20px 25px;\"><div class=\"fusion-post-content post-content\"><div class=\"fusion-timeline-circle\" style=\"background-color:#ebeaea;\"><\/div><div class=\"fusion-timeline-arrow\" style=\"color:#ebeaea;\"><\/div><h2 class=\"blog-shortcode-post-title entry-title\"><a href=\"https:\/\/cortomaltese.com\/fr\/bayonne-hugo-pratt\/\">Hugo Pratt, dessin au long cours au DIDAM<\/a><\/h2><div class=\"fusion-post-content-container\"><p>Consacrant pour la premi\u00e8re fois un projet \u00e0 la bande-dessin\u00e9e, le DIDAM met \u00e0 l'honneur le parcours du Hugo Pratt<\/p><\/div><\/div><\/div><div class=\"fusion-clearfix\"><\/div><\/div>\n<\/article>\n<\/div><h3 class=\"fusion-timeline-date\" style=\"background-color:#ebeaea;\">mars 2021<\/h3><div class=\"fusion-collapse-month\"><article id=\"blog-1-post-15070\" style=\"border-color:#ebeaea;\" class=\"fusion-post-timeline fusion-clearfix fusion-left-column post-15070 post type-post status-publish format-standard has-post-thumbnail hentry category-evenements category-evidence category-featured tag-bordeaux tag-exposition tag-lignes-dhorizons tag-musee-daquitaine\">\n<div class=\"fusion-post-wrapper\" style=\"background-color:rgba(255,255,255,0);\">\n\n\t\t\t<div class=\"fusion-flexslider flexslider fusion-flexslider-loading fusion-post-slideshow\" style=\"border-color:#ebeaea;\">\n\t\t<ul class=\"slides\">\n\t\t\t\n\t\t\t\t\t\t\t\t\t\t\t\t\t\t<li><div  class=\"fusion-image-wrapper\" aria-haspopup=\"true\">\n\t\t\t\t<img decoding=\"async\" width=\"1680\" height=\"2264\" src=\"https:\/\/cortomaltese.com\/fr\/wp-content\/uploads\/sites\/3\/Locandina.jpg\" class=\"attachment-full size-full wp-post-image\" alt=\"Hugo Pratt Bordeaux\" srcset=\"https:\/\/cortomaltese.com\/fr\/wp-content\/uploads\/sites\/3\/Locandina-200x270.jpg 200w, https:\/\/cortomaltese.com\/fr\/wp-content\/uploads\/sites\/3\/Locandina-400x539.jpg 400w, https:\/\/cortomaltese.com\/fr\/wp-content\/uploads\/sites\/3\/Locandina-600x809.jpg 600w, https:\/\/cortomaltese.com\/fr\/wp-content\/uploads\/sites\/3\/Locandina-800x1078.jpg 800w, https:\/\/cortomaltese.com\/fr\/wp-content\/uploads\/sites\/3\/Locandina-1200x1617.jpg 1200w, https:\/\/cortomaltese.com\/fr\/wp-content\/uploads\/sites\/3\/Locandina.jpg 1680w\" sizes=\"(max-width: 800px) 100vw, 40vw\" \/><div class=\"fusion-rollover\">\n\t<div class=\"fusion-rollover-content\">\n\n\t\t\t\t\t\t\t\t\t\t\t\t\t\t<a class=\"fusion-rollover-link\" href=\"https:\/\/cortomaltese.com\/fr\/hugo-pratt-expo-bordeaux\/\">Hugo Pratt, l\u2019exposition Lignes d\u2019horizons au Mus\u00e9e D\u2019Aquitaine \u00e0 Bordeaux<\/a>\n\t\t\t\n\t\t\t\t\t\t\t\t\n\t\t\n\t\t\t\t\t\t\t\t\t\t\t\t<h4 class=\"fusion-rollover-title\">\n\t\t\t\t\t<a class=\"fusion-rollover-title-link\" href=\"https:\/\/cortomaltese.com\/fr\/hugo-pratt-expo-bordeaux\/\">\n\t\t\t\t\t\tHugo Pratt, l\u2019exposition Lignes d\u2019horizons au Mus\u00e9e D\u2019Aquitaine \u00e0 Bordeaux\t\t\t\t\t<\/a>\n\t\t\t\t<\/h4>\n\t\t\t\n\t\t\t\t\t\t\t\t\n\t\t\n\t\t\t\t\t\t<a class=\"fusion-link-wrapper\" href=\"https:\/\/cortomaltese.com\/fr\/hugo-pratt-expo-bordeaux\/\" aria-label=\"Hugo Pratt, l\u2019exposition Lignes d\u2019horizons au Mus\u00e9e D\u2019Aquitaine \u00e0 Bordeaux\"><\/a>\n\t<\/div>\n<\/div>\n<\/div>\n<\/li>\n\t\t\t\n\t\t\t\n\t\t\t\t\t\t\t\t\t\t\t\t\t\t\t\t\t\t\t\t\t\t\t\t\t\t\t\t\t\t\t\t\t\t\t\t\t\t\t\t\t\t\t\t\t\t\t\t\t\t\t\t\t\t\t\t\t\t\t\t\t\t\t\t\t\t\t\t<\/ul>\n\t<\/div>\n\t<div class=\"fusion-post-content-wrapper\" style=\"padding:30px 25px 20px 25px;\"><div class=\"fusion-post-content post-content\"><div class=\"fusion-timeline-circle\" style=\"background-color:#ebeaea;\"><\/div><div class=\"fusion-timeline-arrow\" style=\"color:#ebeaea;\"><\/div><h2 class=\"blog-shortcode-post-title entry-title\"><a href=\"https:\/\/cortomaltese.com\/fr\/hugo-pratt-expo-bordeaux\/\">Hugo Pratt, l\u2019exposition Lignes d\u2019horizons au Mus\u00e9e D\u2019Aquitaine \u00e0 Bordeaux<\/a><\/h2><div class=\"fusion-post-content-container\"><p>Au Mus\u00e9e d\u2019Aquitaine, \u00e0 Bordeaux,\u00a0s\u2019est achev\u00e9e l\u2019installation de \"Lignes d\u2019Horizons\", l\u2019exposition d\u00e9di\u00e9e \u00e0 Hugo Pratt n\u00e9e d\u2019un concept original de Cong Sa<\/p><\/div><\/div><\/div><div class=\"fusion-clearfix\"><\/div><\/div>\n<\/article>\n<\/div><h3 class=\"fusion-timeline-date\" style=\"background-color:#ebeaea;\">mars 2020<\/h3><div class=\"fusion-collapse-month\"><article id=\"blog-1-post-14942\" style=\"border-color:#ebeaea;\" class=\"fusion-post-timeline fusion-clearfix fusion-right-column post-14942 post type-post status-publish format-standard has-post-thumbnail hentry category-evenements tag-thierry-thomas tag-trait-pour-trait\">\n<div class=\"fusion-post-wrapper\" style=\"background-color:rgba(255,255,255,0);\">\n\n\t\t\t<div class=\"fusion-flexslider flexslider fusion-flexslider-loading fusion-post-slideshow\" style=\"border-color:#ebeaea;\">\n\t\t<ul class=\"slides\">\n\t\t\t\n\t\t\t\t\t\t\t\t\t\t\t\t\t\t<li><div  class=\"fusion-image-wrapper\" aria-haspopup=\"true\">\n\t\t\t\t<img decoding=\"async\" width=\"600\" height=\"874\" src=\"https:\/\/cortomaltese.com\/fr\/wp-content\/uploads\/sites\/3\/TraitpourTrait_cover.jpeg\" class=\"attachment-full size-full wp-post-image\" alt=\"\" srcset=\"https:\/\/cortomaltese.com\/fr\/wp-content\/uploads\/sites\/3\/TraitpourTrait_cover-200x291.jpeg 200w, https:\/\/cortomaltese.com\/fr\/wp-content\/uploads\/sites\/3\/TraitpourTrait_cover-400x583.jpeg 400w, https:\/\/cortomaltese.com\/fr\/wp-content\/uploads\/sites\/3\/TraitpourTrait_cover.jpeg 600w\" sizes=\"(max-width: 800px) 100vw, 40vw\" \/><div class=\"fusion-rollover\">\n\t<div class=\"fusion-rollover-content\">\n\n\t\t\t\t\t\t\t\t\t\t\t\t\t\t<a class=\"fusion-rollover-link\" href=\"https:\/\/cortomaltese.com\/fr\/hugo-pratt-trait-pour-trait\/\">Hugo Pratt, trait pour trait de Thierry Thomas<\/a>\n\t\t\t\n\t\t\t\t\t\t\t\t\n\t\t\n\t\t\t\t\t\t\t\t\t\t\t\t<h4 class=\"fusion-rollover-title\">\n\t\t\t\t\t<a class=\"fusion-rollover-title-link\" href=\"https:\/\/cortomaltese.com\/fr\/hugo-pratt-trait-pour-trait\/\">\n\t\t\t\t\t\tHugo Pratt, trait pour trait de Thierry Thomas\t\t\t\t\t<\/a>\n\t\t\t\t<\/h4>\n\t\t\t\n\t\t\t\t\t\t\t\t\n\t\t\n\t\t\t\t\t\t<a class=\"fusion-link-wrapper\" href=\"https:\/\/cortomaltese.com\/fr\/hugo-pratt-trait-pour-trait\/\" aria-label=\"Hugo Pratt, trait pour trait de Thierry Thomas\"><\/a>\n\t<\/div>\n<\/div>\n<\/div>\n<\/li>\n\t\t\t\n\t\t\t\n\t\t\t\t\t\t\t\t\t\t\t\t\t\t\t\t\t\t\t\t\t\t\t\t\t\t\t\t\t\t\t\t\t\t\t\t\t\t\t\t\t\t\t\t\t\t\t\t\t\t\t\t\t\t\t\t\t\t\t\t\t\t\t\t\t\t\t\t<\/ul>\n\t<\/div>\n\t<div class=\"fusion-post-content-wrapper\" style=\"padding:30px 25px 20px 25px;\"><div class=\"fusion-post-content post-content\"><div class=\"fusion-timeline-circle\" style=\"background-color:#ebeaea;\"><\/div><div class=\"fusion-timeline-arrow\" style=\"color:#ebeaea;\"><\/div><h2 class=\"blog-shortcode-post-title entry-title\"><a href=\"https:\/\/cortomaltese.com\/fr\/hugo-pratt-trait-pour-trait\/\">Hugo Pratt, trait pour trait de Thierry Thomas<\/a><\/h2><div class=\"fusion-post-content-container\"><p>Le r\u00e9alisateur, sc\u00e9nariste et essayiste Thierry Thomas est un grand admirateur d\u02b9Hugo Pratt. Il vient de signer \"Hugo Pratt, trait pour trait\". Un essai romanesque qui c\u00e9l\u00e8bre l\u02b9univers sans fronti\u00e8res du cr\u00e9ateur de Corto Maltese.<\/p><\/div><\/div><\/div><div class=\"fusion-clearfix\"><\/div><\/div>\n<\/article>\n<\/div><h3 class=\"fusion-timeline-date\" style=\"background-color:#ebeaea;\">f\u00e9vrier 2020<\/h3><div class=\"fusion-collapse-month\"><article id=\"blog-1-post-14884\" style=\"border-color:#ebeaea;\" class=\"fusion-post-timeline fusion-clearfix fusion-left-column post-14884 post type-post status-publish format-standard has-post-thumbnail hentry category-evenements tag-brandts-museum tag-hugo-pratt-beyond-corto-maltese\">\n<div class=\"fusion-post-wrapper\" style=\"background-color:rgba(255,255,255,0);\">\n\n\t\t\t<div class=\"fusion-flexslider flexslider fusion-flexslider-loading fusion-post-slideshow\" style=\"border-color:#ebeaea;\">\n\t\t<ul class=\"slides\">\n\t\t\t\n\t\t\t\t\t\t\t\t\t\t\t\t\t\t<li><div  class=\"fusion-image-wrapper\" aria-haspopup=\"true\">\n\t\t\t\t<img decoding=\"async\" width=\"1920\" height=\"1080\" src=\"https:\/\/cortomaltese.com\/fr\/wp-content\/uploads\/sites\/3\/HUGO-PRATT-1.jpg\" class=\"attachment-full size-full wp-post-image\" alt=\"\" srcset=\"https:\/\/cortomaltese.com\/fr\/wp-content\/uploads\/sites\/3\/HUGO-PRATT-1-200x113.jpg 200w, https:\/\/cortomaltese.com\/fr\/wp-content\/uploads\/sites\/3\/HUGO-PRATT-1-400x225.jpg 400w, https:\/\/cortomaltese.com\/fr\/wp-content\/uploads\/sites\/3\/HUGO-PRATT-1-600x338.jpg 600w, https:\/\/cortomaltese.com\/fr\/wp-content\/uploads\/sites\/3\/HUGO-PRATT-1-800x450.jpg 800w, https:\/\/cortomaltese.com\/fr\/wp-content\/uploads\/sites\/3\/HUGO-PRATT-1-1200x675.jpg 1200w, https:\/\/cortomaltese.com\/fr\/wp-content\/uploads\/sites\/3\/HUGO-PRATT-1.jpg 1920w\" sizes=\"(max-width: 800px) 100vw, 40vw\" \/><div class=\"fusion-rollover\">\n\t<div class=\"fusion-rollover-content\">\n\n\t\t\t\t\t\t\t\t\t\t\t\t\t\t<a class=\"fusion-rollover-link\" href=\"https:\/\/cortomaltese.com\/fr\/hugo-pratt-beyond-corto-maltese\/\">Hugo Pratt beyond Corto Maltese, depuis le 27 septembre l&#8217;exposition en Danemark<\/a>\n\t\t\t\n\t\t\t\t\t\t\t\t\n\t\t\n\t\t\t\t\t\t\t\t\t\t\t\t<h4 class=\"fusion-rollover-title\">\n\t\t\t\t\t<a class=\"fusion-rollover-title-link\" href=\"https:\/\/cortomaltese.com\/fr\/hugo-pratt-beyond-corto-maltese\/\">\n\t\t\t\t\t\tHugo Pratt beyond Corto Maltese, depuis le 27 septembre l&#8217;exposition en Danemark\t\t\t\t\t<\/a>\n\t\t\t\t<\/h4>\n\t\t\t\n\t\t\t\t\t\t\t\t\n\t\t\n\t\t\t\t\t\t<a class=\"fusion-link-wrapper\" href=\"https:\/\/cortomaltese.com\/fr\/hugo-pratt-beyond-corto-maltese\/\" aria-label=\"Hugo Pratt beyond Corto Maltese, depuis le 27 septembre l&#8217;exposition en Danemark\"><\/a>\n\t<\/div>\n<\/div>\n<\/div>\n<\/li>\n\t\t\t\n\t\t\t\n\t\t\t\t\t\t\t\t\t\t\t\t\t\t\t\t\t\t\t\t\t\t\t\t\t\t\t\t\t\t\t\t\t\t\t\t\t\t\t\t\t\t\t\t\t\t\t\t\t\t\t\t\t\t\t\t\t\t\t\t\t\t\t\t\t\t\t\t<\/ul>\n\t<\/div>\n\t<div class=\"fusion-post-content-wrapper\" style=\"padding:30px 25px 20px 25px;\"><div class=\"fusion-post-content post-content\"><div class=\"fusion-timeline-circle\" style=\"background-color:#ebeaea;\"><\/div><div class=\"fusion-timeline-arrow\" style=\"color:#ebeaea;\"><\/div><h2 class=\"blog-shortcode-post-title entry-title\"><a href=\"https:\/\/cortomaltese.com\/fr\/hugo-pratt-beyond-corto-maltese\/\">Hugo Pratt beyond Corto Maltese, depuis le 27 septembre l&#8217;exposition en Danemark<\/a><\/h2><div class=\"fusion-post-content-container\"><p>L\u2019exposition, articul\u00e9e en une douzaine de salles, retrace les principaux chapitres de la vie, des exp\u00e9riences et de la production artistique de Hugo Pratt. <\/p><\/div><\/div><\/div><div class=\"fusion-clearfix\"><\/div><\/div>\n<\/article>\n<\/div><h3 class=\"fusion-timeline-date\" style=\"background-color:#ebeaea;\">mai 2019<\/h3><div class=\"fusion-collapse-month\"><article id=\"blog-1-post-14505\" style=\"border-color:#ebeaea;\" class=\"fusion-post-timeline fusion-clearfix fusion-right-column post-14505 post type-post status-publish format-standard has-post-thumbnail hentry category-evenements\">\n<div class=\"fusion-post-wrapper\" style=\"background-color:rgba(255,255,255,0);\">\n\n\t\t\t<div class=\"fusion-flexslider flexslider fusion-flexslider-loading fusion-post-slideshow\" style=\"border-color:#ebeaea;\">\n\t\t<ul class=\"slides\">\n\t\t\t\n\t\t\t\t\t\t\t\t\t\t\t\t\t\t<li><div  class=\"fusion-image-wrapper\" aria-haspopup=\"true\">\n\t\t\t\t<img decoding=\"async\" width=\"900\" height=\"1200\" src=\"https:\/\/cortomaltese.com\/fr\/wp-content\/uploads\/sites\/3\/Hugo_Pratt-les_chemins_du_reve.jpg\" class=\"attachment-full size-full wp-post-image\" alt=\"Hugo Pratt, les chemins du r\u00eave\" srcset=\"https:\/\/cortomaltese.com\/fr\/wp-content\/uploads\/sites\/3\/Hugo_Pratt-les_chemins_du_reve-200x267.jpg 200w, https:\/\/cortomaltese.com\/fr\/wp-content\/uploads\/sites\/3\/Hugo_Pratt-les_chemins_du_reve-400x533.jpg 400w, https:\/\/cortomaltese.com\/fr\/wp-content\/uploads\/sites\/3\/Hugo_Pratt-les_chemins_du_reve-600x800.jpg 600w, https:\/\/cortomaltese.com\/fr\/wp-content\/uploads\/sites\/3\/Hugo_Pratt-les_chemins_du_reve-800x1067.jpg 800w, https:\/\/cortomaltese.com\/fr\/wp-content\/uploads\/sites\/3\/Hugo_Pratt-les_chemins_du_reve.jpg 900w\" sizes=\"(max-width: 800px) 100vw, 40vw\" \/><div class=\"fusion-rollover\">\n\t<div class=\"fusion-rollover-content\">\n\n\t\t\t\t\t\t\t\t\t\t\t\t\t\t<a class=\"fusion-rollover-link\" href=\"https:\/\/cortomaltese.com\/fr\/hugo-pratt-les-chemins-du-reve\/\">Hugo Pratt, les chemins du r\u00eave\u00a0<\/a>\n\t\t\t\n\t\t\t\t\t\t\t\t\n\t\t\n\t\t\t\t\t\t\t\t\t\t\t\t<h4 class=\"fusion-rollover-title\">\n\t\t\t\t\t<a class=\"fusion-rollover-title-link\" href=\"https:\/\/cortomaltese.com\/fr\/hugo-pratt-les-chemins-du-reve\/\">\n\t\t\t\t\t\tHugo Pratt, les chemins du r\u00eave\u00a0\t\t\t\t\t<\/a>\n\t\t\t\t<\/h4>\n\t\t\t\n\t\t\t\t\t\t\t\t\n\t\t\n\t\t\t\t\t\t<a class=\"fusion-link-wrapper\" href=\"https:\/\/cortomaltese.com\/fr\/hugo-pratt-les-chemins-du-reve\/\" aria-label=\"Hugo Pratt, les chemins du r\u00eave\u00a0\"><\/a>\n\t<\/div>\n<\/div>\n<\/div>\n<\/li>\n\t\t\t\n\t\t\t\n\t\t\t\t\t\t\t\t\t\t\t\t\t\t\t\t\t\t\t\t\t\t\t\t\t\t\t\t\t\t\t\t\t\t\t\t\t\t\t\t\t\t\t\t\t\t\t\t\t\t\t\t\t\t\t\t\t\t\t\t\t\t\t\t\t\t\t\t<\/ul>\n\t<\/div>\n\t<div class=\"fusion-post-content-wrapper\" style=\"padding:30px 25px 20px 25px;\"><div class=\"fusion-post-content post-content\"><div class=\"fusion-timeline-circle\" style=\"background-color:#ebeaea;\"><\/div><div class=\"fusion-timeline-arrow\" style=\"color:#ebeaea;\"><\/div><h2 class=\"blog-shortcode-post-title entry-title\"><a href=\"https:\/\/cortomaltese.com\/fr\/hugo-pratt-les-chemins-du-reve\/\">Hugo Pratt, les chemins du r\u00eave\u00a0<\/a><\/h2><div class=\"fusion-post-content-container\"><p>Une invitation \u00e0 parcourir le labyrinthe des songes de Pratt \u00e0\u00a0travers ses oeuvres. EXPOSITION \u00c0 LA FONDATION FOLON PROLONG\u00c9E JUSQU\u2019AU 5 JANVIER 2020<\/p><\/div><\/div><\/div><div class=\"fusion-clearfix\"><\/div><\/div>\n<\/article>\n<article id=\"blog-1-post-14498\" style=\"border-color:#ebeaea;\" class=\"fusion-post-timeline fusion-clearfix fusion-left-column post-14498 post type-post status-publish format-standard has-post-thumbnail hentry category-evenements category-evidence\">\n<div class=\"fusion-post-wrapper\" style=\"background-color:rgba(255,255,255,0);\">\n\n\t\t\t<div class=\"fusion-flexslider flexslider fusion-flexslider-loading fusion-post-slideshow\" style=\"border-color:#ebeaea;\">\n\t\t<ul class=\"slides\">\n\t\t\t\n\t\t\t\t\t\t\t\t\t\t\t\t\t\t<li><div  class=\"fusion-image-wrapper\" aria-haspopup=\"true\">\n\t\t\t\t<img decoding=\"async\" width=\"637\" height=\"900\" src=\"https:\/\/cortomaltese.com\/fr\/wp-content\/uploads\/sites\/3\/Corto_Maltese-un_viaggio_straordinario-Napoli-2019-Comicon.jpg\" class=\"attachment-full size-full wp-post-image\" alt=\"Corto Maltese - Un viaggio straordinario\" srcset=\"https:\/\/cortomaltese.com\/fr\/wp-content\/uploads\/sites\/3\/Corto_Maltese-un_viaggio_straordinario-Napoli-2019-Comicon-200x283.jpg 200w, https:\/\/cortomaltese.com\/fr\/wp-content\/uploads\/sites\/3\/Corto_Maltese-un_viaggio_straordinario-Napoli-2019-Comicon-400x565.jpg 400w, https:\/\/cortomaltese.com\/fr\/wp-content\/uploads\/sites\/3\/Corto_Maltese-un_viaggio_straordinario-Napoli-2019-Comicon-600x848.jpg 600w, https:\/\/cortomaltese.com\/fr\/wp-content\/uploads\/sites\/3\/Corto_Maltese-un_viaggio_straordinario-Napoli-2019-Comicon.jpg 637w\" sizes=\"(max-width: 800px) 100vw, 40vw\" \/><div class=\"fusion-rollover\">\n\t<div class=\"fusion-rollover-content\">\n\n\t\t\t\t\t\t\t\t\t\t\t\t\t\t<a class=\"fusion-rollover-link\" href=\"https:\/\/cortomaltese.com\/fr\/corto-maltese-un-viaggio-straordinario\/\">Corto Maltese &#8211; Un viaggio straordinario<\/a>\n\t\t\t\n\t\t\t\t\t\t\t\t\n\t\t\n\t\t\t\t\t\t\t\t\t\t\t\t<h4 class=\"fusion-rollover-title\">\n\t\t\t\t\t<a class=\"fusion-rollover-title-link\" href=\"https:\/\/cortomaltese.com\/fr\/corto-maltese-un-viaggio-straordinario\/\">\n\t\t\t\t\t\tCorto Maltese &#8211; Un viaggio straordinario\t\t\t\t\t<\/a>\n\t\t\t\t<\/h4>\n\t\t\t\n\t\t\t\t\t\t\t\t\n\t\t\n\t\t\t\t\t\t<a class=\"fusion-link-wrapper\" href=\"https:\/\/cortomaltese.com\/fr\/corto-maltese-un-viaggio-straordinario\/\" aria-label=\"Corto Maltese &#8211; Un viaggio straordinario\"><\/a>\n\t<\/div>\n<\/div>\n<\/div>\n<\/li>\n\t\t\t\n\t\t\t\n\t\t\t\t\t\t\t\t\t\t\t\t\t\t\t\t\t\t\t\t\t\t\t\t\t\t\t\t\t\t\t\t\t\t\t\t\t\t\t\t\t\t\t\t\t\t\t\t\t\t\t\t\t\t\t\t\t\t\t\t\t\t\t\t\t\t\t\t<\/ul>\n\t<\/div>\n\t<div class=\"fusion-post-content-wrapper\" style=\"padding:30px 25px 20px 25px;\"><div class=\"fusion-post-content post-content\"><div class=\"fusion-timeline-circle\" style=\"background-color:#ebeaea;\"><\/div><div class=\"fusion-timeline-arrow\" style=\"color:#ebeaea;\"><\/div><h2 class=\"blog-shortcode-post-title entry-title\"><a href=\"https:\/\/cortomaltese.com\/fr\/corto-maltese-un-viaggio-straordinario\/\">Corto Maltese &#8211; Un viaggio straordinario<\/a><\/h2><div class=\"fusion-post-content-container\"><p>Corto Maltese - Un viaggio straordinario. 25 Avril - 9 Septembre 2019 Mus\u00e9e National d'Arch\u00e9ologie de Naples<\/p><\/div><\/div><\/div><div class=\"fusion-clearfix\"><\/div><\/div>\n<\/article>\n<\/div><h3 class=\"fusion-timeline-date\" style=\"background-color:#ebeaea;\">avril 2019<\/h3><div class=\"fusion-collapse-month\"><article id=\"blog-1-post-14495\" style=\"border-color:#ebeaea;\" class=\"fusion-post-timeline fusion-clearfix fusion-right-column post-14495 post type-post status-publish format-standard has-post-thumbnail hentry category-evenements\">\n<div class=\"fusion-post-wrapper\" style=\"background-color:rgba(255,255,255,0);\">\n\n\t\t\t<div class=\"fusion-flexslider flexslider fusion-flexslider-loading fusion-post-slideshow\" style=\"border-color:#ebeaea;\">\n\t\t<ul class=\"slides\">\n\t\t\t\n\t\t\t\t\t\t\t\t\t\t\t\t\t\t<li><div  class=\"fusion-image-wrapper\" aria-haspopup=\"true\">\n\t\t\t\t<img decoding=\"async\" width=\"960\" height=\"779\" src=\"https:\/\/cortomaltese.com\/fr\/wp-content\/uploads\/sites\/3\/Las_nuevas_aventuras_de_Corto_Maltes_Pellejero_Canales.jpg\" class=\"attachment-full size-full wp-post-image\" alt=\"Las nuevas aventuras de Corto Malt\u00e9s\u00a0de Pellejero y Canales\" srcset=\"https:\/\/cortomaltese.com\/fr\/wp-content\/uploads\/sites\/3\/Las_nuevas_aventuras_de_Corto_Maltes_Pellejero_Canales-200x162.jpg 200w, https:\/\/cortomaltese.com\/fr\/wp-content\/uploads\/sites\/3\/Las_nuevas_aventuras_de_Corto_Maltes_Pellejero_Canales-400x325.jpg 400w, https:\/\/cortomaltese.com\/fr\/wp-content\/uploads\/sites\/3\/Las_nuevas_aventuras_de_Corto_Maltes_Pellejero_Canales-600x487.jpg 600w, https:\/\/cortomaltese.com\/fr\/wp-content\/uploads\/sites\/3\/Las_nuevas_aventuras_de_Corto_Maltes_Pellejero_Canales-800x649.jpg 800w, https:\/\/cortomaltese.com\/fr\/wp-content\/uploads\/sites\/3\/Las_nuevas_aventuras_de_Corto_Maltes_Pellejero_Canales.jpg 960w\" sizes=\"(max-width: 800px) 100vw, 40vw\" \/><div class=\"fusion-rollover\">\n\t<div class=\"fusion-rollover-content\">\n\n\t\t\t\t\t\t\t\t\t\t\t\t\t\t<a class=\"fusion-rollover-link\" href=\"https:\/\/cortomaltese.com\/fr\/las-nuevas-aventuras-de-corto-maltes-de-pellejero-y-canales\/\">Las nuevas aventuras de Corto Malt\u00e9s\u00a0de Pellejero y Canales<\/a>\n\t\t\t\n\t\t\t\t\t\t\t\t\n\t\t\n\t\t\t\t\t\t\t\t\t\t\t\t<h4 class=\"fusion-rollover-title\">\n\t\t\t\t\t<a class=\"fusion-rollover-title-link\" href=\"https:\/\/cortomaltese.com\/fr\/las-nuevas-aventuras-de-corto-maltes-de-pellejero-y-canales\/\">\n\t\t\t\t\t\tLas nuevas aventuras de Corto Malt\u00e9s\u00a0de Pellejero y Canales\t\t\t\t\t<\/a>\n\t\t\t\t<\/h4>\n\t\t\t\n\t\t\t\t\t\t\t\t\n\t\t\n\t\t\t\t\t\t<a class=\"fusion-link-wrapper\" href=\"https:\/\/cortomaltese.com\/fr\/las-nuevas-aventuras-de-corto-maltes-de-pellejero-y-canales\/\" aria-label=\"Las nuevas aventuras de Corto Malt\u00e9s\u00a0de Pellejero y Canales\"><\/a>\n\t<\/div>\n<\/div>\n<\/div>\n<\/li>\n\t\t\t\n\t\t\t\n\t\t\t\t\t\t\t\t\t\t\t\t\t\t\t\t\t\t\t\t\t\t\t\t\t\t\t\t\t\t\t\t\t\t\t\t\t\t\t\t\t\t\t\t\t\t\t\t\t\t\t\t\t\t\t\t\t\t\t\t\t\t\t\t\t\t\t\t<\/ul>\n\t<\/div>\n\t<div class=\"fusion-post-content-wrapper\" style=\"padding:30px 25px 20px 25px;\"><div class=\"fusion-post-content post-content\"><div class=\"fusion-timeline-circle\" style=\"background-color:#ebeaea;\"><\/div><div class=\"fusion-timeline-arrow\" style=\"color:#ebeaea;\"><\/div><h2 class=\"blog-shortcode-post-title entry-title\"><a href=\"https:\/\/cortomaltese.com\/fr\/las-nuevas-aventuras-de-corto-maltes-de-pellejero-y-canales\/\">Las nuevas aventuras de Corto Malt\u00e9s\u00a0de Pellejero y Canales<\/a><\/h2><div class=\"fusion-post-content-container\"><p>Exposici\u00f3n en el\u00a0Museu Nacional d'Art de Catalunya\u00a0(MNAC). \r\nBarcelona, del 5 de abril hasta el 21 de abril de 2019<\/p><\/div><\/div><\/div><div class=\"fusion-clearfix\"><\/div><\/div>\n<\/article>\n<\/div><h3 class=\"fusion-timeline-date\" style=\"background-color:#ebeaea;\">f\u00e9vrier 2019<\/h3><div class=\"fusion-collapse-month\"><article id=\"blog-1-post-14479\" style=\"border-color:#ebeaea;\" class=\"fusion-post-timeline fusion-clearfix fusion-left-column post-14479 post type-post status-publish format-standard has-post-thumbnail hentry category-evenements\">\n<div class=\"fusion-post-wrapper\" style=\"background-color:rgba(255,255,255,0);\">\n\n\t\t\t<div class=\"fusion-flexslider flexslider fusion-flexslider-loading fusion-post-slideshow\" style=\"border-color:#ebeaea;\">\n\t\t<ul class=\"slides\">\n\t\t\t\n\t\t\t\t\t\t\t\t\t\t\t\t\t\t<li><div  class=\"fusion-image-wrapper\" aria-haspopup=\"true\">\n\t\t\t\t<img decoding=\"async\" width=\"1200\" height=\"800\" src=\"https:\/\/cortomaltese.com\/fr\/wp-content\/uploads\/sites\/3\/Corto_Maltese-Tout_l_art_d_Hugo_Pratt.jpg\" class=\"attachment-full size-full wp-post-image\" alt=\"Corto Maltese Tout Pratt\" srcset=\"https:\/\/cortomaltese.com\/fr\/wp-content\/uploads\/sites\/3\/Corto_Maltese-Tout_l_art_d_Hugo_Pratt-200x133.jpg 200w, https:\/\/cortomaltese.com\/fr\/wp-content\/uploads\/sites\/3\/Corto_Maltese-Tout_l_art_d_Hugo_Pratt-400x267.jpg 400w, https:\/\/cortomaltese.com\/fr\/wp-content\/uploads\/sites\/3\/Corto_Maltese-Tout_l_art_d_Hugo_Pratt-600x400.jpg 600w, https:\/\/cortomaltese.com\/fr\/wp-content\/uploads\/sites\/3\/Corto_Maltese-Tout_l_art_d_Hugo_Pratt-800x533.jpg 800w, https:\/\/cortomaltese.com\/fr\/wp-content\/uploads\/sites\/3\/Corto_Maltese-Tout_l_art_d_Hugo_Pratt.jpg 1200w\" sizes=\"(max-width: 800px) 100vw, 40vw\" \/><div class=\"fusion-rollover\">\n\t<div class=\"fusion-rollover-content\">\n\n\t\t\t\t\t\t\t\t\t\t\t\t\t\t<a class=\"fusion-rollover-link\" href=\"https:\/\/cortomaltese.com\/fr\/tout-lart-dhugo-pratt\/\">Tout l\u2019art d\u2019Hugo Pratt<\/a>\n\t\t\t\n\t\t\t\t\t\t\t\t\n\t\t\n\t\t\t\t\t\t\t\t\t\t\t\t<h4 class=\"fusion-rollover-title\">\n\t\t\t\t\t<a class=\"fusion-rollover-title-link\" href=\"https:\/\/cortomaltese.com\/fr\/tout-lart-dhugo-pratt\/\">\n\t\t\t\t\t\tTout l\u2019art d\u2019Hugo Pratt\t\t\t\t\t<\/a>\n\t\t\t\t<\/h4>\n\t\t\t\n\t\t\t\t\t\t\t\t\n\t\t\n\t\t\t\t\t\t<a class=\"fusion-link-wrapper\" href=\"https:\/\/cortomaltese.com\/fr\/tout-lart-dhugo-pratt\/\" aria-label=\"Tout l\u2019art d\u2019Hugo Pratt\"><\/a>\n\t<\/div>\n<\/div>\n<\/div>\n<\/li>\n\t\t\t\n\t\t\t\n\t\t\t\t\t\t\t\t\t\t\t\t\t\t\t\t\t\t\t\t\t\t\t\t\t\t\t\t\t\t\t\t\t\t\t\t\t\t\t\t\t\t\t\t\t\t\t\t\t\t\t\t\t\t\t\t\t\t\t\t\t\t\t\t\t\t\t\t<\/ul>\n\t<\/div>\n\t<div class=\"fusion-post-content-wrapper\" style=\"padding:30px 25px 20px 25px;\"><div class=\"fusion-post-content post-content\"><div class=\"fusion-timeline-circle\" style=\"background-color:#ebeaea;\"><\/div><div class=\"fusion-timeline-arrow\" style=\"color:#ebeaea;\"><\/div><h2 class=\"blog-shortcode-post-title entry-title\"><a href=\"https:\/\/cortomaltese.com\/fr\/tout-lart-dhugo-pratt\/\">Tout l\u2019art d\u2019Hugo Pratt<\/a><\/h2><div class=\"fusion-post-content-container\"><p>Pour la premi\u00e8re fois toute l\u2019\u0153uvre d\u2019Hugo Pratt en une seule collection.<\/p><\/div><\/div><\/div><div class=\"fusion-clearfix\"><\/div><\/div>\n<\/article>\n<\/div><h3 class=\"fusion-timeline-date\" style=\"background-color:#ebeaea;\">d\u00e9cembre 2018<\/h3><div class=\"fusion-collapse-month\"><article id=\"blog-1-post-14441\" style=\"border-color:#ebeaea;\" class=\"fusion-post-timeline fusion-clearfix fusion-right-column post-14441 post type-post status-publish format-standard has-post-thumbnail hentry category-evenements\">\n<div class=\"fusion-post-wrapper\" style=\"background-color:rgba(255,255,255,0);\">\n\n\t\t\t<div class=\"fusion-flexslider flexslider fusion-flexslider-loading fusion-post-slideshow\" style=\"border-color:#ebeaea;\">\n\t\t<ul class=\"slides\">\n\t\t\t\n\t\t\t\t\t\t\t\t\t\t\t\t\t\t<li><div  class=\"fusion-image-wrapper\" aria-haspopup=\"true\">\n\t\t\t\t<img decoding=\"async\" width=\"630\" height=\"900\" src=\"https:\/\/cortomaltese.com\/fr\/wp-content\/uploads\/sites\/3\/Miraggi_di_Memoria-Corto_Maltese.jpg\" class=\"attachment-full size-full wp-post-image\" alt=\"Oltre Corto Maltese - Miraggi di Memoria\" srcset=\"https:\/\/cortomaltese.com\/fr\/wp-content\/uploads\/sites\/3\/Miraggi_di_Memoria-Corto_Maltese-200x286.jpg 200w, https:\/\/cortomaltese.com\/fr\/wp-content\/uploads\/sites\/3\/Miraggi_di_Memoria-Corto_Maltese-400x571.jpg 400w, https:\/\/cortomaltese.com\/fr\/wp-content\/uploads\/sites\/3\/Miraggi_di_Memoria-Corto_Maltese-600x857.jpg 600w, https:\/\/cortomaltese.com\/fr\/wp-content\/uploads\/sites\/3\/Miraggi_di_Memoria-Corto_Maltese.jpg 630w\" sizes=\"(max-width: 800px) 100vw, 40vw\" \/><div class=\"fusion-rollover\">\n\t<div class=\"fusion-rollover-content\">\n\n\t\t\t\t\t\t\t\t\t\t\t\t\t\t<a class=\"fusion-rollover-link\" href=\"https:\/\/cortomaltese.com\/fr\/oltre-corto-maltese-miraggi-di-memoria\/\">Oltre Corto Maltese &#8211; Miraggi di Memoria<\/a>\n\t\t\t\n\t\t\t\t\t\t\t\t\n\t\t\n\t\t\t\t\t\t\t\t\t\t\t\t<h4 class=\"fusion-rollover-title\">\n\t\t\t\t\t<a class=\"fusion-rollover-title-link\" href=\"https:\/\/cortomaltese.com\/fr\/oltre-corto-maltese-miraggi-di-memoria\/\">\n\t\t\t\t\t\tOltre Corto Maltese &#8211; Miraggi di Memoria\t\t\t\t\t<\/a>\n\t\t\t\t<\/h4>\n\t\t\t\n\t\t\t\t\t\t\t\t\n\t\t\n\t\t\t\t\t\t<a class=\"fusion-link-wrapper\" href=\"https:\/\/cortomaltese.com\/fr\/oltre-corto-maltese-miraggi-di-memoria\/\" aria-label=\"Oltre Corto Maltese &#8211; Miraggi di Memoria\"><\/a>\n\t<\/div>\n<\/div>\n<\/div>\n<\/li>\n\t\t\t\n\t\t\t\n\t\t\t\t\t\t\t\t\t\t\t\t\t\t\t\t\t\t\t\t\t\t\t\t\t\t\t\t\t\t\t\t\t\t\t\t\t\t\t\t\t\t\t\t\t\t\t\t\t\t\t\t\t\t\t\t\t\t\t\t\t\t\t\t\t\t\t\t<\/ul>\n\t<\/div>\n\t<div class=\"fusion-post-content-wrapper\" style=\"padding:30px 25px 20px 25px;\"><div class=\"fusion-post-content post-content\"><div class=\"fusion-timeline-circle\" style=\"background-color:#ebeaea;\"><\/div><div class=\"fusion-timeline-arrow\" style=\"color:#ebeaea;\"><\/div><h2 class=\"blog-shortcode-post-title entry-title\"><a href=\"https:\/\/cortomaltese.com\/fr\/oltre-corto-maltese-miraggi-di-memoria\/\">Oltre Corto Maltese &#8211; Miraggi di Memoria<\/a><\/h2><div class=\"fusion-post-content-container\"><p>Alla Galleria Nuages, Oltre Corto Maltese \u2013 Miraggi di Memoria, itinerario ipnotico ed emozionale lungo il cammino di Corto Maltese.<br><strong>Dal 2 dicembre 2018 al 20 gennaio 2019. Palazzo Leone da Perego a Legnano.<\/strong><\/p><\/div><\/div><\/div><div class=\"fusion-clearfix\"><\/div><\/div>\n<\/article>\n<\/div><h3 class=\"fusion-timeline-date\" style=\"background-color:#ebeaea;\">juin 2018<\/h3><div class=\"fusion-collapse-month\"><article id=\"blog-1-post-14290\" style=\"border-color:#ebeaea;\" class=\"fusion-post-timeline fusion-clearfix fusion-left-column post-14290 post type-post status-publish format-standard has-post-thumbnail hentry category-evenements\">\n<div class=\"fusion-post-wrapper\" style=\"background-color:rgba(255,255,255,0);\">\n\n\t\t\t<div class=\"fusion-flexslider flexslider fusion-flexslider-loading fusion-post-slideshow\" style=\"border-color:#ebeaea;\">\n\t\t<ul class=\"slides\">\n\t\t\t\n\t\t\t\t\t\t\t\t\t\t\t\t\t\t<li><div  class=\"fusion-image-wrapper\" aria-haspopup=\"true\">\n\t\t\t\t<img decoding=\"async\" width=\"700\" height=\"1000\" src=\"https:\/\/cortomaltese.com\/fr\/wp-content\/uploads\/sites\/3\/Hugo_Pratt-mostra-2018-Palazzo_Cominelli.jpg\" class=\"attachment-full size-full wp-post-image\" alt=\"Hugo Pratt \u2013 Fondazione Cominelli 2018\" srcset=\"https:\/\/cortomaltese.com\/fr\/wp-content\/uploads\/sites\/3\/Hugo_Pratt-mostra-2018-Palazzo_Cominelli-200x286.jpg 200w, https:\/\/cortomaltese.com\/fr\/wp-content\/uploads\/sites\/3\/Hugo_Pratt-mostra-2018-Palazzo_Cominelli-400x571.jpg 400w, https:\/\/cortomaltese.com\/fr\/wp-content\/uploads\/sites\/3\/Hugo_Pratt-mostra-2018-Palazzo_Cominelli-600x857.jpg 600w, https:\/\/cortomaltese.com\/fr\/wp-content\/uploads\/sites\/3\/Hugo_Pratt-mostra-2018-Palazzo_Cominelli.jpg 700w\" sizes=\"(max-width: 800px) 100vw, 40vw\" \/><div class=\"fusion-rollover\">\n\t<div class=\"fusion-rollover-content\">\n\n\t\t\t\t\t\t\t\t\t\t\t\t\t\t<a class=\"fusion-rollover-link\" href=\"https:\/\/cortomaltese.com\/fr\/hugo-pratt-fondazione-cominelli\/\">Hugo Pratt \u2013 Fondazione Cominelli<\/a>\n\t\t\t\n\t\t\t\t\t\t\t\t\n\t\t\n\t\t\t\t\t\t\t\t\t\t\t\t<h4 class=\"fusion-rollover-title\">\n\t\t\t\t\t<a class=\"fusion-rollover-title-link\" href=\"https:\/\/cortomaltese.com\/fr\/hugo-pratt-fondazione-cominelli\/\">\n\t\t\t\t\t\tHugo Pratt \u2013 Fondazione Cominelli\t\t\t\t\t<\/a>\n\t\t\t\t<\/h4>\n\t\t\t\n\t\t\t\t\t\t\t\t\n\t\t\n\t\t\t\t\t\t<a class=\"fusion-link-wrapper\" href=\"https:\/\/cortomaltese.com\/fr\/hugo-pratt-fondazione-cominelli\/\" aria-label=\"Hugo Pratt \u2013 Fondazione Cominelli\"><\/a>\n\t<\/div>\n<\/div>\n<\/div>\n<\/li>\n\t\t\t\n\t\t\t\n\t\t\t\t\t\t\t\t\t\t\t\t\t\t\t\t\t\t\t\t\t\t\t\t\t\t\t\t\t\t\t\t\t\t\t\t\t\t\t\t\t\t\t\t\t\t\t\t\t\t\t\t\t\t\t\t\t\t\t\t\t\t\t\t\t\t\t\t<\/ul>\n\t<\/div>\n\t<div class=\"fusion-post-content-wrapper\" style=\"padding:30px 25px 20px 25px;\"><div class=\"fusion-post-content post-content\"><div class=\"fusion-timeline-circle\" style=\"background-color:#ebeaea;\"><\/div><div class=\"fusion-timeline-arrow\" style=\"color:#ebeaea;\"><\/div><h2 class=\"blog-shortcode-post-title entry-title\"><a href=\"https:\/\/cortomaltese.com\/fr\/hugo-pratt-fondazione-cominelli\/\">Hugo Pratt \u2013 Fondazione Cominelli<\/a><\/h2><div class=\"fusion-post-content-container\"><p> HUGO PRATT 19 tavole, una storia, esposte alla Fondazione<a href=\"https:\/\/cortomaltese.com\/fr\/hugo-pratt-fondazione-cominelli\/\"> [...]<\/a><\/p><\/div><\/div><\/div><div class=\"fusion-clearfix\"><\/div><\/div>\n<\/article>\n<\/div><h3 class=\"fusion-timeline-date\" style=\"background-color:#ebeaea;\">mai 2018<\/h3><div class=\"fusion-collapse-month\"><article id=\"blog-1-post-14282\" style=\"border-color:#ebeaea;\" class=\"fusion-post-timeline fusion-clearfix fusion-right-column post-14282 post type-post status-publish format-standard has-post-thumbnail hentry category-evenements\">\n<div class=\"fusion-post-wrapper\" style=\"background-color:rgba(255,255,255,0);\">\n\n\t\t\t<div class=\"fusion-flexslider flexslider fusion-flexslider-loading fusion-post-slideshow\" style=\"border-color:#ebeaea;\">\n\t\t<ul class=\"slides\">\n\t\t\t\n\t\t\t\t\t\t\t\t\t\t\t\t\t\t<li><div  class=\"fusion-image-wrapper\" aria-haspopup=\"true\">\n\t\t\t\t<img decoding=\"async\" width=\"683\" height=\"900\" src=\"https:\/\/cortomaltese.com\/fr\/wp-content\/uploads\/sites\/3\/Hugo_Pratt_couverture_2018_-magazine_Telerama.jpg\" class=\"attachment-full size-full wp-post-image\" alt=\"Corto revient, Hugo Pratt fait la couverture su magazine T\u00e9l\u00e9rama\" srcset=\"https:\/\/cortomaltese.com\/fr\/wp-content\/uploads\/sites\/3\/Hugo_Pratt_couverture_2018_-magazine_Telerama-200x264.jpg 200w, https:\/\/cortomaltese.com\/fr\/wp-content\/uploads\/sites\/3\/Hugo_Pratt_couverture_2018_-magazine_Telerama-400x527.jpg 400w, https:\/\/cortomaltese.com\/fr\/wp-content\/uploads\/sites\/3\/Hugo_Pratt_couverture_2018_-magazine_Telerama-600x791.jpg 600w, https:\/\/cortomaltese.com\/fr\/wp-content\/uploads\/sites\/3\/Hugo_Pratt_couverture_2018_-magazine_Telerama.jpg 683w\" sizes=\"(max-width: 800px) 100vw, 40vw\" \/><div class=\"fusion-rollover\">\n\t<div class=\"fusion-rollover-content\">\n\n\t\t\t\t\t\t\t\t\t\t\t\t\t\t<a class=\"fusion-rollover-link\" href=\"https:\/\/cortomaltese.com\/fr\/corto-revient-hugo-pratt-fait-la-couverture-su-magazine-telerama\/\">Corto revient, Hugo Pratt fait la couverture su magazine T\u00e9l\u00e9rama<\/a>\n\t\t\t\n\t\t\t\t\t\t\t\t\n\t\t\n\t\t\t\t\t\t\t\t\t\t\t\t<h4 class=\"fusion-rollover-title\">\n\t\t\t\t\t<a class=\"fusion-rollover-title-link\" href=\"https:\/\/cortomaltese.com\/fr\/corto-revient-hugo-pratt-fait-la-couverture-su-magazine-telerama\/\">\n\t\t\t\t\t\tCorto revient, Hugo Pratt fait la couverture su magazine T\u00e9l\u00e9rama\t\t\t\t\t<\/a>\n\t\t\t\t<\/h4>\n\t\t\t\n\t\t\t\t\t\t\t\t\n\t\t\n\t\t\t\t\t\t<a class=\"fusion-link-wrapper\" href=\"https:\/\/cortomaltese.com\/fr\/corto-revient-hugo-pratt-fait-la-couverture-su-magazine-telerama\/\" aria-label=\"Corto revient, Hugo Pratt fait la couverture su magazine T\u00e9l\u00e9rama\"><\/a>\n\t<\/div>\n<\/div>\n<\/div>\n<\/li>\n\t\t\t\n\t\t\t\n\t\t\t\t\t\t\t\t\t\t\t\t\t\t\t\t\t\t\t\t\t\t\t\t\t\t\t\t\t\t\t\t\t\t\t\t\t\t\t\t\t\t\t\t\t\t\t\t\t\t\t\t\t\t\t\t\t\t\t\t\t\t\t\t\t\t\t\t<\/ul>\n\t<\/div>\n\t<div class=\"fusion-post-content-wrapper\" style=\"padding:30px 25px 20px 25px;\"><div class=\"fusion-post-content post-content\"><div class=\"fusion-timeline-circle\" style=\"background-color:#ebeaea;\"><\/div><div class=\"fusion-timeline-arrow\" style=\"color:#ebeaea;\"><\/div><h2 class=\"blog-shortcode-post-title entry-title\"><a href=\"https:\/\/cortomaltese.com\/fr\/corto-revient-hugo-pratt-fait-la-couverture-su-magazine-telerama\/\">Corto revient, Hugo Pratt fait la couverture su magazine T\u00e9l\u00e9rama<\/a><\/h2><div class=\"fusion-post-content-container\"><p> Corto revient, Hugo Pratt fait la couverture su magazine<a href=\"https:\/\/cortomaltese.com\/fr\/corto-revient-hugo-pratt-fait-la-couverture-su-magazine-telerama\/\"> [...]<\/a><\/p><\/div><\/div><\/div><div class=\"fusion-clearfix\"><\/div><\/div>\n<\/article>\n<article id=\"blog-1-post-14262\" style=\"border-color:#ebeaea;\" class=\"fusion-post-timeline fusion-clearfix fusion-left-column post-14262 post type-post status-publish format-standard has-post-thumbnail hentry category-evenements\">\n<div class=\"fusion-post-wrapper\" style=\"background-color:rgba(255,255,255,0);\">\n\n\t\t\t<div class=\"fusion-flexslider flexslider fusion-flexslider-loading fusion-post-slideshow\" style=\"border-color:#ebeaea;\">\n\t\t<ul class=\"slides\">\n\t\t\t\n\t\t\t\t\t\t\t\t\t\t\t\t\t\t<li><div  class=\"fusion-image-wrapper\" aria-haspopup=\"true\">\n\t\t\t\t<img decoding=\"async\" width=\"900\" height=\"636\" src=\"https:\/\/cortomaltese.com\/fr\/wp-content\/uploads\/sites\/3\/2018_LyonBD_Cortomaltese.jpg\" class=\"attachment-full size-full wp-post-image\" alt=\"\" srcset=\"https:\/\/cortomaltese.com\/fr\/wp-content\/uploads\/sites\/3\/2018_LyonBD_Cortomaltese-200x141.jpg 200w, https:\/\/cortomaltese.com\/fr\/wp-content\/uploads\/sites\/3\/2018_LyonBD_Cortomaltese-400x283.jpg 400w, https:\/\/cortomaltese.com\/fr\/wp-content\/uploads\/sites\/3\/2018_LyonBD_Cortomaltese-600x424.jpg 600w, https:\/\/cortomaltese.com\/fr\/wp-content\/uploads\/sites\/3\/2018_LyonBD_Cortomaltese-800x565.jpg 800w, https:\/\/cortomaltese.com\/fr\/wp-content\/uploads\/sites\/3\/2018_LyonBD_Cortomaltese.jpg 900w\" sizes=\"(max-width: 800px) 100vw, 40vw\" \/><div class=\"fusion-rollover\">\n\t<div class=\"fusion-rollover-content\">\n\n\t\t\t\t\t\t\t\t\t\t\t\t\t\t<a class=\"fusion-rollover-link\" href=\"https:\/\/cortomaltese.com\/fr\/le-corto-maltese-de-ruben-pellejero-et-juan-diaz-canales\/\">Le Corto Maltese de Rub\u00e9n Pellejero et Juan D\u00edaz Canales<\/a>\n\t\t\t\n\t\t\t\t\t\t\t\t\n\t\t\n\t\t\t\t\t\t\t\t\t\t\t\t<h4 class=\"fusion-rollover-title\">\n\t\t\t\t\t<a class=\"fusion-rollover-title-link\" href=\"https:\/\/cortomaltese.com\/fr\/le-corto-maltese-de-ruben-pellejero-et-juan-diaz-canales\/\">\n\t\t\t\t\t\tLe Corto Maltese de Rub\u00e9n Pellejero et Juan D\u00edaz Canales\t\t\t\t\t<\/a>\n\t\t\t\t<\/h4>\n\t\t\t\n\t\t\t\t\t\t\t\t\n\t\t\n\t\t\t\t\t\t<a class=\"fusion-link-wrapper\" href=\"https:\/\/cortomaltese.com\/fr\/le-corto-maltese-de-ruben-pellejero-et-juan-diaz-canales\/\" aria-label=\"Le Corto Maltese de Rub\u00e9n Pellejero et Juan D\u00edaz Canales\"><\/a>\n\t<\/div>\n<\/div>\n<\/div>\n<\/li>\n\t\t\t\n\t\t\t\n\t\t\t\t\t\t\t\t\t\t\t\t\t\t\t\t\t\t\t\t\t\t\t\t\t\t\t\t\t\t\t\t\t\t\t\t\t\t\t\t\t\t\t\t\t\t\t\t\t\t\t\t\t\t\t\t\t\t\t\t\t\t\t\t\t\t\t\t<\/ul>\n\t<\/div>\n\t<div class=\"fusion-post-content-wrapper\" style=\"padding:30px 25px 20px 25px;\"><div class=\"fusion-post-content post-content\"><div class=\"fusion-timeline-circle\" style=\"background-color:#ebeaea;\"><\/div><div class=\"fusion-timeline-arrow\" style=\"color:#ebeaea;\"><\/div><h2 class=\"blog-shortcode-post-title entry-title\"><a href=\"https:\/\/cortomaltese.com\/fr\/le-corto-maltese-de-ruben-pellejero-et-juan-diaz-canales\/\">Le Corto Maltese de Rub\u00e9n Pellejero et Juan D\u00edaz Canales<\/a><\/h2><div class=\"fusion-post-content-container\"><p> Le Corto Maltese de Rub\u00e9n Pellejero et Juan D\u00edaz<a href=\"https:\/\/cortomaltese.com\/fr\/le-corto-maltese-de-ruben-pellejero-et-juan-diaz-canales\/\"> [...]<\/a><\/p><\/div><\/div><\/div><div class=\"fusion-clearfix\"><\/div><\/div>\n<\/article>\n<\/div><h3 class=\"fusion-timeline-date\" style=\"background-color:#ebeaea;\">avril 2018<\/h3><div class=\"fusion-collapse-month\"><article id=\"blog-1-post-14231\" style=\"border-color:#ebeaea;\" class=\"fusion-post-timeline fusion-clearfix fusion-right-column post-14231 post type-post status-publish format-standard has-post-thumbnail hentry category-evenements\">\n<div class=\"fusion-post-wrapper\" style=\"background-color:rgba(255,255,255,0);\">\n\n\t\t\t<div class=\"fusion-flexslider flexslider fusion-flexslider-loading fusion-post-slideshow\" style=\"border-color:#ebeaea;\">\n\t\t<ul class=\"slides\">\n\t\t\t\n\t\t\t\t\t\t\t\t\t\t\t\t\t\t<li><div  class=\"fusion-image-wrapper\" aria-haspopup=\"true\">\n\t\t\t\t<img decoding=\"async\" width=\"848\" height=\"1200\" src=\"https:\/\/cortomaltese.com\/fr\/wp-content\/uploads\/sites\/3\/cortomaltese_Lignes-Horizons.jpg\" class=\"attachment-full size-full wp-post-image\" alt=\"Hugo Pratt Lignes d\u2019horizons\" srcset=\"https:\/\/cortomaltese.com\/fr\/wp-content\/uploads\/sites\/3\/cortomaltese_Lignes-Horizons-200x283.jpg 200w, https:\/\/cortomaltese.com\/fr\/wp-content\/uploads\/sites\/3\/cortomaltese_Lignes-Horizons-400x566.jpg 400w, https:\/\/cortomaltese.com\/fr\/wp-content\/uploads\/sites\/3\/cortomaltese_Lignes-Horizons-600x849.jpg 600w, https:\/\/cortomaltese.com\/fr\/wp-content\/uploads\/sites\/3\/cortomaltese_Lignes-Horizons-800x1132.jpg 800w, https:\/\/cortomaltese.com\/fr\/wp-content\/uploads\/sites\/3\/cortomaltese_Lignes-Horizons.jpg 848w\" sizes=\"(max-width: 800px) 100vw, 40vw\" \/><div class=\"fusion-rollover\">\n\t<div class=\"fusion-rollover-content\">\n\n\t\t\t\t\t\t\t\t\t\t\t\t\t\t<a class=\"fusion-rollover-link\" href=\"https:\/\/cortomaltese.com\/fr\/exposition-hugo-pratt-lignes-dhorizons\/\">Exposition Hugo Pratt \u2013 Lignes d\u2019horizons<\/a>\n\t\t\t\n\t\t\t\t\t\t\t\t\n\t\t\n\t\t\t\t\t\t\t\t\t\t\t\t<h4 class=\"fusion-rollover-title\">\n\t\t\t\t\t<a class=\"fusion-rollover-title-link\" href=\"https:\/\/cortomaltese.com\/fr\/exposition-hugo-pratt-lignes-dhorizons\/\">\n\t\t\t\t\t\tExposition Hugo Pratt \u2013 Lignes d\u2019horizons\t\t\t\t\t<\/a>\n\t\t\t\t<\/h4>\n\t\t\t\n\t\t\t\t\t\t\t\t\n\t\t\n\t\t\t\t\t\t<a class=\"fusion-link-wrapper\" href=\"https:\/\/cortomaltese.com\/fr\/exposition-hugo-pratt-lignes-dhorizons\/\" aria-label=\"Exposition Hugo Pratt \u2013 Lignes d\u2019horizons\"><\/a>\n\t<\/div>\n<\/div>\n<\/div>\n<\/li>\n\t\t\t\n\t\t\t\n\t\t\t\t\t\t\t\t\t\t\t\t\t\t\t\t\t\t\t\t\t\t\t\t\t\t\t\t\t\t\t\t\t\t\t\t\t\t\t\t\t\t\t\t\t\t\t\t\t\t\t\t\t\t\t\t\t\t\t\t\t\t\t\t\t\t\t\t<\/ul>\n\t<\/div>\n\t<div class=\"fusion-post-content-wrapper\" style=\"padding:30px 25px 20px 25px;\"><div class=\"fusion-post-content post-content\"><div class=\"fusion-timeline-circle\" style=\"background-color:#ebeaea;\"><\/div><div class=\"fusion-timeline-arrow\" style=\"color:#ebeaea;\"><\/div><h2 class=\"blog-shortcode-post-title entry-title\"><a href=\"https:\/\/cortomaltese.com\/fr\/exposition-hugo-pratt-lignes-dhorizons\/\">Exposition Hugo Pratt \u2013 Lignes d\u2019horizons<\/a><\/h2><div class=\"fusion-post-content-container\"><p>Une Invitation au Voyage Litt\u00e9raire et Dessin\u00e9. <br><strong>Mus\u00e9e des Confluences, Lyon.<br> Du 7 avril 2018 au 24 mars 2019<\/strong>.<\/p><\/div><\/div><\/div><div class=\"fusion-clearfix\"><\/div><\/div>\n<\/article>\n<\/div><h3 class=\"fusion-timeline-date\" style=\"background-color:#ebeaea;\">octobre 2017<\/h3><div class=\"fusion-collapse-month\"><article id=\"blog-1-post-14203\" style=\"border-color:#ebeaea;\" class=\"fusion-post-timeline fusion-clearfix fusion-left-column post-14203 post type-post status-publish format-standard has-post-thumbnail hentry category-evenements\">\n<div class=\"fusion-post-wrapper\" style=\"background-color:rgba(255,255,255,0);\">\n\n\t\t\t<div class=\"fusion-flexslider flexslider fusion-flexslider-loading fusion-post-slideshow\" style=\"border-color:#ebeaea;\">\n\t\t<ul class=\"slides\">\n\t\t\t\n\t\t\t\t\t\t\t\t\t\t\t\t\t\t<li><div  class=\"fusion-image-wrapper\" aria-haspopup=\"true\">\n\t\t\t\t<img decoding=\"async\" width=\"800\" height=\"900\" src=\"https:\/\/cortomaltese.com\/fr\/wp-content\/uploads\/sites\/3\/Una-ballata-per-Corto-Maltese.jpg\" class=\"attachment-full size-full wp-post-image\" alt=\"Una ballata per Corto Maltese\" srcset=\"https:\/\/cortomaltese.com\/fr\/wp-content\/uploads\/sites\/3\/Una-ballata-per-Corto-Maltese-200x225.jpg 200w, https:\/\/cortomaltese.com\/fr\/wp-content\/uploads\/sites\/3\/Una-ballata-per-Corto-Maltese-400x450.jpg 400w, https:\/\/cortomaltese.com\/fr\/wp-content\/uploads\/sites\/3\/Una-ballata-per-Corto-Maltese-600x675.jpg 600w, https:\/\/cortomaltese.com\/fr\/wp-content\/uploads\/sites\/3\/Una-ballata-per-Corto-Maltese.jpg 800w\" sizes=\"(max-width: 800px) 100vw, 40vw\" \/><div class=\"fusion-rollover\">\n\t<div class=\"fusion-rollover-content\">\n\n\t\t\t\t\t\t\t\t\t\t\t\t\t\t<a class=\"fusion-rollover-link\" href=\"https:\/\/cortomaltese.com\/fr\/una-ballata-per-corto-maltese\/\">Una ballata per Corto Maltese<\/a>\n\t\t\t\n\t\t\t\t\t\t\t\t\n\t\t\n\t\t\t\t\t\t\t\t\t\t\t\t<h4 class=\"fusion-rollover-title\">\n\t\t\t\t\t<a class=\"fusion-rollover-title-link\" href=\"https:\/\/cortomaltese.com\/fr\/una-ballata-per-corto-maltese\/\">\n\t\t\t\t\t\tUna ballata per Corto Maltese\t\t\t\t\t<\/a>\n\t\t\t\t<\/h4>\n\t\t\t\n\t\t\t\t\t\t\t\t\n\t\t\n\t\t\t\t\t\t<a class=\"fusion-link-wrapper\" href=\"https:\/\/cortomaltese.com\/fr\/una-ballata-per-corto-maltese\/\" aria-label=\"Una ballata per Corto Maltese\"><\/a>\n\t<\/div>\n<\/div>\n<\/div>\n<\/li>\n\t\t\t\n\t\t\t\n\t\t\t\t\t\t\t\t\t\t\t\t\t\t\t\t\t\t\t\t\t\t\t\t\t\t\t\t\t\t\t\t\t\t\t\t\t\t\t\t\t\t\t\t\t\t\t\t\t\t\t\t\t\t\t\t\t\t\t\t\t\t\t\t\t\t\t\t<\/ul>\n\t<\/div>\n\t<div class=\"fusion-post-content-wrapper\" style=\"padding:30px 25px 20px 25px;\"><div class=\"fusion-post-content post-content\"><div class=\"fusion-timeline-circle\" style=\"background-color:#ebeaea;\"><\/div><div class=\"fusion-timeline-arrow\" style=\"color:#ebeaea;\"><\/div><h2 class=\"blog-shortcode-post-title entry-title\"><a href=\"https:\/\/cortomaltese.com\/fr\/una-ballata-per-corto-maltese\/\">Una ballata per Corto Maltese<\/a><\/h2><div class=\"fusion-post-content-container\"><p> A Lucca, il primo novembre, il Teatro del Giglio<a href=\"https:\/\/cortomaltese.com\/fr\/una-ballata-per-corto-maltese\/\"> [...]<\/a><\/p><\/div><\/div><\/div><div class=\"fusion-clearfix\"><\/div><\/div>\n<\/article>\n<article id=\"blog-1-post-14176\" style=\"border-color:#ebeaea;\" class=\"fusion-post-timeline fusion-clearfix fusion-right-column post-14176 post type-post status-publish format-standard has-post-thumbnail hentry category-evenements\">\n<div class=\"fusion-post-wrapper\" style=\"background-color:rgba(255,255,255,0);\">\n\n\t\t\t<div class=\"fusion-flexslider flexslider fusion-flexslider-loading fusion-post-slideshow\" style=\"border-color:#ebeaea;\">\n\t\t<ul class=\"slides\">\n\t\t\t\n\t\t\t\t\t\t\t\t\t\t\t\t\t\t<li><div  class=\"fusion-image-wrapper\" aria-haspopup=\"true\">\n\t\t\t\t<img decoding=\"async\" width=\"900\" height=\"1166\" src=\"https:\/\/cortomaltese.com\/fr\/wp-content\/uploads\/sites\/3\/2017_0928_couv-corto.jpg\" class=\"attachment-full size-full wp-post-image\" alt=\"Corto maltese et la mer -Ouest France\" srcset=\"https:\/\/cortomaltese.com\/fr\/wp-content\/uploads\/sites\/3\/2017_0928_couv-corto-200x259.jpg 200w, https:\/\/cortomaltese.com\/fr\/wp-content\/uploads\/sites\/3\/2017_0928_couv-corto-400x518.jpg 400w, https:\/\/cortomaltese.com\/fr\/wp-content\/uploads\/sites\/3\/2017_0928_couv-corto-600x777.jpg 600w, https:\/\/cortomaltese.com\/fr\/wp-content\/uploads\/sites\/3\/2017_0928_couv-corto-800x1036.jpg 800w, https:\/\/cortomaltese.com\/fr\/wp-content\/uploads\/sites\/3\/2017_0928_couv-corto.jpg 900w\" sizes=\"(max-width: 800px) 100vw, 40vw\" \/><div class=\"fusion-rollover\">\n\t<div class=\"fusion-rollover-content\">\n\n\t\t\t\t\t\t\t\t\t\t\t\t\t\t<a class=\"fusion-rollover-link\" href=\"https:\/\/cortomaltese.com\/fr\/corto-maltese-mer-ouest-france\/\">Corto Maltese et la mer &#8211; Ouest France<\/a>\n\t\t\t\n\t\t\t\t\t\t\t\t\n\t\t\n\t\t\t\t\t\t\t\t\t\t\t\t<h4 class=\"fusion-rollover-title\">\n\t\t\t\t\t<a class=\"fusion-rollover-title-link\" href=\"https:\/\/cortomaltese.com\/fr\/corto-maltese-mer-ouest-france\/\">\n\t\t\t\t\t\tCorto Maltese et la mer &#8211; Ouest France\t\t\t\t\t<\/a>\n\t\t\t\t<\/h4>\n\t\t\t\n\t\t\t\t\t\t\t\t\n\t\t\n\t\t\t\t\t\t<a class=\"fusion-link-wrapper\" href=\"https:\/\/cortomaltese.com\/fr\/corto-maltese-mer-ouest-france\/\" aria-label=\"Corto Maltese et la mer &#8211; Ouest France\"><\/a>\n\t<\/div>\n<\/div>\n<\/div>\n<\/li>\n\t\t\t\n\t\t\t\n\t\t\t\t\t\t\t\t\t\t\t\t\t\t\t\t\t\t\t\t\t\t\t\t\t\t\t\t\t\t\t\t\t\t\t\t\t\t\t\t\t\t\t\t\t\t\t\t\t\t\t\t\t\t\t\t\t\t\t\t\t\t\t\t\t\t\t\t<\/ul>\n\t<\/div>\n\t<div class=\"fusion-post-content-wrapper\" style=\"padding:30px 25px 20px 25px;\"><div class=\"fusion-post-content post-content\"><div class=\"fusion-timeline-circle\" style=\"background-color:#ebeaea;\"><\/div><div class=\"fusion-timeline-arrow\" style=\"color:#ebeaea;\"><\/div><h2 class=\"blog-shortcode-post-title entry-title\"><a href=\"https:\/\/cortomaltese.com\/fr\/corto-maltese-mer-ouest-france\/\">Corto Maltese et la mer &#8211; Ouest France<\/a><\/h2><div class=\"fusion-post-content-container\"><p> Ouest France \u201cCORTO MALTESE ET LA MER\u201d Le hors-s\u00e9rie<a href=\"https:\/\/cortomaltese.com\/fr\/corto-maltese-mer-ouest-france\/\"> [...]<\/a><\/p><\/div><\/div><\/div><div class=\"fusion-clearfix\"><\/div><\/div>\n<\/article>\n<\/div><h3 class=\"fusion-timeline-date\" style=\"background-color:#ebeaea;\">juillet 2017<\/h3><div class=\"fusion-collapse-month\"><article id=\"blog-1-post-14142\" style=\"border-color:#ebeaea;\" class=\"fusion-post-timeline fusion-clearfix fusion-left-column post-14142 post type-post status-publish format-standard has-post-thumbnail hentry category-evenements\">\n<div class=\"fusion-post-wrapper\" style=\"background-color:rgba(255,255,255,0);\">\n\n\t\t\t<div class=\"fusion-flexslider flexslider fusion-flexslider-loading fusion-post-slideshow\" style=\"border-color:#ebeaea;\">\n\t\t<ul class=\"slides\">\n\t\t\t\n\t\t\t\t\t\t\t\t\t\t\t\t\t\t<li><div  class=\"fusion-image-wrapper\" aria-haspopup=\"true\">\n\t\t\t\t<img decoding=\"async\" width=\"1280\" height=\"920\" src=\"https:\/\/cortomaltese.com\/fr\/wp-content\/uploads\/sites\/3\/Corto-maltese-conversation-avec-irene.jpg\" class=\"attachment-full size-full wp-post-image\" alt=\"\" srcset=\"https:\/\/cortomaltese.com\/fr\/wp-content\/uploads\/sites\/3\/Corto-maltese-conversation-avec-irene-200x144.jpg 200w, https:\/\/cortomaltese.com\/fr\/wp-content\/uploads\/sites\/3\/Corto-maltese-conversation-avec-irene-400x288.jpg 400w, https:\/\/cortomaltese.com\/fr\/wp-content\/uploads\/sites\/3\/Corto-maltese-conversation-avec-irene-600x431.jpg 600w, https:\/\/cortomaltese.com\/fr\/wp-content\/uploads\/sites\/3\/Corto-maltese-conversation-avec-irene-800x575.jpg 800w, https:\/\/cortomaltese.com\/fr\/wp-content\/uploads\/sites\/3\/Corto-maltese-conversation-avec-irene-1200x863.jpg 1200w, https:\/\/cortomaltese.com\/fr\/wp-content\/uploads\/sites\/3\/Corto-maltese-conversation-avec-irene.jpg 1280w\" sizes=\"(max-width: 800px) 100vw, 40vw\" \/><div class=\"fusion-rollover\">\n\t<div class=\"fusion-rollover-content\">\n\n\t\t\t\t\t\t\t\t\t\t\t\t\t\t<a class=\"fusion-rollover-link\" href=\"https:\/\/cortomaltese.com\/fr\/corto-maltese-conversation-irene\/\">Corto Maltese, conversation avec Ire\u0300ne<\/a>\n\t\t\t\n\t\t\t\t\t\t\t\t\n\t\t\n\t\t\t\t\t\t\t\t\t\t\t\t<h4 class=\"fusion-rollover-title\">\n\t\t\t\t\t<a class=\"fusion-rollover-title-link\" href=\"https:\/\/cortomaltese.com\/fr\/corto-maltese-conversation-irene\/\">\n\t\t\t\t\t\tCorto Maltese, conversation avec Ire\u0300ne\t\t\t\t\t<\/a>\n\t\t\t\t<\/h4>\n\t\t\t\n\t\t\t\t\t\t\t\t\n\t\t\n\t\t\t\t\t\t<a class=\"fusion-link-wrapper\" href=\"https:\/\/cortomaltese.com\/fr\/corto-maltese-conversation-irene\/\" aria-label=\"Corto Maltese, conversation avec Ire\u0300ne\"><\/a>\n\t<\/div>\n<\/div>\n<\/div>\n<\/li>\n\t\t\t\n\t\t\t\n\t\t\t\t\t\t\t\t\t\t\t\t\t\t\t\t\t\t\t\t\t\t\t\t\t\t\t\t\t\t\t\t\t\t\t\t\t\t\t\t\t\t\t\t\t\t\t\t\t\t\t\t\t\t\t\t\t\t\t\t\t\t\t\t\t\t\t\t<\/ul>\n\t<\/div>\n\t<div class=\"fusion-post-content-wrapper\" style=\"padding:30px 25px 20px 25px;\"><div class=\"fusion-post-content post-content\"><div class=\"fusion-timeline-circle\" style=\"background-color:#ebeaea;\"><\/div><div class=\"fusion-timeline-arrow\" style=\"color:#ebeaea;\"><\/div><h2 class=\"blog-shortcode-post-title entry-title\"><a href=\"https:\/\/cortomaltese.com\/fr\/corto-maltese-conversation-irene\/\">Corto Maltese, conversation avec Ire\u0300ne<\/a><\/h2><div class=\"fusion-post-content-container\"><p> Corto Maltese, Conversation avec Ire\u0300ne. Une fable myst\u00e9rieuse et<a href=\"https:\/\/cortomaltese.com\/fr\/corto-maltese-conversation-irene\/\"> [...]<\/a><\/p><\/div><\/div><\/div><div class=\"fusion-clearfix\"><\/div><\/div>\n<\/article>\n<article id=\"blog-1-post-14120\" style=\"border-color:#ebeaea;\" class=\"fusion-post-timeline fusion-clearfix fusion-right-column post-14120 post type-post status-publish format-standard has-post-thumbnail hentry category-evenements\">\n<div class=\"fusion-post-wrapper\" style=\"background-color:rgba(255,255,255,0);\">\n\n\t\t\t<div class=\"fusion-flexslider flexslider fusion-flexslider-loading fusion-post-slideshow\" style=\"border-color:#ebeaea;\">\n\t\t<ul class=\"slides\">\n\t\t\t\n\t\t\t\t\t\t\t\t\t\t\t\t\t\t<li><div  class=\"fusion-image-wrapper\" aria-haspopup=\"true\">\n\t\t\t\t<img decoding=\"async\" width=\"1600\" height=\"900\" src=\"https:\/\/cortomaltese.com\/fr\/wp-content\/uploads\/sites\/3\/IMG-20170705-WA0015.jpg\" class=\"attachment-full size-full wp-post-image\" alt=\"\" srcset=\"https:\/\/cortomaltese.com\/fr\/wp-content\/uploads\/sites\/3\/IMG-20170705-WA0015-200x113.jpg 200w, https:\/\/cortomaltese.com\/fr\/wp-content\/uploads\/sites\/3\/IMG-20170705-WA0015-400x225.jpg 400w, https:\/\/cortomaltese.com\/fr\/wp-content\/uploads\/sites\/3\/IMG-20170705-WA0015-600x338.jpg 600w, https:\/\/cortomaltese.com\/fr\/wp-content\/uploads\/sites\/3\/IMG-20170705-WA0015-800x450.jpg 800w, https:\/\/cortomaltese.com\/fr\/wp-content\/uploads\/sites\/3\/IMG-20170705-WA0015-1200x675.jpg 1200w, https:\/\/cortomaltese.com\/fr\/wp-content\/uploads\/sites\/3\/IMG-20170705-WA0015.jpg 1600w\" sizes=\"(max-width: 800px) 100vw, 40vw\" \/><div class=\"fusion-rollover\">\n\t<div class=\"fusion-rollover-content\">\n\n\t\t\t\t\t\t\t\t\t\t\t\t\t\t<a class=\"fusion-rollover-link\" href=\"https:\/\/cortomaltese.com\/fr\/corto-maltese-gare-paris-austerlitz\/\">Corto Maltese en Gare de Paris-Austerlitz<\/a>\n\t\t\t\n\t\t\t\t\t\t\t\t\n\t\t\n\t\t\t\t\t\t\t\t\t\t\t\t<h4 class=\"fusion-rollover-title\">\n\t\t\t\t\t<a class=\"fusion-rollover-title-link\" href=\"https:\/\/cortomaltese.com\/fr\/corto-maltese-gare-paris-austerlitz\/\">\n\t\t\t\t\t\tCorto Maltese en Gare de Paris-Austerlitz\t\t\t\t\t<\/a>\n\t\t\t\t<\/h4>\n\t\t\t\n\t\t\t\t\t\t\t\t\n\t\t\n\t\t\t\t\t\t<a class=\"fusion-link-wrapper\" href=\"https:\/\/cortomaltese.com\/fr\/corto-maltese-gare-paris-austerlitz\/\" aria-label=\"Corto Maltese en Gare de Paris-Austerlitz\"><\/a>\n\t<\/div>\n<\/div>\n<\/div>\n<\/li>\n\t\t\t\n\t\t\t\n\t\t\t\t\t\t\t\t\t\t\t\t\t\t\t\t\t\t\t\t\t\t\t\t\t\t\t\t\t\t\t\t\t\t\t\t\t\t\t\t\t\t\t\t\t\t\t\t\t\t\t\t\t\t\t\t\t\t\t\t\t\t\t\t\t\t\t\t<\/ul>\n\t<\/div>\n\t<div class=\"fusion-post-content-wrapper\" style=\"padding:30px 25px 20px 25px;\"><div class=\"fusion-post-content post-content\"><div class=\"fusion-timeline-circle\" style=\"background-color:#ebeaea;\"><\/div><div class=\"fusion-timeline-arrow\" style=\"color:#ebeaea;\"><\/div><h2 class=\"blog-shortcode-post-title entry-title\"><a href=\"https:\/\/cortomaltese.com\/fr\/corto-maltese-gare-paris-austerlitz\/\">Corto Maltese en Gare de Paris-Austerlitz<\/a><\/h2><div class=\"fusion-post-content-container\"><p> SNCF Gare &amp; Connexions, en \u00e9ntroite collaboration avec Casterman,<a href=\"https:\/\/cortomaltese.com\/fr\/corto-maltese-gare-paris-austerlitz\/\"> [...]<\/a><\/p><\/div><\/div><\/div><div class=\"fusion-clearfix\"><\/div><\/div>\n<\/article>\n<article id=\"blog-1-post-14154\" style=\"border-color:#ebeaea;\" class=\"fusion-post-timeline fusion-clearfix fusion-left-column post-14154 post type-post status-publish format-standard has-post-thumbnail hentry category-evenements\">\n<div class=\"fusion-post-wrapper\" style=\"background-color:rgba(255,255,255,0);\">\n\n\t\t\t<div class=\"fusion-flexslider flexslider fusion-flexslider-loading fusion-post-slideshow\" style=\"border-color:#ebeaea;\">\n\t\t<ul class=\"slides\">\n\t\t\t\n\t\t\t\t\t\t\t\t\t\t\t\t\t\t<li><div  class=\"fusion-image-wrapper\" aria-haspopup=\"true\">\n\t\t\t\t<img decoding=\"async\" width=\"930\" height=\"1200\" src=\"https:\/\/cortomaltese.com\/fr\/wp-content\/uploads\/sites\/3\/FigaroMagazine070717.jpg\" class=\"attachment-full size-full wp-post-image\" alt=\"Corto Maltese. Equatoria: pr\u00e9publication dans le Figaro Magazine\" srcset=\"https:\/\/cortomaltese.com\/fr\/wp-content\/uploads\/sites\/3\/FigaroMagazine070717-200x258.jpg 200w, https:\/\/cortomaltese.com\/fr\/wp-content\/uploads\/sites\/3\/FigaroMagazine070717-400x516.jpg 400w, https:\/\/cortomaltese.com\/fr\/wp-content\/uploads\/sites\/3\/FigaroMagazine070717-600x774.jpg 600w, https:\/\/cortomaltese.com\/fr\/wp-content\/uploads\/sites\/3\/FigaroMagazine070717-800x1032.jpg 800w, https:\/\/cortomaltese.com\/fr\/wp-content\/uploads\/sites\/3\/FigaroMagazine070717.jpg 930w\" sizes=\"(max-width: 800px) 100vw, 40vw\" \/><div class=\"fusion-rollover\">\n\t<div class=\"fusion-rollover-content\">\n\n\t\t\t\t\t\t\t\t\t\t\t\t\t\t<a class=\"fusion-rollover-link\" href=\"https:\/\/cortomaltese.com\/fr\/corto-maltese-equatoria-prepublication-figaro-magazine\/\">Corto Maltese. Equatoria: pr\u00e9publication dans le Figaro Magazine<\/a>\n\t\t\t\n\t\t\t\t\t\t\t\t\n\t\t\n\t\t\t\t\t\t\t\t\t\t\t\t<h4 class=\"fusion-rollover-title\">\n\t\t\t\t\t<a class=\"fusion-rollover-title-link\" href=\"https:\/\/cortomaltese.com\/fr\/corto-maltese-equatoria-prepublication-figaro-magazine\/\">\n\t\t\t\t\t\tCorto Maltese. Equatoria: pr\u00e9publication dans le Figaro Magazine\t\t\t\t\t<\/a>\n\t\t\t\t<\/h4>\n\t\t\t\n\t\t\t\t\t\t\t\t\n\t\t\n\t\t\t\t\t\t<a class=\"fusion-link-wrapper\" href=\"https:\/\/cortomaltese.com\/fr\/corto-maltese-equatoria-prepublication-figaro-magazine\/\" aria-label=\"Corto Maltese. Equatoria: pr\u00e9publication dans le Figaro Magazine\"><\/a>\n\t<\/div>\n<\/div>\n<\/div>\n<\/li>\n\t\t\t\n\t\t\t\n\t\t\t\t\t\t\t\t\t\t\t\t\t\t\t\t\t\t\t\t\t\t\t\t\t\t\t\t\t\t\t\t\t\t\t\t\t\t\t\t\t\t\t\t\t\t\t\t\t\t\t\t\t\t\t\t\t\t\t\t\t\t\t\t\t\t\t\t<\/ul>\n\t<\/div>\n\t<div class=\"fusion-post-content-wrapper\" style=\"padding:30px 25px 20px 25px;\"><div class=\"fusion-post-content post-content\"><div class=\"fusion-timeline-circle\" style=\"background-color:#ebeaea;\"><\/div><div class=\"fusion-timeline-arrow\" style=\"color:#ebeaea;\"><\/div><h2 class=\"blog-shortcode-post-title entry-title\"><a href=\"https:\/\/cortomaltese.com\/fr\/corto-maltese-equatoria-prepublication-figaro-magazine\/\">Corto Maltese. Equatoria: pr\u00e9publication dans le Figaro Magazine<\/a><\/h2><div class=\"fusion-post-content-container\"><p> Equatoria: pr\u00e9publication dans le Figaro Magazine   La<a href=\"https:\/\/cortomaltese.com\/fr\/corto-maltese-equatoria-prepublication-figaro-magazine\/\"> [...]<\/a><\/p><\/div><\/div><\/div><div class=\"fusion-clearfix\"><\/div><\/div>\n<\/article>\n<\/div><h3 class=\"fusion-timeline-date\" style=\"background-color:#ebeaea;\">avril 2017<\/h3><div class=\"fusion-collapse-month\"><article id=\"blog-1-post-14066\" style=\"border-color:#ebeaea;\" class=\"fusion-post-timeline fusion-clearfix fusion-right-column post-14066 post type-post status-publish format-standard has-post-thumbnail hentry category-evenements\">\n<div class=\"fusion-post-wrapper\" style=\"background-color:rgba(255,255,255,0);\">\n\n\t\t\t<div class=\"fusion-flexslider flexslider fusion-flexslider-loading fusion-post-slideshow\" style=\"border-color:#ebeaea;\">\n\t\t<ul class=\"slides\">\n\t\t\t\n\t\t\t\t\t\t\t\t\t\t\t\t\t\t<li><div  class=\"fusion-image-wrapper\" aria-haspopup=\"true\">\n\t\t\t\t<img decoding=\"async\" width=\"1000\" height=\"634\" src=\"https:\/\/cortomaltese.com\/fr\/wp-content\/uploads\/sites\/3\/2017_0202_142_TINTIN_CORTO_OK-1.jpg\" class=\"attachment-full size-full wp-post-image\" alt=\"\" srcset=\"https:\/\/cortomaltese.com\/fr\/wp-content\/uploads\/sites\/3\/2017_0202_142_TINTIN_CORTO_OK-1-200x127.jpg 200w, https:\/\/cortomaltese.com\/fr\/wp-content\/uploads\/sites\/3\/2017_0202_142_TINTIN_CORTO_OK-1-400x254.jpg 400w, https:\/\/cortomaltese.com\/fr\/wp-content\/uploads\/sites\/3\/2017_0202_142_TINTIN_CORTO_OK-1-600x380.jpg 600w, https:\/\/cortomaltese.com\/fr\/wp-content\/uploads\/sites\/3\/2017_0202_142_TINTIN_CORTO_OK-1-800x507.jpg 800w, https:\/\/cortomaltese.com\/fr\/wp-content\/uploads\/sites\/3\/2017_0202_142_TINTIN_CORTO_OK-1.jpg 1000w\" sizes=\"(max-width: 800px) 100vw, 40vw\" \/><div class=\"fusion-rollover\">\n\t<div class=\"fusion-rollover-content\">\n\n\t\t\t\t\t\t\t\t\t\t\t\t\t\t<a class=\"fusion-rollover-link\" href=\"https:\/\/cortomaltese.com\/fr\/tintin-corto-maltese-regards-croises\/\">Tintin &#038; Corto Maltese, regards crois\u00e9s<\/a>\n\t\t\t\n\t\t\t\t\t\t\t\t\n\t\t\n\t\t\t\t\t\t\t\t\t\t\t\t<h4 class=\"fusion-rollover-title\">\n\t\t\t\t\t<a class=\"fusion-rollover-title-link\" href=\"https:\/\/cortomaltese.com\/fr\/tintin-corto-maltese-regards-croises\/\">\n\t\t\t\t\t\tTintin &#038; Corto Maltese, regards crois\u00e9s\t\t\t\t\t<\/a>\n\t\t\t\t<\/h4>\n\t\t\t\n\t\t\t\t\t\t\t\t\n\t\t\n\t\t\t\t\t\t<a class=\"fusion-link-wrapper\" href=\"https:\/\/cortomaltese.com\/fr\/tintin-corto-maltese-regards-croises\/\" aria-label=\"Tintin &#038; Corto Maltese, regards crois\u00e9s\"><\/a>\n\t<\/div>\n<\/div>\n<\/div>\n<\/li>\n\t\t\t\n\t\t\t\n\t\t\t\t\t\t\t\t\t\t\t\t\t\t\t\t\t\t\t\t\t\t\t\t\t\t\t\t\t\t\t\t\t\t\t\t\t\t\t\t\t\t\t\t\t\t\t\t\t\t\t\t\t\t\t\t\t\t\t\t\t\t\t\t\t\t\t\t<\/ul>\n\t<\/div>\n\t<div class=\"fusion-post-content-wrapper\" style=\"padding:30px 25px 20px 25px;\"><div class=\"fusion-post-content post-content\"><div class=\"fusion-timeline-circle\" style=\"background-color:#ebeaea;\"><\/div><div class=\"fusion-timeline-arrow\" style=\"color:#ebeaea;\"><\/div><h2 class=\"blog-shortcode-post-title entry-title\"><a href=\"https:\/\/cortomaltese.com\/fr\/tintin-corto-maltese-regards-croises\/\">Tintin &#038; Corto Maltese, regards crois\u00e9s<\/a><\/h2><div class=\"fusion-post-content-container\"><p> Dans ce Hors S\u00e9rie G\u00c9O d\u00e9di\u00e9 \u00e0 Tintin de<a href=\"https:\/\/cortomaltese.com\/fr\/tintin-corto-maltese-regards-croises\/\"> [...]<\/a><\/p><\/div><\/div><\/div><div class=\"fusion-clearfix\"><\/div><\/div>\n<\/article>\n<\/div><h3 class=\"fusion-timeline-date\" style=\"background-color:#ebeaea;\">f\u00e9vrier 2017<\/h3><div class=\"fusion-collapse-month\"><article id=\"blog-1-post-13664\" style=\"border-color:#ebeaea;\" class=\"fusion-post-timeline fusion-clearfix fusion-left-column post-13664 post type-post status-publish format-standard has-post-thumbnail hentry category-evenements\">\n<div class=\"fusion-post-wrapper\" style=\"background-color:rgba(255,255,255,0);\">\n\n\t\t\t<div class=\"fusion-flexslider flexslider fusion-flexslider-loading fusion-post-slideshow\" style=\"border-color:#ebeaea;\">\n\t\t<ul class=\"slides\">\n\t\t\t\n\t\t\t\t\t\t\t\t\t\t\t\t\t\t<li><div  class=\"fusion-image-wrapper\" aria-haspopup=\"true\">\n\t\t\t\t<img decoding=\"async\" width=\"1200\" height=\"917\" src=\"https:\/\/cortomaltese.com\/fr\/wp-content\/uploads\/sites\/3\/cortomaltese-news-le-soir-2017.jpg\" class=\"attachment-full size-full wp-post-image\" alt=\"L\u2019int\u00e9grale de Corto Maltese avec LE SOIR\" srcset=\"https:\/\/cortomaltese.com\/fr\/wp-content\/uploads\/sites\/3\/cortomaltese-news-le-soir-2017-200x153.jpg 200w, https:\/\/cortomaltese.com\/fr\/wp-content\/uploads\/sites\/3\/cortomaltese-news-le-soir-2017-400x306.jpg 400w, https:\/\/cortomaltese.com\/fr\/wp-content\/uploads\/sites\/3\/cortomaltese-news-le-soir-2017-600x459.jpg 600w, https:\/\/cortomaltese.com\/fr\/wp-content\/uploads\/sites\/3\/cortomaltese-news-le-soir-2017-800x611.jpg 800w, https:\/\/cortomaltese.com\/fr\/wp-content\/uploads\/sites\/3\/cortomaltese-news-le-soir-2017.jpg 1200w\" sizes=\"(max-width: 800px) 100vw, 40vw\" \/><div class=\"fusion-rollover\">\n\t<div class=\"fusion-rollover-content\">\n\n\t\t\t\t\t\t\t\t\t\t\t\t\t\t<a class=\"fusion-rollover-link\" href=\"https:\/\/cortomaltese.com\/fr\/lintegrale-de-corto-maltese-avec-le-soir\/\">L\u2019int\u00e9grale de Corto Maltese avec LE SOIR<\/a>\n\t\t\t\n\t\t\t\t\t\t\t\t\n\t\t\n\t\t\t\t\t\t\t\t\t\t\t\t<h4 class=\"fusion-rollover-title\">\n\t\t\t\t\t<a class=\"fusion-rollover-title-link\" href=\"https:\/\/cortomaltese.com\/fr\/lintegrale-de-corto-maltese-avec-le-soir\/\">\n\t\t\t\t\t\tL\u2019int\u00e9grale de Corto Maltese avec LE SOIR\t\t\t\t\t<\/a>\n\t\t\t\t<\/h4>\n\t\t\t\n\t\t\t\t\t\t\t\t\n\t\t\n\t\t\t\t\t\t<a class=\"fusion-link-wrapper\" href=\"https:\/\/cortomaltese.com\/fr\/lintegrale-de-corto-maltese-avec-le-soir\/\" aria-label=\"L\u2019int\u00e9grale de Corto Maltese avec LE SOIR\"><\/a>\n\t<\/div>\n<\/div>\n<\/div>\n<\/li>\n\t\t\t\n\t\t\t\n\t\t\t\t\t\t\t\t\t\t\t\t\t\t\t\t\t\t\t\t\t\t\t\t\t\t\t\t\t\t\t\t\t\t\t\t\t\t\t\t\t\t\t\t\t\t\t\t\t\t\t\t\t\t\t\t\t\t\t\t\t\t\t\t\t\t\t\t<\/ul>\n\t<\/div>\n\t<div class=\"fusion-post-content-wrapper\" style=\"padding:30px 25px 20px 25px;\"><div class=\"fusion-post-content post-content\"><div class=\"fusion-timeline-circle\" style=\"background-color:#ebeaea;\"><\/div><div class=\"fusion-timeline-arrow\" style=\"color:#ebeaea;\"><\/div><h2 class=\"blog-shortcode-post-title entry-title\"><a href=\"https:\/\/cortomaltese.com\/fr\/lintegrale-de-corto-maltese-avec-le-soir\/\">L\u2019int\u00e9grale de Corto Maltese avec LE SOIR<\/a><\/h2><div class=\"fusion-post-content-container\"><p> CORTO MALTESE L\u2019int\u00e9grale en 16 albums couleurs, \u00e0 collectionner<a href=\"https:\/\/cortomaltese.com\/fr\/lintegrale-de-corto-maltese-avec-le-soir\/\"> [...]<\/a><\/p><\/div><\/div><\/div><div class=\"fusion-clearfix\"><\/div><\/div>\n<\/article>\n<\/div><h3 class=\"fusion-timeline-date\" style=\"background-color:#ebeaea;\">octobre 2016<\/h3><div class=\"fusion-collapse-month\"><article id=\"blog-1-post-13467\" style=\"border-color:#ebeaea;\" class=\"fusion-post-timeline fusion-clearfix fusion-right-column post-13467 post type-post status-publish format-standard has-post-thumbnail hentry category-corto-maltese category-evenements category-hugo-pratt\">\n<div class=\"fusion-post-wrapper\" style=\"background-color:rgba(255,255,255,0);\">\n\n\t\t\t<div class=\"fusion-flexslider flexslider fusion-flexslider-loading fusion-post-slideshow\" style=\"border-color:#ebeaea;\">\n\t\t<ul class=\"slides\">\n\t\t\t\n\t\t\t\t\t\t\t\t\t\t\t\t\t\t<li><div  class=\"fusion-image-wrapper\" aria-haspopup=\"true\">\n\t\t\t\t<img decoding=\"async\" width=\"800\" height=\"1148\" src=\"https:\/\/cortomaltese.com\/fr\/wp-content\/uploads\/sites\/3\/50-anni-di-mito-bologna-locandina.jpg\" class=\"attachment-full size-full wp-post-image\" alt=\"Locandina mostra di Bologna su Hugo Pratt e Corto Maltese\" srcset=\"https:\/\/cortomaltese.com\/fr\/wp-content\/uploads\/sites\/3\/50-anni-di-mito-bologna-locandina-200x287.jpg 200w, https:\/\/cortomaltese.com\/fr\/wp-content\/uploads\/sites\/3\/50-anni-di-mito-bologna-locandina-400x574.jpg 400w, https:\/\/cortomaltese.com\/fr\/wp-content\/uploads\/sites\/3\/50-anni-di-mito-bologna-locandina-600x861.jpg 600w, https:\/\/cortomaltese.com\/fr\/wp-content\/uploads\/sites\/3\/50-anni-di-mito-bologna-locandina.jpg 800w\" sizes=\"(max-width: 800px) 100vw, 40vw\" \/><div class=\"fusion-rollover\">\n\t<div class=\"fusion-rollover-content\">\n\n\t\t\t\t\t\t\t\t\t\t\t\t\t\t<a class=\"fusion-rollover-link\" href=\"https:\/\/cortomaltese.com\/fr\/hugo-pratt-corto-maltese-50-anni-viaggi-nel-mito\/\">Hugo Pratt e Corto Maltese: 50 anni di viaggi nel mito<\/a>\n\t\t\t\n\t\t\t\t\t\t\t\t\n\t\t\n\t\t\t\t\t\t\t\t\t\t\t\t<h4 class=\"fusion-rollover-title\">\n\t\t\t\t\t<a class=\"fusion-rollover-title-link\" href=\"https:\/\/cortomaltese.com\/fr\/hugo-pratt-corto-maltese-50-anni-viaggi-nel-mito\/\">\n\t\t\t\t\t\tHugo Pratt e Corto Maltese: 50 anni di viaggi nel mito\t\t\t\t\t<\/a>\n\t\t\t\t<\/h4>\n\t\t\t\n\t\t\t\t\t\t\t\t\n\t\t\n\t\t\t\t\t\t<a class=\"fusion-link-wrapper\" href=\"https:\/\/cortomaltese.com\/fr\/hugo-pratt-corto-maltese-50-anni-viaggi-nel-mito\/\" aria-label=\"Hugo Pratt e Corto Maltese: 50 anni di viaggi nel mito\"><\/a>\n\t<\/div>\n<\/div>\n<\/div>\n<\/li>\n\t\t\t\n\t\t\t\n\t\t\t\t\t\t\t\t\t\t\t\t\t\t\t\t\t\t\t\t\t\t\t\t\t\t\t\t\t\t\t\t\t\t\t\t\t\t\t\t\t\t\t\t\t\t\t\t\t\t\t\t\t\t\t\t\t\t\t\t\t\t\t\t\t\t\t\t<\/ul>\n\t<\/div>\n\t<div class=\"fusion-post-content-wrapper\" style=\"padding:30px 25px 20px 25px;\"><div class=\"fusion-post-content post-content\"><div class=\"fusion-timeline-circle\" style=\"background-color:#ebeaea;\"><\/div><div class=\"fusion-timeline-arrow\" style=\"color:#ebeaea;\"><\/div><h2 class=\"blog-shortcode-post-title entry-title\"><a href=\"https:\/\/cortomaltese.com\/fr\/hugo-pratt-corto-maltese-50-anni-viaggi-nel-mito\/\">Hugo Pratt e Corto Maltese: 50 anni di viaggi nel mito<\/a><\/h2><div class=\"fusion-post-content-container\"><p> Dal 4 novembre al 19 marzo a Palazzo Pepoli<a href=\"https:\/\/cortomaltese.com\/fr\/hugo-pratt-corto-maltese-50-anni-viaggi-nel-mito\/\"> [...]<\/a><\/p><\/div><\/div><\/div><div class=\"fusion-clearfix\"><\/div><\/div>\n<\/article>\n<\/div><h3 class=\"fusion-timeline-date\" style=\"background-color:#ebeaea;\">ao\u00fbt 2016<\/h3><div class=\"fusion-collapse-month\"><article id=\"blog-1-post-13438\" style=\"border-color:#ebeaea;\" class=\"fusion-post-timeline fusion-clearfix fusion-left-column post-13438 post type-post status-publish format-standard has-post-thumbnail hentry category-corto-maltese category-evenements category-hugo-pratt\">\n<div class=\"fusion-post-wrapper\" style=\"background-color:rgba(255,255,255,0);\">\n\n\t\t\t<div class=\"fusion-flexslider flexslider fusion-flexslider-loading fusion-post-slideshow\" style=\"border-color:#ebeaea;\">\n\t\t<ul class=\"slides\">\n\t\t\t\n\t\t\t\t\t\t\t\t\t\t\t\t\t\t<li><div  class=\"fusion-image-wrapper\" aria-haspopup=\"true\">\n\t\t\t\t<img decoding=\"async\" width=\"800\" height=\"400\" src=\"https:\/\/cortomaltese.com\/fr\/wp-content\/uploads\/sites\/3\/Pratt-e-Corto-a-Venezia-orizzontale.jpg\" class=\"attachment-full size-full wp-post-image\" alt=\"\" srcset=\"https:\/\/cortomaltese.com\/fr\/wp-content\/uploads\/sites\/3\/Pratt-e-Corto-a-Venezia-orizzontale-200x100.jpg 200w, https:\/\/cortomaltese.com\/fr\/wp-content\/uploads\/sites\/3\/Pratt-e-Corto-a-Venezia-orizzontale-400x200.jpg 400w, https:\/\/cortomaltese.com\/fr\/wp-content\/uploads\/sites\/3\/Pratt-e-Corto-a-Venezia-orizzontale-600x300.jpg 600w, https:\/\/cortomaltese.com\/fr\/wp-content\/uploads\/sites\/3\/Pratt-e-Corto-a-Venezia-orizzontale.jpg 800w\" sizes=\"(max-width: 800px) 100vw, 40vw\" \/><div class=\"fusion-rollover\">\n\t<div class=\"fusion-rollover-content\">\n\n\t\t\t\t\t\t\t\t\t\t\t\t\t\t<a class=\"fusion-rollover-link\" href=\"https:\/\/cortomaltese.com\/fr\/pratt-corto-venezia\/\">Pratt &#038; Corto a Venezia<\/a>\n\t\t\t\n\t\t\t\t\t\t\t\t\n\t\t\n\t\t\t\t\t\t\t\t\t\t\t\t<h4 class=\"fusion-rollover-title\">\n\t\t\t\t\t<a class=\"fusion-rollover-title-link\" href=\"https:\/\/cortomaltese.com\/fr\/pratt-corto-venezia\/\">\n\t\t\t\t\t\tPratt &#038; Corto a Venezia\t\t\t\t\t<\/a>\n\t\t\t\t<\/h4>\n\t\t\t\n\t\t\t\t\t\t\t\t\n\t\t\n\t\t\t\t\t\t<a class=\"fusion-link-wrapper\" href=\"https:\/\/cortomaltese.com\/fr\/pratt-corto-venezia\/\" aria-label=\"Pratt &#038; Corto a Venezia\"><\/a>\n\t<\/div>\n<\/div>\n<\/div>\n<\/li>\n\t\t\t\n\t\t\t\n\t\t\t\t\t\t\t\t\t\t\t\t\t\t\t\t\t\t\t\t\t\t\t\t\t\t\t\t\t\t\t\t\t\t\t\t\t\t\t\t\t\t\t\t\t\t\t\t\t\t\t\t\t\t\t\t\t\t\t\t\t\t\t\t\t\t\t\t<\/ul>\n\t<\/div>\n\t<div class=\"fusion-post-content-wrapper\" style=\"padding:30px 25px 20px 25px;\"><div class=\"fusion-post-content post-content\"><div class=\"fusion-timeline-circle\" style=\"background-color:#ebeaea;\"><\/div><div class=\"fusion-timeline-arrow\" style=\"color:#ebeaea;\"><\/div><h2 class=\"blog-shortcode-post-title entry-title\"><a href=\"https:\/\/cortomaltese.com\/fr\/pratt-corto-venezia\/\">Pratt &#038; Corto a Venezia<\/a><\/h2><div class=\"fusion-post-content-container\"><p>Dal 17 settembre al 23 ottobre 2016 al Palazzo Bufalini<a href=\"https:\/\/cortomaltese.com\/fr\/pratt-corto-venezia\/\"> [...]<\/a><\/p><\/div><\/div><\/div><div class=\"fusion-clearfix\"><\/div><\/div>\n<\/article>\n<\/div><h3 class=\"fusion-timeline-date\" style=\"background-color:#ebeaea;\">juin 2016<\/h3><div class=\"fusion-collapse-month\"><article id=\"blog-1-post-13215\" style=\"border-color:#ebeaea;\" class=\"fusion-post-timeline fusion-clearfix fusion-right-column post-13215 post type-post status-publish format-standard has-post-thumbnail hentry category-evenements category-featured category-hugo-pratt\">\n<div class=\"fusion-post-wrapper\" style=\"background-color:rgba(255,255,255,0);\">\n\n\t\t\t<div class=\"fusion-flexslider flexslider fusion-flexslider-loading fusion-post-slideshow\" style=\"border-color:#ebeaea;\">\n\t\t<ul class=\"slides\">\n\t\t\t\n\t\t\t\t\t\t\t\t\t\t\t\t\t\t<li><div  class=\"fusion-image-wrapper\" aria-haspopup=\"true\">\n\t\t\t\t<img decoding=\"async\" width=\"851\" height=\"315\" src=\"https:\/\/cortomaltese.com\/fr\/wp-content\/uploads\/sites\/3\/oltrecorto-ragusa.jpg\" class=\"attachment-full size-full wp-post-image\" alt=\"locandina dell&#039;evento OltreCorto, omaggio a Hugo Pratt che si tiene a Ragusa\" srcset=\"https:\/\/cortomaltese.com\/fr\/wp-content\/uploads\/sites\/3\/oltrecorto-ragusa-200x74.jpg 200w, https:\/\/cortomaltese.com\/fr\/wp-content\/uploads\/sites\/3\/oltrecorto-ragusa-400x148.jpg 400w, https:\/\/cortomaltese.com\/fr\/wp-content\/uploads\/sites\/3\/oltrecorto-ragusa-600x222.jpg 600w, https:\/\/cortomaltese.com\/fr\/wp-content\/uploads\/sites\/3\/oltrecorto-ragusa-800x296.jpg 800w, https:\/\/cortomaltese.com\/fr\/wp-content\/uploads\/sites\/3\/oltrecorto-ragusa.jpg 851w\" sizes=\"(max-width: 800px) 100vw, 40vw\" \/><div class=\"fusion-rollover\">\n\t<div class=\"fusion-rollover-content\">\n\n\t\t\t\t\t\t\t\t\t\t\t\t\t\t<a class=\"fusion-rollover-link\" href=\"https:\/\/cortomaltese.com\/fr\/oltrecorto-omaggio-hugo-pratt\/\">OltreCorto. Omaggio a Hugo Pratt<\/a>\n\t\t\t\n\t\t\t\t\t\t\t\t\n\t\t\n\t\t\t\t\t\t\t\t\t\t\t\t<h4 class=\"fusion-rollover-title\">\n\t\t\t\t\t<a class=\"fusion-rollover-title-link\" href=\"https:\/\/cortomaltese.com\/fr\/oltrecorto-omaggio-hugo-pratt\/\">\n\t\t\t\t\t\tOltreCorto. Omaggio a Hugo Pratt\t\t\t\t\t<\/a>\n\t\t\t\t<\/h4>\n\t\t\t\n\t\t\t\t\t\t\t\t\n\t\t\n\t\t\t\t\t\t<a class=\"fusion-link-wrapper\" href=\"https:\/\/cortomaltese.com\/fr\/oltrecorto-omaggio-hugo-pratt\/\" aria-label=\"OltreCorto. Omaggio a Hugo Pratt\"><\/a>\n\t<\/div>\n<\/div>\n<\/div>\n<\/li>\n\t\t\t\n\t\t\t\n\t\t\t\t\t\t\t\t\t\t\t\t\t\t\t\t\t\t\t\t\t\t\t\t\t\t\t\t\t\t\t\t\t\t\t\t\t\t\t\t\t\t\t\t\t\t\t\t\t\t\t\t\t\t\t\t\t\t\t\t\t\t\t\t\t\t\t\t<\/ul>\n\t<\/div>\n\t<div class=\"fusion-post-content-wrapper\" style=\"padding:30px 25px 20px 25px;\"><div class=\"fusion-post-content post-content\"><div class=\"fusion-timeline-circle\" style=\"background-color:#ebeaea;\"><\/div><div class=\"fusion-timeline-arrow\" style=\"color:#ebeaea;\"><\/div><h2 class=\"blog-shortcode-post-title entry-title\"><a href=\"https:\/\/cortomaltese.com\/fr\/oltrecorto-omaggio-hugo-pratt\/\">OltreCorto. Omaggio a Hugo Pratt<\/a><\/h2><div class=\"fusion-post-content-container\"><p>Ragusa, 18 giugno 2016 alle ore 21:30 presso la Chiesa<a href=\"https:\/\/cortomaltese.com\/fr\/oltrecorto-omaggio-hugo-pratt\/\"> [...]<\/a><\/p><\/div><\/div><\/div><div class=\"fusion-clearfix\"><\/div><\/div>\n<\/article>\n<\/div><h3 class=\"fusion-timeline-date\" style=\"background-color:#ebeaea;\">avril 2016<\/h3><div class=\"fusion-collapse-month\"><article id=\"blog-1-post-13114\" style=\"border-color:#ebeaea;\" class=\"fusion-post-timeline fusion-clearfix fusion-left-column post-13114 post type-post status-publish format-standard has-post-thumbnail hentry category-evenements category-featured category-hugo-pratt\">\n<div class=\"fusion-post-wrapper\" style=\"background-color:rgba(255,255,255,0);\">\n\n\t\t\t<div class=\"fusion-flexslider flexslider fusion-flexslider-loading fusion-post-slideshow\" style=\"border-color:#ebeaea;\">\n\t\t<ul class=\"slides\">\n\t\t\t\n\t\t\t\t\t\t\t\t\t\t\t\t\t\t<li><div  class=\"fusion-image-wrapper\" aria-haspopup=\"true\">\n\t\t\t\t<img decoding=\"async\" width=\"1600\" height=\"851\" src=\"https:\/\/cortomaltese.com\/fr\/wp-content\/uploads\/sites\/3\/Hugo-Pratt-al-MACRO-di-Roma.jpg\" class=\"attachment-full size-full wp-post-image\" alt=\"\" srcset=\"https:\/\/cortomaltese.com\/fr\/wp-content\/uploads\/sites\/3\/Hugo-Pratt-al-MACRO-di-Roma-200x106.jpg 200w, https:\/\/cortomaltese.com\/fr\/wp-content\/uploads\/sites\/3\/Hugo-Pratt-al-MACRO-di-Roma-400x213.jpg 400w, https:\/\/cortomaltese.com\/fr\/wp-content\/uploads\/sites\/3\/Hugo-Pratt-al-MACRO-di-Roma-600x319.jpg 600w, https:\/\/cortomaltese.com\/fr\/wp-content\/uploads\/sites\/3\/Hugo-Pratt-al-MACRO-di-Roma-800x426.jpg 800w, https:\/\/cortomaltese.com\/fr\/wp-content\/uploads\/sites\/3\/Hugo-Pratt-al-MACRO-di-Roma-1200x638.jpg 1200w, https:\/\/cortomaltese.com\/fr\/wp-content\/uploads\/sites\/3\/Hugo-Pratt-al-MACRO-di-Roma.jpg 1600w\" sizes=\"(max-width: 800px) 100vw, 40vw\" \/><div class=\"fusion-rollover\">\n\t<div class=\"fusion-rollover-content\">\n\n\t\t\t\t\t\t\t\t\t\t\t\t\t\t<a class=\"fusion-rollover-link\" href=\"https:\/\/cortomaltese.com\/fr\/hugo-pratt-incontri-passaggi-macro-roma\/\">Hugo Pratt: Incontri e passaggi al Macro di Roma dal 29 aprile<\/a>\n\t\t\t\n\t\t\t\t\t\t\t\t\n\t\t\n\t\t\t\t\t\t\t\t\t\t\t\t<h4 class=\"fusion-rollover-title\">\n\t\t\t\t\t<a class=\"fusion-rollover-title-link\" href=\"https:\/\/cortomaltese.com\/fr\/hugo-pratt-incontri-passaggi-macro-roma\/\">\n\t\t\t\t\t\tHugo Pratt: Incontri e passaggi al Macro di Roma dal 29 aprile\t\t\t\t\t<\/a>\n\t\t\t\t<\/h4>\n\t\t\t\n\t\t\t\t\t\t\t\t\n\t\t\n\t\t\t\t\t\t<a class=\"fusion-link-wrapper\" href=\"https:\/\/cortomaltese.com\/fr\/hugo-pratt-incontri-passaggi-macro-roma\/\" aria-label=\"Hugo Pratt: Incontri e passaggi al Macro di Roma dal 29 aprile\"><\/a>\n\t<\/div>\n<\/div>\n<\/div>\n<\/li>\n\t\t\t\n\t\t\t\n\t\t\t\t\t\t\t\t\t\t\t\t\t\t\t\t\t\t\t\t\t\t\t\t\t\t\t\t\t\t\t\t\t\t\t\t\t\t\t\t\t\t\t\t\t\t\t\t\t\t\t\t\t\t\t\t\t\t\t\t\t\t\t\t\t\t\t\t<\/ul>\n\t<\/div>\n\t<div class=\"fusion-post-content-wrapper\" style=\"padding:30px 25px 20px 25px;\"><div class=\"fusion-post-content post-content\"><div class=\"fusion-timeline-circle\" style=\"background-color:#ebeaea;\"><\/div><div class=\"fusion-timeline-arrow\" style=\"color:#ebeaea;\"><\/div><h2 class=\"blog-shortcode-post-title entry-title\"><a href=\"https:\/\/cortomaltese.com\/fr\/hugo-pratt-incontri-passaggi-macro-roma\/\">Hugo Pratt: Incontri e passaggi al Macro di Roma dal 29 aprile<\/a><\/h2><div class=\"fusion-post-content-container\"><p>Dal 29 aprile\u00a0al 24 maggio\u00a02016 al Macro di Roma. Napoli<a href=\"https:\/\/cortomaltese.com\/fr\/hugo-pratt-incontri-passaggi-macro-roma\/\"> [...]<\/a><\/p><\/div><\/div><\/div><div class=\"fusion-clearfix\"><\/div><\/div>\n<\/article>\n<\/div><h3 class=\"fusion-timeline-date\" style=\"background-color:#ebeaea;\">janvier 2016<\/h3><div class=\"fusion-collapse-month\"><article id=\"blog-1-post-12723\" style=\"border-color:#ebeaea;\" class=\"fusion-post-timeline fusion-clearfix fusion-right-column post-12723 post type-post status-publish format-standard has-post-thumbnail hentry category-evenements category-hugo-pratt\">\n<div class=\"fusion-post-wrapper\" style=\"background-color:rgba(255,255,255,0);\">\n\n\t\t\t<div class=\"fusion-flexslider flexslider fusion-flexslider-loading fusion-post-slideshow\" style=\"border-color:#ebeaea;\">\n\t\t<ul class=\"slides\">\n\t\t\t\n\t\t\t\t\t\t\t\t\t\t\t\t\t\t<li><div  class=\"fusion-image-wrapper\" aria-haspopup=\"true\">\n\t\t\t\t<img decoding=\"async\" width=\"502\" height=\"216\" src=\"https:\/\/cortomaltese.com\/fr\/wp-content\/uploads\/sites\/3\/Hugo-Pratt-Festival-Angouleme-2016.jpg\" class=\"attachment-full size-full wp-post-image\" alt=\"\" srcset=\"https:\/\/cortomaltese.com\/fr\/wp-content\/uploads\/sites\/3\/Hugo-Pratt-Festival-Angouleme-2016-200x86.jpg 200w, https:\/\/cortomaltese.com\/fr\/wp-content\/uploads\/sites\/3\/Hugo-Pratt-Festival-Angouleme-2016-400x172.jpg 400w, https:\/\/cortomaltese.com\/fr\/wp-content\/uploads\/sites\/3\/Hugo-Pratt-Festival-Angouleme-2016.jpg 502w\" sizes=\"(max-width: 800px) 100vw, 40vw\" \/><div class=\"fusion-rollover\">\n\t<div class=\"fusion-rollover-content\">\n\n\t\t\t\t\t\t\t\t\t\t\t\t\t\t<a class=\"fusion-rollover-link\" href=\"https:\/\/cortomaltese.com\/fr\/festival-angouleme-2016-hugo-pratt\/\">Festival d&#8217;Angoul\u00eame 2016: Hugo Pratt<\/a>\n\t\t\t\n\t\t\t\t\t\t\t\t\n\t\t\n\t\t\t\t\t\t\t\t\t\t\t\t<h4 class=\"fusion-rollover-title\">\n\t\t\t\t\t<a class=\"fusion-rollover-title-link\" href=\"https:\/\/cortomaltese.com\/fr\/festival-angouleme-2016-hugo-pratt\/\">\n\t\t\t\t\t\tFestival d&#8217;Angoul\u00eame 2016: Hugo Pratt\t\t\t\t\t<\/a>\n\t\t\t\t<\/h4>\n\t\t\t\n\t\t\t\t\t\t\t\t\n\t\t\n\t\t\t\t\t\t<a class=\"fusion-link-wrapper\" href=\"https:\/\/cortomaltese.com\/fr\/festival-angouleme-2016-hugo-pratt\/\" aria-label=\"Festival d&#8217;Angoul\u00eame 2016: Hugo Pratt\"><\/a>\n\t<\/div>\n<\/div>\n<\/div>\n<\/li>\n\t\t\t\n\t\t\t\n\t\t\t\t\t\t\t\t\t\t\t\t\t\t\t\t\t\t\t\t\t\t\t\t\t\t\t\t\t\t\t\t\t\t\t\t\t\t\t\t\t\t\t\t\t\t\t\t\t\t\t\t\t\t\t\t\t\t\t\t\t\t\t\t\t\t\t\t<\/ul>\n\t<\/div>\n\t<div class=\"fusion-post-content-wrapper\" style=\"padding:30px 25px 20px 25px;\"><div class=\"fusion-post-content post-content\"><div class=\"fusion-timeline-circle\" style=\"background-color:#ebeaea;\"><\/div><div class=\"fusion-timeline-arrow\" style=\"color:#ebeaea;\"><\/div><h2 class=\"blog-shortcode-post-title entry-title\"><a href=\"https:\/\/cortomaltese.com\/fr\/festival-angouleme-2016-hugo-pratt\/\">Festival d&#8217;Angoul\u00eame 2016: Hugo Pratt<\/a><\/h2><div class=\"fusion-post-content-container\"><p>43\u00b0 Festival d'Angoul\u00eame, du 28 au 31 Janvier 2016 L'exposition<a href=\"https:\/\/cortomaltese.com\/fr\/festival-angouleme-2016-hugo-pratt\/\"> [...]<\/a><\/p><\/div><\/div><\/div><div class=\"fusion-clearfix\"><\/div><\/div>\n<\/article>\n<\/div><h3 class=\"fusion-timeline-date\" style=\"background-color:#ebeaea;\">d\u00e9cembre 2015<\/h3><div class=\"fusion-collapse-month\"><article id=\"blog-1-post-11853\" style=\"border-color:#ebeaea;\" class=\"fusion-post-timeline fusion-clearfix fusion-left-column post-11853 post type-post status-publish format-standard has-post-thumbnail hentry category-corto-maltese category-evenements category-featured category-hugo-pratt\">\n<div class=\"fusion-post-wrapper\" style=\"background-color:rgba(255,255,255,0);\">\n\n\t\t\t<div class=\"fusion-flexslider flexslider fusion-flexslider-loading fusion-post-slideshow\" style=\"border-color:#ebeaea;\">\n\t\t<ul class=\"slides\">\n\t\t\t\n\t\t\t\t\t\t\t\t\t\t\t\t\t\t<li><div  class=\"fusion-image-wrapper\" aria-haspopup=\"true\">\n\t\t\t\t<img decoding=\"async\" width=\"750\" height=\"367\" src=\"https:\/\/cortomaltese.com\/fr\/wp-content\/uploads\/sites\/3\/corto-maltese.jpg\" class=\"attachment-full size-full wp-post-image\" alt=\"\" srcset=\"https:\/\/cortomaltese.com\/fr\/wp-content\/uploads\/sites\/3\/corto-maltese-200x98.jpg 200w, https:\/\/cortomaltese.com\/fr\/wp-content\/uploads\/sites\/3\/corto-maltese-400x196.jpg 400w, https:\/\/cortomaltese.com\/fr\/wp-content\/uploads\/sites\/3\/corto-maltese-600x294.jpg 600w, https:\/\/cortomaltese.com\/fr\/wp-content\/uploads\/sites\/3\/corto-maltese.jpg 750w\" sizes=\"(max-width: 800px) 100vw, 40vw\" \/><div class=\"fusion-rollover\">\n\t<div class=\"fusion-rollover-content\">\n\n\t\t\t\t\t\t\t\t\t\t\t\t\t\t<a class=\"fusion-rollover-link\" href=\"https:\/\/cortomaltese.com\/fr\/ny-comics-picture-story-symposium-2015\/\">NY Comics &#038; Picture-Story Symposium<\/a>\n\t\t\t\n\t\t\t\t\t\t\t\t\n\t\t\n\t\t\t\t\t\t\t\t\t\t\t\t<h4 class=\"fusion-rollover-title\">\n\t\t\t\t\t<a class=\"fusion-rollover-title-link\" href=\"https:\/\/cortomaltese.com\/fr\/ny-comics-picture-story-symposium-2015\/\">\n\t\t\t\t\t\tNY Comics &#038; Picture-Story Symposium\t\t\t\t\t<\/a>\n\t\t\t\t<\/h4>\n\t\t\t\n\t\t\t\t\t\t\t\t\n\t\t\n\t\t\t\t\t\t<a class=\"fusion-link-wrapper\" href=\"https:\/\/cortomaltese.com\/fr\/ny-comics-picture-story-symposium-2015\/\" aria-label=\"NY Comics &#038; Picture-Story Symposium\"><\/a>\n\t<\/div>\n<\/div>\n<\/div>\n<\/li>\n\t\t\t\n\t\t\t\n\t\t\t\t\t\t\t\t\t\t\t\t\t\t\t\t\t\t\t\t\t\t\t\t\t\t\t\t\t\t\t\t\t\t\t\t\t\t\t\t\t\t\t\t\t\t\t\t\t\t\t\t\t\t\t\t\t\t\t\t\t\t\t\t\t\t\t\t<\/ul>\n\t<\/div>\n\t<div class=\"fusion-post-content-wrapper\" style=\"padding:30px 25px 20px 25px;\"><div class=\"fusion-post-content post-content\"><div class=\"fusion-timeline-circle\" style=\"background-color:#ebeaea;\"><\/div><div class=\"fusion-timeline-arrow\" style=\"color:#ebeaea;\"><\/div><h2 class=\"blog-shortcode-post-title entry-title\"><a href=\"https:\/\/cortomaltese.com\/fr\/ny-comics-picture-story-symposium-2015\/\">NY Comics &#038; Picture-Story Symposium<\/a><\/h2><div class=\"fusion-post-content-container\"><p> Tuesday, December 15, 2015 at 7:00 pm The 139th<a href=\"https:\/\/cortomaltese.com\/fr\/ny-comics-picture-story-symposium-2015\/\"> [...]<\/a><\/p><\/div><\/div><\/div><div class=\"fusion-clearfix\"><\/div><\/div>\n<\/article>\n<\/div><h3 class=\"fusion-timeline-date\" style=\"background-color:#ebeaea;\">octobre 2015<\/h3><div class=\"fusion-collapse-month\"><article id=\"blog-1-post-12568\" style=\"border-color:#ebeaea;\" class=\"fusion-post-timeline fusion-clearfix fusion-right-column post-12568 post type-post status-publish format-standard has-post-thumbnail hentry category-corto-maltese category-evenements\">\n<div class=\"fusion-post-wrapper\" style=\"background-color:rgba(255,255,255,0);\">\n\n\t\t\t<div class=\"fusion-flexslider flexslider fusion-flexslider-loading fusion-post-slideshow\" style=\"border-color:#ebeaea;\">\n\t\t<ul class=\"slides\">\n\t\t\t\n\t\t\t\t\t\t\t\t\t\t\t\t\t\t<li><div  class=\"fusion-image-wrapper\" aria-haspopup=\"true\">\n\t\t\t\t<img decoding=\"async\" width=\"600\" height=\"840\" src=\"https:\/\/cortomaltese.com\/fr\/wp-content\/uploads\/sites\/3\/Marco-Steiner-Oltremare.jpg\" class=\"attachment-full size-full wp-post-image\" alt=\"\" srcset=\"https:\/\/cortomaltese.com\/fr\/wp-content\/uploads\/sites\/3\/Marco-Steiner-Oltremare-200x280.jpg 200w, https:\/\/cortomaltese.com\/fr\/wp-content\/uploads\/sites\/3\/Marco-Steiner-Oltremare-400x560.jpg 400w, https:\/\/cortomaltese.com\/fr\/wp-content\/uploads\/sites\/3\/Marco-Steiner-Oltremare.jpg 600w\" sizes=\"(max-width: 800px) 100vw, 40vw\" \/><div class=\"fusion-rollover\">\n\t<div class=\"fusion-rollover-content\">\n\n\t\t\t\t\t\t\t\t\t\t\t\t\t\t<a class=\"fusion-rollover-link\" href=\"https:\/\/cortomaltese.com\/fr\/oltremare-marco-steiner\/\">Oltremare, di Marco Steiner<\/a>\n\t\t\t\n\t\t\t\t\t\t\t\t\n\t\t\n\t\t\t\t\t\t\t\t\t\t\t\t<h4 class=\"fusion-rollover-title\">\n\t\t\t\t\t<a class=\"fusion-rollover-title-link\" href=\"https:\/\/cortomaltese.com\/fr\/oltremare-marco-steiner\/\">\n\t\t\t\t\t\tOltremare, di Marco Steiner\t\t\t\t\t<\/a>\n\t\t\t\t<\/h4>\n\t\t\t\n\t\t\t\t\t\t\t\t\n\t\t\n\t\t\t\t\t\t<a class=\"fusion-link-wrapper\" href=\"https:\/\/cortomaltese.com\/fr\/oltremare-marco-steiner\/\" aria-label=\"Oltremare, di Marco Steiner\"><\/a>\n\t<\/div>\n<\/div>\n<\/div>\n<\/li>\n\t\t\t\n\t\t\t\n\t\t\t\t\t\t\t\t\t\t\t\t\t\t\t\t\t\t\t\t\t\t\t\t\t\t\t\t\t\t\t\t\t\t\t\t\t\t\t\t\t\t\t\t\t\t\t\t\t\t\t\t\t\t\t\t\t\t\t\t\t\t\t\t\t\t\t\t<\/ul>\n\t<\/div>\n\t<div class=\"fusion-post-content-wrapper\" style=\"padding:30px 25px 20px 25px;\"><div class=\"fusion-post-content post-content\"><div class=\"fusion-timeline-circle\" style=\"background-color:#ebeaea;\"><\/div><div class=\"fusion-timeline-arrow\" style=\"color:#ebeaea;\"><\/div><h2 class=\"blog-shortcode-post-title entry-title\"><a href=\"https:\/\/cortomaltese.com\/fr\/oltremare-marco-steiner\/\">Oltremare, di Marco Steiner<\/a><\/h2><div class=\"fusion-post-content-container\"><p>Il secondo romanzo con il giovane Corto Maltese\u00a0del pi\u00f9 stretto<a href=\"https:\/\/cortomaltese.com\/fr\/oltremare-marco-steiner\/\"> [...]<\/a><\/p><\/div><\/div><\/div><div class=\"fusion-clearfix\"><\/div><\/div>\n<\/article>\n<article id=\"blog-1-post-1493\" style=\"border-color:#ebeaea;\" class=\"fusion-post-timeline fusion-clearfix fusion-left-column post-1493 post type-post status-publish format-standard has-post-thumbnail hentry category-evenements category-featured category-hugo-pratt\">\n<div class=\"fusion-post-wrapper\" style=\"background-color:rgba(255,255,255,0);\">\n\n\t\t\t<div class=\"fusion-flexslider flexslider fusion-flexslider-loading fusion-post-slideshow\" style=\"border-color:#ebeaea;\">\n\t\t<ul class=\"slides\">\n\t\t\t\n\t\t\t\t\t\t\t\t\t\t\t\t\t\t<li><div  class=\"fusion-image-wrapper\" aria-haspopup=\"true\">\n\t\t\t\t<img decoding=\"async\" width=\"1280\" height=\"967\" src=\"https:\/\/cortomaltese.com\/fr\/wp-content\/uploads\/sites\/3\/Herge-Pratt-cortomaltese.jpg\" class=\"attachment-full size-full wp-post-image\" alt=\"\" srcset=\"https:\/\/cortomaltese.com\/fr\/wp-content\/uploads\/sites\/3\/Herge-Pratt-cortomaltese-200x151.jpg 200w, https:\/\/cortomaltese.com\/fr\/wp-content\/uploads\/sites\/3\/Herge-Pratt-cortomaltese-400x302.jpg 400w, https:\/\/cortomaltese.com\/fr\/wp-content\/uploads\/sites\/3\/Herge-Pratt-cortomaltese-600x453.jpg 600w, https:\/\/cortomaltese.com\/fr\/wp-content\/uploads\/sites\/3\/Herge-Pratt-cortomaltese-800x604.jpg 800w, https:\/\/cortomaltese.com\/fr\/wp-content\/uploads\/sites\/3\/Herge-Pratt-cortomaltese-1200x907.jpg 1200w, https:\/\/cortomaltese.com\/fr\/wp-content\/uploads\/sites\/3\/Herge-Pratt-cortomaltese.jpg 1280w\" sizes=\"(max-width: 800px) 100vw, 40vw\" \/><div class=\"fusion-rollover\">\n\t<div class=\"fusion-rollover-content\">\n\n\t\t\t\t\t\t\t\t\t\t\t\t\t\t<a class=\"fusion-rollover-link\" href=\"https:\/\/cortomaltese.com\/fr\/hugo-pratt-rencontres-et-passages\/\">Hugo Pratt, Rencontres et passages<\/a>\n\t\t\t\n\t\t\t\t\t\t\t\t\n\t\t\n\t\t\t\t\t\t\t\t\t\t\t\t<h4 class=\"fusion-rollover-title\">\n\t\t\t\t\t<a class=\"fusion-rollover-title-link\" href=\"https:\/\/cortomaltese.com\/fr\/hugo-pratt-rencontres-et-passages\/\">\n\t\t\t\t\t\tHugo Pratt, Rencontres et passages\t\t\t\t\t<\/a>\n\t\t\t\t<\/h4>\n\t\t\t\n\t\t\t\t\t\t\t\t\n\t\t\n\t\t\t\t\t\t<a class=\"fusion-link-wrapper\" href=\"https:\/\/cortomaltese.com\/fr\/hugo-pratt-rencontres-et-passages\/\" aria-label=\"Hugo Pratt, Rencontres et passages\"><\/a>\n\t<\/div>\n<\/div>\n<\/div>\n<\/li>\n\t\t\t\n\t\t\t\n\t\t\t\t\t\t\t\t\t\t\t\t\t\t\t\t\t\t\t\t\t\t\t\t\t\t\t\t\t\t\t\t\t\t\t\t\t\t\t\t\t\t\t\t\t\t\t\t\t\t\t\t\t\t\t\t\t\t\t\t\t\t\t\t\t\t\t\t<\/ul>\n\t<\/div>\n\t<div class=\"fusion-post-content-wrapper\" style=\"padding:30px 25px 20px 25px;\"><div class=\"fusion-post-content post-content\"><div class=\"fusion-timeline-circle\" style=\"background-color:#ebeaea;\"><\/div><div class=\"fusion-timeline-arrow\" style=\"color:#ebeaea;\"><\/div><h2 class=\"blog-shortcode-post-title entry-title\"><a href=\"https:\/\/cortomaltese.com\/fr\/hugo-pratt-rencontres-et-passages\/\">Hugo Pratt, Rencontres et passages<\/a><\/h2><div class=\"fusion-post-content-container\"><p>2 ottobre 2015 - 6 gennaio 2016 Mostra al Museo<a href=\"https:\/\/cortomaltese.com\/fr\/hugo-pratt-rencontres-et-passages\/\"> [...]<\/a><\/p><\/div><\/div><\/div><div class=\"fusion-clearfix\"><\/div><\/div>\n<\/article>\n<\/div><h3 class=\"fusion-timeline-date\" style=\"background-color:#ebeaea;\">septembre 2015<\/h3><div class=\"fusion-collapse-month\"><article id=\"blog-1-post-12958\" style=\"border-color:#ebeaea;\" class=\"fusion-post-timeline fusion-clearfix fusion-right-column post-12958 post type-post status-publish format-standard has-post-thumbnail hentry category-evenements\">\n<div class=\"fusion-post-wrapper\" style=\"background-color:rgba(255,255,255,0);\">\n\n\t\t\t<div class=\"fusion-flexslider flexslider fusion-flexslider-loading fusion-post-slideshow\" style=\"border-color:#ebeaea;\">\n\t\t<ul class=\"slides\">\n\t\t\t\n\t\t\t\t\t\t\t\t\t\t\t\t\t\t<li><div  class=\"fusion-image-wrapper\" aria-haspopup=\"true\">\n\t\t\t\t<img decoding=\"async\" width=\"1120\" height=\"417\" src=\"https:\/\/cortomaltese.com\/fr\/wp-content\/uploads\/sites\/3\/hommage-a-hugo-pratt.jpg\" class=\"attachment-full size-full wp-post-image\" alt=\"\" srcset=\"https:\/\/cortomaltese.com\/fr\/wp-content\/uploads\/sites\/3\/hommage-a-hugo-pratt-200x74.jpg 200w, https:\/\/cortomaltese.com\/fr\/wp-content\/uploads\/sites\/3\/hommage-a-hugo-pratt-400x149.jpg 400w, https:\/\/cortomaltese.com\/fr\/wp-content\/uploads\/sites\/3\/hommage-a-hugo-pratt-600x223.jpg 600w, https:\/\/cortomaltese.com\/fr\/wp-content\/uploads\/sites\/3\/hommage-a-hugo-pratt-800x298.jpg 800w, https:\/\/cortomaltese.com\/fr\/wp-content\/uploads\/sites\/3\/hommage-a-hugo-pratt.jpg 1120w\" sizes=\"(max-width: 800px) 100vw, 40vw\" \/><div class=\"fusion-rollover\">\n\t<div class=\"fusion-rollover-content\">\n\n\t\t\t\t\t\t\t\t\t\t\t\t\t\t<a class=\"fusion-rollover-link\" href=\"https:\/\/cortomaltese.com\/fr\/hommage-hugo-pratt\/\">Hommage \u00e0 Hugo Pratt<\/a>\n\t\t\t\n\t\t\t\t\t\t\t\t\n\t\t\n\t\t\t\t\t\t\t\t\t\t\t\t<h4 class=\"fusion-rollover-title\">\n\t\t\t\t\t<a class=\"fusion-rollover-title-link\" href=\"https:\/\/cortomaltese.com\/fr\/hommage-hugo-pratt\/\">\n\t\t\t\t\t\tHommage \u00e0 Hugo Pratt\t\t\t\t\t<\/a>\n\t\t\t\t<\/h4>\n\t\t\t\n\t\t\t\t\t\t\t\t\n\t\t\n\t\t\t\t\t\t<a class=\"fusion-link-wrapper\" href=\"https:\/\/cortomaltese.com\/fr\/hommage-hugo-pratt\/\" aria-label=\"Hommage \u00e0 Hugo Pratt\"><\/a>\n\t<\/div>\n<\/div>\n<\/div>\n<\/li>\n\t\t\t\n\t\t\t\n\t\t\t\t\t\t\t\t\t\t\t\t\t\t\t\t\t\t\t\t\t\t\t\t\t\t\t\t\t\t\t\t\t\t\t\t\t\t\t\t\t\t\t\t\t\t\t\t\t\t\t\t\t\t\t\t\t\t\t\t\t\t\t\t\t\t\t\t<\/ul>\n\t<\/div>\n\t<div class=\"fusion-post-content-wrapper\" style=\"padding:30px 25px 20px 25px;\"><div class=\"fusion-post-content post-content\"><div class=\"fusion-timeline-circle\" style=\"background-color:#ebeaea;\"><\/div><div class=\"fusion-timeline-arrow\" style=\"color:#ebeaea;\"><\/div><h2 class=\"blog-shortcode-post-title entry-title\"><a href=\"https:\/\/cortomaltese.com\/fr\/hommage-hugo-pratt\/\">Hommage \u00e0 Hugo Pratt<\/a><\/h2><div class=\"fusion-post-content-container\"><p>Vingt ans de la disparition du p\u00e8re de Corto Maltese<a href=\"https:\/\/cortomaltese.com\/fr\/hommage-hugo-pratt\/\"> [...]<\/a><\/p><\/div><\/div><\/div><div class=\"fusion-clearfix\"><\/div><\/div>\n<\/article>\n<\/div><h3 class=\"fusion-timeline-date\" style=\"background-color:#ebeaea;\">octobre 2014<\/h3><div class=\"fusion-collapse-month\"><article id=\"blog-1-post-1415\" style=\"border-color:#ebeaea;\" class=\"fusion-post-timeline fusion-clearfix fusion-left-column post-1415 post type-post status-publish format-standard has-post-thumbnail hentry category-corto-maltese category-evenements category-featured\">\n<div class=\"fusion-post-wrapper\" style=\"background-color:rgba(255,255,255,0);\">\n\n\t\t\t<div class=\"fusion-flexslider flexslider fusion-flexslider-loading fusion-post-slideshow\" style=\"border-color:#ebeaea;\">\n\t\t<ul class=\"slides\">\n\t\t\t\n\t\t\t\t\t\t\t\t\t\t\t\t\t\t<li><div  class=\"fusion-image-wrapper\" aria-haspopup=\"true\">\n\t\t\t\t<img decoding=\"async\" width=\"1000\" height=\"1334\" src=\"https:\/\/cortomaltese.com\/fr\/wp-content\/uploads\/sites\/3\/Corto-Maltese-in-Svizzera.jpg\" class=\"attachment-full size-full wp-post-image\" alt=\"\" srcset=\"https:\/\/cortomaltese.com\/fr\/wp-content\/uploads\/sites\/3\/Corto-Maltese-in-Svizzera-200x267.jpg 200w, https:\/\/cortomaltese.com\/fr\/wp-content\/uploads\/sites\/3\/Corto-Maltese-in-Svizzera-400x534.jpg 400w, https:\/\/cortomaltese.com\/fr\/wp-content\/uploads\/sites\/3\/Corto-Maltese-in-Svizzera-600x800.jpg 600w, https:\/\/cortomaltese.com\/fr\/wp-content\/uploads\/sites\/3\/Corto-Maltese-in-Svizzera-800x1067.jpg 800w, https:\/\/cortomaltese.com\/fr\/wp-content\/uploads\/sites\/3\/Corto-Maltese-in-Svizzera.jpg 1000w\" sizes=\"(max-width: 800px) 100vw, 40vw\" \/><div class=\"fusion-rollover\">\n\t<div class=\"fusion-rollover-content\">\n\n\t\t\t\t\t\t\t\t\t\t\t\t\t\t<a class=\"fusion-rollover-link\" href=\"https:\/\/cortomaltese.com\/fr\/ritorno-di-corto-maltese\/\">Il ritorno di Corto Maltese<\/a>\n\t\t\t\n\t\t\t\t\t\t\t\t\n\t\t\n\t\t\t\t\t\t\t\t\t\t\t\t<h4 class=\"fusion-rollover-title\">\n\t\t\t\t\t<a class=\"fusion-rollover-title-link\" href=\"https:\/\/cortomaltese.com\/fr\/ritorno-di-corto-maltese\/\">\n\t\t\t\t\t\tIl ritorno di Corto Maltese\t\t\t\t\t<\/a>\n\t\t\t\t<\/h4>\n\t\t\t\n\t\t\t\t\t\t\t\t\n\t\t\n\t\t\t\t\t\t<a class=\"fusion-link-wrapper\" href=\"https:\/\/cortomaltese.com\/fr\/ritorno-di-corto-maltese\/\" aria-label=\"Il ritorno di Corto Maltese\"><\/a>\n\t<\/div>\n<\/div>\n<\/div>\n<\/li>\n\t\t\t\n\t\t\t\n\t\t\t\t\t\t\t\t\t\t\t\t\t\t\t\t\t\t\t\t\t\t\t\t\t\t\t\t\t\t\t\t\t\t\t\t\t\t\t\t\t\t\t\t\t\t\t\t\t\t\t\t\t\t\t\t\t\t\t\t\t\t\t\t\t\t\t\t<\/ul>\n\t<\/div>\n\t<div class=\"fusion-post-content-wrapper\" style=\"padding:30px 25px 20px 25px;\"><div class=\"fusion-post-content post-content\"><div class=\"fusion-timeline-circle\" style=\"background-color:#ebeaea;\"><\/div><div class=\"fusion-timeline-arrow\" style=\"color:#ebeaea;\"><\/div><h2 class=\"blog-shortcode-post-title entry-title\"><a href=\"https:\/\/cortomaltese.com\/fr\/ritorno-di-corto-maltese\/\">Il ritorno di Corto Maltese<\/a><\/h2><div class=\"fusion-post-content-container\"><p>29 Ottobre 2014 \u00abNon mi disturba l\u2019idea che un giorno<a href=\"https:\/\/cortomaltese.com\/fr\/ritorno-di-corto-maltese\/\"> [...]<\/a><\/p><\/div><\/div><\/div><div class=\"fusion-clearfix\"><\/div><\/div>\n<\/article>\n<\/div><h3 class=\"fusion-timeline-date\" style=\"background-color:#ebeaea;\">ao\u00fbt 2014<\/h3><div class=\"fusion-collapse-month\"><article id=\"blog-1-post-12963\" style=\"border-color:#ebeaea;\" class=\"fusion-post-timeline fusion-clearfix fusion-right-column post-12963 post type-post status-publish format-standard has-post-thumbnail hentry category-evenements\">\n<div class=\"fusion-post-wrapper\" style=\"background-color:rgba(255,255,255,0);\">\n\n\t\t\t<div class=\"fusion-flexslider flexslider fusion-flexslider-loading fusion-post-slideshow\" style=\"border-color:#ebeaea;\">\n\t\t<ul class=\"slides\">\n\t\t\t\n\t\t\t\t\t\t\t\t\t\t\t\t\t\t<li><div  class=\"fusion-image-wrapper\" aria-haspopup=\"true\">\n\t\t\t\t<img decoding=\"async\" width=\"555\" height=\"1000\" src=\"https:\/\/cortomaltese.com\/fr\/wp-content\/uploads\/sites\/3\/cortomaltese-Rime-Hugo-Pratt-2014.jpg\" class=\"attachment-full size-full wp-post-image\" alt=\"\" srcset=\"https:\/\/cortomaltese.com\/fr\/wp-content\/uploads\/sites\/3\/cortomaltese-Rime-Hugo-Pratt-2014-200x360.jpg 200w, https:\/\/cortomaltese.com\/fr\/wp-content\/uploads\/sites\/3\/cortomaltese-Rime-Hugo-Pratt-2014-400x721.jpg 400w, https:\/\/cortomaltese.com\/fr\/wp-content\/uploads\/sites\/3\/cortomaltese-Rime-Hugo-Pratt-2014.jpg 555w\" sizes=\"(max-width: 800px) 100vw, 40vw\" \/><div class=\"fusion-rollover\">\n\t<div class=\"fusion-rollover-content\">\n\n\t\t\t\t\t\t\t\t\t\t\t\t\t\t<a class=\"fusion-rollover-link\" href=\"https:\/\/cortomaltese.com\/fr\/hugo-pratt-la-rencontre-de-buenos-aires\/\">Hugo Pratt: La rencontre de Buenos Aires<\/a>\n\t\t\t\n\t\t\t\t\t\t\t\t\n\t\t\n\t\t\t\t\t\t\t\t\t\t\t\t<h4 class=\"fusion-rollover-title\">\n\t\t\t\t\t<a class=\"fusion-rollover-title-link\" href=\"https:\/\/cortomaltese.com\/fr\/hugo-pratt-la-rencontre-de-buenos-aires\/\">\n\t\t\t\t\t\tHugo Pratt: La rencontre de Buenos Aires\t\t\t\t\t<\/a>\n\t\t\t\t<\/h4>\n\t\t\t\n\t\t\t\t\t\t\t\t\n\t\t\n\t\t\t\t\t\t<a class=\"fusion-link-wrapper\" href=\"https:\/\/cortomaltese.com\/fr\/hugo-pratt-la-rencontre-de-buenos-aires\/\" aria-label=\"Hugo Pratt: La rencontre de Buenos Aires\"><\/a>\n\t<\/div>\n<\/div>\n<\/div>\n<\/li>\n\t\t\t\n\t\t\t\n\t\t\t\t\t\t\t\t\t\t\t\t\t\t\t\t\t\t\t\t\t\t\t\t\t\t\t\t\t\t\t\t\t\t\t\t\t\t\t\t\t\t\t\t\t\t\t\t\t\t\t\t\t\t\t\t\t\t\t\t\t\t\t\t\t\t\t\t<\/ul>\n\t<\/div>\n\t<div class=\"fusion-post-content-wrapper\" style=\"padding:30px 25px 20px 25px;\"><div class=\"fusion-post-content post-content\"><div class=\"fusion-timeline-circle\" style=\"background-color:#ebeaea;\"><\/div><div class=\"fusion-timeline-arrow\" style=\"color:#ebeaea;\"><\/div><h2 class=\"blog-shortcode-post-title entry-title\"><a href=\"https:\/\/cortomaltese.com\/fr\/hugo-pratt-la-rencontre-de-buenos-aires\/\">Hugo Pratt: La rencontre de Buenos Aires<\/a><\/h2><div class=\"fusion-post-content-container\"><p>Hugo Pratt a mis beaucoup de son talent \u00e0 placer<a href=\"https:\/\/cortomaltese.com\/fr\/hugo-pratt-la-rencontre-de-buenos-aires\/\"> [...]<\/a><\/p><\/div><\/div><\/div><div class=\"fusion-clearfix\"><\/div><\/div>\n<\/article>\n<\/div><h3 class=\"fusion-timeline-date\" style=\"background-color:#ebeaea;\">avril 2014<\/h3><div class=\"fusion-collapse-month\"><article id=\"blog-1-post-1409\" style=\"border-color:#ebeaea;\" class=\"fusion-post-timeline fusion-clearfix fusion-left-column post-1409 post type-post status-publish format-standard has-post-thumbnail hentry category-evenements category-featured category-hugo-pratt\">\n<div class=\"fusion-post-wrapper\" style=\"background-color:rgba(255,255,255,0);\">\n\n\t\t\t<div class=\"fusion-flexslider flexslider fusion-flexslider-loading fusion-post-slideshow\" style=\"border-color:#ebeaea;\">\n\t\t<ul class=\"slides\">\n\t\t\t\n\t\t\t\t\t\t\t\t\t\t\t\t\t\t<li><div  class=\"fusion-image-wrapper\" aria-haspopup=\"true\">\n\t\t\t\t<img decoding=\"async\" width=\"670\" height=\"586\" src=\"https:\/\/cortomaltese.com\/fr\/wp-content\/uploads\/sites\/3\/Hugo-Pratt-Rimini-2014.jpg\" class=\"attachment-full size-full wp-post-image\" alt=\"\" srcset=\"https:\/\/cortomaltese.com\/fr\/wp-content\/uploads\/sites\/3\/Hugo-Pratt-Rimini-2014-200x175.jpg 200w, https:\/\/cortomaltese.com\/fr\/wp-content\/uploads\/sites\/3\/Hugo-Pratt-Rimini-2014-400x350.jpg 400w, https:\/\/cortomaltese.com\/fr\/wp-content\/uploads\/sites\/3\/Hugo-Pratt-Rimini-2014-600x525.jpg 600w, https:\/\/cortomaltese.com\/fr\/wp-content\/uploads\/sites\/3\/Hugo-Pratt-Rimini-2014.jpg 670w\" sizes=\"(max-width: 800px) 100vw, 40vw\" \/><div class=\"fusion-rollover\">\n\t<div class=\"fusion-rollover-content\">\n\n\t\t\t\t\t\t\t\t\t\t\t\t\t\t<a class=\"fusion-rollover-link\" href=\"https:\/\/cortomaltese.com\/fr\/hugo-pratt-il-segno-dellavventura\/\">Hugo Pratt, il segno dell\u2019avventura<\/a>\n\t\t\t\n\t\t\t\t\t\t\t\t\n\t\t\n\t\t\t\t\t\t\t\t\t\t\t\t<h4 class=\"fusion-rollover-title\">\n\t\t\t\t\t<a class=\"fusion-rollover-title-link\" href=\"https:\/\/cortomaltese.com\/fr\/hugo-pratt-il-segno-dellavventura\/\">\n\t\t\t\t\t\tHugo Pratt, il segno dell\u2019avventura\t\t\t\t\t<\/a>\n\t\t\t\t<\/h4>\n\t\t\t\n\t\t\t\t\t\t\t\t\n\t\t\n\t\t\t\t\t\t<a class=\"fusion-link-wrapper\" href=\"https:\/\/cortomaltese.com\/fr\/hugo-pratt-il-segno-dellavventura\/\" aria-label=\"Hugo Pratt, il segno dell\u2019avventura\"><\/a>\n\t<\/div>\n<\/div>\n<\/div>\n<\/li>\n\t\t\t\n\t\t\t\n\t\t\t\t\t\t\t\t\t\t\t\t\t\t\t\t\t\t\t\t\t\t\t\t\t\t\t\t\t\t\t\t\t\t\t\t\t\t\t\t\t\t\t\t\t\t\t\t\t\t\t\t\t\t\t\t\t\t\t\t\t\t\t\t\t\t\t\t<\/ul>\n\t<\/div>\n\t<div class=\"fusion-post-content-wrapper\" style=\"padding:30px 25px 20px 25px;\"><div class=\"fusion-post-content post-content\"><div class=\"fusion-timeline-circle\" style=\"background-color:#ebeaea;\"><\/div><div class=\"fusion-timeline-arrow\" style=\"color:#ebeaea;\"><\/div><h2 class=\"blog-shortcode-post-title entry-title\"><a href=\"https:\/\/cortomaltese.com\/fr\/hugo-pratt-il-segno-dellavventura\/\">Hugo Pratt, il segno dell\u2019avventura<\/a><\/h2><div class=\"fusion-post-content-container\"><p>Hugo Pratt ritorna a Rimini per la prima volta con<a href=\"https:\/\/cortomaltese.com\/fr\/hugo-pratt-il-segno-dellavventura\/\"> [...]<\/a><\/p><\/div><\/div><\/div><div class=\"fusion-clearfix\"><\/div><\/div>\n<\/article>\n<\/div><h3 class=\"fusion-timeline-date\" style=\"background-color:#ebeaea;\">f\u00e9vrier 2014<\/h3><div class=\"fusion-collapse-month\"><article id=\"blog-1-post-1382\" style=\"border-color:#ebeaea;\" class=\"fusion-post-timeline fusion-clearfix fusion-right-column post-1382 post type-post status-publish format-standard has-post-thumbnail hentry category-corto-maltese category-evenements category-featured\">\n<div class=\"fusion-post-wrapper\" style=\"background-color:rgba(255,255,255,0);\">\n\n\t\t\t<div class=\"fusion-flexslider flexslider fusion-flexslider-loading fusion-post-slideshow\" style=\"border-color:#ebeaea;\">\n\t\t<ul class=\"slides\">\n\t\t\t\n\t\t\t\t\t\t\t\t\t\t\t\t\t\t<li><div  class=\"fusion-image-wrapper\" aria-haspopup=\"true\">\n\t\t\t\t<img decoding=\"async\" width=\"1635\" height=\"2046\" src=\"https:\/\/cortomaltese.com\/fr\/wp-content\/uploads\/sites\/3\/il-corvo-di-pietra-marco-steiner.jpg\" class=\"attachment-full size-full wp-post-image\" alt=\"\" srcset=\"https:\/\/cortomaltese.com\/fr\/wp-content\/uploads\/sites\/3\/il-corvo-di-pietra-marco-steiner-200x250.jpg 200w, https:\/\/cortomaltese.com\/fr\/wp-content\/uploads\/sites\/3\/il-corvo-di-pietra-marco-steiner-400x501.jpg 400w, https:\/\/cortomaltese.com\/fr\/wp-content\/uploads\/sites\/3\/il-corvo-di-pietra-marco-steiner-600x751.jpg 600w, https:\/\/cortomaltese.com\/fr\/wp-content\/uploads\/sites\/3\/il-corvo-di-pietra-marco-steiner-800x1001.jpg 800w, https:\/\/cortomaltese.com\/fr\/wp-content\/uploads\/sites\/3\/il-corvo-di-pietra-marco-steiner-1200x1502.jpg 1200w, https:\/\/cortomaltese.com\/fr\/wp-content\/uploads\/sites\/3\/il-corvo-di-pietra-marco-steiner.jpg 1635w\" sizes=\"(max-width: 800px) 100vw, 40vw\" \/><div class=\"fusion-rollover\">\n\t<div class=\"fusion-rollover-content\">\n\n\t\t\t\t\t\t\t\t\t\t\t\t\t\t<a class=\"fusion-rollover-link\" href=\"https:\/\/cortomaltese.com\/fr\/marco-steiner-il-corvo-di-pietra\/\">Marco Steiner. Il corvo di Pietra<\/a>\n\t\t\t\n\t\t\t\t\t\t\t\t\n\t\t\n\t\t\t\t\t\t\t\t\t\t\t\t<h4 class=\"fusion-rollover-title\">\n\t\t\t\t\t<a class=\"fusion-rollover-title-link\" href=\"https:\/\/cortomaltese.com\/fr\/marco-steiner-il-corvo-di-pietra\/\">\n\t\t\t\t\t\tMarco Steiner. Il corvo di Pietra\t\t\t\t\t<\/a>\n\t\t\t\t<\/h4>\n\t\t\t\n\t\t\t\t\t\t\t\t\n\t\t\n\t\t\t\t\t\t<a class=\"fusion-link-wrapper\" href=\"https:\/\/cortomaltese.com\/fr\/marco-steiner-il-corvo-di-pietra\/\" aria-label=\"Marco Steiner. Il corvo di Pietra\"><\/a>\n\t<\/div>\n<\/div>\n<\/div>\n<\/li>\n\t\t\t\n\t\t\t\n\t\t\t\t\t\t\t\t\t\t\t\t\t\t\t\t\t\t\t\t\t\t\t\t\t\t\t\t\t\t\t\t\t\t\t\t\t\t\t\t\t\t\t\t\t\t\t\t\t\t\t\t\t\t\t\t\t\t\t\t\t\t\t\t\t\t\t\t<\/ul>\n\t<\/div>\n\t<div class=\"fusion-post-content-wrapper\" style=\"padding:30px 25px 20px 25px;\"><div class=\"fusion-post-content post-content\"><div class=\"fusion-timeline-circle\" style=\"background-color:#ebeaea;\"><\/div><div class=\"fusion-timeline-arrow\" style=\"color:#ebeaea;\"><\/div><h2 class=\"blog-shortcode-post-title entry-title\"><a href=\"https:\/\/cortomaltese.com\/fr\/marco-steiner-il-corvo-di-pietra\/\">Marco Steiner. Il corvo di Pietra<\/a><\/h2><div class=\"fusion-post-content-container\"><p>Le prime esperienze del giovane Corto Maltese. Il corvo di<a href=\"https:\/\/cortomaltese.com\/fr\/marco-steiner-il-corvo-di-pietra\/\"> [...]<\/a><\/p><\/div><\/div><\/div><div class=\"fusion-clearfix\"><\/div><\/div>\n<\/article>\n<\/div><h3 class=\"fusion-timeline-date\" style=\"background-color:#ebeaea;\">novembre 2013<\/h3><div class=\"fusion-collapse-month\"><article id=\"blog-1-post-1310\" style=\"border-color:#ebeaea;\" class=\"fusion-post-timeline fusion-clearfix fusion-left-column post-1310 post type-post status-publish format-standard has-post-thumbnail hentry category-corto-maltese category-evenements category-hugo-pratt\">\n<div class=\"fusion-post-wrapper\" style=\"background-color:rgba(255,255,255,0);\">\n\n\t\t\t<div class=\"fusion-flexslider flexslider fusion-flexslider-loading fusion-post-slideshow\" style=\"border-color:#ebeaea;\">\n\t\t<ul class=\"slides\">\n\t\t\t\n\t\t\t\t\t\t\t\t\t\t\t\t\t\t<li><div  class=\"fusion-image-wrapper\" aria-haspopup=\"true\">\n\t\t\t\t<img decoding=\"async\" width=\"1484\" height=\"993\" src=\"https:\/\/cortomaltese.com\/fr\/wp-content\/uploads\/sites\/3\/una-ballata-del-mare-salato-frame1.jpg\" class=\"attachment-full size-full wp-post-image\" alt=\"\" srcset=\"https:\/\/cortomaltese.com\/fr\/wp-content\/uploads\/sites\/3\/una-ballata-del-mare-salato-frame1-200x134.jpg 200w, https:\/\/cortomaltese.com\/fr\/wp-content\/uploads\/sites\/3\/una-ballata-del-mare-salato-frame1-400x268.jpg 400w, https:\/\/cortomaltese.com\/fr\/wp-content\/uploads\/sites\/3\/una-ballata-del-mare-salato-frame1-600x401.jpg 600w, https:\/\/cortomaltese.com\/fr\/wp-content\/uploads\/sites\/3\/una-ballata-del-mare-salato-frame1-800x535.jpg 800w, https:\/\/cortomaltese.com\/fr\/wp-content\/uploads\/sites\/3\/una-ballata-del-mare-salato-frame1-1200x803.jpg 1200w, https:\/\/cortomaltese.com\/fr\/wp-content\/uploads\/sites\/3\/una-ballata-del-mare-salato-frame1.jpg 1484w\" sizes=\"(max-width: 800px) 100vw, 40vw\" \/><div class=\"fusion-rollover\">\n\t<div class=\"fusion-rollover-content\">\n\n\t\t\t\t\t\t\t\t\t\t\t\t\t\t<a class=\"fusion-rollover-link\" href=\"https:\/\/cortomaltese.com\/fr\/una-ballata-del-mare-salato-1913-2013\/\">Una ballata del mare salato: 1913-2013<\/a>\n\t\t\t\n\t\t\t\t\t\t\t\t\n\t\t\n\t\t\t\t\t\t\t\t\t\t\t\t<h4 class=\"fusion-rollover-title\">\n\t\t\t\t\t<a class=\"fusion-rollover-title-link\" href=\"https:\/\/cortomaltese.com\/fr\/una-ballata-del-mare-salato-1913-2013\/\">\n\t\t\t\t\t\tUna ballata del mare salato: 1913-2013\t\t\t\t\t<\/a>\n\t\t\t\t<\/h4>\n\t\t\t\n\t\t\t\t\t\t\t\t\n\t\t\n\t\t\t\t\t\t<a class=\"fusion-link-wrapper\" href=\"https:\/\/cortomaltese.com\/fr\/una-ballata-del-mare-salato-1913-2013\/\" aria-label=\"Una ballata del mare salato: 1913-2013\"><\/a>\n\t<\/div>\n<\/div>\n<\/div>\n<\/li>\n\t\t\t\n\t\t\t\n\t\t\t\t\t\t\t\t\t\t\t\t\t\t\t\t\t\t\t\t\t\t\t\t\t\t\t\t\t\t\t\t\t\t\t\t\t\t\t\t\t\t\t\t\t\t\t\t\t\t\t\t\t\t\t\t\t\t\t\t\t\t\t\t\t\t\t\t<\/ul>\n\t<\/div>\n\t<div class=\"fusion-post-content-wrapper\" style=\"padding:30px 25px 20px 25px;\"><div class=\"fusion-post-content post-content\"><div class=\"fusion-timeline-circle\" style=\"background-color:#ebeaea;\"><\/div><div class=\"fusion-timeline-arrow\" style=\"color:#ebeaea;\"><\/div><h2 class=\"blog-shortcode-post-title entry-title\"><a href=\"https:\/\/cortomaltese.com\/fr\/una-ballata-del-mare-salato-1913-2013\/\">Una ballata del mare salato: 1913-2013<\/a><\/h2><div class=\"fusion-post-content-container\"><p>1\u00b0 novembre 1913, il giorno di Ognissanti, ma anche \u201cTarowean\u201d,<a href=\"https:\/\/cortomaltese.com\/fr\/una-ballata-del-mare-salato-1913-2013\/\"> [...]<\/a><\/p><\/div><\/div><\/div><div class=\"fusion-clearfix\"><\/div><\/div>\n<\/article>\n<\/div><h3 class=\"fusion-timeline-date\" style=\"background-color:#ebeaea;\">juillet 2013<\/h3><div class=\"fusion-collapse-month\"><article id=\"blog-1-post-1274\" style=\"border-color:#ebeaea;\" class=\"fusion-post-timeline fusion-clearfix fusion-right-column post-1274 post type-post status-publish format-standard has-post-thumbnail hentry category-evenements category-nouveautes\">\n<div class=\"fusion-post-wrapper\" style=\"background-color:rgba(255,255,255,0);\">\n\n\t\t\t<div class=\"fusion-flexslider flexslider fusion-flexslider-loading fusion-post-slideshow\" style=\"border-color:#ebeaea;\">\n\t\t<ul class=\"slides\">\n\t\t\t\n\t\t\t\t\t\t\t\t\t\t\t\t\t\t<li><div  class=\"fusion-image-wrapper\" aria-haspopup=\"true\">\n\t\t\t\t<img decoding=\"async\" width=\"466\" height=\"596\" src=\"https:\/\/cortomaltese.com\/fr\/wp-content\/uploads\/sites\/3\/histore-marianne.jpg\" class=\"attachment-full size-full wp-post-image\" alt=\"\" srcset=\"https:\/\/cortomaltese.com\/fr\/wp-content\/uploads\/sites\/3\/histore-marianne-200x256.jpg 200w, https:\/\/cortomaltese.com\/fr\/wp-content\/uploads\/sites\/3\/histore-marianne-400x512.jpg 400w, https:\/\/cortomaltese.com\/fr\/wp-content\/uploads\/sites\/3\/histore-marianne.jpg 466w\" sizes=\"(max-width: 800px) 100vw, 40vw\" \/><div class=\"fusion-rollover\">\n\t<div class=\"fusion-rollover-content\">\n\n\t\t\t\t\t\t\t\t\t\t\t\t\t\t<a class=\"fusion-rollover-link\" href=\"https:\/\/cortomaltese.com\/fr\/corto-maltese-recits-du-monde-escales-du-temps\/\">Corto Maltese. R\u00e9cits du monde, escales du temps<\/a>\n\t\t\t\n\t\t\t\t\t\t\t\t\n\t\t\n\t\t\t\t\t\t\t\t\t\t\t\t<h4 class=\"fusion-rollover-title\">\n\t\t\t\t\t<a class=\"fusion-rollover-title-link\" href=\"https:\/\/cortomaltese.com\/fr\/corto-maltese-recits-du-monde-escales-du-temps\/\">\n\t\t\t\t\t\tCorto Maltese. R\u00e9cits du monde, escales du temps\t\t\t\t\t<\/a>\n\t\t\t\t<\/h4>\n\t\t\t\n\t\t\t\t\t\t\t\t\n\t\t\n\t\t\t\t\t\t<a class=\"fusion-link-wrapper\" href=\"https:\/\/cortomaltese.com\/fr\/corto-maltese-recits-du-monde-escales-du-temps\/\" aria-label=\"Corto Maltese. R\u00e9cits du monde, escales du temps\"><\/a>\n\t<\/div>\n<\/div>\n<\/div>\n<\/li>\n\t\t\t\n\t\t\t\n\t\t\t\t\t\t\t\t\t\t\t\t\t\t\t\t\t\t\t\t\t\t\t\t\t\t\t\t\t\t\t\t\t\t\t\t\t\t\t\t\t\t\t\t\t\t\t\t\t\t\t\t\t\t\t\t\t\t\t\t\t\t\t\t\t\t\t\t<\/ul>\n\t<\/div>\n\t<div class=\"fusion-post-content-wrapper\" style=\"padding:30px 25px 20px 25px;\"><div class=\"fusion-post-content post-content\"><div class=\"fusion-timeline-circle\" style=\"background-color:#ebeaea;\"><\/div><div class=\"fusion-timeline-arrow\" style=\"color:#ebeaea;\"><\/div><h2 class=\"blog-shortcode-post-title entry-title\"><a href=\"https:\/\/cortomaltese.com\/fr\/corto-maltese-recits-du-monde-escales-du-temps\/\">Corto Maltese. R\u00e9cits du monde, escales du temps<\/a><\/h2><div class=\"fusion-post-content-container\"><p>Vente en kiosque depuis le 18 juillet 2013 (France, Belgique,<a href=\"https:\/\/cortomaltese.com\/fr\/corto-maltese-recits-du-monde-escales-du-temps\/\"> [...]<\/a><\/p><\/div><\/div><\/div><div class=\"fusion-clearfix\"><\/div><\/div>\n<\/article>\n<\/div><h3 class=\"fusion-timeline-date\" style=\"background-color:#ebeaea;\">novembre 2012<\/h3><div class=\"fusion-collapse-month\"><article id=\"blog-1-post-1215\" style=\"border-color:#ebeaea;\" class=\"fusion-post-timeline fusion-clearfix fusion-left-column post-1215 post type-post status-publish format-standard has-post-thumbnail hentry category-corto-maltese category-evenements category-featured\">\n<div class=\"fusion-post-wrapper\" style=\"background-color:rgba(255,255,255,0);\">\n\n\t\t\t<div class=\"fusion-flexslider flexslider fusion-flexslider-loading fusion-post-slideshow\" style=\"border-color:#ebeaea;\">\n\t\t<ul class=\"slides\">\n\t\t\t\n\t\t\t\t\t\t\t\t\t\t\t\t\t\t<li><div  class=\"fusion-image-wrapper\" aria-haspopup=\"true\">\n\t\t\t\t<img decoding=\"async\" width=\"400\" height=\"566\" src=\"https:\/\/cortomaltese.com\/fr\/wp-content\/uploads\/sites\/3\/corto-maltese-malta-2012.jpg\" class=\"attachment-full size-full wp-post-image\" alt=\"\" srcset=\"https:\/\/cortomaltese.com\/fr\/wp-content\/uploads\/sites\/3\/corto-maltese-malta-2012-200x283.jpg 200w, https:\/\/cortomaltese.com\/fr\/wp-content\/uploads\/sites\/3\/corto-maltese-malta-2012.jpg 400w\" sizes=\"(max-width: 800px) 100vw, 40vw\" \/><div class=\"fusion-rollover\">\n\t<div class=\"fusion-rollover-content\">\n\n\t\t\t\t\t\t\t\t\t\t\t\t\t\t<a class=\"fusion-rollover-link\" href=\"https:\/\/cortomaltese.com\/fr\/avventura-comincia-qui\/\">L&#8217;avventura comincia qui<\/a>\n\t\t\t\n\t\t\t\t\t\t\t\t\n\t\t\n\t\t\t\t\t\t\t\t\t\t\t\t<h4 class=\"fusion-rollover-title\">\n\t\t\t\t\t<a class=\"fusion-rollover-title-link\" href=\"https:\/\/cortomaltese.com\/fr\/avventura-comincia-qui\/\">\n\t\t\t\t\t\tL&#8217;avventura comincia qui\t\t\t\t\t<\/a>\n\t\t\t\t<\/h4>\n\t\t\t\n\t\t\t\t\t\t\t\t\n\t\t\n\t\t\t\t\t\t<a class=\"fusion-link-wrapper\" href=\"https:\/\/cortomaltese.com\/fr\/avventura-comincia-qui\/\" aria-label=\"L&#8217;avventura comincia qui\"><\/a>\n\t<\/div>\n<\/div>\n<\/div>\n<\/li>\n\t\t\t\n\t\t\t\n\t\t\t\t\t\t\t\t\t\t\t\t\t\t\t\t\t\t\t\t\t\t\t\t\t\t\t\t\t\t\t\t\t\t\t\t\t\t\t\t\t\t\t\t\t\t\t\t\t\t\t\t\t\t\t\t\t\t\t\t\t\t\t\t\t\t\t\t<\/ul>\n\t<\/div>\n\t<div class=\"fusion-post-content-wrapper\" style=\"padding:30px 25px 20px 25px;\"><div class=\"fusion-post-content post-content\"><div class=\"fusion-timeline-circle\" style=\"background-color:#ebeaea;\"><\/div><div class=\"fusion-timeline-arrow\" style=\"color:#ebeaea;\"><\/div><h2 class=\"blog-shortcode-post-title entry-title\"><a href=\"https:\/\/cortomaltese.com\/fr\/avventura-comincia-qui\/\">L&#8217;avventura comincia qui<\/a><\/h2><div class=\"fusion-post-content-container\"><p>Corto Maltese esposizione a Malta al St James Cavalier Center of Creativity con patrocinio dell'Ambasciata di Francia a Malta<\/p><\/div><\/div><\/div><div class=\"fusion-clearfix\"><\/div><\/div>\n<\/article>\n<\/div><h3 class=\"fusion-timeline-date\" style=\"background-color:#ebeaea;\">juin 2012<\/h3><div class=\"fusion-collapse-month\"><article id=\"blog-1-post-1177\" style=\"border-color:#ebeaea;\" class=\"fusion-post-timeline fusion-clearfix fusion-right-column post-1177 post type-post status-publish format-standard has-post-thumbnail hentry category-corto-maltese category-evenements category-featured category-hugo-pratt\">\n<div class=\"fusion-post-wrapper\" style=\"background-color:rgba(255,255,255,0);\">\n\n\t\t\t<div class=\"fusion-flexslider flexslider fusion-flexslider-loading fusion-post-slideshow\" style=\"border-color:#ebeaea;\">\n\t\t<ul class=\"slides\">\n\t\t\t\n\t\t\t\t\t\t\t\t\t\t\t\t\t\t<li><div  class=\"fusion-image-wrapper\" aria-haspopup=\"true\">\n\t\t\t\t<img decoding=\"async\" width=\"800\" height=\"1067\" src=\"https:\/\/cortomaltese.com\/fr\/wp-content\/uploads\/sites\/3\/corto-maltese-marco-danna.jpg\" class=\"attachment-full size-full wp-post-image\" alt=\"\" srcset=\"https:\/\/cortomaltese.com\/fr\/wp-content\/uploads\/sites\/3\/corto-maltese-marco-danna-200x267.jpg 200w, https:\/\/cortomaltese.com\/fr\/wp-content\/uploads\/sites\/3\/corto-maltese-marco-danna-400x534.jpg 400w, https:\/\/cortomaltese.com\/fr\/wp-content\/uploads\/sites\/3\/corto-maltese-marco-danna-600x800.jpg 600w, https:\/\/cortomaltese.com\/fr\/wp-content\/uploads\/sites\/3\/corto-maltese-marco-danna.jpg 800w\" sizes=\"(max-width: 800px) 100vw, 40vw\" \/><div class=\"fusion-rollover\">\n\t<div class=\"fusion-rollover-content\">\n\n\t\t\t\t\t\t\t\t\t\t\t\t\t\t<a class=\"fusion-rollover-link\" href=\"https:\/\/cortomaltese.com\/fr\/il-marinario-e-il-fotografo\/\">Il marinaio e il fotografo<\/a>\n\t\t\t\n\t\t\t\t\t\t\t\t\n\t\t\n\t\t\t\t\t\t\t\t\t\t\t\t<h4 class=\"fusion-rollover-title\">\n\t\t\t\t\t<a class=\"fusion-rollover-title-link\" href=\"https:\/\/cortomaltese.com\/fr\/il-marinario-e-il-fotografo\/\">\n\t\t\t\t\t\tIl marinaio e il fotografo\t\t\t\t\t<\/a>\n\t\t\t\t<\/h4>\n\t\t\t\n\t\t\t\t\t\t\t\t\n\t\t\n\t\t\t\t\t\t<a class=\"fusion-link-wrapper\" href=\"https:\/\/cortomaltese.com\/fr\/il-marinario-e-il-fotografo\/\" aria-label=\"Il marinaio e il fotografo\"><\/a>\n\t<\/div>\n<\/div>\n<\/div>\n<\/li>\n\t\t\t\n\t\t\t\n\t\t\t\t\t\t\t\t\t\t\t\t\t\t\t\t\t\t\t\t\t\t\t\t\t\t\t\t\t\t\t\t\t\t\t\t\t\t\t\t\t\t\t\t\t\t\t\t\t\t\t\t\t\t\t\t\t\t\t\t\t\t\t\t\t\t\t\t<\/ul>\n\t<\/div>\n\t<div class=\"fusion-post-content-wrapper\" style=\"padding:30px 25px 20px 25px;\"><div class=\"fusion-post-content post-content\"><div class=\"fusion-timeline-circle\" style=\"background-color:#ebeaea;\"><\/div><div class=\"fusion-timeline-arrow\" style=\"color:#ebeaea;\"><\/div><h2 class=\"blog-shortcode-post-title entry-title\"><a href=\"https:\/\/cortomaltese.com\/fr\/il-marinario-e-il-fotografo\/\">Il marinaio e il fotografo<\/a><\/h2><div class=\"fusion-post-content-container\"><p>Museo degli Svizzeri nel Mondo,\u00a0\"Le marin et le photographe\".\u00a0Mostra di<a href=\"https:\/\/cortomaltese.com\/fr\/il-marinario-e-il-fotografo\/\"> [...]<\/a><\/p><\/div><\/div><\/div><div class=\"fusion-clearfix\"><\/div><\/div>\n<\/article>\n<\/div><h3 class=\"fusion-timeline-date\" style=\"background-color:#ebeaea;\">f\u00e9vrier 2012<\/h3><div class=\"fusion-collapse-month\"><article id=\"blog-1-post-934\" style=\"border-color:#ebeaea;\" class=\"fusion-post-timeline fusion-clearfix fusion-left-column post-934 post type-post status-publish format-standard has-post-thumbnail hentry category-corto-maltese category-evenements category-featured category-hugo-pratt\">\n<div class=\"fusion-post-wrapper\" style=\"background-color:rgba(255,255,255,0);\">\n\n\t\t\t<div class=\"fusion-flexslider flexslider fusion-flexslider-loading fusion-post-slideshow\" style=\"border-color:#ebeaea;\">\n\t\t<ul class=\"slides\">\n\t\t\t\n\t\t\t\t\t\t\t\t\t\t\t\t\t\t<li><div  class=\"fusion-image-wrapper\" aria-haspopup=\"true\">\n\t\t\t\t<img decoding=\"async\" width=\"214\" height=\"300\" src=\"https:\/\/cortomaltese.com\/fr\/wp-content\/uploads\/sites\/3\/french_exhibition_cover.jpg\" class=\"attachment-full size-full wp-post-image\" alt=\"\" srcset=\"https:\/\/cortomaltese.com\/fr\/wp-content\/uploads\/sites\/3\/french_exhibition_cover-200x280.jpg 200w, https:\/\/cortomaltese.com\/fr\/wp-content\/uploads\/sites\/3\/french_exhibition_cover.jpg 214w\" sizes=\"(max-width: 800px) 100vw, 40vw\" \/><div class=\"fusion-rollover\">\n\t<div class=\"fusion-rollover-content\">\n\n\t\t\t\t\t\t\t\t\t\t\t\t\t\t<a class=\"fusion-rollover-link\" href=\"https:\/\/cortomaltese.com\/fr\/corto-maltese-et-les-secrets-de-linitiation\/\">Corto Maltese et les secrets de l&#8217;initiation<\/a>\n\t\t\t\n\t\t\t\t\t\t\t\t\n\t\t\n\t\t\t\t\t\t\t\t\t\t\t\t<h4 class=\"fusion-rollover-title\">\n\t\t\t\t\t<a class=\"fusion-rollover-title-link\" href=\"https:\/\/cortomaltese.com\/fr\/corto-maltese-et-les-secrets-de-linitiation\/\">\n\t\t\t\t\t\tCorto Maltese et les secrets de l&#8217;initiation\t\t\t\t\t<\/a>\n\t\t\t\t<\/h4>\n\t\t\t\n\t\t\t\t\t\t\t\t\n\t\t\n\t\t\t\t\t\t<a class=\"fusion-link-wrapper\" href=\"https:\/\/cortomaltese.com\/fr\/corto-maltese-et-les-secrets-de-linitiation\/\" aria-label=\"Corto Maltese et les secrets de l&#8217;initiation\"><\/a>\n\t<\/div>\n<\/div>\n<\/div>\n<\/li>\n\t\t\t\n\t\t\t\n\t\t\t\t\t\t\t\t\t\t\t\t\t\t\t\t\t\t\t\t\t\t\t\t\t\t\t\t\t\t\t\t\t\t\t\t\t\t\t\t\t\t\t\t\t\t\t\t\t\t\t\t\t\t\t\t\t\t\t\t\t\t\t\t\t\t\t\t<\/ul>\n\t<\/div>\n\t<div class=\"fusion-post-content-wrapper\" style=\"padding:30px 25px 20px 25px;\"><div class=\"fusion-post-content post-content\"><div class=\"fusion-timeline-circle\" style=\"background-color:#ebeaea;\"><\/div><div class=\"fusion-timeline-arrow\" style=\"color:#ebeaea;\"><\/div><h2 class=\"blog-shortcode-post-title entry-title\"><a href=\"https:\/\/cortomaltese.com\/fr\/corto-maltese-et-les-secrets-de-linitiation\/\">Corto Maltese et les secrets de l&#8217;initiation<\/a><\/h2><div class=\"fusion-post-content-container\"><p>Dopo il grande successo della mostra \"Le voyage imaginaire de<a href=\"https:\/\/cortomaltese.com\/fr\/corto-maltese-et-les-secrets-de-linitiation\/\"> [...]<\/a><\/p><\/div><\/div><\/div><div class=\"fusion-clearfix\"><\/div><\/div>\n<\/article>\n<\/div><\/div><\/div><\/div><div class=\"fusion-clearfix\"><\/div><\/div><\/div><\/div><\/div>\n","protected":false},"excerpt":{"rendered":"","protected":false},"author":1,"featured_media":12172,"parent":0,"menu_order":0,"comment_status":"closed","ping_status":"closed","template":"","meta":{"footnotes":""},"class_list":["post-12181","page","type-page","status-publish","has-post-thumbnail","hentry"],"yoast_head":"<!-- This site is optimized with the Yoast SEO plugin v26.5 - https:\/\/yoast.com\/wordpress\/plugins\/seo\/ -->\n<title>Ev\u00e9nements | Corto Maltese<\/title>\n<meta name=\"description\" content=\"Le calendrier de tous les ev\u00e9nements organis\u00e9s dans le monde, d\u00e9di\u00e9e \u00e0 Hugo Pratt et Corto Maltese: expositions, conf\u00e9rences, r\u00e9unions.\" \/>\n<meta name=\"robots\" content=\"index, follow, max-snippet:-1, max-image-preview:large, max-video-preview:-1\" \/>\n<link rel=\"canonical\" href=\"https:\/\/cortomaltese.com\/fr\/evenements\/\" \/>\n<meta property=\"og:locale\" content=\"fr_FR\" \/>\n<meta property=\"og:type\" content=\"article\" \/>\n<meta property=\"og:title\" content=\"Ev\u00e9nements | Corto Maltese\" \/>\n<meta property=\"og:description\" content=\"Le calendrier de tous les ev\u00e9nements organis\u00e9s dans le monde, d\u00e9di\u00e9e \u00e0 Hugo Pratt et Corto Maltese: expositions, conf\u00e9rences, r\u00e9unions.\" \/>\n<meta property=\"og:url\" content=\"https:\/\/cortomaltese.com\/fr\/evenements\/\" \/>\n<meta property=\"og:site_name\" content=\"cortomaltese fran\u00e7ais\" \/>\n<meta property=\"article:modified_time\" content=\"2018-05-04T15:26:37+00:00\" \/>\n<meta property=\"og:image\" content=\"https:\/\/cortomaltese.com\/fr\/wp-content\/uploads\/sites\/3\/cortomaltese-eventi.jpg\" \/>\n\t<meta property=\"og:image:width\" content=\"1200\" \/>\n\t<meta property=\"og:image:height\" content=\"460\" \/>\n\t<meta property=\"og:image:type\" content=\"image\/jpeg\" \/>\n<meta name=\"twitter:card\" content=\"summary_large_image\" \/>\n<meta name=\"twitter:label1\" content=\"Dur\u00e9e de lecture estim\u00e9e\" \/>\n\t<meta name=\"twitter:data1\" content=\"1 minute\" \/>\n<script type=\"application\/ld+json\" class=\"yoast-schema-graph\">{\"@context\":\"https:\/\/schema.org\",\"@graph\":[{\"@type\":\"WebPage\",\"@id\":\"https:\/\/cortomaltese.com\/fr\/evenements\/\",\"url\":\"https:\/\/cortomaltese.com\/fr\/evenements\/\",\"name\":\"Ev\u00e9nements | Corto Maltese\",\"isPartOf\":{\"@id\":\"https:\/\/cortomaltese.com\/fr\/#website\"},\"primaryImageOfPage\":{\"@id\":\"https:\/\/cortomaltese.com\/fr\/evenements\/#primaryimage\"},\"image\":{\"@id\":\"https:\/\/cortomaltese.com\/fr\/evenements\/#primaryimage\"},\"thumbnailUrl\":\"https:\/\/cortomaltese.com\/fr\/wp-content\/uploads\/sites\/3\/cortomaltese-eventi.jpg\",\"datePublished\":\"2015-12-15T09:36:55+00:00\",\"dateModified\":\"2018-05-04T15:26:37+00:00\",\"description\":\"Le calendrier de tous les ev\u00e9nements organis\u00e9s dans le monde, d\u00e9di\u00e9e \u00e0 Hugo Pratt et Corto Maltese: expositions, conf\u00e9rences, r\u00e9unions.\",\"breadcrumb\":{\"@id\":\"https:\/\/cortomaltese.com\/fr\/evenements\/#breadcrumb\"},\"inLanguage\":\"fr-FR\",\"potentialAction\":[{\"@type\":\"ReadAction\",\"target\":[\"https:\/\/cortomaltese.com\/fr\/evenements\/\"]}]},{\"@type\":\"ImageObject\",\"inLanguage\":\"fr-FR\",\"@id\":\"https:\/\/cortomaltese.com\/fr\/evenements\/#primaryimage\",\"url\":\"https:\/\/cortomaltese.com\/fr\/wp-content\/uploads\/sites\/3\/cortomaltese-eventi.jpg\",\"contentUrl\":\"https:\/\/cortomaltese.com\/fr\/wp-content\/uploads\/sites\/3\/cortomaltese-eventi.jpg\",\"width\":1200,\"height\":460},{\"@type\":\"BreadcrumbList\",\"@id\":\"https:\/\/cortomaltese.com\/fr\/evenements\/#breadcrumb\",\"itemListElement\":[{\"@type\":\"ListItem\",\"position\":1,\"name\":\"Accueil\",\"item\":\"https:\/\/cortomaltese.com\/fr\/\"},{\"@type\":\"ListItem\",\"position\":2,\"name\":\"Ev\u00e9nements\"}]},{\"@type\":\"WebSite\",\"@id\":\"https:\/\/cortomaltese.com\/fr\/#website\",\"url\":\"https:\/\/cortomaltese.com\/fr\/\",\"name\":\"cortomaltese fran\u00e7ais\",\"description\":\"Il sito ufficiale\",\"potentialAction\":[{\"@type\":\"SearchAction\",\"target\":{\"@type\":\"EntryPoint\",\"urlTemplate\":\"https:\/\/cortomaltese.com\/fr\/?s={search_term_string}\"},\"query-input\":{\"@type\":\"PropertyValueSpecification\",\"valueRequired\":true,\"valueName\":\"search_term_string\"}}],\"inLanguage\":\"fr-FR\"}]}<\/script>\n<!-- \/ Yoast SEO plugin. -->","yoast_head_json":{"title":"Ev\u00e9nements | Corto Maltese","description":"Le calendrier de tous les ev\u00e9nements organis\u00e9s dans le monde, d\u00e9di\u00e9e \u00e0 Hugo Pratt et Corto Maltese: expositions, conf\u00e9rences, r\u00e9unions.","robots":{"index":"index","follow":"follow","max-snippet":"max-snippet:-1","max-image-preview":"max-image-preview:large","max-video-preview":"max-video-preview:-1"},"canonical":"https:\/\/cortomaltese.com\/fr\/evenements\/","og_locale":"fr_FR","og_type":"article","og_title":"Ev\u00e9nements | Corto Maltese","og_description":"Le calendrier de tous les ev\u00e9nements organis\u00e9s dans le monde, d\u00e9di\u00e9e \u00e0 Hugo Pratt et Corto Maltese: expositions, conf\u00e9rences, r\u00e9unions.","og_url":"https:\/\/cortomaltese.com\/fr\/evenements\/","og_site_name":"cortomaltese fran\u00e7ais","article_modified_time":"2018-05-04T15:26:37+00:00","og_image":[{"width":1200,"height":460,"url":"https:\/\/cortomaltese.com\/fr\/wp-content\/uploads\/sites\/3\/cortomaltese-eventi.jpg","type":"image\/jpeg"}],"twitter_card":"summary_large_image","twitter_misc":{"Dur\u00e9e de lecture estim\u00e9e":"1 minute"},"schema":{"@context":"https:\/\/schema.org","@graph":[{"@type":"WebPage","@id":"https:\/\/cortomaltese.com\/fr\/evenements\/","url":"https:\/\/cortomaltese.com\/fr\/evenements\/","name":"Ev\u00e9nements | Corto Maltese","isPartOf":{"@id":"https:\/\/cortomaltese.com\/fr\/#website"},"primaryImageOfPage":{"@id":"https:\/\/cortomaltese.com\/fr\/evenements\/#primaryimage"},"image":{"@id":"https:\/\/cortomaltese.com\/fr\/evenements\/#primaryimage"},"thumbnailUrl":"https:\/\/cortomaltese.com\/fr\/wp-content\/uploads\/sites\/3\/cortomaltese-eventi.jpg","datePublished":"2015-12-15T09:36:55+00:00","dateModified":"2018-05-04T15:26:37+00:00","description":"Le calendrier de tous les ev\u00e9nements organis\u00e9s dans le monde, d\u00e9di\u00e9e \u00e0 Hugo Pratt et Corto Maltese: expositions, conf\u00e9rences, r\u00e9unions.","breadcrumb":{"@id":"https:\/\/cortomaltese.com\/fr\/evenements\/#breadcrumb"},"inLanguage":"fr-FR","potentialAction":[{"@type":"ReadAction","target":["https:\/\/cortomaltese.com\/fr\/evenements\/"]}]},{"@type":"ImageObject","inLanguage":"fr-FR","@id":"https:\/\/cortomaltese.com\/fr\/evenements\/#primaryimage","url":"https:\/\/cortomaltese.com\/fr\/wp-content\/uploads\/sites\/3\/cortomaltese-eventi.jpg","contentUrl":"https:\/\/cortomaltese.com\/fr\/wp-content\/uploads\/sites\/3\/cortomaltese-eventi.jpg","width":1200,"height":460},{"@type":"BreadcrumbList","@id":"https:\/\/cortomaltese.com\/fr\/evenements\/#breadcrumb","itemListElement":[{"@type":"ListItem","position":1,"name":"Accueil","item":"https:\/\/cortomaltese.com\/fr\/"},{"@type":"ListItem","position":2,"name":"Ev\u00e9nements"}]},{"@type":"WebSite","@id":"https:\/\/cortomaltese.com\/fr\/#website","url":"https:\/\/cortomaltese.com\/fr\/","name":"cortomaltese fran\u00e7ais","description":"Il sito ufficiale","potentialAction":[{"@type":"SearchAction","target":{"@type":"EntryPoint","urlTemplate":"https:\/\/cortomaltese.com\/fr\/?s={search_term_string}"},"query-input":{"@type":"PropertyValueSpecification","valueRequired":true,"valueName":"search_term_string"}}],"inLanguage":"fr-FR"}]}},"_links":{"self":[{"href":"https:\/\/cortomaltese.com\/fr\/wp-json\/wp\/v2\/pages\/12181","targetHints":{"allow":["GET"]}}],"collection":[{"href":"https:\/\/cortomaltese.com\/fr\/wp-json\/wp\/v2\/pages"}],"about":[{"href":"https:\/\/cortomaltese.com\/fr\/wp-json\/wp\/v2\/types\/page"}],"author":[{"embeddable":true,"href":"https:\/\/cortomaltese.com\/fr\/wp-json\/wp\/v2\/users\/1"}],"replies":[{"embeddable":true,"href":"https:\/\/cortomaltese.com\/fr\/wp-json\/wp\/v2\/comments?post=12181"}],"version-history":[{"count":0,"href":"https:\/\/cortomaltese.com\/fr\/wp-json\/wp\/v2\/pages\/12181\/revisions"}],"wp:featuredmedia":[{"embeddable":true,"href":"https:\/\/cortomaltese.com\/fr\/wp-json\/wp\/v2\/media\/12172"}],"wp:attachment":[{"href":"https:\/\/cortomaltese.com\/fr\/wp-json\/wp\/v2\/media?parent=12181"}],"curies":[{"name":"wp","href":"https:\/\/api.w.org\/{rel}","templated":true}]}}