{"id":25,"date":"2012-01-25T22:16:49","date_gmt":"2012-01-25T22:16:49","guid":{"rendered":"http:\/\/localhost:8888\/?page_id=25"},"modified":"2018-04-16T15:13:45","modified_gmt":"2018-04-16T13:13:45","slug":"noticias","status":"publish","type":"page","link":"https:\/\/cortomaltese.com\/es\/noticias\/","title":{"rendered":"Noticias"},"content":{"rendered":"<div class=\"fusion-fullwidth fullwidth-box fusion-builder-row-1 hundred-percent-fullwidth non-hundred-percent-height-scrolling\" style=\"--awb-border-radius-top-left:0px;--awb-border-radius-top-right:0px;--awb-border-radius-bottom-right:0px;--awb-border-radius-bottom-left:0px;--awb-overflow:visible;--awb-flex-wrap:wrap;\" ><div class=\"fusion-builder-row fusion-row\"><div class=\"fusion-layout-column fusion_builder_column fusion-builder-column-0 fusion_builder_column_1_1 1_1 fusion-one-full fusion-column-first fusion-column-last fusion-column-no-min-height\" style=\"--awb-bg-size:cover;--awb-margin-bottom:0px;\"><div class=\"fusion-column-wrapper fusion-flex-column-wrapper-legacy\"><div class=\"fusion-blog-shortcode fusion-blog-shortcode-1 fusion-blog-archive fusion-blog-layout-large-alternate fusion-blog-no\"><div class=\"fusion-posts-container fusion-posts-container-no fusion-blog-rollover\" data-pages=\"0\"><article id=\"blog-1-post-15382\" class=\"fusion-post-large-alternate post-15382 post type-post status-publish format-standard has-post-thumbnail hentry category-eventos category-noticias tag-award tag-hugo-pratt\">\n\t<style type=\"text\/css\">\n\t\t\n\t\t\n\t\t\n\t\t\n\t\t\t<\/style>\n\n\n\t\t\t<div class=\"fusion-flexslider flexslider fusion-flexslider-loading fusion-post-slideshow\" style=\"\">\n\t\t<ul class=\"slides\">\n\t\t\t\n\t\t\t\t\t\t\t\t\t\t\t\t\t\t<li><div  class=\"fusion-image-wrapper\" aria-haspopup=\"true\">\n\t\t\t\t<img decoding=\"async\" width=\"1080\" height=\"1350\" src=\"https:\/\/cortomaltese.com\/es\/wp-content\/uploads\/sites\/10\/coverCorto2.jpg\" class=\"attachment-full size-full wp-post-image\" alt=\"Hugo Pratt Comics Awards\" srcset=\"https:\/\/cortomaltese.com\/es\/wp-content\/uploads\/sites\/10\/coverCorto2-200x250.jpg 200w, https:\/\/cortomaltese.com\/es\/wp-content\/uploads\/sites\/10\/coverCorto2-400x500.jpg 400w, https:\/\/cortomaltese.com\/es\/wp-content\/uploads\/sites\/10\/coverCorto2-600x750.jpg 600w, https:\/\/cortomaltese.com\/es\/wp-content\/uploads\/sites\/10\/coverCorto2-800x1000.jpg 800w, https:\/\/cortomaltese.com\/es\/wp-content\/uploads\/sites\/10\/coverCorto2.jpg 1080w\" sizes=\"(max-width: 800px) 100vw, 1080px\" \/><div class=\"fusion-rollover\">\n\t<div class=\"fusion-rollover-content\">\n\n\t\t\t\t\t\t\t\t\t\t\t\t\t\t<a class=\"fusion-rollover-link\" href=\"https:\/\/cortomaltese.com\/es\/premios-hugo-pratt-comics-primera-edicion-en-senigallia\/\">Hugo Pratt Comics Awards: en Senigallia se celebra la primera edici\u00f3n del premio, entre exposiciones y literatura gr\u00e1fica.<\/a>\n\t\t\t\n\t\t\t\t\t\t\t\t\n\t\t\n\t\t\t\t\t\t\t\t\t\t\t\t<h4 class=\"fusion-rollover-title\">\n\t\t\t\t\t<a class=\"fusion-rollover-title-link\" href=\"https:\/\/cortomaltese.com\/es\/premios-hugo-pratt-comics-primera-edicion-en-senigallia\/\">\n\t\t\t\t\t\tHugo Pratt Comics Awards: en Senigallia se celebra la primera edici\u00f3n del premio, entre exposiciones y literatura gr\u00e1fica.\t\t\t\t\t<\/a>\n\t\t\t\t<\/h4>\n\t\t\t\n\t\t\t\t\t\t\t\t\n\t\t\n\t\t\t\t\t\t<a class=\"fusion-link-wrapper\" href=\"https:\/\/cortomaltese.com\/es\/premios-hugo-pratt-comics-primera-edicion-en-senigallia\/\" aria-label=\"Hugo Pratt Comics Awards: en Senigallia se celebra la primera edici\u00f3n del premio, entre exposiciones y literatura gr\u00e1fica.\"><\/a>\n\t<\/div>\n<\/div>\n<\/div>\n<\/li>\n\t\t\t\n\t\t\t\n\t\t\t\t\t\t\t\t\t\t\t\t\t\t\t\t\t\t\t\t\t\t\t\t\t\t\t\t\t\t\t\t\t\t\t\t\t\t\t\t\t\t\t\t\t\t\t\t\t\t\t\t\t\t\t\t\t\t\t\t\t\t\t\t\t\t\t\t<\/ul>\n\t<\/div>\n\t<div class=\"fusion-date-and-formats\"><div class=\"fusion-date-box updated\"><span class=\"fusion-date\">10<\/span><span class=\"fusion-month-year\">10, 2025<\/span><\/div><div class=\"fusion-format-box\"><i class=\"awb-icon-pen\" aria-hidden=\"true\"><\/i><\/div><\/div><div class=\"fusion-post-content post-content\"><h2 class=\"blog-shortcode-post-title\"><a href=\"https:\/\/cortomaltese.com\/es\/premios-hugo-pratt-comics-primera-edicion-en-senigallia\/\">Hugo Pratt Comics Awards: en Senigallia se celebra la primera edici\u00f3n del premio, entre exposiciones y literatura gr\u00e1fica.<\/a><\/h2><p class=\"fusion-single-line-meta\">By <span><a href=\"https:\/\/cortomaltese.com\/es\/author\/cortomaltese\/\" title=\"Entradas de Corto Maltese\" rel=\"author\">Corto Maltese<\/a><\/span><span class=\"fusion-inline-sep\">|<\/span><span>10 octubre, 2025<\/span><span class=\"fusion-inline-sep\">|<\/span><\/p><div class=\"fusion-post-content-container\"><p>Desde el puerto hasta la Rocca Roveresca, Senigallia celebra los Hugo Pratt Comics Awards dedicados a las escuelas y academias de c\u00f3mic y a los j\u00f3venes autores.<\/p><\/div><\/div><div class=\"fusion-clearfix\"><\/div><div class=\"fusion-meta-info\"><div class=\"fusion-alignright\"><a class=\"fusion-read-more\" href=\"https:\/\/cortomaltese.com\/es\/premios-hugo-pratt-comics-primera-edicion-en-senigallia\/\" aria-label=\"More on Hugo Pratt Comics Awards: en Senigallia se celebra la primera edici\u00f3n del premio, entre exposiciones y literatura gr\u00e1fica.\">Read More<\/a><\/div><\/div><\/article>\n<article id=\"blog-1-post-15342\" class=\"fusion-post-large-alternate post-15342 post type-post status-publish format-standard has-post-thumbnail hentry category-eventos category-noticias tag-hugo-pratt tag-paris\">\n\t<style type=\"text\/css\">\n\t\t\n\t\t\n\t\t\n\t\t\n\t\t\t<\/style>\n\n\n\t\t\t<div class=\"fusion-flexslider flexslider fusion-flexslider-loading fusion-post-slideshow\" style=\"\">\n\t\t<ul class=\"slides\">\n\t\t\t\n\t\t\t\t\t\t\t\t\t\t\t\t\t\t<li><div  class=\"fusion-image-wrapper\" aria-haspopup=\"true\">\n\t\t\t\t<img decoding=\"async\" width=\"1080\" height=\"1350\" src=\"https:\/\/cortomaltese.com\/es\/wp-content\/uploads\/sites\/10\/Coverespcorto.jpg\" class=\"attachment-full size-full wp-post-image\" alt=\"Corto Maltese Senigallia\" srcset=\"https:\/\/cortomaltese.com\/es\/wp-content\/uploads\/sites\/10\/Coverespcorto-200x250.jpg 200w, https:\/\/cortomaltese.com\/es\/wp-content\/uploads\/sites\/10\/Coverespcorto-400x500.jpg 400w, https:\/\/cortomaltese.com\/es\/wp-content\/uploads\/sites\/10\/Coverespcorto-600x750.jpg 600w, https:\/\/cortomaltese.com\/es\/wp-content\/uploads\/sites\/10\/Coverespcorto-800x1000.jpg 800w, https:\/\/cortomaltese.com\/es\/wp-content\/uploads\/sites\/10\/Coverespcorto.jpg 1080w\" sizes=\"(max-width: 800px) 100vw, 1080px\" \/><div class=\"fusion-rollover\">\n\t<div class=\"fusion-rollover-content\">\n\n\t\t\t\t\t\t\t\t\t\t\t\t\t\t<a class=\"fusion-rollover-link\" href=\"https:\/\/cortomaltese.com\/es\/corto-maltese-en-senigallia-la-instalacion-permanente-en-el-puerto\/\">Senigallia rinde homenaje a Hugo Pratt: comienza con \u00abIl porto racconta Corto in 100 blocchi\u00bb, la instalaci\u00f3n en el Molo di Levante que narra la aventura<\/a>\n\t\t\t\n\t\t\t\t\t\t\t\t\n\t\t\n\t\t\t\t\t\t\t\t\t\t\t\t<h4 class=\"fusion-rollover-title\">\n\t\t\t\t\t<a class=\"fusion-rollover-title-link\" href=\"https:\/\/cortomaltese.com\/es\/corto-maltese-en-senigallia-la-instalacion-permanente-en-el-puerto\/\">\n\t\t\t\t\t\tSenigallia rinde homenaje a Hugo Pratt: comienza con \u00abIl porto racconta Corto in 100 blocchi\u00bb, la instalaci\u00f3n en el Molo di Levante que narra la aventura\t\t\t\t\t<\/a>\n\t\t\t\t<\/h4>\n\t\t\t\n\t\t\t\t\t\t\t\t\n\t\t\n\t\t\t\t\t\t<a class=\"fusion-link-wrapper\" href=\"https:\/\/cortomaltese.com\/es\/corto-maltese-en-senigallia-la-instalacion-permanente-en-el-puerto\/\" aria-label=\"Senigallia rinde homenaje a Hugo Pratt: comienza con \u00abIl porto racconta Corto in 100 blocchi\u00bb, la instalaci\u00f3n en el Molo di Levante que narra la aventura\"><\/a>\n\t<\/div>\n<\/div>\n<\/div>\n<\/li>\n\t\t\t\n\t\t\t\n\t\t\t\t\t\t\t\t\t\t\t\t\t\t\t\t\t\t\t\t\t\t\t\t\t\t\t\t\t\t\t\t\t\t\t\t\t\t\t\t\t\t\t\t\t\t\t\t\t\t\t\t\t\t\t\t\t\t\t\t\t\t\t\t\t\t\t\t<\/ul>\n\t<\/div>\n\t<div class=\"fusion-date-and-formats\"><div class=\"fusion-date-box updated\"><span class=\"fusion-date\">13<\/span><span class=\"fusion-month-year\">07, 2025<\/span><\/div><div class=\"fusion-format-box\"><i class=\"awb-icon-pen\" aria-hidden=\"true\"><\/i><\/div><\/div><div class=\"fusion-post-content post-content\"><h2 class=\"blog-shortcode-post-title\"><a href=\"https:\/\/cortomaltese.com\/es\/corto-maltese-en-senigallia-la-instalacion-permanente-en-el-puerto\/\">Senigallia rinde homenaje a Hugo Pratt: comienza con \u00abIl porto racconta Corto in 100 blocchi\u00bb, la instalaci\u00f3n en el Molo di Levante que narra la aventura<\/a><\/h2><p class=\"fusion-single-line-meta\">By <span><a href=\"https:\/\/cortomaltese.com\/es\/author\/cortomaltese\/\" title=\"Entradas de Corto Maltese\" rel=\"author\">Corto Maltese<\/a><\/span><span class=\"fusion-inline-sep\">|<\/span><span>13 julio, 2025<\/span><span class=\"fusion-inline-sep\">|<\/span><\/p><div class=\"fusion-post-content-container\"><p>\u00abIl porto racconta Corto in 100 blocchi\u00bb. A partir del 9 de julio, Senigallia rinde homenaje a Hugo Pratt y a Corto Maltese con una instalaci\u00f3n permanente en el Molo di Levante, 100 ilustraciones para contar la aventura.<\/p><\/div><\/div><div class=\"fusion-clearfix\"><\/div><div class=\"fusion-meta-info\"><div class=\"fusion-alignright\"><a class=\"fusion-read-more\" href=\"https:\/\/cortomaltese.com\/es\/corto-maltese-en-senigallia-la-instalacion-permanente-en-el-puerto\/\" aria-label=\"More on Senigallia rinde homenaje a Hugo Pratt: comienza con \u00abIl porto racconta Corto in 100 blocchi\u00bb, la instalaci\u00f3n en el Molo di Levante que narra la aventura\">Read More<\/a><\/div><\/div><\/article>\n<article id=\"blog-1-post-15358\" class=\"fusion-post-large-alternate post-15358 post type-post status-publish format-standard has-post-thumbnail hentry category-eventos category-noticias tag-hugo-pratt tag-paris\">\n\t<style type=\"text\/css\">\n\t\t\n\t\t\n\t\t\n\t\t\n\t\t\t<\/style>\n\n\n\t\t\t<div class=\"fusion-flexslider flexslider fusion-flexslider-loading fusion-post-slideshow\" style=\"\">\n\t\t<ul class=\"slides\">\n\t\t\t\n\t\t\t\t\t\t\t\t\t\t\t\t\t\t<li><div  class=\"fusion-image-wrapper\" aria-haspopup=\"true\">\n\t\t\t\t<img decoding=\"async\" width=\"2048\" height=\"2560\" src=\"https:\/\/cortomaltese.com\/es\/wp-content\/uploads\/sites\/10\/1350LD.jpg\" class=\"attachment-full size-full wp-post-image\" alt=\"Hugo Pratt Siena\" srcset=\"https:\/\/cortomaltese.com\/es\/wp-content\/uploads\/sites\/10\/1350LD-200x250.jpg 200w, https:\/\/cortomaltese.com\/es\/wp-content\/uploads\/sites\/10\/1350LD-400x500.jpg 400w, https:\/\/cortomaltese.com\/es\/wp-content\/uploads\/sites\/10\/1350LD-600x750.jpg 600w, https:\/\/cortomaltese.com\/es\/wp-content\/uploads\/sites\/10\/1350LD-800x1000.jpg 800w, https:\/\/cortomaltese.com\/es\/wp-content\/uploads\/sites\/10\/1350LD-1200x1500.jpg 1200w, https:\/\/cortomaltese.com\/es\/wp-content\/uploads\/sites\/10\/1350LD.jpg 2048w\" sizes=\"(max-width: 800px) 100vw, 1200px\" \/><div class=\"fusion-rollover\">\n\t<div class=\"fusion-rollover-content\">\n\n\t\t\t\t\t\t\t\t\t\t\t\t\t\t<a class=\"fusion-rollover-link\" href=\"https:\/\/cortomaltese.com\/es\/hugo-pratt-en-siena-la-exposicion-geografias-imaginarias\/\">Prorrogada! Hugo Pratt en Siena para la exposici\u00f3n antol\u00f3gica \u00abGeograf\u00edas imaginarias\u00bb. A partir del 11 de abril de 2025.<\/a>\n\t\t\t\n\t\t\t\t\t\t\t\t\n\t\t\n\t\t\t\t\t\t\t\t\t\t\t\t<h4 class=\"fusion-rollover-title\">\n\t\t\t\t\t<a class=\"fusion-rollover-title-link\" href=\"https:\/\/cortomaltese.com\/es\/hugo-pratt-en-siena-la-exposicion-geografias-imaginarias\/\">\n\t\t\t\t\t\tProrrogada! Hugo Pratt en Siena para la exposici\u00f3n antol\u00f3gica \u00abGeograf\u00edas imaginarias\u00bb. A partir del 11 de abril de 2025.\t\t\t\t\t<\/a>\n\t\t\t\t<\/h4>\n\t\t\t\n\t\t\t\t\t\t\t\t\n\t\t\n\t\t\t\t\t\t<a class=\"fusion-link-wrapper\" href=\"https:\/\/cortomaltese.com\/es\/hugo-pratt-en-siena-la-exposicion-geografias-imaginarias\/\" aria-label=\"Prorrogada! Hugo Pratt en Siena para la exposici\u00f3n antol\u00f3gica \u00abGeograf\u00edas imaginarias\u00bb. A partir del 11 de abril de 2025.\"><\/a>\n\t<\/div>\n<\/div>\n<\/div>\n<\/li>\n\t\t\t\n\t\t\t\n\t\t\t\t\t\t\t\t\t\t\t\t\t\t\t\t\t\t\t\t\t\t\t\t\t\t\t\t\t\t\t\t\t\t\t\t\t\t\t\t\t\t\t\t\t\t\t\t\t\t\t\t\t\t\t\t\t\t\t\t\t\t\t\t\t\t\t\t<\/ul>\n\t<\/div>\n\t<div class=\"fusion-date-and-formats\"><div class=\"fusion-date-box updated\"><span class=\"fusion-date\">13<\/span><span class=\"fusion-month-year\">05, 2025<\/span><\/div><div class=\"fusion-format-box\"><i class=\"awb-icon-pen\" aria-hidden=\"true\"><\/i><\/div><\/div><div class=\"fusion-post-content post-content\"><h2 class=\"blog-shortcode-post-title\"><a href=\"https:\/\/cortomaltese.com\/es\/hugo-pratt-en-siena-la-exposicion-geografias-imaginarias\/\">Prorrogada! Hugo Pratt en Siena para la exposici\u00f3n antol\u00f3gica \u00abGeograf\u00edas imaginarias\u00bb. A partir del 11 de abril de 2025.<\/a><\/h2><p class=\"fusion-single-line-meta\">By <span><a href=\"https:\/\/cortomaltese.com\/es\/author\/cortomaltese\/\" title=\"Entradas de Corto Maltese\" rel=\"author\">Corto Maltese<\/a><\/span><span class=\"fusion-inline-sep\">|<\/span><span>13 mayo, 2025<\/span><span class=\"fusion-inline-sep\">|<\/span><\/p><div class=\"fusion-post-content-container\"><p>\u00abGeograf\u00edas imaginarias\u00bb bajo el signo de Hugo Pratt: llega a Siena la incre\u00edble exposici\u00f3n antol\u00f3gica. Del 11 de abril al 19 de octubre de 2025.<\/p><\/div><\/div><div class=\"fusion-clearfix\"><\/div><div class=\"fusion-meta-info\"><div class=\"fusion-alignright\"><a class=\"fusion-read-more\" href=\"https:\/\/cortomaltese.com\/es\/hugo-pratt-en-siena-la-exposicion-geografias-imaginarias\/\" aria-label=\"More on Prorrogada! Hugo Pratt en Siena para la exposici\u00f3n antol\u00f3gica \u00abGeograf\u00edas imaginarias\u00bb. A partir del 11 de abril de 2025.\">Read More<\/a><\/div><\/div><\/article>\n<article id=\"blog-1-post-15375\" class=\"fusion-post-large-alternate post-15375 post type-post status-publish format-standard has-post-thumbnail hentry category-eventos category-noticias tag-corto-maltes tag-hugo-pratt\">\n\t<style type=\"text\/css\">\n\t\t\n\t\t\n\t\t\n\t\t\n\t\t\t<\/style>\n\n\n\t\t\t<div class=\"fusion-flexslider flexslider fusion-flexslider-loading fusion-post-slideshow\" style=\"\">\n\t\t<ul class=\"slides\">\n\t\t\t\n\t\t\t\t\t\t\t\t\t\t\t\t\t\t<li><div  class=\"fusion-image-wrapper\" aria-haspopup=\"true\">\n\t\t\t\t<img decoding=\"async\" width=\"595\" height=\"841\" src=\"https:\/\/cortomaltese.com\/es\/wp-content\/uploads\/sites\/10\/Affiche-Exposition-Corto-Maltese-2.jpg\" class=\"attachment-full size-full wp-post-image\" alt=\"\" srcset=\"https:\/\/cortomaltese.com\/es\/wp-content\/uploads\/sites\/10\/Affiche-Exposition-Corto-Maltese-2-200x283.jpg 200w, https:\/\/cortomaltese.com\/es\/wp-content\/uploads\/sites\/10\/Affiche-Exposition-Corto-Maltese-2-400x565.jpg 400w, https:\/\/cortomaltese.com\/es\/wp-content\/uploads\/sites\/10\/Affiche-Exposition-Corto-Maltese-2.jpg 595w\" sizes=\"(max-width: 800px) 100vw, 595px\" \/><div class=\"fusion-rollover\">\n\t<div class=\"fusion-rollover-content\">\n\n\t\t\t\t\t\t\t\t\t\t\t\t\t\t<a class=\"fusion-rollover-link\" href=\"https:\/\/cortomaltese.com\/es\/saline-royale-la-exposicion-corto-maltes-un-monde-en-aventures\/\">Corto Malt\u00e9s y Hugo Pratt: un tributo a la Saline Royale de Borgo\u00f1a (27 de abril \u2013 9 de noviembre de 2025)<\/a>\n\t\t\t\n\t\t\t\t\t\t\t\t\n\t\t\n\t\t\t\t\t\t\t\t\t\t\t\t<h4 class=\"fusion-rollover-title\">\n\t\t\t\t\t<a class=\"fusion-rollover-title-link\" href=\"https:\/\/cortomaltese.com\/es\/saline-royale-la-exposicion-corto-maltes-un-monde-en-aventures\/\">\n\t\t\t\t\t\tCorto Malt\u00e9s y Hugo Pratt: un tributo a la Saline Royale de Borgo\u00f1a (27 de abril \u2013 9 de noviembre de 2025)\t\t\t\t\t<\/a>\n\t\t\t\t<\/h4>\n\t\t\t\n\t\t\t\t\t\t\t\t\n\t\t\n\t\t\t\t\t\t<a class=\"fusion-link-wrapper\" href=\"https:\/\/cortomaltese.com\/es\/saline-royale-la-exposicion-corto-maltes-un-monde-en-aventures\/\" aria-label=\"Corto Malt\u00e9s y Hugo Pratt: un tributo a la Saline Royale de Borgo\u00f1a (27 de abril \u2013 9 de noviembre de 2025)\"><\/a>\n\t<\/div>\n<\/div>\n<\/div>\n<\/li>\n\t\t\t\n\t\t\t\n\t\t\t\t\t\t\t\t\t\t\t\t\t\t\t\t\t\t\t\t\t\t\t\t\t\t\t\t\t\t\t\t\t\t\t\t\t\t\t\t\t\t\t\t\t\t\t\t\t\t\t\t\t\t\t\t\t\t\t\t\t\t\t\t\t\t\t\t<\/ul>\n\t<\/div>\n\t<div class=\"fusion-date-and-formats\"><div class=\"fusion-date-box updated\"><span class=\"fusion-date\">15<\/span><span class=\"fusion-month-year\">04, 2025<\/span><\/div><div class=\"fusion-format-box\"><i class=\"awb-icon-pen\" aria-hidden=\"true\"><\/i><\/div><\/div><div class=\"fusion-post-content post-content\"><h2 class=\"blog-shortcode-post-title\"><a href=\"https:\/\/cortomaltese.com\/es\/saline-royale-la-exposicion-corto-maltes-un-monde-en-aventures\/\">Corto Malt\u00e9s y Hugo Pratt: un tributo a la Saline Royale de Borgo\u00f1a (27 de abril \u2013 9 de noviembre de 2025)<\/a><\/h2><p class=\"fusion-single-line-meta\">By <span><a href=\"https:\/\/cortomaltese.com\/es\/author\/cortomaltese\/\" title=\"Entradas de Corto Maltese\" rel=\"author\">Corto Maltese<\/a><\/span><span class=\"fusion-inline-sep\">|<\/span><span>15 abril, 2025<\/span><span class=\"fusion-inline-sep\">|<\/span><\/p><div class=\"fusion-post-content-container\"><p>En la Saline Royale de Borgo\u00f1a, el arte de Hugo Pratt se encuentra con la historia de un lugar que simboliza el comercio y los viajes: del 27 de abril al 9 de noviembre de 2025, la exposici\u00f3n \u00abCorto Malt\u00e9s, un monde en aventures\u00bb.<\/p><\/div><\/div><div class=\"fusion-clearfix\"><\/div><div class=\"fusion-meta-info\"><div class=\"fusion-alignright\"><a class=\"fusion-read-more\" href=\"https:\/\/cortomaltese.com\/es\/saline-royale-la-exposicion-corto-maltes-un-monde-en-aventures\/\" aria-label=\"More on Corto Malt\u00e9s y Hugo Pratt: un tributo a la Saline Royale de Borgo\u00f1a (27 de abril \u2013 9 de noviembre de 2025)\">Read More<\/a><\/div><\/div><\/article>\n<article id=\"blog-1-post-15323\" class=\"fusion-post-large-alternate post-15323 post type-post status-publish format-standard has-post-thumbnail hentry category-featured category-noticias tag-hugo-pratt tag-juan-diaz-canales tag-norma-editorial tag-ruben-pellejero\">\n\t<style type=\"text\/css\">\n\t\t\n\t\t\n\t\t\n\t\t\n\t\t\t<\/style>\n\n\n\t\t\t<div class=\"fusion-flexslider flexslider fusion-flexslider-loading fusion-post-slideshow\" style=\"\">\n\t\t<ul class=\"slides\">\n\t\t\t\n\t\t\t\t\t\t\t\t\t\t\t\t\t\t<li><div  class=\"fusion-image-wrapper\" aria-haspopup=\"true\">\n\t\t\t\t<img decoding=\"async\" width=\"1080\" height=\"1350\" src=\"https:\/\/cortomaltese.com\/es\/wp-content\/uploads\/sites\/10\/cortomaltes_alicante_1080x1350px_Instagram.jpg\" class=\"attachment-full size-full wp-post-image\" alt=\"Alicante Corto Malt\u00e9s\" srcset=\"https:\/\/cortomaltese.com\/es\/wp-content\/uploads\/sites\/10\/cortomaltes_alicante_1080x1350px_Instagram-200x250.jpg 200w, https:\/\/cortomaltese.com\/es\/wp-content\/uploads\/sites\/10\/cortomaltes_alicante_1080x1350px_Instagram-400x500.jpg 400w, https:\/\/cortomaltese.com\/es\/wp-content\/uploads\/sites\/10\/cortomaltes_alicante_1080x1350px_Instagram-600x750.jpg 600w, https:\/\/cortomaltese.com\/es\/wp-content\/uploads\/sites\/10\/cortomaltes_alicante_1080x1350px_Instagram-800x1000.jpg 800w, https:\/\/cortomaltese.com\/es\/wp-content\/uploads\/sites\/10\/cortomaltes_alicante_1080x1350px_Instagram.jpg 1080w\" sizes=\"(max-width: 800px) 100vw, 1080px\" \/><div class=\"fusion-rollover\">\n\t<div class=\"fusion-rollover-content\">\n\n\t\t\t\t\t\t\t\t\t\t\t\t\t\t<a class=\"fusion-rollover-link\" href=\"https:\/\/cortomaltese.com\/es\/corto-maltes-en-alicante\/\">10 a\u00f1os de las nuevas aventuras de Corto Malt\u00e9s: cita en Alicante con Canales, Pellejero y Patrizia Zanotti<\/a>\n\t\t\t\n\t\t\t\t\t\t\t\t\n\t\t\n\t\t\t\t\t\t\t\t\t\t\t\t<h4 class=\"fusion-rollover-title\">\n\t\t\t\t\t<a class=\"fusion-rollover-title-link\" href=\"https:\/\/cortomaltese.com\/es\/corto-maltes-en-alicante\/\">\n\t\t\t\t\t\t10 a\u00f1os de las nuevas aventuras de Corto Malt\u00e9s: cita en Alicante con Canales, Pellejero y Patrizia Zanotti\t\t\t\t\t<\/a>\n\t\t\t\t<\/h4>\n\t\t\t\n\t\t\t\t\t\t\t\t\n\t\t\n\t\t\t\t\t\t<a class=\"fusion-link-wrapper\" href=\"https:\/\/cortomaltese.com\/es\/corto-maltes-en-alicante\/\" aria-label=\"10 a\u00f1os de las nuevas aventuras de Corto Malt\u00e9s: cita en Alicante con Canales, Pellejero y Patrizia Zanotti\"><\/a>\n\t<\/div>\n<\/div>\n<\/div>\n<\/li>\n\t\t\t\n\t\t\t\n\t\t\t\t\t\t\t\t\t\t\t\t\t\t\t\t\t\t\t\t\t\t\t\t\t\t\t\t\t\t\t\t\t\t\t\t\t\t\t\t\t\t\t\t\t\t\t\t\t\t\t\t\t\t\t\t\t\t\t\t\t\t\t\t\t\t\t\t<\/ul>\n\t<\/div>\n\t<div class=\"fusion-date-and-formats\"><div class=\"fusion-date-box updated\"><span class=\"fusion-date\">3<\/span><span class=\"fusion-month-year\">02, 2025<\/span><\/div><div class=\"fusion-format-box\"><i class=\"awb-icon-pen\" aria-hidden=\"true\"><\/i><\/div><\/div><div class=\"fusion-post-content post-content\"><h2 class=\"blog-shortcode-post-title\"><a href=\"https:\/\/cortomaltese.com\/es\/corto-maltes-en-alicante\/\">10 a\u00f1os de las nuevas aventuras de Corto Malt\u00e9s: cita en Alicante con Canales, Pellejero y Patrizia Zanotti<\/a><\/h2><p class=\"fusion-single-line-meta\">By <span><a href=\"https:\/\/cortomaltese.com\/es\/author\/cortomaltese\/\" title=\"Entradas de Corto Maltese\" rel=\"author\">Corto Maltese<\/a><\/span><span class=\"fusion-inline-sep\">|<\/span><span>3 febrero, 2025<\/span><span class=\"fusion-inline-sep\">|<\/span><\/p><div class=\"fusion-post-content-container\"><p>Con el motivo de celebrar Los 10 a\u00f1os de las nuevas aventuras de Corto Malt\u00e9s tendr\u00e1 lugar Foro en Alicante, junto a sus autores y Patrizia Zanotti<\/p><\/div><\/div><div class=\"fusion-clearfix\"><\/div><div class=\"fusion-meta-info\"><div class=\"fusion-alignright\"><a class=\"fusion-read-more\" href=\"https:\/\/cortomaltese.com\/es\/corto-maltes-en-alicante\/\" aria-label=\"More on 10 a\u00f1os de las nuevas aventuras de Corto Malt\u00e9s: cita en Alicante con Canales, Pellejero y Patrizia Zanotti\">Read More<\/a><\/div><\/div><\/article>\n<article id=\"blog-1-post-15312\" class=\"fusion-post-large-alternate post-15312 post type-post status-publish format-standard has-post-thumbnail hentry category-destacado category-noticias tag-corto-maltes tag-norma-editorial\">\n\t<style type=\"text\/css\">\n\t\t\n\t\t\n\t\t\n\t\t\n\t\t\t<\/style>\n\n\n\t\t\t<div class=\"fusion-flexslider flexslider fusion-flexslider-loading fusion-post-slideshow\" style=\"\">\n\t\t<ul class=\"slides\">\n\t\t\t\n\t\t\t\t\t\t\t\t\t\t\t\t\t\t<li><div  class=\"fusion-image-wrapper\" aria-haspopup=\"true\">\n\t\t\t\t<img decoding=\"async\" width=\"779\" height=\"1024\" src=\"https:\/\/cortomaltese.com\/es\/wp-content\/uploads\/sites\/10\/71Rm5drRyPL._SL1024_.jpg\" class=\"attachment-full size-full wp-post-image\" alt=\"l\u00ednea de la vida\" srcset=\"https:\/\/cortomaltese.com\/es\/wp-content\/uploads\/sites\/10\/71Rm5drRyPL._SL1024_-200x263.jpg 200w, https:\/\/cortomaltese.com\/es\/wp-content\/uploads\/sites\/10\/71Rm5drRyPL._SL1024_-400x526.jpg 400w, https:\/\/cortomaltese.com\/es\/wp-content\/uploads\/sites\/10\/71Rm5drRyPL._SL1024_-600x789.jpg 600w, https:\/\/cortomaltese.com\/es\/wp-content\/uploads\/sites\/10\/71Rm5drRyPL._SL1024_.jpg 779w\" sizes=\"(max-width: 800px) 100vw, 779px\" \/><div class=\"fusion-rollover\">\n\t<div class=\"fusion-rollover-content\">\n\n\t\t\t\t\t\t\t\t\t\t\t\t\t\t<a class=\"fusion-rollover-link\" href=\"https:\/\/cortomaltese.com\/es\/corto-maltes-la-linea-de-la-vida\/\">Corto Malt\u00e9s, La l\u00ednea de la vida: vida y muerte en el coraz\u00f3n de M\u00e9xico<\/a>\n\t\t\t\n\t\t\t\t\t\t\t\t\n\t\t\n\t\t\t\t\t\t\t\t\t\t\t\t<h4 class=\"fusion-rollover-title\">\n\t\t\t\t\t<a class=\"fusion-rollover-title-link\" href=\"https:\/\/cortomaltese.com\/es\/corto-maltes-la-linea-de-la-vida\/\">\n\t\t\t\t\t\tCorto Malt\u00e9s, La l\u00ednea de la vida: vida y muerte en el coraz\u00f3n de M\u00e9xico\t\t\t\t\t<\/a>\n\t\t\t\t<\/h4>\n\t\t\t\n\t\t\t\t\t\t\t\t\n\t\t\n\t\t\t\t\t\t<a class=\"fusion-link-wrapper\" href=\"https:\/\/cortomaltese.com\/es\/corto-maltes-la-linea-de-la-vida\/\" aria-label=\"Corto Malt\u00e9s, La l\u00ednea de la vida: vida y muerte en el coraz\u00f3n de M\u00e9xico\"><\/a>\n\t<\/div>\n<\/div>\n<\/div>\n<\/li>\n\t\t\t\n\t\t\t\n\t\t\t\t\t\t\t\t\t\t\t\t\t\t\t\t\t\t\t\t\t\t\t\t\t\t\t\t\t\t\t\t\t\t\t\t\t\t\t\t\t\t\t\t\t\t\t\t\t\t\t\t\t\t\t\t\t\t\t\t\t\t\t\t\t\t\t\t<\/ul>\n\t<\/div>\n\t<div class=\"fusion-date-and-formats\"><div class=\"fusion-date-box updated\"><span class=\"fusion-date\">25<\/span><span class=\"fusion-month-year\">11, 2024<\/span><\/div><div class=\"fusion-format-box\"><i class=\"awb-icon-pen\" aria-hidden=\"true\"><\/i><\/div><\/div><div class=\"fusion-post-content post-content\"><h2 class=\"blog-shortcode-post-title\"><a href=\"https:\/\/cortomaltese.com\/es\/corto-maltes-la-linea-de-la-vida\/\">Corto Malt\u00e9s, La l\u00ednea de la vida: vida y muerte en el coraz\u00f3n de M\u00e9xico<\/a><\/h2><p class=\"fusion-single-line-meta\">By <span><a href=\"https:\/\/cortomaltese.com\/es\/author\/cortomaltese\/\" title=\"Entradas de Corto Maltese\" rel=\"author\">Corto Maltese<\/a><\/span><span class=\"fusion-inline-sep\">|<\/span><span>25 noviembre, 2024<\/span><span class=\"fusion-inline-sep\">|<\/span><\/p><div class=\"fusion-post-content-container\"><p>El guionista Juan D\u00edaz Canales y el dibujante Rub\u00e9n Pellejero entregan 'La l\u00ednea de la vida', una nueva aventura del legendario aventurero creado por Hugo Pratt.<\/p><\/div><\/div><div class=\"fusion-clearfix\"><\/div><div class=\"fusion-meta-info\"><div class=\"fusion-alignright\"><a class=\"fusion-read-more\" href=\"https:\/\/cortomaltese.com\/es\/corto-maltes-la-linea-de-la-vida\/\" aria-label=\"More on Corto Malt\u00e9s, La l\u00ednea de la vida: vida y muerte en el coraz\u00f3n de M\u00e9xico\">Read More<\/a><\/div><\/div><\/article>\n<article id=\"blog-1-post-15230\" class=\"fusion-post-large-alternate post-15230 post type-post status-publish format-standard has-post-thumbnail hentry category-eventos category-noticias tag-hugo-pratt tag-paris\">\n\t<style type=\"text\/css\">\n\t\t\n\t\t\n\t\t\n\t\t\n\t\t\t<\/style>\n\n\n\t\t\t<div class=\"fusion-flexslider flexslider fusion-flexslider-loading fusion-post-slideshow\" style=\"\">\n\t\t<ul class=\"slides\">\n\t\t\t\n\t\t\t\t\t\t\t\t\t\t\t\t\t\t<li><div  class=\"fusion-image-wrapper\" aria-haspopup=\"true\">\n\t\t\t\t<img decoding=\"async\" width=\"1134\" height=\"1701\" src=\"https:\/\/cortomaltese.com\/es\/wp-content\/uploads\/sites\/10\/Affiche_Corto_ld.jpg\" class=\"attachment-full size-full wp-post-image\" alt=\"Hugo Pratt Par\u00eds\" srcset=\"https:\/\/cortomaltese.com\/es\/wp-content\/uploads\/sites\/10\/Affiche_Corto_ld-200x300.jpg 200w, https:\/\/cortomaltese.com\/es\/wp-content\/uploads\/sites\/10\/Affiche_Corto_ld-400x600.jpg 400w, https:\/\/cortomaltese.com\/es\/wp-content\/uploads\/sites\/10\/Affiche_Corto_ld-600x900.jpg 600w, https:\/\/cortomaltese.com\/es\/wp-content\/uploads\/sites\/10\/Affiche_Corto_ld-800x1200.jpg 800w, https:\/\/cortomaltese.com\/es\/wp-content\/uploads\/sites\/10\/Affiche_Corto_ld.jpg 1134w\" sizes=\"(max-width: 800px) 100vw, 1134px\" \/><div class=\"fusion-rollover\">\n\t<div class=\"fusion-rollover-content\">\n\n\t\t\t\t\t\t\t\t\t\t\t\t\t\t<a class=\"fusion-rollover-link\" href=\"https:\/\/cortomaltese.com\/es\/hugo-pratt-en-el-centro-pompidou-de-paris\/\">La literatura dibujada de Hugo Pratt en el Centro Pompidou: Llega \u201cCorto Malt\u00e9s, Une vie romanesque\u201d.<\/a>\n\t\t\t\n\t\t\t\t\t\t\t\t\n\t\t\n\t\t\t\t\t\t\t\t\t\t\t\t<h4 class=\"fusion-rollover-title\">\n\t\t\t\t\t<a class=\"fusion-rollover-title-link\" href=\"https:\/\/cortomaltese.com\/es\/hugo-pratt-en-el-centro-pompidou-de-paris\/\">\n\t\t\t\t\t\tLa literatura dibujada de Hugo Pratt en el Centro Pompidou: Llega \u201cCorto Malt\u00e9s, Une vie romanesque\u201d.\t\t\t\t\t<\/a>\n\t\t\t\t<\/h4>\n\t\t\t\n\t\t\t\t\t\t\t\t\n\t\t\n\t\t\t\t\t\t<a class=\"fusion-link-wrapper\" href=\"https:\/\/cortomaltese.com\/es\/hugo-pratt-en-el-centro-pompidou-de-paris\/\" aria-label=\"La literatura dibujada de Hugo Pratt en el Centro Pompidou: Llega \u201cCorto Malt\u00e9s, Une vie romanesque\u201d.\"><\/a>\n\t<\/div>\n<\/div>\n<\/div>\n<\/li>\n\t\t\t\n\t\t\t\n\t\t\t\t\t\t\t\t\t\t\t\t\t\t\t\t\t\t\t\t\t\t\t\t\t\t\t\t\t\t\t\t\t\t\t\t\t\t\t\t\t\t\t\t\t\t\t\t\t\t\t\t\t\t\t\t\t\t\t\t\t\t\t\t\t\t\t\t<\/ul>\n\t<\/div>\n\t<div class=\"fusion-date-and-formats\"><div class=\"fusion-date-box updated\"><span class=\"fusion-date\">2<\/span><span class=\"fusion-month-year\">04, 2024<\/span><\/div><div class=\"fusion-format-box\"><i class=\"awb-icon-pen\" aria-hidden=\"true\"><\/i><\/div><\/div><div class=\"fusion-post-content post-content\"><h2 class=\"blog-shortcode-post-title\"><a href=\"https:\/\/cortomaltese.com\/es\/hugo-pratt-en-el-centro-pompidou-de-paris\/\">La literatura dibujada de Hugo Pratt en el Centro Pompidou: Llega \u201cCorto Malt\u00e9s, Une vie romanesque\u201d.<\/a><\/h2><p class=\"fusion-single-line-meta\">By <span><a href=\"https:\/\/cortomaltese.com\/es\/author\/cortomaltese\/\" title=\"Entradas de Corto Maltese\" rel=\"author\">Corto Maltese<\/a><\/span><span class=\"fusion-inline-sep\">|<\/span><span>2 abril, 2024<\/span><span class=\"fusion-inline-sep\">|<\/span><\/p><div class=\"fusion-post-content-container\"><p>Del 29 de mayo al 4 de noviembre de 2024, el Centro Pompidou de Par\u00eds celebra el noveno arte con una gran exposici\u00f3n titulada \u00abLa BD \u00e0 tous les \u00e9tages\u201d<\/p><\/div><\/div><div class=\"fusion-clearfix\"><\/div><div class=\"fusion-meta-info\"><div class=\"fusion-alignright\"><a class=\"fusion-read-more\" href=\"https:\/\/cortomaltese.com\/es\/hugo-pratt-en-el-centro-pompidou-de-paris\/\" aria-label=\"More on La literatura dibujada de Hugo Pratt en el Centro Pompidou: Llega \u201cCorto Malt\u00e9s, Une vie romanesque\u201d.\">Read More<\/a><\/div><\/div><\/article>\n<article id=\"blog-1-post-15226\" class=\"fusion-post-large-alternate post-15226 post type-post status-publish format-standard has-post-thumbnail hentry category-eventos category-noticias tag-corto-maltes tag-las-heleveticas tag-norma-editorial\">\n\t<style type=\"text\/css\">\n\t\t\n\t\t\n\t\t\n\t\t\n\t\t\t<\/style>\n\n\n\t\t\t<div class=\"fusion-flexslider flexslider fusion-flexslider-loading fusion-post-slideshow\" style=\"\">\n\t\t<ul class=\"slides\">\n\t\t\t\n\t\t\t\t\t\t\t\t\t\t\t\t\t\t<li><div  class=\"fusion-image-wrapper\" aria-haspopup=\"true\">\n\t\t\t\t<img decoding=\"async\" width=\"1200\" height=\"680\" src=\"https:\/\/cortomaltese.com\/es\/wp-content\/uploads\/sites\/10\/Manifesto-Oslo_unavventuraperCorto.jpg\" class=\"attachment-full size-full wp-post-image\" alt=\"Hugo Pratt Oslo\" srcset=\"https:\/\/cortomaltese.com\/es\/wp-content\/uploads\/sites\/10\/Manifesto-Oslo_unavventuraperCorto-200x113.jpg 200w, https:\/\/cortomaltese.com\/es\/wp-content\/uploads\/sites\/10\/Manifesto-Oslo_unavventuraperCorto-400x227.jpg 400w, https:\/\/cortomaltese.com\/es\/wp-content\/uploads\/sites\/10\/Manifesto-Oslo_unavventuraperCorto-600x340.jpg 600w, https:\/\/cortomaltese.com\/es\/wp-content\/uploads\/sites\/10\/Manifesto-Oslo_unavventuraperCorto-800x453.jpg 800w, https:\/\/cortomaltese.com\/es\/wp-content\/uploads\/sites\/10\/Manifesto-Oslo_unavventuraperCorto.jpg 1200w\" sizes=\"(max-width: 800px) 100vw, 1200px\" \/><div class=\"fusion-rollover\">\n\t<div class=\"fusion-rollover-content\">\n\n\t\t\t\t\t\t\t\t\t\t\t\t\t\t<a class=\"fusion-rollover-link\" href=\"https:\/\/cortomaltese.com\/es\/hugo-pratt-el-legado-la-obra-la-biografia-la-exposicion-llega-al-instituto-italiano-de-cultura-de-oslo\/\">&#8220;Hugo Pratt, el legado, la obra la biograf\u00eda&#8221;: la exposici\u00f3n llega al Instituto Italiano de Cultura de Oslo<\/a>\n\t\t\t\n\t\t\t\t\t\t\t\t\n\t\t\n\t\t\t\t\t\t\t\t\t\t\t\t<h4 class=\"fusion-rollover-title\">\n\t\t\t\t\t<a class=\"fusion-rollover-title-link\" href=\"https:\/\/cortomaltese.com\/es\/hugo-pratt-el-legado-la-obra-la-biografia-la-exposicion-llega-al-instituto-italiano-de-cultura-de-oslo\/\">\n\t\t\t\t\t\t&#8220;Hugo Pratt, el legado, la obra la biograf\u00eda&#8221;: la exposici\u00f3n llega al Instituto Italiano de Cultura de Oslo\t\t\t\t\t<\/a>\n\t\t\t\t<\/h4>\n\t\t\t\n\t\t\t\t\t\t\t\t\n\t\t\n\t\t\t\t\t\t<a class=\"fusion-link-wrapper\" href=\"https:\/\/cortomaltese.com\/es\/hugo-pratt-el-legado-la-obra-la-biografia-la-exposicion-llega-al-instituto-italiano-de-cultura-de-oslo\/\" aria-label=\"&#8220;Hugo Pratt, el legado, la obra la biograf\u00eda&#8221;: la exposici\u00f3n llega al Instituto Italiano de Cultura de Oslo\"><\/a>\n\t<\/div>\n<\/div>\n<\/div>\n<\/li>\n\t\t\t\n\t\t\t\n\t\t\t\t\t\t\t\t\t\t\t\t\t\t\t\t\t\t\t\t\t\t\t\t\t\t\t\t\t\t\t\t\t\t\t\t\t\t\t\t\t\t\t\t\t\t\t\t\t\t\t\t\t\t\t\t\t\t\t\t\t\t\t\t\t\t\t\t<\/ul>\n\t<\/div>\n\t<div class=\"fusion-date-and-formats\"><div class=\"fusion-date-box updated\"><span class=\"fusion-date\">16<\/span><span class=\"fusion-month-year\">01, 2024<\/span><\/div><div class=\"fusion-format-box\"><i class=\"awb-icon-pen\" aria-hidden=\"true\"><\/i><\/div><\/div><div class=\"fusion-post-content post-content\"><h2 class=\"blog-shortcode-post-title\"><a href=\"https:\/\/cortomaltese.com\/es\/hugo-pratt-el-legado-la-obra-la-biografia-la-exposicion-llega-al-instituto-italiano-de-cultura-de-oslo\/\">&#8220;Hugo Pratt, el legado, la obra la biograf\u00eda&#8221;: la exposici\u00f3n llega al Instituto Italiano de Cultura de Oslo<\/a><\/h2><p class=\"fusion-single-line-meta\">By <span><a href=\"https:\/\/cortomaltese.com\/es\/author\/cortomaltese\/\" title=\"Entradas de Corto Maltese\" rel=\"author\">Corto Maltese<\/a><\/span><span class=\"fusion-inline-sep\">|<\/span><span>16 enero, 2024<\/span><span class=\"fusion-inline-sep\">|<\/span><\/p><div class=\"fusion-post-content-container\"><p>Contin\u00faan las exposiciones itinerantes promovidas por el Ministerio Italiano de Asuntos Exteriores y Cooperaci\u00f3n Internacional y Cong SA, que llevan el arte de Hugo Pratt por todo el mundo para promover la lengua y la cultura italianas.<\/p><\/div><\/div><div class=\"fusion-clearfix\"><\/div><div class=\"fusion-meta-info\"><div class=\"fusion-alignright\"><a class=\"fusion-read-more\" href=\"https:\/\/cortomaltese.com\/es\/hugo-pratt-el-legado-la-obra-la-biografia-la-exposicion-llega-al-instituto-italiano-de-cultura-de-oslo\/\" aria-label=\"More on &#8220;Hugo Pratt, el legado, la obra la biograf\u00eda&#8221;: la exposici\u00f3n llega al Instituto Italiano de Cultura de Oslo\">Read More<\/a><\/div><\/div><\/article>\n<article id=\"blog-1-post-15211\" class=\"fusion-post-large-alternate post-15211 post type-post status-publish format-standard has-post-thumbnail hentry category-eventos category-noticias tag-corto-maltes tag-las-heleveticas tag-norma-editorial\">\n\t<style type=\"text\/css\">\n\t\t\n\t\t\n\t\t\n\t\t\n\t\t\t<\/style>\n\n\n\t\t\t<div class=\"fusion-flexslider flexslider fusion-flexslider-loading fusion-post-slideshow\" style=\"\">\n\t\t<ul class=\"slides\">\n\t\t\t\n\t\t\t\t\t\t\t\t\t\t\t\t\t\t<li><div  class=\"fusion-image-wrapper\" aria-haspopup=\"true\">\n\t\t\t\t<img decoding=\"async\" width=\"1080\" height=\"1080\" src=\"https:\/\/cortomaltese.com\/es\/wp-content\/uploads\/sites\/10\/CORTO-cover-1080-\u00d7-1080-px-b.jpg\" class=\"attachment-full size-full wp-post-image\" alt=\"\" srcset=\"https:\/\/cortomaltese.com\/es\/wp-content\/uploads\/sites\/10\/CORTO-cover-1080-\u00d7-1080-px-b-200x200.jpg 200w, https:\/\/cortomaltese.com\/es\/wp-content\/uploads\/sites\/10\/CORTO-cover-1080-\u00d7-1080-px-b-400x400.jpg 400w, https:\/\/cortomaltese.com\/es\/wp-content\/uploads\/sites\/10\/CORTO-cover-1080-\u00d7-1080-px-b-600x600.jpg 600w, https:\/\/cortomaltese.com\/es\/wp-content\/uploads\/sites\/10\/CORTO-cover-1080-\u00d7-1080-px-b-800x800.jpg 800w, https:\/\/cortomaltese.com\/es\/wp-content\/uploads\/sites\/10\/CORTO-cover-1080-\u00d7-1080-px-b.jpg 1080w\" sizes=\"(max-width: 800px) 100vw, 1080px\" \/><div class=\"fusion-rollover\">\n\t<div class=\"fusion-rollover-content\">\n\n\t\t\t\t\t\t\t\t\t\t\t\t\t\t<a class=\"fusion-rollover-link\" href=\"https:\/\/cortomaltese.com\/es\/de-ulises-a-corto-maltes-el-viaje-imaginario-de-hugo-pratt\/\">\u00abDe Ulises a Corto Malt\u00e9s, el viaje imaginario de Hugo Pratt\u00bb: la exposici\u00f3n en Recanati<\/a>\n\t\t\t\n\t\t\t\t\t\t\t\t\n\t\t\n\t\t\t\t\t\t\t\t\t\t\t\t<h4 class=\"fusion-rollover-title\">\n\t\t\t\t\t<a class=\"fusion-rollover-title-link\" href=\"https:\/\/cortomaltese.com\/es\/de-ulises-a-corto-maltes-el-viaje-imaginario-de-hugo-pratt\/\">\n\t\t\t\t\t\t\u00abDe Ulises a Corto Malt\u00e9s, el viaje imaginario de Hugo Pratt\u00bb: la exposici\u00f3n en Recanati\t\t\t\t\t<\/a>\n\t\t\t\t<\/h4>\n\t\t\t\n\t\t\t\t\t\t\t\t\n\t\t\n\t\t\t\t\t\t<a class=\"fusion-link-wrapper\" href=\"https:\/\/cortomaltese.com\/es\/de-ulises-a-corto-maltes-el-viaje-imaginario-de-hugo-pratt\/\" aria-label=\"\u00abDe Ulises a Corto Malt\u00e9s, el viaje imaginario de Hugo Pratt\u00bb: la exposici\u00f3n en Recanati\"><\/a>\n\t<\/div>\n<\/div>\n<\/div>\n<\/li>\n\t\t\t\n\t\t\t\n\t\t\t\t\t\t\t\t\t\t\t\t\t\t\t\t\t\t\t\t\t\t\t\t\t\t\t\t\t\t\t\t\t\t\t\t\t\t\t\t\t\t\t\t\t\t\t\t\t\t\t\t\t\t\t\t\t\t\t\t\t\t\t\t\t\t\t\t<\/ul>\n\t<\/div>\n\t<div class=\"fusion-date-and-formats\"><div class=\"fusion-date-box updated\"><span class=\"fusion-date\">22<\/span><span class=\"fusion-month-year\">09, 2023<\/span><\/div><div class=\"fusion-format-box\"><i class=\"awb-icon-pen\" aria-hidden=\"true\"><\/i><\/div><\/div><div class=\"fusion-post-content post-content\"><h2 class=\"blog-shortcode-post-title\"><a href=\"https:\/\/cortomaltese.com\/es\/de-ulises-a-corto-maltes-el-viaje-imaginario-de-hugo-pratt\/\">\u00abDe Ulises a Corto Malt\u00e9s, el viaje imaginario de Hugo Pratt\u00bb: la exposici\u00f3n en Recanati<\/a><\/h2><p class=\"fusion-single-line-meta\">By <span><a href=\"https:\/\/cortomaltese.com\/es\/author\/cortomaltese\/\" title=\"Entradas de Corto Maltese\" rel=\"author\">Corto Maltese<\/a><\/span><span class=\"fusion-inline-sep\">|<\/span><span>22 septiembre, 2023<\/span><span class=\"fusion-inline-sep\">|<\/span><\/p><div class=\"fusion-post-content-container\"><p>De Ulises a Corto Malt\u00e9s, el viaje imaginario de Hugo Pratt: M\u00e1s de 60 obras originales y reproducciones, que rastrean a trav\u00e9s de las obras de Pratt sus referencias literarias<\/p><\/div><\/div><div class=\"fusion-clearfix\"><\/div><div class=\"fusion-meta-info\"><div class=\"fusion-alignright\"><a class=\"fusion-read-more\" href=\"https:\/\/cortomaltese.com\/es\/de-ulises-a-corto-maltes-el-viaje-imaginario-de-hugo-pratt\/\" aria-label=\"More on \u00abDe Ulises a Corto Malt\u00e9s, el viaje imaginario de Hugo Pratt\u00bb: la exposici\u00f3n en Recanati\">Read More<\/a><\/div><\/div><\/article>\n<article id=\"blog-1-post-15218\" class=\"fusion-post-large-alternate post-15218 post type-post status-publish format-standard has-post-thumbnail hentry category-eventos category-noticias tag-corto-maltes tag-las-heleveticas tag-norma-editorial\">\n\t<style type=\"text\/css\">\n\t\t\n\t\t\n\t\t\n\t\t\n\t\t\t<\/style>\n\n\n\t\t\t<div class=\"fusion-flexslider flexslider fusion-flexslider-loading fusion-post-slideshow\" style=\"\">\n\t\t<ul class=\"slides\">\n\t\t\t\n\t\t\t\t\t\t\t\t\t\t\t\t\t\t<li><div  class=\"fusion-image-wrapper\" aria-haspopup=\"true\">\n\t\t\t\t<img decoding=\"async\" width=\"1920\" height=\"1080\" src=\"https:\/\/cortomaltese.com\/es\/wp-content\/uploads\/sites\/10\/FARNESINA-ESP.jpeg\" class=\"attachment-full size-full wp-post-image\" alt=\"Hugo Pratt exposici\u00f3n\" srcset=\"https:\/\/cortomaltese.com\/es\/wp-content\/uploads\/sites\/10\/FARNESINA-ESP-200x113.jpeg 200w, https:\/\/cortomaltese.com\/es\/wp-content\/uploads\/sites\/10\/FARNESINA-ESP-400x225.jpeg 400w, https:\/\/cortomaltese.com\/es\/wp-content\/uploads\/sites\/10\/FARNESINA-ESP-600x338.jpeg 600w, https:\/\/cortomaltese.com\/es\/wp-content\/uploads\/sites\/10\/FARNESINA-ESP-800x450.jpeg 800w, https:\/\/cortomaltese.com\/es\/wp-content\/uploads\/sites\/10\/FARNESINA-ESP-1200x675.jpeg 1200w, https:\/\/cortomaltese.com\/es\/wp-content\/uploads\/sites\/10\/FARNESINA-ESP.jpeg 1920w\" sizes=\"(max-width: 800px) 100vw, 1200px\" \/><div class=\"fusion-rollover\">\n\t<div class=\"fusion-rollover-content\">\n\n\t\t\t\t\t\t\t\t\t\t\t\t\t\t<a class=\"fusion-rollover-link\" href=\"https:\/\/cortomaltese.com\/es\/hugo-pratt-el-legado-la-obra-la-biografia-empiezan-las-exposiciones-itinerantes-promovidas-por-el-ministerio-de-asuntos-exteriores-de-italia\/\">&#8220;Hugo Pratt, el legado, la obra la biograf\u00eda&#8221;: empiezan las exposiciones itinerantes promovidas por el Ministerio de Asuntos Exteriores de Italia<\/a>\n\t\t\t\n\t\t\t\t\t\t\t\t\n\t\t\n\t\t\t\t\t\t\t\t\t\t\t\t<h4 class=\"fusion-rollover-title\">\n\t\t\t\t\t<a class=\"fusion-rollover-title-link\" href=\"https:\/\/cortomaltese.com\/es\/hugo-pratt-el-legado-la-obra-la-biografia-empiezan-las-exposiciones-itinerantes-promovidas-por-el-ministerio-de-asuntos-exteriores-de-italia\/\">\n\t\t\t\t\t\t&#8220;Hugo Pratt, el legado, la obra la biograf\u00eda&#8221;: empiezan las exposiciones itinerantes promovidas por el Ministerio de Asuntos Exteriores de Italia\t\t\t\t\t<\/a>\n\t\t\t\t<\/h4>\n\t\t\t\n\t\t\t\t\t\t\t\t\n\t\t\n\t\t\t\t\t\t<a class=\"fusion-link-wrapper\" href=\"https:\/\/cortomaltese.com\/es\/hugo-pratt-el-legado-la-obra-la-biografia-empiezan-las-exposiciones-itinerantes-promovidas-por-el-ministerio-de-asuntos-exteriores-de-italia\/\" aria-label=\"&#8220;Hugo Pratt, el legado, la obra la biograf\u00eda&#8221;: empiezan las exposiciones itinerantes promovidas por el Ministerio de Asuntos Exteriores de Italia\"><\/a>\n\t<\/div>\n<\/div>\n<\/div>\n<\/li>\n\t\t\t\n\t\t\t\n\t\t\t\t\t\t\t\t\t\t\t\t\t\t\t\t\t\t\t\t\t\t\t\t\t\t\t\t\t\t\t\t\t\t\t\t\t\t\t\t\t\t\t\t\t\t\t\t\t\t\t\t\t\t\t\t\t\t\t\t\t\t\t\t\t\t\t\t<\/ul>\n\t<\/div>\n\t<div class=\"fusion-date-and-formats\"><div class=\"fusion-date-box updated\"><span class=\"fusion-date\">16<\/span><span class=\"fusion-month-year\">09, 2023<\/span><\/div><div class=\"fusion-format-box\"><i class=\"awb-icon-pen\" aria-hidden=\"true\"><\/i><\/div><\/div><div class=\"fusion-post-content post-content\"><h2 class=\"blog-shortcode-post-title\"><a href=\"https:\/\/cortomaltese.com\/es\/hugo-pratt-el-legado-la-obra-la-biografia-empiezan-las-exposiciones-itinerantes-promovidas-por-el-ministerio-de-asuntos-exteriores-de-italia\/\">&#8220;Hugo Pratt, el legado, la obra la biograf\u00eda&#8221;: empiezan las exposiciones itinerantes promovidas por el Ministerio de Asuntos Exteriores de Italia<\/a><\/h2><p class=\"fusion-single-line-meta\">By <span><a href=\"https:\/\/cortomaltese.com\/es\/author\/cortomaltese\/\" title=\"Entradas de Corto Maltese\" rel=\"author\">Corto Maltese<\/a><\/span><span class=\"fusion-inline-sep\">|<\/span><span>16 septiembre, 2023<\/span><span class=\"fusion-inline-sep\">|<\/span><\/p><div class=\"fusion-post-content-container\"><p> Hugo Pratt y Corto Malt\u00e9s: elegidos por el Ministerio de Asuntos Exteriores para representar la lengua y la cultura italianas en el mundo. \"Hugo Pratt, el legado, la obra, la biograf\u00eda\": es el proyecto<a href=\"https:\/\/cortomaltese.com\/es\/hugo-pratt-el-legado-la-obra-la-biografia-empiezan-las-exposiciones-itinerantes-promovidas-por-el-ministerio-de-asuntos-exteriores-de-italia\/\"> [...]<\/a><\/p><\/div><\/div><div class=\"fusion-clearfix\"><\/div><div class=\"fusion-meta-info\"><div class=\"fusion-alignright\"><a class=\"fusion-read-more\" href=\"https:\/\/cortomaltese.com\/es\/hugo-pratt-el-legado-la-obra-la-biografia-empiezan-las-exposiciones-itinerantes-promovidas-por-el-ministerio-de-asuntos-exteriores-de-italia\/\" aria-label=\"More on &#8220;Hugo Pratt, el legado, la obra la biograf\u00eda&#8221;: empiezan las exposiciones itinerantes promovidas por el Ministerio de Asuntos Exteriores de Italia\">Read More<\/a><\/div><\/div><\/article>\n<article id=\"blog-1-post-15191\" class=\"fusion-post-large-alternate post-15191 post type-post status-publish format-standard has-post-thumbnail hentry category-destacado category-noticias tag-corto-maltes tag-norma-editorial\">\n\t<style type=\"text\/css\">\n\t\t\n\t\t\n\t\t\n\t\t\n\t\t\t<\/style>\n\n\n\t\t\t<div class=\"fusion-flexslider flexslider fusion-flexslider-loading fusion-post-slideshow\" style=\"\">\n\t\t<ul class=\"slides\">\n\t\t\t\n\t\t\t\t\t\t\t\t\t\t\t\t\t\t<li><div  class=\"fusion-image-wrapper\" aria-haspopup=\"true\">\n\t\t\t\t<img decoding=\"async\" width=\"915\" height=\"1200\" src=\"https:\/\/cortomaltese.com\/es\/wp-content\/uploads\/sites\/10\/71AOYtypphL.jpg\" class=\"attachment-full size-full wp-post-image\" alt=\"Corto Malt\u00e9s M\u00fb\" srcset=\"https:\/\/cortomaltese.com\/es\/wp-content\/uploads\/sites\/10\/71AOYtypphL-200x262.jpg 200w, https:\/\/cortomaltese.com\/es\/wp-content\/uploads\/sites\/10\/71AOYtypphL-400x525.jpg 400w, https:\/\/cortomaltese.com\/es\/wp-content\/uploads\/sites\/10\/71AOYtypphL-600x787.jpg 600w, https:\/\/cortomaltese.com\/es\/wp-content\/uploads\/sites\/10\/71AOYtypphL-800x1049.jpg 800w, https:\/\/cortomaltese.com\/es\/wp-content\/uploads\/sites\/10\/71AOYtypphL.jpg 915w\" sizes=\"(max-width: 800px) 100vw, 915px\" \/><div class=\"fusion-rollover\">\n\t<div class=\"fusion-rollover-content\">\n\n\t\t\t\t\t\t\t\t\t\t\t\t\t\t<a class=\"fusion-rollover-link\" href=\"https:\/\/cortomaltese.com\/es\/corto-maltes-mu-el-continente-perdido\/\">Corto Malt\u00e9s, M\u00fb el continente perdido<\/a>\n\t\t\t\n\t\t\t\t\t\t\t\t\n\t\t\n\t\t\t\t\t\t\t\t\t\t\t\t<h4 class=\"fusion-rollover-title\">\n\t\t\t\t\t<a class=\"fusion-rollover-title-link\" href=\"https:\/\/cortomaltese.com\/es\/corto-maltes-mu-el-continente-perdido\/\">\n\t\t\t\t\t\tCorto Malt\u00e9s, M\u00fb el continente perdido\t\t\t\t\t<\/a>\n\t\t\t\t<\/h4>\n\t\t\t\n\t\t\t\t\t\t\t\t\n\t\t\n\t\t\t\t\t\t<a class=\"fusion-link-wrapper\" href=\"https:\/\/cortomaltese.com\/es\/corto-maltes-mu-el-continente-perdido\/\" aria-label=\"Corto Malt\u00e9s, M\u00fb el continente perdido\"><\/a>\n\t<\/div>\n<\/div>\n<\/div>\n<\/li>\n\t\t\t\n\t\t\t\n\t\t\t\t\t\t\t\t\t\t\t\t\t\t\t\t\t\t\t\t\t\t\t\t\t\t\t\t\t\t\t\t\t\t\t\t\t\t\t\t\t\t\t\t\t\t\t\t\t\t\t\t\t\t\t\t\t\t\t\t\t\t\t\t\t\t\t\t<\/ul>\n\t<\/div>\n\t<div class=\"fusion-date-and-formats\"><div class=\"fusion-date-box updated\"><span class=\"fusion-date\">13<\/span><span class=\"fusion-month-year\">06, 2023<\/span><\/div><div class=\"fusion-format-box\"><i class=\"awb-icon-pen\" aria-hidden=\"true\"><\/i><\/div><\/div><div class=\"fusion-post-content post-content\"><h2 class=\"blog-shortcode-post-title\"><a href=\"https:\/\/cortomaltese.com\/es\/corto-maltes-mu-el-continente-perdido\/\">Corto Malt\u00e9s, M\u00fb el continente perdido<\/a><\/h2><p class=\"fusion-single-line-meta\">By <span><a href=\"https:\/\/cortomaltese.com\/es\/author\/cortomaltese\/\" title=\"Entradas de Corto Maltese\" rel=\"author\">Corto Maltese<\/a><\/span><span class=\"fusion-inline-sep\">|<\/span><span>13 junio, 2023<\/span><span class=\"fusion-inline-sep\">|<\/span><\/p><div class=\"fusion-post-content-container\"><p>Entre 1924 y 1925 Corto Malt\u00e9s busca la m\u00edtica Atl\u00e1ntida. <\/p><\/div><\/div><div class=\"fusion-clearfix\"><\/div><div class=\"fusion-meta-info\"><div class=\"fusion-alignright\"><a class=\"fusion-read-more\" href=\"https:\/\/cortomaltese.com\/es\/corto-maltes-mu-el-continente-perdido\/\" aria-label=\"More on Corto Malt\u00e9s, M\u00fb el continente perdido\">Read More<\/a><\/div><\/div><\/article>\n<article id=\"blog-1-post-15173\" class=\"fusion-post-large-alternate post-15173 post type-post status-publish format-standard has-post-thumbnail hentry category-noticias tag-corto-maltes tag-las-heleveticas tag-norma-editorial\">\n\t<style type=\"text\/css\">\n\t\t\n\t\t\n\t\t\n\t\t\n\t\t\t<\/style>\n\n\n\t\t\t<div class=\"fusion-flexslider flexslider fusion-flexslider-loading fusion-post-slideshow\" style=\"\">\n\t\t<ul class=\"slides\">\n\t\t\t\n\t\t\t\t\t\t\t\t\t\t\t\t\t\t<li><div  class=\"fusion-image-wrapper\" aria-haspopup=\"true\">\n\t\t\t\t<img decoding=\"async\" width=\"780\" height=\"1022\" src=\"https:\/\/cortomaltese.com\/es\/wp-content\/uploads\/sites\/10\/thumb_21376_albumes_big.jpeg\" class=\"attachment-full size-full wp-post-image\" alt=\"Tango Corto Malt\u00e9s\" srcset=\"https:\/\/cortomaltese.com\/es\/wp-content\/uploads\/sites\/10\/thumb_21376_albumes_big-200x262.jpeg 200w, https:\/\/cortomaltese.com\/es\/wp-content\/uploads\/sites\/10\/thumb_21376_albumes_big-400x524.jpeg 400w, https:\/\/cortomaltese.com\/es\/wp-content\/uploads\/sites\/10\/thumb_21376_albumes_big-600x786.jpeg 600w, https:\/\/cortomaltese.com\/es\/wp-content\/uploads\/sites\/10\/thumb_21376_albumes_big.jpeg 780w\" sizes=\"(max-width: 800px) 100vw, 780px\" \/><div class=\"fusion-rollover\">\n\t<div class=\"fusion-rollover-content\">\n\n\t\t\t\t\t\t\t\t\t\t\t\t\t\t<a class=\"fusion-rollover-link\" href=\"https:\/\/cortomaltese.com\/es\/corto-maltes-tango\/\">Corto Malt\u00e9s, Tango<\/a>\n\t\t\t\n\t\t\t\t\t\t\t\t\n\t\t\n\t\t\t\t\t\t\t\t\t\t\t\t<h4 class=\"fusion-rollover-title\">\n\t\t\t\t\t<a class=\"fusion-rollover-title-link\" href=\"https:\/\/cortomaltese.com\/es\/corto-maltes-tango\/\">\n\t\t\t\t\t\tCorto Malt\u00e9s, Tango\t\t\t\t\t<\/a>\n\t\t\t\t<\/h4>\n\t\t\t\n\t\t\t\t\t\t\t\t\n\t\t\n\t\t\t\t\t\t<a class=\"fusion-link-wrapper\" href=\"https:\/\/cortomaltese.com\/es\/corto-maltes-tango\/\" aria-label=\"Corto Malt\u00e9s, Tango\"><\/a>\n\t<\/div>\n<\/div>\n<\/div>\n<\/li>\n\t\t\t\n\t\t\t\n\t\t\t\t\t\t\t\t\t\t\t\t\t\t\t\t\t\t\t\t\t\t\t\t\t\t\t\t\t\t\t\t\t\t\t\t\t\t\t\t\t\t\t\t\t\t\t\t\t\t\t\t\t\t\t\t\t\t\t\t\t\t\t\t\t\t\t\t<\/ul>\n\t<\/div>\n\t<div class=\"fusion-date-and-formats\"><div class=\"fusion-date-box updated\"><span class=\"fusion-date\">20<\/span><span class=\"fusion-month-year\">03, 2023<\/span><\/div><div class=\"fusion-format-box\"><i class=\"awb-icon-pen\" aria-hidden=\"true\"><\/i><\/div><\/div><div class=\"fusion-post-content post-content\"><h2 class=\"blog-shortcode-post-title\"><a href=\"https:\/\/cortomaltese.com\/es\/corto-maltes-tango\/\">Corto Malt\u00e9s, Tango<\/a><\/h2><p class=\"fusion-single-line-meta\">By <span><a href=\"https:\/\/cortomaltese.com\/es\/author\/cortomaltese\/\" title=\"Entradas de Corto Maltese\" rel=\"author\">Corto Maltese<\/a><\/span><span class=\"fusion-inline-sep\">|<\/span><span>20 marzo, 2023<\/span><span class=\"fusion-inline-sep\">|<\/span><\/p><div class=\"fusion-post-content-container\"><p>En 1923, en San Isidro, arrabal a las afueras de Buenos Aires. Tango es el viaje de Corto Malt\u00e9s a Argentina en busca de venganza.<\/p><\/div><\/div><div class=\"fusion-clearfix\"><\/div><div class=\"fusion-meta-info\"><div class=\"fusion-alignright\"><a class=\"fusion-read-more\" href=\"https:\/\/cortomaltese.com\/es\/corto-maltes-tango\/\" aria-label=\"More on Corto Malt\u00e9s, Tango\">Read More<\/a><\/div><\/div><\/article>\n<article id=\"blog-1-post-15155\" class=\"fusion-post-large-alternate post-15155 post type-post status-publish format-standard has-post-thumbnail hentry category-noticias tag-cerdena tag-hugo-pratt\">\n\t<style type=\"text\/css\">\n\t\t\n\t\t\n\t\t\n\t\t\n\t\t\t<\/style>\n\n\n\t\t\t<div class=\"fusion-flexslider flexslider fusion-flexslider-loading fusion-post-slideshow\" style=\"\">\n\t\t<ul class=\"slides\">\n\t\t\t\n\t\t\t\t\t\t\t\t\t\t\t\t\t\t<li><div  class=\"fusion-image-wrapper\" aria-haspopup=\"true\">\n\t\t\t\t<img decoding=\"async\" width=\"1920\" height=\"1080\" src=\"https:\/\/cortomaltese.com\/es\/wp-content\/uploads\/sites\/10\/CORTO-cover-2.jpg\" class=\"attachment-full size-full wp-post-image\" alt=\"Frank Miller Serie\" srcset=\"https:\/\/cortomaltese.com\/es\/wp-content\/uploads\/sites\/10\/CORTO-cover-2-200x113.jpg 200w, https:\/\/cortomaltese.com\/es\/wp-content\/uploads\/sites\/10\/CORTO-cover-2-400x225.jpg 400w, https:\/\/cortomaltese.com\/es\/wp-content\/uploads\/sites\/10\/CORTO-cover-2-600x338.jpg 600w, https:\/\/cortomaltese.com\/es\/wp-content\/uploads\/sites\/10\/CORTO-cover-2-800x450.jpg 800w, https:\/\/cortomaltese.com\/es\/wp-content\/uploads\/sites\/10\/CORTO-cover-2-1200x675.jpg 1200w, https:\/\/cortomaltese.com\/es\/wp-content\/uploads\/sites\/10\/CORTO-cover-2.jpg 1920w\" sizes=\"(max-width: 800px) 100vw, 1200px\" \/><div class=\"fusion-rollover\">\n\t<div class=\"fusion-rollover-content\">\n\n\t\t\t\t\t\t\t\t\t\t\t\t\t\t<a class=\"fusion-rollover-link\" href=\"https:\/\/cortomaltese.com\/es\/hugo-pratt-frank-miller-e-corto-maltes-viene-la-serie-de-tv\/\">Hugo Pratt, Frank Miller e Corto Malt\u00e9s: viene la serie de tv<\/a>\n\t\t\t\n\t\t\t\t\t\t\t\t\n\t\t\n\t\t\t\t\t\t\t\t\t\t\t\t<h4 class=\"fusion-rollover-title\">\n\t\t\t\t\t<a class=\"fusion-rollover-title-link\" href=\"https:\/\/cortomaltese.com\/es\/hugo-pratt-frank-miller-e-corto-maltes-viene-la-serie-de-tv\/\">\n\t\t\t\t\t\tHugo Pratt, Frank Miller e Corto Malt\u00e9s: viene la serie de tv\t\t\t\t\t<\/a>\n\t\t\t\t<\/h4>\n\t\t\t\n\t\t\t\t\t\t\t\t\n\t\t\n\t\t\t\t\t\t<a class=\"fusion-link-wrapper\" href=\"https:\/\/cortomaltese.com\/es\/hugo-pratt-frank-miller-e-corto-maltes-viene-la-serie-de-tv\/\" aria-label=\"Hugo Pratt, Frank Miller e Corto Malt\u00e9s: viene la serie de tv\"><\/a>\n\t<\/div>\n<\/div>\n<\/div>\n<\/li>\n\t\t\t\n\t\t\t\n\t\t\t\t\t\t\t\t\t\t\t\t\t\t\t\t\t\t\t\t\t\t\t\t\t\t\t\t\t\t\t\t\t\t\t\t\t\t\t\t\t\t\t\t\t\t\t\t\t\t\t\t\t\t\t\t\t\t\t\t\t\t\t\t\t\t\t\t<\/ul>\n\t<\/div>\n\t<div class=\"fusion-date-and-formats\"><div class=\"fusion-date-box updated\"><span class=\"fusion-date\">28<\/span><span class=\"fusion-month-year\">11, 2022<\/span><\/div><div class=\"fusion-format-box\"><i class=\"awb-icon-pen\" aria-hidden=\"true\"><\/i><\/div><\/div><div class=\"fusion-post-content post-content\"><h2 class=\"blog-shortcode-post-title\"><a href=\"https:\/\/cortomaltese.com\/es\/hugo-pratt-frank-miller-e-corto-maltes-viene-la-serie-de-tv\/\">Hugo Pratt, Frank Miller e Corto Malt\u00e9s: viene la serie de tv<\/a><\/h2><p class=\"fusion-single-line-meta\">By <span><a href=\"https:\/\/cortomaltese.com\/es\/author\/cortomaltese\/\" title=\"Entradas de Corto Maltese\" rel=\"author\">Corto Maltese<\/a><\/span><span class=\"fusion-inline-sep\">|<\/span><span>28 noviembre, 2022<\/span><span class=\"fusion-inline-sep\">|<\/span><\/p><div class=\"fusion-post-content-container\"><p>Damas y caballeros, aqu\u00ed est\u00e1 el \u201cCorto Malt\u00e9s de Frank Miller\u201d<\/p><\/div><\/div><div class=\"fusion-clearfix\"><\/div><div class=\"fusion-meta-info\"><div class=\"fusion-alignright\"><a class=\"fusion-read-more\" href=\"https:\/\/cortomaltese.com\/es\/hugo-pratt-frank-miller-e-corto-maltes-viene-la-serie-de-tv\/\" aria-label=\"More on Hugo Pratt, Frank Miller e Corto Malt\u00e9s: viene la serie de tv\">Read More<\/a><\/div><\/div><\/article>\n<article id=\"blog-1-post-15142\" class=\"fusion-post-large-alternate post-15142 post type-post status-publish format-standard has-post-thumbnail hentry category-noticias tag-berlin tag-corto-maltes tag-juan-diaz-canales tag-ruben-pellejero\">\n\t<style type=\"text\/css\">\n\t\t\n\t\t\n\t\t\n\t\t\n\t\t\t<\/style>\n\n\n\t\t\t<div class=\"fusion-flexslider flexslider fusion-flexslider-loading fusion-post-slideshow\" style=\"\">\n\t\t<ul class=\"slides\">\n\t\t\t\n\t\t\t\t\t\t\t\t\t\t\t\t\t\t<li><div  class=\"fusion-image-wrapper\" aria-haspopup=\"true\">\n\t\t\t\t<img decoding=\"async\" width=\"780\" height=\"1024\" src=\"https:\/\/cortomaltese.com\/es\/wp-content\/uploads\/sites\/10\/Nocturno-Berlines-cover.jpeg\" class=\"attachment-full size-full wp-post-image\" alt=\"\" srcset=\"https:\/\/cortomaltese.com\/es\/wp-content\/uploads\/sites\/10\/Nocturno-Berlines-cover-200x263.jpeg 200w, https:\/\/cortomaltese.com\/es\/wp-content\/uploads\/sites\/10\/Nocturno-Berlines-cover-400x525.jpeg 400w, https:\/\/cortomaltese.com\/es\/wp-content\/uploads\/sites\/10\/Nocturno-Berlines-cover-600x788.jpeg 600w, https:\/\/cortomaltese.com\/es\/wp-content\/uploads\/sites\/10\/Nocturno-Berlines-cover.jpeg 780w\" sizes=\"(max-width: 800px) 100vw, 780px\" \/><div class=\"fusion-rollover\">\n\t<div class=\"fusion-rollover-content\">\n\n\t\t\t\t\t\t\t\t\t\t\t\t\t\t<a class=\"fusion-rollover-link\" href=\"https:\/\/cortomaltese.com\/es\/corto-maltese-nocturno-berlines\/\">Corto Malt\u00e9s, Nocturno Berlin\u00e9s<\/a>\n\t\t\t\n\t\t\t\t\t\t\t\t\n\t\t\n\t\t\t\t\t\t\t\t\t\t\t\t<h4 class=\"fusion-rollover-title\">\n\t\t\t\t\t<a class=\"fusion-rollover-title-link\" href=\"https:\/\/cortomaltese.com\/es\/corto-maltese-nocturno-berlines\/\">\n\t\t\t\t\t\tCorto Malt\u00e9s, Nocturno Berlin\u00e9s\t\t\t\t\t<\/a>\n\t\t\t\t<\/h4>\n\t\t\t\n\t\t\t\t\t\t\t\t\n\t\t\n\t\t\t\t\t\t<a class=\"fusion-link-wrapper\" href=\"https:\/\/cortomaltese.com\/es\/corto-maltese-nocturno-berlines\/\" aria-label=\"Corto Malt\u00e9s, Nocturno Berlin\u00e9s\"><\/a>\n\t<\/div>\n<\/div>\n<\/div>\n<\/li>\n\t\t\t\n\t\t\t\n\t\t\t\t\t\t\t\t\t\t\t\t\t\t\t\t\t\t\t\t\t\t\t\t\t\t\t\t\t\t\t\t\t\t\t\t\t\t\t\t\t\t\t\t\t\t\t\t\t\t\t\t\t\t\t\t\t\t\t\t\t\t\t\t\t\t\t\t<\/ul>\n\t<\/div>\n\t<div class=\"fusion-date-and-formats\"><div class=\"fusion-date-box updated\"><span class=\"fusion-date\">20<\/span><span class=\"fusion-month-year\">10, 2022<\/span><\/div><div class=\"fusion-format-box\"><i class=\"awb-icon-pen\" aria-hidden=\"true\"><\/i><\/div><\/div><div class=\"fusion-post-content post-content\"><h2 class=\"blog-shortcode-post-title\"><a href=\"https:\/\/cortomaltese.com\/es\/corto-maltese-nocturno-berlines\/\">Corto Malt\u00e9s, Nocturno Berlin\u00e9s<\/a><\/h2><p class=\"fusion-single-line-meta\">By <span><a href=\"https:\/\/cortomaltese.com\/es\/author\/cortomaltese\/\" title=\"Entradas de Corto Maltese\" rel=\"author\">Corto Maltese<\/a><\/span><span class=\"fusion-inline-sep\">|<\/span><span>20 octubre, 2022<\/span><span class=\"fusion-inline-sep\">|<\/span><\/p><div class=\"fusion-post-content-container\"><p>Alemania, 1924. Corto Malt\u00e9s deambula por las calles de Berl\u00edn junto al escritor Joseph Roth cuando descubre la muerte de un viejo amigo.<\/p><\/div><\/div><div class=\"fusion-clearfix\"><\/div><div class=\"fusion-meta-info\"><div class=\"fusion-alignright\"><a class=\"fusion-read-more\" href=\"https:\/\/cortomaltese.com\/es\/corto-maltese-nocturno-berlines\/\" aria-label=\"More on Corto Malt\u00e9s, Nocturno Berlin\u00e9s\">Read More<\/a><\/div><\/div><\/article>\n<article id=\"blog-1-post-15109\" class=\"fusion-post-large-alternate post-15109 post type-post status-publish format-standard has-post-thumbnail hentry category-noticias tag-corto-maltes tag-las-heleveticas tag-norma-editorial\">\n\t<style type=\"text\/css\">\n\t\t\n\t\t\n\t\t\n\t\t\n\t\t\t<\/style>\n\n\n\t\t\t<div class=\"fusion-flexslider flexslider fusion-flexslider-loading fusion-post-slideshow\" style=\"\">\n\t\t<ul class=\"slides\">\n\t\t\t\n\t\t\t\t\t\t\t\t\t\t\t\t\t\t<li><div  class=\"fusion-image-wrapper\" aria-haspopup=\"true\">\n\t\t\t\t<img decoding=\"async\" width=\"1200\" height=\"1590\" src=\"https:\/\/cortomaltese.com\/es\/wp-content\/uploads\/sites\/10\/46de1d5b8439f44f3740af751d5833b289d31b6c.jpeg\" class=\"attachment-full size-full wp-post-image\" alt=\"Las Helv\u00e9ticas Corto Malt\u00e9s\" srcset=\"https:\/\/cortomaltese.com\/es\/wp-content\/uploads\/sites\/10\/46de1d5b8439f44f3740af751d5833b289d31b6c-200x265.jpeg 200w, https:\/\/cortomaltese.com\/es\/wp-content\/uploads\/sites\/10\/46de1d5b8439f44f3740af751d5833b289d31b6c-400x530.jpeg 400w, https:\/\/cortomaltese.com\/es\/wp-content\/uploads\/sites\/10\/46de1d5b8439f44f3740af751d5833b289d31b6c-600x795.jpeg 600w, https:\/\/cortomaltese.com\/es\/wp-content\/uploads\/sites\/10\/46de1d5b8439f44f3740af751d5833b289d31b6c-800x1060.jpeg 800w, https:\/\/cortomaltese.com\/es\/wp-content\/uploads\/sites\/10\/46de1d5b8439f44f3740af751d5833b289d31b6c.jpeg 1200w\" sizes=\"(max-width: 800px) 100vw, 1200px\" \/><div class=\"fusion-rollover\">\n\t<div class=\"fusion-rollover-content\">\n\n\t\t\t\t\t\t\t\t\t\t\t\t\t\t<a class=\"fusion-rollover-link\" href=\"https:\/\/cortomaltese.com\/es\/corto-maltes-las-helveticas-ahora-en-librerias\/\">Corto Malt\u00e9s Las Helv\u00e9ticas, ahora en librer\u00edas<\/a>\n\t\t\t\n\t\t\t\t\t\t\t\t\n\t\t\n\t\t\t\t\t\t\t\t\t\t\t\t<h4 class=\"fusion-rollover-title\">\n\t\t\t\t\t<a class=\"fusion-rollover-title-link\" href=\"https:\/\/cortomaltese.com\/es\/corto-maltes-las-helveticas-ahora-en-librerias\/\">\n\t\t\t\t\t\tCorto Malt\u00e9s Las Helv\u00e9ticas, ahora en librer\u00edas\t\t\t\t\t<\/a>\n\t\t\t\t<\/h4>\n\t\t\t\n\t\t\t\t\t\t\t\t\n\t\t\n\t\t\t\t\t\t<a class=\"fusion-link-wrapper\" href=\"https:\/\/cortomaltese.com\/es\/corto-maltes-las-helveticas-ahora-en-librerias\/\" aria-label=\"Corto Malt\u00e9s Las Helv\u00e9ticas, ahora en librer\u00edas\"><\/a>\n\t<\/div>\n<\/div>\n<\/div>\n<\/li>\n\t\t\t\n\t\t\t\n\t\t\t\t\t\t\t\t\t\t\t\t\t\t\t\t\t\t\t\t\t\t\t\t\t\t\t\t\t\t\t\t\t\t\t\t\t\t\t\t\t\t\t\t\t\t\t\t\t\t\t\t\t\t\t\t\t\t\t\t\t\t\t\t\t\t\t\t<\/ul>\n\t<\/div>\n\t<div class=\"fusion-date-and-formats\"><div class=\"fusion-date-box updated\"><span class=\"fusion-date\">25<\/span><span class=\"fusion-month-year\">08, 2022<\/span><\/div><div class=\"fusion-format-box\"><i class=\"awb-icon-pen\" aria-hidden=\"true\"><\/i><\/div><\/div><div class=\"fusion-post-content post-content\"><h2 class=\"blog-shortcode-post-title\"><a href=\"https:\/\/cortomaltese.com\/es\/corto-maltes-las-helveticas-ahora-en-librerias\/\">Corto Malt\u00e9s Las Helv\u00e9ticas, ahora en librer\u00edas<\/a><\/h2><p class=\"fusion-single-line-meta\">By <span><a href=\"https:\/\/cortomaltese.com\/es\/author\/cortomaltese\/\" title=\"Entradas de Corto Maltese\" rel=\"author\">Corto Maltese<\/a><\/span><span class=\"fusion-inline-sep\">|<\/span><span>25 agosto, 2022<\/span><span class=\"fusion-inline-sep\">|<\/span><\/p><div class=\"fusion-post-content-container\"><p>Corto Malt\u00e9s acompa\u00f1a a su amigo Jeremiah Steiner en un viaje hasta la localidad suiza de Montagnola en una ins\u00f3lita aventura en los l\u00edmites de la magia, la alquimia, la leyenda y el sue\u00f1o. \r\n<\/p><\/div><\/div><div class=\"fusion-clearfix\"><\/div><div class=\"fusion-meta-info\"><div class=\"fusion-alignright\"><a class=\"fusion-read-more\" href=\"https:\/\/cortomaltese.com\/es\/corto-maltes-las-helveticas-ahora-en-librerias\/\" aria-label=\"More on Corto Malt\u00e9s Las Helv\u00e9ticas, ahora en librer\u00edas\">Read More<\/a><\/div><\/div><\/article>\n<article id=\"blog-1-post-15121\" class=\"fusion-post-large-alternate post-15121 post type-post status-publish format-standard has-post-thumbnail hentry category-eventos category-noticias tag-cerdena tag-hugo-pratt\">\n\t<style type=\"text\/css\">\n\t\t\n\t\t\n\t\t\n\t\t\n\t\t\t<\/style>\n\n\n\t\t\t<div class=\"fusion-flexslider flexslider fusion-flexslider-loading fusion-post-slideshow\" style=\"\">\n\t\t<ul class=\"slides\">\n\t\t\t\n\t\t\t\t\t\t\t\t\t\t\t\t\t\t<li><div  class=\"fusion-image-wrapper\" aria-haspopup=\"true\">\n\t\t\t\t<img decoding=\"async\" width=\"1792\" height=\"2560\" src=\"https:\/\/cortomaltese.com\/es\/wp-content\/uploads\/sites\/10\/Proroga-Cagliari-cover.jpg\" class=\"attachment-full size-full wp-post-image\" alt=\"Corto Maltese Cagliari\" srcset=\"https:\/\/cortomaltese.com\/es\/wp-content\/uploads\/sites\/10\/Proroga-Cagliari-cover-200x286.jpg 200w, https:\/\/cortomaltese.com\/es\/wp-content\/uploads\/sites\/10\/Proroga-Cagliari-cover-400x571.jpg 400w, https:\/\/cortomaltese.com\/es\/wp-content\/uploads\/sites\/10\/Proroga-Cagliari-cover-600x857.jpg 600w, https:\/\/cortomaltese.com\/es\/wp-content\/uploads\/sites\/10\/Proroga-Cagliari-cover-800x1143.jpg 800w, https:\/\/cortomaltese.com\/es\/wp-content\/uploads\/sites\/10\/Proroga-Cagliari-cover-1200x1714.jpg 1200w, https:\/\/cortomaltese.com\/es\/wp-content\/uploads\/sites\/10\/Proroga-Cagliari-cover.jpg 1792w\" sizes=\"(max-width: 800px) 100vw, 1200px\" \/><div class=\"fusion-rollover\">\n\t<div class=\"fusion-rollover-content\">\n\n\t\t\t\t\t\t\t\t\t\t\t\t\t\t<a class=\"fusion-rollover-link\" href=\"https:\/\/cortomaltese.com\/es\/hacia-nuevas-rutas-la-obra-de-hugo-pratt-en-cagliari\/\">Prorrogado! \u201cCorto Malt\u00e9s: Hacia nuevas rutas\u201d: del 6 de agosto la exposici\u00f3n llega a Cerde\u00f1a<\/a>\n\t\t\t\n\t\t\t\t\t\t\t\t\n\t\t\n\t\t\t\t\t\t\t\t\t\t\t\t<h4 class=\"fusion-rollover-title\">\n\t\t\t\t\t<a class=\"fusion-rollover-title-link\" href=\"https:\/\/cortomaltese.com\/es\/hacia-nuevas-rutas-la-obra-de-hugo-pratt-en-cagliari\/\">\n\t\t\t\t\t\tProrrogado! \u201cCorto Malt\u00e9s: Hacia nuevas rutas\u201d: del 6 de agosto la exposici\u00f3n llega a Cerde\u00f1a\t\t\t\t\t<\/a>\n\t\t\t\t<\/h4>\n\t\t\t\n\t\t\t\t\t\t\t\t\n\t\t\n\t\t\t\t\t\t<a class=\"fusion-link-wrapper\" href=\"https:\/\/cortomaltese.com\/es\/hacia-nuevas-rutas-la-obra-de-hugo-pratt-en-cagliari\/\" aria-label=\"Prorrogado! \u201cCorto Malt\u00e9s: Hacia nuevas rutas\u201d: del 6 de agosto la exposici\u00f3n llega a Cerde\u00f1a\"><\/a>\n\t<\/div>\n<\/div>\n<\/div>\n<\/li>\n\t\t\t\n\t\t\t\n\t\t\t\t\t\t\t\t\t\t\t\t\t\t\t\t\t\t\t\t\t\t\t\t\t\t\t\t\t\t\t\t\t\t\t\t\t\t\t\t\t\t\t\t\t\t\t\t\t\t\t\t\t\t\t\t\t\t\t\t\t\t\t\t\t\t\t\t<\/ul>\n\t<\/div>\n\t<div class=\"fusion-date-and-formats\"><div class=\"fusion-date-box updated\"><span class=\"fusion-date\">20<\/span><span class=\"fusion-month-year\">08, 2022<\/span><\/div><div class=\"fusion-format-box\"><i class=\"awb-icon-pen\" aria-hidden=\"true\"><\/i><\/div><\/div><div class=\"fusion-post-content post-content\"><h2 class=\"blog-shortcode-post-title\"><a href=\"https:\/\/cortomaltese.com\/es\/hacia-nuevas-rutas-la-obra-de-hugo-pratt-en-cagliari\/\">Prorrogado! \u201cCorto Malt\u00e9s: Hacia nuevas rutas\u201d: del 6 de agosto la exposici\u00f3n llega a Cerde\u00f1a<\/a><\/h2><p class=\"fusion-single-line-meta\">By <span><a href=\"https:\/\/cortomaltese.com\/es\/author\/cortomaltese\/\" title=\"Entradas de Corto Maltese\" rel=\"author\">Corto Maltese<\/a><\/span><span class=\"fusion-inline-sep\">|<\/span><span>20 agosto, 2022<\/span><span class=\"fusion-inline-sep\">|<\/span><\/p><div class=\"fusion-post-content-container\"><p>Del 6 de agosto al 26 de febrero de 2023, el Palazzo di Citt\u00e0 de Cagliari acoge la exposici\u00f3n Corto Malt\u00e9s: Hacia nuevas rutas. <\/p><\/div><\/div><div class=\"fusion-clearfix\"><\/div><div class=\"fusion-meta-info\"><div class=\"fusion-alignright\"><a class=\"fusion-read-more\" href=\"https:\/\/cortomaltese.com\/es\/hacia-nuevas-rutas-la-obra-de-hugo-pratt-en-cagliari\/\" aria-label=\"More on Prorrogado! \u201cCorto Malt\u00e9s: Hacia nuevas rutas\u201d: del 6 de agosto la exposici\u00f3n llega a Cerde\u00f1a\">Read More<\/a><\/div><\/div><\/article>\n<article id=\"blog-1-post-15103\" class=\"fusion-post-large-alternate post-15103 post type-post status-publish format-standard has-post-thumbnail hentry category-noticias tag-a-la-sombra-de-corto tag-confluencias-editorial tag-hugo-pratt\">\n\t<style type=\"text\/css\">\n\t\t\n\t\t\n\t\t\n\t\t\n\t\t\t<\/style>\n\n\n\t\t\t<div class=\"fusion-flexslider flexslider fusion-flexslider-loading fusion-post-slideshow\" style=\"\">\n\t\t<ul class=\"slides\">\n\t\t\t\n\t\t\t\t\t\t\t\t\t\t\t\t\t\t<li><div  class=\"fusion-image-wrapper\" aria-haspopup=\"true\">\n\t\t\t\t<img decoding=\"async\" width=\"1977\" height=\"2840\" src=\"https:\/\/cortomaltese.com\/es\/wp-content\/uploads\/sites\/10\/PRATT-SOMBRA-PORTADA.jpg\" class=\"attachment-full size-full wp-post-image\" alt=\"A la sombra de Corto\" srcset=\"https:\/\/cortomaltese.com\/es\/wp-content\/uploads\/sites\/10\/PRATT-SOMBRA-PORTADA-200x287.jpg 200w, https:\/\/cortomaltese.com\/es\/wp-content\/uploads\/sites\/10\/PRATT-SOMBRA-PORTADA-400x575.jpg 400w, https:\/\/cortomaltese.com\/es\/wp-content\/uploads\/sites\/10\/PRATT-SOMBRA-PORTADA-600x862.jpg 600w, https:\/\/cortomaltese.com\/es\/wp-content\/uploads\/sites\/10\/PRATT-SOMBRA-PORTADA-800x1149.jpg 800w, https:\/\/cortomaltese.com\/es\/wp-content\/uploads\/sites\/10\/PRATT-SOMBRA-PORTADA-1200x1724.jpg 1200w, https:\/\/cortomaltese.com\/es\/wp-content\/uploads\/sites\/10\/PRATT-SOMBRA-PORTADA.jpg 1977w\" sizes=\"(max-width: 800px) 100vw, 1200px\" \/><div class=\"fusion-rollover\">\n\t<div class=\"fusion-rollover-content\">\n\n\t\t\t\t\t\t\t\t\t\t\t\t\t\t<a class=\"fusion-rollover-link\" href=\"https:\/\/cortomaltese.com\/es\/hugo-pratt-a-la-sombra-de-corto-conversaciones-con-dominique-petitfaux\/\">Hugo Pratt &#8211; A la sombra de Corto, conversaciones con Dominique Petitfaux<\/a>\n\t\t\t\n\t\t\t\t\t\t\t\t\n\t\t\n\t\t\t\t\t\t\t\t\t\t\t\t<h4 class=\"fusion-rollover-title\">\n\t\t\t\t\t<a class=\"fusion-rollover-title-link\" href=\"https:\/\/cortomaltese.com\/es\/hugo-pratt-a-la-sombra-de-corto-conversaciones-con-dominique-petitfaux\/\">\n\t\t\t\t\t\tHugo Pratt &#8211; A la sombra de Corto, conversaciones con Dominique Petitfaux\t\t\t\t\t<\/a>\n\t\t\t\t<\/h4>\n\t\t\t\n\t\t\t\t\t\t\t\t\n\t\t\n\t\t\t\t\t\t<a class=\"fusion-link-wrapper\" href=\"https:\/\/cortomaltese.com\/es\/hugo-pratt-a-la-sombra-de-corto-conversaciones-con-dominique-petitfaux\/\" aria-label=\"Hugo Pratt &#8211; A la sombra de Corto, conversaciones con Dominique Petitfaux\"><\/a>\n\t<\/div>\n<\/div>\n<\/div>\n<\/li>\n\t\t\t\n\t\t\t\n\t\t\t\t\t\t\t\t\t\t\t\t\t\t\t\t\t\t\t\t\t\t\t\t\t\t\t\t\t\t\t\t\t\t\t\t\t\t\t\t\t\t\t\t\t\t\t\t\t\t\t\t\t\t\t\t\t\t\t\t\t\t\t\t\t\t\t\t<\/ul>\n\t<\/div>\n\t<div class=\"fusion-date-and-formats\"><div class=\"fusion-date-box updated\"><span class=\"fusion-date\">8<\/span><span class=\"fusion-month-year\">05, 2022<\/span><\/div><div class=\"fusion-format-box\"><i class=\"awb-icon-pen\" aria-hidden=\"true\"><\/i><\/div><\/div><div class=\"fusion-post-content post-content\"><h2 class=\"blog-shortcode-post-title\"><a href=\"https:\/\/cortomaltese.com\/es\/hugo-pratt-a-la-sombra-de-corto-conversaciones-con-dominique-petitfaux\/\">Hugo Pratt &#8211; A la sombra de Corto, conversaciones con Dominique Petitfaux<\/a><\/h2><p class=\"fusion-single-line-meta\">By <span><a href=\"https:\/\/cortomaltese.com\/es\/author\/cortomaltese\/\" title=\"Entradas de Corto Maltese\" rel=\"author\">Corto Maltese<\/a><\/span><span class=\"fusion-inline-sep\">|<\/span><span>8 mayo, 2022<\/span><span class=\"fusion-inline-sep\">|<\/span><\/p><div class=\"fusion-post-content-container\"><p>Basadas en los recuerdos del autor, estas conversaciones son una v\u00eda de acceso privilegiado al universo de un hombre excepcional tanto por su sensibilidad como por sus culturas.<\/p><\/div><\/div><div class=\"fusion-clearfix\"><\/div><div class=\"fusion-meta-info\"><div class=\"fusion-alignright\"><a class=\"fusion-read-more\" href=\"https:\/\/cortomaltese.com\/es\/hugo-pratt-a-la-sombra-de-corto-conversaciones-con-dominique-petitfaux\/\" aria-label=\"More on Hugo Pratt &#8211; A la sombra de Corto, conversaciones con Dominique Petitfaux\">Read More<\/a><\/div><\/div><\/article>\n<article id=\"blog-1-post-15079\" class=\"fusion-post-large-alternate post-15079 post type-post status-publish format-standard has-post-thumbnail hentry category-eventos category-noticias tag-genova tag-hugo-pratt\">\n\t<style type=\"text\/css\">\n\t\t\n\t\t\n\t\t\n\t\t\n\t\t\t<\/style>\n\n\n\t\t\t<div class=\"fusion-flexslider flexslider fusion-flexslider-loading fusion-post-slideshow\" style=\"\">\n\t\t<ul class=\"slides\">\n\t\t\t\n\t\t\t\t\t\t\t\t\t\t\t\t\t\t<li><div  class=\"fusion-image-wrapper\" aria-haspopup=\"true\">\n\t\t\t\t<img decoding=\"async\" width=\"1836\" height=\"2573\" src=\"https:\/\/cortomaltese.com\/es\/wp-content\/uploads\/sites\/10\/Affiche_Hugo-Pratt_Da-Genova-ai-mari-del-Sud.jpg\" class=\"attachment-full size-full wp-post-image\" alt=\"Hugo Pratt G\u00e9nova\" srcset=\"https:\/\/cortomaltese.com\/es\/wp-content\/uploads\/sites\/10\/Affiche_Hugo-Pratt_Da-Genova-ai-mari-del-Sud-200x280.jpg 200w, https:\/\/cortomaltese.com\/es\/wp-content\/uploads\/sites\/10\/Affiche_Hugo-Pratt_Da-Genova-ai-mari-del-Sud-400x561.jpg 400w, https:\/\/cortomaltese.com\/es\/wp-content\/uploads\/sites\/10\/Affiche_Hugo-Pratt_Da-Genova-ai-mari-del-Sud-600x841.jpg 600w, https:\/\/cortomaltese.com\/es\/wp-content\/uploads\/sites\/10\/Affiche_Hugo-Pratt_Da-Genova-ai-mari-del-Sud-800x1121.jpg 800w, https:\/\/cortomaltese.com\/es\/wp-content\/uploads\/sites\/10\/Affiche_Hugo-Pratt_Da-Genova-ai-mari-del-Sud-1200x1682.jpg 1200w, https:\/\/cortomaltese.com\/es\/wp-content\/uploads\/sites\/10\/Affiche_Hugo-Pratt_Da-Genova-ai-mari-del-Sud.jpg 1836w\" sizes=\"(max-width: 800px) 100vw, 1200px\" \/><div class=\"fusion-rollover\">\n\t<div class=\"fusion-rollover-content\">\n\n\t\t\t\t\t\t\t\t\t\t\t\t\t\t<a class=\"fusion-rollover-link\" href=\"https:\/\/cortomaltese.com\/es\/hugo-pratt-da-genova-a-los-mares-del-sur-del-14-de-octubre-la-exposicion\/\">Prorrogado! Hugo Pratt da G\u00e9nova a los mares del Sur, del 14 de octubre la exposici\u00f3n en el Palacio Ducal<\/a>\n\t\t\t\n\t\t\t\t\t\t\t\t\n\t\t\n\t\t\t\t\t\t\t\t\t\t\t\t<h4 class=\"fusion-rollover-title\">\n\t\t\t\t\t<a class=\"fusion-rollover-title-link\" href=\"https:\/\/cortomaltese.com\/es\/hugo-pratt-da-genova-a-los-mares-del-sur-del-14-de-octubre-la-exposicion\/\">\n\t\t\t\t\t\tProrrogado! Hugo Pratt da G\u00e9nova a los mares del Sur, del 14 de octubre la exposici\u00f3n en el Palacio Ducal\t\t\t\t\t<\/a>\n\t\t\t\t<\/h4>\n\t\t\t\n\t\t\t\t\t\t\t\t\n\t\t\n\t\t\t\t\t\t<a class=\"fusion-link-wrapper\" href=\"https:\/\/cortomaltese.com\/es\/hugo-pratt-da-genova-a-los-mares-del-sur-del-14-de-octubre-la-exposicion\/\" aria-label=\"Prorrogado! Hugo Pratt da G\u00e9nova a los mares del Sur, del 14 de octubre la exposici\u00f3n en el Palacio Ducal\"><\/a>\n\t<\/div>\n<\/div>\n<\/div>\n<\/li>\n\t\t\t\n\t\t\t\n\t\t\t\t\t\t\t\t\t\t\t\t\t\t\t\t\t\t\t\t\t\t\t\t\t\t\t\t\t\t\t\t\t\t\t\t\t\t\t\t\t\t\t\t\t\t\t\t\t\t\t\t\t\t\t\t\t\t\t\t\t\t\t\t\t\t\t\t<\/ul>\n\t<\/div>\n\t<div class=\"fusion-date-and-formats\"><div class=\"fusion-date-box updated\"><span class=\"fusion-date\">9<\/span><span class=\"fusion-month-year\">03, 2022<\/span><\/div><div class=\"fusion-format-box\"><i class=\"awb-icon-pen\" aria-hidden=\"true\"><\/i><\/div><\/div><div class=\"fusion-post-content post-content\"><h2 class=\"blog-shortcode-post-title\"><a href=\"https:\/\/cortomaltese.com\/es\/hugo-pratt-da-genova-a-los-mares-del-sur-del-14-de-octubre-la-exposicion\/\">Prorrogado! Hugo Pratt da G\u00e9nova a los mares del Sur, del 14 de octubre la exposici\u00f3n en el Palacio Ducal<\/a><\/h2><p class=\"fusion-single-line-meta\">By <span><a href=\"https:\/\/cortomaltese.com\/es\/author\/cortomaltese\/\" title=\"Entradas de Corto Maltese\" rel=\"author\">Corto Maltese<\/a><\/span><span class=\"fusion-inline-sep\">|<\/span><span>9 marzo, 2022<\/span><span class=\"fusion-inline-sep\">|<\/span><\/p><div class=\"fusion-post-content-container\"><p> Hugo Pratt de G\u00e9nova a los mares del sur, una exposici\u00f3n que celebra un per\u00edodo hist\u00f3rico del c\u00f3mic italiano: desde los inicios de Sargento Kirk hasta el nacimiento de Corto Malt\u00e9s, prep\u00e1rate para zarpar<a href=\"https:\/\/cortomaltese.com\/es\/hugo-pratt-da-genova-a-los-mares-del-sur-del-14-de-octubre-la-exposicion\/\"> [...]<\/a><\/p><\/div><\/div><div class=\"fusion-clearfix\"><\/div><div class=\"fusion-meta-info\"><div class=\"fusion-alignright\"><a class=\"fusion-read-more\" href=\"https:\/\/cortomaltese.com\/es\/hugo-pratt-da-genova-a-los-mares-del-sur-del-14-de-octubre-la-exposicion\/\" aria-label=\"More on Prorrogado! Hugo Pratt da G\u00e9nova a los mares del Sur, del 14 de octubre la exposici\u00f3n en el Palacio Ducal\">Read More<\/a><\/div><\/div><\/article>\n<article id=\"blog-1-post-15091\" class=\"fusion-post-large-alternate post-15091 post type-post status-publish format-standard has-post-thumbnail hentry category-noticias tag-corto-maltes tag-jack-london tag-la-juventud tag-rasputin\">\n\t<style type=\"text\/css\">\n\t\t\n\t\t\n\t\t\n\t\t\n\t\t\t<\/style>\n\n\n\t\t\t<div class=\"fusion-flexslider flexslider fusion-flexslider-loading fusion-post-slideshow\" style=\"\">\n\t\t<ul class=\"slides\">\n\t\t\t\n\t\t\t\t\t\t\t\t\t\t\t\t\t\t<li><div  class=\"fusion-image-wrapper\" aria-haspopup=\"true\">\n\t\t\t\t<img decoding=\"async\" width=\"779\" height=\"1023\" src=\"https:\/\/cortomaltese.com\/es\/wp-content\/uploads\/sites\/10\/xthumb_19902_albumes_big.jpeg.pagespeed.ic_.IPBamPm009.jpg\" class=\"attachment-full size-full wp-post-image\" alt=\"La Juventud\" srcset=\"https:\/\/cortomaltese.com\/es\/wp-content\/uploads\/sites\/10\/xthumb_19902_albumes_big.jpeg.pagespeed.ic_.IPBamPm009-200x263.jpg 200w, https:\/\/cortomaltese.com\/es\/wp-content\/uploads\/sites\/10\/xthumb_19902_albumes_big.jpeg.pagespeed.ic_.IPBamPm009-400x525.jpg 400w, https:\/\/cortomaltese.com\/es\/wp-content\/uploads\/sites\/10\/xthumb_19902_albumes_big.jpeg.pagespeed.ic_.IPBamPm009-600x788.jpg 600w, https:\/\/cortomaltese.com\/es\/wp-content\/uploads\/sites\/10\/xthumb_19902_albumes_big.jpeg.pagespeed.ic_.IPBamPm009.jpg 779w\" sizes=\"(max-width: 800px) 100vw, 779px\" \/><div class=\"fusion-rollover\">\n\t<div class=\"fusion-rollover-content\">\n\n\t\t\t\t\t\t\t\t\t\t\t\t\t\t<a class=\"fusion-rollover-link\" href=\"https:\/\/cortomaltese.com\/es\/la-juventud-nueva-etapa\/\">La juventud<\/a>\n\t\t\t\n\t\t\t\t\t\t\t\t\n\t\t\n\t\t\t\t\t\t\t\t\t\t\t\t<h4 class=\"fusion-rollover-title\">\n\t\t\t\t\t<a class=\"fusion-rollover-title-link\" href=\"https:\/\/cortomaltese.com\/es\/la-juventud-nueva-etapa\/\">\n\t\t\t\t\t\tLa juventud\t\t\t\t\t<\/a>\n\t\t\t\t<\/h4>\n\t\t\t\n\t\t\t\t\t\t\t\t\n\t\t\n\t\t\t\t\t\t<a class=\"fusion-link-wrapper\" href=\"https:\/\/cortomaltese.com\/es\/la-juventud-nueva-etapa\/\" aria-label=\"La juventud\"><\/a>\n\t<\/div>\n<\/div>\n<\/div>\n<\/li>\n\t\t\t\n\t\t\t\n\t\t\t\t\t\t\t\t\t\t\t\t\t\t\t\t\t\t\t\t\t\t\t\t\t\t\t\t\t\t\t\t\t\t\t\t\t\t\t\t\t\t\t\t\t\t\t\t\t\t\t\t\t\t\t\t\t\t\t\t\t\t\t\t\t\t\t\t<\/ul>\n\t<\/div>\n\t<div class=\"fusion-date-and-formats\"><div class=\"fusion-date-box updated\"><span class=\"fusion-date\">7<\/span><span class=\"fusion-month-year\">02, 2022<\/span><\/div><div class=\"fusion-format-box\"><i class=\"awb-icon-pen\" aria-hidden=\"true\"><\/i><\/div><\/div><div class=\"fusion-post-content post-content\"><h2 class=\"blog-shortcode-post-title\"><a href=\"https:\/\/cortomaltese.com\/es\/la-juventud-nueva-etapa\/\">La juventud<\/a><\/h2><p class=\"fusion-single-line-meta\">By <span><a href=\"https:\/\/cortomaltese.com\/es\/author\/cortomaltese\/\" title=\"Entradas de Corto Maltese\" rel=\"author\">Corto Maltese<\/a><\/span><span class=\"fusion-inline-sep\">|<\/span><span>7 febrero, 2022<\/span><span class=\"fusion-inline-sep\">|<\/span><\/p><div class=\"fusion-post-content-container\"><p> HUGO PRATT Corto Malt\u00e9s.\u00a0La Juventud. Nueva coleccti\u00f3n Corto Malt\u00e9s de Norma Editorial, que\u00a0recupera en orden cronol\u00f3gico todas las aventuras del gran cl\u00e1sico de Hugo Pratt. Todo un hito del noveno arte disponible ahora en<a href=\"https:\/\/cortomaltese.com\/es\/la-juventud-nueva-etapa\/\"> [...]<\/a><\/p><\/div><\/div><div class=\"fusion-clearfix\"><\/div><div class=\"fusion-meta-info\"><div class=\"fusion-alignright\"><a class=\"fusion-read-more\" href=\"https:\/\/cortomaltese.com\/es\/la-juventud-nueva-etapa\/\" aria-label=\"More on La juventud\">Read More<\/a><\/div><\/div><\/article>\n<article id=\"blog-1-post-15084\" class=\"fusion-post-large-alternate post-15084 post type-post status-publish format-standard has-post-thumbnail hentry category-noticias tag-bastien-vives tag-martin-quenehen tag-oceano-negro\">\n\t<style type=\"text\/css\">\n\t\t\n\t\t\n\t\t\n\t\t\n\t\t\t<\/style>\n\n\n\t\t\t<div class=\"fusion-flexslider flexslider fusion-flexslider-loading fusion-post-slideshow\" style=\"\">\n\t\t<ul class=\"slides\">\n\t\t\t\n\t\t\t\t\t\t\t\t\t\t\t\t\t\t<li><div  class=\"fusion-image-wrapper\" aria-haspopup=\"true\">\n\t\t\t\t<img decoding=\"async\" width=\"1200\" height=\"1733\" src=\"https:\/\/cortomaltese.com\/es\/wp-content\/uploads\/sites\/10\/Oc\u00e9ano-Negro.jpeg\" class=\"attachment-full size-full wp-post-image\" alt=\"Oc\u00e9ano Negro\" srcset=\"https:\/\/cortomaltese.com\/es\/wp-content\/uploads\/sites\/10\/Oc\u00e9ano-Negro-200x289.jpeg 200w, https:\/\/cortomaltese.com\/es\/wp-content\/uploads\/sites\/10\/Oc\u00e9ano-Negro-400x578.jpeg 400w, https:\/\/cortomaltese.com\/es\/wp-content\/uploads\/sites\/10\/Oc\u00e9ano-Negro-600x867.jpeg 600w, https:\/\/cortomaltese.com\/es\/wp-content\/uploads\/sites\/10\/Oc\u00e9ano-Negro-800x1155.jpeg 800w, https:\/\/cortomaltese.com\/es\/wp-content\/uploads\/sites\/10\/Oc\u00e9ano-Negro.jpeg 1200w\" sizes=\"(max-width: 800px) 100vw, 1200px\" \/><div class=\"fusion-rollover\">\n\t<div class=\"fusion-rollover-content\">\n\n\t\t\t\t\t\t\t\t\t\t\t\t\t\t<a class=\"fusion-rollover-link\" href=\"https:\/\/cortomaltese.com\/es\/corto-maltes-oceano-negro-regresa-la-aventura\/\">Corto Malt\u00e9s, Oc\u00e9ano Negro: regresa la aventura<\/a>\n\t\t\t\n\t\t\t\t\t\t\t\t\n\t\t\n\t\t\t\t\t\t\t\t\t\t\t\t<h4 class=\"fusion-rollover-title\">\n\t\t\t\t\t<a class=\"fusion-rollover-title-link\" href=\"https:\/\/cortomaltese.com\/es\/corto-maltes-oceano-negro-regresa-la-aventura\/\">\n\t\t\t\t\t\tCorto Malt\u00e9s, Oc\u00e9ano Negro: regresa la aventura\t\t\t\t\t<\/a>\n\t\t\t\t<\/h4>\n\t\t\t\n\t\t\t\t\t\t\t\t\n\t\t\n\t\t\t\t\t\t<a class=\"fusion-link-wrapper\" href=\"https:\/\/cortomaltese.com\/es\/corto-maltes-oceano-negro-regresa-la-aventura\/\" aria-label=\"Corto Malt\u00e9s, Oc\u00e9ano Negro: regresa la aventura\"><\/a>\n\t<\/div>\n<\/div>\n<\/div>\n<\/li>\n\t\t\t\n\t\t\t\n\t\t\t\t\t\t\t\t\t\t\t\t\t\t\t\t\t\t\t\t\t\t\t\t\t\t\t\t\t\t\t\t\t\t\t\t\t\t\t\t\t\t\t\t\t\t\t\t\t\t\t\t\t\t\t\t\t\t\t\t\t\t\t\t\t\t\t\t<\/ul>\n\t<\/div>\n\t<div class=\"fusion-date-and-formats\"><div class=\"fusion-date-box updated\"><span class=\"fusion-date\">16<\/span><span class=\"fusion-month-year\">10, 2021<\/span><\/div><div class=\"fusion-format-box\"><i class=\"awb-icon-pen\" aria-hidden=\"true\"><\/i><\/div><\/div><div class=\"fusion-post-content post-content\"><h2 class=\"blog-shortcode-post-title\"><a href=\"https:\/\/cortomaltese.com\/es\/corto-maltes-oceano-negro-regresa-la-aventura\/\">Corto Malt\u00e9s, Oc\u00e9ano Negro: regresa la aventura<\/a><\/h2><p class=\"fusion-single-line-meta\">By <span><a href=\"https:\/\/cortomaltese.com\/es\/author\/cortomaltese\/\" title=\"Entradas de Corto Maltese\" rel=\"author\">Corto Maltese<\/a><\/span><span class=\"fusion-inline-sep\">|<\/span><span>16 octubre, 2021<\/span><span class=\"fusion-inline-sep\">|<\/span><\/p><div class=\"fusion-post-content-container\"><p> Oc\u00e9ano negro presenta una recreaci\u00f3n ins\u00f3lita, aunque respetuosa, del c\u00e9lebre marino creado por Hugo Pratt. El guionista Martin Quenehen y el dibujante Bastien Viv\u00e8s son los art\u00edfices de una odisea que trae a Corto<a href=\"https:\/\/cortomaltese.com\/es\/corto-maltes-oceano-negro-regresa-la-aventura\/\"> [...]<\/a><\/p><\/div><\/div><div class=\"fusion-clearfix\"><\/div><div class=\"fusion-meta-info\"><div class=\"fusion-alignright\"><a class=\"fusion-read-more\" href=\"https:\/\/cortomaltese.com\/es\/corto-maltes-oceano-negro-regresa-la-aventura\/\" aria-label=\"More on Corto Malt\u00e9s, Oc\u00e9ano Negro: regresa la aventura\">Read More<\/a><\/div><\/div><\/article>\n<article id=\"blog-1-post-15073\" class=\"fusion-post-large-alternate post-15073 post type-post status-publish format-standard has-post-thumbnail hentry category-noticias tag-confluencias-editorial tag-hugo-pratt tag-una-cita-pendiente\">\n\t<style type=\"text\/css\">\n\t\t\n\t\t\n\t\t\n\t\t\n\t\t\t<\/style>\n\n\n\t\t\t<div class=\"fusion-flexslider flexslider fusion-flexslider-loading fusion-post-slideshow\" style=\"\">\n\t\t<ul class=\"slides\">\n\t\t\t\n\t\t\t\t\t\t\t\t\t\t\t\t\t\t<li><div  class=\"fusion-image-wrapper\" aria-haspopup=\"true\">\n\t\t\t\t<img decoding=\"async\" width=\"774\" height=\"1090\" src=\"https:\/\/cortomaltese.com\/es\/wp-content\/uploads\/sites\/10\/Un-cita-pendiente-copertina.png\" class=\"attachment-full size-full wp-post-image\" alt=\"una cita pendiente\" srcset=\"https:\/\/cortomaltese.com\/es\/wp-content\/uploads\/sites\/10\/Un-cita-pendiente-copertina-200x282.png 200w, https:\/\/cortomaltese.com\/es\/wp-content\/uploads\/sites\/10\/Un-cita-pendiente-copertina-400x563.png 400w, https:\/\/cortomaltese.com\/es\/wp-content\/uploads\/sites\/10\/Un-cita-pendiente-copertina-600x845.png 600w, https:\/\/cortomaltese.com\/es\/wp-content\/uploads\/sites\/10\/Un-cita-pendiente-copertina.png 774w\" sizes=\"(max-width: 800px) 100vw, 774px\" \/><div class=\"fusion-rollover\">\n\t<div class=\"fusion-rollover-content\">\n\n\t\t\t\t\t\t\t\t\t\t\t\t\t\t<a class=\"fusion-rollover-link\" href=\"https:\/\/cortomaltese.com\/es\/una-cita-pendiente-un-viaje-a-los-mares-del-sur-por-primera-vez-en-espagnol\/\">Una cita pendiente, un viaje a los mares del Sur por primera vez en espagnol<\/a>\n\t\t\t\n\t\t\t\t\t\t\t\t\n\t\t\n\t\t\t\t\t\t\t\t\t\t\t\t<h4 class=\"fusion-rollover-title\">\n\t\t\t\t\t<a class=\"fusion-rollover-title-link\" href=\"https:\/\/cortomaltese.com\/es\/una-cita-pendiente-un-viaje-a-los-mares-del-sur-por-primera-vez-en-espagnol\/\">\n\t\t\t\t\t\tUna cita pendiente, un viaje a los mares del Sur por primera vez en espagnol\t\t\t\t\t<\/a>\n\t\t\t\t<\/h4>\n\t\t\t\n\t\t\t\t\t\t\t\t\n\t\t\n\t\t\t\t\t\t<a class=\"fusion-link-wrapper\" href=\"https:\/\/cortomaltese.com\/es\/una-cita-pendiente-un-viaje-a-los-mares-del-sur-por-primera-vez-en-espagnol\/\" aria-label=\"Una cita pendiente, un viaje a los mares del Sur por primera vez en espagnol\"><\/a>\n\t<\/div>\n<\/div>\n<\/div>\n<\/li>\n\t\t\t\n\t\t\t\n\t\t\t\t\t\t\t\t\t\t\t\t\t\t\t\t\t\t\t\t\t\t\t\t\t\t\t\t\t\t\t\t\t\t\t\t\t\t\t\t\t\t\t\t\t\t\t\t\t\t\t\t\t\t\t\t\t\t\t\t\t\t\t\t\t\t\t\t<\/ul>\n\t<\/div>\n\t<div class=\"fusion-date-and-formats\"><div class=\"fusion-date-box updated\"><span class=\"fusion-date\">6<\/span><span class=\"fusion-month-year\">10, 2021<\/span><\/div><div class=\"fusion-format-box\"><i class=\"awb-icon-pen\" aria-hidden=\"true\"><\/i><\/div><\/div><div class=\"fusion-post-content post-content\"><h2 class=\"blog-shortcode-post-title\"><a href=\"https:\/\/cortomaltese.com\/es\/una-cita-pendiente-un-viaje-a-los-mares-del-sur-por-primera-vez-en-espagnol\/\">Una cita pendiente, un viaje a los mares del Sur por primera vez en espagnol<\/a><\/h2><p class=\"fusion-single-line-meta\">By <span><a href=\"https:\/\/cortomaltese.com\/es\/author\/cortomaltese\/\" title=\"Entradas de Corto Maltese\" rel=\"author\">Corto Maltese<\/a><\/span><span class=\"fusion-inline-sep\">|<\/span><span>6 octubre, 2021<\/span><span class=\"fusion-inline-sep\">|<\/span><\/p><div class=\"fusion-post-content-container\"><p> Confluencia Editorial publica\u00a0Una cita pendiente, el libro testamentario de uno de los nombres m\u00e1s importantes del c\u00f3mic mundial. en librer\u00edas a partir del 2 de noviembre        Una<a href=\"https:\/\/cortomaltese.com\/es\/una-cita-pendiente-un-viaje-a-los-mares-del-sur-por-primera-vez-en-espagnol\/\"> [...]<\/a><\/p><\/div><\/div><div class=\"fusion-clearfix\"><\/div><div class=\"fusion-meta-info\"><div class=\"fusion-alignright\"><a class=\"fusion-read-more\" href=\"https:\/\/cortomaltese.com\/es\/una-cita-pendiente-un-viaje-a-los-mares-del-sur-por-primera-vez-en-espagnol\/\" aria-label=\"More on Una cita pendiente, un viaje a los mares del Sur por primera vez en espagnol\">Read More<\/a><\/div><\/div><\/article>\n<article id=\"blog-1-post-14208\" class=\"fusion-post-large-alternate post-14208 post type-post status-publish format-standard has-post-thumbnail hentry category-noticias tag-corto-maltes tag-la-casa-dorada-de-samarcanda tag-rasputin tag-ruta-de-la-seda\">\n\t<style type=\"text\/css\">\n\t\t\n\t\t\n\t\t\n\t\t\n\t\t\t<\/style>\n\n\n\t\t\t<div class=\"fusion-flexslider flexslider fusion-flexslider-loading fusion-post-slideshow\" style=\"\">\n\t\t<ul class=\"slides\">\n\t\t\t\n\t\t\t\t\t\t\t\t\t\t\t\t\t\t<li><div  class=\"fusion-image-wrapper\" aria-haspopup=\"true\">\n\t\t\t\t<img decoding=\"async\" width=\"902\" height=\"1186\" src=\"https:\/\/cortomaltese.com\/es\/wp-content\/uploads\/sites\/10\/La-casa-dorada-de-Samarcanda-c.jpg\" class=\"attachment-full size-full wp-post-image\" alt=\"La casa dorada de Samarcanda c\" srcset=\"https:\/\/cortomaltese.com\/es\/wp-content\/uploads\/sites\/10\/La-casa-dorada-de-Samarcanda-c-200x263.jpg 200w, https:\/\/cortomaltese.com\/es\/wp-content\/uploads\/sites\/10\/La-casa-dorada-de-Samarcanda-c-400x526.jpg 400w, https:\/\/cortomaltese.com\/es\/wp-content\/uploads\/sites\/10\/La-casa-dorada-de-Samarcanda-c-600x789.jpg 600w, https:\/\/cortomaltese.com\/es\/wp-content\/uploads\/sites\/10\/La-casa-dorada-de-Samarcanda-c-800x1052.jpg 800w, https:\/\/cortomaltese.com\/es\/wp-content\/uploads\/sites\/10\/La-casa-dorada-de-Samarcanda-c.jpg 902w\" sizes=\"(max-width: 800px) 100vw, 902px\" \/><div class=\"fusion-rollover\">\n\t<div class=\"fusion-rollover-content\">\n\n\t\t\t\t\t\t\t\t\t\t\t\t\t\t<a class=\"fusion-rollover-link\" href=\"https:\/\/cortomaltese.com\/es\/la-casa-dorada-de-samarcanda\/\">La casa dorada de Samarcanda<\/a>\n\t\t\t\n\t\t\t\t\t\t\t\t\n\t\t\n\t\t\t\t\t\t\t\t\t\t\t\t<h4 class=\"fusion-rollover-title\">\n\t\t\t\t\t<a class=\"fusion-rollover-title-link\" href=\"https:\/\/cortomaltese.com\/es\/la-casa-dorada-de-samarcanda\/\">\n\t\t\t\t\t\tLa casa dorada de Samarcanda\t\t\t\t\t<\/a>\n\t\t\t\t<\/h4>\n\t\t\t\n\t\t\t\t\t\t\t\t\n\t\t\n\t\t\t\t\t\t<a class=\"fusion-link-wrapper\" href=\"https:\/\/cortomaltese.com\/es\/la-casa-dorada-de-samarcanda\/\" aria-label=\"La casa dorada de Samarcanda\"><\/a>\n\t<\/div>\n<\/div>\n<\/div>\n<\/li>\n\t\t\t\n\t\t\t\n\t\t\t\t\t\t\t\t\t\t\t\t\t\t\t\t\t\t\t\t\t\t\t\t\t\t\t\t\t\t\t\t\t\t\t\t\t\t\t\t\t\t\t\t\t\t\t\t\t\t\t\t\t\t\t\t\t\t\t\t\t\t\t\t\t\t\t\t<\/ul>\n\t<\/div>\n\t<div class=\"fusion-date-and-formats\"><div class=\"fusion-date-box updated\"><span class=\"fusion-date\">6<\/span><span class=\"fusion-month-year\">07, 2021<\/span><\/div><div class=\"fusion-format-box\"><i class=\"awb-icon-pen\" aria-hidden=\"true\"><\/i><\/div><\/div><div class=\"fusion-post-content post-content\"><h2 class=\"blog-shortcode-post-title\"><a href=\"https:\/\/cortomaltese.com\/es\/la-casa-dorada-de-samarcanda\/\">La casa dorada de Samarcanda<\/a><\/h2><p class=\"fusion-single-line-meta\">By <span><a href=\"https:\/\/cortomaltese.com\/es\/author\/cortomaltese\/\" title=\"Entradas de Corto Maltese\" rel=\"author\">Corto Maltese<\/a><\/span><span class=\"fusion-inline-sep\">|<\/span><span>6 julio, 2021<\/span><span class=\"fusion-inline-sep\">|<\/span><\/p><div class=\"fusion-post-content-container\"><p>Anatolia, 1921. \u00bfQu\u00e9 atrae a Corto Malt\u00e9s a la antigua Ruta de la Seda, a trav\u00e9s de un imperio en medio del caos? \u00bfEncontrar el tesoro de Alejandro Magno o liberar a Rasput\u00edn de su prisi\u00f3n otomana?<\/p><\/div><\/div><div class=\"fusion-clearfix\"><\/div><div class=\"fusion-meta-info\"><div class=\"fusion-alignright\"><a class=\"fusion-read-more\" href=\"https:\/\/cortomaltese.com\/es\/la-casa-dorada-de-samarcanda\/\" aria-label=\"More on La casa dorada de Samarcanda\">Read More<\/a><\/div><\/div><\/article>\n<article id=\"blog-1-post-14584\" class=\"fusion-post-large-alternate post-14584 post type-post status-publish format-standard has-post-thumbnail hentry category-noticias tag-corto-maltes tag-corto-maltes-en-siberia\">\n\t<style type=\"text\/css\">\n\t\t\n\t\t\n\t\t\n\t\t\n\t\t\t<\/style>\n\n\n\t\t\t<div class=\"fusion-flexslider flexslider fusion-flexslider-loading fusion-post-slideshow\" style=\"\">\n\t\t<ul class=\"slides\">\n\t\t\t\n\t\t\t\t\t\t\t\t\t\t\t\t\t\t<li><div  class=\"fusion-image-wrapper\" aria-haspopup=\"true\">\n\t\t\t\t<img decoding=\"async\" width=\"743\" height=\"1020\" src=\"https:\/\/cortomaltese.com\/es\/wp-content\/uploads\/sites\/10\/Corto-En-siberia-.jpg\" class=\"attachment-full size-full wp-post-image\" alt=\"en Siberia\" srcset=\"https:\/\/cortomaltese.com\/es\/wp-content\/uploads\/sites\/10\/Corto-En-siberia--200x275.jpg 200w, https:\/\/cortomaltese.com\/es\/wp-content\/uploads\/sites\/10\/Corto-En-siberia--400x549.jpg 400w, https:\/\/cortomaltese.com\/es\/wp-content\/uploads\/sites\/10\/Corto-En-siberia--600x824.jpg 600w, https:\/\/cortomaltese.com\/es\/wp-content\/uploads\/sites\/10\/Corto-En-siberia-.jpg 743w\" sizes=\"(max-width: 800px) 100vw, 743px\" \/><div class=\"fusion-rollover\">\n\t<div class=\"fusion-rollover-content\">\n\n\t\t\t\t\t\t\t\t\t\t\t\t\t\t<a class=\"fusion-rollover-link\" href=\"https:\/\/cortomaltese.com\/es\/corto-maltes-corto-maltes-en-siberia\/\">Corto Malt\u00e9s. Corto Malt\u00e9s en Siberia<\/a>\n\t\t\t\n\t\t\t\t\t\t\t\t\n\t\t\n\t\t\t\t\t\t\t\t\t\t\t\t<h4 class=\"fusion-rollover-title\">\n\t\t\t\t\t<a class=\"fusion-rollover-title-link\" href=\"https:\/\/cortomaltese.com\/es\/corto-maltes-corto-maltes-en-siberia\/\">\n\t\t\t\t\t\tCorto Malt\u00e9s. Corto Malt\u00e9s en Siberia\t\t\t\t\t<\/a>\n\t\t\t\t<\/h4>\n\t\t\t\n\t\t\t\t\t\t\t\t\n\t\t\n\t\t\t\t\t\t<a class=\"fusion-link-wrapper\" href=\"https:\/\/cortomaltese.com\/es\/corto-maltes-corto-maltes-en-siberia\/\" aria-label=\"Corto Malt\u00e9s. Corto Malt\u00e9s en Siberia\"><\/a>\n\t<\/div>\n<\/div>\n<\/div>\n<\/li>\n\t\t\t\n\t\t\t\n\t\t\t\t\t\t\t\t\t\t\t\t\t\t\t\t\t\t\t\t\t\t\t\t\t\t\t\t\t\t\t\t\t\t\t\t\t\t\t\t\t\t\t\t\t\t\t\t\t\t\t\t\t\t\t\t\t\t\t\t\t\t\t\t\t\t\t\t<\/ul>\n\t<\/div>\n\t<div class=\"fusion-date-and-formats\"><div class=\"fusion-date-box updated\"><span class=\"fusion-date\">1<\/span><span class=\"fusion-month-year\">02, 2021<\/span><\/div><div class=\"fusion-format-box\"><i class=\"awb-icon-pen\" aria-hidden=\"true\"><\/i><\/div><\/div><div class=\"fusion-post-content post-content\"><h2 class=\"blog-shortcode-post-title\"><a href=\"https:\/\/cortomaltese.com\/es\/corto-maltes-corto-maltes-en-siberia\/\">Corto Malt\u00e9s. Corto Malt\u00e9s en Siberia<\/a><\/h2><p class=\"fusion-single-line-meta\">By <span><a href=\"https:\/\/cortomaltese.com\/es\/author\/cortomaltese\/\" title=\"Entradas de Corto Maltese\" rel=\"author\">Corto Maltese<\/a><\/span><span class=\"fusion-inline-sep\">|<\/span><span>1 febrero, 2021<\/span><span class=\"fusion-inline-sep\">|<\/span><\/p><div class=\"fusion-post-content-container\"><p>En esta aventura, que se desarrolla entre 1919 y 1920, la acci\u00f3n transcurre entre China, Manchuria, Mongolia y Siberia: Corto se muestra una vez m\u00e1s como espectador del triste espect\u00e1culo de la codicia humana.\r\n<\/p><\/div><\/div><div class=\"fusion-clearfix\"><\/div><div class=\"fusion-meta-info\"><div class=\"fusion-alignright\"><a class=\"fusion-read-more\" href=\"https:\/\/cortomaltese.com\/es\/corto-maltes-corto-maltes-en-siberia\/\" aria-label=\"More on Corto Malt\u00e9s. Corto Malt\u00e9s en Siberia\">Read More<\/a><\/div><\/div><\/article>\n<article id=\"blog-1-post-14606\" class=\"fusion-post-large-alternate post-14606 post type-post status-publish format-standard has-post-thumbnail hentry category-noticias tag-corto-maltes tag-crush tag-las-etiopicas\">\n\t<style type=\"text\/css\">\n\t\t\n\t\t\n\t\t\n\t\t\n\t\t\t<\/style>\n\n\n\t\t\t<div class=\"fusion-flexslider flexslider fusion-flexslider-loading fusion-post-slideshow\" style=\"\">\n\t\t<ul class=\"slides\">\n\t\t\t\n\t\t\t\t\t\t\t\t\t\t\t\t\t\t<li><div  class=\"fusion-image-wrapper\" aria-haspopup=\"true\">\n\t\t\t\t<img decoding=\"async\" width=\"944\" height=\"1304\" src=\"https:\/\/cortomaltese.com\/es\/wp-content\/uploads\/sites\/10\/Las-etiopicas-bn.png\" class=\"attachment-full size-full wp-post-image\" alt=\"\" srcset=\"https:\/\/cortomaltese.com\/es\/wp-content\/uploads\/sites\/10\/Las-etiopicas-bn-200x276.png 200w, https:\/\/cortomaltese.com\/es\/wp-content\/uploads\/sites\/10\/Las-etiopicas-bn-400x553.png 400w, https:\/\/cortomaltese.com\/es\/wp-content\/uploads\/sites\/10\/Las-etiopicas-bn-600x829.png 600w, https:\/\/cortomaltese.com\/es\/wp-content\/uploads\/sites\/10\/Las-etiopicas-bn-800x1105.png 800w, https:\/\/cortomaltese.com\/es\/wp-content\/uploads\/sites\/10\/Las-etiopicas-bn.png 944w\" sizes=\"(max-width: 800px) 100vw, 944px\" \/><div class=\"fusion-rollover\">\n\t<div class=\"fusion-rollover-content\">\n\n\t\t\t\t\t\t\t\t\t\t\t\t\t\t<a class=\"fusion-rollover-link\" href=\"https:\/\/cortomaltese.com\/es\/corto-maltes-las-etiopicas\/\">Corto Malt\u00e9s. Las Eti\u00f3picas<\/a>\n\t\t\t\n\t\t\t\t\t\t\t\t\n\t\t\n\t\t\t\t\t\t\t\t\t\t\t\t<h4 class=\"fusion-rollover-title\">\n\t\t\t\t\t<a class=\"fusion-rollover-title-link\" href=\"https:\/\/cortomaltese.com\/es\/corto-maltes-las-etiopicas\/\">\n\t\t\t\t\t\tCorto Malt\u00e9s. Las Eti\u00f3picas\t\t\t\t\t<\/a>\n\t\t\t\t<\/h4>\n\t\t\t\n\t\t\t\t\t\t\t\t\n\t\t\n\t\t\t\t\t\t<a class=\"fusion-link-wrapper\" href=\"https:\/\/cortomaltese.com\/es\/corto-maltes-las-etiopicas\/\" aria-label=\"Corto Malt\u00e9s. Las Eti\u00f3picas\"><\/a>\n\t<\/div>\n<\/div>\n<\/div>\n<\/li>\n\t\t\t\n\t\t\t\n\t\t\t\t\t\t\t\t\t\t\t\t\t\t\t\t\t\t\t\t\t\t\t\t\t\t\t\t\t\t\t\t\t\t\t\t\t\t\t\t\t\t\t\t\t\t\t\t\t\t\t\t\t\t\t\t\t\t\t\t\t\t\t\t\t\t\t\t<\/ul>\n\t<\/div>\n\t<div class=\"fusion-date-and-formats\"><div class=\"fusion-date-box updated\"><span class=\"fusion-date\">10<\/span><span class=\"fusion-month-year\">10, 2020<\/span><\/div><div class=\"fusion-format-box\"><i class=\"awb-icon-pen\" aria-hidden=\"true\"><\/i><\/div><\/div><div class=\"fusion-post-content post-content\"><h2 class=\"blog-shortcode-post-title\"><a href=\"https:\/\/cortomaltese.com\/es\/corto-maltes-las-etiopicas\/\">Corto Malt\u00e9s. Las Eti\u00f3picas<\/a><\/h2><p class=\"fusion-single-line-meta\">By <span><a href=\"https:\/\/cortomaltese.com\/es\/author\/cortomaltese\/\" title=\"Entradas de Corto Maltese\" rel=\"author\">Corto Maltese<\/a><\/span><span class=\"fusion-inline-sep\">|<\/span><span>10 octubre, 2020<\/span><span class=\"fusion-inline-sep\">|<\/span><\/p><div class=\"fusion-post-content-container\"><p>1918, \u00c1frica Oriental. Corto Malt\u00e9s une fuerzas con con Cush, el guerrero danakil, para cruzar esta regi\u00f3n donde los poderes coloniales y las creencias ind\u00edgenas chocan en una batalla despiadada. Nueva Edici\u00f3n en librerias a partir del 29 octubre 2020.<\/p><\/div><\/div><div class=\"fusion-clearfix\"><\/div><div class=\"fusion-meta-info\"><div class=\"fusion-alignright\"><a class=\"fusion-read-more\" href=\"https:\/\/cortomaltese.com\/es\/corto-maltes-las-etiopicas\/\" aria-label=\"More on Corto Malt\u00e9s. Las Eti\u00f3picas\">Read More<\/a><\/div><\/div><\/article>\n<article id=\"blog-1-post-14650\" class=\"fusion-post-large-alternate post-14650 post type-post status-publish format-standard has-post-thumbnail hentry category-noticias tag-bajo-el-signo-de-capricornio tag-corto-maltes\">\n\t<style type=\"text\/css\">\n\t\t\n\t\t\n\t\t\n\t\t\n\t\t\t<\/style>\n\n\n\t\t\t<div class=\"fusion-flexslider flexslider fusion-flexslider-loading fusion-post-slideshow\" style=\"\">\n\t\t<ul class=\"slides\">\n\t\t\t\n\t\t\t\t\t\t\t\t\t\t\t\t\t\t<li><div  class=\"fusion-image-wrapper\" aria-haspopup=\"true\">\n\t\t\t\t<img decoding=\"async\" width=\"374\" height=\"499\" src=\"https:\/\/cortomaltese.com\/es\/wp-content\/uploads\/sites\/10\/2.-Bajo-El-Signo-de-capricornio-bn.jpg\" class=\"attachment-full size-full wp-post-image\" alt=\"\" srcset=\"https:\/\/cortomaltese.com\/es\/wp-content\/uploads\/sites\/10\/2.-Bajo-El-Signo-de-capricornio-bn-200x267.jpg 200w, https:\/\/cortomaltese.com\/es\/wp-content\/uploads\/sites\/10\/2.-Bajo-El-Signo-de-capricornio-bn.jpg 374w\" sizes=\"(max-width: 800px) 100vw, 374px\" \/><div class=\"fusion-rollover\">\n\t<div class=\"fusion-rollover-content\">\n\n\t\t\t\t\t\t\t\t\t\t\t\t\t\t<a class=\"fusion-rollover-link\" href=\"https:\/\/cortomaltese.com\/es\/corto-maltes-bajo-el-signo-de-capricornio\/\">Corto Malt\u00e9s. Bajo el signo de Capricornio<\/a>\n\t\t\t\n\t\t\t\t\t\t\t\t\n\t\t\n\t\t\t\t\t\t\t\t\t\t\t\t<h4 class=\"fusion-rollover-title\">\n\t\t\t\t\t<a class=\"fusion-rollover-title-link\" href=\"https:\/\/cortomaltese.com\/es\/corto-maltes-bajo-el-signo-de-capricornio\/\">\n\t\t\t\t\t\tCorto Malt\u00e9s. Bajo el signo de Capricornio\t\t\t\t\t<\/a>\n\t\t\t\t<\/h4>\n\t\t\t\n\t\t\t\t\t\t\t\t\n\t\t\n\t\t\t\t\t\t<a class=\"fusion-link-wrapper\" href=\"https:\/\/cortomaltese.com\/es\/corto-maltes-bajo-el-signo-de-capricornio\/\" aria-label=\"Corto Malt\u00e9s. Bajo el signo de Capricornio\"><\/a>\n\t<\/div>\n<\/div>\n<\/div>\n<\/li>\n\t\t\t\n\t\t\t\n\t\t\t\t\t\t\t\t\t\t\t\t\t\t\t\t\t\t\t\t\t\t\t\t\t\t\t\t\t\t\t\t\t\t\t\t\t\t\t\t\t\t\t\t\t\t\t\t\t\t\t\t\t\t\t\t\t\t\t\t\t\t\t\t\t\t\t\t<\/ul>\n\t<\/div>\n\t<div class=\"fusion-date-and-formats\"><div class=\"fusion-date-box updated\"><span class=\"fusion-date\">6<\/span><span class=\"fusion-month-year\">09, 2020<\/span><\/div><div class=\"fusion-format-box\"><i class=\"awb-icon-pen\" aria-hidden=\"true\"><\/i><\/div><\/div><div class=\"fusion-post-content post-content\"><h2 class=\"blog-shortcode-post-title\"><a href=\"https:\/\/cortomaltese.com\/es\/corto-maltes-bajo-el-signo-de-capricornio\/\">Corto Malt\u00e9s. Bajo el signo de Capricornio<\/a><\/h2><p class=\"fusion-single-line-meta\">By <span><a href=\"https:\/\/cortomaltese.com\/es\/author\/cortomaltese\/\" title=\"Entradas de Corto Maltese\" rel=\"author\">Corto Maltese<\/a><\/span><span class=\"fusion-inline-sep\">|<\/span><span>6 septiembre, 2020<\/span><span class=\"fusion-inline-sep\">|<\/span><\/p><div class=\"fusion-post-content-container\"><p>Las seis historias cortas que componen Bajo el signo de Capricornio tienen lugar entre 1916 y 1917, y en ellas la acci\u00f3n se traslada a Am\u00e9rica del sur y central; de Brasil a la desembocadura del Amazonas, y de Belice\r\na las Antillas.<\/p><\/div><\/div><div class=\"fusion-clearfix\"><\/div><div class=\"fusion-meta-info\"><div class=\"fusion-alignright\"><a class=\"fusion-read-more\" href=\"https:\/\/cortomaltese.com\/es\/corto-maltes-bajo-el-signo-de-capricornio\/\" aria-label=\"More on Corto Malt\u00e9s. Bajo el signo de Capricornio\">Read More<\/a><\/div><\/div><\/article>\n<article id=\"blog-1-post-14602\" class=\"fusion-post-large-alternate post-14602 post type-post status-publish format-standard has-post-thumbnail hentry category-noticias tag-corto-maltes tag-siempre-un-poco-mas-lejos\">\n\t<style type=\"text\/css\">\n\t\t\n\t\t\n\t\t\n\t\t\n\t\t\t<\/style>\n\n\n\t\t\t<div class=\"fusion-flexslider flexslider fusion-flexslider-loading fusion-post-slideshow\" style=\"\">\n\t\t<ul class=\"slides\">\n\t\t\t\n\t\t\t\t\t\t\t\t\t\t\t\t\t\t<li><div  class=\"fusion-image-wrapper\" aria-haspopup=\"true\">\n\t\t\t\t<img decoding=\"async\" width=\"370\" height=\"499\" src=\"https:\/\/cortomaltese.com\/es\/wp-content\/uploads\/sites\/10\/3.-Siempre-Un-Poco-M\u00e1s-Lejos-bn.jpg\" class=\"attachment-full size-full wp-post-image\" alt=\"\" srcset=\"https:\/\/cortomaltese.com\/es\/wp-content\/uploads\/sites\/10\/3.-Siempre-Un-Poco-M\u00e1s-Lejos-bn-200x270.jpg 200w, https:\/\/cortomaltese.com\/es\/wp-content\/uploads\/sites\/10\/3.-Siempre-Un-Poco-M\u00e1s-Lejos-bn.jpg 370w\" sizes=\"(max-width: 800px) 100vw, 370px\" \/><div class=\"fusion-rollover\">\n\t<div class=\"fusion-rollover-content\">\n\n\t\t\t\t\t\t\t\t\t\t\t\t\t\t<a class=\"fusion-rollover-link\" href=\"https:\/\/cortomaltese.com\/es\/corto-maltes-siempre-un-poco-mas-lejos\/\">Corto Malt\u00e9s. Siempre un poco m\u00e1s lejos<\/a>\n\t\t\t\n\t\t\t\t\t\t\t\t\n\t\t\n\t\t\t\t\t\t\t\t\t\t\t\t<h4 class=\"fusion-rollover-title\">\n\t\t\t\t\t<a class=\"fusion-rollover-title-link\" href=\"https:\/\/cortomaltese.com\/es\/corto-maltes-siempre-un-poco-mas-lejos\/\">\n\t\t\t\t\t\tCorto Malt\u00e9s. Siempre un poco m\u00e1s lejos\t\t\t\t\t<\/a>\n\t\t\t\t<\/h4>\n\t\t\t\n\t\t\t\t\t\t\t\t\n\t\t\n\t\t\t\t\t\t<a class=\"fusion-link-wrapper\" href=\"https:\/\/cortomaltese.com\/es\/corto-maltes-siempre-un-poco-mas-lejos\/\" aria-label=\"Corto Malt\u00e9s. Siempre un poco m\u00e1s lejos\"><\/a>\n\t<\/div>\n<\/div>\n<\/div>\n<\/li>\n\t\t\t\n\t\t\t\n\t\t\t\t\t\t\t\t\t\t\t\t\t\t\t\t\t\t\t\t\t\t\t\t\t\t\t\t\t\t\t\t\t\t\t\t\t\t\t\t\t\t\t\t\t\t\t\t\t\t\t\t\t\t\t\t\t\t\t\t\t\t\t\t\t\t\t\t<\/ul>\n\t<\/div>\n\t<div class=\"fusion-date-and-formats\"><div class=\"fusion-date-box updated\"><span class=\"fusion-date\">6<\/span><span class=\"fusion-month-year\">09, 2020<\/span><\/div><div class=\"fusion-format-box\"><i class=\"awb-icon-pen\" aria-hidden=\"true\"><\/i><\/div><\/div><div class=\"fusion-post-content post-content\"><h2 class=\"blog-shortcode-post-title\"><a href=\"https:\/\/cortomaltese.com\/es\/corto-maltes-siempre-un-poco-mas-lejos\/\">Corto Malt\u00e9s. Siempre un poco m\u00e1s lejos<\/a><\/h2><p class=\"fusion-single-line-meta\">By <span><a href=\"https:\/\/cortomaltese.com\/es\/author\/cortomaltese\/\" title=\"Entradas de Corto Maltese\" rel=\"author\">Corto Maltese<\/a><\/span><span class=\"fusion-inline-sep\">|<\/span><span>6 septiembre, 2020<\/span><span class=\"fusion-inline-sep\">|<\/span><\/p><div class=\"fusion-post-content-container\"><p>Centroam\u00e9rica, 1917. Corto Malt\u00e9s navega en aguas turbulentas: una revoluci\u00f3n en una rep\u00fablica bananera, un juicio por brujer\u00eda en una isla perdida, e incluso esclavistas, cruzados en las profundidades de la selva peruana.<\/p><\/div><\/div><div class=\"fusion-clearfix\"><\/div><div class=\"fusion-meta-info\"><div class=\"fusion-alignright\"><a class=\"fusion-read-more\" href=\"https:\/\/cortomaltese.com\/es\/corto-maltes-siempre-un-poco-mas-lejos\/\" aria-label=\"More on Corto Malt\u00e9s. Siempre un poco m\u00e1s lejos\">Read More<\/a><\/div><\/div><\/article>\n<article id=\"blog-1-post-14556\" class=\"fusion-post-large-alternate post-14556 post type-post status-publish format-standard has-post-thumbnail hentry category-noticias tag-corto-maltes-las-celticas tag-hada-morgana tag-las-celticas tag-mago-merlin\">\n\t<style type=\"text\/css\">\n\t\t\n\t\t\n\t\t\n\t\t\n\t\t\t<\/style>\n\n\n\t\t\t<div class=\"fusion-flexslider flexslider fusion-flexslider-loading fusion-post-slideshow\" style=\"\">\n\t\t<ul class=\"slides\">\n\t\t\t\n\t\t\t\t\t\t\t\t\t\t\t\t\t\t<li><div  class=\"fusion-image-wrapper\" aria-haspopup=\"true\">\n\t\t\t\t<img decoding=\"async\" width=\"457\" height=\"600\" src=\"https:\/\/cortomaltese.com\/es\/wp-content\/uploads\/sites\/10\/Las-c\u00e8ltics.jpg\" class=\"attachment-full size-full wp-post-image\" alt=\"Las c\u00e9lticas\" srcset=\"https:\/\/cortomaltese.com\/es\/wp-content\/uploads\/sites\/10\/Las-c\u00e8ltics-200x263.jpg 200w, https:\/\/cortomaltese.com\/es\/wp-content\/uploads\/sites\/10\/Las-c\u00e8ltics-400x525.jpg 400w, https:\/\/cortomaltese.com\/es\/wp-content\/uploads\/sites\/10\/Las-c\u00e8ltics.jpg 457w\" sizes=\"(max-width: 800px) 100vw, 457px\" \/><div class=\"fusion-rollover\">\n\t<div class=\"fusion-rollover-content\">\n\n\t\t\t\t\t\t\t\t\t\t\t\t\t\t<a class=\"fusion-rollover-link\" href=\"https:\/\/cortomaltese.com\/es\/corto-maltes-las-celticas\/\">Corto Malt\u00e9s. Las c\u00e9lticas<\/a>\n\t\t\t\n\t\t\t\t\t\t\t\t\n\t\t\n\t\t\t\t\t\t\t\t\t\t\t\t<h4 class=\"fusion-rollover-title\">\n\t\t\t\t\t<a class=\"fusion-rollover-title-link\" href=\"https:\/\/cortomaltese.com\/es\/corto-maltes-las-celticas\/\">\n\t\t\t\t\t\tCorto Malt\u00e9s. Las c\u00e9lticas\t\t\t\t\t<\/a>\n\t\t\t\t<\/h4>\n\t\t\t\n\t\t\t\t\t\t\t\t\n\t\t\n\t\t\t\t\t\t<a class=\"fusion-link-wrapper\" href=\"https:\/\/cortomaltese.com\/es\/corto-maltes-las-celticas\/\" aria-label=\"Corto Malt\u00e9s. Las c\u00e9lticas\"><\/a>\n\t<\/div>\n<\/div>\n<\/div>\n<\/li>\n\t\t\t\n\t\t\t\n\t\t\t\t\t\t\t\t\t\t\t\t\t\t\t\t\t\t\t\t\t\t\t\t\t\t\t\t\t\t\t\t\t\t\t\t\t\t\t\t\t\t\t\t\t\t\t\t\t\t\t\t\t\t\t\t\t\t\t\t\t\t\t\t\t\t\t\t<\/ul>\n\t<\/div>\n\t<div class=\"fusion-date-and-formats\"><div class=\"fusion-date-box updated\"><span class=\"fusion-date\">4<\/span><span class=\"fusion-month-year\">09, 2020<\/span><\/div><div class=\"fusion-format-box\"><i class=\"awb-icon-pen\" aria-hidden=\"true\"><\/i><\/div><\/div><div class=\"fusion-post-content post-content\"><h2 class=\"blog-shortcode-post-title\"><a href=\"https:\/\/cortomaltese.com\/es\/corto-maltes-las-celticas\/\">Corto Malt\u00e9s. Las c\u00e9lticas<\/a><\/h2><p class=\"fusion-single-line-meta\">By <span><a href=\"https:\/\/cortomaltese.com\/es\/author\/cortomaltese\/\" title=\"Entradas de Corto Maltese\" rel=\"author\">Corto Maltese<\/a><\/span><span class=\"fusion-inline-sep\">|<\/span><span>4 septiembre, 2020<\/span><span class=\"fusion-inline-sep\">|<\/span><\/p><div class=\"fusion-post-content-container\"><p>Europa, 1917. Las seis historias presentadas en Las c\u00e9lticas son un viaje que va de Irlanda a Stonehenge, rodeado de la magia de personajes de ensue\u00f1o y encuentros con personajes legendarios, desde un joven Hemingway hasta el Bar\u00f3n Rojo en su \u00faltimo vuelo.<\/p><\/div><\/div><div class=\"fusion-clearfix\"><\/div><div class=\"fusion-meta-info\"><div class=\"fusion-alignright\"><a class=\"fusion-read-more\" href=\"https:\/\/cortomaltese.com\/es\/corto-maltes-las-celticas\/\" aria-label=\"More on Corto Malt\u00e9s. Las c\u00e9lticas\">Read More<\/a><\/div><\/div><\/article>\n<article id=\"blog-1-post-14416\" class=\"fusion-post-large-alternate post-14416 post type-post status-publish format-standard has-post-thumbnail hentry category-destacado category-noticias tag-corto-maltes tag-el-dia-de-tarowean tag-juan-diaz-canales tag-ruben-pellejero\">\n\t<style type=\"text\/css\">\n\t\t\n\t\t\n\t\t\n\t\t\n\t\t\t<\/style>\n\n\n\t\t\t<div class=\"fusion-flexslider flexslider fusion-flexslider-loading fusion-post-slideshow\" style=\"\">\n\t\t<ul class=\"slides\">\n\t\t\t\n\t\t\t\t\t\t\t\t\t\t\t\t\t\t<li><div  class=\"fusion-image-wrapper\" aria-haspopup=\"true\">\n\t\t\t\t<img decoding=\"async\" width=\"1920\" height=\"1080\" src=\"https:\/\/cortomaltese.com\/es\/wp-content\/uploads\/sites\/10\/Tarowean-ES-img-evidenza-1.jpg\" class=\"attachment-full size-full wp-post-image\" alt=\"\" srcset=\"https:\/\/cortomaltese.com\/es\/wp-content\/uploads\/sites\/10\/Tarowean-ES-img-evidenza-1-200x113.jpg 200w, https:\/\/cortomaltese.com\/es\/wp-content\/uploads\/sites\/10\/Tarowean-ES-img-evidenza-1-400x225.jpg 400w, https:\/\/cortomaltese.com\/es\/wp-content\/uploads\/sites\/10\/Tarowean-ES-img-evidenza-1-600x338.jpg 600w, https:\/\/cortomaltese.com\/es\/wp-content\/uploads\/sites\/10\/Tarowean-ES-img-evidenza-1-800x450.jpg 800w, https:\/\/cortomaltese.com\/es\/wp-content\/uploads\/sites\/10\/Tarowean-ES-img-evidenza-1-1200x675.jpg 1200w, https:\/\/cortomaltese.com\/es\/wp-content\/uploads\/sites\/10\/Tarowean-ES-img-evidenza-1.jpg 1920w\" sizes=\"(max-width: 800px) 100vw, 1200px\" \/><div class=\"fusion-rollover\">\n\t<div class=\"fusion-rollover-content\">\n\n\t\t\t\t\t\t\t\t\t\t\t\t\t\t<a class=\"fusion-rollover-link\" href=\"https:\/\/cortomaltese.com\/es\/el-dia-de-tarowean-desvela-por-fin-el-misterio-mas-celebre-del-pacifico\/\">El dia de Tarowean desvela por fin el misterio m\u00e1s c\u00e9lebre del pacif\u00edco<\/a>\n\t\t\t\n\t\t\t\t\t\t\t\t\n\t\t\n\t\t\t\t\t\t\t\t\t\t\t\t<h4 class=\"fusion-rollover-title\">\n\t\t\t\t\t<a class=\"fusion-rollover-title-link\" href=\"https:\/\/cortomaltese.com\/es\/el-dia-de-tarowean-desvela-por-fin-el-misterio-mas-celebre-del-pacifico\/\">\n\t\t\t\t\t\tEl dia de Tarowean desvela por fin el misterio m\u00e1s c\u00e9lebre del pacif\u00edco\t\t\t\t\t<\/a>\n\t\t\t\t<\/h4>\n\t\t\t\n\t\t\t\t\t\t\t\t\n\t\t\n\t\t\t\t\t\t<a class=\"fusion-link-wrapper\" href=\"https:\/\/cortomaltese.com\/es\/el-dia-de-tarowean-desvela-por-fin-el-misterio-mas-celebre-del-pacifico\/\" aria-label=\"El dia de Tarowean desvela por fin el misterio m\u00e1s c\u00e9lebre del pacif\u00edco\"><\/a>\n\t<\/div>\n<\/div>\n<\/div>\n<\/li>\n\t\t\t\n\t\t\t\n\t\t\t\t\t\t\t\t\t\t\t\t\t\t\t\t\t\t\t\t\t\t\t\t\t\t\t\t\t\t\t\t\t\t\t\t\t\t\t\t\t\t\t\t\t\t\t\t\t\t\t\t\t\t\t\t\t\t\t\t\t\t\t\t\t\t\t\t<\/ul>\n\t<\/div>\n\t<div class=\"fusion-date-and-formats\"><div class=\"fusion-date-box updated\"><span class=\"fusion-date\">24<\/span><span class=\"fusion-month-year\">11, 2019<\/span><\/div><div class=\"fusion-format-box\"><i class=\"awb-icon-pen\" aria-hidden=\"true\"><\/i><\/div><\/div><div class=\"fusion-post-content post-content\"><h2 class=\"blog-shortcode-post-title\"><a href=\"https:\/\/cortomaltese.com\/es\/el-dia-de-tarowean-desvela-por-fin-el-misterio-mas-celebre-del-pacifico\/\">El dia de Tarowean desvela por fin el misterio m\u00e1s c\u00e9lebre del pacif\u00edco<\/a><\/h2><p class=\"fusion-single-line-meta\">By <span><a href=\"https:\/\/cortomaltese.com\/es\/author\/cortomaltese\/\" title=\"Entradas de Corto Maltese\" rel=\"author\">Corto Maltese<\/a><\/span><span class=\"fusion-inline-sep\">|<\/span><span>24 noviembre, 2019<\/span><span class=\"fusion-inline-sep\">|<\/span><\/p><div class=\"fusion-post-content-container\"><p>D\u00edaz Canales y Pellejero desvelan el mayor misterio de Corto Malt\u00e9s en la nueva aventura de Corto, El d\u00eda de Tarowean (Norma Editorial), la tercera que realizan tras Bajo el sol de medianoche y Equatoria<\/p><\/div><\/div><div class=\"fusion-clearfix\"><\/div><div class=\"fusion-meta-info\"><div class=\"fusion-alignright\"><a class=\"fusion-read-more\" href=\"https:\/\/cortomaltese.com\/es\/el-dia-de-tarowean-desvela-por-fin-el-misterio-mas-celebre-del-pacifico\/\" aria-label=\"More on El dia de Tarowean desvela por fin el misterio m\u00e1s c\u00e9lebre del pacif\u00edco\">Read More<\/a><\/div><\/div><\/article>\n<article id=\"blog-1-post-14684\" class=\"fusion-post-large-alternate post-14684 post type-post status-publish format-standard has-post-thumbnail hentry category-noticias tag-corto-maltes tag-la-balada-del-mar-salado tag-rasputin\">\n\t<style type=\"text\/css\">\n\t\t\n\t\t\n\t\t\n\t\t\n\t\t\t<\/style>\n\n\n\t\t\t<div class=\"fusion-flexslider flexslider fusion-flexslider-loading fusion-post-slideshow\" style=\"\">\n\t\t<ul class=\"slides\">\n\t\t\t\n\t\t\t\t\t\t\t\t\t\t\t\t\t\t<li><div  class=\"fusion-image-wrapper\" aria-haspopup=\"true\">\n\t\t\t\t<img decoding=\"async\" width=\"372\" height=\"499\" src=\"https:\/\/cortomaltese.com\/es\/wp-content\/uploads\/sites\/10\/1.-La-Balada-del-Mar-Salado-bn.jpg\" class=\"attachment-full size-full wp-post-image\" alt=\"\" srcset=\"https:\/\/cortomaltese.com\/es\/wp-content\/uploads\/sites\/10\/1.-La-Balada-del-Mar-Salado-bn-200x268.jpg 200w, https:\/\/cortomaltese.com\/es\/wp-content\/uploads\/sites\/10\/1.-La-Balada-del-Mar-Salado-bn.jpg 372w\" sizes=\"(max-width: 800px) 100vw, 372px\" \/><div class=\"fusion-rollover\">\n\t<div class=\"fusion-rollover-content\">\n\n\t\t\t\t\t\t\t\t\t\t\t\t\t\t<a class=\"fusion-rollover-link\" href=\"https:\/\/cortomaltese.com\/es\/la-balada-del-mar-salado\/\">Corto Malt\u00e9s. La balada del mar salado<\/a>\n\t\t\t\n\t\t\t\t\t\t\t\t\n\t\t\n\t\t\t\t\t\t\t\t\t\t\t\t<h4 class=\"fusion-rollover-title\">\n\t\t\t\t\t<a class=\"fusion-rollover-title-link\" href=\"https:\/\/cortomaltese.com\/es\/la-balada-del-mar-salado\/\">\n\t\t\t\t\t\tCorto Malt\u00e9s. La balada del mar salado\t\t\t\t\t<\/a>\n\t\t\t\t<\/h4>\n\t\t\t\n\t\t\t\t\t\t\t\t\n\t\t\n\t\t\t\t\t\t<a class=\"fusion-link-wrapper\" href=\"https:\/\/cortomaltese.com\/es\/la-balada-del-mar-salado\/\" aria-label=\"Corto Malt\u00e9s. La balada del mar salado\"><\/a>\n\t<\/div>\n<\/div>\n<\/div>\n<\/li>\n\t\t\t\n\t\t\t\n\t\t\t\t\t\t\t\t\t\t\t\t\t\t\t\t\t\t\t\t\t\t\t\t\t\t\t\t\t\t\t\t\t\t\t\t\t\t\t\t\t\t\t\t\t\t\t\t\t\t\t\t\t\t\t\t\t\t\t\t\t\t\t\t\t\t\t\t<\/ul>\n\t<\/div>\n\t<div class=\"fusion-date-and-formats\"><div class=\"fusion-date-box updated\"><span class=\"fusion-date\">10<\/span><span class=\"fusion-month-year\">03, 2019<\/span><\/div><div class=\"fusion-format-box\"><i class=\"awb-icon-pen\" aria-hidden=\"true\"><\/i><\/div><\/div><div class=\"fusion-post-content post-content\"><h2 class=\"blog-shortcode-post-title\"><a href=\"https:\/\/cortomaltese.com\/es\/la-balada-del-mar-salado\/\">Corto Malt\u00e9s. La balada del mar salado<\/a><\/h2><p class=\"fusion-single-line-meta\">By <span><a href=\"https:\/\/cortomaltese.com\/es\/author\/cortomaltese\/\" title=\"Entradas de Corto Maltese\" rel=\"author\">Corto Maltese<\/a><\/span><span class=\"fusion-inline-sep\">|<\/span><span>10 marzo, 2019<\/span><span class=\"fusion-inline-sep\">|<\/span><\/p><div class=\"fusion-post-content-container\"><p>1913, Oc\u00e9ano Pac\u00edfico. En v\u00edsperas de la Primera Guerra Mundial, Corto Malt\u00e9s se une al Monje, el misterioso l\u00edder de una banda de \"piratas\" con quien, desde la isla escondida de Escondida, recorrer\u00e1 los m\u00edticos mares del sur.<\/p><\/div><\/div><div class=\"fusion-clearfix\"><\/div><div class=\"fusion-meta-info\"><div class=\"fusion-alignright\"><a class=\"fusion-read-more\" href=\"https:\/\/cortomaltese.com\/es\/la-balada-del-mar-salado\/\" aria-label=\"More on Corto Malt\u00e9s. La balada del mar salado\">Read More<\/a><\/div><\/div><\/article>\n<article id=\"blog-1-post-14542\" class=\"fusion-post-large-alternate post-14542 post type-post status-publish format-standard has-post-thumbnail hentry category-noticias tag-la-juventud tag-lack-london tag-rasputin\">\n\t<style type=\"text\/css\">\n\t\t\n\t\t\n\t\t\n\t\t\n\t\t\t<\/style>\n\n\n\t\t\t<div class=\"fusion-flexslider flexslider fusion-flexslider-loading fusion-post-slideshow\" style=\"\">\n\t\t<ul class=\"slides\">\n\t\t\t\n\t\t\t\t\t\t\t\t\t\t\t\t\t\t<li><div  class=\"fusion-image-wrapper\" aria-haspopup=\"true\">\n\t\t\t\t<img decoding=\"async\" width=\"659\" height=\"837\" src=\"https:\/\/cortomaltese.com\/es\/wp-content\/uploads\/sites\/10\/9.-old-2a.png\" class=\"attachment-full size-full wp-post-image\" alt=\"\" srcset=\"https:\/\/cortomaltese.com\/es\/wp-content\/uploads\/sites\/10\/9.-old-2a-200x254.png 200w, https:\/\/cortomaltese.com\/es\/wp-content\/uploads\/sites\/10\/9.-old-2a-400x508.png 400w, https:\/\/cortomaltese.com\/es\/wp-content\/uploads\/sites\/10\/9.-old-2a-600x762.png 600w, https:\/\/cortomaltese.com\/es\/wp-content\/uploads\/sites\/10\/9.-old-2a.png 659w\" sizes=\"(max-width: 800px) 100vw, 659px\" \/><div class=\"fusion-rollover\">\n\t<div class=\"fusion-rollover-content\">\n\n\t\t\t\t\t\t\t\t\t\t\t\t\t\t<a class=\"fusion-rollover-link\" href=\"https:\/\/cortomaltese.com\/es\/corto-maltes-la-juventud\/\">Corto Malt\u00e9s. La Juventud<\/a>\n\t\t\t\n\t\t\t\t\t\t\t\t\n\t\t\n\t\t\t\t\t\t\t\t\t\t\t\t<h4 class=\"fusion-rollover-title\">\n\t\t\t\t\t<a class=\"fusion-rollover-title-link\" href=\"https:\/\/cortomaltese.com\/es\/corto-maltes-la-juventud\/\">\n\t\t\t\t\t\tCorto Malt\u00e9s. La Juventud\t\t\t\t\t<\/a>\n\t\t\t\t<\/h4>\n\t\t\t\n\t\t\t\t\t\t\t\t\n\t\t\n\t\t\t\t\t\t<a class=\"fusion-link-wrapper\" href=\"https:\/\/cortomaltese.com\/es\/corto-maltes-la-juventud\/\" aria-label=\"Corto Malt\u00e9s. La Juventud\"><\/a>\n\t<\/div>\n<\/div>\n<\/div>\n<\/li>\n\t\t\t\n\t\t\t\n\t\t\t\t\t\t\t\t\t\t\t\t\t\t\t\t\t\t\t\t\t\t\t\t\t\t\t\t\t\t\t\t\t\t\t\t\t\t\t\t\t\t\t\t\t\t\t\t\t\t\t\t\t\t\t\t\t\t\t\t\t\t\t\t\t\t\t\t<\/ul>\n\t<\/div>\n\t<div class=\"fusion-date-and-formats\"><div class=\"fusion-date-box updated\"><span class=\"fusion-date\">4<\/span><span class=\"fusion-month-year\">03, 2019<\/span><\/div><div class=\"fusion-format-box\"><i class=\"awb-icon-pen\" aria-hidden=\"true\"><\/i><\/div><\/div><div class=\"fusion-post-content post-content\"><h2 class=\"blog-shortcode-post-title\"><a href=\"https:\/\/cortomaltese.com\/es\/corto-maltes-la-juventud\/\">Corto Malt\u00e9s. La Juventud<\/a><\/h2><p class=\"fusion-single-line-meta\">By <span><a href=\"https:\/\/cortomaltese.com\/es\/author\/cortomaltese\/\" title=\"Entradas de Corto Maltese\" rel=\"author\">Corto Maltese<\/a><\/span><span class=\"fusion-inline-sep\">|<\/span><span>4 marzo, 2019<\/span><span class=\"fusion-inline-sep\">|<\/span><\/p><div class=\"fusion-post-content-container\"><p>Manchuria, 1905. Corto Malt\u00e9s a\u00fan no ten\u00eda 17 a\u00f1os cuando, en medio de la guerra ruso-japonesa, su amigo Jack London le pidi\u00f3 que ayudar\u00e1 a salvar a un joven desertor ruso llamado Rasput\u00edn.<\/p><\/div><\/div><div class=\"fusion-clearfix\"><\/div><div class=\"fusion-meta-info\"><div class=\"fusion-alignright\"><a class=\"fusion-read-more\" href=\"https:\/\/cortomaltese.com\/es\/corto-maltes-la-juventud\/\" aria-label=\"More on Corto Malt\u00e9s. La Juventud\">Read More<\/a><\/div><\/div><\/article>\n<article id=\"blog-1-post-14534\" class=\"fusion-post-large-alternate post-14534 post type-post status-publish format-standard has-post-thumbnail hentry category-noticias tag-corto-maltes tag-la-ciudad-perdida tag-mu\">\n\t<style type=\"text\/css\">\n\t\t\n\t\t\n\t\t\n\t\t\n\t\t\t<\/style>\n\n\n\t\t\t<div class=\"fusion-flexslider flexslider fusion-flexslider-loading fusion-post-slideshow\" style=\"\">\n\t\t<ul class=\"slides\">\n\t\t\t\n\t\t\t\t\t\t\t\t\t\t\t\t\t\t<li><div  class=\"fusion-image-wrapper\" aria-haspopup=\"true\">\n\t\t\t\t<img decoding=\"async\" width=\"363\" height=\"499\" src=\"https:\/\/cortomaltese.com\/es\/wp-content\/uploads\/sites\/10\/12.-old.jpg\" class=\"attachment-full size-full wp-post-image\" alt=\"\" srcset=\"https:\/\/cortomaltese.com\/es\/wp-content\/uploads\/sites\/10\/12.-old-200x275.jpg 200w, https:\/\/cortomaltese.com\/es\/wp-content\/uploads\/sites\/10\/12.-old.jpg 363w\" sizes=\"(max-width: 800px) 100vw, 363px\" \/><div class=\"fusion-rollover\">\n\t<div class=\"fusion-rollover-content\">\n\n\t\t\t\t\t\t\t\t\t\t\t\t\t\t<a class=\"fusion-rollover-link\" href=\"https:\/\/cortomaltese.com\/es\/corto-maltes-mu-la-ciudad-perdida\/\">Corto Malt\u00e9s. M\u016b, la Ciudad perdida<\/a>\n\t\t\t\n\t\t\t\t\t\t\t\t\n\t\t\n\t\t\t\t\t\t\t\t\t\t\t\t<h4 class=\"fusion-rollover-title\">\n\t\t\t\t\t<a class=\"fusion-rollover-title-link\" href=\"https:\/\/cortomaltese.com\/es\/corto-maltes-mu-la-ciudad-perdida\/\">\n\t\t\t\t\t\tCorto Malt\u00e9s. M\u016b, la Ciudad perdida\t\t\t\t\t<\/a>\n\t\t\t\t<\/h4>\n\t\t\t\n\t\t\t\t\t\t\t\t\n\t\t\n\t\t\t\t\t\t<a class=\"fusion-link-wrapper\" href=\"https:\/\/cortomaltese.com\/es\/corto-maltes-mu-la-ciudad-perdida\/\" aria-label=\"Corto Malt\u00e9s. M\u016b, la Ciudad perdida\"><\/a>\n\t<\/div>\n<\/div>\n<\/div>\n<\/li>\n\t\t\t\n\t\t\t\n\t\t\t\t\t\t\t\t\t\t\t\t\t\t\t\t\t\t\t\t\t\t\t\t\t\t\t\t\t\t\t\t\t\t\t\t\t\t\t\t\t\t\t\t\t\t\t\t\t\t\t\t\t\t\t\t\t\t\t\t\t\t\t\t\t\t\t\t<\/ul>\n\t<\/div>\n\t<div class=\"fusion-date-and-formats\"><div class=\"fusion-date-box updated\"><span class=\"fusion-date\">4<\/span><span class=\"fusion-month-year\">03, 2019<\/span><\/div><div class=\"fusion-format-box\"><i class=\"awb-icon-pen\" aria-hidden=\"true\"><\/i><\/div><\/div><div class=\"fusion-post-content post-content\"><h2 class=\"blog-shortcode-post-title\"><a href=\"https:\/\/cortomaltese.com\/es\/corto-maltes-mu-la-ciudad-perdida\/\">Corto Malt\u00e9s. M\u016b, la Ciudad perdida<\/a><\/h2><p class=\"fusion-single-line-meta\">By <span><a href=\"https:\/\/cortomaltese.com\/es\/author\/cortomaltese\/\" title=\"Entradas de Corto Maltese\" rel=\"author\">Corto Maltese<\/a><\/span><span class=\"fusion-inline-sep\">|<\/span><span>4 marzo, 2019<\/span><span class=\"fusion-inline-sep\">|<\/span><\/p><div class=\"fusion-post-content-container\"><p>1925. Corto Malt\u00e9s busca el continente perdido de M\u016b en el Caribe. Acompa\u00f1ado de L\u00e9vi Columbia, el patrocinador de esta expedici\u00f3n, pero tambi\u00e9n del impredecible Rasput\u00edn, Corto entra en un laberinto que debe llevarlo al coraz\u00f3n de M\u016b.<\/p><\/div><\/div><div class=\"fusion-clearfix\"><\/div><div class=\"fusion-meta-info\"><div class=\"fusion-alignright\"><a class=\"fusion-read-more\" href=\"https:\/\/cortomaltese.com\/es\/corto-maltes-mu-la-ciudad-perdida\/\" aria-label=\"More on Corto Malt\u00e9s. M\u016b, la Ciudad perdida\">Read More<\/a><\/div><\/div><\/article>\n<article id=\"blog-1-post-14373\" class=\"fusion-post-large-alternate post-14373 post type-post status-publish format-standard has-post-thumbnail hentry category-noticias tag-corto-maltes tag-hemann-hesse tag-jeremiah-steiner tag-las-helveticas\">\n\t<style type=\"text\/css\">\n\t\t\n\t\t\n\t\t\n\t\t\n\t\t\t<\/style>\n\n\n\t\t\t<div class=\"fusion-flexslider flexslider fusion-flexslider-loading fusion-post-slideshow\" style=\"\">\n\t\t<ul class=\"slides\">\n\t\t\t\n\t\t\t\t\t\t\t\t\t\t\t\t\t\t<li><div  class=\"fusion-image-wrapper\" aria-haspopup=\"true\">\n\t\t\t\t<img decoding=\"async\" width=\"659\" height=\"837\" src=\"https:\/\/cortomaltese.com\/es\/wp-content\/uploads\/sites\/10\/11.-old-2a.png\" class=\"attachment-full size-full wp-post-image\" alt=\"\" srcset=\"https:\/\/cortomaltese.com\/es\/wp-content\/uploads\/sites\/10\/11.-old-2a-200x254.png 200w, https:\/\/cortomaltese.com\/es\/wp-content\/uploads\/sites\/10\/11.-old-2a-400x508.png 400w, https:\/\/cortomaltese.com\/es\/wp-content\/uploads\/sites\/10\/11.-old-2a-600x762.png 600w, https:\/\/cortomaltese.com\/es\/wp-content\/uploads\/sites\/10\/11.-old-2a.png 659w\" sizes=\"(max-width: 800px) 100vw, 659px\" \/><div class=\"fusion-rollover\">\n\t<div class=\"fusion-rollover-content\">\n\n\t\t\t\t\t\t\t\t\t\t\t\t\t\t<a class=\"fusion-rollover-link\" href=\"https:\/\/cortomaltese.com\/es\/corto-maltes-las-helveticas\/\">Corto Malt\u00e9s. Las Helv\u00e9ticas<\/a>\n\t\t\t\n\t\t\t\t\t\t\t\t\n\t\t\n\t\t\t\t\t\t\t\t\t\t\t\t<h4 class=\"fusion-rollover-title\">\n\t\t\t\t\t<a class=\"fusion-rollover-title-link\" href=\"https:\/\/cortomaltese.com\/es\/corto-maltes-las-helveticas\/\">\n\t\t\t\t\t\tCorto Malt\u00e9s. Las Helv\u00e9ticas\t\t\t\t\t<\/a>\n\t\t\t\t<\/h4>\n\t\t\t\n\t\t\t\t\t\t\t\t\n\t\t\n\t\t\t\t\t\t<a class=\"fusion-link-wrapper\" href=\"https:\/\/cortomaltese.com\/es\/corto-maltes-las-helveticas\/\" aria-label=\"Corto Malt\u00e9s. Las Helv\u00e9ticas\"><\/a>\n\t<\/div>\n<\/div>\n<\/div>\n<\/li>\n\t\t\t\n\t\t\t\n\t\t\t\t\t\t\t\t\t\t\t\t\t\t\t\t\t\t\t\t\t\t\t\t\t\t\t\t\t\t\t\t\t\t\t\t\t\t\t\t\t\t\t\t\t\t\t\t\t\t\t\t\t\t\t\t\t\t\t\t\t\t\t\t\t\t\t\t<\/ul>\n\t<\/div>\n\t<div class=\"fusion-date-and-formats\"><div class=\"fusion-date-box updated\"><span class=\"fusion-date\">19<\/span><span class=\"fusion-month-year\">02, 2019<\/span><\/div><div class=\"fusion-format-box\"><i class=\"awb-icon-pen\" aria-hidden=\"true\"><\/i><\/div><\/div><div class=\"fusion-post-content post-content\"><h2 class=\"blog-shortcode-post-title\"><a href=\"https:\/\/cortomaltese.com\/es\/corto-maltes-las-helveticas\/\">Corto Malt\u00e9s. Las Helv\u00e9ticas<\/a><\/h2><p class=\"fusion-single-line-meta\">By <span><a href=\"https:\/\/cortomaltese.com\/es\/author\/cortomaltese\/\" title=\"Entradas de Corto Maltese\" rel=\"author\">Corto Maltese<\/a><\/span><span class=\"fusion-inline-sep\">|<\/span><span>19 febrero, 2019<\/span><span class=\"fusion-inline-sep\">|<\/span><\/p><div class=\"fusion-post-content-container\"><p>1924. Ca\u00edn est\u00e1 en Suiza con su amigo el profesor Steiner. En Montagnola, visitan al escritor Hermann Hesse, de quien Corto toma prestado un libro, ParzivaI, que lo sumergir\u00e1 esa misma tarde en un sue\u00f1o donde la realidad rima con imaginaci\u00f3n.<\/p><\/div><\/div><div class=\"fusion-clearfix\"><\/div><div class=\"fusion-meta-info\"><div class=\"fusion-alignright\"><a class=\"fusion-read-more\" href=\"https:\/\/cortomaltese.com\/es\/corto-maltes-las-helveticas\/\" aria-label=\"More on Corto Malt\u00e9s. Las Helv\u00e9ticas\">Read More<\/a><\/div><\/div><\/article>\n<article id=\"blog-1-post-14363\" class=\"fusion-post-large-alternate post-14363 post type-post status-publish format-standard has-post-thumbnail hentry category-noticias tag-butch-cassidy tag-louise-brookszowyc tag-tango\">\n\t<style type=\"text\/css\">\n\t\t\n\t\t\n\t\t\n\t\t\n\t\t\t<\/style>\n\n\n\t\t\t<div class=\"fusion-flexslider flexslider fusion-flexslider-loading fusion-post-slideshow\" style=\"\">\n\t\t<ul class=\"slides\">\n\t\t\t\n\t\t\t\t\t\t\t\t\t\t\t\t\t\t<li><div  class=\"fusion-image-wrapper\" aria-haspopup=\"true\">\n\t\t\t\t<img decoding=\"async\" width=\"659\" height=\"837\" src=\"https:\/\/cortomaltese.com\/es\/wp-content\/uploads\/sites\/10\/10.-old-2a.png\" class=\"attachment-full size-full wp-post-image\" alt=\"\" srcset=\"https:\/\/cortomaltese.com\/es\/wp-content\/uploads\/sites\/10\/10.-old-2a-200x254.png 200w, https:\/\/cortomaltese.com\/es\/wp-content\/uploads\/sites\/10\/10.-old-2a-400x508.png 400w, https:\/\/cortomaltese.com\/es\/wp-content\/uploads\/sites\/10\/10.-old-2a-600x762.png 600w, https:\/\/cortomaltese.com\/es\/wp-content\/uploads\/sites\/10\/10.-old-2a.png 659w\" sizes=\"(max-width: 800px) 100vw, 659px\" \/><div class=\"fusion-rollover\">\n\t<div class=\"fusion-rollover-content\">\n\n\t\t\t\t\t\t\t\t\t\t\t\t\t\t<a class=\"fusion-rollover-link\" href=\"https:\/\/cortomaltese.com\/es\/corto-maltese-tango\/\">Corto Malt\u00e9s. Tango<\/a>\n\t\t\t\n\t\t\t\t\t\t\t\t\n\t\t\n\t\t\t\t\t\t\t\t\t\t\t\t<h4 class=\"fusion-rollover-title\">\n\t\t\t\t\t<a class=\"fusion-rollover-title-link\" href=\"https:\/\/cortomaltese.com\/es\/corto-maltese-tango\/\">\n\t\t\t\t\t\tCorto Malt\u00e9s. Tango\t\t\t\t\t<\/a>\n\t\t\t\t<\/h4>\n\t\t\t\n\t\t\t\t\t\t\t\t\n\t\t\n\t\t\t\t\t\t<a class=\"fusion-link-wrapper\" href=\"https:\/\/cortomaltese.com\/es\/corto-maltese-tango\/\" aria-label=\"Corto Malt\u00e9s. Tango\"><\/a>\n\t<\/div>\n<\/div>\n<\/div>\n<\/li>\n\t\t\t\n\t\t\t\n\t\t\t\t\t\t\t\t\t\t\t\t\t\t\t\t\t\t\t\t\t\t\t\t\t\t\t\t\t\t\t\t\t\t\t\t\t\t\t\t\t\t\t\t\t\t\t\t\t\t\t\t\t\t\t\t\t\t\t\t\t\t\t\t\t\t\t\t<\/ul>\n\t<\/div>\n\t<div class=\"fusion-date-and-formats\"><div class=\"fusion-date-box updated\"><span class=\"fusion-date\">11<\/span><span class=\"fusion-month-year\">02, 2019<\/span><\/div><div class=\"fusion-format-box\"><i class=\"awb-icon-pen\" aria-hidden=\"true\"><\/i><\/div><\/div><div class=\"fusion-post-content post-content\"><h2 class=\"blog-shortcode-post-title\"><a href=\"https:\/\/cortomaltese.com\/es\/corto-maltese-tango\/\">Corto Malt\u00e9s. Tango<\/a><\/h2><p class=\"fusion-single-line-meta\">By <span><a href=\"https:\/\/cortomaltese.com\/es\/author\/cortomaltese\/\" title=\"Entradas de Corto Maltese\" rel=\"author\">Corto Maltese<\/a><\/span><span class=\"fusion-inline-sep\">|<\/span><span>11 febrero, 2019<\/span><span class=\"fusion-inline-sep\">|<\/span><\/p><div class=\"fusion-post-content-container\"><p>Buenos Aires, 1923. En aquellas noches argentinas se pierde el recuerdo de un pasaje del joven Corto que, ya maduro, regresa para investigar lo acontecido sobre la muerte de una amiga muy querida.<\/p><\/div><\/div><div class=\"fusion-clearfix\"><\/div><div class=\"fusion-meta-info\"><div class=\"fusion-alignright\"><a class=\"fusion-read-more\" href=\"https:\/\/cortomaltese.com\/es\/corto-maltese-tango\/\" aria-label=\"More on Corto Malt\u00e9s. Tango\">Read More<\/a><\/div><\/div><\/article>\n<article id=\"blog-1-post-14296\" class=\"fusion-post-large-alternate post-14296 post type-post status-publish format-standard has-post-thumbnail hentry category-noticias\">\n\t<style type=\"text\/css\">\n\t\t\n\t\t\n\t\t\n\t\t\n\t\t\t<\/style>\n\n\n\t\t\t<div class=\"fusion-flexslider flexslider fusion-flexslider-loading fusion-post-slideshow\" style=\"\">\n\t\t<ul class=\"slides\">\n\t\t\t\n\t\t\t\t\t\t\t\t\t\t\t\t\t\t<li><div  class=\"fusion-image-wrapper\" aria-haspopup=\"true\">\n\t\t\t\t<img decoding=\"async\" width=\"700\" height=\"975\" src=\"https:\/\/cortomaltese.com\/es\/wp-content\/uploads\/sites\/10\/Corto_Maltese-Miraggi_di_memoria-2018.jpg\" class=\"attachment-full size-full wp-post-image\" alt=\"Espejismos de la memoria\" srcset=\"https:\/\/cortomaltese.com\/es\/wp-content\/uploads\/sites\/10\/Corto_Maltese-Miraggi_di_memoria-2018-200x279.jpg 200w, https:\/\/cortomaltese.com\/es\/wp-content\/uploads\/sites\/10\/Corto_Maltese-Miraggi_di_memoria-2018-400x557.jpg 400w, https:\/\/cortomaltese.com\/es\/wp-content\/uploads\/sites\/10\/Corto_Maltese-Miraggi_di_memoria-2018-600x836.jpg 600w, https:\/\/cortomaltese.com\/es\/wp-content\/uploads\/sites\/10\/Corto_Maltese-Miraggi_di_memoria-2018.jpg 700w\" sizes=\"(max-width: 800px) 100vw, 700px\" \/><div class=\"fusion-rollover\">\n\t<div class=\"fusion-rollover-content\">\n\n\t\t\t\t\t\t\t\t\t\t\t\t\t\t<a class=\"fusion-rollover-link\" href=\"https:\/\/cortomaltese.com\/es\/espejismos-de-la-memoria\/\">Espejismos de la memoria<\/a>\n\t\t\t\n\t\t\t\t\t\t\t\t\n\t\t\n\t\t\t\t\t\t\t\t\t\t\t\t<h4 class=\"fusion-rollover-title\">\n\t\t\t\t\t<a class=\"fusion-rollover-title-link\" href=\"https:\/\/cortomaltese.com\/es\/espejismos-de-la-memoria\/\">\n\t\t\t\t\t\tEspejismos de la memoria\t\t\t\t\t<\/a>\n\t\t\t\t<\/h4>\n\t\t\t\n\t\t\t\t\t\t\t\t\n\t\t\n\t\t\t\t\t\t<a class=\"fusion-link-wrapper\" href=\"https:\/\/cortomaltese.com\/es\/espejismos-de-la-memoria\/\" aria-label=\"Espejismos de la memoria\"><\/a>\n\t<\/div>\n<\/div>\n<\/div>\n<\/li>\n\t\t\t\n\t\t\t\n\t\t\t\t\t\t\t\t\t\t\t\t\t\t\t\t\t\t\t\t\t\t\t\t\t\t\t\t\t\t\t\t\t\t\t\t\t\t\t\t\t\t\t\t\t\t\t\t\t\t\t\t\t\t\t\t\t\t\t\t\t\t\t\t\t\t\t\t<\/ul>\n\t<\/div>\n\t<div class=\"fusion-date-and-formats\"><div class=\"fusion-date-box updated\"><span class=\"fusion-date\">8<\/span><span class=\"fusion-month-year\">10, 2018<\/span><\/div><div class=\"fusion-format-box\"><i class=\"awb-icon-pen\" aria-hidden=\"true\"><\/i><\/div><\/div><div class=\"fusion-post-content post-content\"><h2 class=\"blog-shortcode-post-title\"><a href=\"https:\/\/cortomaltese.com\/es\/espejismos-de-la-memoria\/\">Espejismos de la memoria<\/a><\/h2><p class=\"fusion-single-line-meta\">By <span><a href=\"https:\/\/cortomaltese.com\/es\/author\/cortomaltese\/\" title=\"Entradas de Corto Maltese\" rel=\"author\">Corto Maltese<\/a><\/span><span class=\"fusion-inline-sep\">|<\/span><span>8 octubre, 2018<\/span><span class=\"fusion-inline-sep\">|<\/span><\/p><div class=\"fusion-post-content-container\"><p>Jos\u00e9 Mu\u00f1oz y Marco Steiner recorren juntos un camino hipn\u00f3tico a trav\u00e9s del rastro de Corto Malt\u00e9s. <br><strong> Lanzamiento 15 de octubre de 2018<\/strong><\/p><\/div><\/div><div class=\"fusion-clearfix\"><\/div><div class=\"fusion-meta-info\"><div class=\"fusion-alignright\"><a class=\"fusion-read-more\" href=\"https:\/\/cortomaltese.com\/es\/espejismos-de-la-memoria\/\" aria-label=\"More on Espejismos de la memoria\">Read More<\/a><\/div><\/div><\/article>\n<article id=\"blog-1-post-14248\" class=\"fusion-post-large-alternate post-14248 post type-post status-publish format-standard has-post-thumbnail hentry category-noticias\">\n\t<style type=\"text\/css\">\n\t\t\n\t\t\n\t\t\n\t\t\n\t\t\t<\/style>\n\n\n\t\t\t<div class=\"fusion-flexslider flexslider fusion-flexslider-loading fusion-post-slideshow\" style=\"\">\n\t\t<ul class=\"slides\">\n\t\t\t\n\t\t\t\t\t\t\t\t\t\t\t\t\t\t<li><div  class=\"fusion-image-wrapper\" aria-haspopup=\"true\">\n\t\t\t\t<img decoding=\"async\" width=\"1599\" height=\"685\" src=\"https:\/\/cortomaltese.com\/es\/wp-content\/uploads\/sites\/10\/cortomaltese_Lignes-Horizons-catalogo.jpg\" class=\"attachment-full size-full wp-post-image\" alt=\"Exposicion Hugo Pratt \u2013 Lignes D\u2019Horizons\" srcset=\"https:\/\/cortomaltese.com\/es\/wp-content\/uploads\/sites\/10\/cortomaltese_Lignes-Horizons-catalogo-200x86.jpg 200w, https:\/\/cortomaltese.com\/es\/wp-content\/uploads\/sites\/10\/cortomaltese_Lignes-Horizons-catalogo-400x171.jpg 400w, https:\/\/cortomaltese.com\/es\/wp-content\/uploads\/sites\/10\/cortomaltese_Lignes-Horizons-catalogo-600x257.jpg 600w, https:\/\/cortomaltese.com\/es\/wp-content\/uploads\/sites\/10\/cortomaltese_Lignes-Horizons-catalogo-800x343.jpg 800w, https:\/\/cortomaltese.com\/es\/wp-content\/uploads\/sites\/10\/cortomaltese_Lignes-Horizons-catalogo-1200x514.jpg 1200w, https:\/\/cortomaltese.com\/es\/wp-content\/uploads\/sites\/10\/cortomaltese_Lignes-Horizons-catalogo.jpg 1599w\" sizes=\"(max-width: 800px) 100vw, 1200px\" \/><div class=\"fusion-rollover\">\n\t<div class=\"fusion-rollover-content\">\n\n\t\t\t\t\t\t\t\t\t\t\t\t\t\t<a class=\"fusion-rollover-link\" href=\"https:\/\/cortomaltese.com\/es\/una-verdadera-inmersion-en-el-mundo-de-hugo-pratt\/\">Una verdadera inmersi\u00f3n en el mundo de Hugo Pratt<\/a>\n\t\t\t\n\t\t\t\t\t\t\t\t\n\t\t\n\t\t\t\t\t\t\t\t\t\t\t\t<h4 class=\"fusion-rollover-title\">\n\t\t\t\t\t<a class=\"fusion-rollover-title-link\" href=\"https:\/\/cortomaltese.com\/es\/una-verdadera-inmersion-en-el-mundo-de-hugo-pratt\/\">\n\t\t\t\t\t\tUna verdadera inmersi\u00f3n en el mundo de Hugo Pratt\t\t\t\t\t<\/a>\n\t\t\t\t<\/h4>\n\t\t\t\n\t\t\t\t\t\t\t\t\n\t\t\n\t\t\t\t\t\t<a class=\"fusion-link-wrapper\" href=\"https:\/\/cortomaltese.com\/es\/una-verdadera-inmersion-en-el-mundo-de-hugo-pratt\/\" aria-label=\"Una verdadera inmersi\u00f3n en el mundo de Hugo Pratt\"><\/a>\n\t<\/div>\n<\/div>\n<\/div>\n<\/li>\n\t\t\t\n\t\t\t\n\t\t\t\t\t\t\t\t\t\t\t\t\t\t\t\t\t\t\t\t\t\t\t\t\t\t\t\t\t\t\t\t\t\t\t\t\t\t\t\t\t\t\t\t\t\t\t\t\t\t\t\t\t\t\t\t\t\t\t\t\t\t\t\t\t\t\t\t<\/ul>\n\t<\/div>\n\t<div class=\"fusion-date-and-formats\"><div class=\"fusion-date-box updated\"><span class=\"fusion-date\">9<\/span><span class=\"fusion-month-year\">07, 2018<\/span><\/div><div class=\"fusion-format-box\"><i class=\"awb-icon-pen\" aria-hidden=\"true\"><\/i><\/div><\/div><div class=\"fusion-post-content post-content\"><h2 class=\"blog-shortcode-post-title\"><a href=\"https:\/\/cortomaltese.com\/es\/una-verdadera-inmersion-en-el-mundo-de-hugo-pratt\/\">Una verdadera inmersi\u00f3n en el mundo de Hugo Pratt<\/a><\/h2><p class=\"fusion-single-line-meta\">By <span><a href=\"https:\/\/cortomaltese.com\/es\/author\/cortomaltese\/\" title=\"Entradas de Corto Maltese\" rel=\"author\">Corto Maltese<\/a><\/span><span class=\"fusion-inline-sep\">|<\/span><span>9 julio, 2018<\/span><span class=\"fusion-inline-sep\">|<\/span><\/p><div class=\"fusion-post-content-container\"><p>Sum\u00e9rgete en el universo de Hugo Pratt.<br><strong>Mus\u00e9e des Confluences - Lyon<br>Del 7 de abril al 24 de marzo de 2019<\/strong>.<\/p><\/div><\/div><div class=\"fusion-clearfix\"><\/div><div class=\"fusion-meta-info\"><div class=\"fusion-alignright\"><a class=\"fusion-read-more\" href=\"https:\/\/cortomaltese.com\/es\/una-verdadera-inmersion-en-el-mundo-de-hugo-pratt\/\" aria-label=\"More on Una verdadera inmersi\u00f3n en el mundo de Hugo Pratt\">Read More<\/a><\/div><\/div><\/article>\n<article id=\"blog-1-post-14221\" class=\"fusion-post-large-alternate post-14221 post type-post status-publish format-standard has-post-thumbnail hentry category-noticias\">\n\t<style type=\"text\/css\">\n\t\t\n\t\t\n\t\t\n\t\t\n\t\t\t<\/style>\n\n\n\t\t\t<div class=\"fusion-flexslider flexslider fusion-flexslider-loading fusion-post-slideshow\" style=\"\">\n\t\t<ul class=\"slides\">\n\t\t\t\n\t\t\t\t\t\t\t\t\t\t\t\t\t\t<li><div  class=\"fusion-image-wrapper\" aria-haspopup=\"true\">\n\t\t\t\t<img decoding=\"async\" width=\"535\" height=\"900\" src=\"https:\/\/cortomaltese.com\/es\/wp-content\/uploads\/sites\/10\/corto_maltese_guida_venecia.jpg\" class=\"attachment-full size-full wp-post-image\" alt=\"Corto Maltese Guida Venecia\" srcset=\"https:\/\/cortomaltese.com\/es\/wp-content\/uploads\/sites\/10\/corto_maltese_guida_venecia-200x336.jpg 200w, https:\/\/cortomaltese.com\/es\/wp-content\/uploads\/sites\/10\/corto_maltese_guida_venecia-400x673.jpg 400w, https:\/\/cortomaltese.com\/es\/wp-content\/uploads\/sites\/10\/corto_maltese_guida_venecia.jpg 535w\" sizes=\"(max-width: 800px) 100vw, 535px\" \/><div class=\"fusion-rollover\">\n\t<div class=\"fusion-rollover-content\">\n\n\t\t\t\t\t\t\t\t\t\t\t\t\t\t<a class=\"fusion-rollover-link\" href=\"https:\/\/cortomaltese.com\/es\/la-venecia-secreta-de-corto-maltes\/\">La Venecia secreta de Corto Malt\u00e9s<\/a>\n\t\t\t\n\t\t\t\t\t\t\t\t\n\t\t\n\t\t\t\t\t\t\t\t\t\t\t\t<h4 class=\"fusion-rollover-title\">\n\t\t\t\t\t<a class=\"fusion-rollover-title-link\" href=\"https:\/\/cortomaltese.com\/es\/la-venecia-secreta-de-corto-maltes\/\">\n\t\t\t\t\t\tLa Venecia secreta de Corto Malt\u00e9s\t\t\t\t\t<\/a>\n\t\t\t\t<\/h4>\n\t\t\t\n\t\t\t\t\t\t\t\t\n\t\t\n\t\t\t\t\t\t<a class=\"fusion-link-wrapper\" href=\"https:\/\/cortomaltese.com\/es\/la-venecia-secreta-de-corto-maltes\/\" aria-label=\"La Venecia secreta de Corto Malt\u00e9s\"><\/a>\n\t<\/div>\n<\/div>\n<\/div>\n<\/li>\n\t\t\t\n\t\t\t\n\t\t\t\t\t\t\t\t\t\t\t\t\t\t\t\t\t\t\t\t\t\t\t\t\t\t\t\t\t\t\t\t\t\t\t\t\t\t\t\t\t\t\t\t\t\t\t\t\t\t\t\t\t\t\t\t\t\t\t\t\t\t\t\t\t\t\t\t<\/ul>\n\t<\/div>\n\t<div class=\"fusion-date-and-formats\"><div class=\"fusion-date-box updated\"><span class=\"fusion-date\">27<\/span><span class=\"fusion-month-year\">05, 2018<\/span><\/div><div class=\"fusion-format-box\"><i class=\"awb-icon-pen\" aria-hidden=\"true\"><\/i><\/div><\/div><div class=\"fusion-post-content post-content\"><h2 class=\"blog-shortcode-post-title\"><a href=\"https:\/\/cortomaltese.com\/es\/la-venecia-secreta-de-corto-maltes\/\">La Venecia secreta de Corto Malt\u00e9s<\/a><\/h2><p class=\"fusion-single-line-meta\">By <span><a href=\"https:\/\/cortomaltese.com\/es\/author\/cortomaltese\/\" title=\"Entradas de Corto Maltese\" rel=\"author\">Corto Maltese<\/a><\/span><span class=\"fusion-inline-sep\">|<\/span><span>27 mayo, 2018<\/span><span class=\"fusion-inline-sep\">|<\/span><\/p><div class=\"fusion-post-content-container\"><p>La Venecia secreta de Corto Malt\u00e9s. <strong>La gu\u00eda de Venecia que recorre los itinerarios de Corto actualizada.<br> En todas las librer\u00edas a partir 21 de junio de 2019<\/strong>.<\/p><\/div><\/div><div class=\"fusion-clearfix\"><\/div><div class=\"fusion-meta-info\"><div class=\"fusion-alignright\"><a class=\"fusion-read-more\" href=\"https:\/\/cortomaltese.com\/es\/la-venecia-secreta-de-corto-maltes\/\" aria-label=\"More on La Venecia secreta de Corto Malt\u00e9s\">Read More<\/a><\/div><\/div><\/article>\n<article id=\"blog-1-post-14151\" class=\"fusion-post-large-alternate post-14151 post type-post status-publish format-standard has-post-thumbnail hentry category-noticias\">\n\t<style type=\"text\/css\">\n\t\t\n\t\t\n\t\t\n\t\t\n\t\t\t<\/style>\n\n\n\t\t\t<div class=\"fusion-flexslider flexslider fusion-flexslider-loading fusion-post-slideshow\" style=\"\">\n\t\t<ul class=\"slides\">\n\t\t\t\n\t\t\t\t\t\t\t\t\t\t\t\t\t\t<li><div  class=\"fusion-image-wrapper\" aria-haspopup=\"true\">\n\t\t\t\t<img decoding=\"async\" width=\"716\" height=\"932\" src=\"https:\/\/cortomaltese.com\/es\/wp-content\/uploads\/sites\/10\/Corto-Maltese-en-espagnol.jpg\" class=\"attachment-full size-full wp-post-image\" alt=\"\" srcset=\"https:\/\/cortomaltese.com\/es\/wp-content\/uploads\/sites\/10\/Corto-Maltese-en-espagnol-200x260.jpg 200w, https:\/\/cortomaltese.com\/es\/wp-content\/uploads\/sites\/10\/Corto-Maltese-en-espagnol-400x521.jpg 400w, https:\/\/cortomaltese.com\/es\/wp-content\/uploads\/sites\/10\/Corto-Maltese-en-espagnol-600x781.jpg 600w, https:\/\/cortomaltese.com\/es\/wp-content\/uploads\/sites\/10\/Corto-Maltese-en-espagnol.jpg 716w\" sizes=\"(max-width: 800px) 100vw, 716px\" \/><div class=\"fusion-rollover\">\n\t<div class=\"fusion-rollover-content\">\n\n\t\t\t\t\t\t\t\t\t\t\t\t\t\t<a class=\"fusion-rollover-link\" href=\"https:\/\/cortomaltese.com\/es\/corto-maltes-espanol-itunes\/\">\u00a1Corto Malt\u00e9s en espa\u00f1ol, en Itunes!<\/a>\n\t\t\t\n\t\t\t\t\t\t\t\t\n\t\t\n\t\t\t\t\t\t\t\t\t\t\t\t<h4 class=\"fusion-rollover-title\">\n\t\t\t\t\t<a class=\"fusion-rollover-title-link\" href=\"https:\/\/cortomaltese.com\/es\/corto-maltes-espanol-itunes\/\">\n\t\t\t\t\t\t\u00a1Corto Malt\u00e9s en espa\u00f1ol, en Itunes!\t\t\t\t\t<\/a>\n\t\t\t\t<\/h4>\n\t\t\t\n\t\t\t\t\t\t\t\t\n\t\t\n\t\t\t\t\t\t<a class=\"fusion-link-wrapper\" href=\"https:\/\/cortomaltese.com\/es\/corto-maltes-espanol-itunes\/\" aria-label=\"\u00a1Corto Malt\u00e9s en espa\u00f1ol, en Itunes!\"><\/a>\n\t<\/div>\n<\/div>\n<\/div>\n<\/li>\n\t\t\t\n\t\t\t\n\t\t\t\t\t\t\t\t\t\t\t\t\t\t\t\t\t\t\t\t\t\t\t\t\t\t\t\t\t\t\t\t\t\t\t\t\t\t\t\t\t\t\t\t\t\t\t\t\t\t\t\t\t\t\t\t\t\t\t\t\t\t\t\t\t\t\t\t<\/ul>\n\t<\/div>\n\t<div class=\"fusion-date-and-formats\"><div class=\"fusion-date-box updated\"><span class=\"fusion-date\">27<\/span><span class=\"fusion-month-year\">12, 2017<\/span><\/div><div class=\"fusion-format-box\"><i class=\"awb-icon-pen\" aria-hidden=\"true\"><\/i><\/div><\/div><div class=\"fusion-post-content post-content\"><h2 class=\"blog-shortcode-post-title\"><a href=\"https:\/\/cortomaltese.com\/es\/corto-maltes-espanol-itunes\/\">\u00a1Corto Malt\u00e9s en espa\u00f1ol, en Itunes!<\/a><\/h2><p class=\"fusion-single-line-meta\">By <span><a href=\"https:\/\/cortomaltese.com\/es\/author\/cortomaltese\/\" title=\"Entradas de Corto Maltese\" rel=\"author\">Corto Maltese<\/a><\/span><span class=\"fusion-inline-sep\">|<\/span><span>27 diciembre, 2017<\/span><span class=\"fusion-inline-sep\">|<\/span><\/p><div class=\"fusion-post-content-container\"><p>Despedimos el a\u00f1o dedicado a Corto Malt\u00e9s con la <strong>colecci\u00f3n \u00edntegra en eBook para todo el p\u00fablico hispanohablante<\/strong>.<\/p><\/div><\/div><div class=\"fusion-clearfix\"><\/div><div class=\"fusion-meta-info\"><div class=\"fusion-alignright\"><a class=\"fusion-read-more\" href=\"https:\/\/cortomaltese.com\/es\/corto-maltes-espanol-itunes\/\" aria-label=\"More on \u00a1Corto Malt\u00e9s en espa\u00f1ol, en Itunes!\">Read More<\/a><\/div><\/div><\/article>\n<article id=\"blog-1-post-14124\" class=\"fusion-post-large-alternate post-14124 post type-post status-publish format-standard has-post-thumbnail hentry category-noticias\">\n\t<style type=\"text\/css\">\n\t\t\n\t\t\n\t\t\n\t\t\n\t\t\t<\/style>\n\n\n\t\t\t<div class=\"fusion-flexslider flexslider fusion-flexslider-loading fusion-post-slideshow\" style=\"\">\n\t\t<ul class=\"slides\">\n\t\t\t\n\t\t\t\t\t\t\t\t\t\t\t\t\t\t<li><div  class=\"fusion-image-wrapper\" aria-haspopup=\"true\">\n\t\t\t\t<img decoding=\"async\" width=\"1200\" height=\"1537\" src=\"https:\/\/cortomaltese.com\/es\/wp-content\/uploads\/sites\/10\/Fabula-de-Venecia.jpeg\" class=\"attachment-full size-full wp-post-image\" alt=\"F\u00e0bula de Venecia\" srcset=\"https:\/\/cortomaltese.com\/es\/wp-content\/uploads\/sites\/10\/Fabula-de-Venecia-200x256.jpeg 200w, https:\/\/cortomaltese.com\/es\/wp-content\/uploads\/sites\/10\/Fabula-de-Venecia-400x512.jpeg 400w, https:\/\/cortomaltese.com\/es\/wp-content\/uploads\/sites\/10\/Fabula-de-Venecia-600x769.jpeg 600w, https:\/\/cortomaltese.com\/es\/wp-content\/uploads\/sites\/10\/Fabula-de-Venecia-800x1025.jpeg 800w, https:\/\/cortomaltese.com\/es\/wp-content\/uploads\/sites\/10\/Fabula-de-Venecia.jpeg 1200w\" sizes=\"(max-width: 800px) 100vw, 1200px\" \/><div class=\"fusion-rollover\">\n\t<div class=\"fusion-rollover-content\">\n\n\t\t\t\t\t\t\t\t\t\t\t\t\t\t<a class=\"fusion-rollover-link\" href=\"https:\/\/cortomaltese.com\/es\/fabula-de-venecia\/\">Corto Malt\u00e9s. F\u00e1bula de Venecia<\/a>\n\t\t\t\n\t\t\t\t\t\t\t\t\n\t\t\n\t\t\t\t\t\t\t\t\t\t\t\t<h4 class=\"fusion-rollover-title\">\n\t\t\t\t\t<a class=\"fusion-rollover-title-link\" href=\"https:\/\/cortomaltese.com\/es\/fabula-de-venecia\/\">\n\t\t\t\t\t\tCorto Malt\u00e9s. F\u00e1bula de Venecia\t\t\t\t\t<\/a>\n\t\t\t\t<\/h4>\n\t\t\t\n\t\t\t\t\t\t\t\t\n\t\t\n\t\t\t\t\t\t<a class=\"fusion-link-wrapper\" href=\"https:\/\/cortomaltese.com\/es\/fabula-de-venecia\/\" aria-label=\"Corto Malt\u00e9s. F\u00e1bula de Venecia\"><\/a>\n\t<\/div>\n<\/div>\n<\/div>\n<\/li>\n\t\t\t\n\t\t\t\n\t\t\t\t\t\t\t\t\t\t\t\t\t\t\t\t\t\t\t\t\t\t\t\t\t\t\t\t\t\t\t\t\t\t\t\t\t\t\t\t\t\t\t\t\t\t\t\t\t\t\t\t\t\t\t\t\t\t\t\t\t\t\t\t\t\t\t\t<\/ul>\n\t<\/div>\n\t<div class=\"fusion-date-and-formats\"><div class=\"fusion-date-box updated\"><span class=\"fusion-date\">12<\/span><span class=\"fusion-month-year\">10, 2017<\/span><\/div><div class=\"fusion-format-box\"><i class=\"awb-icon-pen\" aria-hidden=\"true\"><\/i><\/div><\/div><div class=\"fusion-post-content post-content\"><h2 class=\"blog-shortcode-post-title\"><a href=\"https:\/\/cortomaltese.com\/es\/fabula-de-venecia\/\">Corto Malt\u00e9s. F\u00e1bula de Venecia<\/a><\/h2><p class=\"fusion-single-line-meta\">By <span><a href=\"https:\/\/cortomaltese.com\/es\/author\/cortomaltese\/\" title=\"Entradas de Corto Maltese\" rel=\"author\">Corto Maltese<\/a><\/span><span class=\"fusion-inline-sep\">|<\/span><span>12 octubre, 2017<\/span><span class=\"fusion-inline-sep\">|<\/span><\/p><div class=\"fusion-post-content-container\"><p>1921, Venecia, Corto Malt\u00e9s busca una esmeralda con poderes misteriosos. Pero \u00e9l no est\u00e1 solo en esta b\u00fasqueda, la joya tambi\u00e9n despierta la lujuria de los fascistas e incluso de ciertos masones ...<\/p><\/div><\/div><div class=\"fusion-clearfix\"><\/div><div class=\"fusion-meta-info\"><div class=\"fusion-alignright\"><a class=\"fusion-read-more\" href=\"https:\/\/cortomaltese.com\/es\/fabula-de-venecia\/\" aria-label=\"More on Corto Malt\u00e9s. F\u00e1bula de Venecia\">Read More<\/a><\/div><\/div><\/article>\n<article id=\"blog-1-post-14115\" class=\"fusion-post-large-alternate post-14115 post type-post status-publish format-standard has-post-thumbnail hentry category-noticias\">\n\t<style type=\"text\/css\">\n\t\t\n\t\t\n\t\t\n\t\t\n\t\t\t<\/style>\n\n\n\t\t\t<div class=\"fusion-flexslider flexslider fusion-flexslider-loading fusion-post-slideshow\" style=\"\">\n\t\t<ul class=\"slides\">\n\t\t\t\n\t\t\t\t\t\t\t\t\t\t\t\t\t\t<li><div  class=\"fusion-image-wrapper\" aria-haspopup=\"true\">\n\t\t\t\t<img decoding=\"async\" width=\"1200\" height=\"845\" src=\"https:\/\/cortomaltese.com\/es\/wp-content\/uploads\/sites\/10\/corto-maltese-le-tripode-voyage_avec_rimbaud_kipling_baffo.jpg\" class=\"attachment-full size-full wp-post-image\" alt=\"Viajes con Rimbaud, Kipling y Baffo Hugo Pratt\" srcset=\"https:\/\/cortomaltese.com\/es\/wp-content\/uploads\/sites\/10\/corto-maltese-le-tripode-voyage_avec_rimbaud_kipling_baffo-200x141.jpg 200w, https:\/\/cortomaltese.com\/es\/wp-content\/uploads\/sites\/10\/corto-maltese-le-tripode-voyage_avec_rimbaud_kipling_baffo-400x282.jpg 400w, https:\/\/cortomaltese.com\/es\/wp-content\/uploads\/sites\/10\/corto-maltese-le-tripode-voyage_avec_rimbaud_kipling_baffo-600x423.jpg 600w, https:\/\/cortomaltese.com\/es\/wp-content\/uploads\/sites\/10\/corto-maltese-le-tripode-voyage_avec_rimbaud_kipling_baffo-800x563.jpg 800w, https:\/\/cortomaltese.com\/es\/wp-content\/uploads\/sites\/10\/corto-maltese-le-tripode-voyage_avec_rimbaud_kipling_baffo.jpg 1200w\" sizes=\"(max-width: 800px) 100vw, 1200px\" \/><div class=\"fusion-rollover\">\n\t<div class=\"fusion-rollover-content\">\n\n\t\t\t\t\t\t\t\t\t\t\t\t\t\t<a class=\"fusion-rollover-link\" href=\"https:\/\/cortomaltese.com\/es\/viajes-rimbaud-kipling-baffo-hugo-pratt\/\">Viajes con Rimbaud, Kipling y Baffo Hugo Pratt<\/a>\n\t\t\t\n\t\t\t\t\t\t\t\t\n\t\t\n\t\t\t\t\t\t\t\t\t\t\t\t<h4 class=\"fusion-rollover-title\">\n\t\t\t\t\t<a class=\"fusion-rollover-title-link\" href=\"https:\/\/cortomaltese.com\/es\/viajes-rimbaud-kipling-baffo-hugo-pratt\/\">\n\t\t\t\t\t\tViajes con Rimbaud, Kipling y Baffo Hugo Pratt\t\t\t\t\t<\/a>\n\t\t\t\t<\/h4>\n\t\t\t\n\t\t\t\t\t\t\t\t\n\t\t\n\t\t\t\t\t\t<a class=\"fusion-link-wrapper\" href=\"https:\/\/cortomaltese.com\/es\/viajes-rimbaud-kipling-baffo-hugo-pratt\/\" aria-label=\"Viajes con Rimbaud, Kipling y Baffo Hugo Pratt\"><\/a>\n\t<\/div>\n<\/div>\n<\/div>\n<\/li>\n\t\t\t\n\t\t\t\n\t\t\t\t\t\t\t\t\t\t\t\t\t\t\t\t\t\t\t\t\t\t\t\t\t\t\t\t\t\t\t\t\t\t\t\t\t\t\t\t\t\t\t\t\t\t\t\t\t\t\t\t\t\t\t\t\t\t\t\t\t\t\t\t\t\t\t\t<\/ul>\n\t<\/div>\n\t<div class=\"fusion-date-and-formats\"><div class=\"fusion-date-box updated\"><span class=\"fusion-date\">7<\/span><span class=\"fusion-month-year\">10, 2017<\/span><\/div><div class=\"fusion-format-box\"><i class=\"awb-icon-pen\" aria-hidden=\"true\"><\/i><\/div><\/div><div class=\"fusion-post-content post-content\"><h2 class=\"blog-shortcode-post-title\"><a href=\"https:\/\/cortomaltese.com\/es\/viajes-rimbaud-kipling-baffo-hugo-pratt\/\">Viajes con Rimbaud, Kipling y Baffo Hugo Pratt<\/a><\/h2><p class=\"fusion-single-line-meta\">By <span><a href=\"https:\/\/cortomaltese.com\/es\/author\/cortomaltese\/\" title=\"Entradas de Corto Maltese\" rel=\"author\">Corto Maltese<\/a><\/span><span class=\"fusion-inline-sep\">|<\/span><span>7 octubre, 2017<\/span><span class=\"fusion-inline-sep\">|<\/span><\/p><div class=\"fusion-post-content-container\"><p> Viajes con Rimbaud, Kipling y Baffo Hugo Pratt Disponible en librer\u00edas a partir del 5 de octubre de 2017.      En los \u00faltimos a\u00f1os de su vida, entre 1991 y<a href=\"https:\/\/cortomaltese.com\/es\/viajes-rimbaud-kipling-baffo-hugo-pratt\/\"> [...]<\/a><\/p><\/div><\/div><div class=\"fusion-clearfix\"><\/div><div class=\"fusion-meta-info\"><div class=\"fusion-alignright\"><a class=\"fusion-read-more\" href=\"https:\/\/cortomaltese.com\/es\/viajes-rimbaud-kipling-baffo-hugo-pratt\/\" aria-label=\"More on Viajes con Rimbaud, Kipling y Baffo Hugo Pratt\">Read More<\/a><\/div><\/div><\/article>\n<article id=\"blog-1-post-14106\" class=\"fusion-post-large-alternate post-14106 post type-post status-publish format-standard has-post-thumbnail hentry category-noticias\">\n\t<style type=\"text\/css\">\n\t\t\n\t\t\n\t\t\n\t\t\n\t\t\t<\/style>\n\n\n\t\t\t<div class=\"fusion-flexslider flexslider fusion-flexslider-loading fusion-post-slideshow\" style=\"\">\n\t\t<ul class=\"slides\">\n\t\t\t\n\t\t\t\t\t\t\t\t\t\t\t\t\t\t<li><div  class=\"fusion-image-wrapper\" aria-haspopup=\"true\">\n\t\t\t\t<img decoding=\"async\" width=\"889\" height=\"1200\" src=\"https:\/\/cortomaltese.com\/es\/wp-content\/uploads\/sites\/10\/Corto-Maltese-Equatoria-2017-ES.jpg\" class=\"attachment-full size-full wp-post-image\" alt=\"Corto Malt\u00e9s Equatoria\" srcset=\"https:\/\/cortomaltese.com\/es\/wp-content\/uploads\/sites\/10\/Corto-Maltese-Equatoria-2017-ES-200x270.jpg 200w, https:\/\/cortomaltese.com\/es\/wp-content\/uploads\/sites\/10\/Corto-Maltese-Equatoria-2017-ES-400x540.jpg 400w, https:\/\/cortomaltese.com\/es\/wp-content\/uploads\/sites\/10\/Corto-Maltese-Equatoria-2017-ES-600x810.jpg 600w, https:\/\/cortomaltese.com\/es\/wp-content\/uploads\/sites\/10\/Corto-Maltese-Equatoria-2017-ES-800x1080.jpg 800w, https:\/\/cortomaltese.com\/es\/wp-content\/uploads\/sites\/10\/Corto-Maltese-Equatoria-2017-ES.jpg 889w\" sizes=\"(max-width: 800px) 100vw, 889px\" \/><div class=\"fusion-rollover\">\n\t<div class=\"fusion-rollover-content\">\n\n\t\t\t\t\t\t\t\t\t\t\t\t\t\t<a class=\"fusion-rollover-link\" href=\"https:\/\/cortomaltese.com\/es\/corto-maltes-equatoria\/\">Corto Malt\u00e9s, Equatoria<\/a>\n\t\t\t\n\t\t\t\t\t\t\t\t\n\t\t\n\t\t\t\t\t\t\t\t\t\t\t\t<h4 class=\"fusion-rollover-title\">\n\t\t\t\t\t<a class=\"fusion-rollover-title-link\" href=\"https:\/\/cortomaltese.com\/es\/corto-maltes-equatoria\/\">\n\t\t\t\t\t\tCorto Malt\u00e9s, Equatoria\t\t\t\t\t<\/a>\n\t\t\t\t<\/h4>\n\t\t\t\n\t\t\t\t\t\t\t\t\n\t\t\n\t\t\t\t\t\t<a class=\"fusion-link-wrapper\" href=\"https:\/\/cortomaltese.com\/es\/corto-maltes-equatoria\/\" aria-label=\"Corto Malt\u00e9s, Equatoria\"><\/a>\n\t<\/div>\n<\/div>\n<\/div>\n<\/li>\n\t\t\t\n\t\t\t\n\t\t\t\t\t\t\t\t\t\t\t\t\t\t\t\t\t\t\t\t\t\t\t\t\t\t\t\t\t\t\t\t\t\t\t\t\t\t\t\t\t\t\t\t\t\t\t\t\t\t\t\t\t\t\t\t\t\t\t\t\t\t\t\t\t\t\t\t<\/ul>\n\t<\/div>\n\t<div class=\"fusion-date-and-formats\"><div class=\"fusion-date-box updated\"><span class=\"fusion-date\">22<\/span><span class=\"fusion-month-year\">09, 2017<\/span><\/div><div class=\"fusion-format-box\"><i class=\"awb-icon-pen\" aria-hidden=\"true\"><\/i><\/div><\/div><div class=\"fusion-post-content post-content\"><h2 class=\"blog-shortcode-post-title\"><a href=\"https:\/\/cortomaltese.com\/es\/corto-maltes-equatoria\/\">Corto Malt\u00e9s, Equatoria<\/a><\/h2><p class=\"fusion-single-line-meta\">By <span><a href=\"https:\/\/cortomaltese.com\/es\/author\/cortomaltese\/\" title=\"Entradas de Corto Maltese\" rel=\"author\">Corto Maltese<\/a><\/span><span class=\"fusion-inline-sep\">|<\/span><span>22 septiembre, 2017<\/span><span class=\"fusion-inline-sep\">|<\/span><\/p><div class=\"fusion-post-content-container\"><p> Corto Malt\u00e9s, Equatoria  Juan D\u00edaz Canales, Rub\u00e9n Pellejero   Novedad 29 septiembre 2017  Corto Malt\u00e9s se encuentra en su amada Venecia tras los pasos del \u201cespejo del Preste Juan\u201d, legendario monarca<a href=\"https:\/\/cortomaltese.com\/es\/corto-maltes-equatoria\/\"> [...]<\/a><\/p><\/div><\/div><div class=\"fusion-clearfix\"><\/div><div class=\"fusion-meta-info\"><div class=\"fusion-alignright\"><a class=\"fusion-read-more\" href=\"https:\/\/cortomaltese.com\/es\/corto-maltes-equatoria\/\" aria-label=\"More on Corto Malt\u00e9s, Equatoria\">Read More<\/a><\/div><\/div><\/article>\n<article id=\"blog-1-post-14065\" class=\"fusion-post-large-alternate post-14065 post type-post status-publish format-standard has-post-thumbnail hentry category-corto-maltese category-noticias\">\n\t<style type=\"text\/css\">\n\t\t\n\t\t\n\t\t\n\t\t\n\t\t\t<\/style>\n\n\n\t\t\t<div class=\"fusion-flexslider flexslider fusion-flexslider-loading fusion-post-slideshow\" style=\"\">\n\t\t<ul class=\"slides\">\n\t\t\t\n\t\t\t\t\t\t\t\t\t\t\t\t\t\t<li><div  class=\"fusion-image-wrapper\" aria-haspopup=\"true\">\n\t\t\t\t<img decoding=\"async\" width=\"800\" height=\"1131\" src=\"https:\/\/cortomaltese.com\/es\/wp-content\/uploads\/sites\/10\/Pandora-3.jpg\" class=\"attachment-full size-full wp-post-image\" alt=\"\" srcset=\"https:\/\/cortomaltese.com\/es\/wp-content\/uploads\/sites\/10\/Pandora-3-200x283.jpg 200w, https:\/\/cortomaltese.com\/es\/wp-content\/uploads\/sites\/10\/Pandora-3-400x566.jpg 400w, https:\/\/cortomaltese.com\/es\/wp-content\/uploads\/sites\/10\/Pandora-3-600x848.jpg 600w, https:\/\/cortomaltese.com\/es\/wp-content\/uploads\/sites\/10\/Pandora-3.jpg 800w\" sizes=\"(max-width: 800px) 100vw, 800px\" \/><div class=\"fusion-rollover\">\n\t<div class=\"fusion-rollover-content\">\n\n\t\t\t\t\t\t\t\t\t\t\t\t\t\t<a class=\"fusion-rollover-link\" href=\"https:\/\/cortomaltese.com\/es\/pandora-n-3\/\">Pandora n\u00b0 3<\/a>\n\t\t\t\n\t\t\t\t\t\t\t\t\n\t\t\n\t\t\t\t\t\t\t\t\t\t\t\t<h4 class=\"fusion-rollover-title\">\n\t\t\t\t\t<a class=\"fusion-rollover-title-link\" href=\"https:\/\/cortomaltese.com\/es\/pandora-n-3\/\">\n\t\t\t\t\t\tPandora n\u00b0 3\t\t\t\t\t<\/a>\n\t\t\t\t<\/h4>\n\t\t\t\n\t\t\t\t\t\t\t\t\n\t\t\n\t\t\t\t\t\t<a class=\"fusion-link-wrapper\" href=\"https:\/\/cortomaltese.com\/es\/pandora-n-3\/\" aria-label=\"Pandora n\u00b0 3\"><\/a>\n\t<\/div>\n<\/div>\n<\/div>\n<\/li>\n\t\t\t\n\t\t\t\n\t\t\t\t\t\t\t\t\t\t\t\t\t\t\t\t\t\t\t\t\t\t\t\t\t\t\t\t\t\t\t\t\t\t\t\t\t\t\t\t\t\t\t\t\t\t\t\t\t\t\t\t\t\t\t\t\t\t\t\t\t\t\t\t\t\t\t\t<\/ul>\n\t<\/div>\n\t<div class=\"fusion-date-and-formats\"><div class=\"fusion-date-box updated\"><span class=\"fusion-date\">26<\/span><span class=\"fusion-month-year\">06, 2017<\/span><\/div><div class=\"fusion-format-box\"><i class=\"awb-icon-pen\" aria-hidden=\"true\"><\/i><\/div><\/div><div class=\"fusion-post-content post-content\"><h2 class=\"blog-shortcode-post-title\"><a href=\"https:\/\/cortomaltese.com\/es\/pandora-n-3\/\">Pandora n\u00b0 3<\/a><\/h2><p class=\"fusion-single-line-meta\">By <span><a href=\"https:\/\/cortomaltese.com\/es\/author\/cortomaltese\/\" title=\"Entradas de Corto Maltese\" rel=\"author\">Corto Maltese<\/a><\/span><span class=\"fusion-inline-sep\">|<\/span><span>26 junio, 2017<\/span><span class=\"fusion-inline-sep\">|<\/span><\/p><div class=\"fusion-post-content-container\"><p> Corto Maltese \u2013\u00a0Cuento Chino    En este numero una nueva historia de 4 paginas de Corto Maltese, \u201cCuento Chino\u201d de Juan-D\u00edaz Canales y Rub\u00e9n Pellejero.    Pandora, la nueva revista<a href=\"https:\/\/cortomaltese.com\/es\/pandora-n-3\/\"> [...]<\/a><\/p><\/div><\/div><div class=\"fusion-clearfix\"><\/div><div class=\"fusion-meta-info\"><div class=\"fusion-alignright\"><a class=\"fusion-read-more\" href=\"https:\/\/cortomaltese.com\/es\/pandora-n-3\/\" aria-label=\"More on Pandora n\u00b0 3\">Read More<\/a><\/div><\/div><\/article>\n<article id=\"blog-1-post-14061\" class=\"fusion-post-large-alternate post-14061 post type-post status-publish format-standard has-post-thumbnail hentry category-corto-maltese category-noticias\">\n\t<style type=\"text\/css\">\n\t\t\n\t\t\n\t\t\n\t\t\n\t\t\t<\/style>\n\n\n\t\t\t<div class=\"fusion-flexslider flexslider fusion-flexslider-loading fusion-post-slideshow\" style=\"\">\n\t\t<ul class=\"slides\">\n\t\t\t\n\t\t\t\t\t\t\t\t\t\t\t\t\t\t<li><div  class=\"fusion-image-wrapper\" aria-haspopup=\"true\">\n\t\t\t\t<img decoding=\"async\" width=\"800\" height=\"1035\" src=\"https:\/\/cortomaltese.com\/es\/wp-content\/uploads\/sites\/10\/ballata_ES.jpg\" class=\"attachment-full size-full wp-post-image\" alt=\"La balada del mar salado. Edici\u00f3n del cincuentenario.\" srcset=\"https:\/\/cortomaltese.com\/es\/wp-content\/uploads\/sites\/10\/ballata_ES-200x259.jpg 200w, https:\/\/cortomaltese.com\/es\/wp-content\/uploads\/sites\/10\/ballata_ES-400x518.jpg 400w, https:\/\/cortomaltese.com\/es\/wp-content\/uploads\/sites\/10\/ballata_ES-600x776.jpg 600w, https:\/\/cortomaltese.com\/es\/wp-content\/uploads\/sites\/10\/ballata_ES.jpg 800w\" sizes=\"(max-width: 800px) 100vw, 800px\" \/><div class=\"fusion-rollover\">\n\t<div class=\"fusion-rollover-content\">\n\n\t\t\t\t\t\t\t\t\t\t\t\t\t\t<a class=\"fusion-rollover-link\" href=\"https:\/\/cortomaltese.com\/es\/la-balada-del-mar-salado-edicion-del-cincuentenario\/\">La balada del mar salado. Edici\u00f3n del cincuentenario.<\/a>\n\t\t\t\n\t\t\t\t\t\t\t\t\n\t\t\n\t\t\t\t\t\t\t\t\t\t\t\t<h4 class=\"fusion-rollover-title\">\n\t\t\t\t\t<a class=\"fusion-rollover-title-link\" href=\"https:\/\/cortomaltese.com\/es\/la-balada-del-mar-salado-edicion-del-cincuentenario\/\">\n\t\t\t\t\t\tLa balada del mar salado. Edici\u00f3n del cincuentenario.\t\t\t\t\t<\/a>\n\t\t\t\t<\/h4>\n\t\t\t\n\t\t\t\t\t\t\t\t\n\t\t\n\t\t\t\t\t\t<a class=\"fusion-link-wrapper\" href=\"https:\/\/cortomaltese.com\/es\/la-balada-del-mar-salado-edicion-del-cincuentenario\/\" aria-label=\"La balada del mar salado. Edici\u00f3n del cincuentenario.\"><\/a>\n\t<\/div>\n<\/div>\n<\/div>\n<\/li>\n\t\t\t\n\t\t\t\n\t\t\t\t\t\t\t\t\t\t\t\t\t\t\t\t\t\t\t\t\t\t\t\t\t\t\t\t\t\t\t\t\t\t\t\t\t\t\t\t\t\t\t\t\t\t\t\t\t\t\t\t\t\t\t\t\t\t\t\t\t\t\t\t\t\t\t\t<\/ul>\n\t<\/div>\n\t<div class=\"fusion-date-and-formats\"><div class=\"fusion-date-box updated\"><span class=\"fusion-date\">26<\/span><span class=\"fusion-month-year\">06, 2017<\/span><\/div><div class=\"fusion-format-box\"><i class=\"awb-icon-pen\" aria-hidden=\"true\"><\/i><\/div><\/div><div class=\"fusion-post-content post-content\"><h2 class=\"blog-shortcode-post-title\"><a href=\"https:\/\/cortomaltese.com\/es\/la-balada-del-mar-salado-edicion-del-cincuentenario\/\">La balada del mar salado. Edici\u00f3n del cincuentenario.<\/a><\/h2><p class=\"fusion-single-line-meta\">By <span><a href=\"https:\/\/cortomaltese.com\/es\/author\/cortomaltese\/\" title=\"Entradas de Corto Maltese\" rel=\"author\">Corto Maltese<\/a><\/span><span class=\"fusion-inline-sep\">|<\/span><span>26 junio, 2017<\/span><span class=\"fusion-inline-sep\">|<\/span><\/p><div class=\"fusion-post-content-container\"><p>Hugo Pratt   Corto Maltese \u2013 La balada del mar salado    Edici\u00f3n del cincuentenario, ep\u00edlogo de Gianni Brunoro.   10 de julio de 1967 - 2017. A los cincuenta a\u00f1os<a href=\"https:\/\/cortomaltese.com\/es\/la-balada-del-mar-salado-edicion-del-cincuentenario\/\"> [...]<\/a><\/p><\/div><\/div><div class=\"fusion-clearfix\"><\/div><div class=\"fusion-meta-info\"><div class=\"fusion-alignright\"><a class=\"fusion-read-more\" href=\"https:\/\/cortomaltese.com\/es\/la-balada-del-mar-salado-edicion-del-cincuentenario\/\" aria-label=\"More on La balada del mar salado. Edici\u00f3n del cincuentenario.\">Read More<\/a><\/div><\/div><\/article>\n<article id=\"blog-1-post-13478\" class=\"fusion-post-large-alternate post-13478 post type-post status-publish format-standard has-post-thumbnail hentry category-hugo-pratt category-noticias\">\n\t<style type=\"text\/css\">\n\t\t\n\t\t\n\t\t\n\t\t\n\t\t\t<\/style>\n\n\n\t\t\t<div class=\"fusion-flexslider flexslider fusion-flexslider-loading fusion-post-slideshow\" style=\"\">\n\t\t<ul class=\"slides\">\n\t\t\t\n\t\t\t\t\t\t\t\t\t\t\t\t\t\t<li><div  class=\"fusion-image-wrapper\" aria-haspopup=\"true\">\n\t\t\t\t<img decoding=\"async\" width=\"500\" height=\"708\" src=\"https:\/\/cortomaltese.com\/es\/wp-content\/uploads\/sites\/10\/Locandina_il-gioco-delle-perle-di-venezia.jpg\" class=\"attachment-full size-full wp-post-image\" alt=\"\" srcset=\"https:\/\/cortomaltese.com\/es\/wp-content\/uploads\/sites\/10\/Locandina_il-gioco-delle-perle-di-venezia-200x283.jpg 200w, https:\/\/cortomaltese.com\/es\/wp-content\/uploads\/sites\/10\/Locandina_il-gioco-delle-perle-di-venezia-400x566.jpg 400w, https:\/\/cortomaltese.com\/es\/wp-content\/uploads\/sites\/10\/Locandina_il-gioco-delle-perle-di-venezia.jpg 500w\" sizes=\"(max-width: 800px) 100vw, 500px\" \/><div class=\"fusion-rollover\">\n\t<div class=\"fusion-rollover-content\">\n\n\t\t\t\t\t\t\t\t\t\t\t\t\t\t<a class=\"fusion-rollover-link\" href=\"https:\/\/cortomaltese.com\/es\/juego-perlas-venecia\/\">El juego de las perlas de Venecia<\/a>\n\t\t\t\n\t\t\t\t\t\t\t\t\n\t\t\n\t\t\t\t\t\t\t\t\t\t\t\t<h4 class=\"fusion-rollover-title\">\n\t\t\t\t\t<a class=\"fusion-rollover-title-link\" href=\"https:\/\/cortomaltese.com\/es\/juego-perlas-venecia\/\">\n\t\t\t\t\t\tEl juego de las perlas de Venecia\t\t\t\t\t<\/a>\n\t\t\t\t<\/h4>\n\t\t\t\n\t\t\t\t\t\t\t\t\n\t\t\n\t\t\t\t\t\t<a class=\"fusion-link-wrapper\" href=\"https:\/\/cortomaltese.com\/es\/juego-perlas-venecia\/\" aria-label=\"El juego de las perlas de Venecia\"><\/a>\n\t<\/div>\n<\/div>\n<\/div>\n<\/li>\n\t\t\t\n\t\t\t\n\t\t\t\t\t\t\t\t\t\t\t\t\t\t\t\t\t\t\t\t\t\t\t\t\t\t\t\t\t\t\t\t\t\t\t\t\t\t\t\t\t\t\t\t\t\t\t\t\t\t\t\t\t\t\t\t\t\t\t\t\t\t\t\t\t\t\t\t<\/ul>\n\t<\/div>\n\t<div class=\"fusion-date-and-formats\"><div class=\"fusion-date-box updated\"><span class=\"fusion-date\">2<\/span><span class=\"fusion-month-year\">11, 2016<\/span><\/div><div class=\"fusion-format-box\"><i class=\"awb-icon-pen\" aria-hidden=\"true\"><\/i><\/div><\/div><div class=\"fusion-post-content post-content\"><h2 class=\"blog-shortcode-post-title\"><a href=\"https:\/\/cortomaltese.com\/es\/juego-perlas-venecia\/\">El juego de las perlas de Venecia<\/a><\/h2><p class=\"fusion-single-line-meta\">By <span><a href=\"https:\/\/cortomaltese.com\/es\/author\/cortomaltese\/\" title=\"Entradas de Corto Maltese\" rel=\"author\">Corto Maltese<\/a><\/span><span class=\"fusion-inline-sep\">|<\/span><span>2 noviembre, 2016<\/span><span class=\"fusion-inline-sep\">|<\/span><\/p><div class=\"fusion-post-content-container\"><p> El juego de las perlas de Venecia    GIANNI BERENGO GARDIN con Hugo Pratt, Marco D\u2019Anna y\u00a0Marco Steiner Un gigante de la fotograf\u00eda, un maestro del c\u00f3mic. El esperado encuentro de dos<a href=\"https:\/\/cortomaltese.com\/es\/juego-perlas-venecia\/\"> [...]<\/a><\/p><\/div><\/div><div class=\"fusion-clearfix\"><\/div><div class=\"fusion-meta-info\"><div class=\"fusion-alignright\"><a class=\"fusion-read-more\" href=\"https:\/\/cortomaltese.com\/es\/juego-perlas-venecia\/\" aria-label=\"More on El juego de las perlas de Venecia\">Read More<\/a><\/div><\/div><\/article>\n<article id=\"blog-1-post-13475\" class=\"fusion-post-large-alternate post-13475 post type-post status-publish format-standard has-post-thumbnail hentry category-corto-maltese category-hugo-pratt category-noticias\">\n\t<style type=\"text\/css\">\n\t\t\n\t\t\n\t\t\n\t\t\n\t\t\t<\/style>\n\n\n\t\t\t<div class=\"fusion-flexslider flexslider fusion-flexslider-loading fusion-post-slideshow\" style=\"\">\n\t\t<ul class=\"slides\">\n\t\t\t\n\t\t\t\t\t\t\t\t\t\t\t\t\t\t<li><div  class=\"fusion-image-wrapper\" aria-haspopup=\"true\">\n\t\t\t\t<img decoding=\"async\" width=\"873\" height=\"1104\" src=\"https:\/\/cortomaltese.com\/es\/wp-content\/uploads\/sites\/10\/Copertina_50AnniDiViaggiaNelMito.jpg\" class=\"attachment-full size-full wp-post-image\" alt=\"\" srcset=\"https:\/\/cortomaltese.com\/es\/wp-content\/uploads\/sites\/10\/Copertina_50AnniDiViaggiaNelMito-200x253.jpg 200w, https:\/\/cortomaltese.com\/es\/wp-content\/uploads\/sites\/10\/Copertina_50AnniDiViaggiaNelMito-400x506.jpg 400w, https:\/\/cortomaltese.com\/es\/wp-content\/uploads\/sites\/10\/Copertina_50AnniDiViaggiaNelMito-600x759.jpg 600w, https:\/\/cortomaltese.com\/es\/wp-content\/uploads\/sites\/10\/Copertina_50AnniDiViaggiaNelMito-800x1012.jpg 800w, https:\/\/cortomaltese.com\/es\/wp-content\/uploads\/sites\/10\/Copertina_50AnniDiViaggiaNelMito.jpg 873w\" sizes=\"(max-width: 800px) 100vw, 873px\" \/><div class=\"fusion-rollover\">\n\t<div class=\"fusion-rollover-content\">\n\n\t\t\t\t\t\t\t\t\t\t\t\t\t\t<a class=\"fusion-rollover-link\" href=\"https:\/\/cortomaltese.com\/es\/50-anos-viajes-mito-catalogo\/\">50 a\u00f1os de viajes en el mito: el cat\u00e1logo<\/a>\n\t\t\t\n\t\t\t\t\t\t\t\t\n\t\t\n\t\t\t\t\t\t\t\t\t\t\t\t<h4 class=\"fusion-rollover-title\">\n\t\t\t\t\t<a class=\"fusion-rollover-title-link\" href=\"https:\/\/cortomaltese.com\/es\/50-anos-viajes-mito-catalogo\/\">\n\t\t\t\t\t\t50 a\u00f1os de viajes en el mito: el cat\u00e1logo\t\t\t\t\t<\/a>\n\t\t\t\t<\/h4>\n\t\t\t\n\t\t\t\t\t\t\t\t\n\t\t\n\t\t\t\t\t\t<a class=\"fusion-link-wrapper\" href=\"https:\/\/cortomaltese.com\/es\/50-anos-viajes-mito-catalogo\/\" aria-label=\"50 a\u00f1os de viajes en el mito: el cat\u00e1logo\"><\/a>\n\t<\/div>\n<\/div>\n<\/div>\n<\/li>\n\t\t\t\n\t\t\t\n\t\t\t\t\t\t\t\t\t\t\t\t\t\t\t\t\t\t\t\t\t\t\t\t\t\t\t\t\t\t\t\t\t\t\t\t\t\t\t\t\t\t\t\t\t\t\t\t\t\t\t\t\t\t\t\t\t\t\t\t\t\t\t\t\t\t\t\t<\/ul>\n\t<\/div>\n\t<div class=\"fusion-date-and-formats\"><div class=\"fusion-date-box updated\"><span class=\"fusion-date\">2<\/span><span class=\"fusion-month-year\">11, 2016<\/span><\/div><div class=\"fusion-format-box\"><i class=\"awb-icon-pen\" aria-hidden=\"true\"><\/i><\/div><\/div><div class=\"fusion-post-content post-content\"><h2 class=\"blog-shortcode-post-title\"><a href=\"https:\/\/cortomaltese.com\/es\/50-anos-viajes-mito-catalogo\/\">50 a\u00f1os de viajes en el mito: el cat\u00e1logo<\/a><\/h2><p class=\"fusion-single-line-meta\">By <span><a href=\"https:\/\/cortomaltese.com\/es\/author\/cortomaltese\/\" title=\"Entradas de Corto Maltese\" rel=\"author\">Corto Maltese<\/a><\/span><span class=\"fusion-inline-sep\">|<\/span><span>2 noviembre, 2016<\/span><span class=\"fusion-inline-sep\">|<\/span><\/p><div class=\"fusion-post-content-container\"><p> El maestro de la literatura gr\u00e1fica y su personaje m\u00e1s querido. Cuando obra y autor se funden en un sue\u00f1o que dura medio siglo.      \u00abNarro la verdad como si<a href=\"https:\/\/cortomaltese.com\/es\/50-anos-viajes-mito-catalogo\/\"> [...]<\/a><\/p><\/div><\/div><div class=\"fusion-clearfix\"><\/div><div class=\"fusion-meta-info\"><div class=\"fusion-alignright\"><a class=\"fusion-read-more\" href=\"https:\/\/cortomaltese.com\/es\/50-anos-viajes-mito-catalogo\/\" aria-label=\"More on 50 a\u00f1os de viajes en el mito: el cat\u00e1logo\">Read More<\/a><\/div><\/div><\/article>\n<article id=\"blog-1-post-13309\" class=\"fusion-post-large-alternate post-13309 post type-post status-publish format-standard has-post-thumbnail hentry category-corto-maltese category-featured category-hugo-pratt category-noticias\">\n\t<style type=\"text\/css\">\n\t\t\n\t\t\n\t\t\n\t\t\n\t\t\t<\/style>\n\n\n\t\t\t<div class=\"fusion-flexslider flexslider fusion-flexslider-loading fusion-post-slideshow\" style=\"\">\n\t\t<ul class=\"slides\">\n\t\t\t\n\t\t\t\t\t\t\t\t\t\t\t\t\t\t<li><div  class=\"fusion-image-wrapper\" aria-haspopup=\"true\">\n\t\t\t\t<img decoding=\"async\" width=\"1200\" height=\"700\" src=\"https:\/\/cortomaltese.com\/es\/wp-content\/uploads\/sites\/10\/la-ballata-del-mare-salato-acquarello.jpg\" class=\"attachment-full size-full wp-post-image\" alt=\"Disegno de La ballata del mare salato\" srcset=\"https:\/\/cortomaltese.com\/es\/wp-content\/uploads\/sites\/10\/la-ballata-del-mare-salato-acquarello-200x117.jpg 200w, https:\/\/cortomaltese.com\/es\/wp-content\/uploads\/sites\/10\/la-ballata-del-mare-salato-acquarello-400x233.jpg 400w, https:\/\/cortomaltese.com\/es\/wp-content\/uploads\/sites\/10\/la-ballata-del-mare-salato-acquarello-600x350.jpg 600w, https:\/\/cortomaltese.com\/es\/wp-content\/uploads\/sites\/10\/la-ballata-del-mare-salato-acquarello-800x467.jpg 800w, https:\/\/cortomaltese.com\/es\/wp-content\/uploads\/sites\/10\/la-ballata-del-mare-salato-acquarello.jpg 1200w\" sizes=\"(max-width: 800px) 100vw, 1200px\" \/><div class=\"fusion-rollover\">\n\t<div class=\"fusion-rollover-content\">\n\n\t\t\t\t\t\t\t\t\t\t\t\t\t\t<a class=\"fusion-rollover-link\" href=\"https:\/\/cortomaltese.com\/es\/e-book-corto-maltes\/\">eBook: Corto Malt\u00e9s<\/a>\n\t\t\t\n\t\t\t\t\t\t\t\t\n\t\t\n\t\t\t\t\t\t\t\t\t\t\t\t<h4 class=\"fusion-rollover-title\">\n\t\t\t\t\t<a class=\"fusion-rollover-title-link\" href=\"https:\/\/cortomaltese.com\/es\/e-book-corto-maltes\/\">\n\t\t\t\t\t\teBook: Corto Malt\u00e9s\t\t\t\t\t<\/a>\n\t\t\t\t<\/h4>\n\t\t\t\n\t\t\t\t\t\t\t\t\n\t\t\n\t\t\t\t\t\t<a class=\"fusion-link-wrapper\" href=\"https:\/\/cortomaltese.com\/es\/e-book-corto-maltes\/\" aria-label=\"eBook: Corto Malt\u00e9s\"><\/a>\n\t<\/div>\n<\/div>\n<\/div>\n<\/li>\n\t\t\t\n\t\t\t\n\t\t\t\t\t\t\t\t\t\t\t\t\t\t\t\t\t\t\t\t\t\t\t\t\t\t\t\t\t\t\t\t\t\t\t\t\t\t\t\t\t\t\t\t\t\t\t\t\t\t\t\t\t\t\t\t\t\t\t\t\t\t\t\t\t\t\t\t<\/ul>\n\t<\/div>\n\t<div class=\"fusion-date-and-formats\"><div class=\"fusion-date-box updated\"><span class=\"fusion-date\">18<\/span><span class=\"fusion-month-year\">07, 2016<\/span><\/div><div class=\"fusion-format-box\"><i class=\"awb-icon-pen\" aria-hidden=\"true\"><\/i><\/div><\/div><div class=\"fusion-post-content post-content\"><h2 class=\"blog-shortcode-post-title\"><a href=\"https:\/\/cortomaltese.com\/es\/e-book-corto-maltes\/\">eBook: Corto Malt\u00e9s<\/a><\/h2><p class=\"fusion-single-line-meta\">By <span><a href=\"https:\/\/cortomaltese.com\/es\/author\/cortomaltese\/\" title=\"Entradas de Corto Maltese\" rel=\"author\">Corto Maltese<\/a><\/span><span class=\"fusion-inline-sep\">|<\/span><span>18 julio, 2016<\/span><span class=\"fusion-inline-sep\">|<\/span><\/p><div class=\"fusion-post-content-container\"><p> La versi\u00f3n electr\u00f3nica de Corto Malt\u00e9s   La versi\u00f3n electr\u00f3nica de Corto Malt\u00e9s est\u00e1 ya disponible en espa\u00f1ol en iTunes.Cong Editions es la editorial de CONG S.A., Hugo Pratt Art Properties, la empresa<a href=\"https:\/\/cortomaltese.com\/es\/e-book-corto-maltes\/\"> [...]<\/a><\/p><\/div><\/div><div class=\"fusion-clearfix\"><\/div><div class=\"fusion-meta-info\"><div class=\"fusion-alignright\"><a class=\"fusion-read-more\" href=\"https:\/\/cortomaltese.com\/es\/e-book-corto-maltes\/\" aria-label=\"More on eBook: Corto Malt\u00e9s\">Read More<\/a><\/div><\/div><\/article>\n<article id=\"blog-1-post-1501\" class=\"fusion-post-large-alternate post-1501 post type-post status-publish format-standard has-post-thumbnail hentry category-corto-maltese category-featured category-noticias\">\n\t<style type=\"text\/css\">\n\t\t\n\t\t\n\t\t\n\t\t\n\t\t\t<\/style>\n\n\n\t\t\t<div class=\"fusion-flexslider flexslider fusion-flexslider-loading fusion-post-slideshow\" style=\"\">\n\t\t<ul class=\"slides\">\n\t\t\t\n\t\t\t\t\t\t\t\t\t\t\t\t\t\t<li><div  class=\"fusion-image-wrapper\" aria-haspopup=\"true\">\n\t\t\t\t<img decoding=\"async\" width=\"456\" height=\"600\" src=\"https:\/\/cortomaltese.com\/es\/wp-content\/uploads\/sites\/10\/01207730101_g.jpg\" class=\"attachment-full size-full wp-post-image\" alt=\"\" srcset=\"https:\/\/cortomaltese.com\/es\/wp-content\/uploads\/sites\/10\/01207730101_g-200x263.jpg 200w, https:\/\/cortomaltese.com\/es\/wp-content\/uploads\/sites\/10\/01207730101_g-400x526.jpg 400w, https:\/\/cortomaltese.com\/es\/wp-content\/uploads\/sites\/10\/01207730101_g.jpg 456w\" sizes=\"(max-width: 800px) 100vw, 456px\" \/><div class=\"fusion-rollover\">\n\t<div class=\"fusion-rollover-content\">\n\n\t\t\t\t\t\t\t\t\t\t\t\t\t\t<a class=\"fusion-rollover-link\" href=\"https:\/\/cortomaltese.com\/es\/bajo-el-sol-de-medianoche\/\">Bajo el sol de medianoche<\/a>\n\t\t\t\n\t\t\t\t\t\t\t\t\n\t\t\n\t\t\t\t\t\t\t\t\t\t\t\t<h4 class=\"fusion-rollover-title\">\n\t\t\t\t\t<a class=\"fusion-rollover-title-link\" href=\"https:\/\/cortomaltese.com\/es\/bajo-el-sol-de-medianoche\/\">\n\t\t\t\t\t\tBajo el sol de medianoche\t\t\t\t\t<\/a>\n\t\t\t\t<\/h4>\n\t\t\t\n\t\t\t\t\t\t\t\t\n\t\t\n\t\t\t\t\t\t<a class=\"fusion-link-wrapper\" href=\"https:\/\/cortomaltese.com\/es\/bajo-el-sol-de-medianoche\/\" aria-label=\"Bajo el sol de medianoche\"><\/a>\n\t<\/div>\n<\/div>\n<\/div>\n<\/li>\n\t\t\t\n\t\t\t\n\t\t\t\t\t\t\t\t\t\t\t\t\t\t\t\t\t\t\t\t\t\t\t\t\t\t\t\t\t\t\t\t\t\t\t\t\t\t\t\t\t\t\t\t\t\t\t\t\t\t\t\t\t\t\t\t\t\t\t\t\t\t\t\t\t\t\t\t<\/ul>\n\t<\/div>\n\t<div class=\"fusion-date-and-formats\"><div class=\"fusion-date-box updated\"><span class=\"fusion-date\">10<\/span><span class=\"fusion-month-year\">07, 2015<\/span><\/div><div class=\"fusion-format-box\"><i class=\"awb-icon-pen\" aria-hidden=\"true\"><\/i><\/div><\/div><div class=\"fusion-post-content post-content\"><h2 class=\"blog-shortcode-post-title\"><a href=\"https:\/\/cortomaltese.com\/es\/bajo-el-sol-de-medianoche\/\">Bajo el sol de medianoche<\/a><\/h2><p class=\"fusion-single-line-meta\">By <span><a href=\"https:\/\/cortomaltese.com\/es\/author\/cortomaltese\/\" title=\"Entradas de Corto Maltese\" rel=\"author\">Corto Maltese<\/a><\/span><span class=\"fusion-inline-sep\">|<\/span><span>10 julio, 2015<\/span><span class=\"fusion-inline-sep\">|<\/span><\/p><div class=\"fusion-post-content-container\"><p> Corto Malt\u00e8s - Bajo el sol de medianoche El 1 de octubre la editorial Rizzoli Lizard publica la trig\u00e9sima aventura de Corto Malt\u00e9s, la primera no firmada por Hugo Pratt.   La historia,<a href=\"https:\/\/cortomaltese.com\/es\/bajo-el-sol-de-medianoche\/\"> [...]<\/a><\/p><\/div><\/div><div class=\"fusion-clearfix\"><\/div><div class=\"fusion-meta-info\"><div class=\"fusion-alignright\"><a class=\"fusion-read-more\" href=\"https:\/\/cortomaltese.com\/es\/bajo-el-sol-de-medianoche\/\" aria-label=\"More on Bajo el sol de medianoche\">Read More<\/a><\/div><\/div><\/article>\n<article id=\"blog-1-post-15066\" class=\"fusion-post-large-alternate post-15066 post type-post status-publish format-standard has-post-thumbnail hentry category-destacado category-noticias tag-dominique-petifaux tag-hugo-pratt\">\n\t<style type=\"text\/css\">\n\t\t\n\t\t\n\t\t\n\t\t\n\t\t\t<\/style>\n\n\n\t\t\t<div class=\"fusion-flexslider flexslider fusion-flexslider-loading fusion-post-slideshow\" style=\"\">\n\t\t<ul class=\"slides\">\n\t\t\t\n\t\t\t\t\t\t\t\t\t\t\t\t\t\t<li><div  class=\"fusion-image-wrapper\" aria-haspopup=\"true\">\n\t\t\t\t<img decoding=\"async\" width=\"867\" height=\"1280\" src=\"https:\/\/cortomaltese.com\/es\/wp-content\/uploads\/sites\/10\/PRATT-CAMISA-1280.jpg\" class=\"attachment-full size-full wp-post-image\" alt=\"A la sombra de Corto\" srcset=\"https:\/\/cortomaltese.com\/es\/wp-content\/uploads\/sites\/10\/PRATT-CAMISA-1280-200x295.jpg 200w, https:\/\/cortomaltese.com\/es\/wp-content\/uploads\/sites\/10\/PRATT-CAMISA-1280-400x591.jpg 400w, https:\/\/cortomaltese.com\/es\/wp-content\/uploads\/sites\/10\/PRATT-CAMISA-1280-600x886.jpg 600w, https:\/\/cortomaltese.com\/es\/wp-content\/uploads\/sites\/10\/PRATT-CAMISA-1280-800x1181.jpg 800w, https:\/\/cortomaltese.com\/es\/wp-content\/uploads\/sites\/10\/PRATT-CAMISA-1280.jpg 867w\" sizes=\"(max-width: 800px) 100vw, 867px\" \/><div class=\"fusion-rollover\">\n\t<div class=\"fusion-rollover-content\">\n\n\t\t\t\t\t\t\t\t\t\t\t\t\t\t<a class=\"fusion-rollover-link\" href=\"https:\/\/cortomaltese.com\/es\/a-la-sombra-de-corto\/\">A la sombra de Corto,  Conversaciones con Dominique Petifaux<\/a>\n\t\t\t\n\t\t\t\t\t\t\t\t\n\t\t\n\t\t\t\t\t\t\t\t\t\t\t\t<h4 class=\"fusion-rollover-title\">\n\t\t\t\t\t<a class=\"fusion-rollover-title-link\" href=\"https:\/\/cortomaltese.com\/es\/a-la-sombra-de-corto\/\">\n\t\t\t\t\t\tA la sombra de Corto,  Conversaciones con Dominique Petifaux\t\t\t\t\t<\/a>\n\t\t\t\t<\/h4>\n\t\t\t\n\t\t\t\t\t\t\t\t\n\t\t\n\t\t\t\t\t\t<a class=\"fusion-link-wrapper\" href=\"https:\/\/cortomaltese.com\/es\/a-la-sombra-de-corto\/\" aria-label=\"A la sombra de Corto,  Conversaciones con Dominique Petifaux\"><\/a>\n\t<\/div>\n<\/div>\n<\/div>\n<\/li>\n\t\t\t\n\t\t\t\n\t\t\t\t\t\t\t\t\t\t\t\t\t\t\t\t\t\t\t\t\t\t\t\t\t\t\t\t\t\t\t\t\t\t\t\t\t\t\t\t\t\t\t\t\t\t\t\t\t\t\t\t\t\t\t\t\t\t\t\t\t\t\t\t\t\t\t\t<\/ul>\n\t<\/div>\n\t<div class=\"fusion-date-and-formats\"><div class=\"fusion-date-box updated\"><span class=\"fusion-date\">8<\/span><span class=\"fusion-month-year\">07, 2015<\/span><\/div><div class=\"fusion-format-box\"><i class=\"awb-icon-pen\" aria-hidden=\"true\"><\/i><\/div><\/div><div class=\"fusion-post-content post-content\"><h2 class=\"blog-shortcode-post-title\"><a href=\"https:\/\/cortomaltese.com\/es\/a-la-sombra-de-corto\/\">A la sombra de Corto,  Conversaciones con Dominique Petifaux<\/a><\/h2><p class=\"fusion-single-line-meta\">By <span><a href=\"https:\/\/cortomaltese.com\/es\/author\/cortomaltese\/\" title=\"Entradas de Corto Maltese\" rel=\"author\">Corto Maltese<\/a><\/span><span class=\"fusion-inline-sep\">|<\/span><span>8 julio, 2015<\/span><span class=\"fusion-inline-sep\">|<\/span><\/p><div class=\"fusion-post-content-container\"><p>Durante varios a\u00f1os Dominique Petitfaux se entrevist\u00f3 con Hugo Pratt sobre los aspectos m\u00e1s variados de su obra. <\/p><\/div><\/div><div class=\"fusion-clearfix\"><\/div><div class=\"fusion-meta-info\"><div class=\"fusion-alignright\"><a class=\"fusion-read-more\" href=\"https:\/\/cortomaltese.com\/es\/a-la-sombra-de-corto\/\" aria-label=\"More on A la sombra de Corto,  Conversaciones con Dominique Petifaux\">Read More<\/a><\/div><\/div><\/article>\n<article id=\"blog-1-post-1470\" class=\"fusion-post-large-alternate post-1470 post type-post status-publish format-standard has-post-thumbnail hentry category-corto-maltese category-featured category-hugo-pratt category-noticias\">\n\t<style type=\"text\/css\">\n\t\t\n\t\t\n\t\t\n\t\t\n\t\t\t<\/style>\n\n\n\t\t\t<div class=\"fusion-flexslider flexslider fusion-flexslider-loading fusion-post-slideshow\" style=\"\">\n\t\t<ul class=\"slides\">\n\t\t\t\n\t\t\t\t\t\t\t\t\t\t\t\t\t\t<li><div  class=\"fusion-image-wrapper\" aria-haspopup=\"true\">\n\t\t\t\t<img decoding=\"async\" width=\"1024\" height=\"672\" src=\"https:\/\/cortomaltese.com\/es\/wp-content\/uploads\/sites\/10\/Hugo-Pratt-a-Grandveaux.jpg\" class=\"attachment-full size-full wp-post-image\" alt=\"\" srcset=\"https:\/\/cortomaltese.com\/es\/wp-content\/uploads\/sites\/10\/Hugo-Pratt-a-Grandveaux-200x131.jpg 200w, https:\/\/cortomaltese.com\/es\/wp-content\/uploads\/sites\/10\/Hugo-Pratt-a-Grandveaux-400x263.jpg 400w, https:\/\/cortomaltese.com\/es\/wp-content\/uploads\/sites\/10\/Hugo-Pratt-a-Grandveaux-600x394.jpg 600w, https:\/\/cortomaltese.com\/es\/wp-content\/uploads\/sites\/10\/Hugo-Pratt-a-Grandveaux-800x525.jpg 800w, https:\/\/cortomaltese.com\/es\/wp-content\/uploads\/sites\/10\/Hugo-Pratt-a-Grandveaux.jpg 1024w\" sizes=\"(max-width: 800px) 100vw, 1024px\" \/><div class=\"fusion-rollover\">\n\t<div class=\"fusion-rollover-content\">\n\n\t\t\t\t\t\t\t\t\t\t\t\t\t\t<a class=\"fusion-rollover-link\" href=\"https:\/\/cortomaltese.com\/es\/cong-hugo-pratt-art-properties\/\">Nace el sitio web de Cong &#8211; Hugo Pratt art properties<\/a>\n\t\t\t\n\t\t\t\t\t\t\t\t\n\t\t\n\t\t\t\t\t\t\t\t\t\t\t\t<h4 class=\"fusion-rollover-title\">\n\t\t\t\t\t<a class=\"fusion-rollover-title-link\" href=\"https:\/\/cortomaltese.com\/es\/cong-hugo-pratt-art-properties\/\">\n\t\t\t\t\t\tNace el sitio web de Cong &#8211; Hugo Pratt art properties\t\t\t\t\t<\/a>\n\t\t\t\t<\/h4>\n\t\t\t\n\t\t\t\t\t\t\t\t\n\t\t\n\t\t\t\t\t\t<a class=\"fusion-link-wrapper\" href=\"https:\/\/cortomaltese.com\/es\/cong-hugo-pratt-art-properties\/\" aria-label=\"Nace el sitio web de Cong &#8211; Hugo Pratt art properties\"><\/a>\n\t<\/div>\n<\/div>\n<\/div>\n<\/li>\n\t\t\t\n\t\t\t\n\t\t\t\t\t\t\t\t\t\t\t\t\t\t\t\t\t\t\t\t\t\t\t\t\t\t\t\t\t\t\t\t\t\t\t\t\t\t\t\t\t\t\t\t\t\t\t\t\t\t\t\t\t\t\t\t\t\t\t\t\t\t\t\t\t\t\t\t<\/ul>\n\t<\/div>\n\t<div class=\"fusion-date-and-formats\"><div class=\"fusion-date-box updated\"><span class=\"fusion-date\">12<\/span><span class=\"fusion-month-year\">12, 2014<\/span><\/div><div class=\"fusion-format-box\"><i class=\"awb-icon-pen\" aria-hidden=\"true\"><\/i><\/div><\/div><div class=\"fusion-post-content post-content\"><h2 class=\"blog-shortcode-post-title\"><a href=\"https:\/\/cortomaltese.com\/es\/cong-hugo-pratt-art-properties\/\">Nace el sitio web de Cong &#8211; Hugo Pratt art properties<\/a><\/h2><p class=\"fusion-single-line-meta\">By <span><a href=\"https:\/\/cortomaltese.com\/es\/author\/cortomaltese\/\" title=\"Entradas de Corto Maltese\" rel=\"author\">Corto Maltese<\/a><\/span><span class=\"fusion-inline-sep\">|<\/span><span>12 diciembre, 2014<\/span><span class=\"fusion-inline-sep\">|<\/span><\/p><div class=\"fusion-post-content-container\"><p> Cong se convierte en editorial de libros electr\u00f3nicos en ingl\u00e9s con la serie Los Escorpiones del desierto y lanza la nueva serie de Corto Malt\u00e9s con el primer t\u00edtulo publicado en octubre de 2015.<a href=\"https:\/\/cortomaltese.com\/es\/cong-hugo-pratt-art-properties\/\"> [...]<\/a><\/p><\/div><\/div><div class=\"fusion-clearfix\"><\/div><div class=\"fusion-meta-info\"><div class=\"fusion-alignright\"><a class=\"fusion-read-more\" href=\"https:\/\/cortomaltese.com\/es\/cong-hugo-pratt-art-properties\/\" aria-label=\"More on Nace el sitio web de Cong &#8211; Hugo Pratt art properties\">Read More<\/a><\/div><\/div><\/article>\n<article id=\"blog-1-post-1423\" class=\"fusion-post-large-alternate post-1423 post type-post status-publish format-standard has-post-thumbnail hentry category-corto-maltese category-featured category-noticias\">\n\t<style type=\"text\/css\">\n\t\t\n\t\t\n\t\t\n\t\t\n\t\t\t<\/style>\n\n\n\t\t\t<div class=\"fusion-flexslider flexslider fusion-flexslider-loading fusion-post-slideshow\" style=\"\">\n\t\t<ul class=\"slides\">\n\t\t\t\n\t\t\t\t\t\t\t\t\t\t\t\t\t\t<li><div  class=\"fusion-image-wrapper\" aria-haspopup=\"true\">\n\t\t\t\t<img decoding=\"async\" width=\"595\" height=\"400\" src=\"https:\/\/cortomaltese.com\/es\/wp-content\/uploads\/sites\/10\/secrets-of-venice-the-game.jpg\" class=\"attachment-full size-full wp-post-image\" alt=\"\" srcset=\"https:\/\/cortomaltese.com\/es\/wp-content\/uploads\/sites\/10\/secrets-of-venice-the-game-200x134.jpg 200w, https:\/\/cortomaltese.com\/es\/wp-content\/uploads\/sites\/10\/secrets-of-venice-the-game-400x269.jpg 400w, https:\/\/cortomaltese.com\/es\/wp-content\/uploads\/sites\/10\/secrets-of-venice-the-game.jpg 595w\" sizes=\"(max-width: 800px) 100vw, 595px\" \/><div class=\"fusion-rollover\">\n\t<div class=\"fusion-rollover-content\">\n\n\t\t\t\t\t\t\t\t\t\t\t\t\t\t<a class=\"fusion-rollover-link\" href=\"https:\/\/cortomaltese.com\/es\/secretos-de-venecia-juego\/\">Los secretos de Venecia: el juego<\/a>\n\t\t\t\n\t\t\t\t\t\t\t\t\n\t\t\n\t\t\t\t\t\t\t\t\t\t\t\t<h4 class=\"fusion-rollover-title\">\n\t\t\t\t\t<a class=\"fusion-rollover-title-link\" href=\"https:\/\/cortomaltese.com\/es\/secretos-de-venecia-juego\/\">\n\t\t\t\t\t\tLos secretos de Venecia: el juego\t\t\t\t\t<\/a>\n\t\t\t\t<\/h4>\n\t\t\t\n\t\t\t\t\t\t\t\t\n\t\t\n\t\t\t\t\t\t<a class=\"fusion-link-wrapper\" href=\"https:\/\/cortomaltese.com\/es\/secretos-de-venecia-juego\/\" aria-label=\"Los secretos de Venecia: el juego\"><\/a>\n\t<\/div>\n<\/div>\n<\/div>\n<\/li>\n\t\t\t\n\t\t\t\n\t\t\t\t\t\t\t\t\t\t\t\t\t\t\t\t\t\t\t\t\t\t\t\t\t\t\t\t\t\t\t\t\t\t\t\t\t\t\t\t\t\t\t\t\t\t\t\t\t\t\t\t\t\t\t\t\t\t\t\t\t\t\t\t\t\t\t\t<\/ul>\n\t<\/div>\n\t<div class=\"fusion-date-and-formats\"><div class=\"fusion-date-box updated\"><span class=\"fusion-date\">28<\/span><span class=\"fusion-month-year\">10, 2014<\/span><\/div><div class=\"fusion-format-box\"><i class=\"awb-icon-pen\" aria-hidden=\"true\"><\/i><\/div><\/div><div class=\"fusion-post-content post-content\"><h2 class=\"blog-shortcode-post-title\"><a href=\"https:\/\/cortomaltese.com\/es\/secretos-de-venecia-juego\/\">Los secretos de Venecia: el juego<\/a><\/h2><p class=\"fusion-single-line-meta\">By <span><a href=\"https:\/\/cortomaltese.com\/es\/author\/cortomaltese\/\" title=\"Entradas de Corto Maltese\" rel=\"author\">Corto Maltese<\/a><\/span><span class=\"fusion-inline-sep\">|<\/span><span>28 octubre, 2014<\/span><span class=\"fusion-inline-sep\">|<\/span><\/p><div class=\"fusion-post-content-container\"><p> Los secretos de Venecia, la primera aventura digital de Corto Malt\u00e9s.   El jugador tendr\u00e1 que luchar contra un veneno devastador, esquivar balas y explosiones, enfrentarse a lo desconocido y, finalmente, abrir las<a href=\"https:\/\/cortomaltese.com\/es\/secretos-de-venecia-juego\/\"> [...]<\/a><\/p><\/div><\/div><div class=\"fusion-clearfix\"><\/div><div class=\"fusion-meta-info\"><div class=\"fusion-alignright\"><a class=\"fusion-read-more\" href=\"https:\/\/cortomaltese.com\/es\/secretos-de-venecia-juego\/\" aria-label=\"More on Los secretos de Venecia: el juego\">Read More<\/a><\/div><\/div><\/article>\n<article id=\"blog-1-post-1376\" class=\"fusion-post-large-alternate post-1376 post type-post status-publish format-standard has-post-thumbnail hentry category-corto-maltese category-featured category-noticias\">\n\t<style type=\"text\/css\">\n\t\t\n\t\t\n\t\t\n\t\t\n\t\t\t<\/style>\n\n\n\t\t\t<div class=\"fusion-flexslider flexslider fusion-flexslider-loading fusion-post-slideshow\" style=\"\">\n\t\t<ul class=\"slides\">\n\t\t\t\n\t\t\t\t\t\t\t\t\t\t\t\t\t\t<li><div  class=\"fusion-image-wrapper\" aria-haspopup=\"true\">\n\t\t\t\t<img decoding=\"async\" width=\"800\" height=\"800\" src=\"https:\/\/cortomaltese.com\/es\/wp-content\/uploads\/sites\/10\/corto-gioco-ufficiale-di-corto-maltese-edizione-matagot-inglese-e-francese.jpg\" class=\"attachment-full size-full wp-post-image\" alt=\"\" srcset=\"https:\/\/cortomaltese.com\/es\/wp-content\/uploads\/sites\/10\/corto-gioco-ufficiale-di-corto-maltese-edizione-matagot-inglese-e-francese-200x200.jpg 200w, https:\/\/cortomaltese.com\/es\/wp-content\/uploads\/sites\/10\/corto-gioco-ufficiale-di-corto-maltese-edizione-matagot-inglese-e-francese-400x400.jpg 400w, https:\/\/cortomaltese.com\/es\/wp-content\/uploads\/sites\/10\/corto-gioco-ufficiale-di-corto-maltese-edizione-matagot-inglese-e-francese-600x600.jpg 600w, https:\/\/cortomaltese.com\/es\/wp-content\/uploads\/sites\/10\/corto-gioco-ufficiale-di-corto-maltese-edizione-matagot-inglese-e-francese.jpg 800w\" sizes=\"(max-width: 800px) 100vw, 800px\" \/><div class=\"fusion-rollover\">\n\t<div class=\"fusion-rollover-content\">\n\n\t\t\t\t\t\t\t\t\t\t\t\t\t\t<a class=\"fusion-rollover-link\" href=\"https:\/\/cortomaltese.com\/es\/corto-el-juego-de-sociedad\/\">Corto: el juego de sociedad<\/a>\n\t\t\t\n\t\t\t\t\t\t\t\t\n\t\t\n\t\t\t\t\t\t\t\t\t\t\t\t<h4 class=\"fusion-rollover-title\">\n\t\t\t\t\t<a class=\"fusion-rollover-title-link\" href=\"https:\/\/cortomaltese.com\/es\/corto-el-juego-de-sociedad\/\">\n\t\t\t\t\t\tCorto: el juego de sociedad\t\t\t\t\t<\/a>\n\t\t\t\t<\/h4>\n\t\t\t\n\t\t\t\t\t\t\t\t\n\t\t\n\t\t\t\t\t\t<a class=\"fusion-link-wrapper\" href=\"https:\/\/cortomaltese.com\/es\/corto-el-juego-de-sociedad\/\" aria-label=\"Corto: el juego de sociedad\"><\/a>\n\t<\/div>\n<\/div>\n<\/div>\n<\/li>\n\t\t\t\n\t\t\t\n\t\t\t\t\t\t\t\t\t\t\t\t\t\t\t\t\t\t\t\t\t\t\t\t\t\t\t\t\t\t\t\t\t\t\t\t\t\t\t\t\t\t\t\t\t\t\t\t\t\t\t\t\t\t\t\t\t\t\t\t\t\t\t\t\t\t\t\t<\/ul>\n\t<\/div>\n\t<div class=\"fusion-date-and-formats\"><div class=\"fusion-date-box updated\"><span class=\"fusion-date\">5<\/span><span class=\"fusion-month-year\">12, 2013<\/span><\/div><div class=\"fusion-format-box\"><i class=\"awb-icon-pen\" aria-hidden=\"true\"><\/i><\/div><\/div><div class=\"fusion-post-content post-content\"><h2 class=\"blog-shortcode-post-title\"><a href=\"https:\/\/cortomaltese.com\/es\/corto-el-juego-de-sociedad\/\">Corto: el juego de sociedad<\/a><\/h2><p class=\"fusion-single-line-meta\">By <span><a href=\"https:\/\/cortomaltese.com\/es\/author\/cortomaltese\/\" title=\"Entradas de Corto Maltese\" rel=\"author\">Corto Maltese<\/a><\/span><span class=\"fusion-inline-sep\">|<\/span><span>5 diciembre, 2013<\/span><span class=\"fusion-inline-sep\">|<\/span><\/p><div class=\"fusion-post-content-container\"><p> \u00abCORTO\u00bb es el primer juego de sociedad inspirado en el mundo m\u00e1gico y aventurero de Corto Malt\u00e9s.   Elegid vuestras aventuras y vividlas directamente. Con el apoyo de Corto y a pesar de<a href=\"https:\/\/cortomaltese.com\/es\/corto-el-juego-de-sociedad\/\"> [...]<\/a><\/p><\/div><\/div><div class=\"fusion-clearfix\"><\/div><div class=\"fusion-meta-info\"><div class=\"fusion-alignright\"><a class=\"fusion-read-more\" href=\"https:\/\/cortomaltese.com\/es\/corto-el-juego-de-sociedad\/\" aria-label=\"More on Corto: el juego de sociedad\">Read More<\/a><\/div><\/div><\/article>\n<article id=\"blog-1-post-1330\" class=\"fusion-post-large-alternate post-1330 post type-post status-publish format-standard has-post-thumbnail hentry category-corto-maltese category-featured category-hugo-pratt category-noticias\">\n\t<style type=\"text\/css\">\n\t\t\n\t\t\n\t\t\n\t\t\n\t\t\t<\/style>\n\n\n\t\t\t<div class=\"fusion-flexslider flexslider fusion-flexslider-loading fusion-post-slideshow\" style=\"\">\n\t\t<ul class=\"slides\">\n\t\t\t\n\t\t\t\t\t\t\t\t\t\t\t\t\t\t<li><div  class=\"fusion-image-wrapper\" aria-haspopup=\"true\">\n\t\t\t\t<img decoding=\"async\" width=\"670\" height=\"674\" src=\"https:\/\/cortomaltese.com\/es\/wp-content\/uploads\/sites\/10\/Hugo-Pratt-Periplo-Incantato.jpg\" class=\"attachment-full size-full wp-post-image\" alt=\"\" srcset=\"https:\/\/cortomaltese.com\/es\/wp-content\/uploads\/sites\/10\/Hugo-Pratt-Periplo-Incantato-200x201.jpg 200w, https:\/\/cortomaltese.com\/es\/wp-content\/uploads\/sites\/10\/Hugo-Pratt-Periplo-Incantato-400x402.jpg 400w, https:\/\/cortomaltese.com\/es\/wp-content\/uploads\/sites\/10\/Hugo-Pratt-Periplo-Incantato-600x604.jpg 600w, https:\/\/cortomaltese.com\/es\/wp-content\/uploads\/sites\/10\/Hugo-Pratt-Periplo-Incantato.jpg 670w\" sizes=\"(max-width: 800px) 100vw, 670px\" \/><div class=\"fusion-rollover\">\n\t<div class=\"fusion-rollover-content\">\n\n\t\t\t\t\t\t\t\t\t\t\t\t\t\t<a class=\"fusion-rollover-link\" href=\"https:\/\/cortomaltese.com\/es\/hugo-pratt-periplo-encantado-2013\/\">Hugo Pratt: Periplo encantado (2013)<\/a>\n\t\t\t\n\t\t\t\t\t\t\t\t\n\t\t\n\t\t\t\t\t\t\t\t\t\t\t\t<h4 class=\"fusion-rollover-title\">\n\t\t\t\t\t<a class=\"fusion-rollover-title-link\" href=\"https:\/\/cortomaltese.com\/es\/hugo-pratt-periplo-encantado-2013\/\">\n\t\t\t\t\t\tHugo Pratt: Periplo encantado (2013)\t\t\t\t\t<\/a>\n\t\t\t\t<\/h4>\n\t\t\t\n\t\t\t\t\t\t\t\t\n\t\t\n\t\t\t\t\t\t<a class=\"fusion-link-wrapper\" href=\"https:\/\/cortomaltese.com\/es\/hugo-pratt-periplo-encantado-2013\/\" aria-label=\"Hugo Pratt: Periplo encantado (2013)\"><\/a>\n\t<\/div>\n<\/div>\n<\/div>\n<\/li>\n\t\t\t\n\t\t\t\n\t\t\t\t\t\t\t\t\t\t\t\t\t\t\t\t\t\t\t\t\t\t\t\t\t\t\t\t\t\t\t\t\t\t\t\t\t\t\t\t\t\t\t\t\t\t\t\t\t\t\t\t\t\t\t\t\t\t\t\t\t\t\t\t\t\t\t\t<\/ul>\n\t<\/div>\n\t<div class=\"fusion-date-and-formats\"><div class=\"fusion-date-box updated\"><span class=\"fusion-date\">7<\/span><span class=\"fusion-month-year\">11, 2013<\/span><\/div><div class=\"fusion-format-box\"><i class=\"awb-icon-pen\" aria-hidden=\"true\"><\/i><\/div><\/div><div class=\"fusion-post-content post-content\"><h2 class=\"blog-shortcode-post-title\"><a href=\"https:\/\/cortomaltese.com\/es\/hugo-pratt-periplo-encantado-2013\/\">Hugo Pratt: Periplo encantado (2013)<\/a><\/h2><p class=\"fusion-single-line-meta\">By <span><a href=\"https:\/\/cortomaltese.com\/es\/author\/cortomaltese\/\" title=\"Entradas de Corto Maltese\" rel=\"author\">Corto Maltese<\/a><\/span><span class=\"fusion-inline-sep\">|<\/span><span>7 noviembre, 2013<\/span><span class=\"fusion-inline-sep\">|<\/span><\/p><div class=\"fusion-post-content-container\"><p> Periplo encantado, dedicado enteramente a los 50 a\u00f1os de c\u00f3mics de Hugo Pratt.   Versi\u00f3n triling\u00fce: italiano \/ ingl\u00e9s \/ franc\u00e9s. Disponible en librer\u00edas a partir del 6 de noviembre de 2013. <a href=\"https:\/\/cortomaltese.com\/es\/hugo-pratt-periplo-encantado-2013\/\"> [...]<\/a><\/p><\/div><\/div><div class=\"fusion-clearfix\"><\/div><div class=\"fusion-meta-info\"><div class=\"fusion-alignright\"><a class=\"fusion-read-more\" href=\"https:\/\/cortomaltese.com\/es\/hugo-pratt-periplo-encantado-2013\/\" aria-label=\"More on Hugo Pratt: Periplo encantado (2013)\">Read More<\/a><\/div><\/div><\/article>\n<article id=\"blog-1-post-1274\" class=\"fusion-post-large-alternate post-1274 post type-post status-publish format-standard has-post-thumbnail hentry category-corto-maltese category-eventos category-featured category-noticias\">\n\t<style type=\"text\/css\">\n\t\t\n\t\t\n\t\t\n\t\t\n\t\t\t<\/style>\n\n\n\t\t\t<div class=\"fusion-flexslider flexslider fusion-flexslider-loading fusion-post-slideshow\" style=\"\">\n\t\t<ul class=\"slides\">\n\t\t\t\n\t\t\t\t\t\t\t\t\t\t\t\t\t\t<li><div  class=\"fusion-image-wrapper\" aria-haspopup=\"true\">\n\t\t\t\t<img decoding=\"async\" width=\"466\" height=\"596\" src=\"https:\/\/cortomaltese.com\/es\/wp-content\/uploads\/sites\/10\/histore-marianne.jpg\" class=\"attachment-full size-full wp-post-image\" alt=\"\" srcset=\"https:\/\/cortomaltese.com\/es\/wp-content\/uploads\/sites\/10\/histore-marianne-200x256.jpg 200w, https:\/\/cortomaltese.com\/es\/wp-content\/uploads\/sites\/10\/histore-marianne-400x512.jpg 400w, https:\/\/cortomaltese.com\/es\/wp-content\/uploads\/sites\/10\/histore-marianne.jpg 466w\" sizes=\"(max-width: 800px) 100vw, 466px\" \/><div class=\"fusion-rollover\">\n\t<div class=\"fusion-rollover-content\">\n\n\t\t\t\t\t\t\t\t\t\t\t\t\t\t<a class=\"fusion-rollover-link\" href=\"https:\/\/cortomaltese.com\/es\/relatos-del-mundo-etapas-del-tiempo\/\">Corto Malt\u00e9s. Relatos del mundo, etapas del tiempo<\/a>\n\t\t\t\n\t\t\t\t\t\t\t\t\n\t\t\n\t\t\t\t\t\t\t\t\t\t\t\t<h4 class=\"fusion-rollover-title\">\n\t\t\t\t\t<a class=\"fusion-rollover-title-link\" href=\"https:\/\/cortomaltese.com\/es\/relatos-del-mundo-etapas-del-tiempo\/\">\n\t\t\t\t\t\tCorto Malt\u00e9s. Relatos del mundo, etapas del tiempo\t\t\t\t\t<\/a>\n\t\t\t\t<\/h4>\n\t\t\t\n\t\t\t\t\t\t\t\t\n\t\t\n\t\t\t\t\t\t<a class=\"fusion-link-wrapper\" href=\"https:\/\/cortomaltese.com\/es\/relatos-del-mundo-etapas-del-tiempo\/\" aria-label=\"Corto Malt\u00e9s. Relatos del mundo, etapas del tiempo\"><\/a>\n\t<\/div>\n<\/div>\n<\/div>\n<\/li>\n\t\t\t\n\t\t\t\n\t\t\t\t\t\t\t\t\t\t\t\t\t\t\t\t\t\t\t\t\t\t\t\t\t\t\t\t\t\t\t\t\t\t\t\t\t\t\t\t\t\t\t\t\t\t\t\t\t\t\t\t\t\t\t\t\t\t\t\t\t\t\t\t\t\t\t\t<\/ul>\n\t<\/div>\n\t<div class=\"fusion-date-and-formats\"><div class=\"fusion-date-box updated\"><span class=\"fusion-date\">15<\/span><span class=\"fusion-month-year\">07, 2013<\/span><\/div><div class=\"fusion-format-box\"><i class=\"awb-icon-pen\" aria-hidden=\"true\"><\/i><\/div><\/div><div class=\"fusion-post-content post-content\"><h2 class=\"blog-shortcode-post-title\"><a href=\"https:\/\/cortomaltese.com\/es\/relatos-del-mundo-etapas-del-tiempo\/\">Corto Malt\u00e9s. Relatos del mundo, etapas del tiempo<\/a><\/h2><p class=\"fusion-single-line-meta\">By <span><a href=\"https:\/\/cortomaltese.com\/es\/author\/cortomaltese\/\" title=\"Entradas de Corto Maltese\" rel=\"author\">Corto Maltese<\/a><\/span><span class=\"fusion-inline-sep\">|<\/span><span>15 julio, 2013<\/span><span class=\"fusion-inline-sep\">|<\/span><\/p><div class=\"fusion-post-content-container\"><p> Venta en kioscos a partir del 18 de julio de 2013 (Francia, B\u00e9lgica, Suiza y Canad\u00e1) de un n\u00famero especial dedicado a Corto Malt\u00e9s publicado conjuntamente por las revistas L'Histoire y Marianne.  <a href=\"https:\/\/cortomaltese.com\/es\/relatos-del-mundo-etapas-del-tiempo\/\"> [...]<\/a><\/p><\/div><\/div><div class=\"fusion-clearfix\"><\/div><div class=\"fusion-meta-info\"><div class=\"fusion-alignright\"><a class=\"fusion-read-more\" href=\"https:\/\/cortomaltese.com\/es\/relatos-del-mundo-etapas-del-tiempo\/\" aria-label=\"More on Corto Malt\u00e9s. Relatos del mundo, etapas del tiempo\">Read More<\/a><\/div><\/div><\/article>\n<article id=\"blog-1-post-1128\" class=\"fusion-post-large-alternate post-1128 post type-post status-publish format-standard has-post-thumbnail hentry category-featured category-hugo-pratt category-noticias\">\n\t<style type=\"text\/css\">\n\t\t\n\t\t\n\t\t\n\t\t\n\t\t\t<\/style>\n\n\n\t\t\t<div class=\"fusion-flexslider flexslider fusion-flexslider-loading fusion-post-slideshow\" style=\"\">\n\t\t<ul class=\"slides\">\n\t\t\t\n\t\t\t\t\t\t\t\t\t\t\t\t\t\t<li><div  class=\"fusion-image-wrapper\" aria-haspopup=\"true\">\n\t\t\t\t<img decoding=\"async\" width=\"567\" height=\"364\" src=\"https:\/\/cortomaltese.com\/es\/wp-content\/uploads\/sites\/10\/Hugo-Pratt-Tuttifumetti.gif\" class=\"attachment-full size-full wp-post-image\" alt=\"\" \/><div class=\"fusion-rollover\">\n\t<div class=\"fusion-rollover-content\">\n\n\t\t\t\t\t\t\t\t\t\t\t\t\t\t<a class=\"fusion-rollover-link\" href=\"https:\/\/cortomaltese.com\/es\/hugo-pratt-tuttifumetti\/\">Hugo Pratt Tuttifumetti<\/a>\n\t\t\t\n\t\t\t\t\t\t\t\t\n\t\t\n\t\t\t\t\t\t\t\t\t\t\t\t<h4 class=\"fusion-rollover-title\">\n\t\t\t\t\t<a class=\"fusion-rollover-title-link\" href=\"https:\/\/cortomaltese.com\/es\/hugo-pratt-tuttifumetti\/\">\n\t\t\t\t\t\tHugo Pratt Tuttifumetti\t\t\t\t\t<\/a>\n\t\t\t\t<\/h4>\n\t\t\t\n\t\t\t\t\t\t\t\t\n\t\t\n\t\t\t\t\t\t<a class=\"fusion-link-wrapper\" href=\"https:\/\/cortomaltese.com\/es\/hugo-pratt-tuttifumetti\/\" aria-label=\"Hugo Pratt Tuttifumetti\"><\/a>\n\t<\/div>\n<\/div>\n<\/div>\n<\/li>\n\t\t\t\n\t\t\t\n\t\t\t\t\t\t\t\t\t\t\t\t\t\t\t\t\t\t\t\t\t\t\t\t\t\t\t\t\t\t\t\t\t\t\t\t\t\t\t\t\t\t\t\t\t\t\t\t\t\t\t\t\t\t\t\t\t\t\t\t\t\t\t\t\t\t\t\t<\/ul>\n\t<\/div>\n\t<div class=\"fusion-date-and-formats\"><div class=\"fusion-date-box updated\"><span class=\"fusion-date\">27<\/span><span class=\"fusion-month-year\">08, 2011<\/span><\/div><div class=\"fusion-format-box\"><i class=\"awb-icon-pen\" aria-hidden=\"true\"><\/i><\/div><\/div><div class=\"fusion-post-content post-content\"><h2 class=\"blog-shortcode-post-title\"><a href=\"https:\/\/cortomaltese.com\/es\/hugo-pratt-tuttifumetti\/\">Hugo Pratt Tuttifumetti<\/a><\/h2><p class=\"fusion-single-line-meta\">By <span><a href=\"https:\/\/cortomaltese.com\/es\/author\/cortomaltese\/\" title=\"Entradas de Corto Maltese\" rel=\"author\">Corto Maltese<\/a><\/span><span class=\"fusion-inline-sep\">|<\/span><span>27 agosto, 2011<\/span><span class=\"fusion-inline-sep\">|<\/span><\/p><div class=\"fusion-post-content-container\"><p> Por primera vez se re\u00fane y cataloga por orden cronol\u00f3gico la imponente masa de publicaciones que conforman la totalidad de la obra gr\u00e1fica de Hugo Pratt en italiano, con el aditamento de las primeras<a href=\"https:\/\/cortomaltese.com\/es\/hugo-pratt-tuttifumetti\/\"> [...]<\/a><\/p><\/div><\/div><div class=\"fusion-clearfix\"><\/div><div class=\"fusion-meta-info\"><div class=\"fusion-alignright\"><a class=\"fusion-read-more\" href=\"https:\/\/cortomaltese.com\/es\/hugo-pratt-tuttifumetti\/\" aria-label=\"More on Hugo Pratt Tuttifumetti\">Read More<\/a><\/div><\/div><\/article>\n<\/div><\/div><div class=\"fusion-clearfix\"><\/div><\/div><\/div><\/div><\/div>\n","protected":false},"excerpt":{"rendered":"","protected":false},"author":1,"featured_media":12432,"parent":0,"menu_order":0,"comment_status":"open","ping_status":"open","template":"","meta":{"footnotes":""},"class_list":["post-25","page","type-page","status-publish","has-post-thumbnail","hentry"],"yoast_head":"<!-- This site is optimized with the Yoast SEO plugin v26.5 - https:\/\/yoast.com\/wordpress\/plugins\/seo\/ -->\n<title>Noticias | Corto Malt\u00e9s<\/title>\n<meta name=\"robots\" content=\"index, follow, max-snippet:-1, max-image-preview:large, max-video-preview:-1\" \/>\n<link rel=\"canonical\" href=\"https:\/\/cortomaltese.com\/es\/noticias\/\" \/>\n<meta property=\"og:locale\" content=\"es_ES\" \/>\n<meta property=\"og:type\" content=\"article\" \/>\n<meta property=\"og:title\" content=\"Noticias | Corto Malt\u00e9s\" \/>\n<meta property=\"og:url\" content=\"https:\/\/cortomaltese.com\/es\/noticias\/\" \/>\n<meta property=\"og:site_name\" content=\"cortomaltese espa\u00f1ol\" \/>\n<meta property=\"article:modified_time\" content=\"2018-04-16T13:13:45+00:00\" \/>\n<meta property=\"og:image\" content=\"https:\/\/cortomaltese.com\/es\/wp-content\/uploads\/sites\/10\/cortomaltese-home-slider.jpg\" \/>\n\t<meta property=\"og:image:width\" content=\"1024\" \/>\n\t<meta property=\"og:image:height\" content=\"514\" \/>\n\t<meta property=\"og:image:type\" content=\"image\/jpeg\" \/>\n<meta name=\"twitter:card\" content=\"summary_large_image\" \/>\n<meta name=\"twitter:label1\" content=\"Tiempo de lectura\" \/>\n\t<meta name=\"twitter:data1\" content=\"1 minuto\" \/>\n<script type=\"application\/ld+json\" class=\"yoast-schema-graph\">{\"@context\":\"https:\/\/schema.org\",\"@graph\":[{\"@type\":\"WebPage\",\"@id\":\"https:\/\/cortomaltese.com\/es\/noticias\/\",\"url\":\"https:\/\/cortomaltese.com\/es\/noticias\/\",\"name\":\"Noticias | Corto Malt\u00e9s\",\"isPartOf\":{\"@id\":\"https:\/\/cortomaltese.com\/es\/#website\"},\"primaryImageOfPage\":{\"@id\":\"https:\/\/cortomaltese.com\/es\/noticias\/#primaryimage\"},\"image\":{\"@id\":\"https:\/\/cortomaltese.com\/es\/noticias\/#primaryimage\"},\"thumbnailUrl\":\"https:\/\/cortomaltese.com\/es\/wp-content\/uploads\/sites\/10\/cortomaltese-home-slider.jpg\",\"datePublished\":\"2012-01-25T22:16:49+00:00\",\"dateModified\":\"2018-04-16T13:13:45+00:00\",\"breadcrumb\":{\"@id\":\"https:\/\/cortomaltese.com\/es\/noticias\/#breadcrumb\"},\"inLanguage\":\"es\",\"potentialAction\":[{\"@type\":\"ReadAction\",\"target\":[\"https:\/\/cortomaltese.com\/es\/noticias\/\"]}]},{\"@type\":\"ImageObject\",\"inLanguage\":\"es\",\"@id\":\"https:\/\/cortomaltese.com\/es\/noticias\/#primaryimage\",\"url\":\"https:\/\/cortomaltese.com\/es\/wp-content\/uploads\/sites\/10\/cortomaltese-home-slider.jpg\",\"contentUrl\":\"https:\/\/cortomaltese.com\/es\/wp-content\/uploads\/sites\/10\/cortomaltese-home-slider.jpg\",\"width\":1024,\"height\":514},{\"@type\":\"BreadcrumbList\",\"@id\":\"https:\/\/cortomaltese.com\/es\/noticias\/#breadcrumb\",\"itemListElement\":[{\"@type\":\"ListItem\",\"position\":1,\"name\":\"Portada\",\"item\":\"https:\/\/cortomaltese.com\/es\/\"},{\"@type\":\"ListItem\",\"position\":2,\"name\":\"Noticias\"}]},{\"@type\":\"WebSite\",\"@id\":\"https:\/\/cortomaltese.com\/es\/#website\",\"url\":\"https:\/\/cortomaltese.com\/es\/\",\"name\":\"cortomaltese espa\u00f1ol\",\"description\":\"El sitio web oficial\",\"potentialAction\":[{\"@type\":\"SearchAction\",\"target\":{\"@type\":\"EntryPoint\",\"urlTemplate\":\"https:\/\/cortomaltese.com\/es\/?s={search_term_string}\"},\"query-input\":{\"@type\":\"PropertyValueSpecification\",\"valueRequired\":true,\"valueName\":\"search_term_string\"}}],\"inLanguage\":\"es\"}]}<\/script>\n<!-- \/ Yoast SEO plugin. -->","yoast_head_json":{"title":"Noticias | Corto Malt\u00e9s","robots":{"index":"index","follow":"follow","max-snippet":"max-snippet:-1","max-image-preview":"max-image-preview:large","max-video-preview":"max-video-preview:-1"},"canonical":"https:\/\/cortomaltese.com\/es\/noticias\/","og_locale":"es_ES","og_type":"article","og_title":"Noticias | Corto Malt\u00e9s","og_url":"https:\/\/cortomaltese.com\/es\/noticias\/","og_site_name":"cortomaltese espa\u00f1ol","article_modified_time":"2018-04-16T13:13:45+00:00","og_image":[{"width":1024,"height":514,"url":"https:\/\/cortomaltese.com\/es\/wp-content\/uploads\/sites\/10\/cortomaltese-home-slider.jpg","type":"image\/jpeg"}],"twitter_card":"summary_large_image","twitter_misc":{"Tiempo de lectura":"1 minuto"},"schema":{"@context":"https:\/\/schema.org","@graph":[{"@type":"WebPage","@id":"https:\/\/cortomaltese.com\/es\/noticias\/","url":"https:\/\/cortomaltese.com\/es\/noticias\/","name":"Noticias | Corto Malt\u00e9s","isPartOf":{"@id":"https:\/\/cortomaltese.com\/es\/#website"},"primaryImageOfPage":{"@id":"https:\/\/cortomaltese.com\/es\/noticias\/#primaryimage"},"image":{"@id":"https:\/\/cortomaltese.com\/es\/noticias\/#primaryimage"},"thumbnailUrl":"https:\/\/cortomaltese.com\/es\/wp-content\/uploads\/sites\/10\/cortomaltese-home-slider.jpg","datePublished":"2012-01-25T22:16:49+00:00","dateModified":"2018-04-16T13:13:45+00:00","breadcrumb":{"@id":"https:\/\/cortomaltese.com\/es\/noticias\/#breadcrumb"},"inLanguage":"es","potentialAction":[{"@type":"ReadAction","target":["https:\/\/cortomaltese.com\/es\/noticias\/"]}]},{"@type":"ImageObject","inLanguage":"es","@id":"https:\/\/cortomaltese.com\/es\/noticias\/#primaryimage","url":"https:\/\/cortomaltese.com\/es\/wp-content\/uploads\/sites\/10\/cortomaltese-home-slider.jpg","contentUrl":"https:\/\/cortomaltese.com\/es\/wp-content\/uploads\/sites\/10\/cortomaltese-home-slider.jpg","width":1024,"height":514},{"@type":"BreadcrumbList","@id":"https:\/\/cortomaltese.com\/es\/noticias\/#breadcrumb","itemListElement":[{"@type":"ListItem","position":1,"name":"Portada","item":"https:\/\/cortomaltese.com\/es\/"},{"@type":"ListItem","position":2,"name":"Noticias"}]},{"@type":"WebSite","@id":"https:\/\/cortomaltese.com\/es\/#website","url":"https:\/\/cortomaltese.com\/es\/","name":"cortomaltese espa\u00f1ol","description":"El sitio web oficial","potentialAction":[{"@type":"SearchAction","target":{"@type":"EntryPoint","urlTemplate":"https:\/\/cortomaltese.com\/es\/?s={search_term_string}"},"query-input":{"@type":"PropertyValueSpecification","valueRequired":true,"valueName":"search_term_string"}}],"inLanguage":"es"}]}},"_links":{"self":[{"href":"https:\/\/cortomaltese.com\/es\/wp-json\/wp\/v2\/pages\/25","targetHints":{"allow":["GET"]}}],"collection":[{"href":"https:\/\/cortomaltese.com\/es\/wp-json\/wp\/v2\/pages"}],"about":[{"href":"https:\/\/cortomaltese.com\/es\/wp-json\/wp\/v2\/types\/page"}],"author":[{"embeddable":true,"href":"https:\/\/cortomaltese.com\/es\/wp-json\/wp\/v2\/users\/1"}],"replies":[{"embeddable":true,"href":"https:\/\/cortomaltese.com\/es\/wp-json\/wp\/v2\/comments?post=25"}],"version-history":[{"count":0,"href":"https:\/\/cortomaltese.com\/es\/wp-json\/wp\/v2\/pages\/25\/revisions"}],"wp:featuredmedia":[{"embeddable":true,"href":"https:\/\/cortomaltese.com\/es\/wp-json\/wp\/v2\/media\/12432"}],"wp:attachment":[{"href":"https:\/\/cortomaltese.com\/es\/wp-json\/wp\/v2\/media?parent=25"}],"curies":[{"name":"wp","href":"https:\/\/api.w.org\/{rel}","templated":true}]}}