{"id":25,"date":"2012-01-25T22:16:49","date_gmt":"2012-01-25T22:16:49","guid":{"rendered":"http:\/\/localhost:8888\/?page_id=25"},"modified":"2017-03-02T15:44:02","modified_gmt":"2017-03-02T14:44:02","slug":"news","status":"publish","type":"page","link":"https:\/\/cortomaltese.com\/en\/news\/","title":{"rendered":"News"},"content":{"rendered":"<div class=\"fusion-fullwidth fullwidth-box fusion-builder-row-1 hundred-percent-fullwidth non-hundred-percent-height-scrolling\" style=\"--awb-border-radius-top-left:0px;--awb-border-radius-top-right:0px;--awb-border-radius-bottom-right:0px;--awb-border-radius-bottom-left:0px;--awb-overflow:visible;--awb-flex-wrap:wrap;\" ><div class=\"fusion-builder-row fusion-row\"><div class=\"fusion-layout-column fusion_builder_column fusion-builder-column-0 fusion_builder_column_1_1 1_1 fusion-one-full fusion-column-first fusion-column-last fusion-column-no-min-height\" style=\"--awb-bg-size:cover;--awb-margin-bottom:0px;\"><div class=\"fusion-column-wrapper fusion-flex-column-wrapper-legacy\"><div class=\"fusion-blog-shortcode fusion-blog-shortcode-1 fusion-blog-archive fusion-blog-layout-large-alternate fusion-blog-no\"><div class=\"fusion-posts-container fusion-posts-container-no fusion-blog-rollover\" data-pages=\"0\"><article id=\"blog-1-post-15251\" class=\"fusion-post-large-alternate post-15251 post type-post status-publish format-standard has-post-thumbnail hentry category-events category-featured category-news tag-corto-maltese tag-hugo-pratt\">\n\t<style type=\"text\/css\">\n\t\t\n\t\t\n\t\t\n\t\t\n\t\t\t<\/style>\n\n\n\t\t\t<div class=\"fusion-flexslider flexslider fusion-flexslider-loading fusion-post-slideshow\" style=\"\">\n\t\t<ul class=\"slides\">\n\t\t\t\n\t\t\t\t\t\t\t\t\t\t\t\t\t\t<li><div  class=\"fusion-image-wrapper\" aria-haspopup=\"true\">\n\t\t\t\t<img decoding=\"async\" width=\"866\" height=\"1116\" src=\"https:\/\/cortomaltese.com\/en\/wp-content\/uploads\/sites\/1\/affiche-liegi.jpg\" class=\"attachment-full size-full wp-post-image\" alt=\"Hugo Pratt Li\u00e8ge\" srcset=\"https:\/\/cortomaltese.com\/en\/wp-content\/uploads\/sites\/1\/affiche-liegi-200x258.jpg 200w, https:\/\/cortomaltese.com\/en\/wp-content\/uploads\/sites\/1\/affiche-liegi-400x515.jpg 400w, https:\/\/cortomaltese.com\/en\/wp-content\/uploads\/sites\/1\/affiche-liegi-600x773.jpg 600w, https:\/\/cortomaltese.com\/en\/wp-content\/uploads\/sites\/1\/affiche-liegi-800x1031.jpg 800w, https:\/\/cortomaltese.com\/en\/wp-content\/uploads\/sites\/1\/affiche-liegi.jpg 866w\" sizes=\"(max-width: 800px) 100vw, 866px\" \/><div class=\"fusion-rollover\">\n\t<div class=\"fusion-rollover-content\">\n\n\t\t\t\t\t\t\t\t\t\t\t\t\t\t<a class=\"fusion-rollover-link\" href=\"https:\/\/cortomaltese.com\/en\/hugo-pratt-in-liege-with-the-exhibition-imaginary-geographies\/\">Hugo Pratt in Li\u00e8ge. \u201cImaginary Geographies\u201d opens at Le Cadran Expo<\/a>\n\t\t\t\n\t\t\t\t\t\t\t\t\n\t\t\n\t\t\t\t\t\t\t\t\t\t\t\t<h4 class=\"fusion-rollover-title\">\n\t\t\t\t\t<a class=\"fusion-rollover-title-link\" href=\"https:\/\/cortomaltese.com\/en\/hugo-pratt-in-liege-with-the-exhibition-imaginary-geographies\/\">\n\t\t\t\t\t\tHugo Pratt in Li\u00e8ge. \u201cImaginary Geographies\u201d opens at Le Cadran Expo\t\t\t\t\t<\/a>\n\t\t\t\t<\/h4>\n\t\t\t\n\t\t\t\t\t\t\t\t\n\t\t\n\t\t\t\t\t\t<a class=\"fusion-link-wrapper\" href=\"https:\/\/cortomaltese.com\/en\/hugo-pratt-in-liege-with-the-exhibition-imaginary-geographies\/\" aria-label=\"Hugo Pratt in Li\u00e8ge. \u201cImaginary Geographies\u201d opens at Le Cadran Expo\"><\/a>\n\t<\/div>\n<\/div>\n<\/div>\n<\/li>\n\t\t\t\n\t\t\t\n\t\t\t\t\t\t\t\t\t\t\t\t\t\t\t\t\t\t\t\t\t\t\t\t\t\t\t\t\t\t\t\t\t\t\t\t\t\t\t\t\t\t\t\t\t\t\t\t\t\t\t\t\t\t\t\t\t\t\t\t\t\t\t\t\t\t\t\t<\/ul>\n\t<\/div>\n\t<div class=\"fusion-date-and-formats\"><div class=\"fusion-date-box updated\"><span class=\"fusion-date\">18<\/span><span class=\"fusion-month-year\">03, 2026<\/span><\/div><div class=\"fusion-format-box\"><i class=\"awb-icon-pen\" aria-hidden=\"true\"><\/i><\/div><\/div><div class=\"fusion-post-content post-content\"><h2 class=\"blog-shortcode-post-title\"><a href=\"https:\/\/cortomaltese.com\/en\/hugo-pratt-in-liege-with-the-exhibition-imaginary-geographies\/\">Hugo Pratt in Li\u00e8ge. \u201cImaginary Geographies\u201d opens at Le Cadran Expo<\/a><\/h2><p class=\"fusion-single-line-meta\">By <span><a href=\"https:\/\/cortomaltese.com\/en\/author\/cortomaltese\/\" title=\"Posts by Corto Maltese\" rel=\"author\">Corto Maltese<\/a><\/span><span class=\"fusion-inline-sep\">|<\/span><span>18 March, 2026<\/span><span class=\"fusion-inline-sep\">|<\/span><\/p><div class=\"fusion-post-content-container\"><p>Following its presentation in Siena, the solo exhibition dedicated to Hugo Pratt arrives in Li\u00e8ge on 26 March 2026.<\/p><\/div><\/div><div class=\"fusion-clearfix\"><\/div><div class=\"fusion-meta-info\"><div class=\"fusion-alignright\"><a class=\"fusion-read-more\" href=\"https:\/\/cortomaltese.com\/en\/hugo-pratt-in-liege-with-the-exhibition-imaginary-geographies\/\" aria-label=\"More on Hugo Pratt in Li\u00e8ge. \u201cImaginary Geographies\u201d opens at Le Cadran Expo\">Read More<\/a><\/div><\/div><\/article>\n<article id=\"blog-1-post-15234\" class=\"fusion-post-large-alternate post-15234 post type-post status-publish format-standard has-post-thumbnail hentry category-events category-news tag-corto-maltese tag-hugo-pratt\">\n\t<style type=\"text\/css\">\n\t\t\n\t\t\n\t\t\n\t\t\n\t\t\t<\/style>\n\n\n\t\t\t<div class=\"fusion-flexslider flexslider fusion-flexslider-loading fusion-post-slideshow\" style=\"\">\n\t\t<ul class=\"slides\">\n\t\t\t\n\t\t\t\t\t\t\t\t\t\t\t\t\t\t<li><div  class=\"fusion-image-wrapper\" aria-haspopup=\"true\">\n\t\t\t\t<img decoding=\"async\" width=\"1080\" height=\"1527\" src=\"https:\/\/cortomaltese.com\/en\/wp-content\/uploads\/sites\/1\/AFISA-A3-HUGO-PRATT-WEB.jpg\" class=\"attachment-full size-full wp-post-image\" alt=\"Hugo Pratt papagos\" srcset=\"https:\/\/cortomaltese.com\/en\/wp-content\/uploads\/sites\/1\/AFISA-A3-HUGO-PRATT-WEB-200x283.jpg 200w, https:\/\/cortomaltese.com\/en\/wp-content\/uploads\/sites\/1\/AFISA-A3-HUGO-PRATT-WEB-400x566.jpg 400w, https:\/\/cortomaltese.com\/en\/wp-content\/uploads\/sites\/1\/AFISA-A3-HUGO-PRATT-WEB-600x848.jpg 600w, https:\/\/cortomaltese.com\/en\/wp-content\/uploads\/sites\/1\/AFISA-A3-HUGO-PRATT-WEB-800x1131.jpg 800w, https:\/\/cortomaltese.com\/en\/wp-content\/uploads\/sites\/1\/AFISA-A3-HUGO-PRATT-WEB.jpg 1080w\" sizes=\"(max-width: 800px) 100vw, 1080px\" \/><div class=\"fusion-rollover\">\n\t<div class=\"fusion-rollover-content\">\n\n\t\t\t\t\t\t\t\t\t\t\t\t\t\t<a class=\"fusion-rollover-link\" href=\"https:\/\/cortomaltese.com\/en\/hugo-pratt-in-papagos-sixth-stop-in-greece-for-the-exhibition\/\">The heritage of Corto Maltese: sixth stop in Greece for the exhibition dedicated to Hugo Pratt, organised by the Italian Ministry of Foreign Affairs<\/a>\n\t\t\t\n\t\t\t\t\t\t\t\t\n\t\t\n\t\t\t\t\t\t\t\t\t\t\t\t<h4 class=\"fusion-rollover-title\">\n\t\t\t\t\t<a class=\"fusion-rollover-title-link\" href=\"https:\/\/cortomaltese.com\/en\/hugo-pratt-in-papagos-sixth-stop-in-greece-for-the-exhibition\/\">\n\t\t\t\t\t\tThe heritage of Corto Maltese: sixth stop in Greece for the exhibition dedicated to Hugo Pratt, organised by the Italian Ministry of Foreign Affairs\t\t\t\t\t<\/a>\n\t\t\t\t<\/h4>\n\t\t\t\n\t\t\t\t\t\t\t\t\n\t\t\n\t\t\t\t\t\t<a class=\"fusion-link-wrapper\" href=\"https:\/\/cortomaltese.com\/en\/hugo-pratt-in-papagos-sixth-stop-in-greece-for-the-exhibition\/\" aria-label=\"The heritage of Corto Maltese: sixth stop in Greece for the exhibition dedicated to Hugo Pratt, organised by the Italian Ministry of Foreign Affairs\"><\/a>\n\t<\/div>\n<\/div>\n<\/div>\n<\/li>\n\t\t\t\n\t\t\t\n\t\t\t\t\t\t\t\t\t\t\t\t\t\t\t\t\t\t\t\t\t\t\t\t\t\t\t\t\t\t\t\t\t\t\t\t\t\t\t\t\t\t\t\t\t\t\t\t\t\t\t\t\t\t\t\t\t\t\t\t\t\t\t\t\t\t\t\t<\/ul>\n\t<\/div>\n\t<div class=\"fusion-date-and-formats\"><div class=\"fusion-date-box updated\"><span class=\"fusion-date\">6<\/span><span class=\"fusion-month-year\">11, 2025<\/span><\/div><div class=\"fusion-format-box\"><i class=\"awb-icon-pen\" aria-hidden=\"true\"><\/i><\/div><\/div><div class=\"fusion-post-content post-content\"><h2 class=\"blog-shortcode-post-title\"><a href=\"https:\/\/cortomaltese.com\/en\/hugo-pratt-in-papagos-sixth-stop-in-greece-for-the-exhibition\/\">The heritage of Corto Maltese: sixth stop in Greece for the exhibition dedicated to Hugo Pratt, organised by the Italian Ministry of Foreign Affairs<\/a><\/h2><p class=\"fusion-single-line-meta\">By <span><a href=\"https:\/\/cortomaltese.com\/en\/author\/cortomaltese\/\" title=\"Posts by Corto Maltese\" rel=\"author\">Corto Maltese<\/a><\/span><span class=\"fusion-inline-sep\">|<\/span><span>6 November, 2025<\/span><span class=\"fusion-inline-sep\">|<\/span><\/p><div class=\"fusion-post-content-container\"><p>\u201cHugo Pratt \u2013 Heritage, Works and Biography\u201d: the exhibition by Patrizia Zanotti taking place from November 10 to December 5 at Papagos-Cholargos Municipal Art Gallery<\/p><\/div><\/div><div class=\"fusion-clearfix\"><\/div><div class=\"fusion-meta-info\"><div class=\"fusion-alignright\"><a class=\"fusion-read-more\" href=\"https:\/\/cortomaltese.com\/en\/hugo-pratt-in-papagos-sixth-stop-in-greece-for-the-exhibition\/\" aria-label=\"More on The heritage of Corto Maltese: sixth stop in Greece for the exhibition dedicated to Hugo Pratt, organised by the Italian Ministry of Foreign Affairs\">Read More<\/a><\/div><\/div><\/article>\n<article id=\"blog-1-post-15205\" class=\"fusion-post-large-alternate post-15205 post type-post status-publish format-standard has-post-thumbnail hentry category-events category-featured category-news tag-corto-maltese tag-hugo-pratt\">\n\t<style type=\"text\/css\">\n\t\t\n\t\t\n\t\t\n\t\t\n\t\t\t<\/style>\n\n\n\t\t\t<div class=\"fusion-flexslider flexslider fusion-flexslider-loading fusion-post-slideshow\" style=\"\">\n\t\t<ul class=\"slides\">\n\t\t\t\n\t\t\t\t\t\t\t\t\t\t\t\t\t\t<li><div  class=\"fusion-image-wrapper\" aria-haspopup=\"true\">\n\t\t\t\t<img decoding=\"async\" width=\"1080\" height=\"1350\" src=\"https:\/\/cortomaltese.com\/en\/wp-content\/uploads\/sites\/1\/coverCorto2.jpg\" class=\"attachment-full size-full wp-post-image\" alt=\"Hugo Pratt Comics Awards\" srcset=\"https:\/\/cortomaltese.com\/en\/wp-content\/uploads\/sites\/1\/coverCorto2-200x250.jpg 200w, https:\/\/cortomaltese.com\/en\/wp-content\/uploads\/sites\/1\/coverCorto2-400x500.jpg 400w, https:\/\/cortomaltese.com\/en\/wp-content\/uploads\/sites\/1\/coverCorto2-600x750.jpg 600w, https:\/\/cortomaltese.com\/en\/wp-content\/uploads\/sites\/1\/coverCorto2-800x1000.jpg 800w, https:\/\/cortomaltese.com\/en\/wp-content\/uploads\/sites\/1\/coverCorto2.jpg 1080w\" sizes=\"(max-width: 800px) 100vw, 1080px\" \/><div class=\"fusion-rollover\">\n\t<div class=\"fusion-rollover-content\">\n\n\t\t\t\t\t\t\t\t\t\t\t\t\t\t<a class=\"fusion-rollover-link\" href=\"https:\/\/cortomaltese.com\/en\/hugo-pratt-comics-awards-the-first-edition-in-senigallia\/\">Hugo Pratt Comics Awards: Senigallia hosts the first edition of the prize, featuring exhibitions and graphic literature<\/a>\n\t\t\t\n\t\t\t\t\t\t\t\t\n\t\t\n\t\t\t\t\t\t\t\t\t\t\t\t<h4 class=\"fusion-rollover-title\">\n\t\t\t\t\t<a class=\"fusion-rollover-title-link\" href=\"https:\/\/cortomaltese.com\/en\/hugo-pratt-comics-awards-the-first-edition-in-senigallia\/\">\n\t\t\t\t\t\tHugo Pratt Comics Awards: Senigallia hosts the first edition of the prize, featuring exhibitions and graphic literature\t\t\t\t\t<\/a>\n\t\t\t\t<\/h4>\n\t\t\t\n\t\t\t\t\t\t\t\t\n\t\t\n\t\t\t\t\t\t<a class=\"fusion-link-wrapper\" href=\"https:\/\/cortomaltese.com\/en\/hugo-pratt-comics-awards-the-first-edition-in-senigallia\/\" aria-label=\"Hugo Pratt Comics Awards: Senigallia hosts the first edition of the prize, featuring exhibitions and graphic literature\"><\/a>\n\t<\/div>\n<\/div>\n<\/div>\n<\/li>\n\t\t\t\n\t\t\t\n\t\t\t\t\t\t\t\t\t\t\t\t\t\t\t\t\t\t\t\t\t\t\t\t\t\t\t\t\t\t\t\t\t\t\t\t\t\t\t\t\t\t\t\t\t\t\t\t\t\t\t\t\t\t\t\t\t\t\t\t\t\t\t\t\t\t\t\t<\/ul>\n\t<\/div>\n\t<div class=\"fusion-date-and-formats\"><div class=\"fusion-date-box updated\"><span class=\"fusion-date\">10<\/span><span class=\"fusion-month-year\">10, 2025<\/span><\/div><div class=\"fusion-format-box\"><i class=\"awb-icon-pen\" aria-hidden=\"true\"><\/i><\/div><\/div><div class=\"fusion-post-content post-content\"><h2 class=\"blog-shortcode-post-title\"><a href=\"https:\/\/cortomaltese.com\/en\/hugo-pratt-comics-awards-the-first-edition-in-senigallia\/\">Hugo Pratt Comics Awards: Senigallia hosts the first edition of the prize, featuring exhibitions and graphic literature<\/a><\/h2><p class=\"fusion-single-line-meta\">By <span><a href=\"https:\/\/cortomaltese.com\/en\/author\/cortomaltese\/\" title=\"Posts by Corto Maltese\" rel=\"author\">Corto Maltese<\/a><\/span><span class=\"fusion-inline-sep\">|<\/span><span>10 October, 2025<\/span><span class=\"fusion-inline-sep\">|<\/span><\/p><div class=\"fusion-post-content-container\"><p>From the port to the Rocca Roveresca, Senigallia celebrates the Hugo Pratt Comics Awards dedicated to schools and academies of comics and young authors.<\/p><\/div><\/div><div class=\"fusion-clearfix\"><\/div><div class=\"fusion-meta-info\"><div class=\"fusion-alignright\"><a class=\"fusion-read-more\" href=\"https:\/\/cortomaltese.com\/en\/hugo-pratt-comics-awards-the-first-edition-in-senigallia\/\" aria-label=\"More on Hugo Pratt Comics Awards: Senigallia hosts the first edition of the prize, featuring exhibitions and graphic literature\">Read More<\/a><\/div><\/div><\/article>\n<article id=\"blog-1-post-15189\" class=\"fusion-post-large-alternate post-15189 post type-post status-publish format-standard has-post-thumbnail hentry category-events category-featured category-news tag-corto-maltese tag-hugo-pratt\">\n\t<style type=\"text\/css\">\n\t\t\n\t\t\n\t\t\n\t\t\n\t\t\t<\/style>\n\n\n\t\t\t<div class=\"fusion-flexslider flexslider fusion-flexslider-loading fusion-post-slideshow\" style=\"\">\n\t\t<ul class=\"slides\">\n\t\t\t\n\t\t\t\t\t\t\t\t\t\t\t\t\t\t<li><div  class=\"fusion-image-wrapper\" aria-haspopup=\"true\">\n\t\t\t\t<img decoding=\"async\" width=\"1080\" height=\"1350\" src=\"https:\/\/cortomaltese.com\/en\/wp-content\/uploads\/sites\/1\/CortoMaltese_Senigallia_FR.jpg\" class=\"attachment-full size-full wp-post-image\" alt=\"Corto Maltese Senigallia\" srcset=\"https:\/\/cortomaltese.com\/en\/wp-content\/uploads\/sites\/1\/CortoMaltese_Senigallia_FR-200x250.jpg 200w, https:\/\/cortomaltese.com\/en\/wp-content\/uploads\/sites\/1\/CortoMaltese_Senigallia_FR-400x500.jpg 400w, https:\/\/cortomaltese.com\/en\/wp-content\/uploads\/sites\/1\/CortoMaltese_Senigallia_FR-600x750.jpg 600w, https:\/\/cortomaltese.com\/en\/wp-content\/uploads\/sites\/1\/CortoMaltese_Senigallia_FR-800x1000.jpg 800w, https:\/\/cortomaltese.com\/en\/wp-content\/uploads\/sites\/1\/CortoMaltese_Senigallia_FR.jpg 1080w\" sizes=\"(max-width: 800px) 100vw, 1080px\" \/><div class=\"fusion-rollover\">\n\t<div class=\"fusion-rollover-content\">\n\n\t\t\t\t\t\t\t\t\t\t\t\t\t\t<a class=\"fusion-rollover-link\" href=\"https:\/\/cortomaltese.com\/en\/corto-maltese-in-senigallia-permanent-installation-at-the-port\/\">\u201cThe Port Recounts Corto in 100 Blocks\u201d Starting July 9th, Senigallia pays tribute to Hugo Pratt with a permanent installation along the Molo di Levante.<\/a>\n\t\t\t\n\t\t\t\t\t\t\t\t\n\t\t\n\t\t\t\t\t\t\t\t\t\t\t\t<h4 class=\"fusion-rollover-title\">\n\t\t\t\t\t<a class=\"fusion-rollover-title-link\" href=\"https:\/\/cortomaltese.com\/en\/corto-maltese-in-senigallia-permanent-installation-at-the-port\/\">\n\t\t\t\t\t\t\u201cThe Port Recounts Corto in 100 Blocks\u201d Starting July 9th, Senigallia pays tribute to Hugo Pratt with a permanent installation along the Molo di Levante.\t\t\t\t\t<\/a>\n\t\t\t\t<\/h4>\n\t\t\t\n\t\t\t\t\t\t\t\t\n\t\t\n\t\t\t\t\t\t<a class=\"fusion-link-wrapper\" href=\"https:\/\/cortomaltese.com\/en\/corto-maltese-in-senigallia-permanent-installation-at-the-port\/\" aria-label=\"\u201cThe Port Recounts Corto in 100 Blocks\u201d Starting July 9th, Senigallia pays tribute to Hugo Pratt with a permanent installation along the Molo di Levante.\"><\/a>\n\t<\/div>\n<\/div>\n<\/div>\n<\/li>\n\t\t\t\n\t\t\t\n\t\t\t\t\t\t\t\t\t\t\t\t\t\t\t\t\t\t\t\t\t\t\t\t\t\t\t\t\t\t\t\t\t\t\t\t\t\t\t\t\t\t\t\t\t\t\t\t\t\t\t\t\t\t\t\t\t\t\t\t\t\t\t\t\t\t\t\t<\/ul>\n\t<\/div>\n\t<div class=\"fusion-date-and-formats\"><div class=\"fusion-date-box updated\"><span class=\"fusion-date\">13<\/span><span class=\"fusion-month-year\">07, 2025<\/span><\/div><div class=\"fusion-format-box\"><i class=\"awb-icon-pen\" aria-hidden=\"true\"><\/i><\/div><\/div><div class=\"fusion-post-content post-content\"><h2 class=\"blog-shortcode-post-title\"><a href=\"https:\/\/cortomaltese.com\/en\/corto-maltese-in-senigallia-permanent-installation-at-the-port\/\">\u201cThe Port Recounts Corto in 100 Blocks\u201d Starting July 9th, Senigallia pays tribute to Hugo Pratt with a permanent installation along the Molo di Levante.<\/a><\/h2><p class=\"fusion-single-line-meta\">By <span><a href=\"https:\/\/cortomaltese.com\/en\/author\/cortomaltese\/\" title=\"Posts by Corto Maltese\" rel=\"author\">Corto Maltese<\/a><\/span><span class=\"fusion-inline-sep\">|<\/span><span>13 July, 2025<\/span><span class=\"fusion-inline-sep\">|<\/span><\/p><div class=\"fusion-post-content-container\"><p>From July 9th, the Molo di Levante in Senigallia becomes an open-air homage to Hugo Pratt and Corto Maltese, through a permanent installation that blends art, memory, and the sea.<\/p><\/div><\/div><div class=\"fusion-clearfix\"><\/div><div class=\"fusion-meta-info\"><div class=\"fusion-alignright\"><a class=\"fusion-read-more\" href=\"https:\/\/cortomaltese.com\/en\/corto-maltese-in-senigallia-permanent-installation-at-the-port\/\" aria-label=\"More on \u201cThe Port Recounts Corto in 100 Blocks\u201d Starting July 9th, Senigallia pays tribute to Hugo Pratt with a permanent installation along the Molo di Levante.\">Read More<\/a><\/div><\/div><\/article>\n<article id=\"blog-1-post-15176\" class=\"fusion-post-large-alternate post-15176 post type-post status-publish format-standard has-post-thumbnail hentry category-events category-featured category-news tag-corto-maltese tag-hugo-pratt\">\n\t<style type=\"text\/css\">\n\t\t\n\t\t\n\t\t\n\t\t\n\t\t\t<\/style>\n\n\n\t\t\t<div class=\"fusion-flexslider flexslider fusion-flexslider-loading fusion-post-slideshow\" style=\"\">\n\t\t<ul class=\"slides\">\n\t\t\t\n\t\t\t\t\t\t\t\t\t\t\t\t\t\t<li><div  class=\"fusion-image-wrapper\" aria-haspopup=\"true\">\n\t\t\t\t<img decoding=\"async\" width=\"595\" height=\"841\" src=\"https:\/\/cortomaltese.com\/en\/wp-content\/uploads\/sites\/1\/Affiche-Exposition-Corto-Maltese-2.jpg\" class=\"attachment-full size-full wp-post-image\" alt=\"Corto Saline Royale\" srcset=\"https:\/\/cortomaltese.com\/en\/wp-content\/uploads\/sites\/1\/Affiche-Exposition-Corto-Maltese-2-200x283.jpg 200w, https:\/\/cortomaltese.com\/en\/wp-content\/uploads\/sites\/1\/Affiche-Exposition-Corto-Maltese-2-400x565.jpg 400w, https:\/\/cortomaltese.com\/en\/wp-content\/uploads\/sites\/1\/Affiche-Exposition-Corto-Maltese-2.jpg 595w\" sizes=\"(max-width: 800px) 100vw, 595px\" \/><div class=\"fusion-rollover\">\n\t<div class=\"fusion-rollover-content\">\n\n\t\t\t\t\t\t\t\t\t\t\t\t\t\t<a class=\"fusion-rollover-link\" href=\"https:\/\/cortomaltese.com\/en\/corto-maltese-saline-royale-france\/\">Corto Maltese \u2013 A world of adventures: the exhibition at the Saline Royale (France) from april 27th<\/a>\n\t\t\t\n\t\t\t\t\t\t\t\t\n\t\t\n\t\t\t\t\t\t\t\t\t\t\t\t<h4 class=\"fusion-rollover-title\">\n\t\t\t\t\t<a class=\"fusion-rollover-title-link\" href=\"https:\/\/cortomaltese.com\/en\/corto-maltese-saline-royale-france\/\">\n\t\t\t\t\t\tCorto Maltese \u2013 A world of adventures: the exhibition at the Saline Royale (France) from april 27th\t\t\t\t\t<\/a>\n\t\t\t\t<\/h4>\n\t\t\t\n\t\t\t\t\t\t\t\t\n\t\t\n\t\t\t\t\t\t<a class=\"fusion-link-wrapper\" href=\"https:\/\/cortomaltese.com\/en\/corto-maltese-saline-royale-france\/\" aria-label=\"Corto Maltese \u2013 A world of adventures: the exhibition at the Saline Royale (France) from april 27th\"><\/a>\n\t<\/div>\n<\/div>\n<\/div>\n<\/li>\n\t\t\t\n\t\t\t\n\t\t\t\t\t\t\t\t\t\t\t\t\t\t\t\t\t\t\t\t\t\t\t\t\t\t\t\t\t\t\t\t\t\t\t\t\t\t\t\t\t\t\t\t\t\t\t\t\t\t\t\t\t\t\t\t\t\t\t\t\t\t\t\t\t\t\t\t<\/ul>\n\t<\/div>\n\t<div class=\"fusion-date-and-formats\"><div class=\"fusion-date-box updated\"><span class=\"fusion-date\">18<\/span><span class=\"fusion-month-year\">04, 2025<\/span><\/div><div class=\"fusion-format-box\"><i class=\"awb-icon-pen\" aria-hidden=\"true\"><\/i><\/div><\/div><div class=\"fusion-post-content post-content\"><h2 class=\"blog-shortcode-post-title\"><a href=\"https:\/\/cortomaltese.com\/en\/corto-maltese-saline-royale-france\/\">Corto Maltese \u2013 A world of adventures: the exhibition at the Saline Royale (France) from april 27th<\/a><\/h2><p class=\"fusion-single-line-meta\">By <span><a href=\"https:\/\/cortomaltese.com\/en\/author\/cortomaltese\/\" title=\"Posts by Corto Maltese\" rel=\"author\">Corto Maltese<\/a><\/span><span class=\"fusion-inline-sep\">|<\/span><span>18 April, 2025<\/span><span class=\"fusion-inline-sep\">|<\/span><\/p><div class=\"fusion-post-content-container\"><p>Lyon, the exhibition \u2018Hugo Pratt, the legacy, the work, the biography\u2019 at the Universit\u00e9 Catholique de Lyon from 28th January until 21st march 2025<\/p><\/div><\/div><div class=\"fusion-clearfix\"><\/div><div class=\"fusion-meta-info\"><div class=\"fusion-alignright\"><a class=\"fusion-read-more\" href=\"https:\/\/cortomaltese.com\/en\/corto-maltese-saline-royale-france\/\" aria-label=\"More on Corto Maltese \u2013 A world of adventures: the exhibition at the Saline Royale (France) from april 27th\">Read More<\/a><\/div><\/div><\/article>\n<article id=\"blog-1-post-15171\" class=\"fusion-post-large-alternate post-15171 post type-post status-publish format-standard has-post-thumbnail hentry category-events category-news tag-corto-maltese tag-hugo-pratt\">\n\t<style type=\"text\/css\">\n\t\t\n\t\t\n\t\t\n\t\t\n\t\t\t<\/style>\n\n\n\t\t\t<div class=\"fusion-flexslider flexslider fusion-flexslider-loading fusion-post-slideshow\" style=\"\">\n\t\t<ul class=\"slides\">\n\t\t\t\n\t\t\t\t\t\t\t\t\t\t\t\t\t\t<li><div  class=\"fusion-image-wrapper\" aria-haspopup=\"true\">\n\t\t\t\t<img decoding=\"async\" width=\"1080\" height=\"1350\" src=\"https:\/\/cortomaltese.com\/en\/wp-content\/uploads\/sites\/1\/Hugo-Pratt-IG-1.jpeg\" class=\"attachment-full size-full wp-post-image\" alt=\"Hugo Pratt Amman\" srcset=\"https:\/\/cortomaltese.com\/en\/wp-content\/uploads\/sites\/1\/Hugo-Pratt-IG-1-200x250.jpeg 200w, https:\/\/cortomaltese.com\/en\/wp-content\/uploads\/sites\/1\/Hugo-Pratt-IG-1-400x500.jpeg 400w, https:\/\/cortomaltese.com\/en\/wp-content\/uploads\/sites\/1\/Hugo-Pratt-IG-1-600x750.jpeg 600w, https:\/\/cortomaltese.com\/en\/wp-content\/uploads\/sites\/1\/Hugo-Pratt-IG-1-800x1000.jpeg 800w, https:\/\/cortomaltese.com\/en\/wp-content\/uploads\/sites\/1\/Hugo-Pratt-IG-1.jpeg 1080w\" sizes=\"(max-width: 800px) 100vw, 1080px\" \/><div class=\"fusion-rollover\">\n\t<div class=\"fusion-rollover-content\">\n\n\t\t\t\t\t\t\t\t\t\t\t\t\t\t<a class=\"fusion-rollover-link\" href=\"https:\/\/cortomaltese.com\/en\/hugo-pratt-in-amman-jordan-for-the-comics-week\/\">\u201cHugo Pratt, the heritage, the artwork, the biography\u201d: exhibition in April in Jordan for Comics Week<\/a>\n\t\t\t\n\t\t\t\t\t\t\t\t\n\t\t\n\t\t\t\t\t\t\t\t\t\t\t\t<h4 class=\"fusion-rollover-title\">\n\t\t\t\t\t<a class=\"fusion-rollover-title-link\" href=\"https:\/\/cortomaltese.com\/en\/hugo-pratt-in-amman-jordan-for-the-comics-week\/\">\n\t\t\t\t\t\t\u201cHugo Pratt, the heritage, the artwork, the biography\u201d: exhibition in April in Jordan for Comics Week\t\t\t\t\t<\/a>\n\t\t\t\t<\/h4>\n\t\t\t\n\t\t\t\t\t\t\t\t\n\t\t\n\t\t\t\t\t\t<a class=\"fusion-link-wrapper\" href=\"https:\/\/cortomaltese.com\/en\/hugo-pratt-in-amman-jordan-for-the-comics-week\/\" aria-label=\"\u201cHugo Pratt, the heritage, the artwork, the biography\u201d: exhibition in April in Jordan for Comics Week\"><\/a>\n\t<\/div>\n<\/div>\n<\/div>\n<\/li>\n\t\t\t\n\t\t\t\n\t\t\t\t\t\t\t\t\t\t\t\t\t\t\t\t\t\t\t\t\t\t\t\t\t\t\t\t\t\t\t\t\t\t\t\t\t\t\t\t\t\t\t\t\t\t\t\t\t\t\t\t\t\t\t\t\t\t\t\t\t\t\t\t\t\t\t\t<\/ul>\n\t<\/div>\n\t<div class=\"fusion-date-and-formats\"><div class=\"fusion-date-box updated\"><span class=\"fusion-date\">14<\/span><span class=\"fusion-month-year\">04, 2025<\/span><\/div><div class=\"fusion-format-box\"><i class=\"awb-icon-pen\" aria-hidden=\"true\"><\/i><\/div><\/div><div class=\"fusion-post-content post-content\"><h2 class=\"blog-shortcode-post-title\"><a href=\"https:\/\/cortomaltese.com\/en\/hugo-pratt-in-amman-jordan-for-the-comics-week\/\">\u201cHugo Pratt, the heritage, the artwork, the biography\u201d: exhibition in April in Jordan for Comics Week<\/a><\/h2><p class=\"fusion-single-line-meta\">By <span><a href=\"https:\/\/cortomaltese.com\/en\/author\/cortomaltese\/\" title=\"Posts by Corto Maltese\" rel=\"author\">Corto Maltese<\/a><\/span><span class=\"fusion-inline-sep\">|<\/span><span>14 April, 2025<\/span><span class=\"fusion-inline-sep\">|<\/span><\/p><div class=\"fusion-post-content-container\"><p>\u201cHugo Pratt \u2013 Heritage, Works and Biography,\u201d an exhibition by Patrizia Zanotti, taking place from April 27 to May 2 at Sweifieh Village, Rooftop.<\/p><\/div><\/div><div class=\"fusion-clearfix\"><\/div><div class=\"fusion-meta-info\"><div class=\"fusion-alignright\"><a class=\"fusion-read-more\" href=\"https:\/\/cortomaltese.com\/en\/hugo-pratt-in-amman-jordan-for-the-comics-week\/\" aria-label=\"More on \u201cHugo Pratt, the heritage, the artwork, the biography\u201d: exhibition in April in Jordan for Comics Week\">Read More<\/a><\/div><\/div><\/article>\n<article id=\"blog-1-post-15140\" class=\"fusion-post-large-alternate post-15140 post type-post status-publish format-standard has-post-thumbnail hentry category-events category-featured category-news tag-corto-maltese tag-hugo-pratt\">\n\t<style type=\"text\/css\">\n\t\t\n\t\t\n\t\t\n\t\t\n\t\t\t<\/style>\n\n\n\t\t\t<div class=\"fusion-flexslider flexslider fusion-flexslider-loading fusion-post-slideshow\" style=\"\">\n\t\t<ul class=\"slides\">\n\t\t\t\n\t\t\t\t\t\t\t\t\t\t\t\t\t\t<li><div  class=\"fusion-image-wrapper\" aria-haspopup=\"true\">\n\t\t\t\t<img decoding=\"async\" width=\"1793\" height=\"2560\" src=\"https:\/\/cortomaltese.com\/en\/wp-content\/uploads\/sites\/1\/MANIFESTO-70X100-HUGO-PRATT-KORR.jpg\" class=\"attachment-full size-full wp-post-image\" alt=\"HUgo Pratt Siena\" srcset=\"https:\/\/cortomaltese.com\/en\/wp-content\/uploads\/sites\/1\/MANIFESTO-70X100-HUGO-PRATT-KORR-200x286.jpg 200w, https:\/\/cortomaltese.com\/en\/wp-content\/uploads\/sites\/1\/MANIFESTO-70X100-HUGO-PRATT-KORR-400x571.jpg 400w, https:\/\/cortomaltese.com\/en\/wp-content\/uploads\/sites\/1\/MANIFESTO-70X100-HUGO-PRATT-KORR-600x857.jpg 600w, https:\/\/cortomaltese.com\/en\/wp-content\/uploads\/sites\/1\/MANIFESTO-70X100-HUGO-PRATT-KORR-800x1142.jpg 800w, https:\/\/cortomaltese.com\/en\/wp-content\/uploads\/sites\/1\/MANIFESTO-70X100-HUGO-PRATT-KORR-1200x1713.jpg 1200w, https:\/\/cortomaltese.com\/en\/wp-content\/uploads\/sites\/1\/MANIFESTO-70X100-HUGO-PRATT-KORR.jpg 1793w\" sizes=\"(max-width: 800px) 100vw, 1200px\" \/><div class=\"fusion-rollover\">\n\t<div class=\"fusion-rollover-content\">\n\n\t\t\t\t\t\t\t\t\t\t\t\t\t\t<a class=\"fusion-rollover-link\" href=\"https:\/\/cortomaltese.com\/en\/hugo-pratt-siena-2025-imaginary-geographies\/\">Extended! Hugo Pratt in Siena for the anthological exhibition \u2018Imaginary Geographies\u2019. From 11 April 2025.<\/a>\n\t\t\t\n\t\t\t\t\t\t\t\t\n\t\t\n\t\t\t\t\t\t\t\t\t\t\t\t<h4 class=\"fusion-rollover-title\">\n\t\t\t\t\t<a class=\"fusion-rollover-title-link\" href=\"https:\/\/cortomaltese.com\/en\/hugo-pratt-siena-2025-imaginary-geographies\/\">\n\t\t\t\t\t\tExtended! Hugo Pratt in Siena for the anthological exhibition \u2018Imaginary Geographies\u2019. From 11 April 2025.\t\t\t\t\t<\/a>\n\t\t\t\t<\/h4>\n\t\t\t\n\t\t\t\t\t\t\t\t\n\t\t\n\t\t\t\t\t\t<a class=\"fusion-link-wrapper\" href=\"https:\/\/cortomaltese.com\/en\/hugo-pratt-siena-2025-imaginary-geographies\/\" aria-label=\"Extended! Hugo Pratt in Siena for the anthological exhibition \u2018Imaginary Geographies\u2019. From 11 April 2025.\"><\/a>\n\t<\/div>\n<\/div>\n<\/div>\n<\/li>\n\t\t\t\n\t\t\t\n\t\t\t\t\t\t\t\t\t\t\t\t\t\t\t\t\t\t\t\t\t\t\t\t\t\t\t\t\t\t\t\t\t\t\t\t\t\t\t\t\t\t\t\t\t\t\t\t\t\t\t\t\t\t\t\t\t\t\t\t\t\t\t\t\t\t\t\t<\/ul>\n\t<\/div>\n\t<div class=\"fusion-date-and-formats\"><div class=\"fusion-date-box updated\"><span class=\"fusion-date\">7<\/span><span class=\"fusion-month-year\">04, 2025<\/span><\/div><div class=\"fusion-format-box\"><i class=\"awb-icon-pen\" aria-hidden=\"true\"><\/i><\/div><\/div><div class=\"fusion-post-content post-content\"><h2 class=\"blog-shortcode-post-title\"><a href=\"https:\/\/cortomaltese.com\/en\/hugo-pratt-siena-2025-imaginary-geographies\/\">Extended! Hugo Pratt in Siena for the anthological exhibition \u2018Imaginary Geographies\u2019. From 11 April 2025.<\/a><\/h2><p class=\"fusion-single-line-meta\">By <span><a href=\"https:\/\/cortomaltese.com\/en\/author\/cortomaltese\/\" title=\"Posts by Corto Maltese\" rel=\"author\">Corto Maltese<\/a><\/span><span class=\"fusion-inline-sep\">|<\/span><span>7 April, 2025<\/span><span class=\"fusion-inline-sep\">|<\/span><\/p><div class=\"fusion-post-content-container\"><p>At the Palazzo delle Papesse in Siena, a major exhibition dedicated to Hugo Pratt and the world of drawn literature. An unmissable appointment and a journey through the art of the master of comics.<\/p><\/div><\/div><div class=\"fusion-clearfix\"><\/div><div class=\"fusion-meta-info\"><div class=\"fusion-alignright\"><a class=\"fusion-read-more\" href=\"https:\/\/cortomaltese.com\/en\/hugo-pratt-siena-2025-imaginary-geographies\/\" aria-label=\"More on Extended! Hugo Pratt in Siena for the anthological exhibition \u2018Imaginary Geographies\u2019. From 11 April 2025.\">Read More<\/a><\/div><\/div><\/article>\n<article id=\"blog-1-post-15127\" class=\"fusion-post-large-alternate post-15127 post type-post status-publish format-standard has-post-thumbnail hentry category-events category-news tag-corto-maltese tag-hugo-pratt\">\n\t<style type=\"text\/css\">\n\t\t\n\t\t\n\t\t\n\t\t\n\t\t\t<\/style>\n\n\n\t\t\t<div class=\"fusion-flexslider flexslider fusion-flexslider-loading fusion-post-slideshow\" style=\"\">\n\t\t<ul class=\"slides\">\n\t\t\t\n\t\t\t\t\t\t\t\t\t\t\t\t\t\t<li><div  class=\"fusion-image-wrapper\" aria-haspopup=\"true\">\n\t\t\t\t<img decoding=\"async\" width=\"1080\" height=\"1528\" src=\"https:\/\/cortomaltese.com\/en\/wp-content\/uploads\/sites\/1\/ExpoVolos_Farnesina.jpg\" class=\"attachment-full size-full wp-post-image\" alt=\"Hugo Pratt Volos\" srcset=\"https:\/\/cortomaltese.com\/en\/wp-content\/uploads\/sites\/1\/ExpoVolos_Farnesina-200x283.jpg 200w, https:\/\/cortomaltese.com\/en\/wp-content\/uploads\/sites\/1\/ExpoVolos_Farnesina-400x566.jpg 400w, https:\/\/cortomaltese.com\/en\/wp-content\/uploads\/sites\/1\/ExpoVolos_Farnesina-600x849.jpg 600w, https:\/\/cortomaltese.com\/en\/wp-content\/uploads\/sites\/1\/ExpoVolos_Farnesina-800x1132.jpg 800w, https:\/\/cortomaltese.com\/en\/wp-content\/uploads\/sites\/1\/ExpoVolos_Farnesina.jpg 1080w\" sizes=\"(max-width: 800px) 100vw, 1080px\" \/><div class=\"fusion-rollover\">\n\t<div class=\"fusion-rollover-content\">\n\n\t\t\t\t\t\t\t\t\t\t\t\t\t\t<a class=\"fusion-rollover-link\" href=\"https:\/\/cortomaltese.com\/en\/hugo-pratt-and-corto-maltese-in-volos\/\">The exhibition dedicated to Corto and Pratt in De Chirico&#8217;s house, from 5 February in Volos<\/a>\n\t\t\t\n\t\t\t\t\t\t\t\t\n\t\t\n\t\t\t\t\t\t\t\t\t\t\t\t<h4 class=\"fusion-rollover-title\">\n\t\t\t\t\t<a class=\"fusion-rollover-title-link\" href=\"https:\/\/cortomaltese.com\/en\/hugo-pratt-and-corto-maltese-in-volos\/\">\n\t\t\t\t\t\tThe exhibition dedicated to Corto and Pratt in De Chirico&#8217;s house, from 5 February in Volos\t\t\t\t\t<\/a>\n\t\t\t\t<\/h4>\n\t\t\t\n\t\t\t\t\t\t\t\t\n\t\t\n\t\t\t\t\t\t<a class=\"fusion-link-wrapper\" href=\"https:\/\/cortomaltese.com\/en\/hugo-pratt-and-corto-maltese-in-volos\/\" aria-label=\"The exhibition dedicated to Corto and Pratt in De Chirico&#8217;s house, from 5 February in Volos\"><\/a>\n\t<\/div>\n<\/div>\n<\/div>\n<\/li>\n\t\t\t\n\t\t\t\n\t\t\t\t\t\t\t\t\t\t\t\t\t\t\t\t\t\t\t\t\t\t\t\t\t\t\t\t\t\t\t\t\t\t\t\t\t\t\t\t\t\t\t\t\t\t\t\t\t\t\t\t\t\t\t\t\t\t\t\t\t\t\t\t\t\t\t\t<\/ul>\n\t<\/div>\n\t<div class=\"fusion-date-and-formats\"><div class=\"fusion-date-box updated\"><span class=\"fusion-date\">21<\/span><span class=\"fusion-month-year\">01, 2025<\/span><\/div><div class=\"fusion-format-box\"><i class=\"awb-icon-pen\" aria-hidden=\"true\"><\/i><\/div><\/div><div class=\"fusion-post-content post-content\"><h2 class=\"blog-shortcode-post-title\"><a href=\"https:\/\/cortomaltese.com\/en\/hugo-pratt-and-corto-maltese-in-volos\/\">The exhibition dedicated to Corto and Pratt in De Chirico&#8217;s house, from 5 February in Volos<\/a><\/h2><p class=\"fusion-single-line-meta\">By <span><a href=\"https:\/\/cortomaltese.com\/en\/author\/cortomaltese\/\" title=\"Posts by Corto Maltese\" rel=\"author\">Corto Maltese<\/a><\/span><span class=\"fusion-inline-sep\">|<\/span><span>21 January, 2025<\/span><span class=\"fusion-inline-sep\">|<\/span><\/p><div class=\"fusion-post-content-container\"><p>Corto Maltese in Volos, with the project promoted by the Italian Ministry of Foreign Affairs and International Cooperation and Cong SA, taking Hugo Pratt's art around the world to promote Italian language and culture<\/p><\/div><\/div><div class=\"fusion-clearfix\"><\/div><div class=\"fusion-meta-info\"><div class=\"fusion-alignright\"><a class=\"fusion-read-more\" href=\"https:\/\/cortomaltese.com\/en\/hugo-pratt-and-corto-maltese-in-volos\/\" aria-label=\"More on The exhibition dedicated to Corto and Pratt in De Chirico&#8217;s house, from 5 February in Volos\">Read More<\/a><\/div><\/div><\/article>\n<article id=\"blog-1-post-15111\" class=\"fusion-post-large-alternate post-15111 post type-post status-publish format-standard has-post-thumbnail hentry category-events category-featured category-news tag-corto-maltese tag-hugo-pratt\">\n\t<style type=\"text\/css\">\n\t\t\n\t\t\n\t\t\n\t\t\n\t\t\t<\/style>\n\n\n\t\t\t<div class=\"fusion-flexslider flexslider fusion-flexslider-loading fusion-post-slideshow\" style=\"\">\n\t\t<ul class=\"slides\">\n\t\t\t\n\t\t\t\t\t\t\t\t\t\t\t\t\t\t<li><div  class=\"fusion-image-wrapper\" aria-haspopup=\"true\">\n\t\t\t\t<img decoding=\"async\" width=\"1316\" height=\"1860\" src=\"https:\/\/cortomaltese.com\/en\/wp-content\/uploads\/sites\/1\/Affiche_Corto_Lyon.jpg\" class=\"attachment-full size-full wp-post-image\" alt=\"Lyon Corto Pratt\" srcset=\"https:\/\/cortomaltese.com\/en\/wp-content\/uploads\/sites\/1\/Affiche_Corto_Lyon-200x283.jpg 200w, https:\/\/cortomaltese.com\/en\/wp-content\/uploads\/sites\/1\/Affiche_Corto_Lyon-400x565.jpg 400w, https:\/\/cortomaltese.com\/en\/wp-content\/uploads\/sites\/1\/Affiche_Corto_Lyon-600x848.jpg 600w, https:\/\/cortomaltese.com\/en\/wp-content\/uploads\/sites\/1\/Affiche_Corto_Lyon-800x1131.jpg 800w, https:\/\/cortomaltese.com\/en\/wp-content\/uploads\/sites\/1\/Affiche_Corto_Lyon-1200x1696.jpg 1200w, https:\/\/cortomaltese.com\/en\/wp-content\/uploads\/sites\/1\/Affiche_Corto_Lyon.jpg 1316w\" sizes=\"(max-width: 800px) 100vw, 1200px\" \/><div class=\"fusion-rollover\">\n\t<div class=\"fusion-rollover-content\">\n\n\t\t\t\t\t\t\t\t\t\t\t\t\t\t<a class=\"fusion-rollover-link\" href=\"https:\/\/cortomaltese.com\/en\/corto-maltese-at-the-universite-catholique-de-lyon\/\">Corto Maltese returns to Lyon, the exhibition at the Universit\u00e9 Catholique de Lyon from 28th January<\/a>\n\t\t\t\n\t\t\t\t\t\t\t\t\n\t\t\n\t\t\t\t\t\t\t\t\t\t\t\t<h4 class=\"fusion-rollover-title\">\n\t\t\t\t\t<a class=\"fusion-rollover-title-link\" href=\"https:\/\/cortomaltese.com\/en\/corto-maltese-at-the-universite-catholique-de-lyon\/\">\n\t\t\t\t\t\tCorto Maltese returns to Lyon, the exhibition at the Universit\u00e9 Catholique de Lyon from 28th January\t\t\t\t\t<\/a>\n\t\t\t\t<\/h4>\n\t\t\t\n\t\t\t\t\t\t\t\t\n\t\t\n\t\t\t\t\t\t<a class=\"fusion-link-wrapper\" href=\"https:\/\/cortomaltese.com\/en\/corto-maltese-at-the-universite-catholique-de-lyon\/\" aria-label=\"Corto Maltese returns to Lyon, the exhibition at the Universit\u00e9 Catholique de Lyon from 28th January\"><\/a>\n\t<\/div>\n<\/div>\n<\/div>\n<\/li>\n\t\t\t\n\t\t\t\n\t\t\t\t\t\t\t\t\t\t\t\t\t\t\t\t\t\t\t\t\t\t\t\t\t\t\t\t\t\t\t\t\t\t\t\t\t\t\t\t\t\t\t\t\t\t\t\t\t\t\t\t\t\t\t\t\t\t\t\t\t\t\t\t\t\t\t\t<\/ul>\n\t<\/div>\n\t<div class=\"fusion-date-and-formats\"><div class=\"fusion-date-box updated\"><span class=\"fusion-date\">21<\/span><span class=\"fusion-month-year\">01, 2025<\/span><\/div><div class=\"fusion-format-box\"><i class=\"awb-icon-pen\" aria-hidden=\"true\"><\/i><\/div><\/div><div class=\"fusion-post-content post-content\"><h2 class=\"blog-shortcode-post-title\"><a href=\"https:\/\/cortomaltese.com\/en\/corto-maltese-at-the-universite-catholique-de-lyon\/\">Corto Maltese returns to Lyon, the exhibition at the Universit\u00e9 Catholique de Lyon from 28th January<\/a><\/h2><p class=\"fusion-single-line-meta\">By <span><a href=\"https:\/\/cortomaltese.com\/en\/author\/cortomaltese\/\" title=\"Posts by Corto Maltese\" rel=\"author\">Corto Maltese<\/a><\/span><span class=\"fusion-inline-sep\">|<\/span><span>21 January, 2025<\/span><span class=\"fusion-inline-sep\">|<\/span><\/p><div class=\"fusion-post-content-container\"><p>Lyon, the exhibition \u2018Hugo Pratt, the legacy, the work, the biography\u2019 at the Universit\u00e9 Catholique de Lyon from 28th January until 21st march 2025<\/p><\/div><\/div><div class=\"fusion-clearfix\"><\/div><div class=\"fusion-meta-info\"><div class=\"fusion-alignright\"><a class=\"fusion-read-more\" href=\"https:\/\/cortomaltese.com\/en\/corto-maltese-at-the-universite-catholique-de-lyon\/\" aria-label=\"More on Corto Maltese returns to Lyon, the exhibition at the Universit\u00e9 Catholique de Lyon from 28th January\">Read More<\/a><\/div><\/div><\/article>\n<article id=\"blog-1-post-15102\" class=\"fusion-post-large-alternate post-15102 post type-post status-publish format-standard has-post-thumbnail hentry category-events category-news tag-corto-maltese tag-hugo-pratt\">\n\t<style type=\"text\/css\">\n\t\t\n\t\t\n\t\t\n\t\t\n\t\t\t<\/style>\n\n\n\t\t\t<div class=\"fusion-flexslider flexslider fusion-flexslider-loading fusion-post-slideshow\" style=\"\">\n\t\t<ul class=\"slides\">\n\t\t\t\n\t\t\t\t\t\t\t\t\t\t\t\t\t\t<li><div  class=\"fusion-image-wrapper\" aria-haspopup=\"true\">\n\t\t\t\t<img decoding=\"async\" width=\"841\" height=\"1190\" src=\"https:\/\/cortomaltese.com\/en\/wp-content\/uploads\/sites\/1\/KV_CORTO_Maltese_DEF.jpg\" class=\"attachment-full size-full wp-post-image\" alt=\"Lyon BD Corto\" srcset=\"https:\/\/cortomaltese.com\/en\/wp-content\/uploads\/sites\/1\/KV_CORTO_Maltese_DEF-200x283.jpg 200w, https:\/\/cortomaltese.com\/en\/wp-content\/uploads\/sites\/1\/KV_CORTO_Maltese_DEF-400x566.jpg 400w, https:\/\/cortomaltese.com\/en\/wp-content\/uploads\/sites\/1\/KV_CORTO_Maltese_DEF-600x849.jpg 600w, https:\/\/cortomaltese.com\/en\/wp-content\/uploads\/sites\/1\/KV_CORTO_Maltese_DEF-800x1132.jpg 800w, https:\/\/cortomaltese.com\/en\/wp-content\/uploads\/sites\/1\/KV_CORTO_Maltese_DEF.jpg 841w\" sizes=\"(max-width: 800px) 100vw, 841px\" \/><div class=\"fusion-rollover\">\n\t<div class=\"fusion-rollover-content\">\n\n\t\t\t\t\t\t\t\t\t\t\t\t\t\t<a class=\"fusion-rollover-link\" href=\"https:\/\/cortomaltese.com\/en\/corto-maltese-at-the-lyon-bd-festival\/\">Corto Maltese in the spotlight at Lyon BD Festival, alongside Canales and Pellejero<\/a>\n\t\t\t\n\t\t\t\t\t\t\t\t\n\t\t\n\t\t\t\t\t\t\t\t\t\t\t\t<h4 class=\"fusion-rollover-title\">\n\t\t\t\t\t<a class=\"fusion-rollover-title-link\" href=\"https:\/\/cortomaltese.com\/en\/corto-maltese-at-the-lyon-bd-festival\/\">\n\t\t\t\t\t\tCorto Maltese in the spotlight at Lyon BD Festival, alongside Canales and Pellejero\t\t\t\t\t<\/a>\n\t\t\t\t<\/h4>\n\t\t\t\n\t\t\t\t\t\t\t\t\n\t\t\n\t\t\t\t\t\t<a class=\"fusion-link-wrapper\" href=\"https:\/\/cortomaltese.com\/en\/corto-maltese-at-the-lyon-bd-festival\/\" aria-label=\"Corto Maltese in the spotlight at Lyon BD Festival, alongside Canales and Pellejero\"><\/a>\n\t<\/div>\n<\/div>\n<\/div>\n<\/li>\n\t\t\t\n\t\t\t\n\t\t\t\t\t\t\t\t\t\t\t\t\t\t\t\t\t\t\t\t\t\t\t\t\t\t\t\t\t\t\t\t\t\t\t\t\t\t\t\t\t\t\t\t\t\t\t\t\t\t\t\t\t\t\t\t\t\t\t\t\t\t\t\t\t\t\t\t<\/ul>\n\t<\/div>\n\t<div class=\"fusion-date-and-formats\"><div class=\"fusion-date-box updated\"><span class=\"fusion-date\">27<\/span><span class=\"fusion-month-year\">05, 2024<\/span><\/div><div class=\"fusion-format-box\"><i class=\"awb-icon-pen\" aria-hidden=\"true\"><\/i><\/div><\/div><div class=\"fusion-post-content post-content\"><h2 class=\"blog-shortcode-post-title\"><a href=\"https:\/\/cortomaltese.com\/en\/corto-maltese-at-the-lyon-bd-festival\/\">Corto Maltese in the spotlight at Lyon BD Festival, alongside Canales and Pellejero<\/a><\/h2><p class=\"fusion-single-line-meta\">By <span><a href=\"https:\/\/cortomaltese.com\/en\/author\/cortomaltese\/\" title=\"Posts by Corto Maltese\" rel=\"author\">Corto Maltese<\/a><\/span><span class=\"fusion-inline-sep\">|<\/span><span>27 May, 2024<\/span><span class=\"fusion-inline-sep\">|<\/span><\/p><div class=\"fusion-post-content-container\"><p>Lyon, the exhibition \u2018Hugo Pratt, the legacy, the work, the biography\u2019 at the Mus\u00e9e des Tissus from 31 May to 27 July 2024, and in June during the Lyon BD Festival, Canales and Pellejero will also be present<\/p><\/div><\/div><div class=\"fusion-clearfix\"><\/div><div class=\"fusion-meta-info\"><div class=\"fusion-alignright\"><a class=\"fusion-read-more\" href=\"https:\/\/cortomaltese.com\/en\/corto-maltese-at-the-lyon-bd-festival\/\" aria-label=\"More on Corto Maltese in the spotlight at Lyon BD Festival, alongside Canales and Pellejero\">Read More<\/a><\/div><\/div><\/article>\n<article id=\"blog-1-post-15096\" class=\"fusion-post-large-alternate post-15096 post type-post status-publish format-standard has-post-thumbnail hentry category-events category-news tag-corto-maltese tag-hugo-pratt\">\n\t<style type=\"text\/css\">\n\t\t\n\t\t\n\t\t\n\t\t\n\t\t\t<\/style>\n\n\n\t\t\t<div class=\"fusion-flexslider flexslider fusion-flexslider-loading fusion-post-slideshow\" style=\"\">\n\t\t<ul class=\"slides\">\n\t\t\t\n\t\t\t\t\t\t\t\t\t\t\t\t\t\t<li><div  class=\"fusion-image-wrapper\" aria-haspopup=\"true\">\n\t\t\t\t<img decoding=\"async\" width=\"1920\" height=\"1080\" src=\"https:\/\/cortomaltese.com\/en\/wp-content\/uploads\/sites\/1\/Cover_HP_Atene.jpg\" class=\"attachment-full size-full wp-post-image\" alt=\"Corto Maltese Athens\" srcset=\"https:\/\/cortomaltese.com\/en\/wp-content\/uploads\/sites\/1\/Cover_HP_Atene-200x113.jpg 200w, https:\/\/cortomaltese.com\/en\/wp-content\/uploads\/sites\/1\/Cover_HP_Atene-400x225.jpg 400w, https:\/\/cortomaltese.com\/en\/wp-content\/uploads\/sites\/1\/Cover_HP_Atene-600x338.jpg 600w, https:\/\/cortomaltese.com\/en\/wp-content\/uploads\/sites\/1\/Cover_HP_Atene-800x450.jpg 800w, https:\/\/cortomaltese.com\/en\/wp-content\/uploads\/sites\/1\/Cover_HP_Atene-1200x675.jpg 1200w, https:\/\/cortomaltese.com\/en\/wp-content\/uploads\/sites\/1\/Cover_HP_Atene.jpg 1920w\" sizes=\"(max-width: 800px) 100vw, 1200px\" \/><div class=\"fusion-rollover\">\n\t<div class=\"fusion-rollover-content\">\n\n\t\t\t\t\t\t\t\t\t\t\t\t\t\t<a class=\"fusion-rollover-link\" href=\"https:\/\/cortomaltese.com\/en\/corto-maltese-in-athens-durign-the-comicdom-con-2024\/\">Hugo Pratt and Corto Maltese set course towards Athens for Comicdom2024, guests of the Italian Cultural Institute and Mikros Iros publishing<\/a>\n\t\t\t\n\t\t\t\t\t\t\t\t\n\t\t\n\t\t\t\t\t\t\t\t\t\t\t\t<h4 class=\"fusion-rollover-title\">\n\t\t\t\t\t<a class=\"fusion-rollover-title-link\" href=\"https:\/\/cortomaltese.com\/en\/corto-maltese-in-athens-durign-the-comicdom-con-2024\/\">\n\t\t\t\t\t\tHugo Pratt and Corto Maltese set course towards Athens for Comicdom2024, guests of the Italian Cultural Institute and Mikros Iros publishing\t\t\t\t\t<\/a>\n\t\t\t\t<\/h4>\n\t\t\t\n\t\t\t\t\t\t\t\t\n\t\t\n\t\t\t\t\t\t<a class=\"fusion-link-wrapper\" href=\"https:\/\/cortomaltese.com\/en\/corto-maltese-in-athens-durign-the-comicdom-con-2024\/\" aria-label=\"Hugo Pratt and Corto Maltese set course towards Athens for Comicdom2024, guests of the Italian Cultural Institute and Mikros Iros publishing\"><\/a>\n\t<\/div>\n<\/div>\n<\/div>\n<\/li>\n\t\t\t\n\t\t\t\n\t\t\t\t\t\t\t\t\t\t\t\t\t\t\t\t\t\t\t\t\t\t\t\t\t\t\t\t\t\t\t\t\t\t\t\t\t\t\t\t\t\t\t\t\t\t\t\t\t\t\t\t\t\t\t\t\t\t\t\t\t\t\t\t\t\t\t\t<\/ul>\n\t<\/div>\n\t<div class=\"fusion-date-and-formats\"><div class=\"fusion-date-box updated\"><span class=\"fusion-date\">15<\/span><span class=\"fusion-month-year\">05, 2024<\/span><\/div><div class=\"fusion-format-box\"><i class=\"awb-icon-pen\" aria-hidden=\"true\"><\/i><\/div><\/div><div class=\"fusion-post-content post-content\"><h2 class=\"blog-shortcode-post-title\"><a href=\"https:\/\/cortomaltese.com\/en\/corto-maltese-in-athens-durign-the-comicdom-con-2024\/\">Hugo Pratt and Corto Maltese set course towards Athens for Comicdom2024, guests of the Italian Cultural Institute and Mikros Iros publishing<\/a><\/h2><p class=\"fusion-single-line-meta\">By <span><a href=\"https:\/\/cortomaltese.com\/en\/author\/cortomaltese\/\" title=\"Posts by Corto Maltese\" rel=\"author\">Corto Maltese<\/a><\/span><span class=\"fusion-inline-sep\">|<\/span><span>15 May, 2024<\/span><span class=\"fusion-inline-sep\">|<\/span><\/p><div class=\"fusion-post-content-container\"><p>Coprto Maltese in Athens, the exhibition will be staged during the International Comics Festival, fifth step of the project promoted by the Italian Ministry of Foreign Affairs and International Cooperation and Cong SA, taking Hugo Pratt's art around the world to promote Italian language and culture<\/p><\/div><\/div><div class=\"fusion-clearfix\"><\/div><div class=\"fusion-meta-info\"><div class=\"fusion-alignright\"><a class=\"fusion-read-more\" href=\"https:\/\/cortomaltese.com\/en\/corto-maltese-in-athens-durign-the-comicdom-con-2024\/\" aria-label=\"More on Hugo Pratt and Corto Maltese set course towards Athens for Comicdom2024, guests of the Italian Cultural Institute and Mikros Iros publishing\">Read More<\/a><\/div><\/div><\/article>\n<article id=\"blog-1-post-15121\" class=\"fusion-post-large-alternate post-15121 post type-post status-publish format-standard has-post-thumbnail hentry category-events category-news tag-corto-maltese tag-hugo-pratt\">\n\t<style type=\"text\/css\">\n\t\t\n\t\t\n\t\t\n\t\t\n\t\t\t<\/style>\n\n\n\t\t\t<div class=\"fusion-flexslider flexslider fusion-flexslider-loading fusion-post-slideshow\" style=\"\">\n\t\t<ul class=\"slides\">\n\t\t\t\n\t\t\t\t\t\t\t\t\t\t\t\t\t\t<li><div  class=\"fusion-image-wrapper\" aria-haspopup=\"true\">\n\t\t\t\t<img decoding=\"async\" width=\"1920\" height=\"1080\" src=\"https:\/\/cortomaltese.com\/en\/wp-content\/uploads\/sites\/1\/que\u0300bec-ciy.jpg\" class=\"attachment-full size-full wp-post-image\" alt=\"Hugo Pratt Canada\" srcset=\"https:\/\/cortomaltese.com\/en\/wp-content\/uploads\/sites\/1\/que\u0300bec-ciy-200x113.jpg 200w, https:\/\/cortomaltese.com\/en\/wp-content\/uploads\/sites\/1\/que\u0300bec-ciy-400x225.jpg 400w, https:\/\/cortomaltese.com\/en\/wp-content\/uploads\/sites\/1\/que\u0300bec-ciy-600x338.jpg 600w, https:\/\/cortomaltese.com\/en\/wp-content\/uploads\/sites\/1\/que\u0300bec-ciy-800x450.jpg 800w, https:\/\/cortomaltese.com\/en\/wp-content\/uploads\/sites\/1\/que\u0300bec-ciy-1200x675.jpg 1200w, https:\/\/cortomaltese.com\/en\/wp-content\/uploads\/sites\/1\/que\u0300bec-ciy.jpg 1920w\" sizes=\"(max-width: 800px) 100vw, 1200px\" \/><div class=\"fusion-rollover\">\n\t<div class=\"fusion-rollover-content\">\n\n\t\t\t\t\t\t\t\t\t\t\t\t\t\t<a class=\"fusion-rollover-link\" href=\"https:\/\/cortomaltese.com\/en\/hugo-pratt-the-exhibition-in-canada\/\">\u2018Hugo Pratt, the legacy, the artwork, the biography\u2019:  the exhibition organised with the Ministry of Foreign Affairs arrives in Canada<\/a>\n\t\t\t\n\t\t\t\t\t\t\t\t\n\t\t\n\t\t\t\t\t\t\t\t\t\t\t\t<h4 class=\"fusion-rollover-title\">\n\t\t\t\t\t<a class=\"fusion-rollover-title-link\" href=\"https:\/\/cortomaltese.com\/en\/hugo-pratt-the-exhibition-in-canada\/\">\n\t\t\t\t\t\t\u2018Hugo Pratt, the legacy, the artwork, the biography\u2019:  the exhibition organised with the Ministry of Foreign Affairs arrives in Canada\t\t\t\t\t<\/a>\n\t\t\t\t<\/h4>\n\t\t\t\n\t\t\t\t\t\t\t\t\n\t\t\n\t\t\t\t\t\t<a class=\"fusion-link-wrapper\" href=\"https:\/\/cortomaltese.com\/en\/hugo-pratt-the-exhibition-in-canada\/\" aria-label=\"\u2018Hugo Pratt, the legacy, the artwork, the biography\u2019:  the exhibition organised with the Ministry of Foreign Affairs arrives in Canada\"><\/a>\n\t<\/div>\n<\/div>\n<\/div>\n<\/li>\n\t\t\t\n\t\t\t\n\t\t\t\t\t\t\t\t\t\t\t\t\t\t\t\t\t\t\t\t\t\t\t\t\t\t\t\t\t\t\t\t\t\t\t\t\t\t\t\t\t\t\t\t\t\t\t\t\t\t\t\t\t\t\t\t\t\t\t\t\t\t\t\t\t\t\t\t<\/ul>\n\t<\/div>\n\t<div class=\"fusion-date-and-formats\"><div class=\"fusion-date-box updated\"><span class=\"fusion-date\">21<\/span><span class=\"fusion-month-year\">04, 2024<\/span><\/div><div class=\"fusion-format-box\"><i class=\"awb-icon-pen\" aria-hidden=\"true\"><\/i><\/div><\/div><div class=\"fusion-post-content post-content\"><h2 class=\"blog-shortcode-post-title\"><a href=\"https:\/\/cortomaltese.com\/en\/hugo-pratt-the-exhibition-in-canada\/\">\u2018Hugo Pratt, the legacy, the artwork, the biography\u2019:  the exhibition organised with the Ministry of Foreign Affairs arrives in Canada<\/a><\/h2><p class=\"fusion-single-line-meta\">By <span><a href=\"https:\/\/cortomaltese.com\/en\/author\/cortomaltese\/\" title=\"Posts by Corto Maltese\" rel=\"author\">Corto Maltese<\/a><\/span><span class=\"fusion-inline-sep\">|<\/span><span>21 April, 2024<\/span><span class=\"fusion-inline-sep\">|<\/span><\/p><div class=\"fusion-post-content-container\"><p>Corto Maltese in Canada, Hugo Pratt's art around the world to promote Italian language and culture<\/p><\/div><\/div><div class=\"fusion-clearfix\"><\/div><div class=\"fusion-meta-info\"><div class=\"fusion-alignright\"><a class=\"fusion-read-more\" href=\"https:\/\/cortomaltese.com\/en\/hugo-pratt-the-exhibition-in-canada\/\" aria-label=\"More on \u2018Hugo Pratt, the legacy, the artwork, the biography\u2019:  the exhibition organised with the Ministry of Foreign Affairs arrives in Canada\">Read More<\/a><\/div><\/div><\/article>\n<article id=\"blog-1-post-15066\" class=\"fusion-post-large-alternate post-15066 post type-post status-publish format-standard has-post-thumbnail hentry category-events category-news tag-corto-maltese tag-hugo-pratt\">\n\t<style type=\"text\/css\">\n\t\t\n\t\t\n\t\t\n\t\t\n\t\t\t<\/style>\n\n\n\t\t\t<div class=\"fusion-flexslider flexslider fusion-flexslider-loading fusion-post-slideshow\" style=\"\">\n\t\t<ul class=\"slides\">\n\t\t\t\n\t\t\t\t\t\t\t\t\t\t\t\t\t\t<li><div  class=\"fusion-image-wrapper\" aria-haspopup=\"true\">\n\t\t\t\t<img decoding=\"async\" width=\"1134\" height=\"1701\" src=\"https:\/\/cortomaltese.com\/en\/wp-content\/uploads\/sites\/1\/Affiche_Corto_ld.jpg\" class=\"attachment-full size-full wp-post-image\" alt=\"Corto Maltese Pompidou\" srcset=\"https:\/\/cortomaltese.com\/en\/wp-content\/uploads\/sites\/1\/Affiche_Corto_ld-200x300.jpg 200w, https:\/\/cortomaltese.com\/en\/wp-content\/uploads\/sites\/1\/Affiche_Corto_ld-400x600.jpg 400w, https:\/\/cortomaltese.com\/en\/wp-content\/uploads\/sites\/1\/Affiche_Corto_ld-600x900.jpg 600w, https:\/\/cortomaltese.com\/en\/wp-content\/uploads\/sites\/1\/Affiche_Corto_ld-800x1200.jpg 800w, https:\/\/cortomaltese.com\/en\/wp-content\/uploads\/sites\/1\/Affiche_Corto_ld.jpg 1134w\" sizes=\"(max-width: 800px) 100vw, 1134px\" \/><div class=\"fusion-rollover\">\n\t<div class=\"fusion-rollover-content\">\n\n\t\t\t\t\t\t\t\t\t\t\t\t\t\t<a class=\"fusion-rollover-link\" href=\"https:\/\/cortomaltese.com\/en\/corto-maltese-arrive-at-the-centre-pompidou\/\">&#8216;La BD \u00e0 tous les \u00e9tages&#8217;: comics arrive at the Centre Pompidou, and Corto Maltese is the literary hero of the Biblioth\u00e8que Publique in Paris<\/a>\n\t\t\t\n\t\t\t\t\t\t\t\t\n\t\t\n\t\t\t\t\t\t\t\t\t\t\t\t<h4 class=\"fusion-rollover-title\">\n\t\t\t\t\t<a class=\"fusion-rollover-title-link\" href=\"https:\/\/cortomaltese.com\/en\/corto-maltese-arrive-at-the-centre-pompidou\/\">\n\t\t\t\t\t\t&#8216;La BD \u00e0 tous les \u00e9tages&#8217;: comics arrive at the Centre Pompidou, and Corto Maltese is the literary hero of the Biblioth\u00e8que Publique in Paris\t\t\t\t\t<\/a>\n\t\t\t\t<\/h4>\n\t\t\t\n\t\t\t\t\t\t\t\t\n\t\t\n\t\t\t\t\t\t<a class=\"fusion-link-wrapper\" href=\"https:\/\/cortomaltese.com\/en\/corto-maltese-arrive-at-the-centre-pompidou\/\" aria-label=\"&#8216;La BD \u00e0 tous les \u00e9tages&#8217;: comics arrive at the Centre Pompidou, and Corto Maltese is the literary hero of the Biblioth\u00e8que Publique in Paris\"><\/a>\n\t<\/div>\n<\/div>\n<\/div>\n<\/li>\n\t\t\t\n\t\t\t\n\t\t\t\t\t\t\t\t\t\t\t\t\t\t\t\t\t\t\t\t\t\t\t\t\t\t\t\t\t\t\t\t\t\t\t\t\t\t\t\t\t\t\t\t\t\t\t\t\t\t\t\t\t\t\t\t\t\t\t\t\t\t\t\t\t\t\t\t<\/ul>\n\t<\/div>\n\t<div class=\"fusion-date-and-formats\"><div class=\"fusion-date-box updated\"><span class=\"fusion-date\">3<\/span><span class=\"fusion-month-year\">04, 2024<\/span><\/div><div class=\"fusion-format-box\"><i class=\"awb-icon-pen\" aria-hidden=\"true\"><\/i><\/div><\/div><div class=\"fusion-post-content post-content\"><h2 class=\"blog-shortcode-post-title\"><a href=\"https:\/\/cortomaltese.com\/en\/corto-maltese-arrive-at-the-centre-pompidou\/\">&#8216;La BD \u00e0 tous les \u00e9tages&#8217;: comics arrive at the Centre Pompidou, and Corto Maltese is the literary hero of the Biblioth\u00e8que Publique in Paris<\/a><\/h2><p class=\"fusion-single-line-meta\">By <span><a href=\"https:\/\/cortomaltese.com\/en\/author\/cortomaltese\/\" title=\"Posts by Corto Maltese\" rel=\"author\">Corto Maltese<\/a><\/span><span class=\"fusion-inline-sep\">|<\/span><span>3 April, 2024<\/span><span class=\"fusion-inline-sep\">|<\/span><\/p><div class=\"fusion-post-content-container\"><p>From 29 May to 4 November 2024, the exhibition \"Corto Maltese, une vie romanesque\" arrives at the Center Pompidou in Paris, within the exhibition \"La BD \u00e0 tous les \u00e9tages\", dedicated to the main characters of the last 60 years of the graphic novel<\/p><\/div><\/div><div class=\"fusion-clearfix\"><\/div><div class=\"fusion-meta-info\"><div class=\"fusion-alignright\"><a class=\"fusion-read-more\" href=\"https:\/\/cortomaltese.com\/en\/corto-maltese-arrive-at-the-centre-pompidou\/\" aria-label=\"More on &#8216;La BD \u00e0 tous les \u00e9tages&#8217;: comics arrive at the Centre Pompidou, and Corto Maltese is the literary hero of the Biblioth\u00e8que Publique in Paris\">Read More<\/a><\/div><\/div><\/article>\n<article id=\"blog-1-post-15060\" class=\"fusion-post-large-alternate post-15060 post type-post status-publish format-standard has-post-thumbnail hentry category-events category-news tag-corto-maltese tag-hugo-pratt\">\n\t<style type=\"text\/css\">\n\t\t\n\t\t\n\t\t\n\t\t\n\t\t\t<\/style>\n\n\n\t\t\t<div class=\"fusion-flexslider flexslider fusion-flexslider-loading fusion-post-slideshow\" style=\"\">\n\t\t<ul class=\"slides\">\n\t\t\t\n\t\t\t\t\t\t\t\t\t\t\t\t\t\t<li><div  class=\"fusion-image-wrapper\" aria-haspopup=\"true\">\n\t\t\t\t<img decoding=\"async\" width=\"1200\" height=\"680\" src=\"https:\/\/cortomaltese.com\/en\/wp-content\/uploads\/sites\/1\/Manifesto-Oslo_unavventuraperCorto.jpg\" class=\"attachment-full size-full wp-post-image\" alt=\"Hugo Pratt Oslo\" srcset=\"https:\/\/cortomaltese.com\/en\/wp-content\/uploads\/sites\/1\/Manifesto-Oslo_unavventuraperCorto-200x113.jpg 200w, https:\/\/cortomaltese.com\/en\/wp-content\/uploads\/sites\/1\/Manifesto-Oslo_unavventuraperCorto-400x227.jpg 400w, https:\/\/cortomaltese.com\/en\/wp-content\/uploads\/sites\/1\/Manifesto-Oslo_unavventuraperCorto-600x340.jpg 600w, https:\/\/cortomaltese.com\/en\/wp-content\/uploads\/sites\/1\/Manifesto-Oslo_unavventuraperCorto-800x453.jpg 800w, https:\/\/cortomaltese.com\/en\/wp-content\/uploads\/sites\/1\/Manifesto-Oslo_unavventuraperCorto.jpg 1200w\" sizes=\"(max-width: 800px) 100vw, 1200px\" \/><div class=\"fusion-rollover\">\n\t<div class=\"fusion-rollover-content\">\n\n\t\t\t\t\t\t\t\t\t\t\t\t\t\t<a class=\"fusion-rollover-link\" href=\"https:\/\/cortomaltese.com\/en\/hugo-pratt-the-heritage-the-work-the-biography-the-exhibition-arrives-at-the-italian-cultural-institute-in-oslo\/\">&#8216;Hugo Pratt, the heritage, the work, the biography&#8217;: the exhibition arrives at the Italian Cultural Institute in Oslo<\/a>\n\t\t\t\n\t\t\t\t\t\t\t\t\n\t\t\n\t\t\t\t\t\t\t\t\t\t\t\t<h4 class=\"fusion-rollover-title\">\n\t\t\t\t\t<a class=\"fusion-rollover-title-link\" href=\"https:\/\/cortomaltese.com\/en\/hugo-pratt-the-heritage-the-work-the-biography-the-exhibition-arrives-at-the-italian-cultural-institute-in-oslo\/\">\n\t\t\t\t\t\t&#8216;Hugo Pratt, the heritage, the work, the biography&#8217;: the exhibition arrives at the Italian Cultural Institute in Oslo\t\t\t\t\t<\/a>\n\t\t\t\t<\/h4>\n\t\t\t\n\t\t\t\t\t\t\t\t\n\t\t\n\t\t\t\t\t\t<a class=\"fusion-link-wrapper\" href=\"https:\/\/cortomaltese.com\/en\/hugo-pratt-the-heritage-the-work-the-biography-the-exhibition-arrives-at-the-italian-cultural-institute-in-oslo\/\" aria-label=\"&#8216;Hugo Pratt, the heritage, the work, the biography&#8217;: the exhibition arrives at the Italian Cultural Institute in Oslo\"><\/a>\n\t<\/div>\n<\/div>\n<\/div>\n<\/li>\n\t\t\t\n\t\t\t\n\t\t\t\t\t\t\t\t\t\t\t\t\t\t\t\t\t\t\t\t\t\t\t\t\t\t\t\t\t\t\t\t\t\t\t\t\t\t\t\t\t\t\t\t\t\t\t\t\t\t\t\t\t\t\t\t\t\t\t\t\t\t\t\t\t\t\t\t<\/ul>\n\t<\/div>\n\t<div class=\"fusion-date-and-formats\"><div class=\"fusion-date-box updated\"><span class=\"fusion-date\">16<\/span><span class=\"fusion-month-year\">01, 2024<\/span><\/div><div class=\"fusion-format-box\"><i class=\"awb-icon-pen\" aria-hidden=\"true\"><\/i><\/div><\/div><div class=\"fusion-post-content post-content\"><h2 class=\"blog-shortcode-post-title\"><a href=\"https:\/\/cortomaltese.com\/en\/hugo-pratt-the-heritage-the-work-the-biography-the-exhibition-arrives-at-the-italian-cultural-institute-in-oslo\/\">&#8216;Hugo Pratt, the heritage, the work, the biography&#8217;: the exhibition arrives at the Italian Cultural Institute in Oslo<\/a><\/h2><p class=\"fusion-single-line-meta\">By <span><a href=\"https:\/\/cortomaltese.com\/en\/author\/cortomaltese\/\" title=\"Posts by Corto Maltese\" rel=\"author\">Corto Maltese<\/a><\/span><span class=\"fusion-inline-sep\">|<\/span><span>16 January, 2024<\/span><span class=\"fusion-inline-sep\">|<\/span><\/p><div class=\"fusion-post-content-container\"><p>The travelling exhibitions promoted by the Italian Ministry of Foreign Affairs and International Cooperation and Cong SA continue, taking Hugo Pratt's art around the world to promote Italian language and culture<\/p><\/div><\/div><div class=\"fusion-clearfix\"><\/div><div class=\"fusion-meta-info\"><div class=\"fusion-alignright\"><a class=\"fusion-read-more\" href=\"https:\/\/cortomaltese.com\/en\/hugo-pratt-the-heritage-the-work-the-biography-the-exhibition-arrives-at-the-italian-cultural-institute-in-oslo\/\" aria-label=\"More on &#8216;Hugo Pratt, the heritage, the work, the biography&#8217;: the exhibition arrives at the Italian Cultural Institute in Oslo\">Read More<\/a><\/div><\/div><\/article>\n<article id=\"blog-1-post-15054\" class=\"fusion-post-large-alternate post-15054 post type-post status-publish format-standard has-post-thumbnail hentry category-events category-news tag-corto-maltese tag-hugo-pratt\">\n\t<style type=\"text\/css\">\n\t\t\n\t\t\n\t\t\n\t\t\n\t\t\t<\/style>\n\n\n\t\t\t<div class=\"fusion-flexslider flexslider fusion-flexslider-loading fusion-post-slideshow\" style=\"\">\n\t\t<ul class=\"slides\">\n\t\t\t\n\t\t\t\t\t\t\t\t\t\t\t\t\t\t<li><div  class=\"fusion-image-wrapper\" aria-haspopup=\"true\">\n\t\t\t\t<img decoding=\"async\" width=\"1920\" height=\"1080\" src=\"https:\/\/cortomaltese.com\/en\/wp-content\/uploads\/sites\/1\/Cover_mostre_farnesina.jpg\" class=\"attachment-full size-full wp-post-image\" alt=\"Hugo Pratt Ministry\" srcset=\"https:\/\/cortomaltese.com\/en\/wp-content\/uploads\/sites\/1\/Cover_mostre_farnesina-200x113.jpg 200w, https:\/\/cortomaltese.com\/en\/wp-content\/uploads\/sites\/1\/Cover_mostre_farnesina-400x225.jpg 400w, https:\/\/cortomaltese.com\/en\/wp-content\/uploads\/sites\/1\/Cover_mostre_farnesina-600x338.jpg 600w, https:\/\/cortomaltese.com\/en\/wp-content\/uploads\/sites\/1\/Cover_mostre_farnesina-800x450.jpg 800w, https:\/\/cortomaltese.com\/en\/wp-content\/uploads\/sites\/1\/Cover_mostre_farnesina-1200x675.jpg 1200w, https:\/\/cortomaltese.com\/en\/wp-content\/uploads\/sites\/1\/Cover_mostre_farnesina.jpg 1920w\" sizes=\"(max-width: 800px) 100vw, 1200px\" \/><div class=\"fusion-rollover\">\n\t<div class=\"fusion-rollover-content\">\n\n\t\t\t\t\t\t\t\t\t\t\t\t\t\t<a class=\"fusion-rollover-link\" href=\"https:\/\/cortomaltese.com\/en\/hugo-pratt-the-itinerant-exhibitions-promoted-by-the-italian-ministry\/\">&#8220;Hugo Pratt, the heritage, the work, the biography&#8221;: the itinerant exhibitions promoted by the Italian Ministry of Foreign Affairs begin<\/a>\n\t\t\t\n\t\t\t\t\t\t\t\t\n\t\t\n\t\t\t\t\t\t\t\t\t\t\t\t<h4 class=\"fusion-rollover-title\">\n\t\t\t\t\t<a class=\"fusion-rollover-title-link\" href=\"https:\/\/cortomaltese.com\/en\/hugo-pratt-the-itinerant-exhibitions-promoted-by-the-italian-ministry\/\">\n\t\t\t\t\t\t&#8220;Hugo Pratt, the heritage, the work, the biography&#8221;: the itinerant exhibitions promoted by the Italian Ministry of Foreign Affairs begin\t\t\t\t\t<\/a>\n\t\t\t\t<\/h4>\n\t\t\t\n\t\t\t\t\t\t\t\t\n\t\t\n\t\t\t\t\t\t<a class=\"fusion-link-wrapper\" href=\"https:\/\/cortomaltese.com\/en\/hugo-pratt-the-itinerant-exhibitions-promoted-by-the-italian-ministry\/\" aria-label=\"&#8220;Hugo Pratt, the heritage, the work, the biography&#8221;: the itinerant exhibitions promoted by the Italian Ministry of Foreign Affairs begin\"><\/a>\n\t<\/div>\n<\/div>\n<\/div>\n<\/li>\n\t\t\t\n\t\t\t\n\t\t\t\t\t\t\t\t\t\t\t\t\t\t\t\t\t\t\t\t\t\t\t\t\t\t\t\t\t\t\t\t\t\t\t\t\t\t\t\t\t\t\t\t\t\t\t\t\t\t\t\t\t\t\t\t\t\t\t\t\t\t\t\t\t\t\t\t<\/ul>\n\t<\/div>\n\t<div class=\"fusion-date-and-formats\"><div class=\"fusion-date-box updated\"><span class=\"fusion-date\">22<\/span><span class=\"fusion-month-year\">10, 2023<\/span><\/div><div class=\"fusion-format-box\"><i class=\"awb-icon-pen\" aria-hidden=\"true\"><\/i><\/div><\/div><div class=\"fusion-post-content post-content\"><h2 class=\"blog-shortcode-post-title\"><a href=\"https:\/\/cortomaltese.com\/en\/hugo-pratt-the-itinerant-exhibitions-promoted-by-the-italian-ministry\/\">&#8220;Hugo Pratt, the heritage, the work, the biography&#8221;: the itinerant exhibitions promoted by the Italian Ministry of Foreign Affairs begin<\/a><\/h2><p class=\"fusion-single-line-meta\">By <span><a href=\"https:\/\/cortomaltese.com\/en\/author\/cortomaltese\/\" title=\"Posts by Corto Maltese\" rel=\"author\">Corto Maltese<\/a><\/span><span class=\"fusion-inline-sep\">|<\/span><span>22 October, 2023<\/span><span class=\"fusion-inline-sep\">|<\/span><\/p><div class=\"fusion-post-content-container\"><p> Hugo Pratt and Corto Maltese: with the Farnesina to promote Italian culture in the world. \"Hugo Pratt, the heritage, the artwork, the biography\": this is the project promoted by the Ministry of Foreign Affairs<a href=\"https:\/\/cortomaltese.com\/en\/hugo-pratt-the-itinerant-exhibitions-promoted-by-the-italian-ministry\/\"> [...]<\/a><\/p><\/div><\/div><div class=\"fusion-clearfix\"><\/div><div class=\"fusion-meta-info\"><div class=\"fusion-alignright\"><a class=\"fusion-read-more\" href=\"https:\/\/cortomaltese.com\/en\/hugo-pratt-the-itinerant-exhibitions-promoted-by-the-italian-ministry\/\" aria-label=\"More on &#8220;Hugo Pratt, the heritage, the work, the biography&#8221;: the itinerant exhibitions promoted by the Italian Ministry of Foreign Affairs begin\">Read More<\/a><\/div><\/div><\/article>\n<article id=\"blog-1-post-15003\" class=\"fusion-post-large-alternate post-15003 post type-post status-publish format-standard has-post-thumbnail hentry category-news tag-corto-maltese tag-ebook\">\n\t<style type=\"text\/css\">\n\t\t\n\t\t\n\t\t\n\t\t\n\t\t\t<\/style>\n\n\n\t\t\t<div class=\"fusion-flexslider flexslider fusion-flexslider-loading fusion-post-slideshow\" style=\"\">\n\t\t<ul class=\"slides\">\n\t\t\t\n\t\t\t\t\t\t\t\t\t\t\t\t\t\t<li><div  class=\"fusion-image-wrapper\" aria-haspopup=\"true\">\n\t\t\t\t<img decoding=\"async\" width=\"1927\" height=\"2560\" src=\"https:\/\/cortomaltese.com\/en\/wp-content\/uploads\/sites\/1\/Tristan-Bantam-1.jpg\" class=\"attachment-full size-full wp-post-image\" alt=\"Corto Maltese eBook\" srcset=\"https:\/\/cortomaltese.com\/en\/wp-content\/uploads\/sites\/1\/Tristan-Bantam-1-200x266.jpg 200w, https:\/\/cortomaltese.com\/en\/wp-content\/uploads\/sites\/1\/Tristan-Bantam-1-400x531.jpg 400w, https:\/\/cortomaltese.com\/en\/wp-content\/uploads\/sites\/1\/Tristan-Bantam-1-600x797.jpg 600w, https:\/\/cortomaltese.com\/en\/wp-content\/uploads\/sites\/1\/Tristan-Bantam-1-800x1063.jpg 800w, https:\/\/cortomaltese.com\/en\/wp-content\/uploads\/sites\/1\/Tristan-Bantam-1-1200x1594.jpg 1200w, https:\/\/cortomaltese.com\/en\/wp-content\/uploads\/sites\/1\/Tristan-Bantam-1.jpg 1927w\" sizes=\"(max-width: 800px) 100vw, 1200px\" \/><div class=\"fusion-rollover\">\n\t<div class=\"fusion-rollover-content\">\n\n\t\t\t\t\t\t\t\t\t\t\t\t\t\t<a class=\"fusion-rollover-link\" href=\"https:\/\/cortomaltese.com\/en\/ebook-corto-maltese\/\">eBook Corto Maltese: the series in english language<\/a>\n\t\t\t\n\t\t\t\t\t\t\t\t\n\t\t\n\t\t\t\t\t\t\t\t\t\t\t\t<h4 class=\"fusion-rollover-title\">\n\t\t\t\t\t<a class=\"fusion-rollover-title-link\" href=\"https:\/\/cortomaltese.com\/en\/ebook-corto-maltese\/\">\n\t\t\t\t\t\teBook Corto Maltese: the series in english language\t\t\t\t\t<\/a>\n\t\t\t\t<\/h4>\n\t\t\t\n\t\t\t\t\t\t\t\t\n\t\t\n\t\t\t\t\t\t<a class=\"fusion-link-wrapper\" href=\"https:\/\/cortomaltese.com\/en\/ebook-corto-maltese\/\" aria-label=\"eBook Corto Maltese: the series in english language\"><\/a>\n\t<\/div>\n<\/div>\n<\/div>\n<\/li>\n\t\t\t\n\t\t\t\n\t\t\t\t\t\t\t\t\t\t\t\t\t\t\t\t\t\t\t\t\t\t\t\t\t\t\t\t\t\t\t\t\t\t\t\t\t\t\t\t\t\t\t\t\t\t\t\t\t\t\t\t\t\t\t\t\t\t\t\t\t\t\t\t\t\t\t\t<\/ul>\n\t<\/div>\n\t<div class=\"fusion-date-and-formats\"><div class=\"fusion-date-box updated\"><span class=\"fusion-date\">24<\/span><span class=\"fusion-month-year\">07, 2023<\/span><\/div><div class=\"fusion-format-box\"><i class=\"awb-icon-pen\" aria-hidden=\"true\"><\/i><\/div><\/div><div class=\"fusion-post-content post-content\"><h2 class=\"blog-shortcode-post-title\"><a href=\"https:\/\/cortomaltese.com\/en\/ebook-corto-maltese\/\">eBook Corto Maltese: the series in english language<\/a><\/h2><p class=\"fusion-single-line-meta\">By <span><a href=\"https:\/\/cortomaltese.com\/en\/author\/cortomaltese\/\" title=\"Posts by Corto Maltese\" rel=\"author\">Corto Maltese<\/a><\/span><span class=\"fusion-inline-sep\">|<\/span><span>24 July, 2023<\/span><span class=\"fusion-inline-sep\">|<\/span><\/p><div class=\"fusion-post-content-container\"><p>Cong Publishing Company begins the publication of all Corto Maltese stories, for the first time in eBook format in the English language. The journey begins with with 'Under the Sign of Capricorn\".<\/p><\/div><\/div><div class=\"fusion-clearfix\"><\/div><div class=\"fusion-meta-info\"><div class=\"fusion-alignright\"><a class=\"fusion-read-more\" href=\"https:\/\/cortomaltese.com\/en\/ebook-corto-maltese\/\" aria-label=\"More on eBook Corto Maltese: the series in english language\">Read More<\/a><\/div><\/div><\/article>\n<article id=\"blog-1-post-14980\" class=\"fusion-post-large-alternate post-14980 post type-post status-publish format-standard has-post-thumbnail hentry category-featured category-news tag-corto-maltese tag-ebook tag-hugo-pratt tag-under-the-sign-of-capricorn\">\n\t<style type=\"text\/css\">\n\t\t\n\t\t\n\t\t\n\t\t\n\t\t\t<\/style>\n\n\n\t\t\t<div class=\"fusion-flexslider flexslider fusion-flexslider-loading fusion-post-slideshow\" style=\"\">\n\t\t<ul class=\"slides\">\n\t\t\t\n\t\t\t\t\t\t\t\t\t\t\t\t\t\t<li><div  class=\"fusion-image-wrapper\" aria-haspopup=\"true\">\n\t\t\t\t<img decoding=\"async\" width=\"1414\" height=\"2000\" src=\"https:\/\/cortomaltese.com\/en\/wp-content\/uploads\/sites\/1\/Cover_Underthesign_Corto.jpg\" class=\"attachment-full size-full wp-post-image\" alt=\"\" srcset=\"https:\/\/cortomaltese.com\/en\/wp-content\/uploads\/sites\/1\/Cover_Underthesign_Corto-200x283.jpg 200w, https:\/\/cortomaltese.com\/en\/wp-content\/uploads\/sites\/1\/Cover_Underthesign_Corto-400x566.jpg 400w, https:\/\/cortomaltese.com\/en\/wp-content\/uploads\/sites\/1\/Cover_Underthesign_Corto-600x849.jpg 600w, https:\/\/cortomaltese.com\/en\/wp-content\/uploads\/sites\/1\/Cover_Underthesign_Corto-800x1132.jpg 800w, https:\/\/cortomaltese.com\/en\/wp-content\/uploads\/sites\/1\/Cover_Underthesign_Corto-1200x1697.jpg 1200w, https:\/\/cortomaltese.com\/en\/wp-content\/uploads\/sites\/1\/Cover_Underthesign_Corto.jpg 1414w\" sizes=\"(max-width: 800px) 100vw, 1200px\" \/><div class=\"fusion-rollover\">\n\t<div class=\"fusion-rollover-content\">\n\n\t\t\t\t\t\t\t\t\t\t\t\t\t\t<a class=\"fusion-rollover-link\" href=\"https:\/\/cortomaltese.com\/en\/corto-maltese-under-the-sign-of-capricorn-the-english-ebook-out-now\/\">Corto Maltese, Under the Sign of Capricorn: the english ebook out now<\/a>\n\t\t\t\n\t\t\t\t\t\t\t\t\n\t\t\n\t\t\t\t\t\t\t\t\t\t\t\t<h4 class=\"fusion-rollover-title\">\n\t\t\t\t\t<a class=\"fusion-rollover-title-link\" href=\"https:\/\/cortomaltese.com\/en\/corto-maltese-under-the-sign-of-capricorn-the-english-ebook-out-now\/\">\n\t\t\t\t\t\tCorto Maltese, Under the Sign of Capricorn: the english ebook out now\t\t\t\t\t<\/a>\n\t\t\t\t<\/h4>\n\t\t\t\n\t\t\t\t\t\t\t\t\n\t\t\n\t\t\t\t\t\t<a class=\"fusion-link-wrapper\" href=\"https:\/\/cortomaltese.com\/en\/corto-maltese-under-the-sign-of-capricorn-the-english-ebook-out-now\/\" aria-label=\"Corto Maltese, Under the Sign of Capricorn: the english ebook out now\"><\/a>\n\t<\/div>\n<\/div>\n<\/div>\n<\/li>\n\t\t\t\n\t\t\t\n\t\t\t\t\t\t\t\t\t\t\t\t\t\t\t\t\t\t\t\t\t\t\t\t\t\t\t\t\t\t\t\t\t\t\t\t\t\t\t\t\t\t\t\t\t\t\t\t\t\t\t\t\t\t\t\t\t\t\t\t\t\t\t\t\t\t\t\t<\/ul>\n\t<\/div>\n\t<div class=\"fusion-date-and-formats\"><div class=\"fusion-date-box updated\"><span class=\"fusion-date\">13<\/span><span class=\"fusion-month-year\">04, 2023<\/span><\/div><div class=\"fusion-format-box\"><i class=\"awb-icon-pen\" aria-hidden=\"true\"><\/i><\/div><\/div><div class=\"fusion-post-content post-content\"><h2 class=\"blog-shortcode-post-title\"><a href=\"https:\/\/cortomaltese.com\/en\/corto-maltese-under-the-sign-of-capricorn-the-english-ebook-out-now\/\">Corto Maltese, Under the Sign of Capricorn: the english ebook out now<\/a><\/h2><p class=\"fusion-single-line-meta\">By <span><a href=\"https:\/\/cortomaltese.com\/en\/author\/cortomaltese\/\" title=\"Posts by Corto Maltese\" rel=\"author\">Corto Maltese<\/a><\/span><span class=\"fusion-inline-sep\">|<\/span><span>13 April, 2023<\/span><span class=\"fusion-inline-sep\">|<\/span><\/p><div class=\"fusion-post-content-container\"><p>This ebook consist of six chapters, making for several stories loosely connected as they occur during distinct voyages in the Pacific and South America.<\/p><\/div><\/div><div class=\"fusion-clearfix\"><\/div><div class=\"fusion-meta-info\"><div class=\"fusion-alignright\"><a class=\"fusion-read-more\" href=\"https:\/\/cortomaltese.com\/en\/corto-maltese-under-the-sign-of-capricorn-the-english-ebook-out-now\/\" aria-label=\"More on Corto Maltese, Under the Sign of Capricorn: the english ebook out now\">Read More<\/a><\/div><\/div><\/article>\n<article id=\"blog-1-post-14957\" class=\"fusion-post-large-alternate post-14957 post type-post status-publish format-standard has-post-thumbnail hentry category-events category-featured category-news tag-corto-maltese tag-exhibition tag-sardinia tag-verso-nuove-rotte\">\n\t<style type=\"text\/css\">\n\t\t\n\t\t\n\t\t\n\t\t\n\t\t\t<\/style>\n\n\n\t\t\t<div class=\"fusion-flexslider flexslider fusion-flexslider-loading fusion-post-slideshow\" style=\"\">\n\t\t<ul class=\"slides\">\n\t\t\t\n\t\t\t\t\t\t\t\t\t\t\t\t\t\t<li><div  class=\"fusion-image-wrapper\" aria-haspopup=\"true\">\n\t\t\t\t<img decoding=\"async\" width=\"1792\" height=\"2560\" src=\"https:\/\/cortomaltese.com\/en\/wp-content\/uploads\/sites\/1\/Proroga-Cagliari-cover.jpg\" class=\"attachment-full size-full wp-post-image\" alt=\"\" srcset=\"https:\/\/cortomaltese.com\/en\/wp-content\/uploads\/sites\/1\/Proroga-Cagliari-cover-200x286.jpg 200w, https:\/\/cortomaltese.com\/en\/wp-content\/uploads\/sites\/1\/Proroga-Cagliari-cover-400x571.jpg 400w, https:\/\/cortomaltese.com\/en\/wp-content\/uploads\/sites\/1\/Proroga-Cagliari-cover-600x857.jpg 600w, https:\/\/cortomaltese.com\/en\/wp-content\/uploads\/sites\/1\/Proroga-Cagliari-cover-800x1143.jpg 800w, https:\/\/cortomaltese.com\/en\/wp-content\/uploads\/sites\/1\/Proroga-Cagliari-cover-1200x1714.jpg 1200w, https:\/\/cortomaltese.com\/en\/wp-content\/uploads\/sites\/1\/Proroga-Cagliari-cover.jpg 1792w\" sizes=\"(max-width: 800px) 100vw, 1200px\" \/><div class=\"fusion-rollover\">\n\t<div class=\"fusion-rollover-content\">\n\n\t\t\t\t\t\t\t\t\t\t\t\t\t\t<a class=\"fusion-rollover-link\" href=\"https:\/\/cortomaltese.com\/en\/verso-nuove-rotte-corto-maltese-exhibition-in-sardinia\/\">Extended! &#8220;Corto Maltese &#8211; Verso nuove rotte&#8221;: the exhibition arrives in Sardinia<\/a>\n\t\t\t\n\t\t\t\t\t\t\t\t\n\t\t\n\t\t\t\t\t\t\t\t\t\t\t\t<h4 class=\"fusion-rollover-title\">\n\t\t\t\t\t<a class=\"fusion-rollover-title-link\" href=\"https:\/\/cortomaltese.com\/en\/verso-nuove-rotte-corto-maltese-exhibition-in-sardinia\/\">\n\t\t\t\t\t\tExtended! &#8220;Corto Maltese &#8211; Verso nuove rotte&#8221;: the exhibition arrives in Sardinia\t\t\t\t\t<\/a>\n\t\t\t\t<\/h4>\n\t\t\t\n\t\t\t\t\t\t\t\t\n\t\t\n\t\t\t\t\t\t<a class=\"fusion-link-wrapper\" href=\"https:\/\/cortomaltese.com\/en\/verso-nuove-rotte-corto-maltese-exhibition-in-sardinia\/\" aria-label=\"Extended! &#8220;Corto Maltese &#8211; Verso nuove rotte&#8221;: the exhibition arrives in Sardinia\"><\/a>\n\t<\/div>\n<\/div>\n<\/div>\n<\/li>\n\t\t\t\n\t\t\t\n\t\t\t\t\t\t\t\t\t\t\t\t\t\t\t\t\t\t\t\t\t\t\t\t\t\t\t\t\t\t\t\t\t\t\t\t\t\t\t\t\t\t\t\t\t\t\t\t\t\t\t\t\t\t\t\t\t\t\t\t\t\t\t\t\t\t\t\t<\/ul>\n\t<\/div>\n\t<div class=\"fusion-date-and-formats\"><div class=\"fusion-date-box updated\"><span class=\"fusion-date\">11<\/span><span class=\"fusion-month-year\">09, 2022<\/span><\/div><div class=\"fusion-format-box\"><i class=\"awb-icon-pen\" aria-hidden=\"true\"><\/i><\/div><\/div><div class=\"fusion-post-content post-content\"><h2 class=\"blog-shortcode-post-title\"><a href=\"https:\/\/cortomaltese.com\/en\/verso-nuove-rotte-corto-maltese-exhibition-in-sardinia\/\">Extended! &#8220;Corto Maltese &#8211; Verso nuove rotte&#8221;: the exhibition arrives in Sardinia<\/a><\/h2><p class=\"fusion-single-line-meta\">By <span><a href=\"https:\/\/cortomaltese.com\/en\/author\/cortomaltese\/\" title=\"Posts by Corto Maltese\" rel=\"author\">Corto Maltese<\/a><\/span><span class=\"fusion-inline-sep\">|<\/span><span>11 September, 2022<\/span><span class=\"fusion-inline-sep\">|<\/span><\/p><div class=\"fusion-post-content-container\"><p>\u201cCorto Maltese, Verso nuove rotte\u201d: after the success in Genoa, the exhibition arrives in Sardinia, as the journey begins again.<\/p><\/div><\/div><div class=\"fusion-clearfix\"><\/div><div class=\"fusion-meta-info\"><div class=\"fusion-alignright\"><a class=\"fusion-read-more\" href=\"https:\/\/cortomaltese.com\/en\/verso-nuove-rotte-corto-maltese-exhibition-in-sardinia\/\" aria-label=\"More on Extended! &#8220;Corto Maltese &#8211; Verso nuove rotte&#8221;: the exhibition arrives in Sardinia\">Read More<\/a><\/div><\/div><\/article>\n<article id=\"blog-1-post-14951\" class=\"fusion-post-large-alternate post-14951 post type-post status-publish format-standard has-post-thumbnail hentry category-events category-featured category-news tag-lignes-dhorizons tag-musee-daquitaine\">\n\t<style type=\"text\/css\">\n\t\t\n\t\t\n\t\t\n\t\t\n\t\t\t<\/style>\n\n\n\t\t\t<div class=\"fusion-flexslider flexslider fusion-flexslider-loading fusion-post-slideshow\" style=\"\">\n\t\t<ul class=\"slides\">\n\t\t\t\n\t\t\t\t\t\t\t\t\t\t\t\t\t\t<li><div  class=\"fusion-image-wrapper\" aria-haspopup=\"true\">\n\t\t\t\t<img decoding=\"async\" width=\"1836\" height=\"2573\" src=\"https:\/\/cortomaltese.com\/en\/wp-content\/uploads\/sites\/1\/Affiche_Hugo-Pratt_Da-Genova-ai-mari-del-Sud.jpg\" class=\"attachment-full size-full wp-post-image\" alt=\"Hugo Pratt Genova\" srcset=\"https:\/\/cortomaltese.com\/en\/wp-content\/uploads\/sites\/1\/Affiche_Hugo-Pratt_Da-Genova-ai-mari-del-Sud-200x280.jpg 200w, https:\/\/cortomaltese.com\/en\/wp-content\/uploads\/sites\/1\/Affiche_Hugo-Pratt_Da-Genova-ai-mari-del-Sud-400x561.jpg 400w, https:\/\/cortomaltese.com\/en\/wp-content\/uploads\/sites\/1\/Affiche_Hugo-Pratt_Da-Genova-ai-mari-del-Sud-600x841.jpg 600w, https:\/\/cortomaltese.com\/en\/wp-content\/uploads\/sites\/1\/Affiche_Hugo-Pratt_Da-Genova-ai-mari-del-Sud-800x1121.jpg 800w, https:\/\/cortomaltese.com\/en\/wp-content\/uploads\/sites\/1\/Affiche_Hugo-Pratt_Da-Genova-ai-mari-del-Sud-1200x1682.jpg 1200w, https:\/\/cortomaltese.com\/en\/wp-content\/uploads\/sites\/1\/Affiche_Hugo-Pratt_Da-Genova-ai-mari-del-Sud.jpg 1836w\" sizes=\"(max-width: 800px) 100vw, 1200px\" \/><div class=\"fusion-rollover\">\n\t<div class=\"fusion-rollover-content\">\n\n\t\t\t\t\t\t\t\t\t\t\t\t\t\t<a class=\"fusion-rollover-link\" href=\"https:\/\/cortomaltese.com\/en\/exhibit-hugo-da-genova-ai-mari-del-sud-from-october-14th-in-genoa-italy\/\">EXTENDED! Exhibit &#8220;Hugo da Genova ai mari del Sud&#8221;: from October 14th in Genoa (Italy)<\/a>\n\t\t\t\n\t\t\t\t\t\t\t\t\n\t\t\n\t\t\t\t\t\t\t\t\t\t\t\t<h4 class=\"fusion-rollover-title\">\n\t\t\t\t\t<a class=\"fusion-rollover-title-link\" href=\"https:\/\/cortomaltese.com\/en\/exhibit-hugo-da-genova-ai-mari-del-sud-from-october-14th-in-genoa-italy\/\">\n\t\t\t\t\t\tEXTENDED! Exhibit &#8220;Hugo da Genova ai mari del Sud&#8221;: from October 14th in Genoa (Italy)\t\t\t\t\t<\/a>\n\t\t\t\t<\/h4>\n\t\t\t\n\t\t\t\t\t\t\t\t\n\t\t\n\t\t\t\t\t\t<a class=\"fusion-link-wrapper\" href=\"https:\/\/cortomaltese.com\/en\/exhibit-hugo-da-genova-ai-mari-del-sud-from-october-14th-in-genoa-italy\/\" aria-label=\"EXTENDED! Exhibit &#8220;Hugo da Genova ai mari del Sud&#8221;: from October 14th in Genoa (Italy)\"><\/a>\n\t<\/div>\n<\/div>\n<\/div>\n<\/li>\n\t\t\t\n\t\t\t\n\t\t\t\t\t\t\t\t\t\t\t\t\t\t\t\t\t\t\t\t\t\t\t\t\t\t\t\t\t\t\t\t\t\t\t\t\t\t\t\t\t\t\t\t\t\t\t\t\t\t\t\t\t\t\t\t\t\t\t\t\t\t\t\t\t\t\t\t<\/ul>\n\t<\/div>\n\t<div class=\"fusion-date-and-formats\"><div class=\"fusion-date-box updated\"><span class=\"fusion-date\">9<\/span><span class=\"fusion-month-year\">03, 2022<\/span><\/div><div class=\"fusion-format-box\"><i class=\"awb-icon-pen\" aria-hidden=\"true\"><\/i><\/div><\/div><div class=\"fusion-post-content post-content\"><h2 class=\"blog-shortcode-post-title\"><a href=\"https:\/\/cortomaltese.com\/en\/exhibit-hugo-da-genova-ai-mari-del-sud-from-october-14th-in-genoa-italy\/\">EXTENDED! Exhibit &#8220;Hugo da Genova ai mari del Sud&#8221;: from October 14th in Genoa (Italy)<\/a><\/h2><p class=\"fusion-single-line-meta\">By <span><a href=\"https:\/\/cortomaltese.com\/en\/author\/cortomaltese\/\" title=\"Posts by Corto Maltese\" rel=\"author\">Corto Maltese<\/a><\/span><span class=\"fusion-inline-sep\">|<\/span><span>9 March, 2022<\/span><span class=\"fusion-inline-sep\">|<\/span><\/p><div class=\"fusion-post-content-container\"><p> FROM OCTOBER 14TH 2021 TO MARCH 20TH 2022 Hugo Pratt da Genova ai mari del Sud, an exhibition that celebrates a historical period of Italian comics: from Sergeant Kirk to the birth of Corto<a href=\"https:\/\/cortomaltese.com\/en\/exhibit-hugo-da-genova-ai-mari-del-sud-from-october-14th-in-genoa-italy\/\"> [...]<\/a><\/p><\/div><\/div><div class=\"fusion-clearfix\"><\/div><div class=\"fusion-meta-info\"><div class=\"fusion-alignright\"><a class=\"fusion-read-more\" href=\"https:\/\/cortomaltese.com\/en\/exhibit-hugo-da-genova-ai-mari-del-sud-from-october-14th-in-genoa-italy\/\" aria-label=\"More on EXTENDED! Exhibit &#8220;Hugo da Genova ai mari del Sud&#8221;: from October 14th in Genoa (Italy)\">Read More<\/a><\/div><\/div><\/article>\n<article id=\"blog-1-post-14923\" class=\"fusion-post-large-alternate post-14923 post type-post status-publish format-standard has-post-thumbnail hentry category-featured category-news tag-corto-maltese tag-hugo-pratt tag-venice\">\n\t<style type=\"text\/css\">\n\t\t\n\t\t\n\t\t\n\t\t\n\t\t\t<\/style>\n\n\n\t\t\t<div class=\"fusion-flexslider flexslider fusion-flexslider-loading fusion-post-slideshow\" style=\"\">\n\t\t<ul class=\"slides\">\n\t\t\t\n\t\t\t\t\t\t\t\t\t\t\t\t\t\t<li><div  class=\"fusion-image-wrapper\" aria-haspopup=\"true\">\n\t\t\t\t<img decoding=\"async\" width=\"2880\" height=\"1620\" src=\"https:\/\/cortomaltese.com\/en\/wp-content\/uploads\/sites\/1\/8.png\" class=\"attachment-full size-full wp-post-image\" alt=\"the secret Venice\" srcset=\"https:\/\/cortomaltese.com\/en\/wp-content\/uploads\/sites\/1\/8-200x113.png 200w, https:\/\/cortomaltese.com\/en\/wp-content\/uploads\/sites\/1\/8-400x225.png 400w, https:\/\/cortomaltese.com\/en\/wp-content\/uploads\/sites\/1\/8-600x338.png 600w, https:\/\/cortomaltese.com\/en\/wp-content\/uploads\/sites\/1\/8-800x450.png 800w, https:\/\/cortomaltese.com\/en\/wp-content\/uploads\/sites\/1\/8-1200x675.png 1200w, https:\/\/cortomaltese.com\/en\/wp-content\/uploads\/sites\/1\/8.png 2880w\" sizes=\"(max-width: 800px) 100vw, 1200px\" \/><div class=\"fusion-rollover\">\n\t<div class=\"fusion-rollover-content\">\n\n\t\t\t\t\t\t\t\t\t\t\t\t\t\t<a class=\"fusion-rollover-link\" href=\"https:\/\/cortomaltese.com\/en\/the-secret-venice-of-corto-maltese\/\">The Secret Venice of Corto Maltese, an untourist guide<\/a>\n\t\t\t\n\t\t\t\t\t\t\t\t\n\t\t\n\t\t\t\t\t\t\t\t\t\t\t\t<h4 class=\"fusion-rollover-title\">\n\t\t\t\t\t<a class=\"fusion-rollover-title-link\" href=\"https:\/\/cortomaltese.com\/en\/the-secret-venice-of-corto-maltese\/\">\n\t\t\t\t\t\tThe Secret Venice of Corto Maltese, an untourist guide\t\t\t\t\t<\/a>\n\t\t\t\t<\/h4>\n\t\t\t\n\t\t\t\t\t\t\t\t\n\t\t\n\t\t\t\t\t\t<a class=\"fusion-link-wrapper\" href=\"https:\/\/cortomaltese.com\/en\/the-secret-venice-of-corto-maltese\/\" aria-label=\"The Secret Venice of Corto Maltese, an untourist guide\"><\/a>\n\t<\/div>\n<\/div>\n<\/div>\n<\/li>\n\t\t\t\n\t\t\t\n\t\t\t\t\t\t\t\t\t\t\t\t\t\t\t\t\t\t\t\t\t\t\t\t\t\t\t\t\t\t\t\t\t\t\t\t\t\t\t\t\t\t\t\t\t\t\t\t\t\t\t\t\t\t\t\t\t\t\t\t\t\t\t\t\t\t\t\t<\/ul>\n\t<\/div>\n\t<div class=\"fusion-date-and-formats\"><div class=\"fusion-date-box updated\"><span class=\"fusion-date\">28<\/span><span class=\"fusion-month-year\">09, 2020<\/span><\/div><div class=\"fusion-format-box\"><i class=\"awb-icon-pen\" aria-hidden=\"true\"><\/i><\/div><\/div><div class=\"fusion-post-content post-content\"><h2 class=\"blog-shortcode-post-title\"><a href=\"https:\/\/cortomaltese.com\/en\/the-secret-venice-of-corto-maltese\/\">The Secret Venice of Corto Maltese, an untourist guide<\/a><\/h2><p class=\"fusion-single-line-meta\">By <span><a href=\"https:\/\/cortomaltese.com\/en\/author\/cortomaltese\/\" title=\"Posts by Corto Maltese\" rel=\"author\">Corto Maltese<\/a><\/span><span class=\"fusion-inline-sep\">|<\/span><span>28 September, 2020<\/span><span class=\"fusion-inline-sep\">|<\/span><\/p><div class=\"fusion-post-content-container\"><p>A Venice guide to discover hidden places and uncovered trails, in the footsteps of Hugo Pratt<\/p><\/div><\/div><div class=\"fusion-clearfix\"><\/div><div class=\"fusion-meta-info\"><div class=\"fusion-alignright\"><a class=\"fusion-read-more\" href=\"https:\/\/cortomaltese.com\/en\/the-secret-venice-of-corto-maltese\/\" aria-label=\"More on The Secret Venice of Corto Maltese, an untourist guide\">Read More<\/a><\/div><\/div><\/article>\n<article id=\"blog-1-post-14887\" class=\"fusion-post-large-alternate post-14887 post type-post status-publish format-standard has-post-thumbnail hentry category-news tag-celtic-tales\">\n\t<style type=\"text\/css\">\n\t\t\n\t\t\n\t\t\n\t\t\n\t\t\t<\/style>\n\n\n\t\t\t<div class=\"fusion-flexslider flexslider fusion-flexslider-loading fusion-post-slideshow\" style=\"\">\n\t\t<ul class=\"slides\">\n\t\t\t\n\t\t\t\t\t\t\t\t\t\t\t\t\t\t<li><div  class=\"fusion-image-wrapper\" aria-haspopup=\"true\">\n\t\t\t\t<img decoding=\"async\" width=\"1400\" height=\"1778\" src=\"https:\/\/cortomaltese.com\/en\/wp-content\/uploads\/sites\/1\/91E80vqEyL.jpg\" class=\"attachment-full size-full wp-post-image\" alt=\"\" srcset=\"https:\/\/cortomaltese.com\/en\/wp-content\/uploads\/sites\/1\/91E80vqEyL-200x254.jpg 200w, https:\/\/cortomaltese.com\/en\/wp-content\/uploads\/sites\/1\/91E80vqEyL-400x508.jpg 400w, https:\/\/cortomaltese.com\/en\/wp-content\/uploads\/sites\/1\/91E80vqEyL-600x762.jpg 600w, https:\/\/cortomaltese.com\/en\/wp-content\/uploads\/sites\/1\/91E80vqEyL-800x1016.jpg 800w, https:\/\/cortomaltese.com\/en\/wp-content\/uploads\/sites\/1\/91E80vqEyL-1200x1524.jpg 1200w, https:\/\/cortomaltese.com\/en\/wp-content\/uploads\/sites\/1\/91E80vqEyL.jpg 1400w\" sizes=\"(max-width: 800px) 100vw, 1200px\" \/><div class=\"fusion-rollover\">\n\t<div class=\"fusion-rollover-content\">\n\n\t\t\t\t\t\t\t\t\t\t\t\t\t\t<a class=\"fusion-rollover-link\" href=\"https:\/\/cortomaltese.com\/en\/mu-the-lost-continent\/\">Corto Maltese &#8211;  Mu, The Lost Continent<\/a>\n\t\t\t\n\t\t\t\t\t\t\t\t\n\t\t\n\t\t\t\t\t\t\t\t\t\t\t\t<h4 class=\"fusion-rollover-title\">\n\t\t\t\t\t<a class=\"fusion-rollover-title-link\" href=\"https:\/\/cortomaltese.com\/en\/mu-the-lost-continent\/\">\n\t\t\t\t\t\tCorto Maltese &#8211;  Mu, The Lost Continent\t\t\t\t\t<\/a>\n\t\t\t\t<\/h4>\n\t\t\t\n\t\t\t\t\t\t\t\t\n\t\t\n\t\t\t\t\t\t<a class=\"fusion-link-wrapper\" href=\"https:\/\/cortomaltese.com\/en\/mu-the-lost-continent\/\" aria-label=\"Corto Maltese &#8211;  Mu, The Lost Continent\"><\/a>\n\t<\/div>\n<\/div>\n<\/div>\n<\/li>\n\t\t\t\n\t\t\t\n\t\t\t\t\t\t\t\t\t\t\t\t\t\t\t\t\t\t\t\t\t\t\t\t\t\t\t\t\t\t\t\t\t\t\t\t\t\t\t\t\t\t\t\t\t\t\t\t\t\t\t\t\t\t\t\t\t\t\t\t\t\t\t\t\t\t\t\t<\/ul>\n\t<\/div>\n\t<div class=\"fusion-date-and-formats\"><div class=\"fusion-date-box updated\"><span class=\"fusion-date\">4<\/span><span class=\"fusion-month-year\">08, 2020<\/span><\/div><div class=\"fusion-format-box\"><i class=\"awb-icon-pen\" aria-hidden=\"true\"><\/i><\/div><\/div><div class=\"fusion-post-content post-content\"><h2 class=\"blog-shortcode-post-title\"><a href=\"https:\/\/cortomaltese.com\/en\/mu-the-lost-continent\/\">Corto Maltese &#8211;  Mu, The Lost Continent<\/a><\/h2><p class=\"fusion-single-line-meta\">By <span><a href=\"https:\/\/cortomaltese.com\/en\/author\/fabrizio\/\" title=\"Posts by Corto Maltese\" rel=\"author\">Corto Maltese<\/a><\/span><span class=\"fusion-inline-sep\">|<\/span><span>4 August, 2020<\/span><span class=\"fusion-inline-sep\">|<\/span><\/p><div class=\"fusion-post-content-container\"><p>In this final entry of Hugo Pratt\u2019s epic series, the master graphic novelist returns to the theme he first explored in the initial episode\u2013the search for the lost continent of Mu, the mythical Atlantis.<\/p><\/div><\/div><div class=\"fusion-clearfix\"><\/div><div class=\"fusion-meta-info\"><div class=\"fusion-alignright\"><a class=\"fusion-read-more\" href=\"https:\/\/cortomaltese.com\/en\/mu-the-lost-continent\/\" aria-label=\"More on Corto Maltese &#8211;  Mu, The Lost Continent\">Read More<\/a><\/div><\/div><\/article>\n<article id=\"blog-1-post-14661\" class=\"fusion-post-large-alternate post-14661 post type-post status-publish format-standard has-post-thumbnail hentry category-featured category-highlights category-news tag-ballad-of-the-salty-sea tag-corto-maltese tag-hugo-pratt\">\n\t<style type=\"text\/css\">\n\t\t\n\t\t\n\t\t\n\t\t\n\t\t\t<\/style>\n\n\n\t\t\t<div class=\"fusion-flexslider flexslider fusion-flexslider-loading fusion-post-slideshow\" style=\"\">\n\t\t<ul class=\"slides\">\n\t\t\t\n\t\t\t\t\t\t\t\t\t\t\t\t\t\t<li><div  class=\"fusion-image-wrapper\" aria-haspopup=\"true\">\n\t\t\t\t<img decoding=\"async\" width=\"1400\" height=\"1778\" src=\"https:\/\/cortomaltese.com\/en\/wp-content\/uploads\/sites\/1\/CortoMaltese_Ballad-of-Salty-Sea-Cover.jpg\" class=\"attachment-full size-full wp-post-image\" alt=\"\" srcset=\"https:\/\/cortomaltese.com\/en\/wp-content\/uploads\/sites\/1\/CortoMaltese_Ballad-of-Salty-Sea-Cover-200x254.jpg 200w, https:\/\/cortomaltese.com\/en\/wp-content\/uploads\/sites\/1\/CortoMaltese_Ballad-of-Salty-Sea-Cover-400x508.jpg 400w, https:\/\/cortomaltese.com\/en\/wp-content\/uploads\/sites\/1\/CortoMaltese_Ballad-of-Salty-Sea-Cover-600x762.jpg 600w, https:\/\/cortomaltese.com\/en\/wp-content\/uploads\/sites\/1\/CortoMaltese_Ballad-of-Salty-Sea-Cover-800x1016.jpg 800w, https:\/\/cortomaltese.com\/en\/wp-content\/uploads\/sites\/1\/CortoMaltese_Ballad-of-Salty-Sea-Cover-1200x1524.jpg 1200w, https:\/\/cortomaltese.com\/en\/wp-content\/uploads\/sites\/1\/CortoMaltese_Ballad-of-Salty-Sea-Cover.jpg 1400w\" sizes=\"(max-width: 800px) 100vw, 1200px\" \/><div class=\"fusion-rollover\">\n\t<div class=\"fusion-rollover-content\">\n\n\t\t\t\t\t\t\t\t\t\t\t\t\t\t<a class=\"fusion-rollover-link\" href=\"https:\/\/cortomaltese.com\/en\/corto-maltese-ballad-of-the-salty-sea\/\">Corto Maltese \u2013 Ballad of the Salt Sea<\/a>\n\t\t\t\n\t\t\t\t\t\t\t\t\n\t\t\n\t\t\t\t\t\t\t\t\t\t\t\t<h4 class=\"fusion-rollover-title\">\n\t\t\t\t\t<a class=\"fusion-rollover-title-link\" href=\"https:\/\/cortomaltese.com\/en\/corto-maltese-ballad-of-the-salty-sea\/\">\n\t\t\t\t\t\tCorto Maltese \u2013 Ballad of the Salt Sea\t\t\t\t\t<\/a>\n\t\t\t\t<\/h4>\n\t\t\t\n\t\t\t\t\t\t\t\t\n\t\t\n\t\t\t\t\t\t<a class=\"fusion-link-wrapper\" href=\"https:\/\/cortomaltese.com\/en\/corto-maltese-ballad-of-the-salty-sea\/\" aria-label=\"Corto Maltese \u2013 Ballad of the Salt Sea\"><\/a>\n\t<\/div>\n<\/div>\n<\/div>\n<\/li>\n\t\t\t\n\t\t\t\n\t\t\t\t\t\t\t\t\t\t\t\t\t\t\t\t\t\t\t\t\t\t\t\t\t\t\t\t\t\t\t\t\t\t\t\t\t\t\t\t\t\t\t\t\t\t\t\t\t\t\t\t\t\t\t\t\t\t\t\t\t\t\t\t\t\t\t\t<\/ul>\n\t<\/div>\n\t<div class=\"fusion-date-and-formats\"><div class=\"fusion-date-box updated\"><span class=\"fusion-date\">17<\/span><span class=\"fusion-month-year\">01, 2020<\/span><\/div><div class=\"fusion-format-box\"><i class=\"awb-icon-pen\" aria-hidden=\"true\"><\/i><\/div><\/div><div class=\"fusion-post-content post-content\"><h2 class=\"blog-shortcode-post-title\"><a href=\"https:\/\/cortomaltese.com\/en\/corto-maltese-ballad-of-the-salty-sea\/\">Corto Maltese \u2013 Ballad of the Salt Sea<\/a><\/h2><p class=\"fusion-single-line-meta\">By <span><a href=\"https:\/\/cortomaltese.com\/en\/author\/cortomaltese\/\" title=\"Posts by Corto Maltese\" rel=\"author\">Corto Maltese<\/a><\/span><span class=\"fusion-inline-sep\">|<\/span><span>17 January, 2020<\/span><span class=\"fusion-inline-sep\">|<\/span><\/p><div class=\"fusion-post-content-container\"><p>The threat of World War I is in the air when the catamaran of the pirate Rasputin rescues a castaway who has been bound hand and foot to a raft and shoved off to drift, until certain death, on the waves of the Pacific. This man has a name destined to become legend: Corto Maltese.<\/p><\/div><\/div><div class=\"fusion-clearfix\"><\/div><div class=\"fusion-meta-info\"><div class=\"fusion-alignright\"><a class=\"fusion-read-more\" href=\"https:\/\/cortomaltese.com\/en\/corto-maltese-ballad-of-the-salty-sea\/\" aria-label=\"More on Corto Maltese \u2013 Ballad of the Salt Sea\">Read More<\/a><\/div><\/div><\/article>\n<article id=\"blog-1-post-14603\" class=\"fusion-post-large-alternate post-14603 post type-post status-publish format-standard has-post-thumbnail hentry category-news tag-dia-de-tarowean tag-taroweans-day tag-taroweans-dag\">\n\t<style type=\"text\/css\">\n\t\t\n\t\t\n\t\t\n\t\t\n\t\t\t<\/style>\n\n\n\t\t\t<div class=\"fusion-flexslider flexslider fusion-flexslider-loading fusion-post-slideshow\" style=\"\">\n\t\t<ul class=\"slides\">\n\t\t\t\n\t\t\t\t\t\t\t\t\t\t\t\t\t\t<li><div  class=\"fusion-image-wrapper\" aria-haspopup=\"true\">\n\t\t\t\t<img decoding=\"async\" width=\"654\" height=\"870\" src=\"https:\/\/cortomaltese.com\/en\/wp-content\/uploads\/sites\/1\/Tarowean_Cover_Pt.jpg\" class=\"attachment-full size-full wp-post-image\" alt=\"\" srcset=\"https:\/\/cortomaltese.com\/en\/wp-content\/uploads\/sites\/1\/Tarowean_Cover_Pt-200x266.jpg 200w, https:\/\/cortomaltese.com\/en\/wp-content\/uploads\/sites\/1\/Tarowean_Cover_Pt-400x532.jpg 400w, https:\/\/cortomaltese.com\/en\/wp-content\/uploads\/sites\/1\/Tarowean_Cover_Pt-600x798.jpg 600w, https:\/\/cortomaltese.com\/en\/wp-content\/uploads\/sites\/1\/Tarowean_Cover_Pt.jpg 654w\" sizes=\"(max-width: 800px) 100vw, 654px\" \/><div class=\"fusion-rollover\">\n\t<div class=\"fusion-rollover-content\">\n\n\t\t\t\t\t\t\t\t\t\t\t\t\t\t<a class=\"fusion-rollover-link\" href=\"https:\/\/cortomaltese.com\/en\/taroweans-day-in-the-world\/\">Corto Maltese is back with &#8216;Tarowean&#8217;s Day&#8217; all over the world<\/a>\n\t\t\t\n\t\t\t\t\t\t\t\t\n\t\t\n\t\t\t\t\t\t\t\t\t\t\t\t<h4 class=\"fusion-rollover-title\">\n\t\t\t\t\t<a class=\"fusion-rollover-title-link\" href=\"https:\/\/cortomaltese.com\/en\/taroweans-day-in-the-world\/\">\n\t\t\t\t\t\tCorto Maltese is back with &#8216;Tarowean&#8217;s Day&#8217; all over the world\t\t\t\t\t<\/a>\n\t\t\t\t<\/h4>\n\t\t\t\n\t\t\t\t\t\t\t\t\n\t\t\n\t\t\t\t\t\t<a class=\"fusion-link-wrapper\" href=\"https:\/\/cortomaltese.com\/en\/taroweans-day-in-the-world\/\" aria-label=\"Corto Maltese is back with &#8216;Tarowean&#8217;s Day&#8217; all over the world\"><\/a>\n\t<\/div>\n<\/div>\n<\/div>\n<\/li>\n\t\t\t\n\t\t\t\n\t\t\t\t\t\t\t\t\t\t\t\t\t\t\t\t\t\t\t\t\t\t\t\t\t\t\t\t\t\t\t\t\t\t\t\t\t\t\t\t\t\t\t\t\t\t\t\t\t\t\t\t\t\t\t\t\t\t\t\t\t\t\t\t\t\t\t\t<\/ul>\n\t<\/div>\n\t<div class=\"fusion-date-and-formats\"><div class=\"fusion-date-box updated\"><span class=\"fusion-date\">4<\/span><span class=\"fusion-month-year\">12, 2019<\/span><\/div><div class=\"fusion-format-box\"><i class=\"awb-icon-pen\" aria-hidden=\"true\"><\/i><\/div><\/div><div class=\"fusion-post-content post-content\"><h2 class=\"blog-shortcode-post-title\"><a href=\"https:\/\/cortomaltese.com\/en\/taroweans-day-in-the-world\/\">Corto Maltese is back with &#8216;Tarowean&#8217;s Day&#8217; all over the world<\/a><\/h2><p class=\"fusion-single-line-meta\">By <span><a href=\"https:\/\/cortomaltese.com\/en\/author\/cortomaltese\/\" title=\"Posts by Corto Maltese\" rel=\"author\">Corto Maltese<\/a><\/span><span class=\"fusion-inline-sep\">|<\/span><span>4 December, 2019<\/span><span class=\"fusion-inline-sep\">|<\/span><\/p><div class=\"fusion-post-content-container\"><p>The new story, the third realized by the two Spanish authors after Hugo Pratt\u2019s death, is the prequel to \u201cThe Ballad of the Salty Sea.\u201d \u201cTarowean\u2019s Day\u201d concludes with the iconic image of Corto tied to the raft, right where his millions of fans discovered him for the first time in 1967.<\/p><\/div><\/div><div class=\"fusion-clearfix\"><\/div><div class=\"fusion-meta-info\"><div class=\"fusion-alignright\"><a class=\"fusion-read-more\" href=\"https:\/\/cortomaltese.com\/en\/taroweans-day-in-the-world\/\" aria-label=\"More on Corto Maltese is back with &#8216;Tarowean&#8217;s Day&#8217; all over the world\">Read More<\/a><\/div><\/div><\/article>\n<article id=\"blog-1-post-14500\" class=\"fusion-post-large-alternate post-14500 post type-post status-publish format-standard has-post-thumbnail hentry category-news\">\n\t<style type=\"text\/css\">\n\t\t\n\t\t\n\t\t\n\t\t\n\t\t\t<\/style>\n\n\n\t\t\t<div class=\"fusion-flexslider flexslider fusion-flexslider-loading fusion-post-slideshow\" style=\"\">\n\t\t<ul class=\"slides\">\n\t\t\t\n\t\t\t\t\t\t\t\t\t\t\t\t\t\t<li><div  class=\"fusion-image-wrapper\" aria-haspopup=\"true\">\n\t\t\t\t<img decoding=\"async\" width=\"659\" height=\"837\" src=\"https:\/\/cortomaltese.com\/en\/wp-content\/uploads\/sites\/1\/Corto_Maltese-Secret_Rose-IDW.jpg\" class=\"attachment-full size-full wp-post-image\" alt=\"Corto Maltese - The Secret Rose IDW\" srcset=\"https:\/\/cortomaltese.com\/en\/wp-content\/uploads\/sites\/1\/Corto_Maltese-Secret_Rose-IDW-200x254.jpg 200w, https:\/\/cortomaltese.com\/en\/wp-content\/uploads\/sites\/1\/Corto_Maltese-Secret_Rose-IDW-400x508.jpg 400w, https:\/\/cortomaltese.com\/en\/wp-content\/uploads\/sites\/1\/Corto_Maltese-Secret_Rose-IDW-600x762.jpg 600w, https:\/\/cortomaltese.com\/en\/wp-content\/uploads\/sites\/1\/Corto_Maltese-Secret_Rose-IDW.jpg 659w\" sizes=\"(max-width: 800px) 100vw, 659px\" \/><div class=\"fusion-rollover\">\n\t<div class=\"fusion-rollover-content\">\n\n\t\t\t\t\t\t\t\t\t\t\t\t\t\t<a class=\"fusion-rollover-link\" href=\"https:\/\/cortomaltese.com\/en\/corto-maltese-the-secret-rose\/\">Corto Maltese &#8211; The Secret Rose<\/a>\n\t\t\t\n\t\t\t\t\t\t\t\t\n\t\t\n\t\t\t\t\t\t\t\t\t\t\t\t<h4 class=\"fusion-rollover-title\">\n\t\t\t\t\t<a class=\"fusion-rollover-title-link\" href=\"https:\/\/cortomaltese.com\/en\/corto-maltese-the-secret-rose\/\">\n\t\t\t\t\t\tCorto Maltese &#8211; The Secret Rose\t\t\t\t\t<\/a>\n\t\t\t\t<\/h4>\n\t\t\t\n\t\t\t\t\t\t\t\t\n\t\t\n\t\t\t\t\t\t<a class=\"fusion-link-wrapper\" href=\"https:\/\/cortomaltese.com\/en\/corto-maltese-the-secret-rose\/\" aria-label=\"Corto Maltese &#8211; The Secret Rose\"><\/a>\n\t<\/div>\n<\/div>\n<\/div>\n<\/li>\n\t\t\t\n\t\t\t\n\t\t\t\t\t\t\t\t\t\t\t\t\t\t\t\t\t\t\t\t\t\t\t\t\t\t\t\t\t\t\t\t\t\t\t\t\t\t\t\t\t\t\t\t\t\t\t\t\t\t\t\t\t\t\t\t\t\t\t\t\t\t\t\t\t\t\t\t<\/ul>\n\t<\/div>\n\t<div class=\"fusion-date-and-formats\"><div class=\"fusion-date-box updated\"><span class=\"fusion-date\">19<\/span><span class=\"fusion-month-year\">02, 2019<\/span><\/div><div class=\"fusion-format-box\"><i class=\"awb-icon-pen\" aria-hidden=\"true\"><\/i><\/div><\/div><div class=\"fusion-post-content post-content\"><h2 class=\"blog-shortcode-post-title\"><a href=\"https:\/\/cortomaltese.com\/en\/corto-maltese-the-secret-rose\/\">Corto Maltese &#8211; The Secret Rose<\/a><\/h2><p class=\"fusion-single-line-meta\">By <span><a href=\"https:\/\/cortomaltese.com\/en\/author\/cortomaltese\/\" title=\"Posts by Corto Maltese\" rel=\"author\">Corto Maltese<\/a><\/span><span class=\"fusion-inline-sep\">|<\/span><span>19 February, 2019<\/span><span class=\"fusion-inline-sep\">|<\/span><\/p><div class=\"fusion-post-content-container\"><p>The Secret Rose, is the ninth of the twelve titles of Corto Maltese that narrate the adventures of the romantic sailor created by Hugo Pratt in 1967 and now published by IDW Publisher in the USA.<\/p><\/div><\/div><div class=\"fusion-clearfix\"><\/div><div class=\"fusion-meta-info\"><div class=\"fusion-alignright\"><a class=\"fusion-read-more\" href=\"https:\/\/cortomaltese.com\/en\/corto-maltese-the-secret-rose\/\" aria-label=\"More on Corto Maltese &#8211; The Secret Rose\">Read More<\/a><\/div><\/div><\/article>\n<article id=\"blog-1-post-14479\" class=\"fusion-post-large-alternate post-14479 post type-post status-publish format-standard has-post-thumbnail hentry category-news\">\n\t<style type=\"text\/css\">\n\t\t\n\t\t\n\t\t\n\t\t\n\t\t\t<\/style>\n\n\n\t\t\t<div class=\"fusion-flexslider flexslider fusion-flexslider-loading fusion-post-slideshow\" style=\"\">\n\t\t<ul class=\"slides\">\n\t\t\t\n\t\t\t\t\t\t\t\t\t\t\t\t\t\t<li><div  class=\"fusion-image-wrapper\" aria-haspopup=\"true\">\n\t\t\t\t<img decoding=\"async\" width=\"659\" height=\"837\" src=\"https:\/\/cortomaltese.com\/en\/wp-content\/uploads\/sites\/1\/corto_maltese-Tango_IDW.jpg\" class=\"attachment-full size-full wp-post-image\" alt=\"Corto Maltese Tango IDW\" srcset=\"https:\/\/cortomaltese.com\/en\/wp-content\/uploads\/sites\/1\/corto_maltese-Tango_IDW-200x254.jpg 200w, https:\/\/cortomaltese.com\/en\/wp-content\/uploads\/sites\/1\/corto_maltese-Tango_IDW-400x508.jpg 400w, https:\/\/cortomaltese.com\/en\/wp-content\/uploads\/sites\/1\/corto_maltese-Tango_IDW-600x762.jpg 600w, https:\/\/cortomaltese.com\/en\/wp-content\/uploads\/sites\/1\/corto_maltese-Tango_IDW.jpg 659w\" sizes=\"(max-width: 800px) 100vw, 659px\" \/><div class=\"fusion-rollover\">\n\t<div class=\"fusion-rollover-content\">\n\n\t\t\t\t\t\t\t\t\t\t\t\t\t\t<a class=\"fusion-rollover-link\" href=\"https:\/\/cortomaltese.com\/en\/corto-maltese-tango\/\">Corto Maltese &#8211; Tango<\/a>\n\t\t\t\n\t\t\t\t\t\t\t\t\n\t\t\n\t\t\t\t\t\t\t\t\t\t\t\t<h4 class=\"fusion-rollover-title\">\n\t\t\t\t\t<a class=\"fusion-rollover-title-link\" href=\"https:\/\/cortomaltese.com\/en\/corto-maltese-tango\/\">\n\t\t\t\t\t\tCorto Maltese &#8211; Tango\t\t\t\t\t<\/a>\n\t\t\t\t<\/h4>\n\t\t\t\n\t\t\t\t\t\t\t\t\n\t\t\n\t\t\t\t\t\t<a class=\"fusion-link-wrapper\" href=\"https:\/\/cortomaltese.com\/en\/corto-maltese-tango\/\" aria-label=\"Corto Maltese &#8211; Tango\"><\/a>\n\t<\/div>\n<\/div>\n<\/div>\n<\/li>\n\t\t\t\n\t\t\t\n\t\t\t\t\t\t\t\t\t\t\t\t\t\t\t\t\t\t\t\t\t\t\t\t\t\t\t\t\t\t\t\t\t\t\t\t\t\t\t\t\t\t\t\t\t\t\t\t\t\t\t\t\t\t\t\t\t\t\t\t\t\t\t\t\t\t\t\t<\/ul>\n\t<\/div>\n\t<div class=\"fusion-date-and-formats\"><div class=\"fusion-date-box updated\"><span class=\"fusion-date\">11<\/span><span class=\"fusion-month-year\">02, 2019<\/span><\/div><div class=\"fusion-format-box\"><i class=\"awb-icon-pen\" aria-hidden=\"true\"><\/i><\/div><\/div><div class=\"fusion-post-content post-content\"><h2 class=\"blog-shortcode-post-title\"><a href=\"https:\/\/cortomaltese.com\/en\/corto-maltese-tango\/\">Corto Maltese &#8211; Tango<\/a><\/h2><p class=\"fusion-single-line-meta\">By <span><a href=\"https:\/\/cortomaltese.com\/en\/author\/cortomaltese\/\" title=\"Posts by Corto Maltese\" rel=\"author\">Corto Maltese<\/a><\/span><span class=\"fusion-inline-sep\">|<\/span><span>11 February, 2019<\/span><span class=\"fusion-inline-sep\">|<\/span><\/p><div class=\"fusion-post-content-container\"><p>Tango, is the eighth of the twelve titles of Corto Maltese that narrate the adventures of the romantic sailor created by Hugo Pratt in 1967 and now published by IDW Publisher in the USA.<\/p><\/div><\/div><div class=\"fusion-clearfix\"><\/div><div class=\"fusion-meta-info\"><div class=\"fusion-alignright\"><a class=\"fusion-read-more\" href=\"https:\/\/cortomaltese.com\/en\/corto-maltese-tango\/\" aria-label=\"More on Corto Maltese &#8211; Tango\">Read More<\/a><\/div><\/div><\/article>\n<article id=\"blog-1-post-14829\" class=\"fusion-post-large-alternate post-14829 post type-post status-publish format-standard has-post-thumbnail hentry category-news tag-celtic-tales\">\n\t<style type=\"text\/css\">\n\t\t\n\t\t\n\t\t\n\t\t\n\t\t\t<\/style>\n\n\n\t\t\t<div class=\"fusion-flexslider flexslider fusion-flexslider-loading fusion-post-slideshow\" style=\"\">\n\t\t<ul class=\"slides\">\n\t\t\t\n\t\t\t\t\t\t\t\t\t\t\t\t\t\t<li><div  class=\"fusion-image-wrapper\" aria-haspopup=\"true\">\n\t\t\t\t<img decoding=\"async\" width=\"399\" height=\"500\" src=\"https:\/\/cortomaltese.com\/en\/wp-content\/uploads\/sites\/1\/Celtic-thales.jpg\" class=\"attachment-full size-full wp-post-image\" alt=\"Corto Maltese - Celtic Tales\" srcset=\"https:\/\/cortomaltese.com\/en\/wp-content\/uploads\/sites\/1\/Celtic-thales-200x251.jpg 200w, https:\/\/cortomaltese.com\/en\/wp-content\/uploads\/sites\/1\/Celtic-thales.jpg 399w\" sizes=\"(max-width: 800px) 100vw, 399px\" \/><div class=\"fusion-rollover\">\n\t<div class=\"fusion-rollover-content\">\n\n\t\t\t\t\t\t\t\t\t\t\t\t\t\t<a class=\"fusion-rollover-link\" href=\"https:\/\/cortomaltese.com\/en\/corto-maltese-celtic-tales\/\">Corto Maltese &#8211; Celtic Tales<\/a>\n\t\t\t\n\t\t\t\t\t\t\t\t\n\t\t\n\t\t\t\t\t\t\t\t\t\t\t\t<h4 class=\"fusion-rollover-title\">\n\t\t\t\t\t<a class=\"fusion-rollover-title-link\" href=\"https:\/\/cortomaltese.com\/en\/corto-maltese-celtic-tales\/\">\n\t\t\t\t\t\tCorto Maltese &#8211; Celtic Tales\t\t\t\t\t<\/a>\n\t\t\t\t<\/h4>\n\t\t\t\n\t\t\t\t\t\t\t\t\n\t\t\n\t\t\t\t\t\t<a class=\"fusion-link-wrapper\" href=\"https:\/\/cortomaltese.com\/en\/corto-maltese-celtic-tales\/\" aria-label=\"Corto Maltese &#8211; Celtic Tales\"><\/a>\n\t<\/div>\n<\/div>\n<\/div>\n<\/li>\n\t\t\t\n\t\t\t\n\t\t\t\t\t\t\t\t\t\t\t\t\t\t\t\t\t\t\t\t\t\t\t\t\t\t\t\t\t\t\t\t\t\t\t\t\t\t\t\t\t\t\t\t\t\t\t\t\t\t\t\t\t\t\t\t\t\t\t\t\t\t\t\t\t\t\t\t<\/ul>\n\t<\/div>\n\t<div class=\"fusion-date-and-formats\"><div class=\"fusion-date-box updated\"><span class=\"fusion-date\">29<\/span><span class=\"fusion-month-year\">01, 2019<\/span><\/div><div class=\"fusion-format-box\"><i class=\"awb-icon-pen\" aria-hidden=\"true\"><\/i><\/div><\/div><div class=\"fusion-post-content post-content\"><h2 class=\"blog-shortcode-post-title\"><a href=\"https:\/\/cortomaltese.com\/en\/corto-maltese-celtic-tales\/\">Corto Maltese &#8211; Celtic Tales<\/a><\/h2><p class=\"fusion-single-line-meta\">By <span><a href=\"https:\/\/cortomaltese.com\/en\/author\/cortomaltese\/\" title=\"Posts by Corto Maltese\" rel=\"author\">Corto Maltese<\/a><\/span><span class=\"fusion-inline-sep\">|<\/span><span>29 January, 2019<\/span><span class=\"fusion-inline-sep\">|<\/span><\/p><div class=\"fusion-post-content-container\"><p>The six stories in this volume continue directly from Pratt\u2019s \u201cCaribbean Suite\u201d cycle in Under the Sign of Capricorn and Beyond the Windy Isles. They are set during 1917-1918, as the action moves from South America to Europe against the backdrop of the First World War.<\/p><\/div><\/div><div class=\"fusion-clearfix\"><\/div><div class=\"fusion-meta-info\"><div class=\"fusion-alignright\"><a class=\"fusion-read-more\" href=\"https:\/\/cortomaltese.com\/en\/corto-maltese-celtic-tales\/\" aria-label=\"More on Corto Maltese &#8211; Celtic Tales\">Read More<\/a><\/div><\/div><\/article>\n<article id=\"blog-1-post-14814\" class=\"fusion-post-large-alternate post-14814 post type-post status-publish format-standard has-post-thumbnail hentry category-news tag-jack-london tag-rasputin tag-the-early-years\">\n\t<style type=\"text\/css\">\n\t\t\n\t\t\n\t\t\n\t\t\n\t\t\t<\/style>\n\n\n\t\t\t<div class=\"fusion-flexslider flexslider fusion-flexslider-loading fusion-post-slideshow\" style=\"\">\n\t\t<ul class=\"slides\">\n\t\t\t\n\t\t\t\t\t\t\t\t\t\t\t\t\t\t<li><div  class=\"fusion-image-wrapper\" aria-haspopup=\"true\">\n\t\t\t\t<img decoding=\"async\" width=\"354\" height=\"450\" src=\"https:\/\/cortomaltese.com\/en\/wp-content\/uploads\/sites\/1\/Corto-Maltese_EarlyYears_cover.jpg\" class=\"attachment-full size-full wp-post-image\" alt=\"\" srcset=\"https:\/\/cortomaltese.com\/en\/wp-content\/uploads\/sites\/1\/Corto-Maltese_EarlyYears_cover-200x254.jpg 200w, https:\/\/cortomaltese.com\/en\/wp-content\/uploads\/sites\/1\/Corto-Maltese_EarlyYears_cover.jpg 354w\" sizes=\"(max-width: 800px) 100vw, 354px\" \/><div class=\"fusion-rollover\">\n\t<div class=\"fusion-rollover-content\">\n\n\t\t\t\t\t\t\t\t\t\t\t\t\t\t<a class=\"fusion-rollover-link\" href=\"https:\/\/cortomaltese.com\/en\/corto-maltese-the-early-years\/\">Corto Maltese &#8211; The Early Years<\/a>\n\t\t\t\n\t\t\t\t\t\t\t\t\n\t\t\n\t\t\t\t\t\t\t\t\t\t\t\t<h4 class=\"fusion-rollover-title\">\n\t\t\t\t\t<a class=\"fusion-rollover-title-link\" href=\"https:\/\/cortomaltese.com\/en\/corto-maltese-the-early-years\/\">\n\t\t\t\t\t\tCorto Maltese &#8211; The Early Years\t\t\t\t\t<\/a>\n\t\t\t\t<\/h4>\n\t\t\t\n\t\t\t\t\t\t\t\t\n\t\t\n\t\t\t\t\t\t<a class=\"fusion-link-wrapper\" href=\"https:\/\/cortomaltese.com\/en\/corto-maltese-the-early-years\/\" aria-label=\"Corto Maltese &#8211; The Early Years\"><\/a>\n\t<\/div>\n<\/div>\n<\/div>\n<\/li>\n\t\t\t\n\t\t\t\n\t\t\t\t\t\t\t\t\t\t\t\t\t\t\t\t\t\t\t\t\t\t\t\t\t\t\t\t\t\t\t\t\t\t\t\t\t\t\t\t\t\t\t\t\t\t\t\t\t\t\t\t\t\t\t\t\t\t\t\t\t\t\t\t\t\t\t\t<\/ul>\n\t<\/div>\n\t<div class=\"fusion-date-and-formats\"><div class=\"fusion-date-box updated\"><span class=\"fusion-date\">29<\/span><span class=\"fusion-month-year\">01, 2019<\/span><\/div><div class=\"fusion-format-box\"><i class=\"awb-icon-pen\" aria-hidden=\"true\"><\/i><\/div><\/div><div class=\"fusion-post-content post-content\"><h2 class=\"blog-shortcode-post-title\"><a href=\"https:\/\/cortomaltese.com\/en\/corto-maltese-the-early-years\/\">Corto Maltese &#8211; The Early Years<\/a><\/h2><p class=\"fusion-single-line-meta\">By <span><a href=\"https:\/\/cortomaltese.com\/en\/author\/cortomaltese\/\" title=\"Posts by Corto Maltese\" rel=\"author\">Corto Maltese<\/a><\/span><span class=\"fusion-inline-sep\">|<\/span><span>29 January, 2019<\/span><span class=\"fusion-inline-sep\">|<\/span><\/p><div class=\"fusion-post-content-container\"><p>The origins of a character like Corto reflect his protagonist spirit in spite of himself: in this story, in fact, it flits like a ghost over Manchuria at the beginning of the 1900\u2019s, right in the middle of a conflict that foreshadows the clashes between powers that will mark the first half of the twentieth century.<\/p><\/div><\/div><div class=\"fusion-clearfix\"><\/div><div class=\"fusion-meta-info\"><div class=\"fusion-alignright\"><a class=\"fusion-read-more\" href=\"https:\/\/cortomaltese.com\/en\/corto-maltese-the-early-years\/\" aria-label=\"More on Corto Maltese &#8211; The Early Years\">Read More<\/a><\/div><\/div><\/article>\n<article id=\"blog-1-post-14792\" class=\"fusion-post-large-alternate post-14792 post type-post status-publish format-standard has-post-thumbnail hentry category-news tag-beyond-the-windy-isles tag-corto-maltese tag-hugo-pratt tag-idw-publishing tag-professor-steiner tag-venexiana-stevenson\">\n\t<style type=\"text\/css\">\n\t\t\n\t\t\n\t\t\n\t\t\n\t\t\t<\/style>\n\n\n\t\t\t<div class=\"fusion-flexslider flexslider fusion-flexslider-loading fusion-post-slideshow\" style=\"\">\n\t\t<ul class=\"slides\">\n\t\t\t\n\t\t\t\t\t\t\t\t\t\t\t\t\t\t<li><div  class=\"fusion-image-wrapper\" aria-haspopup=\"true\">\n\t\t\t\t<img decoding=\"async\" width=\"399\" height=\"500\" src=\"https:\/\/cortomaltese.com\/en\/wp-content\/uploads\/sites\/1\/Beyond-the-windy-isles.jpg\" class=\"attachment-full size-full wp-post-image\" alt=\"Corto Maltese - Beyond the Windy Isles\" srcset=\"https:\/\/cortomaltese.com\/en\/wp-content\/uploads\/sites\/1\/Beyond-the-windy-isles-200x251.jpg 200w, https:\/\/cortomaltese.com\/en\/wp-content\/uploads\/sites\/1\/Beyond-the-windy-isles.jpg 399w\" sizes=\"(max-width: 800px) 100vw, 399px\" \/><div class=\"fusion-rollover\">\n\t<div class=\"fusion-rollover-content\">\n\n\t\t\t\t\t\t\t\t\t\t\t\t\t\t<a class=\"fusion-rollover-link\" href=\"https:\/\/cortomaltese.com\/en\/corto-maltese-beyond-the-windy-isles\/\">Corto Maltese &#8211; Beyond the Windy Isles<\/a>\n\t\t\t\n\t\t\t\t\t\t\t\t\n\t\t\n\t\t\t\t\t\t\t\t\t\t\t\t<h4 class=\"fusion-rollover-title\">\n\t\t\t\t\t<a class=\"fusion-rollover-title-link\" href=\"https:\/\/cortomaltese.com\/en\/corto-maltese-beyond-the-windy-isles\/\">\n\t\t\t\t\t\tCorto Maltese &#8211; Beyond the Windy Isles\t\t\t\t\t<\/a>\n\t\t\t\t<\/h4>\n\t\t\t\n\t\t\t\t\t\t\t\t\n\t\t\n\t\t\t\t\t\t<a class=\"fusion-link-wrapper\" href=\"https:\/\/cortomaltese.com\/en\/corto-maltese-beyond-the-windy-isles\/\" aria-label=\"Corto Maltese &#8211; Beyond the Windy Isles\"><\/a>\n\t<\/div>\n<\/div>\n<\/div>\n<\/li>\n\t\t\t\n\t\t\t\n\t\t\t\t\t\t\t\t\t\t\t\t\t\t\t\t\t\t\t\t\t\t\t\t\t\t\t\t\t\t\t\t\t\t\t\t\t\t\t\t\t\t\t\t\t\t\t\t\t\t\t\t\t\t\t\t\t\t\t\t\t\t\t\t\t\t\t\t<\/ul>\n\t<\/div>\n\t<div class=\"fusion-date-and-formats\"><div class=\"fusion-date-box updated\"><span class=\"fusion-date\">29<\/span><span class=\"fusion-month-year\">01, 2019<\/span><\/div><div class=\"fusion-format-box\"><i class=\"awb-icon-pen\" aria-hidden=\"true\"><\/i><\/div><\/div><div class=\"fusion-post-content post-content\"><h2 class=\"blog-shortcode-post-title\"><a href=\"https:\/\/cortomaltese.com\/en\/corto-maltese-beyond-the-windy-isles\/\">Corto Maltese &#8211; Beyond the Windy Isles<\/a><\/h2><p class=\"fusion-single-line-meta\">By <span><a href=\"https:\/\/cortomaltese.com\/en\/author\/cortomaltese\/\" title=\"Posts by Corto Maltese\" rel=\"author\">Corto Maltese<\/a><\/span><span class=\"fusion-inline-sep\">|<\/span><span>29 January, 2019<\/span><span class=\"fusion-inline-sep\">|<\/span><\/p><div class=\"fusion-post-content-container\"><p>The action, set in 1917, takes Corto Maltese from the Mosquito Coast to Barbados to a deadly struggle among Jivaro head-hunters in the Peruvian Amazon.<\/p><\/div><\/div><div class=\"fusion-clearfix\"><\/div><div class=\"fusion-meta-info\"><div class=\"fusion-alignright\"><a class=\"fusion-read-more\" href=\"https:\/\/cortomaltese.com\/en\/corto-maltese-beyond-the-windy-isles\/\" aria-label=\"More on Corto Maltese &#8211; Beyond the Windy Isles\">Read More<\/a><\/div><\/div><\/article>\n<article id=\"blog-1-post-14766\" class=\"fusion-post-large-alternate post-14766 post type-post status-publish format-standard has-post-thumbnail hentry category-news tag-corto-maltese tag-in-siberia tag-red-lanterns\">\n\t<style type=\"text\/css\">\n\t\t\n\t\t\n\t\t\n\t\t\n\t\t\t<\/style>\n\n\n\t\t\t<div class=\"fusion-flexslider flexslider fusion-flexslider-loading fusion-post-slideshow\" style=\"\">\n\t\t<ul class=\"slides\">\n\t\t\t\n\t\t\t\t\t\t\t\t\t\t\t\t\t\t<li><div  class=\"fusion-image-wrapper\" aria-haspopup=\"true\">\n\t\t\t\t<img decoding=\"async\" width=\"399\" height=\"500\" src=\"https:\/\/cortomaltese.com\/en\/wp-content\/uploads\/sites\/1\/In-Siberia.jpg\" class=\"attachment-full size-full wp-post-image\" alt=\"Corto Maltese - In Siberia\" srcset=\"https:\/\/cortomaltese.com\/en\/wp-content\/uploads\/sites\/1\/In-Siberia-200x251.jpg 200w, https:\/\/cortomaltese.com\/en\/wp-content\/uploads\/sites\/1\/In-Siberia.jpg 399w\" sizes=\"(max-width: 800px) 100vw, 399px\" \/><div class=\"fusion-rollover\">\n\t<div class=\"fusion-rollover-content\">\n\n\t\t\t\t\t\t\t\t\t\t\t\t\t\t<a class=\"fusion-rollover-link\" href=\"https:\/\/cortomaltese.com\/en\/corto-maltese-in-siberia\/\">Corto Maltese &#8211; In Siberia<\/a>\n\t\t\t\n\t\t\t\t\t\t\t\t\n\t\t\n\t\t\t\t\t\t\t\t\t\t\t\t<h4 class=\"fusion-rollover-title\">\n\t\t\t\t\t<a class=\"fusion-rollover-title-link\" href=\"https:\/\/cortomaltese.com\/en\/corto-maltese-in-siberia\/\">\n\t\t\t\t\t\tCorto Maltese &#8211; In Siberia\t\t\t\t\t<\/a>\n\t\t\t\t<\/h4>\n\t\t\t\n\t\t\t\t\t\t\t\t\n\t\t\n\t\t\t\t\t\t<a class=\"fusion-link-wrapper\" href=\"https:\/\/cortomaltese.com\/en\/corto-maltese-in-siberia\/\" aria-label=\"Corto Maltese &#8211; In Siberia\"><\/a>\n\t<\/div>\n<\/div>\n<\/div>\n<\/li>\n\t\t\t\n\t\t\t\n\t\t\t\t\t\t\t\t\t\t\t\t\t\t\t\t\t\t\t\t\t\t\t\t\t\t\t\t\t\t\t\t\t\t\t\t\t\t\t\t\t\t\t\t\t\t\t\t\t\t\t\t\t\t\t\t\t\t\t\t\t\t\t\t\t\t\t\t<\/ul>\n\t<\/div>\n\t<div class=\"fusion-date-and-formats\"><div class=\"fusion-date-box updated\"><span class=\"fusion-date\">28<\/span><span class=\"fusion-month-year\">01, 2019<\/span><\/div><div class=\"fusion-format-box\"><i class=\"awb-icon-pen\" aria-hidden=\"true\"><\/i><\/div><\/div><div class=\"fusion-post-content post-content\"><h2 class=\"blog-shortcode-post-title\"><a href=\"https:\/\/cortomaltese.com\/en\/corto-maltese-in-siberia\/\">Corto Maltese &#8211; In Siberia<\/a><\/h2><p class=\"fusion-single-line-meta\">By <span><a href=\"https:\/\/cortomaltese.com\/en\/author\/cortomaltese\/\" title=\"Posts by Corto Maltese\" rel=\"author\">Corto Maltese<\/a><\/span><span class=\"fusion-inline-sep\">|<\/span><span>28 January, 2019<\/span><span class=\"fusion-inline-sep\">|<\/span><\/p><div class=\"fusion-post-content-container\"><p>With this book Hugo Pratt leaves behind the short story form he\u2019d used for 21 interrelated tales and presents a truly epic graphic novel.<\/p><\/div><\/div><div class=\"fusion-clearfix\"><\/div><div class=\"fusion-meta-info\"><div class=\"fusion-alignright\"><a class=\"fusion-read-more\" href=\"https:\/\/cortomaltese.com\/en\/corto-maltese-in-siberia\/\" aria-label=\"More on Corto Maltese &#8211; In Siberia\">Read More<\/a><\/div><\/div><\/article>\n<article id=\"blog-1-post-14747\" class=\"fusion-post-large-alternate post-14747 post type-post status-publish format-standard has-post-thumbnail hentry category-news tag-idw-publishing tag-under-the-sign-of-capricorn\">\n\t<style type=\"text\/css\">\n\t\t\n\t\t\n\t\t\n\t\t\n\t\t\t<\/style>\n\n\n\t\t\t<div class=\"fusion-flexslider flexslider fusion-flexslider-loading fusion-post-slideshow\" style=\"\">\n\t\t<ul class=\"slides\">\n\t\t\t\n\t\t\t\t\t\t\t\t\t\t\t\t\t\t<li><div  class=\"fusion-image-wrapper\" aria-haspopup=\"true\">\n\t\t\t\t<img decoding=\"async\" width=\"399\" height=\"500\" src=\"https:\/\/cortomaltese.com\/en\/wp-content\/uploads\/sites\/1\/Under-the-sign-of-capricorn-1.jpg\" class=\"attachment-full size-full wp-post-image\" alt=\"Under the sign of capricorn-1\" srcset=\"https:\/\/cortomaltese.com\/en\/wp-content\/uploads\/sites\/1\/Under-the-sign-of-capricorn-1-200x251.jpg 200w, https:\/\/cortomaltese.com\/en\/wp-content\/uploads\/sites\/1\/Under-the-sign-of-capricorn-1.jpg 399w\" sizes=\"(max-width: 800px) 100vw, 399px\" \/><div class=\"fusion-rollover\">\n\t<div class=\"fusion-rollover-content\">\n\n\t\t\t\t\t\t\t\t\t\t\t\t\t\t<a class=\"fusion-rollover-link\" href=\"https:\/\/cortomaltese.com\/en\/under-the-sign-of-capricorn\/\">Corto Maltese &#8211; Under the Sign of Capricorn<\/a>\n\t\t\t\n\t\t\t\t\t\t\t\t\n\t\t\n\t\t\t\t\t\t\t\t\t\t\t\t<h4 class=\"fusion-rollover-title\">\n\t\t\t\t\t<a class=\"fusion-rollover-title-link\" href=\"https:\/\/cortomaltese.com\/en\/under-the-sign-of-capricorn\/\">\n\t\t\t\t\t\tCorto Maltese &#8211; Under the Sign of Capricorn\t\t\t\t\t<\/a>\n\t\t\t\t<\/h4>\n\t\t\t\n\t\t\t\t\t\t\t\t\n\t\t\n\t\t\t\t\t\t<a class=\"fusion-link-wrapper\" href=\"https:\/\/cortomaltese.com\/en\/under-the-sign-of-capricorn\/\" aria-label=\"Corto Maltese &#8211; Under the Sign of Capricorn\"><\/a>\n\t<\/div>\n<\/div>\n<\/div>\n<\/li>\n\t\t\t\n\t\t\t\n\t\t\t\t\t\t\t\t\t\t\t\t\t\t\t\t\t\t\t\t\t\t\t\t\t\t\t\t\t\t\t\t\t\t\t\t\t\t\t\t\t\t\t\t\t\t\t\t\t\t\t\t\t\t\t\t\t\t\t\t\t\t\t\t\t\t\t\t<\/ul>\n\t<\/div>\n\t<div class=\"fusion-date-and-formats\"><div class=\"fusion-date-box updated\"><span class=\"fusion-date\">28<\/span><span class=\"fusion-month-year\">01, 2019<\/span><\/div><div class=\"fusion-format-box\"><i class=\"awb-icon-pen\" aria-hidden=\"true\"><\/i><\/div><\/div><div class=\"fusion-post-content post-content\"><h2 class=\"blog-shortcode-post-title\"><a href=\"https:\/\/cortomaltese.com\/en\/under-the-sign-of-capricorn\/\">Corto Maltese &#8211; Under the Sign of Capricorn<\/a><\/h2><p class=\"fusion-single-line-meta\">By <span><a href=\"https:\/\/cortomaltese.com\/en\/author\/cortomaltese\/\" title=\"Posts by Corto Maltese\" rel=\"author\">Corto Maltese<\/a><\/span><span class=\"fusion-inline-sep\">|<\/span><span>28 January, 2019<\/span><span class=\"fusion-inline-sep\">|<\/span><\/p><div class=\"fusion-post-content-container\"><p>Corto Maltese: Under the Sign of Capricorn collects the first six inter-connected short stories Pratt created in France in the early 1970s: \u201cThe Secret of Tristan Bantam,\u201d \u201cRendez-vous in Bahia,\u201d \u201cSureshot Samba,\u201d \u201cThe Brazilian Eagle,\u201d \u201cSo Much for Gentlemen of Fortune,\u201d and \u201cThe Seagull\u2019s Fault.\u201d<\/p><\/div><\/div><div class=\"fusion-clearfix\"><\/div><div class=\"fusion-meta-info\"><div class=\"fusion-alignright\"><a class=\"fusion-read-more\" href=\"https:\/\/cortomaltese.com\/en\/under-the-sign-of-capricorn\/\" aria-label=\"More on Corto Maltese &#8211; Under the Sign of Capricorn\">Read More<\/a><\/div><\/div><\/article>\n<article id=\"blog-1-post-14723\" class=\"fusion-post-large-alternate post-14723 post type-post status-publish format-standard has-post-thumbnail hentry category-news tag-corto-maltese tag-cush tag-the-ethiopian\">\n\t<style type=\"text\/css\">\n\t\t\n\t\t\n\t\t\n\t\t\n\t\t\t<\/style>\n\n\n\t\t\t<div class=\"fusion-flexslider flexslider fusion-flexslider-loading fusion-post-slideshow\" style=\"\">\n\t\t<ul class=\"slides\">\n\t\t\t\n\t\t\t\t\t\t\t\t\t\t\t\t\t\t<li><div  class=\"fusion-image-wrapper\" aria-haspopup=\"true\">\n\t\t\t\t<img decoding=\"async\" width=\"399\" height=\"500\" src=\"https:\/\/cortomaltese.com\/en\/wp-content\/uploads\/sites\/1\/The-Etiopian.jpg\" class=\"attachment-full size-full wp-post-image\" alt=\"Corto Maltese - The Ethiopian\" srcset=\"https:\/\/cortomaltese.com\/en\/wp-content\/uploads\/sites\/1\/The-Etiopian-200x251.jpg 200w, https:\/\/cortomaltese.com\/en\/wp-content\/uploads\/sites\/1\/The-Etiopian.jpg 399w\" sizes=\"(max-width: 800px) 100vw, 399px\" \/><div class=\"fusion-rollover\">\n\t<div class=\"fusion-rollover-content\">\n\n\t\t\t\t\t\t\t\t\t\t\t\t\t\t<a class=\"fusion-rollover-link\" href=\"https:\/\/cortomaltese.com\/en\/corto-maltese-the-ethiopian\/\">Corto Maltese &#8211; The Ethiopian<\/a>\n\t\t\t\n\t\t\t\t\t\t\t\t\n\t\t\n\t\t\t\t\t\t\t\t\t\t\t\t<h4 class=\"fusion-rollover-title\">\n\t\t\t\t\t<a class=\"fusion-rollover-title-link\" href=\"https:\/\/cortomaltese.com\/en\/corto-maltese-the-ethiopian\/\">\n\t\t\t\t\t\tCorto Maltese &#8211; The Ethiopian\t\t\t\t\t<\/a>\n\t\t\t\t<\/h4>\n\t\t\t\n\t\t\t\t\t\t\t\t\n\t\t\n\t\t\t\t\t\t<a class=\"fusion-link-wrapper\" href=\"https:\/\/cortomaltese.com\/en\/corto-maltese-the-ethiopian\/\" aria-label=\"Corto Maltese &#8211; The Ethiopian\"><\/a>\n\t<\/div>\n<\/div>\n<\/div>\n<\/li>\n\t\t\t\n\t\t\t\n\t\t\t\t\t\t\t\t\t\t\t\t\t\t\t\t\t\t\t\t\t\t\t\t\t\t\t\t\t\t\t\t\t\t\t\t\t\t\t\t\t\t\t\t\t\t\t\t\t\t\t\t\t\t\t\t\t\t\t\t\t\t\t\t\t\t\t\t<\/ul>\n\t<\/div>\n\t<div class=\"fusion-date-and-formats\"><div class=\"fusion-date-box updated\"><span class=\"fusion-date\">28<\/span><span class=\"fusion-month-year\">01, 2019<\/span><\/div><div class=\"fusion-format-box\"><i class=\"awb-icon-pen\" aria-hidden=\"true\"><\/i><\/div><\/div><div class=\"fusion-post-content post-content\"><h2 class=\"blog-shortcode-post-title\"><a href=\"https:\/\/cortomaltese.com\/en\/corto-maltese-the-ethiopian\/\">Corto Maltese &#8211; The Ethiopian<\/a><\/h2><p class=\"fusion-single-line-meta\">By <span><a href=\"https:\/\/cortomaltese.com\/en\/author\/cortomaltese\/\" title=\"Posts by Corto Maltese\" rel=\"author\">Corto Maltese<\/a><\/span><span class=\"fusion-inline-sep\">|<\/span><span>28 January, 2019<\/span><span class=\"fusion-inline-sep\">|<\/span><\/p><div class=\"fusion-post-content-container\"><p>In these four tales, Corto contends with tremendously real monsters: racism, fundamentalism, and the abuse of power. In the face of such horrors, a free spirit like Corto cannot help but take a stand\u2014the least convenient one.<\/p><\/div><\/div><div class=\"fusion-clearfix\"><\/div><div class=\"fusion-meta-info\"><div class=\"fusion-alignright\"><a class=\"fusion-read-more\" href=\"https:\/\/cortomaltese.com\/en\/corto-maltese-the-ethiopian\/\" aria-label=\"More on Corto Maltese &#8211; The Ethiopian\">Read More<\/a><\/div><\/div><\/article>\n<article id=\"blog-1-post-14401\" class=\"fusion-post-large-alternate post-14401 post type-post status-publish format-standard has-post-thumbnail hentry category-news\">\n\t<style type=\"text\/css\">\n\t\t\n\t\t\n\t\t\n\t\t\n\t\t\t<\/style>\n\n\n\t\t\t<div class=\"fusion-flexslider flexslider fusion-flexslider-loading fusion-post-slideshow\" style=\"\">\n\t\t<ul class=\"slides\">\n\t\t\t\n\t\t\t\t\t\t\t\t\t\t\t\t\t\t<li><div  class=\"fusion-image-wrapper\" aria-haspopup=\"true\">\n\t\t\t\t<img decoding=\"async\" width=\"700\" height=\"975\" src=\"https:\/\/cortomaltese.com\/en\/wp-content\/uploads\/sites\/1\/Corto_Maltese-Miraggi_di_memoria-2018.jpg\" class=\"attachment-full size-full wp-post-image\" alt=\"Corto Maltese Mirages of Memory\" srcset=\"https:\/\/cortomaltese.com\/en\/wp-content\/uploads\/sites\/1\/Corto_Maltese-Miraggi_di_memoria-2018-200x279.jpg 200w, https:\/\/cortomaltese.com\/en\/wp-content\/uploads\/sites\/1\/Corto_Maltese-Miraggi_di_memoria-2018-400x557.jpg 400w, https:\/\/cortomaltese.com\/en\/wp-content\/uploads\/sites\/1\/Corto_Maltese-Miraggi_di_memoria-2018-600x836.jpg 600w, https:\/\/cortomaltese.com\/en\/wp-content\/uploads\/sites\/1\/Corto_Maltese-Miraggi_di_memoria-2018.jpg 700w\" sizes=\"(max-width: 800px) 100vw, 700px\" \/><div class=\"fusion-rollover\">\n\t<div class=\"fusion-rollover-content\">\n\n\t\t\t\t\t\t\t\t\t\t\t\t\t\t<a class=\"fusion-rollover-link\" href=\"https:\/\/cortomaltese.com\/en\/mirages-of-memory\/\">Mirages of Memory<\/a>\n\t\t\t\n\t\t\t\t\t\t\t\t\n\t\t\n\t\t\t\t\t\t\t\t\t\t\t\t<h4 class=\"fusion-rollover-title\">\n\t\t\t\t\t<a class=\"fusion-rollover-title-link\" href=\"https:\/\/cortomaltese.com\/en\/mirages-of-memory\/\">\n\t\t\t\t\t\tMirages of Memory\t\t\t\t\t<\/a>\n\t\t\t\t<\/h4>\n\t\t\t\n\t\t\t\t\t\t\t\t\n\t\t\n\t\t\t\t\t\t<a class=\"fusion-link-wrapper\" href=\"https:\/\/cortomaltese.com\/en\/mirages-of-memory\/\" aria-label=\"Mirages of Memory\"><\/a>\n\t<\/div>\n<\/div>\n<\/div>\n<\/li>\n\t\t\t\n\t\t\t\n\t\t\t\t\t\t\t\t\t\t\t\t\t\t\t\t\t\t\t\t\t\t\t\t\t\t\t\t\t\t\t\t\t\t\t\t\t\t\t\t\t\t\t\t\t\t\t\t\t\t\t\t\t\t\t\t\t\t\t\t\t\t\t\t\t\t\t\t<\/ul>\n\t<\/div>\n\t<div class=\"fusion-date-and-formats\"><div class=\"fusion-date-box updated\"><span class=\"fusion-date\">8<\/span><span class=\"fusion-month-year\">10, 2018<\/span><\/div><div class=\"fusion-format-box\"><i class=\"awb-icon-pen\" aria-hidden=\"true\"><\/i><\/div><\/div><div class=\"fusion-post-content post-content\"><h2 class=\"blog-shortcode-post-title\"><a href=\"https:\/\/cortomaltese.com\/en\/mirages-of-memory\/\">Mirages of Memory<\/a><\/h2><p class=\"fusion-single-line-meta\">By <span><a href=\"https:\/\/cortomaltese.com\/en\/author\/cortomaltese\/\" title=\"Posts by Corto Maltese\" rel=\"author\">Corto Maltese<\/a><\/span><span class=\"fusion-inline-sep\">|<\/span><span>8 October, 2018<\/span><span class=\"fusion-inline-sep\">|<\/span><\/p><div class=\"fusion-post-content-container\"><p>Jos\u00e9 Mu\u00f1oz and Marco Steiner are together on a hypnotic journey on Corto Maltese's path.<br> <strong>Release date: October 15, 2018<\/strong><\/p><\/div><\/div><div class=\"fusion-clearfix\"><\/div><div class=\"fusion-meta-info\"><div class=\"fusion-alignright\"><a class=\"fusion-read-more\" href=\"https:\/\/cortomaltese.com\/en\/mirages-of-memory\/\" aria-label=\"More on Mirages of Memory\">Read More<\/a><\/div><\/div><\/article>\n<article id=\"blog-1-post-14368\" class=\"fusion-post-large-alternate post-14368 post type-post status-publish format-standard has-post-thumbnail hentry category-news\">\n\t<style type=\"text\/css\">\n\t\t\n\t\t\n\t\t\n\t\t\n\t\t\t<\/style>\n\n\n\t\t\t<div class=\"fusion-flexslider flexslider fusion-flexslider-loading fusion-post-slideshow\" style=\"\">\n\t\t<ul class=\"slides\">\n\t\t\t\n\t\t\t\t\t\t\t\t\t\t\t\t\t\t<li><div  class=\"fusion-image-wrapper\" aria-haspopup=\"true\">\n\t\t\t\t<img decoding=\"async\" width=\"1275\" height=\"1200\" src=\"https:\/\/cortomaltese.com\/en\/wp-content\/uploads\/sites\/1\/Hugo-Pratt-Linee-d\u2019orizzonte.jpg\" class=\"attachment-full size-full wp-post-image\" alt=\"\" srcset=\"https:\/\/cortomaltese.com\/en\/wp-content\/uploads\/sites\/1\/Hugo-Pratt-Linee-d\u2019orizzonte-200x188.jpg 200w, https:\/\/cortomaltese.com\/en\/wp-content\/uploads\/sites\/1\/Hugo-Pratt-Linee-d\u2019orizzonte-400x376.jpg 400w, https:\/\/cortomaltese.com\/en\/wp-content\/uploads\/sites\/1\/Hugo-Pratt-Linee-d\u2019orizzonte-600x565.jpg 600w, https:\/\/cortomaltese.com\/en\/wp-content\/uploads\/sites\/1\/Hugo-Pratt-Linee-d\u2019orizzonte-800x753.jpg 800w, https:\/\/cortomaltese.com\/en\/wp-content\/uploads\/sites\/1\/Hugo-Pratt-Linee-d\u2019orizzonte-1200x1129.jpg 1200w, https:\/\/cortomaltese.com\/en\/wp-content\/uploads\/sites\/1\/Hugo-Pratt-Linee-d\u2019orizzonte.jpg 1275w\" sizes=\"(max-width: 800px) 100vw, 1200px\" \/><div class=\"fusion-rollover\">\n\t<div class=\"fusion-rollover-content\">\n\n\t\t\t\t\t\t\t\t\t\t\t\t\t\t<a class=\"fusion-rollover-link\" href=\"https:\/\/cortomaltese.com\/en\/hugo-pratt-linee-dorizzonte-the-catalogue-of-the-exhibit\/\">Hugo Pratt \u2013 Linee D\u2019orizzonte, The Catalogue Of The Exhibit<\/a>\n\t\t\t\n\t\t\t\t\t\t\t\t\n\t\t\n\t\t\t\t\t\t\t\t\t\t\t\t<h4 class=\"fusion-rollover-title\">\n\t\t\t\t\t<a class=\"fusion-rollover-title-link\" href=\"https:\/\/cortomaltese.com\/en\/hugo-pratt-linee-dorizzonte-the-catalogue-of-the-exhibit\/\">\n\t\t\t\t\t\tHugo Pratt \u2013 Linee D\u2019orizzonte, The Catalogue Of The Exhibit\t\t\t\t\t<\/a>\n\t\t\t\t<\/h4>\n\t\t\t\n\t\t\t\t\t\t\t\t\n\t\t\n\t\t\t\t\t\t<a class=\"fusion-link-wrapper\" href=\"https:\/\/cortomaltese.com\/en\/hugo-pratt-linee-dorizzonte-the-catalogue-of-the-exhibit\/\" aria-label=\"Hugo Pratt \u2013 Linee D\u2019orizzonte, The Catalogue Of The Exhibit\"><\/a>\n\t<\/div>\n<\/div>\n<\/div>\n<\/li>\n\t\t\t\n\t\t\t\n\t\t\t\t\t\t\t\t\t\t\t\t\t\t\t\t\t\t\t\t\t\t\t\t\t\t\t\t\t\t\t\t\t\t\t\t\t\t\t\t\t\t\t\t\t\t\t\t\t\t\t\t\t\t\t\t\t\t\t\t\t\t\t\t\t\t\t\t<\/ul>\n\t<\/div>\n\t<div class=\"fusion-date-and-formats\"><div class=\"fusion-date-box updated\"><span class=\"fusion-date\">6<\/span><span class=\"fusion-month-year\">08, 2018<\/span><\/div><div class=\"fusion-format-box\"><i class=\"awb-icon-pen\" aria-hidden=\"true\"><\/i><\/div><\/div><div class=\"fusion-post-content post-content\"><h2 class=\"blog-shortcode-post-title\"><a href=\"https:\/\/cortomaltese.com\/en\/hugo-pratt-linee-dorizzonte-the-catalogue-of-the-exhibit\/\">Hugo Pratt \u2013 Linee D\u2019orizzonte, The Catalogue Of The Exhibit<\/a><\/h2><p class=\"fusion-single-line-meta\">By <span><a href=\"https:\/\/cortomaltese.com\/en\/author\/cortomaltese\/\" title=\"Posts by Corto Maltese\" rel=\"author\">Corto Maltese<\/a><\/span><span class=\"fusion-inline-sep\">|<\/span><span>6 August, 2018<\/span><span class=\"fusion-inline-sep\">|<\/span><\/p><div class=\"fusion-post-content-container\"><p>In bookshops the catalog <strong> Hugo Pratt - Linee d'Orizzonte<\/strong>, published by Rizzoli Lizard in co-edition with CONG. Under the supervision of Patrizia Zanotti and Michel Pierre.<br><strong> To be released on August 10th, 2018<\/strong>. <\/p><\/div><\/div><div class=\"fusion-clearfix\"><\/div><div class=\"fusion-meta-info\"><div class=\"fusion-alignright\"><a class=\"fusion-read-more\" href=\"https:\/\/cortomaltese.com\/en\/hugo-pratt-linee-dorizzonte-the-catalogue-of-the-exhibit\/\" aria-label=\"More on Hugo Pratt \u2013 Linee D\u2019orizzonte, The Catalogue Of The Exhibit\">Read More<\/a><\/div><\/div><\/article>\n<article id=\"blog-1-post-14309\" class=\"fusion-post-large-alternate post-14309 post type-post status-publish format-standard has-post-thumbnail hentry category-news\">\n\t<style type=\"text\/css\">\n\t\t\n\t\t\n\t\t\n\t\t\n\t\t\t<\/style>\n\n\n\t\t\t<div class=\"fusion-flexslider flexslider fusion-flexslider-loading fusion-post-slideshow\" style=\"\">\n\t\t<ul class=\"slides\">\n\t\t\t\n\t\t\t\t\t\t\t\t\t\t\t\t\t\t<li><div  class=\"fusion-image-wrapper\" aria-haspopup=\"true\">\n\t\t\t\t<img decoding=\"async\" width=\"1599\" height=\"685\" src=\"https:\/\/cortomaltese.com\/en\/wp-content\/uploads\/sites\/1\/cortomaltese_Lignes-Horizons-catalogo.jpg\" class=\"attachment-full size-full wp-post-image\" alt=\"Exhibit Hugo Pratt - Lignes d\u2019horizons\" srcset=\"https:\/\/cortomaltese.com\/en\/wp-content\/uploads\/sites\/1\/cortomaltese_Lignes-Horizons-catalogo-200x86.jpg 200w, https:\/\/cortomaltese.com\/en\/wp-content\/uploads\/sites\/1\/cortomaltese_Lignes-Horizons-catalogo-400x171.jpg 400w, https:\/\/cortomaltese.com\/en\/wp-content\/uploads\/sites\/1\/cortomaltese_Lignes-Horizons-catalogo-600x257.jpg 600w, https:\/\/cortomaltese.com\/en\/wp-content\/uploads\/sites\/1\/cortomaltese_Lignes-Horizons-catalogo-800x343.jpg 800w, https:\/\/cortomaltese.com\/en\/wp-content\/uploads\/sites\/1\/cortomaltese_Lignes-Horizons-catalogo-1200x514.jpg 1200w, https:\/\/cortomaltese.com\/en\/wp-content\/uploads\/sites\/1\/cortomaltese_Lignes-Horizons-catalogo.jpg 1599w\" sizes=\"(max-width: 800px) 100vw, 1200px\" \/><div class=\"fusion-rollover\">\n\t<div class=\"fusion-rollover-content\">\n\n\t\t\t\t\t\t\t\t\t\t\t\t\t\t<a class=\"fusion-rollover-link\" href=\"https:\/\/cortomaltese.com\/en\/a-true-immersion-in-the-world-of-hugo-pratt\/\">A true immersion in the world of Hugo Pratt<\/a>\n\t\t\t\n\t\t\t\t\t\t\t\t\n\t\t\n\t\t\t\t\t\t\t\t\t\t\t\t<h4 class=\"fusion-rollover-title\">\n\t\t\t\t\t<a class=\"fusion-rollover-title-link\" href=\"https:\/\/cortomaltese.com\/en\/a-true-immersion-in-the-world-of-hugo-pratt\/\">\n\t\t\t\t\t\tA true immersion in the world of Hugo Pratt\t\t\t\t\t<\/a>\n\t\t\t\t<\/h4>\n\t\t\t\n\t\t\t\t\t\t\t\t\n\t\t\n\t\t\t\t\t\t<a class=\"fusion-link-wrapper\" href=\"https:\/\/cortomaltese.com\/en\/a-true-immersion-in-the-world-of-hugo-pratt\/\" aria-label=\"A true immersion in the world of Hugo Pratt\"><\/a>\n\t<\/div>\n<\/div>\n<\/div>\n<\/li>\n\t\t\t\n\t\t\t\n\t\t\t\t\t\t\t\t\t\t\t\t\t\t\t\t\t\t\t\t\t\t\t\t\t\t\t\t\t\t\t\t\t\t\t\t\t\t\t\t\t\t\t\t\t\t\t\t\t\t\t\t\t\t\t\t\t\t\t\t\t\t\t\t\t\t\t\t<\/ul>\n\t<\/div>\n\t<div class=\"fusion-date-and-formats\"><div class=\"fusion-date-box updated\"><span class=\"fusion-date\">9<\/span><span class=\"fusion-month-year\">07, 2018<\/span><\/div><div class=\"fusion-format-box\"><i class=\"awb-icon-pen\" aria-hidden=\"true\"><\/i><\/div><\/div><div class=\"fusion-post-content post-content\"><h2 class=\"blog-shortcode-post-title\"><a href=\"https:\/\/cortomaltese.com\/en\/a-true-immersion-in-the-world-of-hugo-pratt\/\">A true immersion in the world of Hugo Pratt<\/a><\/h2><p class=\"fusion-single-line-meta\">By <span><a href=\"https:\/\/cortomaltese.com\/en\/author\/cortomaltese\/\" title=\"Posts by Corto Maltese\" rel=\"author\">Corto Maltese<\/a><\/span><span class=\"fusion-inline-sep\">|<\/span><span>9 July, 2018<\/span><span class=\"fusion-inline-sep\">|<\/span><\/p><div class=\"fusion-post-content-container\"><p>A true immersion in the world of Hugo Pratt. An invitation to a literary and visual\u00a0journey. <br><strong>Mus\u00e9e des Confluences, Lyon. <br>From April 7th, 2018 to March 24th, 2019<\/strong><\/p><\/div><\/div><div class=\"fusion-clearfix\"><\/div><div class=\"fusion-meta-info\"><div class=\"fusion-alignright\"><a class=\"fusion-read-more\" href=\"https:\/\/cortomaltese.com\/en\/a-true-immersion-in-the-world-of-hugo-pratt\/\" aria-label=\"More on A true immersion in the world of Hugo Pratt\">Read More<\/a><\/div><\/div><\/article>\n<article id=\"blog-1-post-14248\" class=\"fusion-post-large-alternate post-14248 post type-post status-publish format-standard has-post-thumbnail hentry category-news\">\n\t<style type=\"text\/css\">\n\t\t\n\t\t\n\t\t\n\t\t\n\t\t\t<\/style>\n\n\n\t\t\t<div class=\"fusion-flexslider flexslider fusion-flexslider-loading fusion-post-slideshow\" style=\"\">\n\t\t<ul class=\"slides\">\n\t\t\t\n\t\t\t\t\t\t\t\t\t\t\t\t\t\t<li><div  class=\"fusion-image-wrapper\" aria-haspopup=\"true\">\n\t\t\t\t<img decoding=\"async\" width=\"659\" height=\"838\" src=\"https:\/\/cortomaltese.com\/en\/wp-content\/uploads\/sites\/1\/cortomaltese-Golden_House_Samarkand.jpg\" class=\"attachment-full size-full wp-post-image\" alt=\"Corto Maltese - The Golden House of Samarkand\" srcset=\"https:\/\/cortomaltese.com\/en\/wp-content\/uploads\/sites\/1\/cortomaltese-Golden_House_Samarkand-200x254.jpg 200w, https:\/\/cortomaltese.com\/en\/wp-content\/uploads\/sites\/1\/cortomaltese-Golden_House_Samarkand-400x509.jpg 400w, https:\/\/cortomaltese.com\/en\/wp-content\/uploads\/sites\/1\/cortomaltese-Golden_House_Samarkand-600x763.jpg 600w, https:\/\/cortomaltese.com\/en\/wp-content\/uploads\/sites\/1\/cortomaltese-Golden_House_Samarkand.jpg 659w\" sizes=\"(max-width: 800px) 100vw, 659px\" \/><div class=\"fusion-rollover\">\n\t<div class=\"fusion-rollover-content\">\n\n\t\t\t\t\t\t\t\t\t\t\t\t\t\t<a class=\"fusion-rollover-link\" href=\"https:\/\/cortomaltese.com\/en\/the-golden-house-of-samarkand\/\">The Golden House of Samarkand<\/a>\n\t\t\t\n\t\t\t\t\t\t\t\t\n\t\t\n\t\t\t\t\t\t\t\t\t\t\t\t<h4 class=\"fusion-rollover-title\">\n\t\t\t\t\t<a class=\"fusion-rollover-title-link\" href=\"https:\/\/cortomaltese.com\/en\/the-golden-house-of-samarkand\/\">\n\t\t\t\t\t\tThe Golden House of Samarkand\t\t\t\t\t<\/a>\n\t\t\t\t<\/h4>\n\t\t\t\n\t\t\t\t\t\t\t\t\n\t\t\n\t\t\t\t\t\t<a class=\"fusion-link-wrapper\" href=\"https:\/\/cortomaltese.com\/en\/the-golden-house-of-samarkand\/\" aria-label=\"The Golden House of Samarkand\"><\/a>\n\t<\/div>\n<\/div>\n<\/div>\n<\/li>\n\t\t\t\n\t\t\t\n\t\t\t\t\t\t\t\t\t\t\t\t\t\t\t\t\t\t\t\t\t\t\t\t\t\t\t\t\t\t\t\t\t\t\t\t\t\t\t\t\t\t\t\t\t\t\t\t\t\t\t\t\t\t\t\t\t\t\t\t\t\t\t\t\t\t\t\t<\/ul>\n\t<\/div>\n\t<div class=\"fusion-date-and-formats\"><div class=\"fusion-date-box updated\"><span class=\"fusion-date\">17<\/span><span class=\"fusion-month-year\">05, 2018<\/span><\/div><div class=\"fusion-format-box\"><i class=\"awb-icon-pen\" aria-hidden=\"true\"><\/i><\/div><\/div><div class=\"fusion-post-content post-content\"><h2 class=\"blog-shortcode-post-title\"><a href=\"https:\/\/cortomaltese.com\/en\/the-golden-house-of-samarkand\/\">The Golden House of Samarkand<\/a><\/h2><p class=\"fusion-single-line-meta\">By <span><a href=\"https:\/\/cortomaltese.com\/en\/author\/cortomaltese\/\" title=\"Posts by Corto Maltese\" rel=\"author\">Corto Maltese<\/a><\/span><span class=\"fusion-inline-sep\">|<\/span><span>17 May, 2018<\/span><span class=\"fusion-inline-sep\">|<\/span><\/p><div class=\"fusion-post-content-container\"><p><strong>The Golden House of Samarkand<\/strong>, is the 7th of the 12 titles of Corto Maltese that narrate the adventures of the romantic sailor created by Hugo Pratt in 1967 and now published by IDW Publisher in the USA.<\/p><\/div><\/div><div class=\"fusion-clearfix\"><\/div><div class=\"fusion-meta-info\"><div class=\"fusion-alignright\"><a class=\"fusion-read-more\" href=\"https:\/\/cortomaltese.com\/en\/the-golden-house-of-samarkand\/\" aria-label=\"More on The Golden House of Samarkand\">Read More<\/a><\/div><\/div><\/article>\n<article id=\"blog-1-post-14166\" class=\"fusion-post-large-alternate post-14166 post type-post status-publish format-standard has-post-thumbnail hentry category-news\">\n\t<style type=\"text\/css\">\n\t\t\n\t\t\n\t\t\n\t\t\n\t\t\t<\/style>\n\n\n\t\t\t<div class=\"fusion-flexslider flexslider fusion-flexslider-loading fusion-post-slideshow\" style=\"\">\n\t\t<ul class=\"slides\">\n\t\t\t\n\t\t\t\t\t\t\t\t\t\t\t\t\t\t<li><div  class=\"fusion-image-wrapper\" aria-haspopup=\"true\">\n\t\t\t\t<img decoding=\"async\" width=\"659\" height=\"837\" src=\"https:\/\/cortomaltese.com\/en\/wp-content\/uploads\/sites\/1\/2017_0510_Cop-FableVenice.jpg\" class=\"attachment-full size-full wp-post-image\" alt=\"Corto Maltese - Fable of Venice\" \/><div class=\"fusion-rollover\">\n\t<div class=\"fusion-rollover-content\">\n\n\t\t\t\t\t\t\t\t\t\t\t\t\t\t<a class=\"fusion-rollover-link\" href=\"https:\/\/cortomaltese.com\/en\/fable-of-venice\/\">Fable of Venice<\/a>\n\t\t\t\n\t\t\t\t\t\t\t\t\n\t\t\n\t\t\t\t\t\t\t\t\t\t\t\t<h4 class=\"fusion-rollover-title\">\n\t\t\t\t\t<a class=\"fusion-rollover-title-link\" href=\"https:\/\/cortomaltese.com\/en\/fable-of-venice\/\">\n\t\t\t\t\t\tFable of Venice\t\t\t\t\t<\/a>\n\t\t\t\t<\/h4>\n\t\t\t\n\t\t\t\t\t\t\t\t\n\t\t\n\t\t\t\t\t\t<a class=\"fusion-link-wrapper\" href=\"https:\/\/cortomaltese.com\/en\/fable-of-venice\/\" aria-label=\"Fable of Venice\"><\/a>\n\t<\/div>\n<\/div>\n<\/div>\n<\/li>\n\t\t\t\n\t\t\t\n\t\t\t\t\t\t\t\t\t\t\t\t\t\t\t\t\t\t\t\t\t\t\t\t\t\t\t\t\t\t\t\t\t\t\t\t\t\t\t\t\t\t\t\t\t\t\t\t\t\t\t\t\t\t\t\t\t\t\t\t\t\t\t\t\t\t\t\t<\/ul>\n\t<\/div>\n\t<div class=\"fusion-date-and-formats\"><div class=\"fusion-date-box updated\"><span class=\"fusion-date\">12<\/span><span class=\"fusion-month-year\">10, 2017<\/span><\/div><div class=\"fusion-format-box\"><i class=\"awb-icon-pen\" aria-hidden=\"true\"><\/i><\/div><\/div><div class=\"fusion-post-content post-content\"><h2 class=\"blog-shortcode-post-title\"><a href=\"https:\/\/cortomaltese.com\/en\/fable-of-venice\/\">Fable of Venice<\/a><\/h2><p class=\"fusion-single-line-meta\">By <span><a href=\"https:\/\/cortomaltese.com\/en\/author\/cortomaltese\/\" title=\"Posts by Corto Maltese\" rel=\"author\">Corto Maltese<\/a><\/span><span class=\"fusion-inline-sep\">|<\/span><span>12 October, 2017<\/span><span class=\"fusion-inline-sep\">|<\/span><\/p><div class=\"fusion-post-content-container\"><p><strong>Fable of Venice<\/strong>, is the 6th title of the Corto Maltese\u2019s series by Hugo Pratt, published by IDW Publisher in the USA. Available since September 2017.<\/p><\/div><\/div><div class=\"fusion-clearfix\"><\/div><div class=\"fusion-meta-info\"><div class=\"fusion-alignright\"><a class=\"fusion-read-more\" href=\"https:\/\/cortomaltese.com\/en\/fable-of-venice\/\" aria-label=\"More on Fable of Venice\">Read More<\/a><\/div><\/div><\/article>\n<article id=\"blog-1-post-14099\" class=\"fusion-post-large-alternate post-14099 post type-post status-publish format-standard has-post-thumbnail hentry category-news\">\n\t<style type=\"text\/css\">\n\t\t\n\t\t\n\t\t\n\t\t\n\t\t\t<\/style>\n\n\n\t\t\t<div class=\"fusion-flexslider flexslider fusion-flexslider-loading fusion-post-slideshow\" style=\"\">\n\t\t<ul class=\"slides\">\n\t\t\t\n\t\t\t\t\t\t\t\t\t\t\t\t\t\t<li><div  class=\"fusion-image-wrapper\" aria-haspopup=\"true\">\n\t\t\t\t<img decoding=\"async\" width=\"800\" height=\"1019\" src=\"https:\/\/cortomaltese.com\/en\/wp-content\/uploads\/sites\/1\/ballata-anniversario.jpg\" class=\"attachment-full size-full wp-post-image\" alt=\"\" srcset=\"https:\/\/cortomaltese.com\/en\/wp-content\/uploads\/sites\/1\/ballata-anniversario-200x255.jpg 200w, https:\/\/cortomaltese.com\/en\/wp-content\/uploads\/sites\/1\/ballata-anniversario-400x510.jpg 400w, https:\/\/cortomaltese.com\/en\/wp-content\/uploads\/sites\/1\/ballata-anniversario-600x764.jpg 600w, https:\/\/cortomaltese.com\/en\/wp-content\/uploads\/sites\/1\/ballata-anniversario.jpg 800w\" sizes=\"(max-width: 800px) 100vw, 800px\" \/><div class=\"fusion-rollover\">\n\t<div class=\"fusion-rollover-content\">\n\n\t\t\t\t\t\t\t\t\t\t\t\t\t\t<a class=\"fusion-rollover-link\" href=\"https:\/\/cortomaltese.com\/en\/ballad-salty-sea-anniversary-edition\/\">The Ballad of the Salty Sea. Anniversary Edition.<\/a>\n\t\t\t\n\t\t\t\t\t\t\t\t\n\t\t\n\t\t\t\t\t\t\t\t\t\t\t\t<h4 class=\"fusion-rollover-title\">\n\t\t\t\t\t<a class=\"fusion-rollover-title-link\" href=\"https:\/\/cortomaltese.com\/en\/ballad-salty-sea-anniversary-edition\/\">\n\t\t\t\t\t\tThe Ballad of the Salty Sea. Anniversary Edition.\t\t\t\t\t<\/a>\n\t\t\t\t<\/h4>\n\t\t\t\n\t\t\t\t\t\t\t\t\n\t\t\n\t\t\t\t\t\t<a class=\"fusion-link-wrapper\" href=\"https:\/\/cortomaltese.com\/en\/ballad-salty-sea-anniversary-edition\/\" aria-label=\"The Ballad of the Salty Sea. Anniversary Edition.\"><\/a>\n\t<\/div>\n<\/div>\n<\/div>\n<\/li>\n\t\t\t\n\t\t\t\n\t\t\t\t\t\t\t\t\t\t\t\t\t\t\t\t\t\t\t\t\t\t\t\t\t\t\t\t\t\t\t\t\t\t\t\t\t\t\t\t\t\t\t\t\t\t\t\t\t\t\t\t\t\t\t\t\t\t\t\t\t\t\t\t\t\t\t\t<\/ul>\n\t<\/div>\n\t<div class=\"fusion-date-and-formats\"><div class=\"fusion-date-box updated\"><span class=\"fusion-date\">26<\/span><span class=\"fusion-month-year\">06, 2017<\/span><\/div><div class=\"fusion-format-box\"><i class=\"awb-icon-pen\" aria-hidden=\"true\"><\/i><\/div><\/div><div class=\"fusion-post-content post-content\"><h2 class=\"blog-shortcode-post-title\"><a href=\"https:\/\/cortomaltese.com\/en\/ballad-salty-sea-anniversary-edition\/\">The Ballad of the Salty Sea. Anniversary Edition.<\/a><\/h2><p class=\"fusion-single-line-meta\">By <span><a href=\"https:\/\/cortomaltese.com\/en\/author\/cortomaltese\/\" title=\"Posts by Corto Maltese\" rel=\"author\">Corto Maltese<\/a><\/span><span class=\"fusion-inline-sep\">|<\/span><span>26 June, 2017<\/span><span class=\"fusion-inline-sep\">|<\/span><\/p><div class=\"fusion-post-content-container\"><p><strong>July 10, 1967\u20132017<\/strong>. Fifty years after its first appearance, a timeless classic returns in grand style: The Ballad of the Salty Sea.<\/p><\/div><\/div><div class=\"fusion-clearfix\"><\/div><div class=\"fusion-meta-info\"><div class=\"fusion-alignright\"><a class=\"fusion-read-more\" href=\"https:\/\/cortomaltese.com\/en\/ballad-salty-sea-anniversary-edition\/\" aria-label=\"More on The Ballad of the Salty Sea. Anniversary Edition.\">Read More<\/a><\/div><\/div><\/article>\n<article id=\"blog-1-post-13475\" class=\"fusion-post-large-alternate post-13475 post type-post status-publish format-standard has-post-thumbnail hentry category-news\">\n\t<style type=\"text\/css\">\n\t\t\n\t\t\n\t\t\n\t\t\n\t\t\t<\/style>\n\n\n\t\t\t<div class=\"fusion-flexslider flexslider fusion-flexslider-loading fusion-post-slideshow\" style=\"\">\n\t\t<ul class=\"slides\">\n\t\t\t\n\t\t\t\t\t\t\t\t\t\t\t\t\t\t<li><div  class=\"fusion-image-wrapper\" aria-haspopup=\"true\">\n\t\t\t\t<img decoding=\"async\" width=\"873\" height=\"1104\" src=\"https:\/\/cortomaltese.com\/en\/wp-content\/uploads\/sites\/1\/Copertina_50AnniDiViaggiaNelMito.jpg\" class=\"attachment-full size-full wp-post-image\" alt=\"\" srcset=\"https:\/\/cortomaltese.com\/en\/wp-content\/uploads\/sites\/1\/Copertina_50AnniDiViaggiaNelMito-200x253.jpg 200w, https:\/\/cortomaltese.com\/en\/wp-content\/uploads\/sites\/1\/Copertina_50AnniDiViaggiaNelMito-400x506.jpg 400w, https:\/\/cortomaltese.com\/en\/wp-content\/uploads\/sites\/1\/Copertina_50AnniDiViaggiaNelMito-600x759.jpg 600w, https:\/\/cortomaltese.com\/en\/wp-content\/uploads\/sites\/1\/Copertina_50AnniDiViaggiaNelMito-800x1012.jpg 800w, https:\/\/cortomaltese.com\/en\/wp-content\/uploads\/sites\/1\/Copertina_50AnniDiViaggiaNelMito.jpg 873w\" sizes=\"(max-width: 800px) 100vw, 873px\" \/><div class=\"fusion-rollover\">\n\t<div class=\"fusion-rollover-content\">\n\n\t\t\t\t\t\t\t\t\t\t\t\t\t\t<a class=\"fusion-rollover-link\" href=\"https:\/\/cortomaltese.com\/en\/50-years-of-travel-in-the-myth-the-catalog\/\">50 Years of Travel in the Myth: the catalog<\/a>\n\t\t\t\n\t\t\t\t\t\t\t\t\n\t\t\n\t\t\t\t\t\t\t\t\t\t\t\t<h4 class=\"fusion-rollover-title\">\n\t\t\t\t\t<a class=\"fusion-rollover-title-link\" href=\"https:\/\/cortomaltese.com\/en\/50-years-of-travel-in-the-myth-the-catalog\/\">\n\t\t\t\t\t\t50 Years of Travel in the Myth: the catalog\t\t\t\t\t<\/a>\n\t\t\t\t<\/h4>\n\t\t\t\n\t\t\t\t\t\t\t\t\n\t\t\n\t\t\t\t\t\t<a class=\"fusion-link-wrapper\" href=\"https:\/\/cortomaltese.com\/en\/50-years-of-travel-in-the-myth-the-catalog\/\" aria-label=\"50 Years of Travel in the Myth: the catalog\"><\/a>\n\t<\/div>\n<\/div>\n<\/div>\n<\/li>\n\t\t\t\n\t\t\t\n\t\t\t\t\t\t\t\t\t\t\t\t\t\t\t\t\t\t\t\t\t\t\t\t\t\t\t\t\t\t\t\t\t\t\t\t\t\t\t\t\t\t\t\t\t\t\t\t\t\t\t\t\t\t\t\t\t\t\t\t\t\t\t\t\t\t\t\t<\/ul>\n\t<\/div>\n\t<div class=\"fusion-date-and-formats\"><div class=\"fusion-date-box updated\"><span class=\"fusion-date\">2<\/span><span class=\"fusion-month-year\">11, 2016<\/span><\/div><div class=\"fusion-format-box\"><i class=\"awb-icon-pen\" aria-hidden=\"true\"><\/i><\/div><\/div><div class=\"fusion-post-content post-content\"><h2 class=\"blog-shortcode-post-title\"><a href=\"https:\/\/cortomaltese.com\/en\/50-years-of-travel-in-the-myth-the-catalog\/\">50 Years of Travel in the Myth: the catalog<\/a><\/h2><p class=\"fusion-single-line-meta\">By <span><a href=\"https:\/\/cortomaltese.com\/en\/author\/cortomaltese\/\" title=\"Posts by Corto Maltese\" rel=\"author\">Corto Maltese<\/a><\/span><span class=\"fusion-inline-sep\">|<\/span><span>2 November, 2016<\/span><span class=\"fusion-inline-sep\">|<\/span><\/p><div class=\"fusion-post-content-container\"><p>The catalog of the Bologna Exhibition <strong>\"50 Years Of Travel In The Myth\"<\/strong> (November 2016 - March 2017), published by Rizzoli Lizard.<\/p><\/div><\/div><div class=\"fusion-clearfix\"><\/div><div class=\"fusion-meta-info\"><div class=\"fusion-alignright\"><a class=\"fusion-read-more\" href=\"https:\/\/cortomaltese.com\/en\/50-years-of-travel-in-the-myth-the-catalog\/\" aria-label=\"More on 50 Years of Travel in the Myth: the catalog\">Read More<\/a><\/div><\/div><\/article>\n<article id=\"blog-1-post-12855\" class=\"fusion-post-large-alternate post-12855 post type-post status-publish format-standard has-post-thumbnail hentry category-news\">\n\t<style type=\"text\/css\">\n\t\t\n\t\t\n\t\t\n\t\t\n\t\t\t<\/style>\n\n\n\t\t\t<div class=\"fusion-flexslider flexslider fusion-flexslider-loading fusion-post-slideshow\" style=\"\">\n\t\t<ul class=\"slides\">\n\t\t\t\n\t\t\t\t\t\t\t\t\t\t\t\t\t\t<li><div  class=\"fusion-image-wrapper\" aria-haspopup=\"true\">\n\t\t\t\t<img decoding=\"async\" width=\"600\" height=\"800\" src=\"https:\/\/cortomaltese.com\/en\/wp-content\/uploads\/sites\/1\/cortomaltese-ebook-Wheeling-completo.jpg\" class=\"attachment-full size-full wp-post-image\" alt=\"eBook Wheeling\" srcset=\"https:\/\/cortomaltese.com\/en\/wp-content\/uploads\/sites\/1\/cortomaltese-ebook-Wheeling-completo-200x267.jpg 200w, https:\/\/cortomaltese.com\/en\/wp-content\/uploads\/sites\/1\/cortomaltese-ebook-Wheeling-completo-400x533.jpg 400w, https:\/\/cortomaltese.com\/en\/wp-content\/uploads\/sites\/1\/cortomaltese-ebook-Wheeling-completo.jpg 600w\" sizes=\"(max-width: 800px) 100vw, 600px\" \/><div class=\"fusion-rollover\">\n\t<div class=\"fusion-rollover-content\">\n\n\t\t\t\t\t\t\t\t\t\t\t\t\t\t<a class=\"fusion-rollover-link\" href=\"https:\/\/cortomaltese.com\/en\/ebook-wheeling\/\">eBook: Wheeling<\/a>\n\t\t\t\n\t\t\t\t\t\t\t\t\n\t\t\n\t\t\t\t\t\t\t\t\t\t\t\t<h4 class=\"fusion-rollover-title\">\n\t\t\t\t\t<a class=\"fusion-rollover-title-link\" href=\"https:\/\/cortomaltese.com\/en\/ebook-wheeling\/\">\n\t\t\t\t\t\teBook: Wheeling\t\t\t\t\t<\/a>\n\t\t\t\t<\/h4>\n\t\t\t\n\t\t\t\t\t\t\t\t\n\t\t\n\t\t\t\t\t\t<a class=\"fusion-link-wrapper\" href=\"https:\/\/cortomaltese.com\/en\/ebook-wheeling\/\" aria-label=\"eBook: Wheeling\"><\/a>\n\t<\/div>\n<\/div>\n<\/div>\n<\/li>\n\t\t\t\n\t\t\t\n\t\t\t\t\t\t\t\t\t\t\t\t\t\t\t\t\t\t\t\t\t\t\t\t\t\t\t\t\t\t\t\t\t\t\t\t\t\t\t\t\t\t\t\t\t\t\t\t\t\t\t\t\t\t\t\t\t\t\t\t\t\t\t\t\t\t\t\t<\/ul>\n\t<\/div>\n\t<div class=\"fusion-date-and-formats\"><div class=\"fusion-date-box updated\"><span class=\"fusion-date\">30<\/span><span class=\"fusion-month-year\">01, 2016<\/span><\/div><div class=\"fusion-format-box\"><i class=\"awb-icon-pen\" aria-hidden=\"true\"><\/i><\/div><\/div><div class=\"fusion-post-content post-content\"><h2 class=\"blog-shortcode-post-title\"><a href=\"https:\/\/cortomaltese.com\/en\/ebook-wheeling\/\">eBook: Wheeling<\/a><\/h2><p class=\"fusion-single-line-meta\">By <span><a href=\"https:\/\/cortomaltese.com\/en\/author\/cortomaltese\/\" title=\"Posts by Corto Maltese\" rel=\"author\">Corto Maltese<\/a><\/span><span class=\"fusion-inline-sep\">|<\/span><span>30 January, 2016<\/span><span class=\"fusion-inline-sep\">|<\/span><\/p><div class=\"fusion-post-content-container\"><p>The eBook series of <strong>Wheeling<\/strong> by Hugo Pratt has been published for the first time in English by CongEditions, the new publishing house of CONG SA. Available on AppStore.<\/p><\/div><\/div><div class=\"fusion-clearfix\"><\/div><div class=\"fusion-meta-info\"><div class=\"fusion-alignright\"><a class=\"fusion-read-more\" href=\"https:\/\/cortomaltese.com\/en\/ebook-wheeling\/\" aria-label=\"More on eBook: Wheeling\">Read More<\/a><\/div><\/div><\/article>\n<article id=\"blog-1-post-1485\" class=\"fusion-post-large-alternate post-1485 post type-post status-publish format-standard has-post-thumbnail hentry category-news\">\n\t<style type=\"text\/css\">\n\t\t\n\t\t\n\t\t\n\t\t\n\t\t\t<\/style>\n\n\n\t\t\t<div class=\"fusion-flexslider flexslider fusion-flexslider-loading fusion-post-slideshow\" style=\"\">\n\t\t<ul class=\"slides\">\n\t\t\t\n\t\t\t\t\t\t\t\t\t\t\t\t\t\t<li><div  class=\"fusion-image-wrapper\" aria-haspopup=\"true\">\n\t\t\t\t<img decoding=\"async\" width=\"600\" height=\"389\" src=\"https:\/\/cortomaltese.com\/en\/wp-content\/uploads\/sites\/1\/Gli-Scorpioni-del-deserto-1975-prova.jpg\" class=\"attachment-full size-full wp-post-image\" alt=\"\" srcset=\"https:\/\/cortomaltese.com\/en\/wp-content\/uploads\/sites\/1\/Gli-Scorpioni-del-deserto-1975-prova-200x130.jpg 200w, https:\/\/cortomaltese.com\/en\/wp-content\/uploads\/sites\/1\/Gli-Scorpioni-del-deserto-1975-prova-400x259.jpg 400w, https:\/\/cortomaltese.com\/en\/wp-content\/uploads\/sites\/1\/Gli-Scorpioni-del-deserto-1975-prova.jpg 600w\" sizes=\"(max-width: 800px) 100vw, 600px\" \/><div class=\"fusion-rollover\">\n\t<div class=\"fusion-rollover-content\">\n\n\t\t\t\t\t\t\t\t\t\t\t\t\t\t<a class=\"fusion-rollover-link\" href=\"https:\/\/cortomaltese.com\/en\/ebook-the-scorpions-of-the-desert\/\">eBook: The Scorpions of the Desert<\/a>\n\t\t\t\n\t\t\t\t\t\t\t\t\n\t\t\n\t\t\t\t\t\t\t\t\t\t\t\t<h4 class=\"fusion-rollover-title\">\n\t\t\t\t\t<a class=\"fusion-rollover-title-link\" href=\"https:\/\/cortomaltese.com\/en\/ebook-the-scorpions-of-the-desert\/\">\n\t\t\t\t\t\teBook: The Scorpions of the Desert\t\t\t\t\t<\/a>\n\t\t\t\t<\/h4>\n\t\t\t\n\t\t\t\t\t\t\t\t\n\t\t\n\t\t\t\t\t\t<a class=\"fusion-link-wrapper\" href=\"https:\/\/cortomaltese.com\/en\/ebook-the-scorpions-of-the-desert\/\" aria-label=\"eBook: The Scorpions of the Desert\"><\/a>\n\t<\/div>\n<\/div>\n<\/div>\n<\/li>\n\t\t\t\n\t\t\t\n\t\t\t\t\t\t\t\t\t\t\t\t\t\t\t\t\t\t\t\t\t\t\t\t\t\t\t\t\t\t\t\t\t\t\t\t\t\t\t\t\t\t\t\t\t\t\t\t\t\t\t\t\t\t\t\t\t\t\t\t\t\t\t\t\t\t\t\t<\/ul>\n\t<\/div>\n\t<div class=\"fusion-date-and-formats\"><div class=\"fusion-date-box updated\"><span class=\"fusion-date\">13<\/span><span class=\"fusion-month-year\">03, 2015<\/span><\/div><div class=\"fusion-format-box\"><i class=\"awb-icon-pen\" aria-hidden=\"true\"><\/i><\/div><\/div><div class=\"fusion-post-content post-content\"><h2 class=\"blog-shortcode-post-title\"><a href=\"https:\/\/cortomaltese.com\/en\/ebook-the-scorpions-of-the-desert\/\">eBook: The Scorpions of the Desert<\/a><\/h2><p class=\"fusion-single-line-meta\">By <span><a href=\"https:\/\/cortomaltese.com\/en\/author\/cortomaltese\/\" title=\"Posts by Corto Maltese\" rel=\"author\">Corto Maltese<\/a><\/span><span class=\"fusion-inline-sep\">|<\/span><span>13 March, 2015<\/span><span class=\"fusion-inline-sep\">|<\/span><\/p><div class=\"fusion-post-content-container\"><p>The ebook series <strong>The Scorpions of the Desert<\/strong>\u00a0will be published for the first time in English by CongeEditions, the publishing house of Cong. Available on AppStore.<\/p><\/div><\/div><div class=\"fusion-clearfix\"><\/div><div class=\"fusion-meta-info\"><div class=\"fusion-alignright\"><a class=\"fusion-read-more\" href=\"https:\/\/cortomaltese.com\/en\/ebook-the-scorpions-of-the-desert\/\" aria-label=\"More on eBook: The Scorpions of the Desert\">Read More<\/a><\/div><\/div><\/article>\n<article id=\"blog-1-post-1470\" class=\"fusion-post-large-alternate post-1470 post type-post status-publish format-standard has-post-thumbnail hentry category-news\">\n\t<style type=\"text\/css\">\n\t\t\n\t\t\n\t\t\n\t\t\n\t\t\t<\/style>\n\n\n\t\t\t<div class=\"fusion-flexslider flexslider fusion-flexslider-loading fusion-post-slideshow\" style=\"\">\n\t\t<ul class=\"slides\">\n\t\t\t\n\t\t\t\t\t\t\t\t\t\t\t\t\t\t<li><div  class=\"fusion-image-wrapper\" aria-haspopup=\"true\">\n\t\t\t\t<img decoding=\"async\" width=\"1024\" height=\"672\" src=\"https:\/\/cortomaltese.com\/en\/wp-content\/uploads\/sites\/1\/Hugo-Pratt-a-Grandveaux.jpg\" class=\"attachment-full size-full wp-post-image\" alt=\"\" srcset=\"https:\/\/cortomaltese.com\/en\/wp-content\/uploads\/sites\/1\/Hugo-Pratt-a-Grandveaux-200x131.jpg 200w, https:\/\/cortomaltese.com\/en\/wp-content\/uploads\/sites\/1\/Hugo-Pratt-a-Grandveaux-400x263.jpg 400w, https:\/\/cortomaltese.com\/en\/wp-content\/uploads\/sites\/1\/Hugo-Pratt-a-Grandveaux-600x394.jpg 600w, https:\/\/cortomaltese.com\/en\/wp-content\/uploads\/sites\/1\/Hugo-Pratt-a-Grandveaux-800x525.jpg 800w, https:\/\/cortomaltese.com\/en\/wp-content\/uploads\/sites\/1\/Hugo-Pratt-a-Grandveaux.jpg 1024w\" sizes=\"(max-width: 800px) 100vw, 1024px\" \/><div class=\"fusion-rollover\">\n\t<div class=\"fusion-rollover-content\">\n\n\t\t\t\t\t\t\t\t\t\t\t\t\t\t<a class=\"fusion-rollover-link\" href=\"https:\/\/cortomaltese.com\/en\/cong-hugo-pratt-art-properties\/\">Cong website \u2013 Hugo Pratt Art Properties<\/a>\n\t\t\t\n\t\t\t\t\t\t\t\t\n\t\t\n\t\t\t\t\t\t\t\t\t\t\t\t<h4 class=\"fusion-rollover-title\">\n\t\t\t\t\t<a class=\"fusion-rollover-title-link\" href=\"https:\/\/cortomaltese.com\/en\/cong-hugo-pratt-art-properties\/\">\n\t\t\t\t\t\tCong website \u2013 Hugo Pratt Art Properties\t\t\t\t\t<\/a>\n\t\t\t\t<\/h4>\n\t\t\t\n\t\t\t\t\t\t\t\t\n\t\t\n\t\t\t\t\t\t<a class=\"fusion-link-wrapper\" href=\"https:\/\/cortomaltese.com\/en\/cong-hugo-pratt-art-properties\/\" aria-label=\"Cong website \u2013 Hugo Pratt Art Properties\"><\/a>\n\t<\/div>\n<\/div>\n<\/div>\n<\/li>\n\t\t\t\n\t\t\t\n\t\t\t\t\t\t\t\t\t\t\t\t\t\t\t\t\t\t\t\t\t\t\t\t\t\t\t\t\t\t\t\t\t\t\t\t\t\t\t\t\t\t\t\t\t\t\t\t\t\t\t\t\t\t\t\t\t\t\t\t\t\t\t\t\t\t\t\t<\/ul>\n\t<\/div>\n\t<div class=\"fusion-date-and-formats\"><div class=\"fusion-date-box updated\"><span class=\"fusion-date\">12<\/span><span class=\"fusion-month-year\">12, 2014<\/span><\/div><div class=\"fusion-format-box\"><i class=\"awb-icon-pen\" aria-hidden=\"true\"><\/i><\/div><\/div><div class=\"fusion-post-content post-content\"><h2 class=\"blog-shortcode-post-title\"><a href=\"https:\/\/cortomaltese.com\/en\/cong-hugo-pratt-art-properties\/\">Cong website \u2013 Hugo Pratt Art Properties<\/a><\/h2><p class=\"fusion-single-line-meta\">By <span><a href=\"https:\/\/cortomaltese.com\/en\/author\/cortomaltese\/\" title=\"Posts by Corto Maltese\" rel=\"author\">Corto Maltese<\/a><\/span><span class=\"fusion-inline-sep\">|<\/span><span>12 December, 2014<\/span><span class=\"fusion-inline-sep\">|<\/span><\/p><div class=\"fusion-post-content-container\"><p> Cong became the editor of eBooks in English of the series The Scorpions of the Desert and launched the new series of Corto Maltese with the first title released in October 2015. On the<a href=\"https:\/\/cortomaltese.com\/en\/cong-hugo-pratt-art-properties\/\"> [...]<\/a><\/p><\/div><\/div><div class=\"fusion-clearfix\"><\/div><div class=\"fusion-meta-info\"><div class=\"fusion-alignright\"><a class=\"fusion-read-more\" href=\"https:\/\/cortomaltese.com\/en\/cong-hugo-pratt-art-properties\/\" aria-label=\"More on Cong website \u2013 Hugo Pratt Art Properties\">Read More<\/a><\/div><\/div><\/article>\n<article id=\"blog-1-post-1423\" class=\"fusion-post-large-alternate post-1423 post type-post status-publish format-standard has-post-thumbnail hentry category-news\">\n\t<style type=\"text\/css\">\n\t\t\n\t\t\n\t\t\n\t\t\n\t\t\t<\/style>\n\n\n\t\t\t<div class=\"fusion-flexslider flexslider fusion-flexslider-loading fusion-post-slideshow\" style=\"\">\n\t\t<ul class=\"slides\">\n\t\t\t\n\t\t\t\t\t\t\t\t\t\t\t\t\t\t<li><div  class=\"fusion-image-wrapper\" aria-haspopup=\"true\">\n\t\t\t\t<img decoding=\"async\" width=\"595\" height=\"400\" src=\"https:\/\/cortomaltese.com\/en\/wp-content\/uploads\/sites\/1\/secrets-of-venice-the-game.jpg\" class=\"attachment-full size-full wp-post-image\" alt=\"\" srcset=\"https:\/\/cortomaltese.com\/en\/wp-content\/uploads\/sites\/1\/secrets-of-venice-the-game-200x134.jpg 200w, https:\/\/cortomaltese.com\/en\/wp-content\/uploads\/sites\/1\/secrets-of-venice-the-game-400x269.jpg 400w, https:\/\/cortomaltese.com\/en\/wp-content\/uploads\/sites\/1\/secrets-of-venice-the-game.jpg 595w\" sizes=\"(max-width: 800px) 100vw, 595px\" \/><div class=\"fusion-rollover\">\n\t<div class=\"fusion-rollover-content\">\n\n\t\t\t\t\t\t\t\t\t\t\t\t\t\t<a class=\"fusion-rollover-link\" href=\"https:\/\/cortomaltese.com\/en\/secrets-of-venice-the-game\/\">Secrets of Venice: the game<\/a>\n\t\t\t\n\t\t\t\t\t\t\t\t\n\t\t\n\t\t\t\t\t\t\t\t\t\t\t\t<h4 class=\"fusion-rollover-title\">\n\t\t\t\t\t<a class=\"fusion-rollover-title-link\" href=\"https:\/\/cortomaltese.com\/en\/secrets-of-venice-the-game\/\">\n\t\t\t\t\t\tSecrets of Venice: the game\t\t\t\t\t<\/a>\n\t\t\t\t<\/h4>\n\t\t\t\n\t\t\t\t\t\t\t\t\n\t\t\n\t\t\t\t\t\t<a class=\"fusion-link-wrapper\" href=\"https:\/\/cortomaltese.com\/en\/secrets-of-venice-the-game\/\" aria-label=\"Secrets of Venice: the game\"><\/a>\n\t<\/div>\n<\/div>\n<\/div>\n<\/li>\n\t\t\t\n\t\t\t\n\t\t\t\t\t\t\t\t\t\t\t\t\t\t\t\t\t\t\t\t\t\t\t\t\t\t\t\t\t\t\t\t\t\t\t\t\t\t\t\t\t\t\t\t\t\t\t\t\t\t\t\t\t\t\t\t\t\t\t\t\t\t\t\t\t\t\t\t<\/ul>\n\t<\/div>\n\t<div class=\"fusion-date-and-formats\"><div class=\"fusion-date-box updated\"><span class=\"fusion-date\">28<\/span><span class=\"fusion-month-year\">10, 2014<\/span><\/div><div class=\"fusion-format-box\"><i class=\"awb-icon-pen\" aria-hidden=\"true\"><\/i><\/div><\/div><div class=\"fusion-post-content post-content\"><h2 class=\"blog-shortcode-post-title\"><a href=\"https:\/\/cortomaltese.com\/en\/secrets-of-venice-the-game\/\">Secrets of Venice: the game<\/a><\/h2><p class=\"fusion-single-line-meta\">By <span><a href=\"https:\/\/cortomaltese.com\/en\/author\/cortomaltese\/\" title=\"Posts by Corto Maltese\" rel=\"author\">Corto Maltese<\/a><\/span><span class=\"fusion-inline-sep\">|<\/span><span>28 October, 2014<\/span><span class=\"fusion-inline-sep\">|<\/span><\/p><div class=\"fusion-post-content-container\"><p> Secrets of Venice is Corto Maltese\u2019s first digital adventure.   The player will have to fight a devastating poison, dodge bullets and explosions, and face the unknown, but in the end will open<a href=\"https:\/\/cortomaltese.com\/en\/secrets-of-venice-the-game\/\"> [...]<\/a><\/p><\/div><\/div><div class=\"fusion-clearfix\"><\/div><div class=\"fusion-meta-info\"><div class=\"fusion-alignright\"><a class=\"fusion-read-more\" href=\"https:\/\/cortomaltese.com\/en\/secrets-of-venice-the-game\/\" aria-label=\"More on Secrets of Venice: the game\">Read More<\/a><\/div><\/div><\/article>\n<article id=\"blog-1-post-1376\" class=\"fusion-post-large-alternate post-1376 post type-post status-publish format-standard has-post-thumbnail hentry category-news\">\n\t<style type=\"text\/css\">\n\t\t\n\t\t\n\t\t\n\t\t\n\t\t\t<\/style>\n\n\n\t\t\t<div class=\"fusion-flexslider flexslider fusion-flexslider-loading fusion-post-slideshow\" style=\"\">\n\t\t<ul class=\"slides\">\n\t\t\t\n\t\t\t\t\t\t\t\t\t\t\t\t\t\t<li><div  class=\"fusion-image-wrapper\" aria-haspopup=\"true\">\n\t\t\t\t<img decoding=\"async\" width=\"800\" height=\"800\" src=\"https:\/\/cortomaltese.com\/en\/wp-content\/uploads\/sites\/1\/corto-gioco-ufficiale-di-corto-maltese-edizione-matagot-inglese-e-francese.jpg\" class=\"attachment-full size-full wp-post-image\" alt=\"\" srcset=\"https:\/\/cortomaltese.com\/en\/wp-content\/uploads\/sites\/1\/corto-gioco-ufficiale-di-corto-maltese-edizione-matagot-inglese-e-francese-200x200.jpg 200w, https:\/\/cortomaltese.com\/en\/wp-content\/uploads\/sites\/1\/corto-gioco-ufficiale-di-corto-maltese-edizione-matagot-inglese-e-francese-400x400.jpg 400w, https:\/\/cortomaltese.com\/en\/wp-content\/uploads\/sites\/1\/corto-gioco-ufficiale-di-corto-maltese-edizione-matagot-inglese-e-francese-600x600.jpg 600w, https:\/\/cortomaltese.com\/en\/wp-content\/uploads\/sites\/1\/corto-gioco-ufficiale-di-corto-maltese-edizione-matagot-inglese-e-francese.jpg 800w\" sizes=\"(max-width: 800px) 100vw, 800px\" \/><div class=\"fusion-rollover\">\n\t<div class=\"fusion-rollover-content\">\n\n\t\t\t\t\t\t\t\t\t\t\t\t\t\t<a class=\"fusion-rollover-link\" href=\"https:\/\/cortomaltese.com\/en\/corto-the-board-game\/\">Corto: the board game<\/a>\n\t\t\t\n\t\t\t\t\t\t\t\t\n\t\t\n\t\t\t\t\t\t\t\t\t\t\t\t<h4 class=\"fusion-rollover-title\">\n\t\t\t\t\t<a class=\"fusion-rollover-title-link\" href=\"https:\/\/cortomaltese.com\/en\/corto-the-board-game\/\">\n\t\t\t\t\t\tCorto: the board game\t\t\t\t\t<\/a>\n\t\t\t\t<\/h4>\n\t\t\t\n\t\t\t\t\t\t\t\t\n\t\t\n\t\t\t\t\t\t<a class=\"fusion-link-wrapper\" href=\"https:\/\/cortomaltese.com\/en\/corto-the-board-game\/\" aria-label=\"Corto: the board game\"><\/a>\n\t<\/div>\n<\/div>\n<\/div>\n<\/li>\n\t\t\t\n\t\t\t\n\t\t\t\t\t\t\t\t\t\t\t\t\t\t\t\t\t\t\t\t\t\t\t\t\t\t\t\t\t\t\t\t\t\t\t\t\t\t\t\t\t\t\t\t\t\t\t\t\t\t\t\t\t\t\t\t\t\t\t\t\t\t\t\t\t\t\t\t<\/ul>\n\t<\/div>\n\t<div class=\"fusion-date-and-formats\"><div class=\"fusion-date-box updated\"><span class=\"fusion-date\">5<\/span><span class=\"fusion-month-year\">12, 2013<\/span><\/div><div class=\"fusion-format-box\"><i class=\"awb-icon-pen\" aria-hidden=\"true\"><\/i><\/div><\/div><div class=\"fusion-post-content post-content\"><h2 class=\"blog-shortcode-post-title\"><a href=\"https:\/\/cortomaltese.com\/en\/corto-the-board-game\/\">Corto: the board game<\/a><\/h2><p class=\"fusion-single-line-meta\">By <span><a href=\"https:\/\/cortomaltese.com\/en\/author\/cortomaltese\/\" title=\"Posts by Corto Maltese\" rel=\"author\">Corto Maltese<\/a><\/span><span class=\"fusion-inline-sep\">|<\/span><span>5 December, 2013<\/span><span class=\"fusion-inline-sep\">|<\/span><\/p><div class=\"fusion-post-content-container\"><p> \u201cCORTO\u201d is the first parlor game inspired by the magical and adventure-filled universe of Corto Maltese.   Choose your adventures and then experience them directly. With Corto\u2019s help and in spite of Rasputin\u2019s<a href=\"https:\/\/cortomaltese.com\/en\/corto-the-board-game\/\"> [...]<\/a><\/p><\/div><\/div><div class=\"fusion-clearfix\"><\/div><div class=\"fusion-meta-info\"><div class=\"fusion-alignright\"><a class=\"fusion-read-more\" href=\"https:\/\/cortomaltese.com\/en\/corto-the-board-game\/\" aria-label=\"More on Corto: the board game\">Read More<\/a><\/div><\/div><\/article>\n<article id=\"blog-1-post-1330\" class=\"fusion-post-large-alternate post-1330 post type-post status-publish format-standard has-post-thumbnail hentry category-news\">\n\t<style type=\"text\/css\">\n\t\t\n\t\t\n\t\t\n\t\t\n\t\t\t<\/style>\n\n\n\t\t\t<div class=\"fusion-flexslider flexslider fusion-flexslider-loading fusion-post-slideshow\" style=\"\">\n\t\t<ul class=\"slides\">\n\t\t\t\n\t\t\t\t\t\t\t\t\t\t\t\t\t\t<li><div  class=\"fusion-image-wrapper\" aria-haspopup=\"true\">\n\t\t\t\t<img decoding=\"async\" width=\"670\" height=\"674\" src=\"https:\/\/cortomaltese.com\/en\/wp-content\/uploads\/sites\/1\/Hugo-Pratt-Periplo-Incantato.jpg\" class=\"attachment-full size-full wp-post-image\" alt=\"\" srcset=\"https:\/\/cortomaltese.com\/en\/wp-content\/uploads\/sites\/1\/Hugo-Pratt-Periplo-Incantato-200x201.jpg 200w, https:\/\/cortomaltese.com\/en\/wp-content\/uploads\/sites\/1\/Hugo-Pratt-Periplo-Incantato-400x402.jpg 400w, https:\/\/cortomaltese.com\/en\/wp-content\/uploads\/sites\/1\/Hugo-Pratt-Periplo-Incantato-600x604.jpg 600w, https:\/\/cortomaltese.com\/en\/wp-content\/uploads\/sites\/1\/Hugo-Pratt-Periplo-Incantato.jpg 670w\" sizes=\"(max-width: 800px) 100vw, 670px\" \/><div class=\"fusion-rollover\">\n\t<div class=\"fusion-rollover-content\">\n\n\t\t\t\t\t\t\t\t\t\t\t\t\t\t<a class=\"fusion-rollover-link\" href=\"https:\/\/cortomaltese.com\/en\/hugo-pratt-periplo-incantato-2013\/\">Hugo Pratt: Periplo Incantato [Enchanted Periplus] (2013)<\/a>\n\t\t\t\n\t\t\t\t\t\t\t\t\n\t\t\n\t\t\t\t\t\t\t\t\t\t\t\t<h4 class=\"fusion-rollover-title\">\n\t\t\t\t\t<a class=\"fusion-rollover-title-link\" href=\"https:\/\/cortomaltese.com\/en\/hugo-pratt-periplo-incantato-2013\/\">\n\t\t\t\t\t\tHugo Pratt: Periplo Incantato [Enchanted Periplus] (2013)\t\t\t\t\t<\/a>\n\t\t\t\t<\/h4>\n\t\t\t\n\t\t\t\t\t\t\t\t\n\t\t\n\t\t\t\t\t\t<a class=\"fusion-link-wrapper\" href=\"https:\/\/cortomaltese.com\/en\/hugo-pratt-periplo-incantato-2013\/\" aria-label=\"Hugo Pratt: Periplo Incantato [Enchanted Periplus] (2013)\"><\/a>\n\t<\/div>\n<\/div>\n<\/div>\n<\/li>\n\t\t\t\n\t\t\t\n\t\t\t\t\t\t\t\t\t\t\t\t\t\t\t\t\t\t\t\t\t\t\t\t\t\t\t\t\t\t\t\t\t\t\t\t\t\t\t\t\t\t\t\t\t\t\t\t\t\t\t\t\t\t\t\t\t\t\t\t\t\t\t\t\t\t\t\t<\/ul>\n\t<\/div>\n\t<div class=\"fusion-date-and-formats\"><div class=\"fusion-date-box updated\"><span class=\"fusion-date\">7<\/span><span class=\"fusion-month-year\">11, 2013<\/span><\/div><div class=\"fusion-format-box\"><i class=\"awb-icon-pen\" aria-hidden=\"true\"><\/i><\/div><\/div><div class=\"fusion-post-content post-content\"><h2 class=\"blog-shortcode-post-title\"><a href=\"https:\/\/cortomaltese.com\/en\/hugo-pratt-periplo-incantato-2013\/\">Hugo Pratt: Periplo Incantato [Enchanted Periplus] (2013)<\/a><\/h2><p class=\"fusion-single-line-meta\">By <span><a href=\"https:\/\/cortomaltese.com\/en\/author\/cortomaltese\/\" title=\"Posts by Corto Maltese\" rel=\"author\">Corto Maltese<\/a><\/span><span class=\"fusion-inline-sep\">|<\/span><span>7 November, 2013<\/span><span class=\"fusion-inline-sep\">|<\/span><\/p><div class=\"fusion-post-content-container\"><p> Enchanted Periplus is entirely dedicated to the 50 years of Hugo Pratt\u2019s comics.   The trilingual version (Italian\/English\/French) is available in bookstores starting November 6, 2013.   With this third volume, dedicated<a href=\"https:\/\/cortomaltese.com\/en\/hugo-pratt-periplo-incantato-2013\/\"> [...]<\/a><\/p><\/div><\/div><div class=\"fusion-clearfix\"><\/div><div class=\"fusion-meta-info\"><div class=\"fusion-alignright\"><a class=\"fusion-read-more\" href=\"https:\/\/cortomaltese.com\/en\/hugo-pratt-periplo-incantato-2013\/\" aria-label=\"More on Hugo Pratt: Periplo Incantato [Enchanted Periplus] (2013)\">Read More<\/a><\/div><\/div><\/article>\n<article id=\"blog-1-post-1226\" class=\"fusion-post-large-alternate post-1226 post type-post status-publish format-standard has-post-thumbnail hentry category-news\">\n\t<style type=\"text\/css\">\n\t\t\n\t\t\n\t\t\n\t\t\n\t\t\t<\/style>\n\n\n\t\t\t<div class=\"fusion-flexslider flexslider fusion-flexslider-loading fusion-post-slideshow\" style=\"\">\n\t\t<ul class=\"slides\">\n\t\t\t\n\t\t\t\t\t\t\t\t\t\t\t\t\t\t<li><div  class=\"fusion-image-wrapper\" aria-haspopup=\"true\">\n\t\t\t\t<img decoding=\"async\" width=\"481\" height=\"640\" src=\"https:\/\/cortomaltese.com\/en\/wp-content\/uploads\/sites\/1\/les-scorpions-du-desert-2013.jpg\" class=\"attachment-full size-full wp-post-image\" alt=\"\" srcset=\"https:\/\/cortomaltese.com\/en\/wp-content\/uploads\/sites\/1\/les-scorpions-du-desert-2013-200x266.jpg 200w, https:\/\/cortomaltese.com\/en\/wp-content\/uploads\/sites\/1\/les-scorpions-du-desert-2013-400x532.jpg 400w, https:\/\/cortomaltese.com\/en\/wp-content\/uploads\/sites\/1\/les-scorpions-du-desert-2013.jpg 481w\" sizes=\"(max-width: 800px) 100vw, 481px\" \/><div class=\"fusion-rollover\">\n\t<div class=\"fusion-rollover-content\">\n\n\t\t\t\t\t\t\t\t\t\t\t\t\t\t<a class=\"fusion-rollover-link\" href=\"https:\/\/cortomaltese.com\/en\/the-scorpions-of-the-desert-volume-1\/\">The Scorpions of the Desert \u2013 Volume 1<\/a>\n\t\t\t\n\t\t\t\t\t\t\t\t\n\t\t\n\t\t\t\t\t\t\t\t\t\t\t\t<h4 class=\"fusion-rollover-title\">\n\t\t\t\t\t<a class=\"fusion-rollover-title-link\" href=\"https:\/\/cortomaltese.com\/en\/the-scorpions-of-the-desert-volume-1\/\">\n\t\t\t\t\t\tThe Scorpions of the Desert \u2013 Volume 1\t\t\t\t\t<\/a>\n\t\t\t\t<\/h4>\n\t\t\t\n\t\t\t\t\t\t\t\t\n\t\t\n\t\t\t\t\t\t<a class=\"fusion-link-wrapper\" href=\"https:\/\/cortomaltese.com\/en\/the-scorpions-of-the-desert-volume-1\/\" aria-label=\"The Scorpions of the Desert \u2013 Volume 1\"><\/a>\n\t<\/div>\n<\/div>\n<\/div>\n<\/li>\n\t\t\t\n\t\t\t\n\t\t\t\t\t\t\t\t\t\t\t\t\t\t\t\t\t\t\t\t\t\t\t\t\t\t\t\t\t\t\t\t\t\t\t\t\t\t\t\t\t\t\t\t\t\t\t\t\t\t\t\t\t\t\t\t\t\t\t\t\t\t\t\t\t\t\t\t<\/ul>\n\t<\/div>\n\t<div class=\"fusion-date-and-formats\"><div class=\"fusion-date-box updated\"><span class=\"fusion-date\">16<\/span><span class=\"fusion-month-year\">07, 2013<\/span><\/div><div class=\"fusion-format-box\"><i class=\"awb-icon-pen\" aria-hidden=\"true\"><\/i><\/div><\/div><div class=\"fusion-post-content post-content\"><h2 class=\"blog-shortcode-post-title\"><a href=\"https:\/\/cortomaltese.com\/en\/the-scorpions-of-the-desert-volume-1\/\">The Scorpions of the Desert \u2013 Volume 1<\/a><\/h2><p class=\"fusion-single-line-meta\">By <span><a href=\"https:\/\/cortomaltese.com\/en\/author\/cortomaltese\/\" title=\"Posts by Corto Maltese\" rel=\"author\">Corto Maltese<\/a><\/span><span class=\"fusion-inline-sep\">|<\/span><span>16 July, 2013<\/span><span class=\"fusion-inline-sep\">|<\/span><\/p><div class=\"fusion-post-content-container\"><p> On June 26, 2013, the first hardback volume of \u00a0The Scorpions of the Desert\u00a0was published with new coloration of the cartoons.   The action unfolds in the military theater of East Africa, in<a href=\"https:\/\/cortomaltese.com\/en\/the-scorpions-of-the-desert-volume-1\/\"> [...]<\/a><\/p><\/div><\/div><div class=\"fusion-clearfix\"><\/div><div class=\"fusion-meta-info\"><div class=\"fusion-alignright\"><a class=\"fusion-read-more\" href=\"https:\/\/cortomaltese.com\/en\/the-scorpions-of-the-desert-volume-1\/\" aria-label=\"More on The Scorpions of the Desert \u2013 Volume 1\">Read More<\/a><\/div><\/div><\/article>\n<article id=\"blog-1-post-927\" class=\"fusion-post-large-alternate post-927 post type-post status-publish format-standard has-post-thumbnail hentry category-news\">\n\t<style type=\"text\/css\">\n\t\t\n\t\t\n\t\t\n\t\t\n\t\t\t<\/style>\n\n\n\t\t\t<div class=\"fusion-flexslider flexslider fusion-flexslider-loading fusion-post-slideshow\" style=\"\">\n\t\t<ul class=\"slides\">\n\t\t\t\n\t\t\t\t\t\t\t\t\t\t\t\t\t\t<li><div  class=\"fusion-image-wrapper\" aria-haspopup=\"true\">\n\t\t\t\t<img decoding=\"async\" width=\"630\" height=\"900\" src=\"https:\/\/cortomaltese.com\/en\/wp-content\/uploads\/sites\/1\/Corto-Maltese-the-ballad-of-the-salt-sea-2012.jpg\" class=\"attachment-full size-full wp-post-image\" alt=\"\" srcset=\"https:\/\/cortomaltese.com\/en\/wp-content\/uploads\/sites\/1\/Corto-Maltese-the-ballad-of-the-salt-sea-2012-200x286.jpg 200w, https:\/\/cortomaltese.com\/en\/wp-content\/uploads\/sites\/1\/Corto-Maltese-the-ballad-of-the-salt-sea-2012-400x571.jpg 400w, https:\/\/cortomaltese.com\/en\/wp-content\/uploads\/sites\/1\/Corto-Maltese-the-ballad-of-the-salt-sea-2012-600x857.jpg 600w, https:\/\/cortomaltese.com\/en\/wp-content\/uploads\/sites\/1\/Corto-Maltese-the-ballad-of-the-salt-sea-2012.jpg 630w\" sizes=\"(max-width: 800px) 100vw, 630px\" \/><div class=\"fusion-rollover\">\n\t<div class=\"fusion-rollover-content\">\n\n\t\t\t\t\t\t\t\t\t\t\t\t\t\t<a class=\"fusion-rollover-link\" href=\"https:\/\/cortomaltese.com\/en\/the-ballad-of-the-salt-sea\/\">Corto Maltese: The Ballad of the Salt Sea<\/a>\n\t\t\t\n\t\t\t\t\t\t\t\t\n\t\t\n\t\t\t\t\t\t\t\t\t\t\t\t<h4 class=\"fusion-rollover-title\">\n\t\t\t\t\t<a class=\"fusion-rollover-title-link\" href=\"https:\/\/cortomaltese.com\/en\/the-ballad-of-the-salt-sea\/\">\n\t\t\t\t\t\tCorto Maltese: The Ballad of the Salt Sea\t\t\t\t\t<\/a>\n\t\t\t\t<\/h4>\n\t\t\t\n\t\t\t\t\t\t\t\t\n\t\t\n\t\t\t\t\t\t<a class=\"fusion-link-wrapper\" href=\"https:\/\/cortomaltese.com\/en\/the-ballad-of-the-salt-sea\/\" aria-label=\"Corto Maltese: The Ballad of the Salt Sea\"><\/a>\n\t<\/div>\n<\/div>\n<\/div>\n<\/li>\n\t\t\t\n\t\t\t\n\t\t\t\t\t\t\t\t\t\t\t\t\t\t\t\t\t\t\t\t\t\t\t\t\t\t\t\t\t\t\t\t\t\t\t\t\t\t\t\t\t\t\t\t\t\t\t\t\t\t\t\t\t\t\t\t\t\t\t\t\t\t\t\t\t\t\t\t<\/ul>\n\t<\/div>\n\t<div class=\"fusion-date-and-formats\"><div class=\"fusion-date-box updated\"><span class=\"fusion-date\">6<\/span><span class=\"fusion-month-year\">03, 2012<\/span><\/div><div class=\"fusion-format-box\"><i class=\"awb-icon-pen\" aria-hidden=\"true\"><\/i><\/div><\/div><div class=\"fusion-post-content post-content\"><h2 class=\"blog-shortcode-post-title\"><a href=\"https:\/\/cortomaltese.com\/en\/the-ballad-of-the-salt-sea\/\">Corto Maltese: The Ballad of the Salt Sea<\/a><\/h2><p class=\"fusion-single-line-meta\">By <span><a href=\"https:\/\/cortomaltese.com\/en\/author\/cortomaltese\/\" title=\"Posts by Corto Maltese\" rel=\"author\">Corto Maltese<\/a><\/span><span class=\"fusion-inline-sep\">|<\/span><span>6 March, 2012<\/span><span class=\"fusion-inline-sep\">|<\/span><\/p><div class=\"fusion-post-content-container\"><p> The debut of a new, English-language edition of the classic anti-hero, Corto Maltese. Corto Maltese by Hugo Pratt: The Ballad of the Salt Sea is the adventure that saw the birth of the legendary<a href=\"https:\/\/cortomaltese.com\/en\/the-ballad-of-the-salt-sea\/\"> [...]<\/a><\/p><\/div><\/div><div class=\"fusion-clearfix\"><\/div><div class=\"fusion-meta-info\"><div class=\"fusion-alignright\"><a class=\"fusion-read-more\" href=\"https:\/\/cortomaltese.com\/en\/the-ballad-of-the-salt-sea\/\" aria-label=\"More on Corto Maltese: The Ballad of the Salt Sea\">Read More<\/a><\/div><\/div><\/article>\n<article id=\"blog-1-post-1128\" class=\"fusion-post-large-alternate post-1128 post type-post status-publish format-standard has-post-thumbnail hentry category-news\">\n\t<style type=\"text\/css\">\n\t\t\n\t\t\n\t\t\n\t\t\n\t\t\t<\/style>\n\n\n\t\t\t<div class=\"fusion-flexslider flexslider fusion-flexslider-loading fusion-post-slideshow\" style=\"\">\n\t\t<ul class=\"slides\">\n\t\t\t\n\t\t\t\t\t\t\t\t\t\t\t\t\t\t<li><div  class=\"fusion-image-wrapper\" aria-haspopup=\"true\">\n\t\t\t\t<img decoding=\"async\" width=\"460\" height=\"295\" src=\"https:\/\/cortomaltese.com\/en\/wp-content\/uploads\/sites\/1\/Hugo-Pratt-Tuttifumetti.jpg\" class=\"attachment-full size-full wp-post-image\" alt=\"\" srcset=\"https:\/\/cortomaltese.com\/en\/wp-content\/uploads\/sites\/1\/Hugo-Pratt-Tuttifumetti-200x128.jpg 200w, https:\/\/cortomaltese.com\/en\/wp-content\/uploads\/sites\/1\/Hugo-Pratt-Tuttifumetti-400x257.jpg 400w, https:\/\/cortomaltese.com\/en\/wp-content\/uploads\/sites\/1\/Hugo-Pratt-Tuttifumetti.jpg 460w\" sizes=\"(max-width: 800px) 100vw, 460px\" \/><div class=\"fusion-rollover\">\n\t<div class=\"fusion-rollover-content\">\n\n\t\t\t\t\t\t\t\t\t\t\t\t\t\t<a class=\"fusion-rollover-link\" href=\"https:\/\/cortomaltese.com\/en\/hugo-pratt-tuttifumetti\/\">Hugo Pratt Tuttifumetti<\/a>\n\t\t\t\n\t\t\t\t\t\t\t\t\n\t\t\n\t\t\t\t\t\t\t\t\t\t\t\t<h4 class=\"fusion-rollover-title\">\n\t\t\t\t\t<a class=\"fusion-rollover-title-link\" href=\"https:\/\/cortomaltese.com\/en\/hugo-pratt-tuttifumetti\/\">\n\t\t\t\t\t\tHugo Pratt Tuttifumetti\t\t\t\t\t<\/a>\n\t\t\t\t<\/h4>\n\t\t\t\n\t\t\t\t\t\t\t\t\n\t\t\n\t\t\t\t\t\t<a class=\"fusion-link-wrapper\" href=\"https:\/\/cortomaltese.com\/en\/hugo-pratt-tuttifumetti\/\" aria-label=\"Hugo Pratt Tuttifumetti\"><\/a>\n\t<\/div>\n<\/div>\n<\/div>\n<\/li>\n\t\t\t\n\t\t\t\n\t\t\t\t\t\t\t\t\t\t\t\t\t\t\t\t\t\t\t\t\t\t\t\t\t\t\t\t\t\t\t\t\t\t\t\t\t\t\t\t\t\t\t\t\t\t\t\t\t\t\t\t\t\t\t\t\t\t\t\t\t\t\t\t\t\t\t\t<\/ul>\n\t<\/div>\n\t<div class=\"fusion-date-and-formats\"><div class=\"fusion-date-box updated\"><span class=\"fusion-date\">27<\/span><span class=\"fusion-month-year\">08, 2011<\/span><\/div><div class=\"fusion-format-box\"><i class=\"awb-icon-pen\" aria-hidden=\"true\"><\/i><\/div><\/div><div class=\"fusion-post-content post-content\"><h2 class=\"blog-shortcode-post-title\"><a href=\"https:\/\/cortomaltese.com\/en\/hugo-pratt-tuttifumetti\/\">Hugo Pratt Tuttifumetti<\/a><\/h2><p class=\"fusion-single-line-meta\">By <span><a href=\"https:\/\/cortomaltese.com\/en\/author\/cortomaltese\/\" title=\"Posts by Corto Maltese\" rel=\"author\">Corto Maltese<\/a><\/span><span class=\"fusion-inline-sep\">|<\/span><span>27 August, 2011<\/span><span class=\"fusion-inline-sep\">|<\/span><\/p><div class=\"fusion-post-content-container\"><p> For the first time, the impressive mass of publications that comprises Hugo Pratt\u2019s entire comic book oeuvre in Italian has been collected and arranged in chronological order, with the addition of the first publications<a href=\"https:\/\/cortomaltese.com\/en\/hugo-pratt-tuttifumetti\/\"> [...]<\/a><\/p><\/div><\/div><div class=\"fusion-clearfix\"><\/div><div class=\"fusion-meta-info\"><div class=\"fusion-alignright\"><a class=\"fusion-read-more\" href=\"https:\/\/cortomaltese.com\/en\/hugo-pratt-tuttifumetti\/\" aria-label=\"More on Hugo Pratt Tuttifumetti\">Read More<\/a><\/div><\/div><\/article>\n<\/div><\/div><div class=\"fusion-clearfix\"><\/div><\/div><\/div><\/div><\/div>\n","protected":false},"excerpt":{"rendered":"","protected":false},"author":1,"featured_media":0,"parent":0,"menu_order":0,"comment_status":"open","ping_status":"open","template":"side-navigation.php","meta":{"footnotes":""},"class_list":["post-25","page","type-page","status-publish","hentry"],"yoast_head":"<!-- This site is optimized with the Yoast SEO plugin v26.5 - https:\/\/yoast.com\/wordpress\/plugins\/seo\/ -->\n<title>Latest news | Corto Maltese<\/title>\n<meta name=\"description\" content=\"The latest news on the production of new editions, unreleased editions, collections and games on Corto Maltese and Hugo Pratt.\" \/>\n<meta name=\"robots\" content=\"index, follow, max-snippet:-1, max-image-preview:large, max-video-preview:-1\" \/>\n<link rel=\"canonical\" href=\"https:\/\/cortomaltese.com\/en\/news\/\" \/>\n<meta property=\"og:locale\" content=\"en_GB\" \/>\n<meta property=\"og:type\" content=\"article\" \/>\n<meta property=\"og:title\" content=\"Latest news | Corto Maltese\" \/>\n<meta property=\"og:description\" content=\"The latest news on the production of new editions, unreleased editions, collections and games on Corto Maltese and Hugo Pratt.\" \/>\n<meta property=\"og:url\" content=\"https:\/\/cortomaltese.com\/en\/news\/\" \/>\n<meta property=\"og:site_name\" content=\"cortomaltese inglese\" \/>\n<meta property=\"article:modified_time\" content=\"2017-03-02T14:44:02+00:00\" \/>\n<meta name=\"twitter:card\" content=\"summary_large_image\" \/>\n<meta name=\"twitter:label1\" content=\"Estimated reading time\" \/>\n\t<meta name=\"twitter:data1\" content=\"1 minute\" \/>\n<script type=\"application\/ld+json\" class=\"yoast-schema-graph\">{\"@context\":\"https:\/\/schema.org\",\"@graph\":[{\"@type\":\"WebPage\",\"@id\":\"https:\/\/cortomaltese.com\/en\/news\/\",\"url\":\"https:\/\/cortomaltese.com\/en\/news\/\",\"name\":\"Latest news | Corto Maltese\",\"isPartOf\":{\"@id\":\"https:\/\/cortomaltese.com\/en\/#website\"},\"datePublished\":\"2012-01-25T22:16:49+00:00\",\"dateModified\":\"2017-03-02T14:44:02+00:00\",\"description\":\"The latest news on the production of new editions, unreleased editions, collections and games on Corto Maltese and Hugo Pratt.\",\"breadcrumb\":{\"@id\":\"https:\/\/cortomaltese.com\/en\/news\/#breadcrumb\"},\"inLanguage\":\"en-GB\",\"potentialAction\":[{\"@type\":\"ReadAction\",\"target\":[\"https:\/\/cortomaltese.com\/en\/news\/\"]}]},{\"@type\":\"BreadcrumbList\",\"@id\":\"https:\/\/cortomaltese.com\/en\/news\/#breadcrumb\",\"itemListElement\":[{\"@type\":\"ListItem\",\"position\":1,\"name\":\"Home\",\"item\":\"https:\/\/cortomaltese.com\/en\/\"},{\"@type\":\"ListItem\",\"position\":2,\"name\":\"News\"}]},{\"@type\":\"WebSite\",\"@id\":\"https:\/\/cortomaltese.com\/en\/#website\",\"url\":\"https:\/\/cortomaltese.com\/en\/\",\"name\":\"cortomaltese inglese\",\"description\":\"The official site\",\"potentialAction\":[{\"@type\":\"SearchAction\",\"target\":{\"@type\":\"EntryPoint\",\"urlTemplate\":\"https:\/\/cortomaltese.com\/en\/?s={search_term_string}\"},\"query-input\":{\"@type\":\"PropertyValueSpecification\",\"valueRequired\":true,\"valueName\":\"search_term_string\"}}],\"inLanguage\":\"en-GB\"}]}<\/script>\n<!-- \/ Yoast SEO plugin. -->","yoast_head_json":{"title":"Latest news | Corto Maltese","description":"The latest news on the production of new editions, unreleased editions, collections and games on Corto Maltese and Hugo Pratt.","robots":{"index":"index","follow":"follow","max-snippet":"max-snippet:-1","max-image-preview":"max-image-preview:large","max-video-preview":"max-video-preview:-1"},"canonical":"https:\/\/cortomaltese.com\/en\/news\/","og_locale":"en_GB","og_type":"article","og_title":"Latest news | Corto Maltese","og_description":"The latest news on the production of new editions, unreleased editions, collections and games on Corto Maltese and Hugo Pratt.","og_url":"https:\/\/cortomaltese.com\/en\/news\/","og_site_name":"cortomaltese inglese","article_modified_time":"2017-03-02T14:44:02+00:00","twitter_card":"summary_large_image","twitter_misc":{"Estimated reading time":"1 minute"},"schema":{"@context":"https:\/\/schema.org","@graph":[{"@type":"WebPage","@id":"https:\/\/cortomaltese.com\/en\/news\/","url":"https:\/\/cortomaltese.com\/en\/news\/","name":"Latest news | Corto Maltese","isPartOf":{"@id":"https:\/\/cortomaltese.com\/en\/#website"},"datePublished":"2012-01-25T22:16:49+00:00","dateModified":"2017-03-02T14:44:02+00:00","description":"The latest news on the production of new editions, unreleased editions, collections and games on Corto Maltese and Hugo Pratt.","breadcrumb":{"@id":"https:\/\/cortomaltese.com\/en\/news\/#breadcrumb"},"inLanguage":"en-GB","potentialAction":[{"@type":"ReadAction","target":["https:\/\/cortomaltese.com\/en\/news\/"]}]},{"@type":"BreadcrumbList","@id":"https:\/\/cortomaltese.com\/en\/news\/#breadcrumb","itemListElement":[{"@type":"ListItem","position":1,"name":"Home","item":"https:\/\/cortomaltese.com\/en\/"},{"@type":"ListItem","position":2,"name":"News"}]},{"@type":"WebSite","@id":"https:\/\/cortomaltese.com\/en\/#website","url":"https:\/\/cortomaltese.com\/en\/","name":"cortomaltese inglese","description":"The official site","potentialAction":[{"@type":"SearchAction","target":{"@type":"EntryPoint","urlTemplate":"https:\/\/cortomaltese.com\/en\/?s={search_term_string}"},"query-input":{"@type":"PropertyValueSpecification","valueRequired":true,"valueName":"search_term_string"}}],"inLanguage":"en-GB"}]}},"_links":{"self":[{"href":"https:\/\/cortomaltese.com\/en\/wp-json\/wp\/v2\/pages\/25","targetHints":{"allow":["GET"]}}],"collection":[{"href":"https:\/\/cortomaltese.com\/en\/wp-json\/wp\/v2\/pages"}],"about":[{"href":"https:\/\/cortomaltese.com\/en\/wp-json\/wp\/v2\/types\/page"}],"author":[{"embeddable":true,"href":"https:\/\/cortomaltese.com\/en\/wp-json\/wp\/v2\/users\/1"}],"replies":[{"embeddable":true,"href":"https:\/\/cortomaltese.com\/en\/wp-json\/wp\/v2\/comments?post=25"}],"version-history":[{"count":0,"href":"https:\/\/cortomaltese.com\/en\/wp-json\/wp\/v2\/pages\/25\/revisions"}],"wp:attachment":[{"href":"https:\/\/cortomaltese.com\/en\/wp-json\/wp\/v2\/media?parent=25"}],"curies":[{"name":"wp","href":"https:\/\/api.w.org\/{rel}","templated":true}]}}